{"id":1642,"date":"2023-06-20T09:34:32","date_gmt":"2023-06-20T12:34:32","guid":{"rendered":"https:\/\/www.odonto.ufmg.br\/traumatismo\/?page_id=1642"},"modified":"2023-06-20T09:49:11","modified_gmt":"2023-06-20T12:49:11","slug":"voluntarios-do-programa","status":"publish","type":"page","link":"https:\/\/www.odonto.ufmg.br\/traumatismo\/voluntarios-do-programa\/","title":{"rendered":"Volunt\u00e1rios do Programa"},"content":{"rendered":"\n<style type=\"text\/css\" data-created_by=\"avia_inline_auto\" id=\"style-css-av-lj49ru0p-67125d9c9507357cd94cb9d07b42c1be\">\n.avia-section.av-lj49ru0p-67125d9c9507357cd94cb9d07b42c1be{\nbackground-color:#af1818;\nbackground-image:unset;\n}\n<\/style>\n<div id='av_section_1'  class='avia-section av-lj49ru0p-67125d9c9507357cd94cb9d07b42c1be main_color avia-section-default avia-no-border-styling  avia-builder-el-0  el_before_av_section  avia-builder-el-first  avia-bg-style-scroll av-minimum-height av-minimum-height-custom av-height-custom  container_wrap sidebar_right'   data-av_minimum_height_px='430'><div class='container av-section-cont-open' style='height:430px'><main  role=\"main\" itemprop=\"mainContentOfPage\"  class='template-page content  av-content-small alpha units'><div class='post-entry post-entry-type-page post-entry-1642'><div class='entry-content-wrapper clearfix'>\n\n<style type=\"text\/css\" data-created_by=\"avia_inline_auto\" id=\"style-css-av-lj49tcam-849c7da41966c6f7c475ebd6cd26ec17\">\n#top .av-special-heading.av-lj49tcam-849c7da41966c6f7c475ebd6cd26ec17{\npadding-bottom:10px;\ncolor:#ffffff;\nfont-size:72px;\n}\nbody .av-special-heading.av-lj49tcam-849c7da41966c6f7c475ebd6cd26ec17 .av-special-heading-tag .heading-char{\nfont-size:25px;\n}\n#top #wrap_all .av-special-heading.av-lj49tcam-849c7da41966c6f7c475ebd6cd26ec17 .av-special-heading-tag{\nfont-size:72px;\n}\n.av-special-heading.av-lj49tcam-849c7da41966c6f7c475ebd6cd26ec17 .special-heading-inner-border{\nborder-color:#ffffff;\n}\n.av-special-heading.av-lj49tcam-849c7da41966c6f7c475ebd6cd26ec17 .av-subheading{\nfont-size:20px;\n}\n\n@media only screen and (min-width: 480px) and (max-width: 767px){ \n#top #wrap_all .av-special-heading.av-lj49tcam-849c7da41966c6f7c475ebd6cd26ec17 .av-special-heading-tag{\nfont-size:0.8em;\n}\n}\n\n@media only screen and (max-width: 479px){ \n#top #wrap_all .av-special-heading.av-lj49tcam-849c7da41966c6f7c475ebd6cd26ec17 .av-special-heading-tag{\nfont-size:0.8em;\n}\n}\n<\/style>\n<div  class='av-special-heading av-lj49tcam-849c7da41966c6f7c475ebd6cd26ec17 av-special-heading-h2 custom-color-heading blockquote modern-quote modern-centered  avia-builder-el-1  avia-builder-el-no-sibling  av-inherit-size'><h2 class='av-special-heading-tag '  itemprop=\"headline\"  >Volunt\u00e1rios do Programa <\/h2><div class=\"special-heading-border\"><div class=\"special-heading-inner-border\"><\/div><\/div><\/div>\n<\/div><\/div><\/main><!-- close content main element --><\/div><\/div><div id='av_section_2'  class='avia-section av-av_section-2dcb3d115e2e5af9a73072e0505910f8 main_color avia-section-default avia-no-border-styling  avia-builder-el-2  el_after_av_section  avia-builder-el-last  avia-bg-style-scroll container_wrap sidebar_right'  ><div class='container av-section-cont-open' ><div class='template-page content  av-content-small alpha units'><div class='post-entry post-entry-type-page post-entry-1642'><div class='entry-content-wrapper clearfix'>\n<div id='av-masonry-1' class='av-masonry av-lj4a537g-f65ea384d2f5e4909b62f7f3800483b1 noHover av-flex-size av-large-gap av-hover-overlay-active av-masonry-animation-active av-masonry-col-flexible av-caption-always av-caption-style- av-masonry-gallery ' data-post_id=\"1642\"><div class=\"av-masonry-container isotope av-js-disabled\"><div class='av-masonry-entry isotope-item av-masonry-item-no-image '><\/div><a href=\"https:\/\/www.odonto.ufmg.br\/traumatismo\/wp-content\/uploads\/sites\/21\/2023\/06\/336301218_171696658608524_3039843756337394292_n-1030x1030.jpg\" data-srcset=\"https:\/\/www.odonto.ufmg.br\/traumatismo\/wp-content\/uploads\/sites\/21\/2023\/06\/336301218_171696658608524_3039843756337394292_n-1030x1030.jpg 1030w, https:\/\/www.odonto.ufmg.br\/traumatismo\/wp-content\/uploads\/sites\/21\/2023\/06\/336301218_171696658608524_3039843756337394292_n-300x300.jpg 300w, https:\/\/www.odonto.ufmg.br\/traumatismo\/wp-content\/uploads\/sites\/21\/2023\/06\/336301218_171696658608524_3039843756337394292_n-80x80.jpg 80w, https:\/\/www.odonto.ufmg.br\/traumatismo\/wp-content\/uploads\/sites\/21\/2023\/06\/336301218_171696658608524_3039843756337394292_n-768x768.jpg 768w, https:\/\/www.odonto.ufmg.br\/traumatismo\/wp-content\/uploads\/sites\/21\/2023\/06\/336301218_171696658608524_3039843756337394292_n-36x36.jpg 36w, https:\/\/www.odonto.ufmg.br\/traumatismo\/wp-content\/uploads\/sites\/21\/2023\/06\/336301218_171696658608524_3039843756337394292_n-180x180.jpg 180w, https:\/\/www.odonto.ufmg.br\/traumatismo\/wp-content\/uploads\/sites\/21\/2023\/06\/336301218_171696658608524_3039843756337394292_n-705x705.jpg 705w, https:\/\/www.odonto.ufmg.br\/traumatismo\/wp-content\/uploads\/sites\/21\/2023\/06\/336301218_171696658608524_3039843756337394292_n.jpg 1107w\" data-sizes=\"(max-width: 1030px) 100vw, 1030px\"  aria-label=\"image image with no title\"  id='av-masonry-1-item-1649' data-av-masonry-item='1649' class='av-masonry-entry isotope-item post-1649 attachment type-attachment status-inherit hentry  av-masonry-item-with-image' title=\"\" alt=\"\"    itemprop=\"thumbnailUrl\" ><div class='av-inner-masonry-sizer'><\/div><figure class='av-inner-masonry main_color'><div class=\"av-masonry-outerimage-container\"><div class='av-masonry-image-container'  ><img decoding=\"async\" width=\"705\" height=\"705\" fetchpriority=\"high\" class=\"wp-image-1649 avia-img-lazy-loading-not-1649\"  src=\"https:\/\/www.odonto.ufmg.br\/traumatismo\/wp-content\/uploads\/sites\/21\/2023\/06\/336301218_171696658608524_3039843756337394292_n-705x705.jpg\" title=\"\" alt=\"\" srcset=\"https:\/\/www.odonto.ufmg.br\/traumatismo\/wp-content\/uploads\/sites\/21\/2023\/06\/336301218_171696658608524_3039843756337394292_n-705x705.jpg 705w, https:\/\/www.odonto.ufmg.br\/traumatismo\/wp-content\/uploads\/sites\/21\/2023\/06\/336301218_171696658608524_3039843756337394292_n-300x300.jpg 300w, https:\/\/www.odonto.ufmg.br\/traumatismo\/wp-content\/uploads\/sites\/21\/2023\/06\/336301218_171696658608524_3039843756337394292_n-1030x1030.jpg 1030w, https:\/\/www.odonto.ufmg.br\/traumatismo\/wp-content\/uploads\/sites\/21\/2023\/06\/336301218_171696658608524_3039843756337394292_n-80x80.jpg 80w, https:\/\/www.odonto.ufmg.br\/traumatismo\/wp-content\/uploads\/sites\/21\/2023\/06\/336301218_171696658608524_3039843756337394292_n-768x768.jpg 768w, https:\/\/www.odonto.ufmg.br\/traumatismo\/wp-content\/uploads\/sites\/21\/2023\/06\/336301218_171696658608524_3039843756337394292_n-36x36.jpg 36w, https:\/\/www.odonto.ufmg.br\/traumatismo\/wp-content\/uploads\/sites\/21\/2023\/06\/336301218_171696658608524_3039843756337394292_n-180x180.jpg 180w, https:\/\/www.odonto.ufmg.br\/traumatismo\/wp-content\/uploads\/sites\/21\/2023\/06\/336301218_171696658608524_3039843756337394292_n.jpg 1107w\" sizes=\"(max-width: 705px) 100vw, 705px\" \/><\/div><\/div><figcaption class='av-inner-masonry-content site-background'><div class='av-inner-masonry-content-pos'><div class='av-inner-masonry-content-pos-content'><div class='avia-arrow'><\/div><h3 class='av-masonry-entry-title entry-title '  itemprop=\"headline\" ><\/h3><div class='av-masonry-entry-content entry-content'  itemprop=\"text\" >Projeto Cl\u00ednica de Traumatismos Dent\u00e1rios (2023\/1)<\/div><\/div><\/div><\/figcaption><\/figure><\/a><!--end av-masonry entry--><a href=\"https:\/\/www.odonto.ufmg.br\/traumatismo\/wp-content\/uploads\/sites\/21\/2023\/06\/336053048_602643745213691_4854720538308045526_n-1030x1030.jpg\" data-srcset=\"https:\/\/www.odonto.ufmg.br\/traumatismo\/wp-content\/uploads\/sites\/21\/2023\/06\/336053048_602643745213691_4854720538308045526_n-1030x1030.jpg 1030w, https:\/\/www.odonto.ufmg.br\/traumatismo\/wp-content\/uploads\/sites\/21\/2023\/06\/336053048_602643745213691_4854720538308045526_n-300x300.jpg 300w, https:\/\/www.odonto.ufmg.br\/traumatismo\/wp-content\/uploads\/sites\/21\/2023\/06\/336053048_602643745213691_4854720538308045526_n-80x80.jpg 80w, https:\/\/www.odonto.ufmg.br\/traumatismo\/wp-content\/uploads\/sites\/21\/2023\/06\/336053048_602643745213691_4854720538308045526_n-768x769.jpg 768w, https:\/\/www.odonto.ufmg.br\/traumatismo\/wp-content\/uploads\/sites\/21\/2023\/06\/336053048_602643745213691_4854720538308045526_n-36x36.jpg 36w, https:\/\/www.odonto.ufmg.br\/traumatismo\/wp-content\/uploads\/sites\/21\/2023\/06\/336053048_602643745213691_4854720538308045526_n-180x180.jpg 180w, https:\/\/www.odonto.ufmg.br\/traumatismo\/wp-content\/uploads\/sites\/21\/2023\/06\/336053048_602643745213691_4854720538308045526_n-705x705.jpg 705w, https:\/\/www.odonto.ufmg.br\/traumatismo\/wp-content\/uploads\/sites\/21\/2023\/06\/336053048_602643745213691_4854720538308045526_n.jpg 1087w\" data-sizes=\"(max-width: 1030px) 100vw, 1030px\"  aria-label=\"image image with no title\"  id='av-masonry-1-item-1650' data-av-masonry-item='1650' class='av-masonry-entry isotope-item post-1650 attachment type-attachment status-inherit hentry  av-masonry-item-with-image' title=\"\" alt=\"\"    itemprop=\"thumbnailUrl\" ><div class='av-inner-masonry-sizer'><\/div><figure class='av-inner-masonry main_color'><div class=\"av-masonry-outerimage-container\"><div class='av-masonry-image-container'  ><img decoding=\"async\" width=\"705\" height=\"705\" fetchpriority=\"high\" class=\"wp-image-1650 avia-img-lazy-loading-not-1650\"  src=\"https:\/\/www.odonto.ufmg.br\/traumatismo\/wp-content\/uploads\/sites\/21\/2023\/06\/336053048_602643745213691_4854720538308045526_n-705x705.jpg\" title=\"\" alt=\"\" srcset=\"https:\/\/www.odonto.ufmg.br\/traumatismo\/wp-content\/uploads\/sites\/21\/2023\/06\/336053048_602643745213691_4854720538308045526_n-705x705.jpg 705w, https:\/\/www.odonto.ufmg.br\/traumatismo\/wp-content\/uploads\/sites\/21\/2023\/06\/336053048_602643745213691_4854720538308045526_n-300x300.jpg 300w, https:\/\/www.odonto.ufmg.br\/traumatismo\/wp-content\/uploads\/sites\/21\/2023\/06\/336053048_602643745213691_4854720538308045526_n-1030x1030.jpg 1030w, https:\/\/www.odonto.ufmg.br\/traumatismo\/wp-content\/uploads\/sites\/21\/2023\/06\/336053048_602643745213691_4854720538308045526_n-80x80.jpg 80w, https:\/\/www.odonto.ufmg.br\/traumatismo\/wp-content\/uploads\/sites\/21\/2023\/06\/336053048_602643745213691_4854720538308045526_n-768x769.jpg 768w, https:\/\/www.odonto.ufmg.br\/traumatismo\/wp-content\/uploads\/sites\/21\/2023\/06\/336053048_602643745213691_4854720538308045526_n-36x36.jpg 36w, https:\/\/www.odonto.ufmg.br\/traumatismo\/wp-content\/uploads\/sites\/21\/2023\/06\/336053048_602643745213691_4854720538308045526_n-180x180.jpg 180w, https:\/\/www.odonto.ufmg.br\/traumatismo\/wp-content\/uploads\/sites\/21\/2023\/06\/336053048_602643745213691_4854720538308045526_n.jpg 1087w\" sizes=\"(max-width: 705px) 100vw, 705px\" \/><\/div><\/div><figcaption class='av-inner-masonry-content site-background'><div class='av-inner-masonry-content-pos'><div class='av-inner-masonry-content-pos-content'><div class='avia-arrow'><\/div><h3 class='av-masonry-entry-title entry-title '  itemprop=\"headline\" ><\/h3><div class='av-masonry-entry-content entry-content'  itemprop=\"text\" >Projeto Restaura\u00e7\u00e3o de Dentes Traumatizados (2023\/1)<\/div><\/div><\/div><\/figcaption><\/figure><\/a><!--end av-masonry entry--><a href=\"https:\/\/www.odonto.ufmg.br\/traumatismo\/wp-content\/uploads\/sites\/21\/2023\/06\/328152038_524455969870196_8649102246790606070_n.jpg\" data-srcset=\"https:\/\/www.odonto.ufmg.br\/traumatismo\/wp-content\/uploads\/sites\/21\/2023\/06\/328152038_524455969870196_8649102246790606070_n.jpg 1024w, https:\/\/www.odonto.ufmg.br\/traumatismo\/wp-content\/uploads\/sites\/21\/2023\/06\/328152038_524455969870196_8649102246790606070_n-300x225.jpg 300w, https:\/\/www.odonto.ufmg.br\/traumatismo\/wp-content\/uploads\/sites\/21\/2023\/06\/328152038_524455969870196_8649102246790606070_n-768x576.jpg 768w, https:\/\/www.odonto.ufmg.br\/traumatismo\/wp-content\/uploads\/sites\/21\/2023\/06\/328152038_524455969870196_8649102246790606070_n-705x529.jpg 705w\" data-sizes=\"(max-width: 1024px) 100vw, 1024px\"  aria-label=\"image image with no title\"  id='av-masonry-1-item-1651' data-av-masonry-item='1651' class='av-masonry-entry isotope-item post-1651 attachment type-attachment status-inherit hentry  av-masonry-item-with-image' title=\"\" alt=\"\"    itemprop=\"thumbnailUrl\" ><div class='av-inner-masonry-sizer'><\/div><figure class='av-inner-masonry main_color'><div class=\"av-masonry-outerimage-container\"><div class='av-masonry-image-container'  ><img decoding=\"async\" width=\"705\" height=\"529\" fetchpriority=\"high\" class=\"wp-image-1651 avia-img-lazy-loading-not-1651\"  src=\"https:\/\/www.odonto.ufmg.br\/traumatismo\/wp-content\/uploads\/sites\/21\/2023\/06\/328152038_524455969870196_8649102246790606070_n-705x529.jpg\" title=\"\" alt=\"\" srcset=\"https:\/\/www.odonto.ufmg.br\/traumatismo\/wp-content\/uploads\/sites\/21\/2023\/06\/328152038_524455969870196_8649102246790606070_n-705x529.jpg 705w, https:\/\/www.odonto.ufmg.br\/traumatismo\/wp-content\/uploads\/sites\/21\/2023\/06\/328152038_524455969870196_8649102246790606070_n-300x225.jpg 300w, https:\/\/www.odonto.ufmg.br\/traumatismo\/wp-content\/uploads\/sites\/21\/2023\/06\/328152038_524455969870196_8649102246790606070_n-768x576.jpg 768w, https:\/\/www.odonto.ufmg.br\/traumatismo\/wp-content\/uploads\/sites\/21\/2023\/06\/328152038_524455969870196_8649102246790606070_n.jpg 1024w\" sizes=\"(max-width: 705px) 100vw, 705px\" \/><\/div><\/div><figcaption class='av-inner-masonry-content site-background'><div class='av-inner-masonry-content-pos'><div class='av-inner-masonry-content-pos-content'><div class='avia-arrow'><\/div><h3 class='av-masonry-entry-title entry-title '  itemprop=\"headline\" ><\/h3><div class='av-masonry-entry-content entry-content'  itemprop=\"text\" >Projeto Cl\u00ednica de diagn\u00f3stico por imagem para pacientes com les\u00f5es traum\u00e1ticas dento-alveolares (2023\/1)<\/div><\/div><\/div><\/figcaption><\/figure><\/a><!--end av-masonry entry--><a href=\"https:\/\/www.odonto.ufmg.br\/traumatismo\/wp-content\/uploads\/sites\/21\/2023\/06\/308848121_154008987318932_8311869919388738305_n.png\" data-srcset=\"https:\/\/www.odonto.ufmg.br\/traumatismo\/wp-content\/uploads\/sites\/21\/2023\/06\/308848121_154008987318932_8311869919388738305_n.png 640w, https:\/\/www.odonto.ufmg.br\/traumatismo\/wp-content\/uploads\/sites\/21\/2023\/06\/308848121_154008987318932_8311869919388738305_n-300x300.png 300w, https:\/\/www.odonto.ufmg.br\/traumatismo\/wp-content\/uploads\/sites\/21\/2023\/06\/308848121_154008987318932_8311869919388738305_n-80x80.png 80w, https:\/\/www.odonto.ufmg.br\/traumatismo\/wp-content\/uploads\/sites\/21\/2023\/06\/308848121_154008987318932_8311869919388738305_n-36x36.png 36w, https:\/\/www.odonto.ufmg.br\/traumatismo\/wp-content\/uploads\/sites\/21\/2023\/06\/308848121_154008987318932_8311869919388738305_n-180x180.png 180w\" data-sizes=\"(max-width: 640px) 100vw, 640px\"  aria-label=\"image image with no title\"  id='av-masonry-1-item-1652' data-av-masonry-item='1652' class='av-masonry-entry isotope-item post-1652 attachment type-attachment status-inherit hentry  av-masonry-item-with-image' title=\"\" alt=\"\"    itemprop=\"thumbnailUrl\" ><div class='av-inner-masonry-sizer'><\/div><figure class='av-inner-masonry main_color'><div class=\"av-masonry-outerimage-container\"><div class='av-masonry-image-container'  ><img decoding=\"async\" width=\"640\" height=\"640\" fetchpriority=\"high\" class=\"wp-image-1652 avia-img-lazy-loading-not-1652\"  src=\"https:\/\/www.odonto.ufmg.br\/traumatismo\/wp-content\/uploads\/sites\/21\/2023\/06\/308848121_154008987318932_8311869919388738305_n.png\" title=\"\" alt=\"\" srcset=\"https:\/\/www.odonto.ufmg.br\/traumatismo\/wp-content\/uploads\/sites\/21\/2023\/06\/308848121_154008987318932_8311869919388738305_n.png 640w, https:\/\/www.odonto.ufmg.br\/traumatismo\/wp-content\/uploads\/sites\/21\/2023\/06\/308848121_154008987318932_8311869919388738305_n-300x300.png 300w, https:\/\/www.odonto.ufmg.br\/traumatismo\/wp-content\/uploads\/sites\/21\/2023\/06\/308848121_154008987318932_8311869919388738305_n-80x80.png 80w, https:\/\/www.odonto.ufmg.br\/traumatismo\/wp-content\/uploads\/sites\/21\/2023\/06\/308848121_154008987318932_8311869919388738305_n-36x36.png 36w, https:\/\/www.odonto.ufmg.br\/traumatismo\/wp-content\/uploads\/sites\/21\/2023\/06\/308848121_154008987318932_8311869919388738305_n-180x180.png 180w\" sizes=\"(max-width: 640px) 100vw, 640px\" \/><\/div><\/div><figcaption class='av-inner-masonry-content site-background'><div class='av-inner-masonry-content-pos'><div class='av-inner-masonry-content-pos-content'><div class='avia-arrow'><\/div><h3 class='av-masonry-entry-title entry-title '  itemprop=\"headline\" ><\/h3><div class='av-masonry-entry-content entry-content'  itemprop=\"text\" >Projeto Cl\u00ednica de Traumatismos Dent\u00e1rios (2022\/2)<\/div><\/div><\/div><\/figcaption><\/figure><\/a><!--end av-masonry entry--><a href=\"https:\/\/www.odonto.ufmg.br\/traumatismo\/wp-content\/uploads\/sites\/21\/2023\/06\/307223484_1652187378489978_7896152161507153870_n.png\" data-srcset=\"https:\/\/www.odonto.ufmg.br\/traumatismo\/wp-content\/uploads\/sites\/21\/2023\/06\/307223484_1652187378489978_7896152161507153870_n.png 640w, https:\/\/www.odonto.ufmg.br\/traumatismo\/wp-content\/uploads\/sites\/21\/2023\/06\/307223484_1652187378489978_7896152161507153870_n-300x300.png 300w, https:\/\/www.odonto.ufmg.br\/traumatismo\/wp-content\/uploads\/sites\/21\/2023\/06\/307223484_1652187378489978_7896152161507153870_n-80x80.png 80w, https:\/\/www.odonto.ufmg.br\/traumatismo\/wp-content\/uploads\/sites\/21\/2023\/06\/307223484_1652187378489978_7896152161507153870_n-36x36.png 36w, https:\/\/www.odonto.ufmg.br\/traumatismo\/wp-content\/uploads\/sites\/21\/2023\/06\/307223484_1652187378489978_7896152161507153870_n-180x180.png 180w\" data-sizes=\"(max-width: 640px) 100vw, 640px\"  aria-label=\"image 307223484_1652187378489978_7896152161507153870_n\"  id='av-masonry-1-item-1653' data-av-masonry-item='1653' class='av-masonry-entry isotope-item post-1653 attachment type-attachment status-inherit hentry  av-masonry-item-with-image' title=\"307223484_1652187378489978_7896152161507153870_n\" alt=\"\"    itemprop=\"thumbnailUrl\" ><div class='av-inner-masonry-sizer'><\/div><figure class='av-inner-masonry main_color'><div class=\"av-masonry-outerimage-container\"><div class='av-masonry-image-container'  ><img decoding=\"async\" width=\"640\" height=\"640\" fetchpriority=\"high\" class=\"wp-image-1653 avia-img-lazy-loading-not-1653\"  src=\"https:\/\/www.odonto.ufmg.br\/traumatismo\/wp-content\/uploads\/sites\/21\/2023\/06\/307223484_1652187378489978_7896152161507153870_n.png\" title=\"307223484_1652187378489978_7896152161507153870_n\" alt=\"\" srcset=\"https:\/\/www.odonto.ufmg.br\/traumatismo\/wp-content\/uploads\/sites\/21\/2023\/06\/307223484_1652187378489978_7896152161507153870_n.png 640w, https:\/\/www.odonto.ufmg.br\/traumatismo\/wp-content\/uploads\/sites\/21\/2023\/06\/307223484_1652187378489978_7896152161507153870_n-300x300.png 300w, https:\/\/www.odonto.ufmg.br\/traumatismo\/wp-content\/uploads\/sites\/21\/2023\/06\/307223484_1652187378489978_7896152161507153870_n-80x80.png 80w, https:\/\/www.odonto.ufmg.br\/traumatismo\/wp-content\/uploads\/sites\/21\/2023\/06\/307223484_1652187378489978_7896152161507153870_n-36x36.png 36w, https:\/\/www.odonto.ufmg.br\/traumatismo\/wp-content\/uploads\/sites\/21\/2023\/06\/307223484_1652187378489978_7896152161507153870_n-180x180.png 180w\" sizes=\"(max-width: 640px) 100vw, 640px\" \/><\/div><\/div><figcaption class='av-inner-masonry-content site-background'><div class='av-inner-masonry-content-pos'><div class='av-inner-masonry-content-pos-content'><div class='avia-arrow'><\/div><h3 class='av-masonry-entry-title entry-title '  itemprop=\"headline\" >307223484_1652187378489978_7896152161507153870_n<\/h3><div class='av-masonry-entry-content entry-content'  itemprop=\"text\" >Projeto Restaura\u00e7\u00e3o de Dentes Traumatizados (2022\/2)<\/div><\/div><\/div><\/figcaption><\/figure><\/a><!--end av-masonry entry--><a href=\"https:\/\/www.odonto.ufmg.br\/traumatismo\/wp-content\/uploads\/sites\/21\/2023\/06\/289644237_700756654332852_7626789286424204112_n.png\" data-srcset=\"https:\/\/www.odonto.ufmg.br\/traumatismo\/wp-content\/uploads\/sites\/21\/2023\/06\/289644237_700756654332852_7626789286424204112_n.png 640w, https:\/\/www.odonto.ufmg.br\/traumatismo\/wp-content\/uploads\/sites\/21\/2023\/06\/289644237_700756654332852_7626789286424204112_n-300x300.png 300w, https:\/\/www.odonto.ufmg.br\/traumatismo\/wp-content\/uploads\/sites\/21\/2023\/06\/289644237_700756654332852_7626789286424204112_n-80x80.png 80w, https:\/\/www.odonto.ufmg.br\/traumatismo\/wp-content\/uploads\/sites\/21\/2023\/06\/289644237_700756654332852_7626789286424204112_n-36x36.png 36w, https:\/\/www.odonto.ufmg.br\/traumatismo\/wp-content\/uploads\/sites\/21\/2023\/06\/289644237_700756654332852_7626789286424204112_n-180x180.png 180w\" data-sizes=\"(max-width: 640px) 100vw, 640px\"  aria-label=\"image image with no title\"  id='av-masonry-1-item-1654' data-av-masonry-item='1654' class='av-masonry-entry isotope-item post-1654 attachment type-attachment status-inherit hentry  av-masonry-item-with-image' title=\"\" alt=\"\"    itemprop=\"thumbnailUrl\" ><div class='av-inner-masonry-sizer'><\/div><figure class='av-inner-masonry main_color'><div class=\"av-masonry-outerimage-container\"><div class='av-masonry-image-container'  ><img decoding=\"async\" width=\"640\" height=\"640\" fetchpriority=\"high\" class=\"wp-image-1654 avia-img-lazy-loading-not-1654\"  src=\"https:\/\/www.odonto.ufmg.br\/traumatismo\/wp-content\/uploads\/sites\/21\/2023\/06\/289644237_700756654332852_7626789286424204112_n.png\" title=\"\" alt=\"\" srcset=\"https:\/\/www.odonto.ufmg.br\/traumatismo\/wp-content\/uploads\/sites\/21\/2023\/06\/289644237_700756654332852_7626789286424204112_n.png 640w, https:\/\/www.odonto.ufmg.br\/traumatismo\/wp-content\/uploads\/sites\/21\/2023\/06\/289644237_700756654332852_7626789286424204112_n-300x300.png 300w, https:\/\/www.odonto.ufmg.br\/traumatismo\/wp-content\/uploads\/sites\/21\/2023\/06\/289644237_700756654332852_7626789286424204112_n-80x80.png 80w, https:\/\/www.odonto.ufmg.br\/traumatismo\/wp-content\/uploads\/sites\/21\/2023\/06\/289644237_700756654332852_7626789286424204112_n-36x36.png 36w, https:\/\/www.odonto.ufmg.br\/traumatismo\/wp-content\/uploads\/sites\/21\/2023\/06\/289644237_700756654332852_7626789286424204112_n-180x180.png 180w\" sizes=\"(max-width: 640px) 100vw, 640px\" \/><\/div><\/div><figcaption class='av-inner-masonry-content site-background'><div class='av-inner-masonry-content-pos'><div class='av-inner-masonry-content-pos-content'><div class='avia-arrow'><\/div><h3 class='av-masonry-entry-title entry-title '  itemprop=\"headline\" ><\/h3><div class='av-masonry-entry-content entry-content'  itemprop=\"text\" >Projeto Cl\u00ednica de diagn\u00f3stico por imagem para pacientes com les\u00f5es traum\u00e1ticas dento-alveolares (2022\/1)<\/div><\/div><\/div><\/figcaption><\/figure><\/a><!--end av-masonry entry--><a href=\"https:\/\/www.odonto.ufmg.br\/traumatismo\/wp-content\/uploads\/sites\/21\/2023\/06\/286306158_696041521658596_8833185032173024944_n.png\" data-srcset=\"https:\/\/www.odonto.ufmg.br\/traumatismo\/wp-content\/uploads\/sites\/21\/2023\/06\/286306158_696041521658596_8833185032173024944_n.png 640w, https:\/\/www.odonto.ufmg.br\/traumatismo\/wp-content\/uploads\/sites\/21\/2023\/06\/286306158_696041521658596_8833185032173024944_n-300x300.png 300w, https:\/\/www.odonto.ufmg.br\/traumatismo\/wp-content\/uploads\/sites\/21\/2023\/06\/286306158_696041521658596_8833185032173024944_n-80x80.png 80w, https:\/\/www.odonto.ufmg.br\/traumatismo\/wp-content\/uploads\/sites\/21\/2023\/06\/286306158_696041521658596_8833185032173024944_n-36x36.png 36w, https:\/\/www.odonto.ufmg.br\/traumatismo\/wp-content\/uploads\/sites\/21\/2023\/06\/286306158_696041521658596_8833185032173024944_n-180x180.png 180w\" data-sizes=\"(max-width: 640px) 100vw, 640px\"  aria-label=\"image image with no title\"  id='av-masonry-1-item-1655' data-av-masonry-item='1655' class='av-masonry-entry isotope-item post-1655 attachment type-attachment status-inherit hentry  av-masonry-item-with-image' title=\"\" alt=\"\"    itemprop=\"thumbnailUrl\" ><div class='av-inner-masonry-sizer'><\/div><figure class='av-inner-masonry main_color'><div class=\"av-masonry-outerimage-container\"><div class='av-masonry-image-container'  ><img decoding=\"async\" width=\"640\" height=\"640\" fetchpriority=\"high\" class=\"wp-image-1655 avia-img-lazy-loading-not-1655\"  src=\"https:\/\/www.odonto.ufmg.br\/traumatismo\/wp-content\/uploads\/sites\/21\/2023\/06\/286306158_696041521658596_8833185032173024944_n.png\" title=\"\" alt=\"\" srcset=\"https:\/\/www.odonto.ufmg.br\/traumatismo\/wp-content\/uploads\/sites\/21\/2023\/06\/286306158_696041521658596_8833185032173024944_n.png 640w, https:\/\/www.odonto.ufmg.br\/traumatismo\/wp-content\/uploads\/sites\/21\/2023\/06\/286306158_696041521658596_8833185032173024944_n-300x300.png 300w, https:\/\/www.odonto.ufmg.br\/traumatismo\/wp-content\/uploads\/sites\/21\/2023\/06\/286306158_696041521658596_8833185032173024944_n-80x80.png 80w, https:\/\/www.odonto.ufmg.br\/traumatismo\/wp-content\/uploads\/sites\/21\/2023\/06\/286306158_696041521658596_8833185032173024944_n-36x36.png 36w, https:\/\/www.odonto.ufmg.br\/traumatismo\/wp-content\/uploads\/sites\/21\/2023\/06\/286306158_696041521658596_8833185032173024944_n-180x180.png 180w\" sizes=\"(max-width: 640px) 100vw, 640px\" \/><\/div><\/div><figcaption class='av-inner-masonry-content site-background'><div class='av-inner-masonry-content-pos'><div class='av-inner-masonry-content-pos-content'><div class='avia-arrow'><\/div><h3 class='av-masonry-entry-title entry-title '  itemprop=\"headline\" ><\/h3><div class='av-masonry-entry-content entry-content'  itemprop=\"text\" >Projeto Cl\u00ednica de diagn\u00f3stico por imagem para pacientes com les\u00f5es traum\u00e1ticas dento-alveolares (2022\/1)<\/div><\/div><\/div><\/figcaption><\/figure><\/a><!--end av-masonry entry--><a href=\"https:\/\/www.odonto.ufmg.br\/traumatismo\/wp-content\/uploads\/sites\/21\/2023\/06\/284162193_446348067303887_7090523525273740279_n.png\" data-srcset=\"https:\/\/www.odonto.ufmg.br\/traumatismo\/wp-content\/uploads\/sites\/21\/2023\/06\/284162193_446348067303887_7090523525273740279_n.png 640w, https:\/\/www.odonto.ufmg.br\/traumatismo\/wp-content\/uploads\/sites\/21\/2023\/06\/284162193_446348067303887_7090523525273740279_n-300x300.png 300w, https:\/\/www.odonto.ufmg.br\/traumatismo\/wp-content\/uploads\/sites\/21\/2023\/06\/284162193_446348067303887_7090523525273740279_n-80x80.png 80w, https:\/\/www.odonto.ufmg.br\/traumatismo\/wp-content\/uploads\/sites\/21\/2023\/06\/284162193_446348067303887_7090523525273740279_n-36x36.png 36w, https:\/\/www.odonto.ufmg.br\/traumatismo\/wp-content\/uploads\/sites\/21\/2023\/06\/284162193_446348067303887_7090523525273740279_n-180x180.png 180w\" data-sizes=\"(max-width: 640px) 100vw, 640px\"  aria-label=\"image image with no title\"  id='av-masonry-1-item-1656' data-av-masonry-item='1656' class='av-masonry-entry isotope-item post-1656 attachment type-attachment status-inherit hentry  av-masonry-item-with-image' title=\"\" alt=\"\"    itemprop=\"thumbnailUrl\" ><div class='av-inner-masonry-sizer'><\/div><figure class='av-inner-masonry main_color'><div class=\"av-masonry-outerimage-container\"><div class='av-masonry-image-container'  ><img decoding=\"async\" width=\"640\" height=\"640\" fetchpriority=\"high\" class=\"wp-image-1656 avia-img-lazy-loading-not-1656\"  src=\"https:\/\/www.odonto.ufmg.br\/traumatismo\/wp-content\/uploads\/sites\/21\/2023\/06\/284162193_446348067303887_7090523525273740279_n.png\" title=\"\" alt=\"\" srcset=\"https:\/\/www.odonto.ufmg.br\/traumatismo\/wp-content\/uploads\/sites\/21\/2023\/06\/284162193_446348067303887_7090523525273740279_n.png 640w, https:\/\/www.odonto.ufmg.br\/traumatismo\/wp-content\/uploads\/sites\/21\/2023\/06\/284162193_446348067303887_7090523525273740279_n-300x300.png 300w, https:\/\/www.odonto.ufmg.br\/traumatismo\/wp-content\/uploads\/sites\/21\/2023\/06\/284162193_446348067303887_7090523525273740279_n-80x80.png 80w, https:\/\/www.odonto.ufmg.br\/traumatismo\/wp-content\/uploads\/sites\/21\/2023\/06\/284162193_446348067303887_7090523525273740279_n-36x36.png 36w, https:\/\/www.odonto.ufmg.br\/traumatismo\/wp-content\/uploads\/sites\/21\/2023\/06\/284162193_446348067303887_7090523525273740279_n-180x180.png 180w\" sizes=\"(max-width: 640px) 100vw, 640px\" \/><\/div><\/div><figcaption class='av-inner-masonry-content site-background'><div class='av-inner-masonry-content-pos'><div class='av-inner-masonry-content-pos-content'><div class='avia-arrow'><\/div><h3 class='av-masonry-entry-title entry-title '  itemprop=\"headline\" ><\/h3><div class='av-masonry-entry-content entry-content'  itemprop=\"text\" >Projeto Restaura\u00e7\u00e3o de Dentes Traumatizados (2022\/1)<\/div><\/div><\/div><\/figcaption><\/figure><\/a><!--end av-masonry entry--><\/div><\/div>\n<\/div><\/div><\/div><!-- close content main div --><\/div><\/div><div id='after_section_2'  class='main_color av_default_container_wrap container_wrap sidebar_right'  ><div class='container av-section-cont-open' ><div class='template-page content  av-content-small alpha units'><div class='post-entry post-entry-type-page post-entry-1642'><div class='entry-content-wrapper clearfix'><\/p>\n","protected":false},"excerpt":{"rendered":"","protected":false},"author":56,"featured_media":0,"parent":0,"menu_order":0,"comment_status":"closed","ping_status":"closed","template":"","meta":{"inline_featured_image":false,"footnotes":""},"class_list":["post-1642","page","type-page","status-publish","hentry"],"yoast_head":"<!-- This site is optimized with the Yoast SEO plugin v27.5 - https:\/\/yoast.com\/product\/yoast-seo-wordpress\/ -->\n<title>Volunt\u00e1rios do Programa - Programa Traumatismos Dent\u00e1rios - Faculdade de Odontologia da UFMG<\/title>\n<meta name=\"robots\" content=\"index, follow, max-snippet:-1, max-image-preview:large, max-video-preview:-1\" \/>\n<link rel=\"canonical\" href=\"https:\/\/www.odonto.ufmg.br\/traumatismo\/voluntarios-do-programa\/\" \/>\n<meta property=\"og:locale\" content=\"pt_BR\" \/>\n<meta property=\"og:type\" content=\"article\" \/>\n<meta property=\"og:title\" content=\"Volunt\u00e1rios do Programa - Programa Traumatismos Dent\u00e1rios - Faculdade de Odontologia da UFMG\" \/>\n<meta property=\"og:url\" content=\"https:\/\/www.odonto.ufmg.br\/traumatismo\/voluntarios-do-programa\/\" \/>\n<meta property=\"og:site_name\" content=\"Programa Traumatismos Dent\u00e1rios - Faculdade de Odontologia da UFMG\" \/>\n<meta property=\"article:modified_time\" content=\"2023-06-20T12:49:11+00:00\" \/>\n<meta name=\"twitter:card\" content=\"summary_large_image\" \/>\n<meta name=\"twitter:label1\" content=\"Est. tempo de leitura\" \/>\n\t<meta name=\"twitter:data1\" content=\"3 minutos\" \/>\n<script type=\"application\/ld+json\" class=\"yoast-schema-graph\">{\"@context\":\"https:\\\/\\\/schema.org\",\"@graph\":[{\"@type\":\"WebPage\",\"@id\":\"https:\\\/\\\/www.odonto.ufmg.br\\\/traumatismo\\\/voluntarios-do-programa\\\/\",\"url\":\"https:\\\/\\\/www.odonto.ufmg.br\\\/traumatismo\\\/voluntarios-do-programa\\\/\",\"name\":\"Volunt\u00e1rios do Programa - Programa Traumatismos Dent\u00e1rios - Faculdade de Odontologia da UFMG\",\"isPartOf\":{\"@id\":\"https:\\\/\\\/www.odonto.ufmg.br\\\/traumatismo\\\/#website\"},\"datePublished\":\"2023-06-20T12:34:32+00:00\",\"dateModified\":\"2023-06-20T12:49:11+00:00\",\"breadcrumb\":{\"@id\":\"https:\\\/\\\/www.odonto.ufmg.br\\\/traumatismo\\\/voluntarios-do-programa\\\/#breadcrumb\"},\"inLanguage\":\"pt-BR\",\"potentialAction\":[{\"@type\":\"ReadAction\",\"target\":[\"https:\\\/\\\/www.odonto.ufmg.br\\\/traumatismo\\\/voluntarios-do-programa\\\/\"]}]},{\"@type\":\"BreadcrumbList\",\"@id\":\"https:\\\/\\\/www.odonto.ufmg.br\\\/traumatismo\\\/voluntarios-do-programa\\\/#breadcrumb\",\"itemListElement\":[{\"@type\":\"ListItem\",\"position\":1,\"name\":\"In\u00edcio\",\"item\":\"https:\\\/\\\/www.odonto.ufmg.br\\\/traumatismo\\\/sample-page\\\/\"},{\"@type\":\"ListItem\",\"position\":2,\"name\":\"Volunt\u00e1rios do Programa\"}]},{\"@type\":\"WebSite\",\"@id\":\"https:\\\/\\\/www.odonto.ufmg.br\\\/traumatismo\\\/#website\",\"url\":\"https:\\\/\\\/www.odonto.ufmg.br\\\/traumatismo\\\/\",\"name\":\"Programa Traumatismos Dent\u00e1rios - Faculdade de Odontologia da UFMG\",\"description\":\"Aqui voc\u00ea encontra todas as informa\u00e7\u00f5es sobre o Programa Traumatismos Dent\u00e1rios da Faculdade de Odontologia da UFMG.\",\"potentialAction\":[{\"@type\":\"SearchAction\",\"target\":{\"@type\":\"EntryPoint\",\"urlTemplate\":\"https:\\\/\\\/www.odonto.ufmg.br\\\/traumatismo\\\/?s={search_term_string}\"},\"query-input\":{\"@type\":\"PropertyValueSpecification\",\"valueRequired\":true,\"valueName\":\"search_term_string\"}}],\"inLanguage\":\"pt-BR\"}]}<\/script>\n<!-- \/ Yoast SEO plugin. -->","yoast_head_json":{"title":"Volunt\u00e1rios do Programa - Programa Traumatismos Dent\u00e1rios - Faculdade de Odontologia da UFMG","robots":{"index":"index","follow":"follow","max-snippet":"max-snippet:-1","max-image-preview":"max-image-preview:large","max-video-preview":"max-video-preview:-1"},"canonical":"https:\/\/www.odonto.ufmg.br\/traumatismo\/voluntarios-do-programa\/","og_locale":"pt_BR","og_type":"article","og_title":"Volunt\u00e1rios do Programa - Programa Traumatismos Dent\u00e1rios - Faculdade de Odontologia da UFMG","og_url":"https:\/\/www.odonto.ufmg.br\/traumatismo\/voluntarios-do-programa\/","og_site_name":"Programa Traumatismos Dent\u00e1rios - Faculdade de Odontologia da UFMG","article_modified_time":"2023-06-20T12:49:11+00:00","twitter_card":"summary_large_image","twitter_misc":{"Est. tempo de leitura":"3 minutos"},"schema":{"@context":"https:\/\/schema.org","@graph":[{"@type":"WebPage","@id":"https:\/\/www.odonto.ufmg.br\/traumatismo\/voluntarios-do-programa\/","url":"https:\/\/www.odonto.ufmg.br\/traumatismo\/voluntarios-do-programa\/","name":"Volunt\u00e1rios do Programa - Programa Traumatismos Dent\u00e1rios - Faculdade de Odontologia da UFMG","isPartOf":{"@id":"https:\/\/www.odonto.ufmg.br\/traumatismo\/#website"},"datePublished":"2023-06-20T12:34:32+00:00","dateModified":"2023-06-20T12:49:11+00:00","breadcrumb":{"@id":"https:\/\/www.odonto.ufmg.br\/traumatismo\/voluntarios-do-programa\/#breadcrumb"},"inLanguage":"pt-BR","potentialAction":[{"@type":"ReadAction","target":["https:\/\/www.odonto.ufmg.br\/traumatismo\/voluntarios-do-programa\/"]}]},{"@type":"BreadcrumbList","@id":"https:\/\/www.odonto.ufmg.br\/traumatismo\/voluntarios-do-programa\/#breadcrumb","itemListElement":[{"@type":"ListItem","position":1,"name":"In\u00edcio","item":"https:\/\/www.odonto.ufmg.br\/traumatismo\/sample-page\/"},{"@type":"ListItem","position":2,"name":"Volunt\u00e1rios do Programa"}]},{"@type":"WebSite","@id":"https:\/\/www.odonto.ufmg.br\/traumatismo\/#website","url":"https:\/\/www.odonto.ufmg.br\/traumatismo\/","name":"Programa Traumatismos Dent\u00e1rios - Faculdade de Odontologia da UFMG","description":"Aqui voc\u00ea encontra todas as informa\u00e7\u00f5es sobre o Programa Traumatismos Dent\u00e1rios da Faculdade de Odontologia da UFMG.","potentialAction":[{"@type":"SearchAction","target":{"@type":"EntryPoint","urlTemplate":"https:\/\/www.odonto.ufmg.br\/traumatismo\/?s={search_term_string}"},"query-input":{"@type":"PropertyValueSpecification","valueRequired":true,"valueName":"search_term_string"}}],"inLanguage":"pt-BR"}]}},"_links":{"self":[{"href":"https:\/\/www.odonto.ufmg.br\/traumatismo\/wp-json\/wp\/v2\/pages\/1642","targetHints":{"allow":["GET"]}}],"collection":[{"href":"https:\/\/www.odonto.ufmg.br\/traumatismo\/wp-json\/wp\/v2\/pages"}],"about":[{"href":"https:\/\/www.odonto.ufmg.br\/traumatismo\/wp-json\/wp\/v2\/types\/page"}],"author":[{"embeddable":true,"href":"https:\/\/www.odonto.ufmg.br\/traumatismo\/wp-json\/wp\/v2\/users\/56"}],"replies":[{"embeddable":true,"href":"https:\/\/www.odonto.ufmg.br\/traumatismo\/wp-json\/wp\/v2\/comments?post=1642"}],"version-history":[{"count":6,"href":"https:\/\/www.odonto.ufmg.br\/traumatismo\/wp-json\/wp\/v2\/pages\/1642\/revisions"}],"predecessor-version":[{"id":1967,"href":"https:\/\/www.odonto.ufmg.br\/traumatismo\/wp-json\/wp\/v2\/pages\/1642\/revisions\/1967"}],"wp:attachment":[{"href":"https:\/\/www.odonto.ufmg.br\/traumatismo\/wp-json\/wp\/v2\/media?parent=1642"}],"curies":[{"name":"wp","href":"https:\/\/api.w.org\/{rel}","templated":true}]}}