{"id":1687,"date":"2022-01-25T11:33:34","date_gmt":"2022-01-25T14:33:34","guid":{"rendered":"https:\/\/www.odonto.ufmg.br\/teleodonto\/?page_id=1687"},"modified":"2025-05-05T21:04:30","modified_gmt":"2025-05-06T00:04:30","slug":"saude-coletiva","status":"publish","type":"page","link":"https:\/\/www.odonto.ufmg.br\/teleodontologia\/saude-coletiva\/","title":{"rendered":"Sa\u00fade Coletiva"},"content":{"rendered":"<div id='av_section_1'  class='avia-section av-lus5if-b7813e4c0a0e3ee6384888b096652b71 main_color avia-section-small avia-no-border-styling  avia-builder-el-0  el_before_av_icongrid  avia-builder-el-first  avia-bg-style-scroll container_wrap fullsize'  ><div class='container av-section-cont-open' ><main  role=\"main\" itemprop=\"mainContentOfPage\"  class='template-page content  av-content-full alpha units'><div class='post-entry post-entry-type-page post-entry-1687'><div class='entry-content-wrapper clearfix'>\n\n<style type=\"text\/css\" data-created_by=\"avia_inline_auto\" id=\"style-css-av-l3ql1i7c-85500de3045ca2be6ed8e74e699aa88a\">\n#top .av-special-heading.av-l3ql1i7c-85500de3045ca2be6ed8e74e699aa88a{\npadding-bottom:10px;\ncolor:#000000;\nfont-size:40px;\n}\nbody .av-special-heading.av-l3ql1i7c-85500de3045ca2be6ed8e74e699aa88a .av-special-heading-tag .heading-char{\nfont-size:25px;\n}\n#top #wrap_all .av-special-heading.av-l3ql1i7c-85500de3045ca2be6ed8e74e699aa88a .av-special-heading-tag{\nfont-size:40px;\n}\n.av-special-heading.av-l3ql1i7c-85500de3045ca2be6ed8e74e699aa88a .special-heading-inner-border{\nborder-color:#000000;\n}\n.av-special-heading.av-l3ql1i7c-85500de3045ca2be6ed8e74e699aa88a .av-subheading{\nfont-size:15px;\n}\n\n@media only screen and (min-width: 480px) and (max-width: 767px){ \n#top #wrap_all .av-special-heading.av-l3ql1i7c-85500de3045ca2be6ed8e74e699aa88a .av-special-heading-tag{\nfont-size:0.8em;\n}\n}\n\n@media only screen and (max-width: 479px){ \n#top #wrap_all .av-special-heading.av-l3ql1i7c-85500de3045ca2be6ed8e74e699aa88a .av-special-heading-tag{\nfont-size:0.8em;\n}\n}\n<\/style>\n<div  class='av-special-heading av-l3ql1i7c-85500de3045ca2be6ed8e74e699aa88a av-special-heading-h1 custom-color-heading blockquote modern-quote modern-centered  avia-builder-el-1  el_before_av_hr  avia-builder-el-first  av-inherit-size'><h1 class='av-special-heading-tag '  itemprop=\"headline\"  >Sa\u00fade Coletiva<\/h1><div class=\"special-heading-border\"><div class=\"special-heading-inner-border\"><\/div><\/div><\/div>\n\n<style type=\"text\/css\" data-created_by=\"avia_inline_auto\" id=\"style-css-av-kyxgnb-d9133ac12cbc4f17e811ff9d8992df98\">\n#top .hr.av-kyxgnb-d9133ac12cbc4f17e811ff9d8992df98{\nmargin-top:0px;\nmargin-bottom:5px;\n}\n.hr.av-kyxgnb-d9133ac12cbc4f17e811ff9d8992df98 .hr-inner{\nwidth:100px;\nborder-color:#02989e;\n}\n<\/style>\n<div  class='hr av-kyxgnb-d9133ac12cbc4f17e811ff9d8992df98 hr-custom  avia-builder-el-2  el_after_av_heading  avia-builder-el-last  hr-center hr-icon-no'><span class='hr-inner inner-border-av-border-fat'><span class=\"hr-inner-style\"><\/span><\/span><\/div>\n<\/div><\/div><\/main><!-- close content main element --><\/div><\/div><div id='after_section_1'  class='main_color av_default_container_wrap container_wrap fullsize'  ><div class='container av-section-cont-open' ><div class='template-page content  av-content-full alpha units'><div class='post-entry post-entry-type-page post-entry-1687'><div class='entry-content-wrapper clearfix'>\n\n<style type=\"text\/css\" data-created_by=\"avia_inline_auto\" id=\"style-css-av-jrfymf-827a925bb2ea2b0f56e77f7289fd9297\">\n.avia-icon-grid-container.av-jrfymf-827a925bb2ea2b0f56e77f7289fd9297 .avia-icongrid{\njustify-content:space-between;\n}\n<\/style>\n<div  class='avia-icon-grid-container av-jrfymf-827a925bb2ea2b0f56e77f7289fd9297  avia-builder-el-3  el_after_av_section  avia-builder-el-no-sibling ' ><ul id='avia-icongrid-69f711305f13c' class='avia-icongrid clearfix avia_animate_when_almost_visible avia-icongrid-tooltip avia-icongrid-numrow-5 avia-cell-space-between av-flex-cells av-break-767 av-can-break-50'>\n<li class='av-icon-cell-item av-row-with-5-cells av-row-nr-1 av-cell-1 av-first-cell-row av-first-cell-item'><a href='https:\/\/www.youtube.com\/watch?v=LFMcp_M8-mc' title='Alinhamento T\u00e9cnico Entre os Profissionais da Odontologia Brasileira Vinculados ao SUS'  class='avia-icongrid-wrapper av-hzv2xj-5d7f38c96badeca856d6c51ec407c054'><article class='article-icon-entry av-icongrid-empty'  itemscope=\"itemscope\" itemtype=\"https:\/\/schema.org\/CreativeWork\" ><div class='avia-icongrid-front '><div class=\"avia-icongrid-inner\"><div class='avia-icongrid-icon'><span class='icongrid-char avia-iconfont avia-font-entypo-fontello' data-av_icon='\ue80d' data-av_iconfont='entypo-fontello' ><\/span><\/div><header class=\"entry-content-header\" aria-label=\"Icon: Alinhamento T\u00e9cnico Entre os Profissionais da Odontologia Brasileira Vinculados ao SUS\"><h4 class='av_icongrid_title icongrid_title '  itemprop=\"headline\" >Alinhamento T\u00e9cnico Entre os Profissionais da Odontologia Brasileira Vinculados ao SUS<\/h4><\/header><\/div><\/div><div class='avia-icongrid-content' data-class-flipback=''><div class=\"avia-icongrid-inner\"><div class='avia-icongrid-text'  itemprop=\"text\" ><\/div><\/div><\/div><\/article><\/a><\/li>\n<li class='av-icon-cell-item av-row-with-5-cells av-row-nr-1 av-cell-2 av-first-cell-row av-inner-cell-item'><a href='https:\/\/www.youtube.com\/watch?v=OX1WgLKnaio' title='Organiza\u00e7\u00e3o da agenda da equipe de sa\u00fade bucal na APS'  class='avia-icongrid-wrapper av-fojgtj-152a8647f3646f5278d2cbc1763cc287'><article class='article-icon-entry av-icongrid-empty'  itemscope=\"itemscope\" itemtype=\"https:\/\/schema.org\/CreativeWork\" ><div class='avia-icongrid-front '><div class=\"avia-icongrid-inner\"><div class='avia-icongrid-icon'><span class='icongrid-char avia-iconfont avia-font-entypo-fontello' data-av_icon='\ue80d' data-av_iconfont='entypo-fontello' ><\/span><\/div><header class=\"entry-content-header\" aria-label=\"Icon: Organiza\u00e7\u00e3o da agenda da equipe de sa\u00fade bucal na APS\"><h4 class='av_icongrid_title icongrid_title '  itemprop=\"headline\" >Organiza\u00e7\u00e3o da agenda da equipe de sa\u00fade bucal na APS<\/h4><\/header><\/div><\/div><div class='avia-icongrid-content' data-class-flipback=''><div class=\"avia-icongrid-inner\"><div class='avia-icongrid-text'  itemprop=\"text\" ><\/div><\/div><\/div><\/article><\/a><\/li>\n<li class='av-icon-cell-item av-row-with-5-cells av-row-nr-1 av-cell-3 av-first-cell-row av-inner-cell-item'><a href='https:\/\/www.youtube.com\/watch?v=vJCEOTzq7Dw' title='Painel para Monitoramento de Indicadores de Sa\u00fade na Gest\u00e3o dos Servi\u00e7os de Sa\u00fade Bucal'  class='avia-icongrid-wrapper av-e7byhj-4fac9398b71939448ff16bdae1c6eee2'><article class='article-icon-entry av-icongrid-empty'  itemscope=\"itemscope\" itemtype=\"https:\/\/schema.org\/CreativeWork\" ><div class='avia-icongrid-front '><div class=\"avia-icongrid-inner\"><div class='avia-icongrid-icon'><span class='icongrid-char avia-iconfont avia-font-entypo-fontello' data-av_icon='\ue80d' data-av_iconfont='entypo-fontello' ><\/span><\/div><header class=\"entry-content-header\" aria-label=\"Icon: Painel para Monitoramento de Indicadores de Sa\u00fade na Gest\u00e3o dos Servi\u00e7os de Sa\u00fade Bucal\"><h4 class='av_icongrid_title icongrid_title '  itemprop=\"headline\" >Painel para Monitoramento de Indicadores de Sa\u00fade na Gest\u00e3o dos Servi\u00e7os de Sa\u00fade Bucal<\/h4><\/header><\/div><\/div><div class='avia-icongrid-content' data-class-flipback=''><div class=\"avia-icongrid-inner\"><div class='avia-icongrid-text'  itemprop=\"text\" ><\/div><\/div><\/div><\/article><\/a><\/li>\n<li class='av-icon-cell-item av-row-with-5-cells av-row-nr-1 av-cell-4 av-first-cell-row av-inner-cell-item'><a href='https:\/\/www.youtube.com\/watch?v=RI9PNwCX37g' title='Financiamento das equipes de sa\u00fade bucal'  class='avia-icongrid-wrapper av-492k7-c0a1ed56948ecd8a9a4dd393abfb9a3c'><article class='article-icon-entry av-icongrid-empty'  itemscope=\"itemscope\" itemtype=\"https:\/\/schema.org\/CreativeWork\" ><div class='avia-icongrid-front '><div class=\"avia-icongrid-inner\"><div class='avia-icongrid-icon'><span class='icongrid-char avia-iconfont avia-font-entypo-fontello' data-av_icon='\ue80d' data-av_iconfont='entypo-fontello' ><\/span><\/div><header class=\"entry-content-header\" aria-label=\"Icon: Financiamento das equipes de sa\u00fade bucal\"><h4 class='av_icongrid_title icongrid_title '  itemprop=\"headline\" >Financiamento das equipes de sa\u00fade bucal<\/h4><\/header><\/div><\/div><div class='avia-icongrid-content' data-class-flipback=''><div class=\"avia-icongrid-inner\"><div class='avia-icongrid-text'  itemprop=\"text\" ><\/div><\/div><\/div><\/article><\/a><\/li>\n<li class='av-icon-cell-item av-row-with-5-cells av-row-nr-1 av-cell-5 av-first-cell-row av-last-cell-item'><a href='https:\/\/www.youtube.com\/watch?v=TeYQERvWbXc' title='Utiliza\u00e7\u00e3o da plataforma e-SUS'  class='avia-icongrid-wrapper av-as8l5z-8e01f852f01ac982badbf509a45eb85c'><article class='article-icon-entry av-icongrid-empty'  itemscope=\"itemscope\" itemtype=\"https:\/\/schema.org\/CreativeWork\" ><div class='avia-icongrid-front '><div class=\"avia-icongrid-inner\"><div class='avia-icongrid-icon'><span class='icongrid-char avia-iconfont avia-font-entypo-fontello' data-av_icon='\ue80d' data-av_iconfont='entypo-fontello' ><\/span><\/div><header class=\"entry-content-header\" aria-label=\"Icon: Utiliza\u00e7\u00e3o da plataforma e-SUS\"><h4 class='av_icongrid_title icongrid_title '  itemprop=\"headline\" >Utiliza\u00e7\u00e3o da plataforma e-SUS<\/h4><\/header><\/div><\/div><div class='avia-icongrid-content' data-class-flipback=''><div class=\"avia-icongrid-inner\"><div class='avia-icongrid-text'  itemprop=\"text\" ><\/div><\/div><\/div><\/article><\/a><\/li>\n<li class='av-icon-cell-item av-row-with-5-cells av-row-nr-2 av-cell-1 av-next-cell-row av-first-cell-item'><a href='https:\/\/www.youtube.com\/watch?v=8v3s3_Nsxi0' title='A \u00c9tica no cuidado em sa\u00fade'  class='avia-icongrid-wrapper av-9bbkx3-c300f10855eac202b7416bd39c7bad8d'><article class='article-icon-entry av-icongrid-empty'  itemscope=\"itemscope\" itemtype=\"https:\/\/schema.org\/CreativeWork\" ><div class='avia-icongrid-front '><div class=\"avia-icongrid-inner\"><div class='avia-icongrid-icon'><span class='icongrid-char avia-iconfont avia-font-entypo-fontello' data-av_icon='\ue80d' data-av_iconfont='entypo-fontello' ><\/span><\/div><header class=\"entry-content-header\" aria-label=\"Icon: A \u00c9tica no cuidado em sa\u00fade\"><h4 class='av_icongrid_title icongrid_title '  itemprop=\"headline\" >A \u00c9tica no cuidado em sa\u00fade<\/h4><\/header><\/div><\/div><div class='avia-icongrid-content' data-class-flipback=''><div class=\"avia-icongrid-inner\"><div class='avia-icongrid-text'  itemprop=\"text\" ><\/div><\/div><\/div><\/article><\/a><\/li>\n<li class='av-icon-cell-item av-row-with-5-cells av-row-nr-2 av-cell-2 av-next-cell-row av-inner-cell-item'><a href='https:\/\/www.youtube.com\/watch?v=RUgunCYL5c0' title='Sistemas e protocolos de referenciamento para Aten\u00e7\u00e3o Secund\u00e1ria'  class='avia-icongrid-wrapper av-7nodjb-ef500e1b6b12582e84cc04213a0b5c84'><article class='article-icon-entry av-icongrid-empty'  itemscope=\"itemscope\" itemtype=\"https:\/\/schema.org\/CreativeWork\" ><div class='avia-icongrid-front '><div class=\"avia-icongrid-inner\"><div class='avia-icongrid-icon'><span class='icongrid-char avia-iconfont avia-font-entypo-fontello' data-av_icon='\ue80d' data-av_iconfont='entypo-fontello' ><\/span><\/div><header class=\"entry-content-header\" aria-label=\"Icon: Sistemas e protocolos de referenciamento para Aten\u00e7\u00e3o Secund\u00e1ria\"><h4 class='av_icongrid_title icongrid_title '  itemprop=\"headline\" >Sistemas e protocolos de referenciamento para Aten\u00e7\u00e3o Secund\u00e1ria<\/h4><\/header><\/div><\/div><div class='avia-icongrid-content' data-class-flipback=''><div class=\"avia-icongrid-inner\"><div class='avia-icongrid-text'  itemprop=\"text\" ><\/div><\/div><\/div><\/article><\/a><\/li>\n<li class='av-icon-cell-item av-row-with-5-cells av-row-nr-2 av-cell-3 av-next-cell-row av-inner-cell-item'><a href='https:\/\/www.youtube.com\/watch?v=up8_MKvpfII' title='Gerenciamento de Res\u00edduos de Servi\u00e7os de Sa\u00fade'  class='avia-icongrid-wrapper av-605gh3-c7a20360ba717068600a2a4debbb939a'><article class='article-icon-entry av-icongrid-empty'  itemscope=\"itemscope\" itemtype=\"https:\/\/schema.org\/CreativeWork\" ><div class='avia-icongrid-front '><div class=\"avia-icongrid-inner\"><div class='avia-icongrid-icon'><span class='icongrid-char avia-iconfont avia-font-entypo-fontello' data-av_icon='\ue80d' data-av_iconfont='entypo-fontello' ><\/span><\/div><header class=\"entry-content-header\" aria-label=\"Icon: Gerenciamento de Res\u00edduos de Servi\u00e7os de Sa\u00fade\"><h4 class='av_icongrid_title icongrid_title '  itemprop=\"headline\" >Gerenciamento de Res\u00edduos de Servi\u00e7os de Sa\u00fade<\/h4><\/header><\/div><\/div><div class='avia-icongrid-content' data-class-flipback=''><div class=\"avia-icongrid-inner\"><div class='avia-icongrid-text'  itemprop=\"text\" ><\/div><\/div><\/div><\/article><\/a><\/li>\n<li class='av-icon-cell-item av-row-with-5-cells av-row-nr-2 av-cell-4 av-next-cell-row av-inner-cell-item'><a href='https:\/\/www.youtube.com\/watch?v=Qg46WQzkFiw' title='Teleodontologia'  class='avia-icongrid-wrapper av-4n172f-89fbb36ce85f79572e70e194bcd509b8'><article class='article-icon-entry av-icongrid-empty'  itemscope=\"itemscope\" itemtype=\"https:\/\/schema.org\/CreativeWork\" ><div class='avia-icongrid-front '><div class=\"avia-icongrid-inner\"><div class='avia-icongrid-icon'><span class='icongrid-char avia-iconfont avia-font-entypo-fontello' data-av_icon='\ue80d' data-av_iconfont='entypo-fontello' ><\/span><\/div><header class=\"entry-content-header\" aria-label=\"Icon: Teleodontologia\"><h4 class='av_icongrid_title icongrid_title '  itemprop=\"headline\" >Teleodontologia<\/h4><\/header><\/div><\/div><div class='avia-icongrid-content' data-class-flipback=''><div class=\"avia-icongrid-inner\"><div class='avia-icongrid-text'  itemprop=\"text\" ><\/div><\/div><\/div><\/article><\/a><\/li>\n<li class='av-icon-cell-item av-row-with-5-cells av-row-nr-2 av-cell-5 av-next-cell-row av-last-cell-item'><a href='https:\/\/www.youtube.com\/watch?v=NGat8w9g81Q' title='Conduta Odontol\u00f3gica nas visitas domiciliares'  class='avia-icongrid-wrapper av-23pavb-5e9df08ac4162377d6784aa461a93614'><article class='article-icon-entry av-icongrid-empty'  itemscope=\"itemscope\" itemtype=\"https:\/\/schema.org\/CreativeWork\" ><div class='avia-icongrid-front '><div class=\"avia-icongrid-inner\"><div class='avia-icongrid-icon'><span class='icongrid-char avia-iconfont avia-font-entypo-fontello' data-av_icon='\ue80d' data-av_iconfont='entypo-fontello' ><\/span><\/div><header class=\"entry-content-header\" aria-label=\"Icon: Conduta Odontol\u00f3gica nas visitas domiciliares\"><h4 class='av_icongrid_title icongrid_title '  itemprop=\"headline\" >Conduta Odontol\u00f3gica nas visitas domiciliares<\/h4><\/header><\/div><\/div><div class='avia-icongrid-content' data-class-flipback=''><div class=\"avia-icongrid-inner\"><div class='avia-icongrid-text'  itemprop=\"text\" ><\/div><\/div><\/div><\/article><\/a><\/li>\n<li class='av-icon-cell-item av-row-with-5-cells av-row-nr-3 av-cell-1 av-next-cell-row av-first-cell-item'><a href='https:\/\/www.youtube.com\/watch?v=l-R7SqOf-t0' title='Sa\u00fade Bucal na ESF: evolu\u00e7\u00e3o, sa\u00fade atual e perspectivas'  class='avia-icongrid-wrapper av-23pavb-12-d2182654225c61c899ffcf1fe64287ad'><article class='article-icon-entry av-icongrid-empty'  itemscope=\"itemscope\" itemtype=\"https:\/\/schema.org\/CreativeWork\" ><div class='avia-icongrid-front '><div class=\"avia-icongrid-inner\"><div class='avia-icongrid-icon'><span class='icongrid-char avia-iconfont avia-font-entypo-fontello' data-av_icon='\ue80d' data-av_iconfont='entypo-fontello' ><\/span><\/div><header class=\"entry-content-header\" aria-label=\"Icon: Sa\u00fade Bucal na ESF: evolu\u00e7\u00e3o, sa\u00fade atual e perspectivas\"><h4 class='av_icongrid_title icongrid_title '  itemprop=\"headline\" >Sa\u00fade Bucal na ESF: evolu\u00e7\u00e3o, sa\u00fade atual e perspectivas<\/h4><\/header><\/div><\/div><div class='avia-icongrid-content' data-class-flipback=''><div class=\"avia-icongrid-inner\"><div class='avia-icongrid-text'  itemprop=\"text\" ><\/div><\/div><\/div><\/article><\/a><\/li>\n<li class='av-icon-cell-item av-row-with-5-cells av-row-nr-3 av-cell-2 av-next-cell-row av-inner-cell-item'><a href='https:\/\/www.youtube.com\/watch?v=-ogClVbGYYw' title='Levantamento epidemiol\u00f3gico em Sa\u00fade Bucal'  class='avia-icongrid-wrapper av-23pavb-11-035c6ad450343645b055a07a958feeb5'><article class='article-icon-entry av-icongrid-empty'  itemscope=\"itemscope\" itemtype=\"https:\/\/schema.org\/CreativeWork\" ><div class='avia-icongrid-front '><div class=\"avia-icongrid-inner\"><div class='avia-icongrid-icon'><span class='icongrid-char avia-iconfont avia-font-entypo-fontello' data-av_icon='\ue80d' data-av_iconfont='entypo-fontello' ><\/span><\/div><header class=\"entry-content-header\" aria-label=\"Icon: Levantamento epidemiol\u00f3gico em Sa\u00fade Bucal\"><h4 class='av_icongrid_title icongrid_title '  itemprop=\"headline\" >Levantamento epidemiol\u00f3gico em Sa\u00fade Bucal<\/h4><\/header><\/div><\/div><div class='avia-icongrid-content' data-class-flipback=''><div class=\"avia-icongrid-inner\"><div class='avia-icongrid-text'  itemprop=\"text\" ><\/div><\/div><\/div><\/article><\/a><\/li>\n<li class='av-icon-cell-item av-row-with-5-cells av-row-nr-3 av-cell-3 av-next-cell-row av-inner-cell-item'><a href='https:\/\/www.youtube.com\/watch?v=hPTOGkDip_I' title='Trabalho em equipe na cl\u00ednica odontol\u00f3gica e sua import\u00e2ncia no contexto da pandemia por covid 19'  class='avia-icongrid-wrapper av-23pavb-10-387fc8023854d982ecdf31637a72db07'><article class='article-icon-entry av-icongrid-empty'  itemscope=\"itemscope\" itemtype=\"https:\/\/schema.org\/CreativeWork\" ><div class='avia-icongrid-front '><div class=\"avia-icongrid-inner\"><div class='avia-icongrid-icon'><span class='icongrid-char avia-iconfont avia-font-entypo-fontello' data-av_icon='\ue80d' data-av_iconfont='entypo-fontello' ><\/span><\/div><header class=\"entry-content-header\" aria-label=\"Icon: Trabalho em equipe na cl\u00ednica odontol\u00f3gica e sua import\u00e2ncia no contexto da pandemia por covid 19\"><h4 class='av_icongrid_title icongrid_title '  itemprop=\"headline\" >Trabalho em equipe na cl\u00ednica odontol\u00f3gica e sua import\u00e2ncia no contexto da pandemia por covid 19<\/h4><\/header><\/div><\/div><div class='avia-icongrid-content' data-class-flipback=''><div class=\"avia-icongrid-inner\"><div class='avia-icongrid-text'  itemprop=\"text\" ><\/div><\/div><\/div><\/article><\/a><\/li>\n<li class='av-icon-cell-item av-row-with-5-cells av-row-nr-3 av-cell-4 av-next-cell-row av-inner-cell-item'><a href='https:\/\/www.youtube.com\/watch?v=uzeAnIgaS2M' title='Diretrizes do Estado de Minas Gerais para a reorganiza\u00e7\u00e3o dos servi\u00e7os p\u00fablicos de sa\u00fade bucal em tempo trans e p\u00f3s COVID-19'  class='avia-icongrid-wrapper av-23pavb-9-ac3ab90783b1daa08ec8ff959140af2a'><article class='article-icon-entry av-icongrid-empty'  itemscope=\"itemscope\" itemtype=\"https:\/\/schema.org\/CreativeWork\" ><div class='avia-icongrid-front '><div class=\"avia-icongrid-inner\"><div class='avia-icongrid-icon'><span class='icongrid-char avia-iconfont avia-font-entypo-fontello' data-av_icon='\ue80d' data-av_iconfont='entypo-fontello' ><\/span><\/div><header class=\"entry-content-header\" aria-label=\"Icon: Diretrizes do Estado de Minas Gerais para a reorganiza\u00e7\u00e3o dos servi\u00e7os p\u00fablicos de sa\u00fade bucal em tempo trans e p\u00f3s COVID-19\"><h4 class='av_icongrid_title icongrid_title '  itemprop=\"headline\" >Diretrizes do Estado de Minas Gerais para a reorganiza\u00e7\u00e3o dos servi\u00e7os p\u00fablicos de sa\u00fade bucal em tempo trans e p\u00f3s COVID-19<\/h4><\/header><\/div><\/div><div class='avia-icongrid-content' data-class-flipback=''><div class=\"avia-icongrid-inner\"><div class='avia-icongrid-text'  itemprop=\"text\" ><\/div><\/div><\/div><\/article><\/a><\/li>\n<li class='av-icon-cell-item av-row-with-5-cells av-row-nr-3 av-cell-5 av-next-cell-row av-last-cell-item'><a href='https:\/\/www.youtube.com\/watch?v=UYQp7SlU1w0' title='Os desafios para os Servi\u00e7os P\u00fablicos de Sa\u00fade Bucal no enfrentamento \u00e0 COVID19'  class='avia-icongrid-wrapper av-23pavb-8-9863031f15bbb4911107c7b0bbe2c2b7'><article class='article-icon-entry av-icongrid-empty'  itemscope=\"itemscope\" itemtype=\"https:\/\/schema.org\/CreativeWork\" ><div class='avia-icongrid-front '><div class=\"avia-icongrid-inner\"><div class='avia-icongrid-icon'><span class='icongrid-char avia-iconfont avia-font-entypo-fontello' data-av_icon='\ue80d' data-av_iconfont='entypo-fontello' ><\/span><\/div><header class=\"entry-content-header\" aria-label=\"Icon: Os desafios para os Servi\u00e7os P\u00fablicos de Sa\u00fade Bucal no enfrentamento \u00e0 COVID19\"><h4 class='av_icongrid_title icongrid_title '  itemprop=\"headline\" >Os desafios para os Servi\u00e7os P\u00fablicos de Sa\u00fade Bucal no enfrentamento \u00e0 COVID19<\/h4><\/header><\/div><\/div><div class='avia-icongrid-content' data-class-flipback=''><div class=\"avia-icongrid-inner\"><div class='avia-icongrid-text'  itemprop=\"text\" ><\/div><\/div><\/div><\/article><\/a><\/li>\n<li class='av-icon-cell-item av-row-with-5-cells av-row-nr-4 av-cell-1 av-next-cell-row av-first-cell-item'><a href='https:\/\/www.youtube.com\/watch?v=oMFaeOcuibo' title='Diretrizes Estaduais para a Retomada dos Atendimentos Odontol\u00f3gicos'  class='avia-icongrid-wrapper av-23pavb-7-397715b83b8c58809dcc08a0b79040d0'><article class='article-icon-entry av-icongrid-empty'  itemscope=\"itemscope\" itemtype=\"https:\/\/schema.org\/CreativeWork\" ><div class='avia-icongrid-front '><div class=\"avia-icongrid-inner\"><div class='avia-icongrid-icon'><span class='icongrid-char avia-iconfont avia-font-entypo-fontello' data-av_icon='\ue80d' data-av_iconfont='entypo-fontello' ><\/span><\/div><header class=\"entry-content-header\" aria-label=\"Icon: Diretrizes Estaduais para a Retomada dos Atendimentos Odontol\u00f3gicos\"><h4 class='av_icongrid_title icongrid_title '  itemprop=\"headline\" >Diretrizes Estaduais para a Retomada dos Atendimentos Odontol\u00f3gicos<\/h4><\/header><\/div><\/div><div class='avia-icongrid-content' data-class-flipback=''><div class=\"avia-icongrid-inner\"><div class='avia-icongrid-text'  itemprop=\"text\" ><\/div><\/div><\/div><\/article><\/a><\/li>\n<li class='av-icon-cell-item av-row-with-5-cells av-row-nr-4 av-cell-2 av-next-cell-row av-inner-cell-item'><a href='https:\/\/www.youtube.com\/watch?v=nQFdBCqPET0&amp;t=3304s' title='Websimp\u00f3sio: Os Cen\u00e1rios das Ondas COVID-19 e a Aten\u00e7\u00e3o em Sa\u00fade Bucal no SUS-MG'  class='avia-icongrid-wrapper av-23pavb-6-0b67a1f611c7388f028a9eb5a891aa9c'><article class='article-icon-entry av-icongrid-empty'  itemscope=\"itemscope\" itemtype=\"https:\/\/schema.org\/CreativeWork\" ><div class='avia-icongrid-front '><div class=\"avia-icongrid-inner\"><div class='avia-icongrid-icon'><span class='icongrid-char avia-iconfont avia-font-entypo-fontello' data-av_icon='\ue80d' data-av_iconfont='entypo-fontello' ><\/span><\/div><header class=\"entry-content-header\" aria-label=\"Icon: Websimp\u00f3sio: Os Cen\u00e1rios das Ondas COVID-19 e a Aten\u00e7\u00e3o em Sa\u00fade Bucal no SUS-MG\"><h4 class='av_icongrid_title icongrid_title '  itemprop=\"headline\" >Websimp\u00f3sio: Os Cen\u00e1rios das Ondas COVID-19 e a Aten\u00e7\u00e3o em Sa\u00fade Bucal no SUS-MG<\/h4><\/header><\/div><\/div><div class='avia-icongrid-content' data-class-flipback=''><div class=\"avia-icongrid-inner\"><div class='avia-icongrid-text'  itemprop=\"text\" ><\/div><\/div><\/div><\/article><\/a><\/li>\n<li class='av-icon-cell-item av-row-with-5-cells av-row-nr-4 av-cell-3 av-next-cell-row av-inner-cell-item'><a href='https:\/\/www.youtube.com\/watch?v=TjtsRDZxFfU&amp;t=149s' title='Websimp\u00f3sio: Os Centros de Especialidades Odontol\u00f3gicas na Rede de Aten\u00e7\u00e3o \u00e0 Sa\u00fade Bucal do SUS-MG'  class='avia-icongrid-wrapper av-23pavb-5-10a84c95b405d91233ea5acb322d3ea9'><article class='article-icon-entry av-icongrid-empty'  itemscope=\"itemscope\" itemtype=\"https:\/\/schema.org\/CreativeWork\" ><div class='avia-icongrid-front '><div class=\"avia-icongrid-inner\"><div class='avia-icongrid-icon'><span class='icongrid-char avia-iconfont avia-font-entypo-fontello' data-av_icon='\ue80d' data-av_iconfont='entypo-fontello' ><\/span><\/div><header class=\"entry-content-header\" aria-label=\"Icon: Websimp\u00f3sio: Os Centros de Especialidades Odontol\u00f3gicas na Rede de Aten\u00e7\u00e3o \u00e0 Sa\u00fade Bucal do SUS-MG\"><h4 class='av_icongrid_title icongrid_title '  itemprop=\"headline\" >Websimp\u00f3sio: Os Centros de Especialidades Odontol\u00f3gicas na Rede de Aten\u00e7\u00e3o \u00e0 Sa\u00fade Bucal do SUS-MG<\/h4><\/header><\/div><\/div><div class='avia-icongrid-content' data-class-flipback=''><div class=\"avia-icongrid-inner\"><div class='avia-icongrid-text'  itemprop=\"text\" ><\/div><\/div><\/div><\/article><\/a><\/li>\n<li class='av-icon-cell-item av-row-with-5-cells av-row-nr-4 av-cell-4 av-next-cell-row av-inner-cell-item'><a href='https:\/\/www.youtube.com\/watch?v=J84tTmtPTTc' title='Tabagismo e Odontologia'  class='avia-icongrid-wrapper av-23pavb-4-19af90b0fb8330ca5e4480b68646157b'><article class='article-icon-entry av-icongrid-empty'  itemscope=\"itemscope\" itemtype=\"https:\/\/schema.org\/CreativeWork\" ><div class='avia-icongrid-front '><div class=\"avia-icongrid-inner\"><div class='avia-icongrid-icon'><span class='icongrid-char avia-iconfont avia-font-entypo-fontello' data-av_icon='\ue80d' data-av_iconfont='entypo-fontello' ><\/span><\/div><header class=\"entry-content-header\" aria-label=\"Icon: Tabagismo e Odontologia\"><h4 class='av_icongrid_title icongrid_title '  itemprop=\"headline\" >Tabagismo e Odontologia<\/h4><\/header><\/div><\/div><div class='avia-icongrid-content' data-class-flipback=''><div class=\"avia-icongrid-inner\"><div class='avia-icongrid-text'  itemprop=\"text\" ><\/div><\/div><\/div><\/article><\/a><\/li>\n<li class='av-icon-cell-item av-row-with-5-cells av-row-nr-4 av-cell-5 av-next-cell-row av-last-cell-item'><a href='https:\/\/www.youtube.com\/watch?v=g-SWNOxqKYA' title='Novos cen\u00e1rios na Rede de Aten\u00e7\u00e3o \u00e0 Sa\u00fade Bucal do SUS-MG em tempos pand\u00eamicos'  class='avia-icongrid-wrapper av-23pavb-3-971c1772300670b1b174b813e6cfe3c8'><article class='article-icon-entry av-icongrid-empty'  itemscope=\"itemscope\" itemtype=\"https:\/\/schema.org\/CreativeWork\" ><div class='avia-icongrid-front '><div class=\"avia-icongrid-inner\"><div class='avia-icongrid-icon'><span class='icongrid-char avia-iconfont avia-font-entypo-fontello' data-av_icon='\ue80d' data-av_iconfont='entypo-fontello' ><\/span><\/div><header class=\"entry-content-header\" aria-label=\"Icon: Novos cen\u00e1rios na Rede de Aten\u00e7\u00e3o \u00e0 Sa\u00fade Bucal do SUS-MG em tempos pand\u00eamicos\"><h4 class='av_icongrid_title icongrid_title '  itemprop=\"headline\" >Novos cen\u00e1rios na Rede de Aten\u00e7\u00e3o \u00e0 Sa\u00fade Bucal do SUS-MG em tempos pand\u00eamicos<\/h4><\/header><\/div><\/div><div class='avia-icongrid-content' data-class-flipback=''><div class=\"avia-icongrid-inner\"><div class='avia-icongrid-text'  itemprop=\"text\" ><\/div><\/div><\/div><\/article><\/a><\/li>\n<li class='av-icon-cell-item av-row-with-5-cells av-row-nr-5 av-cell-1 av-next-cell-row av-first-cell-item'><a href='https:\/\/www.youtube.com\/watch?v=VvqVXQxRdjk' title='Principais Protocolos Profil\u00e1ticos em Odontologia'  class='avia-icongrid-wrapper av-23pavb-2-8ed3d0c49d36a733de7025497680def7'><article class='article-icon-entry av-icongrid-empty'  itemscope=\"itemscope\" itemtype=\"https:\/\/schema.org\/CreativeWork\" ><div class='avia-icongrid-front '><div class=\"avia-icongrid-inner\"><div class='avia-icongrid-icon'><span class='icongrid-char avia-iconfont avia-font-entypo-fontello' data-av_icon='\ue80d' data-av_iconfont='entypo-fontello' ><\/span><\/div><header class=\"entry-content-header\" aria-label=\"Icon: Principais Protocolos Profil\u00e1ticos em Odontologia\"><h4 class='av_icongrid_title icongrid_title '  itemprop=\"headline\" >Principais Protocolos Profil\u00e1ticos em Odontologia<\/h4><\/header><\/div><\/div><div class='avia-icongrid-content' data-class-flipback=''><div class=\"avia-icongrid-inner\"><div class='avia-icongrid-text'  itemprop=\"text\" ><\/div><\/div><\/div><\/article><\/a><\/li>\n<li class='av-icon-cell-item av-row-with-5-cells av-row-nr-5 av-cell-2 av-next-cell-row av-inner-cell-item'><a href='https:\/\/www.youtube.com\/watch?v=JqbDObSMVbs' title='Biosseguran\u00e7a em Odontologia'  class='avia-icongrid-wrapper av-23pavb-1-999fc15605159b7050db96f5721652b3'><article class='article-icon-entry av-icongrid-empty'  itemscope=\"itemscope\" itemtype=\"https:\/\/schema.org\/CreativeWork\" ><div class='avia-icongrid-front '><div class=\"avia-icongrid-inner\"><div class='avia-icongrid-icon'><span class='icongrid-char avia-iconfont avia-font-entypo-fontello' data-av_icon='\ue80d' data-av_iconfont='entypo-fontello' ><\/span><\/div><header class=\"entry-content-header\" aria-label=\"Icon: Biosseguran\u00e7a em Odontologia\"><h4 class='av_icongrid_title icongrid_title '  itemprop=\"headline\" >Biosseguran\u00e7a em Odontologia<\/h4><\/header><\/div><\/div><div class='avia-icongrid-content' data-class-flipback=''><div class=\"avia-icongrid-inner\"><div class='avia-icongrid-text'  itemprop=\"text\" ><\/div><\/div><\/div><\/article><\/a><\/li>\n<li class='av-icon-cell-item av-row-with-5-cells av-row-nr-5 av-cell-3 av-next-cell-row av-inner-cell-item'><a href='https:\/\/www.youtube.com\/watch?v=R6spreCShxg' title='Preven\u00e7\u00e3o e educa\u00e7\u00e3o em Sa\u00fade Bucal em escolas'  class='avia-icongrid-wrapper av-23pavb-1-5-ccbd44009252884ed120cc653c469c5b'><article class='article-icon-entry av-icongrid-empty'  itemscope=\"itemscope\" itemtype=\"https:\/\/schema.org\/CreativeWork\" ><div class='avia-icongrid-front '><div class=\"avia-icongrid-inner\"><div class='avia-icongrid-icon'><span class='icongrid-char avia-iconfont avia-font-entypo-fontello' data-av_icon='\ue80d' data-av_iconfont='entypo-fontello' ><\/span><\/div><header class=\"entry-content-header\" aria-label=\"Icon: Preven\u00e7\u00e3o e educa\u00e7\u00e3o em Sa\u00fade Bucal em escolas\"><h4 class='av_icongrid_title icongrid_title '  itemprop=\"headline\" >Preven\u00e7\u00e3o e educa\u00e7\u00e3o em Sa\u00fade Bucal em escolas<\/h4><\/header><\/div><\/div><div class='avia-icongrid-content' data-class-flipback=''><div class=\"avia-icongrid-inner\"><div class='avia-icongrid-text'  itemprop=\"text\" ><\/div><\/div><\/div><\/article><\/a><\/li>\n<li class='av-icon-cell-item av-row-with-5-cells av-row-nr-5 av-cell-4 av-next-cell-row av-inner-cell-item'><a href='https:\/\/www.youtube.com\/watch?v=qvxa_c-Hms8' title='Processo de trabalho da equipe de sa\u00fade bucal na estrat\u00e9gia sa\u00fade da fam\u00edlia'  class='avia-icongrid-wrapper av-23pavb-1-4-0d1b7b4d889def919163035327e98033'><article class='article-icon-entry av-icongrid-empty'  itemscope=\"itemscope\" itemtype=\"https:\/\/schema.org\/CreativeWork\" ><div class='avia-icongrid-front '><div class=\"avia-icongrid-inner\"><div class='avia-icongrid-icon'><span class='icongrid-char avia-iconfont avia-font-entypo-fontello' data-av_icon='\ue80d' data-av_iconfont='entypo-fontello' ><\/span><\/div><header class=\"entry-content-header\" aria-label=\"Icon: Processo de trabalho da equipe de sa\u00fade bucal na estrat\u00e9gia sa\u00fade da fam\u00edlia\"><h4 class='av_icongrid_title icongrid_title '  itemprop=\"headline\" >Processo de trabalho da equipe de sa\u00fade bucal na estrat\u00e9gia sa\u00fade da fam\u00edlia<\/h4><\/header><\/div><\/div><div class='avia-icongrid-content' data-class-flipback=''><div class=\"avia-icongrid-inner\"><div class='avia-icongrid-text'  itemprop=\"text\" ><\/div><\/div><\/div><\/article><\/a><\/li>\n<li class='av-icon-cell-item av-row-with-5-cells av-row-nr-5 av-cell-5 av-next-cell-row av-last-cell-item'><a href='https:\/\/www.youtube.com\/watch?v=cM1Vel-E9zw' title='Ergonomia aplicada \u00e0 Odontologia'  class='avia-icongrid-wrapper av-23pavb-1-3-d092de26f1ce455a8a2f73661381d7cb'><article class='article-icon-entry av-icongrid-empty'  itemscope=\"itemscope\" itemtype=\"https:\/\/schema.org\/CreativeWork\" ><div class='avia-icongrid-front '><div class=\"avia-icongrid-inner\"><div class='avia-icongrid-icon'><span class='icongrid-char avia-iconfont avia-font-entypo-fontello' data-av_icon='\ue80d' data-av_iconfont='entypo-fontello' ><\/span><\/div><header class=\"entry-content-header\" aria-label=\"Icon: Ergonomia aplicada \u00e0 Odontologia\"><h4 class='av_icongrid_title icongrid_title '  itemprop=\"headline\" >Ergonomia aplicada \u00e0 Odontologia<\/h4><\/header><\/div><\/div><div class='avia-icongrid-content' data-class-flipback=''><div class=\"avia-icongrid-inner\"><div class='avia-icongrid-text'  itemprop=\"text\" ><\/div><\/div><\/div><\/article><\/a><\/li>\n<li class='av-icon-cell-item av-row-with-5-cells av-row-nr-6 av-cell-1 av-next-cell-row av-first-cell-item'><a href='https:\/\/www.youtube.com\/watch?v=ClLIXOoIfbI' title='Est\u00edmulo ao Autocuidado'  class='avia-icongrid-wrapper av-23pavb-1-2-3187cdf4514ebb1ad366ee6610c1fdb6'><article class='article-icon-entry av-icongrid-empty'  itemscope=\"itemscope\" itemtype=\"https:\/\/schema.org\/CreativeWork\" ><div class='avia-icongrid-front '><div class=\"avia-icongrid-inner\"><div class='avia-icongrid-icon'><span class='icongrid-char avia-iconfont avia-font-entypo-fontello' data-av_icon='\ue80d' data-av_iconfont='entypo-fontello' ><\/span><\/div><header class=\"entry-content-header\" aria-label=\"Icon: Est\u00edmulo ao Autocuidado\"><h4 class='av_icongrid_title icongrid_title '  itemprop=\"headline\" >Est\u00edmulo ao Autocuidado<\/h4><\/header><\/div><\/div><div class='avia-icongrid-content' data-class-flipback=''><div class=\"avia-icongrid-inner\"><div class='avia-icongrid-text'  itemprop=\"text\" ><\/div><\/div><\/div><\/article><\/a><\/li>\n<li class='av-icon-cell-item av-row-with-5-cells av-row-nr-6 av-cell-2 av-next-cell-row av-inner-cell-item'><a href='https:\/\/www.youtube.com\/watch?v=IQDmbqOMhTI' title='Fluorterapia e Sa\u00fade Bucal'  class='avia-icongrid-wrapper av-23pavb-1-1-b18936c9b465c09101f701742b99ffaf'><article class='article-icon-entry av-icongrid-empty'  itemscope=\"itemscope\" itemtype=\"https:\/\/schema.org\/CreativeWork\" ><div class='avia-icongrid-front '><div class=\"avia-icongrid-inner\"><div class='avia-icongrid-icon'><span class='icongrid-char avia-iconfont avia-font-entypo-fontello' data-av_icon='\ue80d' data-av_iconfont='entypo-fontello' ><\/span><\/div><header class=\"entry-content-header\" aria-label=\"Icon: Fluorterapia e Sa\u00fade Bucal\"><h4 class='av_icongrid_title icongrid_title '  itemprop=\"headline\" >Fluorterapia e Sa\u00fade Bucal<\/h4><\/header><\/div><\/div><div class='avia-icongrid-content' data-class-flipback=''><div class=\"avia-icongrid-inner\"><div class='avia-icongrid-text'  itemprop=\"text\" ><\/div><\/div><\/div><\/article><\/a><\/li>\n<li class='av-icon-cell-item av-row-with-5-cells av-row-nr-6 av-cell-3 av-next-cell-row av-inner-cell-item'><a href='https:\/\/www.youtube.com\/watch?v=7hzo7m8tvUE' title='Coleta eletr\u00f4nica de dados em pesquisas em sa\u00fade'  class='avia-icongrid-wrapper av-23pavb-1-1-1-1-1032cdd61af797b98f82bdd6df461330'><article class='article-icon-entry av-icongrid-empty'  itemscope=\"itemscope\" itemtype=\"https:\/\/schema.org\/CreativeWork\" ><div class='avia-icongrid-front '><div class=\"avia-icongrid-inner\"><div class='avia-icongrid-icon'><span class='icongrid-char avia-iconfont avia-font-entypo-fontello' data-av_icon='\ue80d' data-av_iconfont='entypo-fontello' ><\/span><\/div><header class=\"entry-content-header\" aria-label=\"Icon: Coleta eletr\u00f4nica de dados em pesquisas em sa\u00fade\"><h4 class='av_icongrid_title icongrid_title '  itemprop=\"headline\" >Coleta eletr\u00f4nica de dados em pesquisas em sa\u00fade<\/h4><\/header><\/div><\/div><div class='avia-icongrid-content' data-class-flipback=''><div class=\"avia-icongrid-inner\"><div class='avia-icongrid-text'  itemprop=\"text\" ><\/div><\/div><\/div><\/article><\/a><\/li>\n<li class='av-icon-cell-item av-row-with-5-cells av-row-nr-6 av-cell-4 av-next-cell-row av-inner-cell-item'><a href='https:\/\/www.youtube.com\/watch?v=myeIybY2_w8' title='O Pr\u00e9-natal na cl\u00ednica odontol\u00f3gica'  class='avia-icongrid-wrapper av-23pavb-1-1-1-1-1-5feb795baa14118980286000a28f767d'><article class='article-icon-entry av-icongrid-empty'  itemscope=\"itemscope\" itemtype=\"https:\/\/schema.org\/CreativeWork\" ><div class='avia-icongrid-front '><div class=\"avia-icongrid-inner\"><div class='avia-icongrid-icon'><span class='icongrid-char avia-iconfont avia-font-entypo-fontello' data-av_icon='\ue80d' data-av_iconfont='entypo-fontello' ><\/span><\/div><header class=\"entry-content-header\" aria-label=\"Icon: O Pr\u00e9-natal na cl\u00ednica odontol\u00f3gica\"><h4 class='av_icongrid_title icongrid_title '  itemprop=\"headline\" >O Pr\u00e9-natal na cl\u00ednica odontol\u00f3gica<\/h4><\/header><\/div><\/div><div class='avia-icongrid-content' data-class-flipback=''><div class=\"avia-icongrid-inner\"><div class='avia-icongrid-text'  itemprop=\"text\" ><\/div><\/div><\/div><\/article><\/a><\/li>\n<li class='av-icon-cell-item av-row-with-5-cells av-row-nr-6 av-cell-5 av-next-cell-row av-last-cell-item'><a href='https:\/\/www.youtube.com\/watch?v=JUDu2DBK5bk' title='Compet\u00eancia e Atribui\u00e7\u00f5es Odontol\u00f3gicas de Gest\u00e3o no SUS-MG'  class='avia-icongrid-wrapper av-23pavb-1-1-1-1-1-1-6f87baef5c479f029d34af462d540235'><article class='article-icon-entry av-icongrid-empty'  itemscope=\"itemscope\" itemtype=\"https:\/\/schema.org\/CreativeWork\" ><div class='avia-icongrid-front '><div class=\"avia-icongrid-inner\"><div class='avia-icongrid-icon'><span class='icongrid-char avia-iconfont avia-font-entypo-fontello' data-av_icon='\ue80d' data-av_iconfont='entypo-fontello' ><\/span><\/div><header class=\"entry-content-header\" aria-label=\"Icon: Compet\u00eancia e Atribui\u00e7\u00f5es Odontol\u00f3gicas de Gest\u00e3o no SUS-MG\"><h4 class='av_icongrid_title icongrid_title '  itemprop=\"headline\" >Compet\u00eancia e Atribui\u00e7\u00f5es Odontol\u00f3gicas de Gest\u00e3o no SUS-MG<\/h4><\/header><\/div><\/div><div class='avia-icongrid-content' data-class-flipback=''><div class=\"avia-icongrid-inner\"><div class='avia-icongrid-text'  itemprop=\"text\" ><\/div><\/div><\/div><\/article><\/a><\/li>\n<li class='av-icon-cell-item av-row-with-5-cells av-row-nr-7 av-cell-1 av-next-cell-row av-first-cell-item'><a href='https:\/\/www.youtube.com\/watch?v=cxc4xwBZUnQ' title='Abordagem Educativa em Sa\u00fade Coletiva'  class='avia-icongrid-wrapper av-23pavb-1-1-1-1-1-1-1-af83b74214739b8f1b8bc887c4757de3'><article class='article-icon-entry av-icongrid-empty'  itemscope=\"itemscope\" itemtype=\"https:\/\/schema.org\/CreativeWork\" ><div class='avia-icongrid-front '><div class=\"avia-icongrid-inner\"><div class='avia-icongrid-icon'><span class='icongrid-char avia-iconfont avia-font-entypo-fontello' data-av_icon='\ue80d' data-av_iconfont='entypo-fontello' ><\/span><\/div><header class=\"entry-content-header\" aria-label=\"Icon: Abordagem Educativa em Sa\u00fade Coletiva\"><h4 class='av_icongrid_title icongrid_title '  itemprop=\"headline\" >Abordagem Educativa em Sa\u00fade Coletiva<\/h4><\/header><\/div><\/div><div class='avia-icongrid-content' data-class-flipback=''><div class=\"avia-icongrid-inner\"><div class='avia-icongrid-text'  itemprop=\"text\" ><\/div><\/div><\/div><\/article><\/a><\/li>\n<li class='av-icon-cell-item av-row-with-5-cells av-row-nr-7 av-cell-2 av-next-cell-row av-inner-cell-item'><a href='https:\/\/www.youtube.com\/watch?v=OdOpNzHYTxU' title='Ferramentas da Teleodontologia e o Processo de Trabalho das Equipes de Sa\u00fade Bucal'  class='avia-icongrid-wrapper av-23pavb-1-1-1-1-1-1-1-1-2bff1172ab7adefae4a4f803b0f07e8a'><article class='article-icon-entry av-icongrid-empty'  itemscope=\"itemscope\" itemtype=\"https:\/\/schema.org\/CreativeWork\" ><div class='avia-icongrid-front '><div class=\"avia-icongrid-inner\"><div class='avia-icongrid-icon'><span class='icongrid-char avia-iconfont avia-font-entypo-fontello' data-av_icon='\ue80d' data-av_iconfont='entypo-fontello' ><\/span><\/div><header class=\"entry-content-header\" aria-label=\"Icon: Ferramentas da Teleodontologia e o Processo de Trabalho das Equipes de Sa\u00fade Bucal\"><h4 class='av_icongrid_title icongrid_title '  itemprop=\"headline\" >Ferramentas da Teleodontologia e o Processo de Trabalho das Equipes de Sa\u00fade Bucal<\/h4><\/header><\/div><\/div><div class='avia-icongrid-content' data-class-flipback=''><div class=\"avia-icongrid-inner\"><div class='avia-icongrid-text'  itemprop=\"text\" ><\/div><\/div><\/div><\/article><\/a><\/li>\n<li class='av-icon-cell-item av-row-with-5-cells av-row-nr-7 av-cell-3 av-next-cell-row av-inner-cell-item'><a href='https:\/\/www.youtube.com\/live\/myeIybY2_w8?si=o2oICM3wzQehMit-' title='O Pr\u00e9-natal na Clinica Odontol\u00f3gica'  class='avia-icongrid-wrapper av-23pavb-1-1-1-1-1-1-1-1-1-6328ff95af7c311f3a7e0e8798c55259'><article class='article-icon-entry av-icongrid-empty'  itemscope=\"itemscope\" itemtype=\"https:\/\/schema.org\/CreativeWork\" ><div class='avia-icongrid-front '><div class=\"avia-icongrid-inner\"><div class='avia-icongrid-icon'><span class='icongrid-char avia-iconfont avia-font-entypo-fontello' data-av_icon='\ue80d' data-av_iconfont='entypo-fontello' ><\/span><\/div><header class=\"entry-content-header\" aria-label=\"Icon: O Pr\u00e9-natal na Clinica Odontol\u00f3gica\"><h4 class='av_icongrid_title icongrid_title '  itemprop=\"headline\" >O Pr\u00e9-natal na Clinica Odontol\u00f3gica<\/h4><\/header><\/div><\/div><div class='avia-icongrid-content' data-class-flipback=''><div class=\"avia-icongrid-inner\"><div class='avia-icongrid-text'  itemprop=\"text\" ><\/div><\/div><\/div><\/article><\/a><\/li>\n<li class='av-icon-cell-item av-row-with-5-cells av-row-nr-7 av-cell-4 av-next-cell-row av-inner-cell-item'><a href='https:\/\/www.youtube.com\/live\/IqstgCu6qrg?si=mu9NtvjZqhMZBT9l' title='A Proposta de MG para a Organiza\u00e7\u00e3o da Aten\u00e7\u00e3o Programada na Rede de Aten\u00e7\u00e3o \u00e0 Sa\u00fade Bucal'  class='avia-icongrid-wrapper av-23pavb-1-1-1-1-1-1-1-1-1-1-d3f90ed13b90f1d019b084c0bd118f1a'><article class='article-icon-entry av-icongrid-empty'  itemscope=\"itemscope\" itemtype=\"https:\/\/schema.org\/CreativeWork\" ><div class='avia-icongrid-front '><div class=\"avia-icongrid-inner\"><div class='avia-icongrid-icon'><span class='icongrid-char avia-iconfont avia-font-entypo-fontello' data-av_icon='\ue80d' data-av_iconfont='entypo-fontello' ><\/span><\/div><header class=\"entry-content-header\" aria-label=\"Icon: A Proposta de MG para a Organiza\u00e7\u00e3o da Aten\u00e7\u00e3o Programada na Rede de Aten\u00e7\u00e3o \u00e0 Sa\u00fade Bucal\"><h4 class='av_icongrid_title icongrid_title '  itemprop=\"headline\" >A Proposta de MG para a Organiza\u00e7\u00e3o da Aten\u00e7\u00e3o Programada na Rede de Aten\u00e7\u00e3o \u00e0 Sa\u00fade Bucal<\/h4><\/header><\/div><\/div><div class='avia-icongrid-content' data-class-flipback=''><div class=\"avia-icongrid-inner\"><div class='avia-icongrid-text'  itemprop=\"text\" ><\/div><\/div><\/div><\/article><\/a><\/li>\n<li class='av-icon-cell-item av-row-with-5-cells av-row-nr-7 av-cell-5 av-next-cell-row av-last-cell-item'><a href='https:\/\/www.youtube.com\/live\/rTuAEpEl4NQ?si=3bUOunL_Pb6CVEfc' title='O Pr\u00e9-natal na Cl\u00ednica Odontol\u00f3gica '  class='avia-icongrid-wrapper av-23pavb-1-1-1-1-1-1-1-1-1-1-1-95dfeef0295c9dad7f178cf7d6748b85'><article class='article-icon-entry av-icongrid-empty'  itemscope=\"itemscope\" itemtype=\"https:\/\/schema.org\/CreativeWork\" ><div class='avia-icongrid-front '><div class=\"avia-icongrid-inner\"><div class='avia-icongrid-icon'><span class='icongrid-char avia-iconfont avia-font-entypo-fontello' data-av_icon='\ue80d' data-av_iconfont='entypo-fontello' ><\/span><\/div><header class=\"entry-content-header\" aria-label=\"Icon: O Pr\u00e9-natal na Cl\u00ednica Odontol\u00f3gica \"><h4 class='av_icongrid_title icongrid_title '  itemprop=\"headline\" >O Pr\u00e9-natal na Cl\u00ednica Odontol\u00f3gica <\/h4><\/header><\/div><\/div><div class='avia-icongrid-content' data-class-flipback=''><div class=\"avia-icongrid-inner\"><div class='avia-icongrid-text'  itemprop=\"text\" ><\/div><\/div><\/div><\/article><\/a><\/li>\n<li class='av-icon-cell-item av-row-with-5-cells av-row-nr-8 av-cell-1 av-next-cell-row av-first-cell-item'><a href='https:\/\/www.youtube.com\/live\/-lvAMcHcMMg?si=xRwKyY3H6yhYyV-8' title='Solicita\u00e7\u00e3o de Credenciamento dos Servi\u00e7os de Especialidades em Sa\u00fade Bucal em MG'  class='avia-icongrid-wrapper av-23pavb-1-1-1-1-1-1-1-1-1-1-1-1-bfd3fc336ef9fd267bde1ff1a153ff16'><article class='article-icon-entry av-icongrid-empty'  itemscope=\"itemscope\" itemtype=\"https:\/\/schema.org\/CreativeWork\" ><div class='avia-icongrid-front '><div class=\"avia-icongrid-inner\"><div class='avia-icongrid-icon'><span class='icongrid-char avia-iconfont avia-font-entypo-fontello' data-av_icon='\ue80d' data-av_iconfont='entypo-fontello' ><\/span><\/div><header class=\"entry-content-header\" aria-label=\"Icon: Solicita\u00e7\u00e3o de Credenciamento dos Servi\u00e7os de Especialidades em Sa\u00fade Bucal em MG\"><h4 class='av_icongrid_title icongrid_title '  itemprop=\"headline\" >Solicita\u00e7\u00e3o de Credenciamento dos Servi\u00e7os de Especialidades em Sa\u00fade Bucal em MG<\/h4><\/header><\/div><\/div><div class='avia-icongrid-content' data-class-flipback=''><div class=\"avia-icongrid-inner\"><div class='avia-icongrid-text'  itemprop=\"text\" ><\/div><\/div><\/div><\/article><\/a><\/li>\n<li class='av-icon-cell-item av-row-with-5-cells av-row-nr-8 av-cell-2 av-next-cell-row av-inner-cell-item'><a href='https:\/\/www.youtube.com\/live\/1fWIG1VVl-4?si=AznSiz013lbcJl7-' title='Prescri\u00e7\u00e3o de dentifr\u00edcios na pr\u00e1tica cl\u00ednica'  class='avia-icongrid-wrapper av-23pavb-1-1-1-1-1-1-1-1-1-1-1-1-1-3164dfb6078c534f274b3e52a63a4444'><article class='article-icon-entry av-icongrid-empty'  itemscope=\"itemscope\" itemtype=\"https:\/\/schema.org\/CreativeWork\" ><div class='avia-icongrid-front '><div class=\"avia-icongrid-inner\"><div class='avia-icongrid-icon'><span class='icongrid-char avia-iconfont avia-font-entypo-fontello' data-av_icon='\ue80d' data-av_iconfont='entypo-fontello' ><\/span><\/div><header class=\"entry-content-header\" aria-label=\"Icon: Prescri\u00e7\u00e3o de dentifr\u00edcios na pr\u00e1tica cl\u00ednica\"><h4 class='av_icongrid_title icongrid_title '  itemprop=\"headline\" >Prescri\u00e7\u00e3o de dentifr\u00edcios na pr\u00e1tica cl\u00ednica<\/h4><\/header><\/div><\/div><div class='avia-icongrid-content' data-class-flipback=''><div class=\"avia-icongrid-inner\"><div class='avia-icongrid-text'  itemprop=\"text\" ><\/div><\/div><\/div><\/article><\/a><\/li>\n<li class='av-icon-cell-item av-row-with-5-cells av-row-nr-8 av-cell-3 av-next-cell-row av-inner-cell-item'><a href='https:\/\/www.youtube.com\/live\/ED3MT5ehSi0?si=rcNuYUg4tOhYZMKQ' title='Os exames complementares e a Rede de Aten\u00e7\u00e3o \u00e0 Sa\u00fade Bucal do SUS-MG'  class='avia-icongrid-wrapper av-23pavb-1-1-1-1-1-1-1-1-1-1-1-1-1-1-eb0b28fbd8f7efaa7d55ad6af742c94d'><article class='article-icon-entry av-icongrid-empty'  itemscope=\"itemscope\" itemtype=\"https:\/\/schema.org\/CreativeWork\" ><div class='avia-icongrid-front '><div class=\"avia-icongrid-inner\"><div class='avia-icongrid-icon'><span class='icongrid-char avia-iconfont avia-font-entypo-fontello' data-av_icon='\ue80d' data-av_iconfont='entypo-fontello' ><\/span><\/div><header class=\"entry-content-header\" aria-label=\"Icon: Os exames complementares e a Rede de Aten\u00e7\u00e3o \u00e0 Sa\u00fade Bucal do SUS-MG\"><h4 class='av_icongrid_title icongrid_title '  itemprop=\"headline\" >Os exames complementares e a Rede de Aten\u00e7\u00e3o \u00e0 Sa\u00fade Bucal do SUS-MG<\/h4><\/header><\/div><\/div><div class='avia-icongrid-content' data-class-flipback=''><div class=\"avia-icongrid-inner\"><div class='avia-icongrid-text'  itemprop=\"text\" ><\/div><\/div><\/div><\/article><\/a><\/li>\n<li class='av-icon-cell-item av-row-with-5-cells av-row-nr-8 av-cell-4 av-next-cell-row av-inner-cell-item'><a href='https:\/\/www.youtube.com\/live\/W7Pbp6FwbAI?si=pJNArDYVCXkpMVce' title='O papel do cirurgi\u00e3o-dentista no contexto da viol\u00eancia contra mulher'  class='avia-icongrid-wrapper av-23pavb-1-1-1-1-1-1-1-1-1-1-1-1-1-1-1-587182a40b7ef4640a71281e1c65784d'><article class='article-icon-entry av-icongrid-empty'  itemscope=\"itemscope\" itemtype=\"https:\/\/schema.org\/CreativeWork\" ><div class='avia-icongrid-front '><div class=\"avia-icongrid-inner\"><div class='avia-icongrid-icon'><span class='icongrid-char avia-iconfont avia-font-entypo-fontello' data-av_icon='\ue80d' data-av_iconfont='entypo-fontello' ><\/span><\/div><header class=\"entry-content-header\" aria-label=\"Icon: O papel do cirurgi\u00e3o-dentista no contexto da viol\u00eancia contra mulher\"><h4 class='av_icongrid_title icongrid_title '  itemprop=\"headline\" >O papel do cirurgi\u00e3o-dentista no contexto da viol\u00eancia contra mulher<\/h4><\/header><\/div><\/div><div class='avia-icongrid-content' data-class-flipback=''><div class=\"avia-icongrid-inner\"><div class='avia-icongrid-text'  itemprop=\"text\" ><\/div><\/div><\/div><\/article><\/a><\/li>\n<li class='av-icon-cell-item av-row-with-5-cells av-row-nr-8 av-cell-5 av-next-cell-row av-last-cell-item'><a href='https:\/\/www.youtube.com\/live\/Yh1yPZhGCAU?si=XO60r82c7PsaUyIY' title='Di\u00e1logos sobre Monitoramentos e Avalia\u00e7\u00e3o em Sa\u00fade Bucal na Pr\u00e1tica: Por que fazemos o que fazemos?'  class='avia-icongrid-wrapper av-23pavb-1-1-1-1-1-1-1-1-1-1-1-1-1-1-1-30659faa19f93ae7555c94a16cb06c89'><article class='article-icon-entry av-icongrid-empty'  itemscope=\"itemscope\" itemtype=\"https:\/\/schema.org\/CreativeWork\" ><div class='avia-icongrid-front '><div class=\"avia-icongrid-inner\"><div class='avia-icongrid-icon'><span class='icongrid-char avia-iconfont avia-font-entypo-fontello' data-av_icon='\ue80d' data-av_iconfont='entypo-fontello' ><\/span><\/div><header class=\"entry-content-header\" aria-label=\"Icon: Di\u00e1logos sobre Monitoramentos e Avalia\u00e7\u00e3o em Sa\u00fade Bucal na Pr\u00e1tica: Por que fazemos o que fazemos?\"><h4 class='av_icongrid_title icongrid_title '  itemprop=\"headline\" >Di\u00e1logos sobre Monitoramentos e Avalia\u00e7\u00e3o em Sa\u00fade Bucal na Pr\u00e1tica: Por que fazemos o que fazemos?<\/h4><\/header><\/div><\/div><div class='avia-icongrid-content' data-class-flipback=''><div class=\"avia-icongrid-inner\"><div class='avia-icongrid-text'  itemprop=\"text\" ><\/div><\/div><\/div><\/article><\/a><\/li>\n<\/ul><\/div>\n","protected":false},"excerpt":{"rendered":"","protected":false},"author":5,"featured_media":0,"parent":0,"menu_order":0,"comment_status":"closed","ping_status":"closed","template":"","meta":{"inline_featured_image":false,"footnotes":""},"class_list":["post-1687","page","type-page","status-publish","hentry"],"yoast_head":"<!-- This site is optimized with the Yoast SEO plugin v27.5 - https:\/\/yoast.com\/product\/yoast-seo-wordpress\/ -->\n<title>Sa\u00fade Coletiva - Projeto Teleodontologia<\/title>\n<meta name=\"robots\" content=\"index, follow, max-snippet:-1, max-image-preview:large, max-video-preview:-1\" \/>\n<link rel=\"canonical\" href=\"https:\/\/www.odonto.ufmg.br\/teleodontologia\/saude-coletiva\/\" \/>\n<meta property=\"og:locale\" content=\"pt_BR\" \/>\n<meta property=\"og:type\" content=\"article\" \/>\n<meta property=\"og:title\" content=\"Sa\u00fade Coletiva - Projeto Teleodontologia\" \/>\n<meta property=\"og:url\" content=\"https:\/\/www.odonto.ufmg.br\/teleodontologia\/saude-coletiva\/\" \/>\n<meta property=\"og:site_name\" content=\"Projeto Teleodontologia\" \/>\n<meta property=\"article:modified_time\" content=\"2025-05-06T00:04:30+00:00\" \/>\n<meta name=\"twitter:card\" content=\"summary_large_image\" \/>\n<meta name=\"twitter:label1\" content=\"Est. tempo de leitura\" \/>\n\t<meta name=\"twitter:data1\" content=\"2 minutos\" \/>\n<script type=\"application\/ld+json\" class=\"yoast-schema-graph\">{\"@context\":\"https:\\\/\\\/schema.org\",\"@graph\":[{\"@type\":\"WebPage\",\"@id\":\"https:\\\/\\\/www.odonto.ufmg.br\\\/teleodontologia\\\/saude-coletiva\\\/\",\"url\":\"https:\\\/\\\/www.odonto.ufmg.br\\\/teleodontologia\\\/saude-coletiva\\\/\",\"name\":\"Sa\u00fade Coletiva - Projeto Teleodontologia\",\"isPartOf\":{\"@id\":\"https:\\\/\\\/www.odonto.ufmg.br\\\/teleodontologia\\\/#website\"},\"datePublished\":\"2022-01-25T14:33:34+00:00\",\"dateModified\":\"2025-05-06T00:04:30+00:00\",\"breadcrumb\":{\"@id\":\"https:\\\/\\\/www.odonto.ufmg.br\\\/teleodontologia\\\/saude-coletiva\\\/#breadcrumb\"},\"inLanguage\":\"pt-BR\",\"potentialAction\":[{\"@type\":\"ReadAction\",\"target\":[\"https:\\\/\\\/www.odonto.ufmg.br\\\/teleodontologia\\\/saude-coletiva\\\/\"]}]},{\"@type\":\"BreadcrumbList\",\"@id\":\"https:\\\/\\\/www.odonto.ufmg.br\\\/teleodontologia\\\/saude-coletiva\\\/#breadcrumb\",\"itemListElement\":[{\"@type\":\"ListItem\",\"position\":1,\"name\":\"In\u00edcio\",\"item\":\"https:\\\/\\\/www.odonto.ufmg.br\\\/teleodontologia\\\/home\\\/\"},{\"@type\":\"ListItem\",\"position\":2,\"name\":\"Sa\u00fade Coletiva\"}]},{\"@type\":\"WebSite\",\"@id\":\"https:\\\/\\\/www.odonto.ufmg.br\\\/teleodontologia\\\/#website\",\"url\":\"https:\\\/\\\/www.odonto.ufmg.br\\\/teleodontologia\\\/\",\"name\":\"Projeto Teleodontologia\",\"description\":\"Biblioteca Virtual\",\"potentialAction\":[{\"@type\":\"SearchAction\",\"target\":{\"@type\":\"EntryPoint\",\"urlTemplate\":\"https:\\\/\\\/www.odonto.ufmg.br\\\/teleodontologia\\\/?s={search_term_string}\"},\"query-input\":{\"@type\":\"PropertyValueSpecification\",\"valueRequired\":true,\"valueName\":\"search_term_string\"}}],\"inLanguage\":\"pt-BR\"}]}<\/script>\n<!-- \/ Yoast SEO plugin. -->","yoast_head_json":{"title":"Sa\u00fade Coletiva - Projeto Teleodontologia","robots":{"index":"index","follow":"follow","max-snippet":"max-snippet:-1","max-image-preview":"max-image-preview:large","max-video-preview":"max-video-preview:-1"},"canonical":"https:\/\/www.odonto.ufmg.br\/teleodontologia\/saude-coletiva\/","og_locale":"pt_BR","og_type":"article","og_title":"Sa\u00fade Coletiva - Projeto Teleodontologia","og_url":"https:\/\/www.odonto.ufmg.br\/teleodontologia\/saude-coletiva\/","og_site_name":"Projeto Teleodontologia","article_modified_time":"2025-05-06T00:04:30+00:00","twitter_card":"summary_large_image","twitter_misc":{"Est. tempo de leitura":"2 minutos"},"schema":{"@context":"https:\/\/schema.org","@graph":[{"@type":"WebPage","@id":"https:\/\/www.odonto.ufmg.br\/teleodontologia\/saude-coletiva\/","url":"https:\/\/www.odonto.ufmg.br\/teleodontologia\/saude-coletiva\/","name":"Sa\u00fade Coletiva - Projeto Teleodontologia","isPartOf":{"@id":"https:\/\/www.odonto.ufmg.br\/teleodontologia\/#website"},"datePublished":"2022-01-25T14:33:34+00:00","dateModified":"2025-05-06T00:04:30+00:00","breadcrumb":{"@id":"https:\/\/www.odonto.ufmg.br\/teleodontologia\/saude-coletiva\/#breadcrumb"},"inLanguage":"pt-BR","potentialAction":[{"@type":"ReadAction","target":["https:\/\/www.odonto.ufmg.br\/teleodontologia\/saude-coletiva\/"]}]},{"@type":"BreadcrumbList","@id":"https:\/\/www.odonto.ufmg.br\/teleodontologia\/saude-coletiva\/#breadcrumb","itemListElement":[{"@type":"ListItem","position":1,"name":"In\u00edcio","item":"https:\/\/www.odonto.ufmg.br\/teleodontologia\/home\/"},{"@type":"ListItem","position":2,"name":"Sa\u00fade Coletiva"}]},{"@type":"WebSite","@id":"https:\/\/www.odonto.ufmg.br\/teleodontologia\/#website","url":"https:\/\/www.odonto.ufmg.br\/teleodontologia\/","name":"Projeto Teleodontologia","description":"Biblioteca Virtual","potentialAction":[{"@type":"SearchAction","target":{"@type":"EntryPoint","urlTemplate":"https:\/\/www.odonto.ufmg.br\/teleodontologia\/?s={search_term_string}"},"query-input":{"@type":"PropertyValueSpecification","valueRequired":true,"valueName":"search_term_string"}}],"inLanguage":"pt-BR"}]}},"_links":{"self":[{"href":"https:\/\/www.odonto.ufmg.br\/teleodontologia\/wp-json\/wp\/v2\/pages\/1687","targetHints":{"allow":["GET"]}}],"collection":[{"href":"https:\/\/www.odonto.ufmg.br\/teleodontologia\/wp-json\/wp\/v2\/pages"}],"about":[{"href":"https:\/\/www.odonto.ufmg.br\/teleodontologia\/wp-json\/wp\/v2\/types\/page"}],"author":[{"embeddable":true,"href":"https:\/\/www.odonto.ufmg.br\/teleodontologia\/wp-json\/wp\/v2\/users\/5"}],"replies":[{"embeddable":true,"href":"https:\/\/www.odonto.ufmg.br\/teleodontologia\/wp-json\/wp\/v2\/comments?post=1687"}],"version-history":[{"count":20,"href":"https:\/\/www.odonto.ufmg.br\/teleodontologia\/wp-json\/wp\/v2\/pages\/1687\/revisions"}],"predecessor-version":[{"id":2450,"href":"https:\/\/www.odonto.ufmg.br\/teleodontologia\/wp-json\/wp\/v2\/pages\/1687\/revisions\/2450"}],"wp:attachment":[{"href":"https:\/\/www.odonto.ufmg.br\/teleodontologia\/wp-json\/wp\/v2\/media?parent=1687"}],"curies":[{"name":"wp","href":"https:\/\/api.w.org\/{rel}","templated":true}]}}