{"id":103,"date":"2015-10-21T15:36:50","date_gmt":"2015-10-21T18:36:50","guid":{"rendered":"http:\/\/test.kriesi.at\/construction\/?post_type=portfolio&#038;p=103"},"modified":"2021-04-03T21:39:10","modified_gmt":"2021-04-04T00:39:10","slug":"anatomia-dental","status":"publish","type":"portfolio","link":"https:\/\/www.odonto.ufmg.br\/sca\/disciplinas\/anatomia-dental\/","title":{"rendered":"OPO006- T\u00f3picos em Odontopediatria e Ortodontia &#8211; Anatomia Dental"},"content":{"rendered":"\n<style type=\"text\/css\" data-created_by=\"avia_inline_auto\" id=\"style-css-av-7ng05r-139b9515dfe37470d4c41930893c9e07\">\n.avia-section.av-7ng05r-139b9515dfe37470d4c41930893c9e07 .av-parallax .av-parallax-inner{\nbackground-repeat:no-repeat;\nbackground-image:url(https:\/\/www.odonto.ufmg.br\/sca\/wp-content\/uploads\/sites\/6\/2015\/10\/Gebitsdiagram.jpg);\nbackground-position:50% 50%;\nbackground-attachment:scroll;\n}\n.avia-section.av-7ng05r-139b9515dfe37470d4c41930893c9e07 .av-section-color-overlay{\nopacity:0.5;\nbackground-color:#000000;\n}\n<\/style>\n<div id='av_section_1'  class='avia-section av-7ng05r-139b9515dfe37470d4c41930893c9e07 main_color avia-section-default avia-no-shadow  avia-builder-el-0  el_before_av_layout_row  avia-builder-el-first  avia-full-stretch av-parallax-section avia-bg-style-parallax av-section-color-overlay-active av-minimum-height av-minimum-height-50 av-height-50  container_wrap sidebar_right'  data-section-bg-repeat='stretch' data-av_minimum_height_pc='50' data-av_min_height_opt='50'><div class='av-parallax' data-avia-parallax-ratio='0.3' ><div class='av-parallax-inner main_color avia-full-stretch'><\/div><\/div><div class=\"av-section-color-overlay-wrap\"><div class=\"av-section-color-overlay\"><\/div><a href='#next-section' title='' class='scroll-down-link  avia-svg-icon avia-font-svg_entypo-fontello' data-av_svg_icon='down-open-mini' data-av_iconset='svg_entypo-fontello'><svg version=\"1.1\" xmlns=\"http:\/\/www.w3.org\/2000\/svg\" width=\"15\" height=\"32\" viewBox=\"0 0 15 32\" preserveAspectRatio=\"xMidYMid meet\" aria-labelledby='av-svg-title-1' aria-describedby='av-svg-desc-1' role=\"graphics-symbol\" aria-hidden=\"true\">\n<title id='av-svg-title-1'>Scroll to next section<\/title>\n<desc id='av-svg-desc-1'>Scroll to next section<\/desc>\n<path d=\"M12.96 12.16q0.704-0.832 1.536 0 0.832 0.704 0 1.536l-6.272 6.144q-0.704 0.704-1.536 0l-6.272-6.144q-0.832-0.832 0-1.536 0.768-0.768 1.6 0l5.44 4.992z\"><\/path>\n<\/svg><\/a><div class='container av-section-cont-open' ><main  role=\"main\" itemprop=\"mainContentOfPage\"  class='template-page content  av-content-small alpha units'><div class='post-entry post-entry-type-page post-entry-103'><div class='entry-content-wrapper clearfix'>\n\n<style type=\"text\/css\" data-created_by=\"avia_inline_auto\" id=\"style-css-av-7gutkv-bce484f607ea9cc44ba3dc3a7242ec36\">\n.flex_column.av-7gutkv-bce484f607ea9cc44ba3dc3a7242ec36{\nborder-radius:0px 0px 0px 0px;\npadding:0px 0px 0px 0px;\n}\n<\/style>\n<div  class='flex_column av-7gutkv-bce484f607ea9cc44ba3dc3a7242ec36 av_one_full  avia-builder-el-1  avia-builder-el-no-sibling  first flex_column_div av-animated-generic bottom-to-top av-zero-column-padding  '     ><p>\n<style type=\"text\/css\" data-created_by=\"avia_inline_auto\" id=\"style-css-av-7eup4n-0b502b359cb7ba5cc69457d087173db8\">\n#top .av-special-heading.av-7eup4n-0b502b359cb7ba5cc69457d087173db8{\npadding-bottom:0;\ncolor:#ffffff;\nfont-size:40px;\n}\nbody .av-special-heading.av-7eup4n-0b502b359cb7ba5cc69457d087173db8 .av-special-heading-tag .heading-char{\nfont-size:25px;\n}\n#top #wrap_all .av-special-heading.av-7eup4n-0b502b359cb7ba5cc69457d087173db8 .av-special-heading-tag{\nfont-size:40px;\n}\n.av-special-heading.av-7eup4n-0b502b359cb7ba5cc69457d087173db8 .special-heading-inner-border{\nborder-color:#ffffff;\n}\n.av-special-heading.av-7eup4n-0b502b359cb7ba5cc69457d087173db8 .av-subheading{\nfont-size:15px;\n}\n\n@media only screen and (min-width: 480px) and (max-width: 767px){ \n#top #wrap_all .av-special-heading.av-7eup4n-0b502b359cb7ba5cc69457d087173db8 .av-special-heading-tag{\nfont-size:0.8em;\n}\n}\n\n@media only screen and (max-width: 479px){ \n#top #wrap_all .av-special-heading.av-7eup4n-0b502b359cb7ba5cc69457d087173db8 .av-special-heading-tag{\nfont-size:0.8em;\n}\n}\n<\/style>\n<div  class='av-special-heading av-7eup4n-0b502b359cb7ba5cc69457d087173db8 av-special-heading-h3 custom-color-heading blockquote modern-quote modern-centered  avia-builder-el-2  el_before_av_hr  avia-builder-el-first  av-inherit-size'><h3 class='av-special-heading-tag '  itemprop=\"headline\"  >OPO006- T\u00f3picos em Odontopediatria e Ortodontia &#8211; Anatomia Dental<\/h3><div class=\"special-heading-border\"><div class=\"special-heading-inner-border\"><\/div><\/div><\/div><br \/>\n\n<style type=\"text\/css\" data-created_by=\"avia_inline_auto\" id=\"style-css-av-77p7u7-4caac00c1f8fd66afcaef95681d7964e\">\n#top .hr.av-77p7u7-4caac00c1f8fd66afcaef95681d7964e{\nmargin-top:5px;\nmargin-bottom:35px;\n}\n.hr.av-77p7u7-4caac00c1f8fd66afcaef95681d7964e .hr-inner{\nwidth:50px;\nborder-color:#efbb20;\n}\n<\/style>\n<div  class='hr av-77p7u7-4caac00c1f8fd66afcaef95681d7964e hr-custom  avia-builder-el-3  el_after_av_heading  avia-builder-el-last  hr-center hr-icon-no'><span class='hr-inner inner-border-av-border-fat'><span class=\"hr-inner-style\"><\/span><\/span><\/div><\/p><\/div><\/div><\/div><\/main><!-- close content main element --><\/div><\/div><\/div><div id='av-layout-grid-1'  class='av-layout-grid-container av-6yzh33-800c1f3e9db2d35f411db9792d659104 entry-content-wrapper main_color av-flex-cells  avia-builder-el-4  el_after_av_section  avia-builder-el-last  grid-row-not-first  container_wrap sidebar_right'  >\n\n<style type=\"text\/css\" data-created_by=\"avia_inline_auto\" id=\"style-css-av-6wlzxb-d243240d630c292d2770d981ba8f63b5\">\n.flex_cell.av-6wlzxb-d243240d630c292d2770d981ba8f63b5{\nvertical-align:middle;\nheight:400px;\nmin-height:400px;\n}\n.responsive #top #wrap_all .flex_cell.av-6wlzxb-d243240d630c292d2770d981ba8f63b5{\npadding:60px 60px 60px 60px !important;\n}\n<\/style>\n<div class='flex_cell av-6wlzxb-d243240d630c292d2770d981ba8f63b5 av-gridrow-cell av_one_full no_margin  avia-builder-el-5  avia-builder-el-no-sibling  content-align-middle avia-full-stretch'  ><div class='flex_cell_inner'><p>\n<style type=\"text\/css\" data-created_by=\"avia_inline_auto\" id=\"style-css-av-607mq7-41f98319822b581a11d0067971db0d8f\">\n.flex_column.av-607mq7-41f98319822b581a11d0067971db0d8f{\nborder-radius:0px 0px 0px 0px;\npadding:0px 0px 0px 0px;\n}\n<\/style>\n<div  class='flex_column av-607mq7-41f98319822b581a11d0067971db0d8f av_one_full  avia-builder-el-6  el_before_av_one_third  avia-builder-el-first  first flex_column_div av-animated-generic bottom-to-top av-zero-column-padding  '     ><p>\n<style type=\"text\/css\" data-created_by=\"avia_inline_auto\" id=\"style-css-av-5vfdc7-150011bde7a72491ae9b1f10ab98abd3\">\n#top .av-special-heading.av-5vfdc7-150011bde7a72491ae9b1f10ab98abd3{\npadding-bottom:0;\n}\nbody .av-special-heading.av-5vfdc7-150011bde7a72491ae9b1f10ab98abd3 .av-special-heading-tag .heading-char{\nfont-size:25px;\n}\n.av-special-heading.av-5vfdc7-150011bde7a72491ae9b1f10ab98abd3 .av-subheading{\nfont-size:15px;\n}\n<\/style>\n<div  class='av-special-heading av-5vfdc7-150011bde7a72491ae9b1f10ab98abd3 av-special-heading-h3 blockquote modern-quote  avia-builder-el-7  el_before_av_hr  avia-builder-el-first '><h3 class='av-special-heading-tag '  itemprop=\"headline\"  >Objetivo Geral<\/h3><div class=\"special-heading-border\"><div class=\"special-heading-inner-border\"><\/div><\/div><\/div><br \/>\n\n<style type=\"text\/css\" data-created_by=\"avia_inline_auto\" id=\"style-css-av-5q2zev-049e6184e0522c0e7ce31163840cc744\">\n#top .hr.av-5q2zev-049e6184e0522c0e7ce31163840cc744{\nmargin-top:10px;\nmargin-bottom:10px;\n}\n.hr.av-5q2zev-049e6184e0522c0e7ce31163840cc744 .hr-inner{\nwidth:50px;\nborder-color:#efbb20;\n}\n<\/style>\n<div  class='hr av-5q2zev-049e6184e0522c0e7ce31163840cc744 hr-custom  avia-builder-el-8  el_after_av_heading  el_before_av_textblock  hr-left hr-icon-no'><span class='hr-inner inner-border-av-border-fat'><span class=\"hr-inner-style\"><\/span><\/span><\/div><br \/>\n<section  class='av_textblock_section av-5kzn3r-3034fcdbbb78dbcf171803c57c970921 '   itemscope=\"itemscope\" itemtype=\"https:\/\/schema.org\/CreativeWork\" ><div class='avia_textblock'  itemprop=\"text\" ><p>Identificar e descrever os dentes superiores e inferiores, dec\u00edduos e permanentes; Conhecer a divis\u00e3o histo-estrutural e an\u00e1tomo-descritiva dos dentes; Desenvolver no aluno a capacidade anal\u00edtica para estabelecer diferen\u00e7as dos grupos dent\u00e1rios, anteriores e posteriores, dec\u00edduos e permanentes; Estudar a cronologia e sequ\u00eancia de erup\u00e7\u00e3o dos dentes dec\u00edduos e permanentes.<\/p>\n<\/div><\/section><\/p><\/div>\n<style type=\"text\/css\" data-created_by=\"avia_inline_auto\" id=\"style-css-av-jlf53-bc025fefba8a32891b4465cfcfeef082\">\n.flex_column.av-jlf53-bc025fefba8a32891b4465cfcfeef082{\nborder-radius:0px 0px 0px 0px;\npadding:0px 0px 0px 0px;\n}\n<\/style>\n<div  class='flex_column av-jlf53-bc025fefba8a32891b4465cfcfeef082 av_one_third  avia-builder-el-10  el_after_av_one_full  el_before_av_two_third  first flex_column_div av-animated-generic bottom-to-top av-zero-column-padding  column-top-margin'     ><p>\n<style type=\"text\/css\" data-created_by=\"avia_inline_auto\" id=\"style-css-av-5ahvkf-aad6a5c6d83c3fec373f4e39725dc14e\">\n#top .av-special-heading.av-5ahvkf-aad6a5c6d83c3fec373f4e39725dc14e{\npadding-bottom:0;\n}\nbody .av-special-heading.av-5ahvkf-aad6a5c6d83c3fec373f4e39725dc14e .av-special-heading-tag .heading-char{\nfont-size:25px;\n}\n.av-special-heading.av-5ahvkf-aad6a5c6d83c3fec373f4e39725dc14e .av-subheading{\nfont-size:15px;\n}\n<\/style>\n<div  class='av-special-heading av-5ahvkf-aad6a5c6d83c3fec373f4e39725dc14e av-special-heading-h3 blockquote modern-quote  avia-builder-el-11  el_before_av_hr  avia-builder-el-first '><h3 class='av-special-heading-tag '  itemprop=\"headline\"  >Pr\u00e9-Requisitos<\/h3><div class=\"special-heading-border\"><div class=\"special-heading-inner-border\"><\/div><\/div><\/div><br \/>\n\n<style type=\"text\/css\" data-created_by=\"avia_inline_auto\" id=\"style-css-av-51nren-83e0e4124788e424889632aad436c138\">\n#top .hr.av-51nren-83e0e4124788e424889632aad436c138{\nmargin-top:10px;\nmargin-bottom:10px;\n}\n.hr.av-51nren-83e0e4124788e424889632aad436c138 .hr-inner{\nwidth:50px;\nborder-color:#efbb20;\n}\n<\/style>\n<div  class='hr av-51nren-83e0e4124788e424889632aad436c138 hr-custom  avia-builder-el-12  el_after_av_heading  el_before_av_textblock  hr-left hr-icon-no'><span class='hr-inner inner-border-av-border-fat'><span class=\"hr-inner-style\"><\/span><\/span><\/div><br \/>\n<section  class='av_textblock_section av-4v5a1r-a587dc1419d78cba83c07ae7867a4ac4 '   itemscope=\"itemscope\" itemtype=\"https:\/\/schema.org\/CreativeWork\" ><div class='avia_textblock'  itemprop=\"text\" ><p>Anatomia Odontol\u00f3gica<\/p>\n<\/div><\/section><\/p><\/div>\n<style type=\"text\/css\" data-created_by=\"avia_inline_auto\" id=\"style-css-av-4otf47-b375eba7cddf55e8a32b5eda474c5ba1\">\n.flex_column.av-4otf47-b375eba7cddf55e8a32b5eda474c5ba1{\nborder-radius:0px 0px 0px 0px;\npadding:0px 0px 0px 0px;\n}\n<\/style>\n<div  class='flex_column av-4otf47-b375eba7cddf55e8a32b5eda474c5ba1 av_two_third  avia-builder-el-14  el_after_av_one_third  el_before_av_one_full  flex_column_div av-animated-generic bottom-to-top av-zero-column-padding  column-top-margin'     ><p>\n<style type=\"text\/css\" data-created_by=\"avia_inline_auto\" id=\"style-css-av-go48v-c964a4dd1d3dc14571eb4ae5edffb50a\">\n#top .av-special-heading.av-go48v-c964a4dd1d3dc14571eb4ae5edffb50a{\npadding-bottom:0;\n}\nbody .av-special-heading.av-go48v-c964a4dd1d3dc14571eb4ae5edffb50a .av-special-heading-tag .heading-char{\nfont-size:25px;\n}\n.av-special-heading.av-go48v-c964a4dd1d3dc14571eb4ae5edffb50a .av-subheading{\nfont-size:15px;\n}\n<\/style>\n<div  class='av-special-heading av-go48v-c964a4dd1d3dc14571eb4ae5edffb50a av-special-heading-h3 blockquote modern-quote  avia-builder-el-15  el_before_av_hr  avia-builder-el-first '><h3 class='av-special-heading-tag '  itemprop=\"headline\"  >Objetivos Espec\u00edficos<\/h3><div class=\"special-heading-border\"><div class=\"special-heading-inner-border\"><\/div><\/div><\/div><br \/>\n\n<style type=\"text\/css\" data-created_by=\"avia_inline_auto\" id=\"style-css-av-4byirj-4fb5bb63ae309eeee1f77e89cfdaaa70\">\n#top .hr.av-4byirj-4fb5bb63ae309eeee1f77e89cfdaaa70{\nmargin-top:10px;\nmargin-bottom:10px;\n}\n.hr.av-4byirj-4fb5bb63ae309eeee1f77e89cfdaaa70 .hr-inner{\nwidth:50px;\nborder-color:#efbb20;\n}\n<\/style>\n<div  class='hr av-4byirj-4fb5bb63ae309eeee1f77e89cfdaaa70 hr-custom  avia-builder-el-16  el_after_av_heading  el_before_av_textblock  hr-left hr-icon-no'><span class='hr-inner inner-border-av-border-fat'><span class=\"hr-inner-style\"><\/span><\/span><\/div><br \/>\n<section  class='av_textblock_section av-486pvj-e12cd82a9f72b05513ef0ececdba3582 '   itemscope=\"itemscope\" itemtype=\"https:\/\/schema.org\/CreativeWork\" ><div class='avia_textblock'  itemprop=\"text\" ><ul>\n<li><span style=\"font-weight: 400\">Ser capaz de distinguir a denti\u00e7\u00e3o dec\u00eddua e permanente;<\/span><\/li>\n<li><span style=\"font-weight: 400\">Ser capaz de descrever cada grupo de dentes;<\/span><\/li>\n<li><span style=\"font-weight: 400\">Ser capaz de descrever a fun\u00e7\u00e3o de cada grupo de dentes<\/span><\/li>\n<li><span style=\"font-weight: 400\">Ser capaz de reconhecer e descrever cada dente da denti\u00e7\u00e3o dec\u00eddua;<\/span><\/li>\n<li><span style=\"font-weight: 400\">Ser capaz de reconhecer e descrever cada dente da denti\u00e7\u00e3o permanente;<\/span><\/li>\n<li><span style=\"font-weight: 400\">Ser capaz de distinguir a diferen\u00e7a entre os dentes da denti\u00e7\u00e3o dec\u00eddua e da permanente<\/span><\/li>\n<\/ul>\n<\/div><\/section><\/p><\/div>\n<style type=\"text\/css\" data-created_by=\"avia_inline_auto\" id=\"style-css-av-44kc7b-e8123ea5a800028fdd3b26f4e99742ae\">\n.flex_column.av-44kc7b-e8123ea5a800028fdd3b26f4e99742ae{\nborder-radius:0px 0px 0px 0px;\npadding:0px 0px 0px 0px;\n}\n<\/style>\n<div  class='flex_column av-44kc7b-e8123ea5a800028fdd3b26f4e99742ae av_one_full  avia-builder-el-18  el_after_av_two_third  el_before_av_one_full  first flex_column_div av-animated-generic bottom-to-top av-zero-column-padding  column-top-margin'     ><p>\n<style type=\"text\/css\" data-created_by=\"avia_inline_auto\" id=\"style-css-av-3y0213-4c123d9fa0810e48d261aba7b3d0b170\">\n#top .av-special-heading.av-3y0213-4c123d9fa0810e48d261aba7b3d0b170{\npadding-bottom:0;\n}\nbody .av-special-heading.av-3y0213-4c123d9fa0810e48d261aba7b3d0b170 .av-special-heading-tag .heading-char{\nfont-size:25px;\n}\n.av-special-heading.av-3y0213-4c123d9fa0810e48d261aba7b3d0b170 .av-subheading{\nfont-size:15px;\n}\n<\/style>\n<div  class='av-special-heading av-3y0213-4c123d9fa0810e48d261aba7b3d0b170 av-special-heading-h3 blockquote modern-quote  avia-builder-el-19  el_before_av_hr  avia-builder-el-first '><h3 class='av-special-heading-tag '  itemprop=\"headline\"  >Ementa<\/h3><div class=\"special-heading-border\"><div class=\"special-heading-inner-border\"><\/div><\/div><\/div><br \/>\n\n<style type=\"text\/css\" data-created_by=\"avia_inline_auto\" id=\"style-css-av-3opv5z-202391f13c1d9172ca11197fcd1344e8\">\n#top .hr.av-3opv5z-202391f13c1d9172ca11197fcd1344e8{\nmargin-top:10px;\nmargin-bottom:10px;\n}\n.hr.av-3opv5z-202391f13c1d9172ca11197fcd1344e8 .hr-inner{\nwidth:50px;\nborder-color:#efbb20;\n}\n<\/style>\n<div  class='hr av-3opv5z-202391f13c1d9172ca11197fcd1344e8 hr-custom  avia-builder-el-20  el_after_av_heading  el_before_av_textblock  hr-left hr-icon-no'><span class='hr-inner inner-border-av-border-fat'><span class=\"hr-inner-style\"><\/span><\/span><\/div><br \/>\n<section  class='av_textblock_section av-3jqnrz-f82b80e94c9864bf87d914b82d80bdd7 '   itemscope=\"itemscope\" itemtype=\"https:\/\/schema.org\/CreativeWork\" ><div class='avia_textblock'  itemprop=\"text\" ><p>Ao final da disciplina, espera-se que os estudantes tenham a capacidade de conhecer e identificar as denti\u00e7\u00f5es dec\u00eddua, mista e permanente, a estrutura dental interna e externa, a anatomia de cada dente dec\u00edduo e permanente, os grupos de dentes (incisivos, caninos, pr\u00e9-molares e molares), e a cronologia e sequ\u00eancia de erup\u00e7\u00e3o dos dentes dec\u00edduos e permanentes.<\/p>\n<\/div><\/section><\/p><\/div>\n<style type=\"text\/css\" data-created_by=\"avia_inline_auto\" id=\"style-css-av-3gh0fr-04330b7e0874f6b900bce1316dc579e0\">\n.flex_column.av-3gh0fr-04330b7e0874f6b900bce1316dc579e0{\nborder-radius:0px 0px 0px 0px;\npadding:0px 0px 0px 0px;\n}\n<\/style>\n<div  class='flex_column av-3gh0fr-04330b7e0874f6b900bce1316dc579e0 av_one_full  avia-builder-el-22  el_after_av_one_full  el_before_av_one_full  first flex_column_div av-animated-generic bottom-to-top av-zero-column-padding  column-top-margin'     ><p>\n<style type=\"text\/css\" data-created_by=\"avia_inline_auto\" id=\"style-css-av-35zz4v-046e4bc4fc5e708f5c3d1ea257ba6cc1\">\n#top .av-special-heading.av-35zz4v-046e4bc4fc5e708f5c3d1ea257ba6cc1{\npadding-bottom:0;\n}\nbody .av-special-heading.av-35zz4v-046e4bc4fc5e708f5c3d1ea257ba6cc1 .av-special-heading-tag .heading-char{\nfont-size:25px;\n}\n.av-special-heading.av-35zz4v-046e4bc4fc5e708f5c3d1ea257ba6cc1 .av-subheading{\nfont-size:15px;\n}\n<\/style>\n<div  class='av-special-heading av-35zz4v-046e4bc4fc5e708f5c3d1ea257ba6cc1 av-special-heading-h3 blockquote modern-quote  avia-builder-el-23  el_before_av_hr  avia-builder-el-first '><h3 class='av-special-heading-tag '  itemprop=\"headline\"  >Conte\u00fado<\/h3><div class=\"special-heading-border\"><div class=\"special-heading-inner-border\"><\/div><\/div><\/div><br \/>\n\n<style type=\"text\/css\" data-created_by=\"avia_inline_auto\" id=\"style-css-av-344kfr-efa2b8c8b9a90d3df39f6a0aa0c3e9bd\">\n#top .hr.av-344kfr-efa2b8c8b9a90d3df39f6a0aa0c3e9bd{\nmargin-top:10px;\nmargin-bottom:10px;\n}\n.hr.av-344kfr-efa2b8c8b9a90d3df39f6a0aa0c3e9bd .hr-inner{\nwidth:50px;\nborder-color:#efbb20;\n}\n<\/style>\n<div  class='hr av-344kfr-efa2b8c8b9a90d3df39f6a0aa0c3e9bd hr-custom  avia-builder-el-24  el_after_av_heading  el_before_av_textblock  hr-left hr-icon-no'><span class='hr-inner inner-border-av-border-fat'><span class=\"hr-inner-style\"><\/span><\/span><\/div><br \/>\n\n<style type=\"text\/css\" data-created_by=\"avia_inline_auto\" id=\"style-css-av-2vmyw7-8ad5a3c43cf069acbf0fb4920b595bc0\">\n#top .av_textblock_section.av-2vmyw7-8ad5a3c43cf069acbf0fb4920b595bc0 .avia_textblock{\ncolor:#000000;\n}\n<\/style>\n<section  class='av_textblock_section av-2vmyw7-8ad5a3c43cf069acbf0fb4920b595bc0 '   itemscope=\"itemscope\" itemtype=\"https:\/\/schema.org\/CreativeWork\" ><div class='avia_textblock av_inherit_color'  itemprop=\"text\" ><ul>\n<li>Defini\u00e7\u00e3o dos \u00f3rg\u00e3os dentais<\/li>\n<li>Fun\u00e7\u00f5es dos dentes<\/li>\n<li>Divis\u00e3o an\u00e1tomo-descritiva e histo-estrutural dos dentes<\/li>\n<li>Nomenclatura dos dentes dec\u00edduos e permanentes<\/li>\n<li>Morfologia geral dos dentes<\/li>\n<li>Denti\u00e7\u00e3o dec\u00eddua &#8211; Grupo dos incisivos, Grupo dos caninos,\u00a0 \u00a0 \u00a0 Grupo dos molares<\/li>\n<li>Denti\u00e7\u00e3o permanente &#8211; Grupo dos incisivos, Grupo dos caninos, Grupo dos pr\u00e9-molares, Grupo dos molares<\/li>\n<li>Cronologia e sequ\u00eancia de erup\u00e7\u00e3o dos dentes dec\u00edduos e permanentes<\/li>\n<\/ul>\n<\/div><\/section><\/p><\/div>\n<style type=\"text\/css\" data-created_by=\"avia_inline_auto\" id=\"style-css-av-2qcurb-da63e73c8d10a6b460ae5ee928888b04\">\n.flex_column.av-2qcurb-da63e73c8d10a6b460ae5ee928888b04{\nborder-radius:0px 0px 0px 0px;\npadding:0px 0px 0px 0px;\n}\n<\/style>\n<div  class='flex_column av-2qcurb-da63e73c8d10a6b460ae5ee928888b04 av_one_full  avia-builder-el-26  el_after_av_one_full  el_before_av_one_full  first flex_column_div av-animated-generic bottom-to-top av-zero-column-padding  column-top-margin'     ><p>\n<style type=\"text\/css\" data-created_by=\"avia_inline_auto\" id=\"style-css-av-2l0ojr-fe2a00bf6b4b7889fe7daa73cf482955\">\n#top .av-special-heading.av-2l0ojr-fe2a00bf6b4b7889fe7daa73cf482955{\npadding-bottom:0;\n}\nbody .av-special-heading.av-2l0ojr-fe2a00bf6b4b7889fe7daa73cf482955 .av-special-heading-tag .heading-char{\nfont-size:25px;\n}\n.av-special-heading.av-2l0ojr-fe2a00bf6b4b7889fe7daa73cf482955 .av-subheading{\nfont-size:15px;\n}\n<\/style>\n<div  class='av-special-heading av-2l0ojr-fe2a00bf6b4b7889fe7daa73cf482955 av-special-heading-h3 blockquote modern-quote  avia-builder-el-27  el_before_av_hr  avia-builder-el-first '><h3 class='av-special-heading-tag '  itemprop=\"headline\"  >M\u00e9todo<\/h3><div class=\"special-heading-border\"><div class=\"special-heading-inner-border\"><\/div><\/div><\/div><br \/>\n\n<style type=\"text\/css\" data-created_by=\"avia_inline_auto\" id=\"style-css-av-2cqdcn-87c9e97d28799614faf43dc3cf227fcb\">\n#top .hr.av-2cqdcn-87c9e97d28799614faf43dc3cf227fcb{\nmargin-top:10px;\nmargin-bottom:10px;\n}\n.hr.av-2cqdcn-87c9e97d28799614faf43dc3cf227fcb .hr-inner{\nwidth:50px;\nborder-color:#efbb20;\n}\n<\/style>\n<div  class='hr av-2cqdcn-87c9e97d28799614faf43dc3cf227fcb hr-custom  avia-builder-el-28  el_after_av_heading  el_before_av_textblock  hr-left hr-icon-no'><span class='hr-inner inner-border-av-border-fat'><span class=\"hr-inner-style\"><\/span><\/span><\/div><br \/>\n<section  class='av_textblock_section av-266gan-44a44d94287180a88978f4519b018ecf '   itemscope=\"itemscope\" itemtype=\"https:\/\/schema.org\/CreativeWork\" ><div class='avia_textblock'  itemprop=\"text\" ><ul>\n<li>As videoaulas ser\u00e3o inseridas no Youtube e os links ser\u00e3o disponibilizados para os estudantes no Moodle.<\/li>\n<li>As atividades s\u00edncronas acontecer\u00e3o na plataforma Teams.<\/li>\n<li>Exerc\u00edcios de fixa\u00e7\u00e3o ser\u00e3o disponibilizados no Moodle.<\/li>\n<li>A avalia\u00e7\u00e3o te\u00f3rica do conte\u00fado da disciplina acontecer\u00e1 via Moodle.<\/li>\n<\/ul>\n<\/div><\/section><\/p><\/div>\n<style type=\"text\/css\" data-created_by=\"avia_inline_auto\" id=\"style-css-av-23d5ov-7a122f4318b4663e8d57b2b99a6f349f\">\n.flex_column.av-23d5ov-7a122f4318b4663e8d57b2b99a6f349f{\nborder-radius:0px 0px 0px 0px;\npadding:0px 0px 0px 0px;\n}\n<\/style>\n<div  class='flex_column av-23d5ov-7a122f4318b4663e8d57b2b99a6f349f av_one_full  avia-builder-el-30  el_after_av_one_full  el_before_av_one_full  first flex_column_div av-animated-generic bottom-to-top av-zero-column-padding  column-top-margin'     ><p>\n<style type=\"text\/css\" data-created_by=\"avia_inline_auto\" id=\"style-css-av-1xk2on-3d37ba9ff81d1cc916cbd1267eb774dc\">\n#top .av-special-heading.av-1xk2on-3d37ba9ff81d1cc916cbd1267eb774dc{\npadding-bottom:0;\n}\nbody .av-special-heading.av-1xk2on-3d37ba9ff81d1cc916cbd1267eb774dc .av-special-heading-tag .heading-char{\nfont-size:25px;\n}\n.av-special-heading.av-1xk2on-3d37ba9ff81d1cc916cbd1267eb774dc .av-subheading{\nfont-size:15px;\n}\n<\/style>\n<div  class='av-special-heading av-1xk2on-3d37ba9ff81d1cc916cbd1267eb774dc av-special-heading-h3 blockquote modern-quote  avia-builder-el-31  el_before_av_hr  avia-builder-el-first '><h3 class='av-special-heading-tag '  itemprop=\"headline\"  >Avalia\u00e7\u00e3o<\/h3><div class=\"special-heading-border\"><div class=\"special-heading-inner-border\"><\/div><\/div><\/div><br \/>\n\n<style type=\"text\/css\" data-created_by=\"avia_inline_auto\" id=\"style-css-av-1t1b47-175fb22cf48197f0102e1b68e24c57a6\">\n#top .hr.av-1t1b47-175fb22cf48197f0102e1b68e24c57a6{\nmargin-top:10px;\nmargin-bottom:10px;\n}\n.hr.av-1t1b47-175fb22cf48197f0102e1b68e24c57a6 .hr-inner{\nwidth:50px;\nborder-color:#efbb20;\n}\n<\/style>\n<div  class='hr av-1t1b47-175fb22cf48197f0102e1b68e24c57a6 hr-custom  avia-builder-el-32  el_after_av_heading  el_before_av_textblock  hr-left hr-icon-no'><span class='hr-inner inner-border-av-border-fat'><span class=\"hr-inner-style\"><\/span><\/span><\/div><br \/>\n<section  class='av_textblock_section av-1lwu3b-3ab7d66159d19a09a6c3a0321fda1627 '   itemscope=\"itemscope\" itemtype=\"https:\/\/schema.org\/CreativeWork\" ><div class='avia_textblock'  itemprop=\"text\" ><p>Avalia\u00e7\u00e3o 1 \u2013 Participa\u00e7\u00e3o no desafio do Kahoot \u2013 valor 10 pontos<\/p>\n<p>Avalia\u00e7\u00e3o 2 \u2013 Trabalho em grupo (v\u00eddeo) \u2013 valor 25 pontos<\/p>\n<p>Avalia\u00e7\u00e3o 3 &#8211; Exerc\u00edcios de fixa\u00e7\u00e3o de conte\u00fado da Unidade 3 \u2013 valor 10 pontos<\/p>\n<p>Avalia\u00e7\u00e3o 4 \u2013 Exerc\u00edcios de fixa\u00e7\u00e3o de conte\u00fado da Unidade 4 \u2013 valor 10 pontos<\/p>\n<p>Avalia\u00e7\u00e3o 5 \u2013 Entrega de fotografias dos dentes confeccionados em massinha de modelar \u2013 valor 25 pontos<\/p>\n<p>Avalia\u00e7\u00e3o 6 \u2013 Avalia\u00e7\u00e3o te\u00f3rica &#8211; valor 20 pontos<\/p>\n<p>Avalia\u00e7\u00e3o Alternativa \u2013 Desenho anat\u00f4mico de dentes dec\u00edduos e permanentes: Realizar em um bloco de folha milimetrada, o desenho anat\u00f4mico de todos os dentes dos hemiarcos direitos superior e inferior (um dente em cada folha) da dentadura dec\u00eddua e permanente (Dentes 11 a 17; Dentes 41 a 47; Dentes 51 a 55; Dentes 81 a 85)<\/p>\n<\/div><\/section><\/p><\/div>\n<style type=\"text\/css\" data-created_by=\"avia_inline_auto\" id=\"style-css-av-1fw2un-ddc735fc1901092752b0bf341a16297f\">\n.flex_column.av-1fw2un-ddc735fc1901092752b0bf341a16297f{\nborder-radius:0px 0px 0px 0px;\npadding:0px 0px 0px 0px;\n}\n<\/style>\n<div  class='flex_column av-1fw2un-ddc735fc1901092752b0bf341a16297f av_one_full  avia-builder-el-34  el_after_av_one_full  el_before_av_one_full  first flex_column_div av-animated-generic bottom-to-top av-zero-column-padding  column-top-margin'     ><p>\n<style type=\"text\/css\" data-created_by=\"avia_inline_auto\" id=\"style-css-av-4b6hz-1e9845df547e4dc42b67c4d95744e6fa\">\n#top .av-special-heading.av-4b6hz-1e9845df547e4dc42b67c4d95744e6fa{\npadding-bottom:0;\n}\nbody .av-special-heading.av-4b6hz-1e9845df547e4dc42b67c4d95744e6fa .av-special-heading-tag .heading-char{\nfont-size:25px;\n}\n.av-special-heading.av-4b6hz-1e9845df547e4dc42b67c4d95744e6fa .av-subheading{\nfont-size:15px;\n}\n<\/style>\n<div  class='av-special-heading av-4b6hz-1e9845df547e4dc42b67c4d95744e6fa av-special-heading-h3 blockquote modern-quote  avia-builder-el-35  el_before_av_hr  avia-builder-el-first '><h3 class='av-special-heading-tag '  itemprop=\"headline\"  >Professores e Informa\u00e7\u00f5es Adicionais<\/h3><div class=\"special-heading-border\"><div class=\"special-heading-inner-border\"><\/div><\/div><\/div><br \/>\n\n<style type=\"text\/css\" data-created_by=\"avia_inline_auto\" id=\"style-css-av-13826n-8ae5a7068d2c790b7b59fcbd21210acf\">\n#top .hr.av-13826n-8ae5a7068d2c790b7b59fcbd21210acf{\nmargin-top:10px;\nmargin-bottom:10px;\n}\n.hr.av-13826n-8ae5a7068d2c790b7b59fcbd21210acf .hr-inner{\nwidth:50px;\nborder-color:#efbb20;\n}\n<\/style>\n<div  class='hr av-13826n-8ae5a7068d2c790b7b59fcbd21210acf hr-custom  avia-builder-el-36  el_after_av_heading  el_before_av_textblock  hr-left hr-icon-no'><span class='hr-inner inner-border-av-border-fat'><span class=\"hr-inner-style\"><\/span><\/span><\/div><br \/>\n\n<style type=\"text\/css\" data-created_by=\"avia_inline_auto\" id=\"style-css-av-w9z3j-8354c0c564cc0cf2add87bff87a22a8d\">\n#top .av_textblock_section.av-w9z3j-8354c0c564cc0cf2add87bff87a22a8d .avia_textblock{\ncolor:#000000;\n}\n<\/style>\n<section  class='av_textblock_section av-w9z3j-8354c0c564cc0cf2add87bff87a22a8d '   itemscope=\"itemscope\" itemtype=\"https:\/\/schema.org\/CreativeWork\" ><div class='avia_textblock av_inherit_color'  itemprop=\"text\" ><p><span style=\"font-weight: 400\">Cristiane Baccin Bendo (Coordenandora)<\/span><\/p>\n<p><span style=\"font-weight: 400\"><strong>Turma:<\/strong> 2\u00ba per\u00edodo<\/span><\/p>\n<p><span style=\"font-weight: 400\"><strong>Carga hor\u00e1ria (hs\/aula):<\/strong> 15 horas te\u00f3rica\u00a0<\/span><\/p>\n<\/div><\/section><\/p><\/div>\n<style type=\"text\/css\" data-created_by=\"avia_inline_auto\" id=\"style-css-av-symsv-8c2550cb16230fac6a0a88839fbad55e\">\n.flex_column.av-symsv-8c2550cb16230fac6a0a88839fbad55e{\nborder-radius:0px 0px 0px 0px;\npadding:0px 0px 0px 0px;\n}\n<\/style>\n<div  class='flex_column av-symsv-8c2550cb16230fac6a0a88839fbad55e av_one_full  avia-builder-el-38  el_after_av_one_full  avia-builder-el-last  first flex_column_div av-animated-generic bottom-to-top av-zero-column-padding  column-top-margin'     ><p>\n<style type=\"text\/css\" data-created_by=\"avia_inline_auto\" id=\"style-css-av-24o3z-e52448010f621a314bce46cd86599b4e\">\n#top .av-special-heading.av-24o3z-e52448010f621a314bce46cd86599b4e{\npadding-bottom:0;\n}\nbody .av-special-heading.av-24o3z-e52448010f621a314bce46cd86599b4e .av-special-heading-tag .heading-char{\nfont-size:25px;\n}\n.av-special-heading.av-24o3z-e52448010f621a314bce46cd86599b4e .av-subheading{\nfont-size:15px;\n}\n<\/style>\n<div  class='av-special-heading av-24o3z-e52448010f621a314bce46cd86599b4e av-special-heading-h3 blockquote modern-quote  avia-builder-el-39  el_before_av_hr  avia-builder-el-first '><h3 class='av-special-heading-tag '  itemprop=\"headline\"  >Refer\u00eancias<\/h3><div class=\"special-heading-border\"><div class=\"special-heading-inner-border\"><\/div><\/div><\/div><br \/>\n\n<style type=\"text\/css\" data-created_by=\"avia_inline_auto\" id=\"style-css-av-etkev-8b3eb3bb1584567ae7d94db3e5e0858d\">\n#top .hr.av-etkev-8b3eb3bb1584567ae7d94db3e5e0858d{\nmargin-top:10px;\nmargin-bottom:10px;\n}\n.hr.av-etkev-8b3eb3bb1584567ae7d94db3e5e0858d .hr-inner{\nwidth:50px;\nborder-color:#efbb20;\n}\n<\/style>\n<div  class='hr av-etkev-8b3eb3bb1584567ae7d94db3e5e0858d hr-custom  avia-builder-el-40  el_after_av_heading  el_before_av_textblock  hr-left hr-icon-no'><span class='hr-inner inner-border-av-border-fat'><span class=\"hr-inner-style\"><\/span><\/span><\/div><br \/>\n<section  class='av_textblock_section av-99jsn-5bd7e9d9883c7bd4d848af390da0f921 '   itemscope=\"itemscope\" itemtype=\"https:\/\/schema.org\/CreativeWork\" ><div class='avia_textblock'  itemprop=\"text\" ><p><strong>Bibliografia B\u00e1sica<\/strong><\/p>\n<p>SIESSERE, S. <strong>Anatomia dos Dentes Permanentes e Dec\u00edduos: da Teoria \u00e0 Pr\u00e1tica<\/strong>. S\u00e3o Paulo: Perse, 2020 (o e-book ser\u00e1 disponibilizado no Moodle).<\/p>\n<p>TEIXEIRA, L.M.S.; REHER, P.; REHER, V.G.S. <strong>Anatomia aplicada \u00e0 odontologia<\/strong>. 2.ed. Rio de Janeiro: Guanabara Koogan, 2008.<\/p>\n<p>VIEIRA, G.F., et al. <strong>Atlas de anatomia de dentes permanentes: coroa dental<\/strong>. 2.ed. S\u00e3o Paulo: Santos, 2013.<\/p>\n<p>VIEIRA, G.F.; AGRA, C.M.; IMPARATO, J.C.P.; ARAKAKI, Y.; CANEPPELE, T.M.F. <strong>Atlas de anatomia: dentes dec\u00edduos<\/strong>. S\u00e3o Paulo: Santos, 2011.<\/p>\n<p><strong>Bibliografia Complementar<\/strong><\/p>\n<p>Bath-Balogh, M.; Fehrenbach, M.J. <strong>Anatomia, histologia e embriologia dos dentes e das estruturas orofaciais<\/strong>. 3.ed. Rio de Janeiro: Elsevier, 2012.<\/p>\n<p>WOELFEL, J.B.; SHEID, Rickne, C. <strong>Anatomia dental: sua relev\u00e2ncia para a Odontologia<\/strong>. 5. ed. Rio de Janeiro: Guanabara-Koogan, 2000.<\/p>\n<p>SANTOS J\u00daNIOR, J.; FICHMAN, D.M. <strong>Escultura e modelagem dental: na cl\u00ednica e no laborat\u00f3rio<\/strong>. 6. Ed. S\u00e3o Paulo: Santos, 2000.<\/p>\n<p>Aplicativo BoneBox&#x2122; Dental Lite (dispon\u00edvel para Android e IOS).<\/p>\n<\/div><\/section><\/p><\/div><\/p>\n<\/div><\/div><\/div><\/p>\n","protected":false},"excerpt":{"rendered":"<p>Capacitar o estudante a conhecer e identificar a estrutura dental e as particularidades de cada dente; dec\u00edduos e permanentes.<\/p>\n","protected":false},"author":7,"featured_media":863,"comment_status":"open","ping_status":"closed","template":"","meta":{"inline_featured_image":false,"footnotes":""},"tags":[],"portfolio_entries":[40,55,42],"class_list":["post-103","portfolio","type-portfolio","status-publish","has-post-thumbnail","hentry","portfolio_entries-disciplinas","portfolio_entries-disciplinas-ere","portfolio_entries-optativas"],"yoast_head":"<!-- This site is optimized with the Yoast SEO plugin v27.5 - https:\/\/yoast.com\/product\/yoast-seo-wordpress\/ -->\n<title>OPO006- T\u00f3picos em Odontopediatria e Ortodontia - Anatomia Dental - Departamento de Sa\u00fade Bucal da Crian\u00e7a e do Adolescente<\/title>\n<meta name=\"robots\" content=\"index, follow, max-snippet:-1, max-image-preview:large, max-video-preview:-1\" \/>\n<link rel=\"canonical\" href=\"https:\/\/www.odonto.ufmg.br\/sca\/disciplinas\/anatomia-dental\/\" \/>\n<meta property=\"og:locale\" content=\"pt_BR\" \/>\n<meta property=\"og:type\" content=\"article\" \/>\n<meta property=\"og:title\" content=\"OPO006- T\u00f3picos em Odontopediatria e Ortodontia - Anatomia Dental - Departamento de Sa\u00fade Bucal da Crian\u00e7a e do Adolescente\" \/>\n<meta property=\"og:description\" content=\"Capacitar o estudante a conhecer e identificar a estrutura dental e as particularidades de cada dente; dec\u00edduos e permanentes.\" \/>\n<meta property=\"og:url\" content=\"https:\/\/www.odonto.ufmg.br\/sca\/disciplinas\/anatomia-dental\/\" \/>\n<meta property=\"og:site_name\" content=\"Departamento de Sa\u00fade Bucal da Crian\u00e7a e do Adolescente\" \/>\n<meta property=\"article:publisher\" content=\"https:\/\/www.facebook.com\/faoufmg\" \/>\n<meta property=\"article:modified_time\" content=\"2021-04-04T00:39:10+00:00\" \/>\n<meta property=\"og:image\" content=\"https:\/\/www.odonto.ufmg.br\/sca\/wp-content\/uploads\/sites\/6\/2015\/10\/Gebitsdiagram.jpg\" \/>\n\t<meta property=\"og:image:width\" content=\"1024\" \/>\n\t<meta property=\"og:image:height\" content=\"742\" \/>\n\t<meta property=\"og:image:type\" content=\"image\/jpeg\" \/>\n<meta name=\"twitter:card\" content=\"summary_large_image\" \/>\n<meta name=\"twitter:label1\" content=\"Est. tempo de leitura\" \/>\n\t<meta name=\"twitter:data1\" content=\"13 minutos\" \/>\n<script type=\"application\/ld+json\" class=\"yoast-schema-graph\">{\"@context\":\"https:\\\/\\\/schema.org\",\"@graph\":[{\"@type\":\"WebPage\",\"@id\":\"https:\\\/\\\/www.odonto.ufmg.br\\\/sca\\\/disciplinas\\\/anatomia-dental\\\/\",\"url\":\"https:\\\/\\\/www.odonto.ufmg.br\\\/sca\\\/disciplinas\\\/anatomia-dental\\\/\",\"name\":\"OPO006- T\u00f3picos em Odontopediatria e Ortodontia - Anatomia Dental - Departamento de Sa\u00fade Bucal da Crian\u00e7a e do Adolescente\",\"isPartOf\":{\"@id\":\"https:\\\/\\\/www.odonto.ufmg.br\\\/sca\\\/#website\"},\"primaryImageOfPage\":{\"@id\":\"https:\\\/\\\/www.odonto.ufmg.br\\\/sca\\\/disciplinas\\\/anatomia-dental\\\/#primaryimage\"},\"image\":{\"@id\":\"https:\\\/\\\/www.odonto.ufmg.br\\\/sca\\\/disciplinas\\\/anatomia-dental\\\/#primaryimage\"},\"thumbnailUrl\":\"https:\\\/\\\/www.odonto.ufmg.br\\\/sca\\\/wp-content\\\/uploads\\\/sites\\\/6\\\/2015\\\/10\\\/Gebitsdiagram.jpg\",\"datePublished\":\"2015-10-21T18:36:50+00:00\",\"dateModified\":\"2021-04-04T00:39:10+00:00\",\"breadcrumb\":{\"@id\":\"https:\\\/\\\/www.odonto.ufmg.br\\\/sca\\\/disciplinas\\\/anatomia-dental\\\/#breadcrumb\"},\"inLanguage\":\"pt-BR\",\"potentialAction\":[{\"@type\":\"ReadAction\",\"target\":[\"https:\\\/\\\/www.odonto.ufmg.br\\\/sca\\\/disciplinas\\\/anatomia-dental\\\/\"]}]},{\"@type\":\"ImageObject\",\"inLanguage\":\"pt-BR\",\"@id\":\"https:\\\/\\\/www.odonto.ufmg.br\\\/sca\\\/disciplinas\\\/anatomia-dental\\\/#primaryimage\",\"url\":\"https:\\\/\\\/www.odonto.ufmg.br\\\/sca\\\/wp-content\\\/uploads\\\/sites\\\/6\\\/2015\\\/10\\\/Gebitsdiagram.jpg\",\"contentUrl\":\"https:\\\/\\\/www.odonto.ufmg.br\\\/sca\\\/wp-content\\\/uploads\\\/sites\\\/6\\\/2015\\\/10\\\/Gebitsdiagram.jpg\",\"width\":1024,\"height\":742},{\"@type\":\"BreadcrumbList\",\"@id\":\"https:\\\/\\\/www.odonto.ufmg.br\\\/sca\\\/disciplinas\\\/anatomia-dental\\\/#breadcrumb\",\"itemListElement\":[{\"@type\":\"ListItem\",\"position\":1,\"name\":\"In\u00edcio\",\"item\":\"https:\\\/\\\/www.odonto.ufmg.br\\\/sca\\\/inicio\\\/\"},{\"@type\":\"ListItem\",\"position\":2,\"name\":\"OPO006- T\u00f3picos em Odontopediatria e Ortodontia &#8211; Anatomia Dental\"}]},{\"@type\":\"WebSite\",\"@id\":\"https:\\\/\\\/www.odonto.ufmg.br\\\/sca\\\/#website\",\"url\":\"https:\\\/\\\/www.odonto.ufmg.br\\\/sca\\\/\",\"name\":\"Departamento de Sa\u00fade Bucal da Crian\u00e7a e do Adolescente\",\"description\":\"Faculdade de Odontologia - Universidade Federal de Minas Gerais\",\"publisher\":{\"@id\":\"https:\\\/\\\/www.odonto.ufmg.br\\\/sca\\\/#organization\"},\"potentialAction\":[{\"@type\":\"SearchAction\",\"target\":{\"@type\":\"EntryPoint\",\"urlTemplate\":\"https:\\\/\\\/www.odonto.ufmg.br\\\/sca\\\/?s={search_term_string}\"},\"query-input\":{\"@type\":\"PropertyValueSpecification\",\"valueRequired\":true,\"valueName\":\"search_term_string\"}}],\"inLanguage\":\"pt-BR\"},{\"@type\":\"Organization\",\"@id\":\"https:\\\/\\\/www.odonto.ufmg.br\\\/sca\\\/#organization\",\"name\":\"Departamento de Odontopediatria e Ortodontia\",\"url\":\"https:\\\/\\\/www.odonto.ufmg.br\\\/sca\\\/\",\"logo\":{\"@type\":\"ImageObject\",\"inLanguage\":\"pt-BR\",\"@id\":\"https:\\\/\\\/www.odonto.ufmg.br\\\/sca\\\/#\\\/schema\\\/logo\\\/image\\\/\",\"url\":\"https:\\\/\\\/www.odonto.ufmg.br\\\/sca\\\/wp-content\\\/uploads\\\/sites\\\/6\\\/2016\\\/02\\\/orto.svg\",\"contentUrl\":\"https:\\\/\\\/www.odonto.ufmg.br\\\/sca\\\/wp-content\\\/uploads\\\/sites\\\/6\\\/2016\\\/02\\\/orto.svg\",\"width\":1,\"height\":1,\"caption\":\"Departamento de Odontopediatria e Ortodontia\"},\"image\":{\"@id\":\"https:\\\/\\\/www.odonto.ufmg.br\\\/sca\\\/#\\\/schema\\\/logo\\\/image\\\/\"},\"sameAs\":[\"https:\\\/\\\/www.facebook.com\\\/faoufmg\"]}]}<\/script>\n<!-- \/ Yoast SEO plugin. -->","yoast_head_json":{"title":"OPO006- T\u00f3picos em Odontopediatria e Ortodontia - Anatomia Dental - Departamento de Sa\u00fade Bucal da Crian\u00e7a e do Adolescente","robots":{"index":"index","follow":"follow","max-snippet":"max-snippet:-1","max-image-preview":"max-image-preview:large","max-video-preview":"max-video-preview:-1"},"canonical":"https:\/\/www.odonto.ufmg.br\/sca\/disciplinas\/anatomia-dental\/","og_locale":"pt_BR","og_type":"article","og_title":"OPO006- T\u00f3picos em Odontopediatria e Ortodontia - Anatomia Dental - Departamento de Sa\u00fade Bucal da Crian\u00e7a e do Adolescente","og_description":"Capacitar o estudante a conhecer e identificar a estrutura dental e as particularidades de cada dente; dec\u00edduos e permanentes.","og_url":"https:\/\/www.odonto.ufmg.br\/sca\/disciplinas\/anatomia-dental\/","og_site_name":"Departamento de Sa\u00fade Bucal da Crian\u00e7a e do Adolescente","article_publisher":"https:\/\/www.facebook.com\/faoufmg","article_modified_time":"2021-04-04T00:39:10+00:00","og_image":[{"width":1024,"height":742,"url":"https:\/\/www.odonto.ufmg.br\/sca\/wp-content\/uploads\/sites\/6\/2015\/10\/Gebitsdiagram.jpg","type":"image\/jpeg"}],"twitter_card":"summary_large_image","twitter_misc":{"Est. tempo de leitura":"13 minutos"},"schema":{"@context":"https:\/\/schema.org","@graph":[{"@type":"WebPage","@id":"https:\/\/www.odonto.ufmg.br\/sca\/disciplinas\/anatomia-dental\/","url":"https:\/\/www.odonto.ufmg.br\/sca\/disciplinas\/anatomia-dental\/","name":"OPO006- T\u00f3picos em Odontopediatria e Ortodontia - Anatomia Dental - Departamento de Sa\u00fade Bucal da Crian\u00e7a e do Adolescente","isPartOf":{"@id":"https:\/\/www.odonto.ufmg.br\/sca\/#website"},"primaryImageOfPage":{"@id":"https:\/\/www.odonto.ufmg.br\/sca\/disciplinas\/anatomia-dental\/#primaryimage"},"image":{"@id":"https:\/\/www.odonto.ufmg.br\/sca\/disciplinas\/anatomia-dental\/#primaryimage"},"thumbnailUrl":"https:\/\/www.odonto.ufmg.br\/sca\/wp-content\/uploads\/sites\/6\/2015\/10\/Gebitsdiagram.jpg","datePublished":"2015-10-21T18:36:50+00:00","dateModified":"2021-04-04T00:39:10+00:00","breadcrumb":{"@id":"https:\/\/www.odonto.ufmg.br\/sca\/disciplinas\/anatomia-dental\/#breadcrumb"},"inLanguage":"pt-BR","potentialAction":[{"@type":"ReadAction","target":["https:\/\/www.odonto.ufmg.br\/sca\/disciplinas\/anatomia-dental\/"]}]},{"@type":"ImageObject","inLanguage":"pt-BR","@id":"https:\/\/www.odonto.ufmg.br\/sca\/disciplinas\/anatomia-dental\/#primaryimage","url":"https:\/\/www.odonto.ufmg.br\/sca\/wp-content\/uploads\/sites\/6\/2015\/10\/Gebitsdiagram.jpg","contentUrl":"https:\/\/www.odonto.ufmg.br\/sca\/wp-content\/uploads\/sites\/6\/2015\/10\/Gebitsdiagram.jpg","width":1024,"height":742},{"@type":"BreadcrumbList","@id":"https:\/\/www.odonto.ufmg.br\/sca\/disciplinas\/anatomia-dental\/#breadcrumb","itemListElement":[{"@type":"ListItem","position":1,"name":"In\u00edcio","item":"https:\/\/www.odonto.ufmg.br\/sca\/inicio\/"},{"@type":"ListItem","position":2,"name":"OPO006- T\u00f3picos em Odontopediatria e Ortodontia &#8211; Anatomia Dental"}]},{"@type":"WebSite","@id":"https:\/\/www.odonto.ufmg.br\/sca\/#website","url":"https:\/\/www.odonto.ufmg.br\/sca\/","name":"Departamento de Sa\u00fade Bucal da Crian\u00e7a e do Adolescente","description":"Faculdade de Odontologia - Universidade Federal de Minas Gerais","publisher":{"@id":"https:\/\/www.odonto.ufmg.br\/sca\/#organization"},"potentialAction":[{"@type":"SearchAction","target":{"@type":"EntryPoint","urlTemplate":"https:\/\/www.odonto.ufmg.br\/sca\/?s={search_term_string}"},"query-input":{"@type":"PropertyValueSpecification","valueRequired":true,"valueName":"search_term_string"}}],"inLanguage":"pt-BR"},{"@type":"Organization","@id":"https:\/\/www.odonto.ufmg.br\/sca\/#organization","name":"Departamento de Odontopediatria e Ortodontia","url":"https:\/\/www.odonto.ufmg.br\/sca\/","logo":{"@type":"ImageObject","inLanguage":"pt-BR","@id":"https:\/\/www.odonto.ufmg.br\/sca\/#\/schema\/logo\/image\/","url":"https:\/\/www.odonto.ufmg.br\/sca\/wp-content\/uploads\/sites\/6\/2016\/02\/orto.svg","contentUrl":"https:\/\/www.odonto.ufmg.br\/sca\/wp-content\/uploads\/sites\/6\/2016\/02\/orto.svg","width":1,"height":1,"caption":"Departamento de Odontopediatria e Ortodontia"},"image":{"@id":"https:\/\/www.odonto.ufmg.br\/sca\/#\/schema\/logo\/image\/"},"sameAs":["https:\/\/www.facebook.com\/faoufmg"]}]}},"_links":{"self":[{"href":"https:\/\/www.odonto.ufmg.br\/sca\/wp-json\/wp\/v2\/portfolio\/103","targetHints":{"allow":["GET"]}}],"collection":[{"href":"https:\/\/www.odonto.ufmg.br\/sca\/wp-json\/wp\/v2\/portfolio"}],"about":[{"href":"https:\/\/www.odonto.ufmg.br\/sca\/wp-json\/wp\/v2\/types\/portfolio"}],"author":[{"embeddable":true,"href":"https:\/\/www.odonto.ufmg.br\/sca\/wp-json\/wp\/v2\/users\/7"}],"replies":[{"embeddable":true,"href":"https:\/\/www.odonto.ufmg.br\/sca\/wp-json\/wp\/v2\/comments?post=103"}],"version-history":[{"count":4,"href":"https:\/\/www.odonto.ufmg.br\/sca\/wp-json\/wp\/v2\/portfolio\/103\/revisions"}],"predecessor-version":[{"id":3049,"href":"https:\/\/www.odonto.ufmg.br\/sca\/wp-json\/wp\/v2\/portfolio\/103\/revisions\/3049"}],"wp:featuredmedia":[{"embeddable":true,"href":"https:\/\/www.odonto.ufmg.br\/sca\/wp-json\/wp\/v2\/media\/863"}],"wp:attachment":[{"href":"https:\/\/www.odonto.ufmg.br\/sca\/wp-json\/wp\/v2\/media?parent=103"}],"wp:term":[{"taxonomy":"post_tag","embeddable":true,"href":"https:\/\/www.odonto.ufmg.br\/sca\/wp-json\/wp\/v2\/tags?post=103"},{"taxonomy":"portfolio_entries","embeddable":true,"href":"https:\/\/www.odonto.ufmg.br\/sca\/wp-json\/wp\/v2\/portfolio_entries?post=103"}],"curies":[{"name":"wp","href":"https:\/\/api.w.org\/{rel}","templated":true}]}}