{"id":616,"date":"2016-03-07T14:56:38","date_gmt":"2016-03-07T14:56:38","guid":{"rendered":"https:\/\/www.odonto.ufmg.br\/opo\/?page_id=616"},"modified":"2016-09-16T09:53:12","modified_gmt":"2016-09-16T12:53:12","slug":"mestrado","status":"publish","type":"page","link":"https:\/\/www.odonto.ufmg.br\/sca\/ensino\/pos-graduacao\/mestrado\/","title":{"rendered":"Mestrado"},"content":{"rendered":"\n<style type=\"text\/css\" data-created_by=\"avia_inline_auto\" id=\"style-css-av-av_one_full-9497bbf8bff73ea4c6992cc17fa9ec36\">\n.flex_column.av-av_one_full-9497bbf8bff73ea4c6992cc17fa9ec36{\nborder-radius:0px 0px 0px 0px;\npadding:0px 0px 0px 0px;\n}\n<\/style>\n<div  class='flex_column av-av_one_full-9497bbf8bff73ea4c6992cc17fa9ec36 av_one_full  avia-builder-el-0  el_before_av_hr  avia-builder-el-first  first flex_column_div av-zero-column-padding  '     ><style type=\"text\/css\" data-created_by=\"avia_inline_auto\" id=\"style-css-av-av_heading-d4ca07ce9c70e88bf9da0d8e21bccabf\">\n#top .av-special-heading.av-av_heading-d4ca07ce9c70e88bf9da0d8e21bccabf{\npadding-bottom:10px;\nfont-size:25px;\n}\nbody .av-special-heading.av-av_heading-d4ca07ce9c70e88bf9da0d8e21bccabf .av-special-heading-tag .heading-char{\nfont-size:25px;\n}\n#top #wrap_all .av-special-heading.av-av_heading-d4ca07ce9c70e88bf9da0d8e21bccabf .av-special-heading-tag{\nfont-size:25px;\n}\n.av-special-heading.av-av_heading-d4ca07ce9c70e88bf9da0d8e21bccabf .av-subheading{\nfont-size:15px;\n}\n\n@media only screen and (min-width: 480px) and (max-width: 767px){ \n#top #wrap_all .av-special-heading.av-av_heading-d4ca07ce9c70e88bf9da0d8e21bccabf .av-special-heading-tag{\nfont-size:0.8em;\n}\n}\n\n@media only screen and (max-width: 479px){ \n#top #wrap_all .av-special-heading.av-av_heading-d4ca07ce9c70e88bf9da0d8e21bccabf .av-special-heading-tag{\nfont-size:0.8em;\n}\n}\n<\/style>\n<div  class='av-special-heading av-av_heading-d4ca07ce9c70e88bf9da0d8e21bccabf av-special-heading-h3 blockquote modern-quote  avia-builder-el-1  avia-builder-el-no-sibling  av-inherit-size'><h3 class='av-special-heading-tag '  itemprop=\"headline\"  >Mestrado<\/h3><div class=\"special-heading-border\"><div class=\"special-heading-inner-border\"><\/div><\/div><\/div><\/div>\n<div  class='hr av-av_hr-dcd2069817a0e3d34ae04cad8f3443c7 hr-default  avia-builder-el-2  el_after_av_one_full  el_before_av_iconlist '><span class='hr-inner '><span class=\"hr-inner-style\"><\/span><\/span><\/div>\n<div  class='avia-icon-list-container av-av_iconlist-a98d21aa7682842f3ee59bf46c3a11b8  avia-builder-el-3  el_after_av_hr  avia-builder-el-last '><ul class='avia-icon-list avia_animate_when_almost_visible avia-icon-list-left av-iconlist-big av-av_iconlist-a98d21aa7682842f3ee59bf46c3a11b8 avia-iconlist-animate'>\n<li><a href='https:\/\/www.odonto.ufmg.br\/posgrad\/wp-content\/uploads\/sites\/13\/2016\/08\/Estudos-Av.-Odontoped.-I.pdf' title='Estudos Avan\u00e7ados em Odontopediatria I'  target=\"_blank\"  rel=\"noopener noreferrer\" class='iconlist_icon av-av_iconlist_item-13fa7b6a1ecb5d31b94c5a4cefbd8e58 avia-font-entypo-fontello avia-iconfont avia-font-entypo-fontello'><span class='av-icon-char' data-av_icon='\ue8c9' data-av_iconfont='entypo-fontello' aria-hidden=\"true\"><\/span><\/a><article class=\"article-icon-entry \"  itemscope=\"itemscope\" itemtype=\"https:\/\/schema.org\/CreativeWork\" ><div class=\"iconlist_content_wrap\"><header class=\"entry-content-header\" aria-label=\"Icon: &lt;a href=&#039;https:\/\/www.odonto.ufmg.br\/posgrad\/wp-content\/uploads\/sites\/13\/2016\/08\/Estudos-Av.-Odontoped.-I.pdf&#039; title=&#039;Estudos Avan\u00e7ados em Odontopediatria I&#039; target=&quot;_blank&quot;  rel=&quot;noopener noreferrer&quot;&gt;Estudos Avan\u00e7ados em Odontopediatria I&lt;\/a&gt;\"><h4 class='av_iconlist_title iconlist_title  '  itemprop=\"headline\" ><a href='https:\/\/www.odonto.ufmg.br\/posgrad\/wp-content\/uploads\/sites\/13\/2016\/08\/Estudos-Av.-Odontoped.-I.pdf' title='Estudos Avan\u00e7ados em Odontopediatria I' target=\"_blank\"  rel=\"noopener noreferrer\">Estudos Avan\u00e7ados em Odontopediatria I<\/a><\/h4><\/header><div class='iconlist_content '  itemprop=\"text\" ><p>Estudo da crian\u00e7a como paciente na cl\u00ednica odontopedi\u00e1trica, abordando os aspectos psicol\u00f3gicos, sociais e familiares. Estudo dos m\u00e9todos preventivos das doen\u00e7as bucais na inf\u00e2ncia e adolesc\u00eancia. Estudo do desenvolvimento e crescimento humanos no que se refere aos aspectos f\u00edsico, funcional e psicossocial.<\/p>\n<\/div><\/div><footer class=\"entry-footer\"><\/footer><\/article><div class=\"iconlist-timeline\"><\/div><\/li>\n<li><a href='https:\/\/www.odonto.ufmg.br\/posgrad\/wp-content\/uploads\/sites\/13\/2016\/08\/Estudos-Av.-Odontoped.-II.pdf' title='Estudos Avan\u00e7ados em Odontopediatria II'  target=\"_blank\"  rel=\"noopener noreferrer\" class='iconlist_icon av-av_iconlist_item-e767acd5c218e9f59d7fe585b67457fd avia-font-entypo-fontello avia-iconfont avia-font-entypo-fontello'><span class='av-icon-char' data-av_icon='\ue8c9' data-av_iconfont='entypo-fontello' aria-hidden=\"true\"><\/span><\/a><article class=\"article-icon-entry \"  itemscope=\"itemscope\" itemtype=\"https:\/\/schema.org\/CreativeWork\" ><div class=\"iconlist_content_wrap\"><header class=\"entry-content-header\" aria-label=\"Icon: &lt;a href=&#039;https:\/\/www.odonto.ufmg.br\/posgrad\/wp-content\/uploads\/sites\/13\/2016\/08\/Estudos-Av.-Odontoped.-II.pdf&#039; title=&#039;Estudos Avan\u00e7ados em Odontopediatria II&#039; target=&quot;_blank&quot;  rel=&quot;noopener noreferrer&quot;&gt;Estudos Avan\u00e7ados em Odontopediatria II&lt;\/a&gt;\"><h4 class='av_iconlist_title iconlist_title  '  itemprop=\"headline\" ><a href='https:\/\/www.odonto.ufmg.br\/posgrad\/wp-content\/uploads\/sites\/13\/2016\/08\/Estudos-Av.-Odontoped.-II.pdf' title='Estudos Avan\u00e7ados em Odontopediatria II' target=\"_blank\"  rel=\"noopener noreferrer\">Estudos Avan\u00e7ados em Odontopediatria II<\/a><\/h4><\/header><div class='iconlist_content '  itemprop=\"text\" ><p>Estudo dos m\u00e9todos de diagn\u00f3stico e de planejamento em Odontopediatria considerando as diferentes fases do desenvolvimento infantil, desde a gesta\u00e7\u00e3o \u00e0 adolesc\u00eancia. Manuten\u00e7\u00e3o preventiva em Odontopediatria. Planejamento de estrat\u00e9gias preventivas e curativas para o paciente infantil.<\/p>\n<\/div><\/div><footer class=\"entry-footer\"><\/footer><\/article><div class=\"iconlist-timeline\"><\/div><\/li>\n<li><a href='https:\/\/www.odonto.ufmg.br\/posgrad\/wp-content\/uploads\/sites\/13\/2016\/08\/Estudos-Av.-Odontoped.-III.pdf' title='Estudos Avan\u00e7ados em Odontopediatria III'  target=\"_blank\"  rel=\"noopener noreferrer\" class='iconlist_icon av-av_iconlist_item-ea9317dbf28e9e41c4be11a34534ae02 avia-font-entypo-fontello avia-iconfont avia-font-entypo-fontello'><span class='av-icon-char' data-av_icon='\ue8c9' data-av_iconfont='entypo-fontello' aria-hidden=\"true\"><\/span><\/a><article class=\"article-icon-entry \"  itemscope=\"itemscope\" itemtype=\"https:\/\/schema.org\/CreativeWork\" ><div class=\"iconlist_content_wrap\"><header class=\"entry-content-header\" aria-label=\"Icon: &lt;a href=&#039;https:\/\/www.odonto.ufmg.br\/posgrad\/wp-content\/uploads\/sites\/13\/2016\/08\/Estudos-Av.-Odontoped.-III.pdf&#039; title=&#039;Estudos Avan\u00e7ados em Odontopediatria III&#039; target=&quot;_blank&quot;  rel=&quot;noopener noreferrer&quot;&gt;Estudos Avan\u00e7ados em Odontopediatria III&lt;\/a&gt;\"><h4 class='av_iconlist_title iconlist_title  '  itemprop=\"headline\" ><a href='https:\/\/www.odonto.ufmg.br\/posgrad\/wp-content\/uploads\/sites\/13\/2016\/08\/Estudos-Av.-Odontoped.-III.pdf' title='Estudos Avan\u00e7ados em Odontopediatria III' target=\"_blank\"  rel=\"noopener noreferrer\">Estudos Avan\u00e7ados em Odontopediatria III<\/a><\/h4><\/header><div class='iconlist_content '  itemprop=\"text\" ><p>Estudo dos m\u00e9todos de diagn\u00f3stico e de planejamento em Odontopediatria considerando as diferentes fases do desenvolvimento infantil, desde a gesta\u00e7\u00e3o \u00e0 adolesc\u00eancia. Manuten\u00e7\u00e3o preventiva em Odontopediatria. Planejamento de estrat\u00e9gias preventivas e curativas para o paciente infantil.<\/p>\n<\/div><\/div><footer class=\"entry-footer\"><\/footer><\/article><div class=\"iconlist-timeline\"><\/div><\/li>\n<li><div class='iconlist_icon av-av_iconlist_item-e1ffb0553ac33ad4e3705860cfef2fd2 avia-font-entypo-fontello avia-iconfont avia-font-entypo-fontello'><span class='av-icon-char' data-av_icon='\ue80a' data-av_iconfont='entypo-fontello' aria-hidden=\"true\"><\/span><\/div><article class=\"article-icon-entry \"  itemscope=\"itemscope\" itemtype=\"https:\/\/schema.org\/CreativeWork\" ><div class=\"iconlist_content_wrap\"><header class=\"entry-content-header\" aria-label=\"Icon: Est\u00e1gio Docente I\"><h4 class='av_iconlist_title iconlist_title  '  itemprop=\"headline\" >Est\u00e1gio Docente I<\/h4><\/header><div class='iconlist_content '  itemprop=\"text\" ><p>Estudo da pr\u00e1tica e dos m\u00e9todos pedag\u00f3gicos aplicados \u00e0 Odontologia. A pr\u00e1tica docente supervisionada em laborat\u00f3rios e cl\u00ednicas de aten\u00e7\u00e3o odontol\u00f3gica. OBS: Trata-se de disciplina optativa, mas destacando que, para alunos bolsistas CAPES, CNPq ou FAPEMIG, esta disciplina se torna obrigat\u00f3ria.<\/p>\n<\/div><\/div><footer class=\"entry-footer\"><\/footer><\/article><div class=\"iconlist-timeline\"><\/div><\/li>\n<li><div class='iconlist_icon av-av_iconlist_item-7d68052b77a1320af760cb7ccc713a60 avia-font-entypo-fontello avia-iconfont avia-font-entypo-fontello'><span class='av-icon-char' data-av_icon='\ue80b' data-av_iconfont='entypo-fontello' aria-hidden=\"true\"><\/span><\/div><article class=\"article-icon-entry \"  itemscope=\"itemscope\" itemtype=\"https:\/\/schema.org\/CreativeWork\" ><div class=\"iconlist_content_wrap\"><header class=\"entry-content-header\" aria-label=\"Icon: Est\u00e1gio Docente II\"><h4 class='av_iconlist_title iconlist_title  '  itemprop=\"headline\" >Est\u00e1gio Docente II<\/h4><\/header><div class='iconlist_content '  itemprop=\"text\" ><p>Estudo da pr\u00e1tica e dos m\u00e9todos pedag\u00f3gicos aplicados \u00e0 Odontologia. A pr\u00e1tica docente supervisionada em laborat\u00f3rios e cl\u00ednicas de aten\u00e7\u00e3o odontol\u00f3gica. OBS: Trata-se de disciplina optativa, mas destacando que, para alunos bolsistas CAPES, CNPq ou FAPEMIG, esta disciplina se torna obrigat\u00f3ria<\/p>\n<\/div><\/div><footer class=\"entry-footer\"><\/footer><\/article><div class=\"iconlist-timeline\"><\/div><\/li>\n<\/ul><\/div>\n","protected":false},"excerpt":{"rendered":"","protected":false},"author":4,"featured_media":0,"parent":614,"menu_order":0,"comment_status":"closed","ping_status":"closed","template":"","meta":{"inline_featured_image":false,"footnotes":""},"class_list":["post-616","page","type-page","status-publish","hentry"],"yoast_head":"<!-- This site is optimized with the Yoast SEO plugin v27.5 - https:\/\/yoast.com\/product\/yoast-seo-wordpress\/ -->\n<title>Mestrado - Departamento de Sa\u00fade Bucal da Crian\u00e7a e do Adolescente<\/title>\n<meta name=\"robots\" content=\"index, follow, max-snippet:-1, max-image-preview:large, max-video-preview:-1\" \/>\n<link rel=\"canonical\" href=\"https:\/\/www.odonto.ufmg.br\/sca\/ensino\/pos-graduacao\/mestrado\/\" \/>\n<meta property=\"og:locale\" content=\"pt_BR\" \/>\n<meta property=\"og:type\" content=\"article\" \/>\n<meta property=\"og:title\" content=\"Mestrado - Departamento de Sa\u00fade Bucal da Crian\u00e7a e do Adolescente\" \/>\n<meta property=\"og:url\" content=\"https:\/\/www.odonto.ufmg.br\/sca\/ensino\/pos-graduacao\/mestrado\/\" \/>\n<meta property=\"og:site_name\" content=\"Departamento de Sa\u00fade Bucal da Crian\u00e7a e do Adolescente\" \/>\n<meta property=\"article:publisher\" content=\"https:\/\/www.facebook.com\/faoufmg\" \/>\n<meta property=\"article:modified_time\" content=\"2016-09-16T12:53:12+00:00\" \/>\n<meta name=\"twitter:card\" content=\"summary_large_image\" \/>\n<meta name=\"twitter:label1\" content=\"Est. tempo de leitura\" \/>\n\t<meta name=\"twitter:data1\" content=\"3 minutos\" \/>\n<script type=\"application\/ld+json\" class=\"yoast-schema-graph\">{\"@context\":\"https:\\\/\\\/schema.org\",\"@graph\":[{\"@type\":\"WebPage\",\"@id\":\"https:\\\/\\\/www.odonto.ufmg.br\\\/sca\\\/ensino\\\/pos-graduacao\\\/mestrado\\\/\",\"url\":\"https:\\\/\\\/www.odonto.ufmg.br\\\/sca\\\/ensino\\\/pos-graduacao\\\/mestrado\\\/\",\"name\":\"Mestrado - Departamento de Sa\u00fade Bucal da Crian\u00e7a e do Adolescente\",\"isPartOf\":{\"@id\":\"https:\\\/\\\/www.odonto.ufmg.br\\\/sca\\\/#website\"},\"datePublished\":\"2016-03-07T14:56:38+00:00\",\"dateModified\":\"2016-09-16T12:53:12+00:00\",\"breadcrumb\":{\"@id\":\"https:\\\/\\\/www.odonto.ufmg.br\\\/sca\\\/ensino\\\/pos-graduacao\\\/mestrado\\\/#breadcrumb\"},\"inLanguage\":\"pt-BR\",\"potentialAction\":[{\"@type\":\"ReadAction\",\"target\":[\"https:\\\/\\\/www.odonto.ufmg.br\\\/sca\\\/ensino\\\/pos-graduacao\\\/mestrado\\\/\"]}]},{\"@type\":\"BreadcrumbList\",\"@id\":\"https:\\\/\\\/www.odonto.ufmg.br\\\/sca\\\/ensino\\\/pos-graduacao\\\/mestrado\\\/#breadcrumb\",\"itemListElement\":[{\"@type\":\"ListItem\",\"position\":1,\"name\":\"In\u00edcio\",\"item\":\"https:\\\/\\\/www.odonto.ufmg.br\\\/sca\\\/inicio\\\/\"},{\"@type\":\"ListItem\",\"position\":2,\"name\":\"Ensino\",\"item\":\"https:\\\/\\\/www.odonto.ufmg.br\\\/sca\\\/ensino\\\/\"},{\"@type\":\"ListItem\",\"position\":3,\"name\":\"P\u00f3s-Gradua\u00e7\u00e3o\",\"item\":\"https:\\\/\\\/www.odonto.ufmg.br\\\/sca\\\/ensino\\\/pos-graduacao\\\/\"},{\"@type\":\"ListItem\",\"position\":4,\"name\":\"Mestrado\"}]},{\"@type\":\"WebSite\",\"@id\":\"https:\\\/\\\/www.odonto.ufmg.br\\\/sca\\\/#website\",\"url\":\"https:\\\/\\\/www.odonto.ufmg.br\\\/sca\\\/\",\"name\":\"Departamento de Sa\u00fade Bucal da Crian\u00e7a e do Adolescente\",\"description\":\"Faculdade de Odontologia - Universidade Federal de Minas Gerais\",\"publisher\":{\"@id\":\"https:\\\/\\\/www.odonto.ufmg.br\\\/sca\\\/#organization\"},\"potentialAction\":[{\"@type\":\"SearchAction\",\"target\":{\"@type\":\"EntryPoint\",\"urlTemplate\":\"https:\\\/\\\/www.odonto.ufmg.br\\\/sca\\\/?s={search_term_string}\"},\"query-input\":{\"@type\":\"PropertyValueSpecification\",\"valueRequired\":true,\"valueName\":\"search_term_string\"}}],\"inLanguage\":\"pt-BR\"},{\"@type\":\"Organization\",\"@id\":\"https:\\\/\\\/www.odonto.ufmg.br\\\/sca\\\/#organization\",\"name\":\"Departamento de Odontopediatria e Ortodontia\",\"url\":\"https:\\\/\\\/www.odonto.ufmg.br\\\/sca\\\/\",\"logo\":{\"@type\":\"ImageObject\",\"inLanguage\":\"pt-BR\",\"@id\":\"https:\\\/\\\/www.odonto.ufmg.br\\\/sca\\\/#\\\/schema\\\/logo\\\/image\\\/\",\"url\":\"https:\\\/\\\/www.odonto.ufmg.br\\\/sca\\\/wp-content\\\/uploads\\\/sites\\\/6\\\/2016\\\/02\\\/orto.svg\",\"contentUrl\":\"https:\\\/\\\/www.odonto.ufmg.br\\\/sca\\\/wp-content\\\/uploads\\\/sites\\\/6\\\/2016\\\/02\\\/orto.svg\",\"width\":1,\"height\":1,\"caption\":\"Departamento de Odontopediatria e Ortodontia\"},\"image\":{\"@id\":\"https:\\\/\\\/www.odonto.ufmg.br\\\/sca\\\/#\\\/schema\\\/logo\\\/image\\\/\"},\"sameAs\":[\"https:\\\/\\\/www.facebook.com\\\/faoufmg\"]}]}<\/script>\n<!-- \/ Yoast SEO plugin. -->","yoast_head_json":{"title":"Mestrado - Departamento de Sa\u00fade Bucal da Crian\u00e7a e do Adolescente","robots":{"index":"index","follow":"follow","max-snippet":"max-snippet:-1","max-image-preview":"max-image-preview:large","max-video-preview":"max-video-preview:-1"},"canonical":"https:\/\/www.odonto.ufmg.br\/sca\/ensino\/pos-graduacao\/mestrado\/","og_locale":"pt_BR","og_type":"article","og_title":"Mestrado - Departamento de Sa\u00fade Bucal da Crian\u00e7a e do Adolescente","og_url":"https:\/\/www.odonto.ufmg.br\/sca\/ensino\/pos-graduacao\/mestrado\/","og_site_name":"Departamento de Sa\u00fade Bucal da Crian\u00e7a e do Adolescente","article_publisher":"https:\/\/www.facebook.com\/faoufmg","article_modified_time":"2016-09-16T12:53:12+00:00","twitter_card":"summary_large_image","twitter_misc":{"Est. tempo de leitura":"3 minutos"},"schema":{"@context":"https:\/\/schema.org","@graph":[{"@type":"WebPage","@id":"https:\/\/www.odonto.ufmg.br\/sca\/ensino\/pos-graduacao\/mestrado\/","url":"https:\/\/www.odonto.ufmg.br\/sca\/ensino\/pos-graduacao\/mestrado\/","name":"Mestrado - Departamento de Sa\u00fade Bucal da Crian\u00e7a e do Adolescente","isPartOf":{"@id":"https:\/\/www.odonto.ufmg.br\/sca\/#website"},"datePublished":"2016-03-07T14:56:38+00:00","dateModified":"2016-09-16T12:53:12+00:00","breadcrumb":{"@id":"https:\/\/www.odonto.ufmg.br\/sca\/ensino\/pos-graduacao\/mestrado\/#breadcrumb"},"inLanguage":"pt-BR","potentialAction":[{"@type":"ReadAction","target":["https:\/\/www.odonto.ufmg.br\/sca\/ensino\/pos-graduacao\/mestrado\/"]}]},{"@type":"BreadcrumbList","@id":"https:\/\/www.odonto.ufmg.br\/sca\/ensino\/pos-graduacao\/mestrado\/#breadcrumb","itemListElement":[{"@type":"ListItem","position":1,"name":"In\u00edcio","item":"https:\/\/www.odonto.ufmg.br\/sca\/inicio\/"},{"@type":"ListItem","position":2,"name":"Ensino","item":"https:\/\/www.odonto.ufmg.br\/sca\/ensino\/"},{"@type":"ListItem","position":3,"name":"P\u00f3s-Gradua\u00e7\u00e3o","item":"https:\/\/www.odonto.ufmg.br\/sca\/ensino\/pos-graduacao\/"},{"@type":"ListItem","position":4,"name":"Mestrado"}]},{"@type":"WebSite","@id":"https:\/\/www.odonto.ufmg.br\/sca\/#website","url":"https:\/\/www.odonto.ufmg.br\/sca\/","name":"Departamento de Sa\u00fade Bucal da Crian\u00e7a e do Adolescente","description":"Faculdade de Odontologia - Universidade Federal de Minas Gerais","publisher":{"@id":"https:\/\/www.odonto.ufmg.br\/sca\/#organization"},"potentialAction":[{"@type":"SearchAction","target":{"@type":"EntryPoint","urlTemplate":"https:\/\/www.odonto.ufmg.br\/sca\/?s={search_term_string}"},"query-input":{"@type":"PropertyValueSpecification","valueRequired":true,"valueName":"search_term_string"}}],"inLanguage":"pt-BR"},{"@type":"Organization","@id":"https:\/\/www.odonto.ufmg.br\/sca\/#organization","name":"Departamento de Odontopediatria e Ortodontia","url":"https:\/\/www.odonto.ufmg.br\/sca\/","logo":{"@type":"ImageObject","inLanguage":"pt-BR","@id":"https:\/\/www.odonto.ufmg.br\/sca\/#\/schema\/logo\/image\/","url":"https:\/\/www.odonto.ufmg.br\/sca\/wp-content\/uploads\/sites\/6\/2016\/02\/orto.svg","contentUrl":"https:\/\/www.odonto.ufmg.br\/sca\/wp-content\/uploads\/sites\/6\/2016\/02\/orto.svg","width":1,"height":1,"caption":"Departamento de Odontopediatria e Ortodontia"},"image":{"@id":"https:\/\/www.odonto.ufmg.br\/sca\/#\/schema\/logo\/image\/"},"sameAs":["https:\/\/www.facebook.com\/faoufmg"]}]}},"_links":{"self":[{"href":"https:\/\/www.odonto.ufmg.br\/sca\/wp-json\/wp\/v2\/pages\/616","targetHints":{"allow":["GET"]}}],"collection":[{"href":"https:\/\/www.odonto.ufmg.br\/sca\/wp-json\/wp\/v2\/pages"}],"about":[{"href":"https:\/\/www.odonto.ufmg.br\/sca\/wp-json\/wp\/v2\/types\/page"}],"author":[{"embeddable":true,"href":"https:\/\/www.odonto.ufmg.br\/sca\/wp-json\/wp\/v2\/users\/4"}],"replies":[{"embeddable":true,"href":"https:\/\/www.odonto.ufmg.br\/sca\/wp-json\/wp\/v2\/comments?post=616"}],"version-history":[{"count":8,"href":"https:\/\/www.odonto.ufmg.br\/sca\/wp-json\/wp\/v2\/pages\/616\/revisions"}],"predecessor-version":[{"id":2264,"href":"https:\/\/www.odonto.ufmg.br\/sca\/wp-json\/wp\/v2\/pages\/616\/revisions\/2264"}],"up":[{"embeddable":true,"href":"https:\/\/www.odonto.ufmg.br\/sca\/wp-json\/wp\/v2\/pages\/614"}],"wp:attachment":[{"href":"https:\/\/www.odonto.ufmg.br\/sca\/wp-json\/wp\/v2\/media?parent=616"}],"curies":[{"name":"wp","href":"https:\/\/api.w.org\/{rel}","templated":true}]}}