{"id":18291,"date":"2026-04-22T16:03:10","date_gmt":"2026-04-22T19:03:10","guid":{"rendered":"https:\/\/www.odonto.ufmg.br\/cenex\/?page_id=18291"},"modified":"2026-04-22T16:12:24","modified_gmt":"2026-04-22T19:12:24","slug":"programas-2","status":"publish","type":"page","link":"https:\/\/www.odonto.ufmg.br\/cenex\/programas-2\/","title":{"rendered":"Programas"},"content":{"rendered":"<div  class='flex_column av-1aykp2o-8069f35748c85eda39765fa499879c5b av_one_full  avia-builder-el-0  el_before_av_one_full  avia-builder-el-first  first flex_column_div  '     ><style type=\"text\/css\" data-created_by=\"avia_inline_auto\" id=\"style-css-av-mazq6c1d-b7ee80cf9e93b878473db20fde18d4f2\">\n#top .av_textblock_section.av-mazq6c1d-b7ee80cf9e93b878473db20fde18d4f2 .avia_textblock{\ncolor:#0c4930;\n}\n<\/style>\n<section  class='av_textblock_section av-mazq6c1d-b7ee80cf9e93b878473db20fde18d4f2 '   itemscope=\"itemscope\" itemtype=\"https:\/\/schema.org\/CreativeWork\" ><div class='avia_textblock av_inherit_color'  itemprop=\"text\" ><h3 style=\"text-align: center\"><strong>PROGRAMAS DE EXTENS\u00c3O<\/strong><\/h3>\n<\/div><\/section><br \/>\n\n<style type=\"text\/css\" data-created_by=\"avia_inline_auto\" id=\"style-css-av-moabhkdf-f78df40de5ffae56253eb352ac672d05\">\n#top .hr.hr-invisible.av-moabhkdf-f78df40de5ffae56253eb352ac672d05{\nheight:25px;\n}\n<\/style>\n<div  class='hr av-moabhkdf-f78df40de5ffae56253eb352ac672d05 hr-invisible  avia-builder-el-2  el_after_av_textblock  el_before_av_textblock '><span class='hr-inner '><span class=\"hr-inner-style\"><\/span><\/span><\/div><br \/>\n<section  class='av_textblock_section av-mazriu9z-5247318a193f175725d2465f4eb8d369 '   itemscope=\"itemscope\" itemtype=\"https:\/\/schema.org\/CreativeWork\" ><div class='avia_textblock'  itemprop=\"text\" ><p>Programa de extens\u00e3o \u00e9 <strong>conjunto articulado de pelo menos dois projetos e outras a\u00e7\u00f5es de extens\u00e3o<\/strong> (cursos, eventos, presta\u00e7\u00e3o de servi\u00e7os), desenvolvido de forma processual e cont\u00ednua e que deve explicitar, necessariamente, a metodologia de articula\u00e7\u00e3o das diversas a\u00e7\u00f5es vinculadas.<\/p>\n<\/div><\/section><br \/>\n\n<style type=\"text\/css\" data-created_by=\"avia_inline_auto\" id=\"style-css-av-moabggrz-1c97c10e0b71d4a729f2d75e56289b99\">\n#top .hr.hr-invisible.av-moabggrz-1c97c10e0b71d4a729f2d75e56289b99{\nheight:50px;\n}\n<\/style>\n<div  class='hr av-moabggrz-1c97c10e0b71d4a729f2d75e56289b99 hr-invisible  avia-builder-el-4  el_after_av_textblock  avia-builder-el-last '><span class='hr-inner '><span class=\"hr-inner-style\"><\/span><\/span><\/div><\/p><\/div>\n<div  class='flex_column av-218v383-871dced54d468ebd98a79574bafd1c41 av_one_full  avia-builder-el-5  el_after_av_one_full  el_before_av_hr  first flex_column_div  column-top-margin'     ><p>\n<style type=\"text\/css\" data-created_by=\"avia_inline_auto\" id=\"style-css-av-moac1gzn-9e5cd9da196b3aa50aba90939e3be168\">\n#top .av-special-heading.av-moac1gzn-9e5cd9da196b3aa50aba90939e3be168{\npadding-bottom:10px;\ncolor:#0c4930;\n}\nbody .av-special-heading.av-moac1gzn-9e5cd9da196b3aa50aba90939e3be168 .av-special-heading-tag .heading-char{\nfont-size:25px;\n}\n.av-special-heading.av-moac1gzn-9e5cd9da196b3aa50aba90939e3be168 .special-heading-inner-border{\nborder-color:#0c4930;\n}\n.av-special-heading.av-moac1gzn-9e5cd9da196b3aa50aba90939e3be168 .av-subheading{\nfont-size:15px;\n}\n<\/style>\n<div  class='av-special-heading av-moac1gzn-9e5cd9da196b3aa50aba90939e3be168 av-special-heading-h3 custom-color-heading blockquote elegant-quote elegant-centered  avia-builder-el-6  el_before_av_textblock  avia-builder-el-first '><h3 class='av-special-heading-tag '  itemprop=\"headline\"  ><span class=\"heading-wrap\">Programa Traumatismos Dent\u00e1rios &#8211; SIEX 500011<\/span><\/h3><div class=\"special-heading-border\"><div class=\"special-heading-inner-border\"><\/div><\/div><\/div><br \/>\n<section  class='av_textblock_section av-moac6bqz-efbf092520055841bd3e2827a51b497f '   itemscope=\"itemscope\" itemtype=\"https:\/\/schema.org\/CreativeWork\" ><div class='avia_textblock'  itemprop=\"text\" ><h6 style=\"text-align: center\"><strong><span dir=\"auto\" style=\"vertical-align: inherit\">Coordenador(a) acad\u00eamico: Juliana Vilela Bastos<\/span><\/strong><\/h6>\n<\/div><\/section><\/p><\/div>\n\n<style type=\"text\/css\" data-created_by=\"avia_inline_auto\" id=\"style-css-av-moac52vb-2b72ccd974880528f710adfd6c6a33e0\">\n#top .hr.hr-invisible.av-moac52vb-2b72ccd974880528f710adfd6c6a33e0{\nheight:50px;\n}\n<\/style>\n<div  class='hr av-moac52vb-2b72ccd974880528f710adfd6c6a33e0 hr-invisible  avia-builder-el-8  el_after_av_one_full  el_before_av_one_half '><span class='hr-inner '><span class=\"hr-inner-style\"><\/span><\/span><\/div>\n<div  class='flex_column av-1prqek3-de6f7b798d5fc51213d4c70dad5d92cb av_one_half  avia-builder-el-9  el_after_av_hr  el_before_av_one_half  first flex_column_div  '     ><style type=\"text\/css\" data-created_by=\"avia_inline_auto\" id=\"style-css-av-moaceckd-88cc668bbe6d9bccce1b7d2c3174cefb\">\n.avia-image-container.av-moaceckd-88cc668bbe6d9bccce1b7d2c3174cefb img.avia_image{\nbox-shadow:none;\n}\n.avia-image-container.av-moaceckd-88cc668bbe6d9bccce1b7d2c3174cefb .av-image-caption-overlay-center{\ncolor:#ffffff;\n}\n<\/style>\n<div  class='avia-image-container av-moaceckd-88cc668bbe6d9bccce1b7d2c3174cefb av-styling- avia-align-center  avia-builder-el-10  avia-builder-el-no-sibling '   itemprop=\"image\" itemscope=\"itemscope\" itemtype=\"https:\/\/schema.org\/ImageObject\" ><div class=\"avia-image-container-inner\"><div class=\"avia-image-overlay-wrap\"><img decoding=\"async\" fetchpriority=\"high\" class='wp-image-18236 avia-img-lazy-loading-not-18236 avia_image ' src=\"https:\/\/www.odonto.ufmg.br\/cenex\/wp-content\/uploads\/sites\/2\/2026\/04\/52-845x684.png\" alt='' title='52'  height=\"684\" width=\"845\"  itemprop=\"thumbnailUrl\" srcset=\"https:\/\/www.odonto.ufmg.br\/cenex\/wp-content\/uploads\/sites\/2\/2026\/04\/52-845x684.png 845w, https:\/\/www.odonto.ufmg.br\/cenex\/wp-content\/uploads\/sites\/2\/2026\/04\/52-495x400.png 495w\" sizes=\"(max-width: 845px) 100vw, 845px\" \/><\/div><\/div><\/div><\/div><div  class='flex_column av-1a6lcwj-33f0204d824681cfb4a800c97d988802 av_one_half  avia-builder-el-11  el_after_av_one_half  el_before_av_one_full  flex_column_div  '     ><p>\n<style type=\"text\/css\" data-created_by=\"avia_inline_auto\" id=\"style-css-av-moacxmjo-2a759d58950a5621e5c8d2e188500558\">\n#top .hr.hr-invisible.av-moacxmjo-2a759d58950a5621e5c8d2e188500558{\nheight:50px;\n}\n<\/style>\n<div  class='hr av-moacxmjo-2a759d58950a5621e5c8d2e188500558 hr-invisible  avia-builder-el-12  el_before_av_textblock  avia-builder-el-first '><span class='hr-inner '><span class=\"hr-inner-style\"><\/span><\/span><\/div><br \/>\n\n<style type=\"text\/css\" data-created_by=\"avia_inline_auto\" id=\"style-css-av-moacdhu4-3be110b04a16f0e76ca28ae4a35e15a1\">\n#top .av_textblock_section.av-moacdhu4-3be110b04a16f0e76ca28ae4a35e15a1 .avia_textblock{\ncolor:#0c4930;\n}\n<\/style>\n<section  class='av_textblock_section av-moacdhu4-3be110b04a16f0e76ca28ae4a35e15a1 '   itemscope=\"itemscope\" itemtype=\"https:\/\/schema.org\/CreativeWork\" ><div class='avia_textblock av_inherit_color'  itemprop=\"text\" ><h5>PROJETOS VINCULADOS<\/h5>\n<\/div><\/section><br \/>\n<div  class='togglecontainer av-moacbat3-dd9ae696fb8edca8627f05aa016b91e5  avia-builder-el-14  el_after_av_textblock  avia-builder-el-last  toggle_close_all' >\n<section class='av_toggle_section av-moac9a5z-f2ead0b67ba31ddf3b5368ee65fa5ec2'  itemscope=\"itemscope\" itemtype=\"https:\/\/schema.org\/CreativeWork\" ><div role=\"tablist\" class=\"single_toggle\" data-tags=\"{Todos} \"  ><p id='toggle-toggle-id-1' data-fake-id='#toggle-id-1' class='toggler  av-title-above '  itemprop=\"headline\"  role='tab' tabindex='0' aria-controls='toggle-id-1' data-slide-speed=\"200\" data-title=\"Projeto de Extens\u00e3o Cl\u00ednica de Traumatismos Dent\u00e1rios - SIEX 400112;\" data-title-open=\"Ofertar cuidado integral ao paciente com LTDA viabilizando sua pronta reabilita\u00e7\u00e3o funcional, est\u00e9tica e social.\" data-aria_collapsed=\"Click to expand: Projeto de Extens\u00e3o Cl\u00ednica de Traumatismos Dent\u00e1rios - SIEX 400112;\" data-aria_expanded=\"Click to collapse: Projeto de Extens\u00e3o Cl\u00ednica de Traumatismos Dent\u00e1rios - SIEX 400112;\">Projeto de Extens\u00e3o Cl\u00ednica de Traumatismos Dent\u00e1rios - SIEX 400112;<span class=\"toggle_icon\"><span class=\"vert_icon\"><\/span><span class=\"hor_icon\"><\/span><\/span><\/p><div id='toggle-id-1' aria-labelledby='toggle-toggle-id-1' role='region' class='toggle_wrap  av-title-above'  ><div class='toggle_content invers-color '  itemprop=\"text\" ><\/div><\/div><\/div><\/section>\n<section class='av_toggle_section av-moac9qv8-5a487d93bc81b31afd8ba107e2e4a373'  itemscope=\"itemscope\" itemtype=\"https:\/\/schema.org\/CreativeWork\" ><div role=\"tablist\" class=\"single_toggle\" data-tags=\"{Todos} \"  ><p id='toggle-toggle-id-2' data-fake-id='#toggle-id-2' class='toggler  av-title-above '  itemprop=\"headline\"  role='tab' tabindex='0' aria-controls='toggle-id-2' data-slide-speed=\"200\" data-title=\"Atendimento Odontol\u00f3gica a Pacientes com Traumatismos Dent\u00e1rios na Denti\u00e7\u00e3o Dec\u00eddua - SIEX 400260;\" data-title-open=\"Oferecer \u00e0 comunidade um centro de refer\u00eancia para atendimento a crian\u00e7as com traumatismo na denti\u00e7\u00e3o dec\u00eddua, atuando n\u00e3o somente no atendimento cl\u00ednico, mas tamb\u00e9m, na rela\u00e7\u00e3o dial\u00f3gica com a comunidade atendida por meio das atividades desenvolvidas na sala de espera, al\u00e9m do desenvolvimento de pesquisas. Estas atividades desenvolvidas pelos alunos de gradua\u00e7\u00e3o e p\u00f3s-gradua\u00e7\u00e3o sob orienta\u00e7\u00e3o dos professores, buscam viabilizar troca de saberes entre comunidade atendida e equipe do projeto.\" data-aria_collapsed=\"Click to expand: Atendimento Odontol\u00f3gica a Pacientes com Traumatismos Dent\u00e1rios na Denti\u00e7\u00e3o Dec\u00eddua - SIEX 400260;\" data-aria_expanded=\"Click to collapse: Atendimento Odontol\u00f3gica a Pacientes com Traumatismos Dent\u00e1rios na Denti\u00e7\u00e3o Dec\u00eddua - SIEX 400260;\">Atendimento Odontol\u00f3gica a Pacientes com Traumatismos Dent\u00e1rios na Denti\u00e7\u00e3o Dec\u00eddua - SIEX 400260;<span class=\"toggle_icon\"><span class=\"vert_icon\"><\/span><span class=\"hor_icon\"><\/span><\/span><\/p><div id='toggle-id-2' aria-labelledby='toggle-toggle-id-2' role='region' class='toggle_wrap  av-title-above'  ><div class='toggle_content invers-color '  itemprop=\"text\" ><\/div><\/div><\/div><\/section>\n<section class='av_toggle_section av-moacabgi-f08a53d52b419acba21df76a36ce43b8'  itemscope=\"itemscope\" itemtype=\"https:\/\/schema.org\/CreativeWork\" ><div role=\"tablist\" class=\"single_toggle\" data-tags=\"{Todos} \"  ><p id='toggle-toggle-id-3' data-fake-id='#toggle-id-3' class='toggler  av-title-above '  itemprop=\"headline\"  role='tab' tabindex='0' aria-controls='toggle-id-3' data-slide-speed=\"200\" data-title=\"Projeto de Extens\u00e3o Restaura\u00e7\u00e3o de Dentes Traumatizados - SIEX 400259;\" data-title-open=\"O projeto tem como objetivo realizar o tratamento restaurador em pacientes v\u00edtimas de traumatismos dent\u00e1rios encaminhados \u00e0 FO-UFMG, em especial \u00e0 parcela da popula\u00e7\u00e3o usu\u00e1ria do SUS\/BH, viabilizando sua pronta reabilita\u00e7\u00e3o funcional, est\u00e9tica e social.\" data-aria_collapsed=\"Click to expand: Projeto de Extens\u00e3o Restaura\u00e7\u00e3o de Dentes Traumatizados - SIEX 400259;\" data-aria_expanded=\"Click to collapse: Projeto de Extens\u00e3o Restaura\u00e7\u00e3o de Dentes Traumatizados - SIEX 400259;\">Projeto de Extens\u00e3o Restaura\u00e7\u00e3o de Dentes Traumatizados - SIEX 400259;<span class=\"toggle_icon\"><span class=\"vert_icon\"><\/span><span class=\"hor_icon\"><\/span><\/span><\/p><div id='toggle-id-3' aria-labelledby='toggle-toggle-id-3' role='region' class='toggle_wrap  av-title-above'  ><div class='toggle_content invers-color '  itemprop=\"text\" ><\/div><\/div><\/div><\/section>\n<section class='av_toggle_section av-moacas9k-ab3aa28dfd7a233838e0f90707c5da06'  itemscope=\"itemscope\" itemtype=\"https:\/\/schema.org\/CreativeWork\" ><div role=\"tablist\" class=\"single_toggle\" data-tags=\"{Todos} \"  ><p id='toggle-toggle-id-4' data-fake-id='#toggle-id-4' class='toggler  av-title-above '  itemprop=\"headline\"  role='tab' tabindex='0' aria-controls='toggle-id-4' data-slide-speed=\"200\" data-title=\"Cl\u00ednica de Diagn\u00f3stico por Imagem para Pacientes com Les\u00f5es Traum\u00e1ticas Dento-Alveolares - SIEX 404224;\" data-title-open=\"Ofertar exames de imagens tridimensionais e bidimensionais em todas as etapas de tratamento para pacientes portadores de traumatismos dent\u00e1rios atendidos no PTD FAO UFMG.\" data-aria_collapsed=\"Click to expand: Cl\u00ednica de Diagn\u00f3stico por Imagem para Pacientes com Les\u00f5es Traum\u00e1ticas Dento-Alveolares - SIEX 404224;\" data-aria_expanded=\"Click to collapse: Cl\u00ednica de Diagn\u00f3stico por Imagem para Pacientes com Les\u00f5es Traum\u00e1ticas Dento-Alveolares - SIEX 404224;\">Cl\u00ednica de Diagn\u00f3stico por Imagem para Pacientes com Les\u00f5es Traum\u00e1ticas Dento-Alveolares - SIEX 404224;<span class=\"toggle_icon\"><span class=\"vert_icon\"><\/span><span class=\"hor_icon\"><\/span><\/span><\/p><div id='toggle-id-4' aria-labelledby='toggle-toggle-id-4' role='region' class='toggle_wrap  av-title-above'  ><div class='toggle_content invers-color '  itemprop=\"text\" ><\/div><\/div><\/div><\/section>\n<section class='av_toggle_section av-moacb629-09e48cd9117209a91c5f6bb0ea0d5b5c'  itemscope=\"itemscope\" itemtype=\"https:\/\/schema.org\/CreativeWork\" ><div role=\"tablist\" class=\"single_toggle\" data-tags=\"{Todos} \"  ><p id='toggle-toggle-id-5' data-fake-id='#toggle-id-5' class='toggler  av-title-above '  itemprop=\"headline\"  role='tab' tabindex='0' aria-controls='toggle-id-5' data-slide-speed=\"200\" data-title=\"Atendimento Ortod\u00f4ntico a Pacientes com Traumatismos Dent\u00e1rios - SIEX 400079;\" data-title-open=\"Prestar atendimento ortod\u00f4ntico de qualidade aos pacientes portadores de traumatismos dent\u00e1rios, prioritariamente adolescentes e adultos do munic\u00edpio de Belo Horizonte que s\u00e3o atendidos pela FO\/UFMG.\" data-aria_collapsed=\"Click to expand: Atendimento Ortod\u00f4ntico a Pacientes com Traumatismos Dent\u00e1rios - SIEX 400079;\" data-aria_expanded=\"Click to collapse: Atendimento Ortod\u00f4ntico a Pacientes com Traumatismos Dent\u00e1rios - SIEX 400079;\">Atendimento Ortod\u00f4ntico a Pacientes com Traumatismos Dent\u00e1rios - SIEX 400079;<span class=\"toggle_icon\"><span class=\"vert_icon\"><\/span><span class=\"hor_icon\"><\/span><\/span><\/p><div id='toggle-id-5' aria-labelledby='toggle-toggle-id-5' role='region' class='toggle_wrap  av-title-above'  ><div class='toggle_content invers-color '  itemprop=\"text\" ><\/div><\/div><\/div><\/section>\n<\/div><\/p><\/div><div  class='flex_column av-jt09bhv-a994ff23ccfa051d7c83958b46c5c5f1 av_one_full  avia-builder-el-15  el_after_av_one_half  el_before_av_hr  first flex_column_div  column-top-margin'     ><p>\n<style type=\"text\/css\" data-created_by=\"avia_inline_auto\" id=\"style-css-av-moaczjzn-baca9cd5d424292607b1dc465dd10728\">\n#top .av-special-heading.av-moaczjzn-baca9cd5d424292607b1dc465dd10728{\npadding-bottom:10px;\ncolor:#0c4930;\n}\nbody .av-special-heading.av-moaczjzn-baca9cd5d424292607b1dc465dd10728 .av-special-heading-tag .heading-char{\nfont-size:25px;\n}\n.av-special-heading.av-moaczjzn-baca9cd5d424292607b1dc465dd10728 .special-heading-inner-border{\nborder-color:#0c4930;\n}\n.av-special-heading.av-moaczjzn-baca9cd5d424292607b1dc465dd10728 .av-subheading{\nfont-size:15px;\n}\n<\/style>\n<div  class='av-special-heading av-moaczjzn-baca9cd5d424292607b1dc465dd10728 av-special-heading-h3 custom-color-heading blockquote elegant-quote elegant-centered  avia-builder-el-16  el_before_av_textblock  avia-builder-el-first '><h3 class='av-special-heading-tag '  itemprop=\"headline\"  ><span class=\"heading-wrap\">Programa Promo\u00e7\u00e3o de Sa\u00fade Bucal &#8211; SIEX 500026<\/span><\/h3><div class=\"special-heading-border\"><div class=\"special-heading-inner-border\"><\/div><\/div><\/div><br \/>\n<section  class='av_textblock_section av-moaczw6a-2cee8c1fef7a65a7df1c50d759d29c3d '   itemscope=\"itemscope\" itemtype=\"https:\/\/schema.org\/CreativeWork\" ><div class='avia_textblock'  itemprop=\"text\" ><h6 style=\"text-align: center\"><span dir=\"auto\" style=\"vertical-align: inherit\">Coordenador(a) acad\u00eamico: Andrea Clemente Palmier<\/span><\/h6>\n<\/div><\/section><\/p><\/div>\n<style type=\"text\/css\" data-created_by=\"avia_inline_auto\" id=\"style-css-av-jkxw7rn-b49a8776f80bd02994c92e0f026c30d2\">\n#top .hr.hr-invisible.av-jkxw7rn-b49a8776f80bd02994c92e0f026c30d2{\nheight:50px;\n}\n<\/style>\n<div  class='hr av-jkxw7rn-b49a8776f80bd02994c92e0f026c30d2 hr-invisible  avia-builder-el-18  el_after_av_one_full  el_before_av_one_half '><span class='hr-inner '><span class=\"hr-inner-style\"><\/span><\/span><\/div><\/p>\n<div  class='flex_column av-ivw2xrn-1b91865a8b984c4229e653677cc92d7b av_one_half  avia-builder-el-19  el_after_av_hr  el_before_av_one_half  first flex_column_div  '     ><style type=\"text\/css\" data-created_by=\"avia_inline_auto\" id=\"style-css-av-moad97vs-18ff6fc2baaadd12cae22152012319d3\">\n.avia-image-container.av-moad97vs-18ff6fc2baaadd12cae22152012319d3 img.avia_image{\nbox-shadow:none;\n}\n.avia-image-container.av-moad97vs-18ff6fc2baaadd12cae22152012319d3 .av-image-caption-overlay-center{\ncolor:#ffffff;\n}\n<\/style>\n<div  class='avia-image-container av-moad97vs-18ff6fc2baaadd12cae22152012319d3 av-styling- avia-align-center  avia-builder-el-20  avia-builder-el-no-sibling '   itemprop=\"image\" itemscope=\"itemscope\" itemtype=\"https:\/\/schema.org\/ImageObject\" ><div class=\"avia-image-container-inner\"><div class=\"avia-image-overlay-wrap\"><img decoding=\"async\" fetchpriority=\"high\" class='wp-image-18319 avia-img-lazy-loading-not-18319 avia_image ' src=\"https:\/\/www.odonto.ufmg.br\/cenex\/wp-content\/uploads\/sites\/2\/2026\/04\/1-Post-Instagram-7-845x684.png\" alt='' title='1 Post Instagram (7)'  height=\"684\" width=\"845\"  itemprop=\"thumbnailUrl\" srcset=\"https:\/\/www.odonto.ufmg.br\/cenex\/wp-content\/uploads\/sites\/2\/2026\/04\/1-Post-Instagram-7-845x684.png 845w, https:\/\/www.odonto.ufmg.br\/cenex\/wp-content\/uploads\/sites\/2\/2026\/04\/1-Post-Instagram-7-495x400.png 495w\" sizes=\"(max-width: 845px) 100vw, 845px\" \/><\/div><\/div><\/div><\/div><div  class='flex_column av-ijvjis3-a57be8c8c926fe119b43820c49eb70c0 av_one_half  avia-builder-el-21  el_after_av_one_half  el_before_av_one_full  flex_column_div  '     ><p>\n<style type=\"text\/css\" data-created_by=\"avia_inline_auto\" id=\"style-css-av-i9limb7-ec8986f87233706c25c4428459bdd449\">\n#top .hr.hr-invisible.av-i9limb7-ec8986f87233706c25c4428459bdd449{\nheight:50px;\n}\n<\/style>\n<div  class='hr av-i9limb7-ec8986f87233706c25c4428459bdd449 hr-invisible  avia-builder-el-22  el_before_av_textblock  avia-builder-el-first '><span class='hr-inner '><span class=\"hr-inner-style\"><\/span><\/span><\/div><br \/>\n\n<style type=\"text\/css\" data-created_by=\"avia_inline_auto\" id=\"style-css-av-htjgv2r-62a706c83ff896bb497af7225d77870d\">\n#top .av_textblock_section.av-htjgv2r-62a706c83ff896bb497af7225d77870d .avia_textblock{\ncolor:#0c4930;\n}\n<\/style>\n<section  class='av_textblock_section av-htjgv2r-62a706c83ff896bb497af7225d77870d '   itemscope=\"itemscope\" itemtype=\"https:\/\/schema.org\/CreativeWork\" ><div class='avia_textblock av_inherit_color'  itemprop=\"text\" ><h5>PROJETOS VINCULADOS<\/h5>\n<\/div><\/section><br \/>\n<div  class='togglecontainer av-moadfg93-996e85c37b1fa8f55f07766b97239e94  avia-builder-el-24  el_after_av_textblock  avia-builder-el-last  toggle_close_all' >\n<section class='av_toggle_section av-moada6dc-763477d6e4339f92c137ed1fcd9ed516'  itemscope=\"itemscope\" itemtype=\"https:\/\/schema.org\/CreativeWork\" ><div role=\"tablist\" class=\"single_toggle\" data-tags=\"{Todos} \"  ><p id='toggle-toggle-id-6' data-fake-id='#toggle-id-6' class='toggler  av-title-above '  itemprop=\"headline\"  role='tab' tabindex='0' aria-controls='toggle-id-6' data-slide-speed=\"200\" data-title=\"Viva Sorriso: Promo\u00e7\u00e3o de sa\u00fade \u2013 SIEX 401256\" data-title-open=\"O objetivo \u00e9 a promo\u00e7\u00e3o de sa\u00fade na comunidade escolar e em n\u00facleos familiares, atrav\u00e9s de atividades voltadas aos funcion\u00e1rios das escolas, incentivando-os a adotarem h\u00e1bitos saud\u00e1veis de alimenta\u00e7\u00e3o, auto-cuidado e higiene, trabalhando o respeito nos ambientes familiares, escolares e comunit\u00e1rios, contribuindo para a melhoria da sa\u00fade, da conviv\u00eancia e da qualidade de vida.\" data-aria_collapsed=\"Click to expand: Viva Sorriso: Promo\u00e7\u00e3o de sa\u00fade \u2013 SIEX 401256\" data-aria_expanded=\"Click to collapse: Viva Sorriso: Promo\u00e7\u00e3o de sa\u00fade \u2013 SIEX 401256\">Viva Sorriso: Promo\u00e7\u00e3o de sa\u00fade \u2013 SIEX 401256<span class=\"toggle_icon\"><span class=\"vert_icon\"><\/span><span class=\"hor_icon\"><\/span><\/span><\/p><div id='toggle-id-6' aria-labelledby='toggle-toggle-id-6' role='region' class='toggle_wrap  av-title-above'  ><div class='toggle_content invers-color '  itemprop=\"text\" ><\/div><\/div><\/div><\/section>\n<section class='av_toggle_section av-moadb0rf-30b4b5d46c505641755e97a638d04086'  itemscope=\"itemscope\" itemtype=\"https:\/\/schema.org\/CreativeWork\" ><div role=\"tablist\" class=\"single_toggle\" data-tags=\"{Todos} \"  ><p id='toggle-toggle-id-7' data-fake-id='#toggle-id-7' class='toggler  av-title-above '  itemprop=\"headline\"  role='tab' tabindex='0' aria-controls='toggle-id-7' data-slide-speed=\"200\" data-title=\"Promo\u00e7\u00e3o de sa\u00fade bucal para adolescentes \u2013 SIEX 400151\" data-title-open=\"A partir de uma pr\u00e1tica de promo\u00e7\u00e3o da sa\u00fade, proporcionar atendimento odontol\u00f3gico para adolescentes; al\u00e9m de promover discuss\u00e3o, produ\u00e7\u00e3o de material e divulga\u00e7\u00e3o de conte\u00fados relacionados ao p\u00fablico adolescente.\" data-aria_collapsed=\"Click to expand: Promo\u00e7\u00e3o de sa\u00fade bucal para adolescentes \u2013 SIEX 400151\" data-aria_expanded=\"Click to collapse: Promo\u00e7\u00e3o de sa\u00fade bucal para adolescentes \u2013 SIEX 400151\">Promo\u00e7\u00e3o de sa\u00fade bucal para adolescentes \u2013 SIEX 400151<span class=\"toggle_icon\"><span class=\"vert_icon\"><\/span><span class=\"hor_icon\"><\/span><\/span><\/p><div id='toggle-id-7' aria-labelledby='toggle-toggle-id-7' role='region' class='toggle_wrap  av-title-above'  ><div class='toggle_content invers-color '  itemprop=\"text\" ><\/div><\/div><\/div><\/section>\n<section class='av_toggle_section av-moadbvkw-286adf20114375c111a43a4f623059f1'  itemscope=\"itemscope\" itemtype=\"https:\/\/schema.org\/CreativeWork\" ><div role=\"tablist\" class=\"single_toggle\" data-tags=\"{Todos} \"  ><p id='toggle-toggle-id-8' data-fake-id='#toggle-id-8' class='toggler  av-title-above '  itemprop=\"headline\"  role='tab' tabindex='0' aria-controls='toggle-id-8' data-slide-speed=\"200\" data-title=\"Escolas Saud\u00e1veis \u2013 SIEX 400356\" data-title-open=\"Contribuir para consolidar a estrat\u00e9gia das EPS e fortalecer o PSE, por meio de a\u00e7\u00f5es educativas, intersetoriais e formativas que envolvam crian\u00e7as, adolescentes, fam\u00edlias, profissionais da educa\u00e7\u00e3o e da sa\u00fade, e a comunidade escolar, promovendo reflex\u00f5es sobre valores, realidades sociais e direitos humanos - como \u00e0 sa\u00fade e \u00e0 educa\u00e7\u00e3o de qualidade - qualificando profissionais e incentivando habilidades para o exerc\u00edcio da cidadania, desenvolvimento humano e a melhoria da qualidade de vida.  \" data-aria_collapsed=\"Click to expand: Escolas Saud\u00e1veis \u2013 SIEX 400356\" data-aria_expanded=\"Click to collapse: Escolas Saud\u00e1veis \u2013 SIEX 400356\">Escolas Saud\u00e1veis \u2013 SIEX 400356<span class=\"toggle_icon\"><span class=\"vert_icon\"><\/span><span class=\"hor_icon\"><\/span><\/span><\/p><div id='toggle-id-8' aria-labelledby='toggle-toggle-id-8' role='region' class='toggle_wrap  av-title-above'  ><div class='toggle_content invers-color '  itemprop=\"text\" ><\/div><\/div><\/div><\/section>\n<section class='av_toggle_section av-moaddh8z-19e4542f0e2c918c27c18a69bf9263ff'  itemscope=\"itemscope\" itemtype=\"https:\/\/schema.org\/CreativeWork\" ><div role=\"tablist\" class=\"single_toggle\" data-tags=\"{Todos} \"  ><p id='toggle-toggle-id-9' data-fake-id='#toggle-id-9' class='toggler  av-title-above '  itemprop=\"headline\"  role='tab' tabindex='0' aria-controls='toggle-id-9' data-slide-speed=\"200\" data-title=\"Caravana da Sa\u00fade \u2013 SIEX 400158\" data-title-open=\"O objetivo do projeto \u00e9 divulgar informa\u00e7\u00f5es sobre sa\u00fade bucal, com base na teoria da Promo\u00e7\u00e3o de Sa\u00fade, incluindo higieniza\u00e7\u00e3o bucal, dieta, traumatismo dent\u00e1rio, principais doen\u00e7as bucais como c\u00e1rie, doen\u00e7a periodontal, c\u00e2ncer bucal, dentre outras, sejam repassadas a popula\u00e7\u00e3o de Belo Horizonte e as cidades da regi\u00e3o metropolitana.\" data-aria_collapsed=\"Click to expand: Caravana da Sa\u00fade \u2013 SIEX 400158\" data-aria_expanded=\"Click to collapse: Caravana da Sa\u00fade \u2013 SIEX 400158\">Caravana da Sa\u00fade \u2013 SIEX 400158<span class=\"toggle_icon\"><span class=\"vert_icon\"><\/span><span class=\"hor_icon\"><\/span><\/span><\/p><div id='toggle-id-9' aria-labelledby='toggle-toggle-id-9' role='region' class='toggle_wrap  av-title-above'  ><div class='toggle_content invers-color '  itemprop=\"text\" ><\/div><\/div><\/div><\/section>\n<section class='av_toggle_section av-moade65k-be59f2ef76abad443d5e35f1e8f7929c'  itemscope=\"itemscope\" itemtype=\"https:\/\/schema.org\/CreativeWork\" ><div role=\"tablist\" class=\"single_toggle\" data-tags=\"{Todos} \"  ><p id='toggle-toggle-id-10' data-fake-id='#toggle-id-10' class='toggler  av-title-above '  itemprop=\"headline\"  role='tab' tabindex='0' aria-controls='toggle-id-10' data-slide-speed=\"200\" data-title=\"Tal m\u00e3e. tal filho \u2013 Promo\u00e7\u00e3o de Sa\u00fade Bucal para Gestantes \u2013 SIEX 403342\" data-title-open=\"Proporcionar cuidado de sa\u00fade bucal \u00e0 gestante (pr\u00e9-natal odontol\u00f3gico), atrav\u00e9s da promo\u00e7\u00e3o da sa\u00fade, a partir da perspectiva do empoderamento da mulher-gestante e da forma\u00e7\u00e3o qualificada de recursos humanos.\" data-aria_collapsed=\"Click to expand: Tal m\u00e3e. tal filho \u2013 Promo\u00e7\u00e3o de Sa\u00fade Bucal para Gestantes \u2013 SIEX 403342\" data-aria_expanded=\"Click to collapse: Tal m\u00e3e. tal filho \u2013 Promo\u00e7\u00e3o de Sa\u00fade Bucal para Gestantes \u2013 SIEX 403342\">Tal m\u00e3e. tal filho \u2013 Promo\u00e7\u00e3o de Sa\u00fade Bucal para Gestantes \u2013 SIEX 403342<span class=\"toggle_icon\"><span class=\"vert_icon\"><\/span><span class=\"hor_icon\"><\/span><\/span><\/p><div id='toggle-id-10' aria-labelledby='toggle-toggle-id-10' role='region' class='toggle_wrap  av-title-above'  ><div class='toggle_content invers-color '  itemprop=\"text\" ><\/div><\/div><\/div><\/section>\n<section class='av_toggle_section av-moadet8e-1020212f5377b43478b348694a15fcd4'  itemscope=\"itemscope\" itemtype=\"https:\/\/schema.org\/CreativeWork\" ><div role=\"tablist\" class=\"single_toggle\" data-tags=\"{Todos} \"  ><p id='toggle-toggle-id-11' data-fake-id='#toggle-id-11' class='toggler  av-title-above '  itemprop=\"headline\"  role='tab' tabindex='0' aria-controls='toggle-id-11' data-slide-speed=\"200\" data-title=\"Alimenta\u00e7\u00e3o Saud\u00e1vel \u2013 SIEX 401500\" data-title-open=\"Contribuir na forma\u00e7\u00e3o de estudantes no sentido de desenvolverem capacidade de reflex\u00e3o sobre seus valores e sobre seu papel frente \u00e0 realidade social, para que se tornem protagonistas de suas vidas e lideran\u00e7as motivadas com a universidade e com as quest\u00f5es sociais\" data-aria_collapsed=\"Click to expand: Alimenta\u00e7\u00e3o Saud\u00e1vel \u2013 SIEX 401500\" data-aria_expanded=\"Click to collapse: Alimenta\u00e7\u00e3o Saud\u00e1vel \u2013 SIEX 401500\">Alimenta\u00e7\u00e3o Saud\u00e1vel \u2013 SIEX 401500<span class=\"toggle_icon\"><span class=\"vert_icon\"><\/span><span class=\"hor_icon\"><\/span><\/span><\/p><div id='toggle-id-11' aria-labelledby='toggle-toggle-id-11' role='region' class='toggle_wrap  av-title-above'  ><div class='toggle_content invers-color '  itemprop=\"text\" ><p><span dir=\"auto\" style=\"vertical-align: inherit\"><span dir=\"auto\" style=\"vertical-align: inherit\">Alternar conte\u00fado aqui<\/span><\/span><\/p>\n<\/div><\/div><\/div><\/section>\n<section class='av_toggle_section av-moadfegj-952475065f12649a4394194617291f91'  itemscope=\"itemscope\" itemtype=\"https:\/\/schema.org\/CreativeWork\" ><div role=\"tablist\" class=\"single_toggle\" data-tags=\"{Todos} \"  ><p id='toggle-toggle-id-12' data-fake-id='#toggle-id-12' class='toggler  av-title-above '  itemprop=\"headline\"  role='tab' tabindex='0' aria-controls='toggle-id-12' data-slide-speed=\"200\" data-title=\"Humaniza\u00e7\u00e3o do Atendimento na Faculdade de Odontologia-UFMG \u2013 SIEX 402947\" data-title-open=\"Desenvolver pr\u00e1ticas do cuidado humanizado enfocando a dimens\u00e3o subjetiva do paciente.\" data-aria_collapsed=\"Click to expand: Humaniza\u00e7\u00e3o do Atendimento na Faculdade de Odontologia-UFMG \u2013 SIEX 402947\" data-aria_expanded=\"Click to collapse: Humaniza\u00e7\u00e3o do Atendimento na Faculdade de Odontologia-UFMG \u2013 SIEX 402947\">Humaniza\u00e7\u00e3o do Atendimento na Faculdade de Odontologia-UFMG \u2013 SIEX 402947<span class=\"toggle_icon\"><span class=\"vert_icon\"><\/span><span class=\"hor_icon\"><\/span><\/span><\/p><div id='toggle-id-12' aria-labelledby='toggle-toggle-id-12' role='region' class='toggle_wrap  av-title-above'  ><div class='toggle_content invers-color '  itemprop=\"text\" ><p><span dir=\"auto\" style=\"vertical-align: inherit\"><span dir=\"auto\" style=\"vertical-align: inherit\">Alternar conte\u00fado aqui<\/span><\/span><\/p>\n<\/div><\/div><\/div><\/section>\n<\/div><\/p><\/div><div  class='flex_column av-hdj7enn-346f47239fc484c196a875e69e031aa8 av_one_full  avia-builder-el-25  el_after_av_one_half  el_before_av_hr  first flex_column_div  column-top-margin'     ><p>\n<style type=\"text\/css\" data-created_by=\"avia_inline_auto\" id=\"style-css-av-moadi43n-773d87567ba01676ba1e8e1e39086fa1\">\n#top .av-special-heading.av-moadi43n-773d87567ba01676ba1e8e1e39086fa1{\npadding-bottom:10px;\ncolor:#0c4930;\n}\nbody .av-special-heading.av-moadi43n-773d87567ba01676ba1e8e1e39086fa1 .av-special-heading-tag .heading-char{\nfont-size:25px;\n}\n.av-special-heading.av-moadi43n-773d87567ba01676ba1e8e1e39086fa1 .special-heading-inner-border{\nborder-color:#0c4930;\n}\n.av-special-heading.av-moadi43n-773d87567ba01676ba1e8e1e39086fa1 .av-subheading{\nfont-size:15px;\n}\n<\/style>\n<div  class='av-special-heading av-moadi43n-773d87567ba01676ba1e8e1e39086fa1 av-special-heading-h3 custom-color-heading blockquote elegant-quote elegant-centered  avia-builder-el-26  el_before_av_textblock  avia-builder-el-first '><h3 class='av-special-heading-tag '  itemprop=\"headline\"  ><span class=\"heading-wrap\">Programa de Assist\u00eancia Odontol\u00f3gica a Pacientes de Transplantes da UFMG &#8211; SIEX 500327<\/span><\/h3><div class=\"special-heading-border\"><div class=\"special-heading-inner-border\"><\/div><\/div><\/div><br \/>\n<section  class='av_textblock_section av-moadieck-82dfa5a18f7d0e18677a37a810813d10 '   itemscope=\"itemscope\" itemtype=\"https:\/\/schema.org\/CreativeWork\" ><div class='avia_textblock'  itemprop=\"text\" ><h6 style=\"text-align: center\">Coordenador(a) acad\u00eamico: Danilo Rocha Dias<\/h6>\n<\/div><\/section><\/p><\/div>\n<style type=\"text\/css\" data-created_by=\"avia_inline_auto\" id=\"style-css-av-gznqv9v-c4b42f72c283ae5c0b6997589c274064\">\n#top .hr.hr-invisible.av-gznqv9v-c4b42f72c283ae5c0b6997589c274064{\nheight:50px;\n}\n<\/style>\n<div  class='hr av-gznqv9v-c4b42f72c283ae5c0b6997589c274064 hr-invisible  avia-builder-el-28  el_after_av_one_full  el_before_av_one_half '><span class='hr-inner '><span class=\"hr-inner-style\"><\/span><\/span><\/div><\/p>\n<div  class='flex_column av-g6quqcz-0f2a232c3f281d405d4fa4da8ece6dd1 av_one_half  avia-builder-el-29  el_after_av_hr  el_before_av_one_half  first flex_column_div  '     ><style type=\"text\/css\" data-created_by=\"avia_inline_auto\" id=\"style-css-av-moadim9n-93f1def03fd8ae3c1efebbd4e703ea13\">\n.avia-image-container.av-moadim9n-93f1def03fd8ae3c1efebbd4e703ea13 img.avia_image{\nbox-shadow:none;\n}\n.avia-image-container.av-moadim9n-93f1def03fd8ae3c1efebbd4e703ea13 .av-image-caption-overlay-center{\ncolor:#ffffff;\n}\n<\/style>\n<div  class='avia-image-container av-moadim9n-93f1def03fd8ae3c1efebbd4e703ea13 av-styling- avia-align-center  avia-builder-el-30  avia-builder-el-no-sibling '   itemprop=\"image\" itemscope=\"itemscope\" itemtype=\"https:\/\/schema.org\/ImageObject\" ><div class=\"avia-image-container-inner\"><div class=\"avia-image-overlay-wrap\"><img decoding=\"async\" fetchpriority=\"high\" class='wp-image-18262 avia-img-lazy-loading-not-18262 avia_image ' src=\"https:\/\/www.odonto.ufmg.br\/cenex\/wp-content\/uploads\/sites\/2\/2026\/04\/76-845x684.png\" alt='' title='76'  height=\"684\" width=\"845\"  itemprop=\"thumbnailUrl\" srcset=\"https:\/\/www.odonto.ufmg.br\/cenex\/wp-content\/uploads\/sites\/2\/2026\/04\/76-845x684.png 845w, https:\/\/www.odonto.ufmg.br\/cenex\/wp-content\/uploads\/sites\/2\/2026\/04\/76-495x400.png 495w\" sizes=\"(max-width: 845px) 100vw, 845px\" \/><\/div><\/div><\/div><\/div><div  class='flex_column av-frs7vdf-233371e44ce150f78e1ba7631b5a0f3c av_one_half  avia-builder-el-31  el_after_av_one_half  el_before_av_one_full  flex_column_div  '     ><p>\n<style type=\"text\/css\" data-created_by=\"avia_inline_auto\" id=\"style-css-av-ffhqikz-6f11fe9b5d733648b9332688d5ffee16\">\n#top .hr.hr-invisible.av-ffhqikz-6f11fe9b5d733648b9332688d5ffee16{\nheight:50px;\n}\n<\/style>\n<div  class='hr av-ffhqikz-6f11fe9b5d733648b9332688d5ffee16 hr-invisible  avia-builder-el-32  el_before_av_textblock  avia-builder-el-first '><span class='hr-inner '><span class=\"hr-inner-style\"><\/span><\/span><\/div><br \/>\n\n<style type=\"text\/css\" data-created_by=\"avia_inline_auto\" id=\"style-css-av-1iewsoj-a47ecbf8a118c58bb4c151f304d677d0\">\n#top .av_textblock_section.av-1iewsoj-a47ecbf8a118c58bb4c151f304d677d0 .avia_textblock{\ncolor:#0c4930;\n}\n<\/style>\n<section  class='av_textblock_section av-1iewsoj-a47ecbf8a118c58bb4c151f304d677d0 '   itemscope=\"itemscope\" itemtype=\"https:\/\/schema.org\/CreativeWork\" ><div class='avia_textblock av_inherit_color'  itemprop=\"text\" ><h5>PROJETOS VINCULADOS<\/h5>\n<\/div><\/section><br \/>\n<div  class='togglecontainer av-moadnkpc-82ace60e7baddf9ca55cdc3b8833d054  avia-builder-el-34  el_after_av_textblock  avia-builder-el-last  toggle_close_all' >\n<section class='av_toggle_section av-moadjny4-774701ecb7a9e4dc5a2979352bb0f3ca'  itemscope=\"itemscope\" itemtype=\"https:\/\/schema.org\/CreativeWork\" ><div role=\"tablist\" class=\"single_toggle\" data-tags=\"{Todos} \"  ><p id='toggle-toggle-id-13' data-fake-id='#toggle-id-13' class='toggler  av-title-above '  itemprop=\"headline\"  role='tab' tabindex='0' aria-controls='toggle-id-13' data-slide-speed=\"200\" data-title=\"Assist\u00eancia Odontol\u00f3gica a Pacientes de Transplante de Medula \u00d3ssea \u2013 SIEX 400041\" data-title-open=\"Assist\u00eancia odontol\u00f3gica integral aos pacientes dos servi\u00e7os de transplante de c\u00e9lulas tronco hematopoi\u00e9ticas do Hospital das Cl\u00ednicas da UFMG, nas fases pr\u00e9 e p\u00f3s-transplante. Treinamento do corpo discente no planejamento do atendimento odontol\u00f3gico de pacientes transplantados de c\u00e9lulas tronco hematpoi\u00e9ticas.\" data-aria_collapsed=\"Click to expand: Assist\u00eancia Odontol\u00f3gica a Pacientes de Transplante de Medula \u00d3ssea \u2013 SIEX 400041\" data-aria_expanded=\"Click to collapse: Assist\u00eancia Odontol\u00f3gica a Pacientes de Transplante de Medula \u00d3ssea \u2013 SIEX 400041\">Assist\u00eancia Odontol\u00f3gica a Pacientes de Transplante de Medula \u00d3ssea \u2013 SIEX 400041<span class=\"toggle_icon\"><span class=\"vert_icon\"><\/span><span class=\"hor_icon\"><\/span><\/span><\/p><div id='toggle-id-13' aria-labelledby='toggle-toggle-id-13' role='region' class='toggle_wrap  av-title-above'  ><div class='toggle_content invers-color '  itemprop=\"text\" ><\/div><\/div><\/div><\/section>\n<section class='av_toggle_section av-moadkfmz-f033c1ccf1e23045b55fb175743ac569'  itemscope=\"itemscope\" itemtype=\"https:\/\/schema.org\/CreativeWork\" ><div role=\"tablist\" class=\"single_toggle\" data-tags=\"{Todos} \"  ><p id='toggle-toggle-id-14' data-fake-id='#toggle-id-14' class='toggler  av-title-above '  itemprop=\"headline\"  role='tab' tabindex='0' aria-controls='toggle-id-14' data-slide-speed=\"200\" data-title=\"Assist\u00eancia Odontol\u00f3gica a Pacientes de Transplante de Rins \u2013 SIEX 402603\" data-title-open=\"Assist\u00eancia odontol\u00f3gica integral aos pacientes dos servi\u00e7os de transplante do Hospital das Cl\u00ednicas da UFMG, nas fases pr\u00e9 e p\u00f3s-transplante renal. Atendimento multidisciplinar acompanhado por docentes das v\u00e1rias especialidades da Odontologia e por docente do curso de Farm\u00e1cia para supervis\u00e3o dos volunt\u00e1rios que atuar\u00e3o no projeto e programa.\" data-aria_collapsed=\"Click to expand: Assist\u00eancia Odontol\u00f3gica a Pacientes de Transplante de Rins \u2013 SIEX 402603\" data-aria_expanded=\"Click to collapse: Assist\u00eancia Odontol\u00f3gica a Pacientes de Transplante de Rins \u2013 SIEX 402603\">Assist\u00eancia Odontol\u00f3gica a Pacientes de Transplante de Rins \u2013 SIEX 402603<span class=\"toggle_icon\"><span class=\"vert_icon\"><\/span><span class=\"hor_icon\"><\/span><\/span><\/p><div id='toggle-id-14' aria-labelledby='toggle-toggle-id-14' role='region' class='toggle_wrap  av-title-above'  ><div class='toggle_content invers-color '  itemprop=\"text\" ><\/div><\/div><\/div><\/section>\n<section class='av_toggle_section av-moadlh8c-2219884d493a3297edae35dc6260d5eb'  itemscope=\"itemscope\" itemtype=\"https:\/\/schema.org\/CreativeWork\" ><div role=\"tablist\" class=\"single_toggle\" data-tags=\"{Todos} \"  ><p id='toggle-toggle-id-15' data-fake-id='#toggle-id-15' class='toggler  av-title-above '  itemprop=\"headline\"  role='tab' tabindex='0' aria-controls='toggle-id-15' data-slide-speed=\"200\" data-title=\"Assist\u00eancia Odontol\u00f3gica a Pacientes de Transplante de F\u00edgado \u2013 SIEX 402105\" data-title-open=\"Realizar assist\u00eancia odontol\u00f3gica integral aos pacientes dos servi\u00e7os de transplante do Hospital das Cl\u00ednicas da UFMG, nas fases pr\u00e9 e p\u00f3s-transplante. Atender de forma multidisciplinar acompanhado por docentes das v\u00e1rias especialidades da Odontologia e por docente do curso de Farm\u00e1cia. Instruir os pacientes sobre os cuidados e medidas preventivas a serem tomados devido a pandemia de COVID-19. Propor protocolos de controle de infec\u00e7\u00e3o cruzada.\" data-aria_collapsed=\"Click to expand: Assist\u00eancia Odontol\u00f3gica a Pacientes de Transplante de F\u00edgado \u2013 SIEX 402105\" data-aria_expanded=\"Click to collapse: Assist\u00eancia Odontol\u00f3gica a Pacientes de Transplante de F\u00edgado \u2013 SIEX 402105\">Assist\u00eancia Odontol\u00f3gica a Pacientes de Transplante de F\u00edgado \u2013 SIEX 402105<span class=\"toggle_icon\"><span class=\"vert_icon\"><\/span><span class=\"hor_icon\"><\/span><\/span><\/p><div id='toggle-id-15' aria-labelledby='toggle-toggle-id-15' role='region' class='toggle_wrap  av-title-above'  ><div class='toggle_content invers-color '  itemprop=\"text\" ><\/div><\/div><\/div><\/section>\n<section class='av_toggle_section av-moadmjy1-49a5a9dbc432ae3d7591f3a53a08219c'  itemscope=\"itemscope\" itemtype=\"https:\/\/schema.org\/CreativeWork\" ><div role=\"tablist\" class=\"single_toggle\" data-tags=\"{Todos} \"  ><p id='toggle-toggle-id-16' data-fake-id='#toggle-id-16' class='toggler  av-title-above '  itemprop=\"headline\"  role='tab' tabindex='0' aria-controls='toggle-id-16' data-slide-speed=\"200\" data-title=\"Gerenciamento do Banco de Dados do Programa de Extens\u00e3o Assist\u00eancia Odontol\u00f3gica a Pacientes de Transplante da UFMG \u2013 SIEX 401546\" data-title-open=\"Apoiar coordena\u00e7\u00e3o geral do PROGRAMA DE ASSIST\u00caNCIA ODONTOL\u00d3GICA A PACIENTES DE TRANSPLANTE DA UFMG no que tange \u00e0 administra\u00e7\u00e3o e gest\u00e3o das informa\u00e7\u00f5es acad\u00eamicas e administrativas dos 3 projetos de assist\u00eancia: medula, f\u00edgado e rins e proporcionar aos bolsistas o aprimoramento de sua forma\u00e7\u00e3o acad\u00eamica permitindo sua intera\u00e7\u00e3o com os v\u00e1rios ambientes de aprendizado na cl\u00ednica, na atividade de pesquisa e nos ambientes administrativos, dentro e fora da unidade acad\u00eamica.  \" data-aria_collapsed=\"Click to expand: Gerenciamento do Banco de Dados do Programa de Extens\u00e3o Assist\u00eancia Odontol\u00f3gica a Pacientes de Transplante da UFMG \u2013 SIEX 401546\" data-aria_expanded=\"Click to collapse: Gerenciamento do Banco de Dados do Programa de Extens\u00e3o Assist\u00eancia Odontol\u00f3gica a Pacientes de Transplante da UFMG \u2013 SIEX 401546\">Gerenciamento do Banco de Dados do Programa de Extens\u00e3o Assist\u00eancia Odontol\u00f3gica a Pacientes de Transplante da UFMG \u2013 SIEX 401546<span class=\"toggle_icon\"><span class=\"vert_icon\"><\/span><span class=\"hor_icon\"><\/span><\/span><\/p><div id='toggle-id-16' aria-labelledby='toggle-toggle-id-16' role='region' class='toggle_wrap  av-title-above'  ><div class='toggle_content invers-color '  itemprop=\"text\" ><\/div><\/div><\/div><\/section>\n<section class='av_toggle_section av-moadnixg-e2ea600bccf4d5eae6abd6b26a5ecdc4'  itemscope=\"itemscope\" itemtype=\"https:\/\/schema.org\/CreativeWork\" ><div role=\"tablist\" class=\"single_toggle\" data-tags=\"{Todos} \"  ><p id='toggle-toggle-id-17' data-fake-id='#toggle-id-17' class='toggler  av-title-above '  itemprop=\"headline\"  role='tab' tabindex='0' aria-controls='toggle-id-17' data-slide-speed=\"200\" data-title=\"Restabelecimento est\u00e9tico e funcional da cavidade oral de pacientes com acometimento gastrointestinal e pacientes de transplantes da UFMG \u2013 SIEX 403442\" data-title-open=\"Reabilitar e realizar a manuten\u00e7\u00e3o peri\u00f3dica de pacientes com acometimento gastrointestinal e pacientes transplantados do HC-UFMG por meio de pr\u00f3teses parciais remov\u00edveis, pr\u00f3teses totais remov\u00edveis mediatas e imediatas. Al\u00e9m de estimular o cuidado e o autocuidado do paciente portador de doen\u00e7as sist\u00eamicas, a partir de uma pr\u00e1tica de Promo\u00e7\u00e3o da Sa\u00fade, com vistas ao empoderamento e \u00e0 autonomia dos pacientes.\" data-aria_collapsed=\"Click to expand: Restabelecimento est\u00e9tico e funcional da cavidade oral de pacientes com acometimento gastrointestinal e pacientes de transplantes da UFMG \u2013 SIEX 403442\" data-aria_expanded=\"Click to collapse: Restabelecimento est\u00e9tico e funcional da cavidade oral de pacientes com acometimento gastrointestinal e pacientes de transplantes da UFMG \u2013 SIEX 403442\">Restabelecimento est\u00e9tico e funcional da cavidade oral de pacientes com acometimento gastrointestinal e pacientes de transplantes da UFMG \u2013 SIEX 403442<span class=\"toggle_icon\"><span class=\"vert_icon\"><\/span><span class=\"hor_icon\"><\/span><\/span><\/p><div id='toggle-id-17' aria-labelledby='toggle-toggle-id-17' role='region' class='toggle_wrap  av-title-above'  ><div class='toggle_content invers-color '  itemprop=\"text\" ><\/div><\/div><\/div><\/section>\n<\/div><\/p><\/div><div  class='flex_column av-emqfur7-4960ab9d33e66205a32b0acd27a70732 av_one_full  avia-builder-el-35  el_after_av_one_half  el_before_av_hr  first flex_column_div  column-top-margin'     ><p>\n<style type=\"text\/css\" data-created_by=\"avia_inline_auto\" id=\"style-css-av-moadqcjp-17fc62ffba3392926df5a12086c2329d\">\n#top .av-special-heading.av-moadqcjp-17fc62ffba3392926df5a12086c2329d{\npadding-bottom:10px;\ncolor:#0c4930;\n}\nbody .av-special-heading.av-moadqcjp-17fc62ffba3392926df5a12086c2329d .av-special-heading-tag .heading-char{\nfont-size:25px;\n}\n.av-special-heading.av-moadqcjp-17fc62ffba3392926df5a12086c2329d .special-heading-inner-border{\nborder-color:#0c4930;\n}\n.av-special-heading.av-moadqcjp-17fc62ffba3392926df5a12086c2329d .av-subheading{\nfont-size:15px;\n}\n<\/style>\n<div  class='av-special-heading av-moadqcjp-17fc62ffba3392926df5a12086c2329d av-special-heading-h3 custom-color-heading blockquote elegant-quote elegant-centered  avia-builder-el-36  el_before_av_textblock  avia-builder-el-first '><h3 class='av-special-heading-tag '  itemprop=\"headline\"  ><span class=\"heading-wrap\">Programa Aten\u00e7\u00e3o \u00e0 Sa\u00fade de Idosos em Situa\u00e7\u00e3o de vulnerabilidade cl\u00ednico-funcional &#8211; SIEX 500376<\/span><\/h3><div class=\"special-heading-border\"><div class=\"special-heading-inner-border\"><\/div><\/div><\/div><br \/>\n<section  class='av_textblock_section av-moadqjbp-53576f9dfb073bd4680912161ea0c078 '   itemscope=\"itemscope\" itemtype=\"https:\/\/schema.org\/CreativeWork\" ><div class='avia_textblock'  itemprop=\"text\" ><h6 style=\"text-align: center\"><span dir=\"auto\" style=\"vertical-align: inherit\"><span dir=\"auto\" style=\"vertical-align: inherit\">Coordenador(a) acad\u00eamico: Kevan Guilherme Nobrega Barbosa<\/span><\/span><\/h6>\n<\/div><\/section><\/p><\/div>\n<style type=\"text\/css\" data-created_by=\"avia_inline_auto\" id=\"style-css-av-1ev313n-41ea36993c73a0ac7b45d6cf627e0180\">\n#top .hr.hr-invisible.av-1ev313n-41ea36993c73a0ac7b45d6cf627e0180{\nheight:50px;\n}\n<\/style>\n<div  class='hr av-1ev313n-41ea36993c73a0ac7b45d6cf627e0180 hr-invisible  avia-builder-el-38  el_after_av_one_full  el_before_av_one_half '><span class='hr-inner '><span class=\"hr-inner-style\"><\/span><\/span><\/div><\/p>\n<div  class='flex_column av-dkyhir7-6c6d7df6c2058cb3ea35bce64a1a4344 av_one_half  avia-builder-el-39  el_after_av_hr  el_before_av_one_half  first flex_column_div  '     ><style type=\"text\/css\" data-created_by=\"avia_inline_auto\" id=\"style-css-av-moadtxr5-37ab5dec9258577b6e96f274aafb089e\">\n.avia-image-container.av-moadtxr5-37ab5dec9258577b6e96f274aafb089e img.avia_image{\nbox-shadow:none;\n}\n.avia-image-container.av-moadtxr5-37ab5dec9258577b6e96f274aafb089e .av-image-caption-overlay-center{\ncolor:#ffffff;\n}\n<\/style>\n<div  class='avia-image-container av-moadtxr5-37ab5dec9258577b6e96f274aafb089e av-styling- avia-align-center  avia-builder-el-40  avia-builder-el-no-sibling '   itemprop=\"image\" itemscope=\"itemscope\" itemtype=\"https:\/\/schema.org\/ImageObject\" ><div class=\"avia-image-container-inner\"><div class=\"avia-image-overlay-wrap\"><img decoding=\"async\" fetchpriority=\"high\" class='wp-image-18270 avia-img-lazy-loading-not-18270 avia_image ' src=\"https:\/\/www.odonto.ufmg.br\/cenex\/wp-content\/uploads\/sites\/2\/2026\/04\/82-845x684.png\" alt='' title='82'  height=\"684\" width=\"845\"  itemprop=\"thumbnailUrl\" srcset=\"https:\/\/www.odonto.ufmg.br\/cenex\/wp-content\/uploads\/sites\/2\/2026\/04\/82-845x684.png 845w, https:\/\/www.odonto.ufmg.br\/cenex\/wp-content\/uploads\/sites\/2\/2026\/04\/82-495x400.png 495w\" sizes=\"(max-width: 845px) 100vw, 845px\" \/><\/div><\/div><\/div><\/div><div  class='flex_column av-d84lfn7-2f60350367ab798f3acf290f8b6eb512 av_one_half  avia-builder-el-41  el_after_av_one_half  el_before_av_one_full  flex_column_div  '     ><p>\n<style type=\"text\/css\" data-created_by=\"avia_inline_auto\" id=\"style-css-av-cmddpcj-54d045d02c35345da2a28c0523eeec14\">\n#top .hr.hr-invisible.av-cmddpcj-54d045d02c35345da2a28c0523eeec14{\nheight:50px;\n}\n<\/style>\n<div  class='hr av-cmddpcj-54d045d02c35345da2a28c0523eeec14 hr-invisible  avia-builder-el-42  el_before_av_textblock  avia-builder-el-first '><span class='hr-inner '><span class=\"hr-inner-style\"><\/span><\/span><\/div><br \/>\n\n<style type=\"text\/css\" data-created_by=\"avia_inline_auto\" id=\"style-css-av-c60753n-24379ac7828515ba7a1b9a04a6fce596\">\n#top .av_textblock_section.av-c60753n-24379ac7828515ba7a1b9a04a6fce596 .avia_textblock{\ncolor:#0c4930;\n}\n<\/style>\n<section  class='av_textblock_section av-c60753n-24379ac7828515ba7a1b9a04a6fce596 '   itemscope=\"itemscope\" itemtype=\"https:\/\/schema.org\/CreativeWork\" ><div class='avia_textblock av_inherit_color'  itemprop=\"text\" ><h5>PROJETOS VINCULADOS<\/h5>\n<\/div><\/section><br \/>\n<div  class='togglecontainer av-moae4kin-cf7627b4171a702cc728570811d0b198  avia-builder-el-44  el_after_av_textblock  avia-builder-el-last  toggle_close_all' >\n<section class='av_toggle_section av-moadwo2i-9fb91846deaeffe29a0e87b595d9e2e7'  itemscope=\"itemscope\" itemtype=\"https:\/\/schema.org\/CreativeWork\" ><div role=\"tablist\" class=\"single_toggle\" data-tags=\"{Todos} \"  ><p id='toggle-toggle-id-18' data-fake-id='#toggle-id-18' class='toggler  av-title-above '  itemprop=\"headline\"  role='tab' tabindex='0' aria-controls='toggle-id-18' data-slide-speed=\"200\" data-title=\"Atendimento Odontol\u00f3gico Domiciliar de Idosos que Vivem em Institui\u00e7\u00e3o de Longa Perman\u00eancia \u2013 SIEX 403574\" data-title-open=\"Ofertar cuidados em sa\u00fade aos idosos restritos ao domic\u00edlio, no n\u00edvel da aten\u00e7\u00e3o b\u00e1sica; contribuir para a implementa\u00e7\u00e3o e acompanhamento de protocolos de higiene bucal nas ILPI; participar da discuss\u00e3o dos casos junto \u00e0 equipe multiprofissional das ILPI.  \" data-aria_collapsed=\"Click to expand: Atendimento Odontol\u00f3gico Domiciliar de Idosos que Vivem em Institui\u00e7\u00e3o de Longa Perman\u00eancia \u2013 SIEX 403574\" data-aria_expanded=\"Click to collapse: Atendimento Odontol\u00f3gico Domiciliar de Idosos que Vivem em Institui\u00e7\u00e3o de Longa Perman\u00eancia \u2013 SIEX 403574\">Atendimento Odontol\u00f3gico Domiciliar de Idosos que Vivem em Institui\u00e7\u00e3o de Longa Perman\u00eancia \u2013 SIEX 403574<span class=\"toggle_icon\"><span class=\"vert_icon\"><\/span><span class=\"hor_icon\"><\/span><\/span><\/p><div id='toggle-id-18' aria-labelledby='toggle-toggle-id-18' role='region' class='toggle_wrap  av-title-above'  ><div class='toggle_content invers-color '  itemprop=\"text\" ><\/div><\/div><\/div><\/section>\n<section class='av_toggle_section av-moady8jg-f13d9df166b4c794c0d96605056f7f2b'  itemscope=\"itemscope\" itemtype=\"https:\/\/schema.org\/CreativeWork\" ><div role=\"tablist\" class=\"single_toggle\" data-tags=\"{Todos} \"  ><p id='toggle-toggle-id-19' data-fake-id='#toggle-id-19' class='toggler  av-title-above '  itemprop=\"headline\"  role='tab' tabindex='0' aria-controls='toggle-id-19' data-slide-speed=\"200\" data-title=\"Letramento em Sa\u00fade: Integrando Extens\u00e3o - Ensino - Pesquisa para a qualidade de vida dos idosos  \u2013 SIEX 403786\" data-title-open=\"OPortunizar a capacita\u00e7\u00e3o de profissionais do cuidado ao idoso em rela\u00e7\u00e3o \u00e0 sa\u00fade bucal;, contribuir com a elabora\u00e7\u00e3o de diretrizes para os cuidados bucais de idosos que vivem em ILPI; produzir tecnologias de educa\u00e7\u00e3o para idosos para promover o letramento em sa\u00fade bucal.\" data-aria_collapsed=\"Click to expand: Letramento em Sa\u00fade: Integrando Extens\u00e3o - Ensino - Pesquisa para a qualidade de vida dos idosos  \u2013 SIEX 403786\" data-aria_expanded=\"Click to collapse: Letramento em Sa\u00fade: Integrando Extens\u00e3o - Ensino - Pesquisa para a qualidade de vida dos idosos  \u2013 SIEX 403786\">Letramento em Sa\u00fade: Integrando Extens\u00e3o - Ensino - Pesquisa para a qualidade de vida dos idosos  \u2013 SIEX 403786<span class=\"toggle_icon\"><span class=\"vert_icon\"><\/span><span class=\"hor_icon\"><\/span><\/span><\/p><div id='toggle-id-19' aria-labelledby='toggle-toggle-id-19' role='region' class='toggle_wrap  av-title-above'  ><div class='toggle_content invers-color '  itemprop=\"text\" ><\/div><\/div><\/div><\/section>\n<\/div><\/p><\/div><div  class='flex_column av-bllx8qb-540dfd6cb526ee75a6c70bd14883e1fe av_one_full  avia-builder-el-45  el_after_av_one_half  el_before_av_hr  first flex_column_div  column-top-margin'     ><p>\n<style type=\"text\/css\" data-created_by=\"avia_inline_auto\" id=\"style-css-av-moae880i-86d26e06c1bc900a7818aba583460a61\">\n#top .av-special-heading.av-moae880i-86d26e06c1bc900a7818aba583460a61{\npadding-bottom:10px;\ncolor:#0c4930;\n}\nbody .av-special-heading.av-moae880i-86d26e06c1bc900a7818aba583460a61 .av-special-heading-tag .heading-char{\nfont-size:25px;\n}\n.av-special-heading.av-moae880i-86d26e06c1bc900a7818aba583460a61 .special-heading-inner-border{\nborder-color:#0c4930;\n}\n.av-special-heading.av-moae880i-86d26e06c1bc900a7818aba583460a61 .av-subheading{\nfont-size:15px;\n}\n<\/style>\n<div  class='av-special-heading av-moae880i-86d26e06c1bc900a7818aba583460a61 av-special-heading-h3 custom-color-heading blockquote elegant-quote elegant-centered  avia-builder-el-46  el_before_av_textblock  avia-builder-el-first '><h3 class='av-special-heading-tag '  itemprop=\"headline\"  ><span class=\"heading-wrap\">Programa Atendimento odontol\u00f3gico ambulatorial e hospitalar a individuos com comprometimento sist\u00eamico e perda de subst\u00e2ncia em regi\u00e3o de cabe\u00e7a e pesco\u00e7o &#8211; SIEX 500478<\/span><\/h3><div class=\"special-heading-border\"><div class=\"special-heading-inner-border\"><\/div><\/div><\/div><br \/>\n<section  class='av_textblock_section av-moaebotx-0aa74bf613025adddaf3c1794793a5de '   itemscope=\"itemscope\" itemtype=\"https:\/\/schema.org\/CreativeWork\" ><div class='avia_textblock'  itemprop=\"text\" ><h6 style=\"text-align: center\"><span dir=\"auto\" style=\"vertical-align: inherit\"><span dir=\"auto\" style=\"vertical-align: inherit\"><span dir=\"auto\" style=\"vertical-align: inherit\"><span dir=\"auto\" style=\"vertical-align: inherit\">Coordenador(a) acad\u00eamico: Silvia Ferreira de Sousa<\/span><\/span><\/span><\/span><\/h6>\n<\/div><\/section><\/p><\/div>\n<style type=\"text\/css\" data-created_by=\"avia_inline_auto\" id=\"style-css-av-bboraxf-dd32c73271cf5777adc3e2119b467c29\">\n#top .hr.hr-invisible.av-bboraxf-dd32c73271cf5777adc3e2119b467c29{\nheight:50px;\n}\n<\/style>\n<div  class='hr av-bboraxf-dd32c73271cf5777adc3e2119b467c29 hr-invisible  avia-builder-el-48  el_after_av_one_full  el_before_av_one_half '><span class='hr-inner '><span class=\"hr-inner-style\"><\/span><\/span><\/div><\/p>\n<div  class='flex_column av-ao71243-5cc5048d5b07c0f9fa1d93a4942b843e av_one_half  avia-builder-el-49  el_after_av_hr  el_before_av_one_half  first flex_column_div  '     ><style type=\"text\/css\" data-created_by=\"avia_inline_auto\" id=\"style-css-av-moaecgl6-107435b43bd2f681ef35e34ca62b31f6\">\n.avia-image-container.av-moaecgl6-107435b43bd2f681ef35e34ca62b31f6 img.avia_image{\nbox-shadow:none;\n}\n.avia-image-container.av-moaecgl6-107435b43bd2f681ef35e34ca62b31f6 .av-image-caption-overlay-center{\ncolor:#ffffff;\n}\n<\/style>\n<div  class='avia-image-container av-moaecgl6-107435b43bd2f681ef35e34ca62b31f6 av-styling- avia-align-center  avia-builder-el-50  avia-builder-el-no-sibling '   itemprop=\"image\" itemscope=\"itemscope\" itemtype=\"https:\/\/schema.org\/ImageObject\" ><div class=\"avia-image-container-inner\"><div class=\"avia-image-overlay-wrap\"><img decoding=\"async\" fetchpriority=\"high\" class='wp-image-18323 avia-img-lazy-loading-not-18323 avia_image ' src=\"https:\/\/www.odonto.ufmg.br\/cenex\/wp-content\/uploads\/sites\/2\/2026\/04\/1-Post-Instagram-8-845x684.png\" alt='' title='1 Post Instagram (8)'  height=\"684\" width=\"845\"  itemprop=\"thumbnailUrl\" srcset=\"https:\/\/www.odonto.ufmg.br\/cenex\/wp-content\/uploads\/sites\/2\/2026\/04\/1-Post-Instagram-8-845x684.png 845w, https:\/\/www.odonto.ufmg.br\/cenex\/wp-content\/uploads\/sites\/2\/2026\/04\/1-Post-Instagram-8-495x400.png 495w\" sizes=\"(max-width: 845px) 100vw, 845px\" \/><\/div><\/div><\/div><\/div><div  class='flex_column av-abfkukz-2fb55eb2e148e10f311dd910c20f9c2d av_one_half  avia-builder-el-51  el_after_av_one_half  el_before_av_one_full  flex_column_div  '     ><p>\n<style type=\"text\/css\" data-created_by=\"avia_inline_auto\" id=\"style-css-av-zrqufn-3b46975ac948d5b93a09f7cc04b53bdd\">\n#top .hr.hr-invisible.av-zrqufn-3b46975ac948d5b93a09f7cc04b53bdd{\nheight:50px;\n}\n<\/style>\n<div  class='hr av-zrqufn-3b46975ac948d5b93a09f7cc04b53bdd hr-invisible  avia-builder-el-52  el_before_av_textblock  avia-builder-el-first '><span class='hr-inner '><span class=\"hr-inner-style\"><\/span><\/span><\/div><br \/>\n\n<style type=\"text\/css\" data-created_by=\"avia_inline_auto\" id=\"style-css-av-9i3svjn-810c0eab3422b7cf0665aabfac2e8988\">\n#top .av_textblock_section.av-9i3svjn-810c0eab3422b7cf0665aabfac2e8988 .avia_textblock{\ncolor:#0c4930;\n}\n<\/style>\n<section  class='av_textblock_section av-9i3svjn-810c0eab3422b7cf0665aabfac2e8988 '   itemscope=\"itemscope\" itemtype=\"https:\/\/schema.org\/CreativeWork\" ><div class='avia_textblock av_inherit_color'  itemprop=\"text\" ><h5>PROJETOS VINCULADOS<\/h5>\n<\/div><\/section><br \/>\n<div  class='togglecontainer av-moaek76b-b090c67bc73e4fc809f87feccb75e431  avia-builder-el-54  el_after_av_textblock  avia-builder-el-last  toggle_close_all' >\n<section class='av_toggle_section av-moaefm6x-c45e2c1539c621ac194e9ec353d5fa51'  itemscope=\"itemscope\" itemtype=\"https:\/\/schema.org\/CreativeWork\" ><div role=\"tablist\" class=\"single_toggle\" data-tags=\"{Todos} \"  ><p id='toggle-toggle-id-20' data-fake-id='#toggle-id-20' class='toggler  av-title-above '  itemprop=\"headline\"  role='tab' tabindex='0' aria-controls='toggle-id-20' data-slide-speed=\"200\" data-title=\"Ultrassonografia em Odontologia \u2013 SIEX 404188\" data-title-open=\"ropiciar o acesso a este importante recurso semiot\u00e9cnico, pela popula\u00e7\u00e3o portadora de altera\u00e7\u00f5es e patologias situadas nos tecidos moles da regi\u00e3o orofacial, de ordem local ou decorrentes de altera\u00e7\u00f5es sist\u00eamicas, assim como por pacientes oncol\u00f3gicos, ressaltando que a aplica\u00e7\u00e3o desta modalidade de exame para o diagn\u00f3stico das altera\u00e7\u00f5es de escopo odontol\u00f3gico n\u00e3o \u00e9 atualmente ofertada pela rede p\u00fablica de aten\u00e7\u00e3o \u00e0 sa\u00fade.\" data-aria_collapsed=\"Click to expand: Ultrassonografia em Odontologia \u2013 SIEX 404188\" data-aria_expanded=\"Click to collapse: Ultrassonografia em Odontologia \u2013 SIEX 404188\">Ultrassonografia em Odontologia \u2013 SIEX 404188<span class=\"toggle_icon\"><span class=\"vert_icon\"><\/span><span class=\"hor_icon\"><\/span><\/span><\/p><div id='toggle-id-20' aria-labelledby='toggle-toggle-id-20' role='region' class='toggle_wrap  av-title-above'  ><div class='toggle_content invers-color '  itemprop=\"text\" ><\/div><\/div><\/div><\/section>\n<section class='av_toggle_section av-moaefvog-1ab95ac26da56d96bd9f17362c975801'  itemscope=\"itemscope\" itemtype=\"https:\/\/schema.org\/CreativeWork\" ><div role=\"tablist\" class=\"single_toggle\" data-tags=\"{Todos} \"  ><p id='toggle-toggle-id-21' data-fake-id='#toggle-id-21' class='toggler  av-title-above '  itemprop=\"headline\"  role='tab' tabindex='0' aria-controls='toggle-id-21' data-slide-speed=\"200\" data-title=\"Diagn\u00f3stico por Imagem para Pacientes Assistidos pela Pr\u00f3tese Bucomaxilofacial \u2013 SIEX 404949\" data-title-open=\"Ofertar exames radiogr\u00e1ficos bidimensionais e tridimensionais em todas as etapas de tratamento dos pacientes portadores de deformidades faciais, que necessitam de reabilita\u00e7\u00e3o, e que s\u00e3o atendidos nos Projetos de Extens\u00e3o de Pr\u00f3tese Bucomaxilofacial da FAO UFMG.\" data-aria_collapsed=\"Click to expand: Diagn\u00f3stico por Imagem para Pacientes Assistidos pela Pr\u00f3tese Bucomaxilofacial \u2013 SIEX 404949\" data-aria_expanded=\"Click to collapse: Diagn\u00f3stico por Imagem para Pacientes Assistidos pela Pr\u00f3tese Bucomaxilofacial \u2013 SIEX 404949\">Diagn\u00f3stico por Imagem para Pacientes Assistidos pela Pr\u00f3tese Bucomaxilofacial \u2013 SIEX 404949<span class=\"toggle_icon\"><span class=\"vert_icon\"><\/span><span class=\"hor_icon\"><\/span><\/span><\/p><div id='toggle-id-21' aria-labelledby='toggle-toggle-id-21' role='region' class='toggle_wrap  av-title-above'  ><div class='toggle_content invers-color '  itemprop=\"text\" ><\/div><\/div><\/div><\/section>\n<section class='av_toggle_section av-moaeg4y0-c0d575adb16a263f736ba15cad2d8811'  itemscope=\"itemscope\" itemtype=\"https:\/\/schema.org\/CreativeWork\" ><div role=\"tablist\" class=\"single_toggle\" data-tags=\"{Todos} \"  ><p id='toggle-toggle-id-22' data-fake-id='#toggle-id-22' class='toggler  av-title-above '  itemprop=\"headline\"  role='tab' tabindex='0' aria-controls='toggle-id-22' data-slide-speed=\"200\" data-title=\"Atendimento de suporte odontol\u00f3gico ao paciente com c\u00e2ncer em regi\u00e3o de cabe\u00e7a e pesco\u00e7o \u2013 SIEX 400088\" data-title-open=\"Oferecer atendimento odontol\u00f3gico integral, gratuito e de excel\u00eancia para os pacientes com c\u00e2ncer na regi\u00e3o de cabe\u00e7a e pesco\u00e7o, antes, durante e ap\u00f3s o tratamento oncol\u00f3gico.\" data-aria_collapsed=\"Click to expand: Atendimento de suporte odontol\u00f3gico ao paciente com c\u00e2ncer em regi\u00e3o de cabe\u00e7a e pesco\u00e7o \u2013 SIEX 400088\" data-aria_expanded=\"Click to collapse: Atendimento de suporte odontol\u00f3gico ao paciente com c\u00e2ncer em regi\u00e3o de cabe\u00e7a e pesco\u00e7o \u2013 SIEX 400088\">Atendimento de suporte odontol\u00f3gico ao paciente com c\u00e2ncer em regi\u00e3o de cabe\u00e7a e pesco\u00e7o \u2013 SIEX 400088<span class=\"toggle_icon\"><span class=\"vert_icon\"><\/span><span class=\"hor_icon\"><\/span><\/span><\/p><div id='toggle-id-22' aria-labelledby='toggle-toggle-id-22' role='region' class='toggle_wrap  av-title-above'  ><div class='toggle_content invers-color '  itemprop=\"text\" ><p><span dir=\"auto\" style=\"vertical-align: inherit\"><span dir=\"auto\" style=\"vertical-align: inherit\"><span dir=\"auto\" style=\"vertical-align: inherit\"><span dir=\"auto\" style=\"vertical-align: inherit\">Alternar conte\u00fado aqui<\/span><\/span><\/span><\/span><\/p>\n<\/div><\/div><\/div><\/section>\n<section class='av_toggle_section av-moaegce7-9cd8ea8d2644968a0802e756a6d85ad6'  itemscope=\"itemscope\" itemtype=\"https:\/\/schema.org\/CreativeWork\" ><div role=\"tablist\" class=\"single_toggle\" data-tags=\"{Todos} \"  ><p id='toggle-toggle-id-23' data-fake-id='#toggle-id-23' class='toggler  av-title-above '  itemprop=\"headline\"  role='tab' tabindex='0' aria-controls='toggle-id-23' data-slide-speed=\"200\" data-title=\"Reabilita\u00e7\u00e3o prot\u00e9tica do paciente com perda de subst\u00e2ncia na regi\u00e3o de cabe\u00e7a e pesco\u00e7o \u2013 SIEX 401782\" data-title-open=\"O Projeto de Extens\u00e3o e a Disciplina de Pr\u00f3tese Buco-Maxilo-Facial tem como objetivos reabilitar proteticamente pacientes com perda de subst\u00e2ncia na regi\u00e3o da boca e da face nas diversas modalidades prot\u00e9ticas do conceito de PBMF.\" data-aria_collapsed=\"Click to expand: Reabilita\u00e7\u00e3o prot\u00e9tica do paciente com perda de subst\u00e2ncia na regi\u00e3o de cabe\u00e7a e pesco\u00e7o \u2013 SIEX 401782\" data-aria_expanded=\"Click to collapse: Reabilita\u00e7\u00e3o prot\u00e9tica do paciente com perda de subst\u00e2ncia na regi\u00e3o de cabe\u00e7a e pesco\u00e7o \u2013 SIEX 401782\">Reabilita\u00e7\u00e3o prot\u00e9tica do paciente com perda de subst\u00e2ncia na regi\u00e3o de cabe\u00e7a e pesco\u00e7o \u2013 SIEX 401782<span class=\"toggle_icon\"><span class=\"vert_icon\"><\/span><span class=\"hor_icon\"><\/span><\/span><\/p><div id='toggle-id-23' aria-labelledby='toggle-toggle-id-23' role='region' class='toggle_wrap  av-title-above'  ><div class='toggle_content invers-color '  itemprop=\"text\" ><p><span dir=\"auto\" style=\"vertical-align: inherit\"><span dir=\"auto\" style=\"vertical-align: inherit\"><span dir=\"auto\" style=\"vertical-align: inherit\"><span dir=\"auto\" style=\"vertical-align: inherit\">Alternar conte\u00fado aqui<\/span><\/span><\/span><\/span><\/p>\n<\/div><\/div><\/div><\/section>\n<section class='av_toggle_section av-moaegjb6-9bee94c9714d0a6dc4170d6938c47586'  itemscope=\"itemscope\" itemtype=\"https:\/\/schema.org\/CreativeWork\" ><div role=\"tablist\" class=\"single_toggle\" data-tags=\"{Todos} \"  ><p id='toggle-toggle-id-24' data-fake-id='#toggle-id-24' class='toggler  av-title-above '  itemprop=\"headline\"  role='tab' tabindex='0' aria-controls='toggle-id-24' data-slide-speed=\"200\" data-title=\"Projeto de Extens\u00e3o de Odontologia Hospitalar \u2013 SIEX 400054\" data-title-open=\"Proporcionar um campo de interven\u00e7\u00e3o para o discente da odontologia no qual, al\u00e9m de prestar atendimento odontol\u00f3gico e multidisciplinar ele possa estabelecer uma rela\u00e7\u00e3o dial\u00f3gica com estes e com suas fam\u00edlias com vistas ao seu empoderamento, associando o ensino \u00e0 assist\u00eancia odontol\u00f3gica em \u00e2mbito hospitalar a pacientes que apresentam comprometimento sist\u00eamico.\" data-aria_collapsed=\"Click to expand: Projeto de Extens\u00e3o de Odontologia Hospitalar \u2013 SIEX 400054\" data-aria_expanded=\"Click to collapse: Projeto de Extens\u00e3o de Odontologia Hospitalar \u2013 SIEX 400054\">Projeto de Extens\u00e3o de Odontologia Hospitalar \u2013 SIEX 400054<span class=\"toggle_icon\"><span class=\"vert_icon\"><\/span><span class=\"hor_icon\"><\/span><\/span><\/p><div id='toggle-id-24' aria-labelledby='toggle-toggle-id-24' role='region' class='toggle_wrap  av-title-above'  ><div class='toggle_content invers-color '  itemprop=\"text\" ><p><span dir=\"auto\" style=\"vertical-align: inherit\"><span dir=\"auto\" style=\"vertical-align: inherit\"><span dir=\"auto\" style=\"vertical-align: inherit\"><span dir=\"auto\" style=\"vertical-align: inherit\">Alternar conte\u00fado aqui<\/span><\/span><\/span><\/span><\/p>\n<\/div><\/div><\/div><\/section>\n<section class='av_toggle_section av-moaegqts-fa0a536724bb0a3f659985d72b5852d9'  itemscope=\"itemscope\" itemtype=\"https:\/\/schema.org\/CreativeWork\" ><div role=\"tablist\" class=\"single_toggle\" data-tags=\"{Todos} \"  ><p id='toggle-toggle-id-25' data-fake-id='#toggle-id-25' class='toggler  av-title-above '  itemprop=\"headline\"  role='tab' tabindex='0' aria-controls='toggle-id-25' data-slide-speed=\"200\" data-title=\"Atendimento a indiv\u00edduos com comprometimento sist\u00eamico e necessidades de tratamento endod\u00f4ntico \u2013 SIEX 404614\" data-title-open=\"Realizar atendimento endod\u00f4ntico de pacientes com altera\u00e7\u00f5es sist\u00eamicas e\/ou perda de subst\u00e2ncia em regi\u00e3o de cabe\u00e7a e pesco\u00e7o, auxiliando a proporcionar aten\u00e7\u00e3o integrada a estes pacientes.\" data-aria_collapsed=\"Click to expand: Atendimento a indiv\u00edduos com comprometimento sist\u00eamico e necessidades de tratamento endod\u00f4ntico \u2013 SIEX 404614\" data-aria_expanded=\"Click to collapse: Atendimento a indiv\u00edduos com comprometimento sist\u00eamico e necessidades de tratamento endod\u00f4ntico \u2013 SIEX 404614\">Atendimento a indiv\u00edduos com comprometimento sist\u00eamico e necessidades de tratamento endod\u00f4ntico \u2013 SIEX 404614<span class=\"toggle_icon\"><span class=\"vert_icon\"><\/span><span class=\"hor_icon\"><\/span><\/span><\/p><div id='toggle-id-25' aria-labelledby='toggle-toggle-id-25' role='region' class='toggle_wrap  av-title-above'  ><div class='toggle_content invers-color '  itemprop=\"text\" ><p><span dir=\"auto\" style=\"vertical-align: inherit\"><span dir=\"auto\" style=\"vertical-align: inherit\"><span dir=\"auto\" style=\"vertical-align: inherit\"><span dir=\"auto\" style=\"vertical-align: inherit\">Alternar conte\u00fado aqui<\/span><\/span><\/span><\/span><\/p>\n<\/div><\/div><\/div><\/section>\n<\/div><\/p><\/div><div  class='flex_column av-38gs1f-aa319685e3d0170db6d0d68243d592a3 av_one_full  avia-builder-el-55  el_after_av_one_half  el_before_av_hr  first flex_column_div  column-top-margin'     ><p>\n<style type=\"text\/css\" data-created_by=\"avia_inline_auto\" id=\"style-css-av-moaem438-67dc8562ccdd7dad2d10637ff758cd04\">\n#top .av-special-heading.av-moaem438-67dc8562ccdd7dad2d10637ff758cd04{\npadding-bottom:10px;\ncolor:#0c4930;\n}\nbody .av-special-heading.av-moaem438-67dc8562ccdd7dad2d10637ff758cd04 .av-special-heading-tag .heading-char{\nfont-size:25px;\n}\n.av-special-heading.av-moaem438-67dc8562ccdd7dad2d10637ff758cd04 .special-heading-inner-border{\nborder-color:#0c4930;\n}\n.av-special-heading.av-moaem438-67dc8562ccdd7dad2d10637ff758cd04 .av-subheading{\nfont-size:15px;\n}\n<\/style>\n<div  class='av-special-heading av-moaem438-67dc8562ccdd7dad2d10637ff758cd04 av-special-heading-h3 custom-color-heading blockquote elegant-quote elegant-centered  avia-builder-el-56  el_before_av_textblock  avia-builder-el-first '><h3 class='av-special-heading-tag '  itemprop=\"headline\"  ><span class=\"heading-wrap\">Novas tecnologias e procedimentos aplicados no restabelecimento da sa\u00fade bucal e qualidade de vida &#8211; SIEX 500434<\/span><\/h3><div class=\"special-heading-border\"><div class=\"special-heading-inner-border\"><\/div><\/div><\/div><br \/>\n<section  class='av_textblock_section av-moaeo4ir-acd8318f702e91f0a6c285b2ee8f5364 '   itemscope=\"itemscope\" itemtype=\"https:\/\/schema.org\/CreativeWork\" ><div class='avia_textblock'  itemprop=\"text\" ><h6 style=\"text-align: center\"><span dir=\"auto\" style=\"vertical-align: inherit\"><span dir=\"auto\" style=\"vertical-align: inherit\"><span dir=\"auto\" style=\"vertical-align: inherit\"><span dir=\"auto\" style=\"vertical-align: inherit\"><span dir=\"auto\" style=\"vertical-align: inherit\"><span dir=\"auto\" style=\"vertical-align: inherit\">Coordenador(a) acad\u00eamico: Walison Arthuso Vasconcellos<\/span><\/span><\/span><\/span><\/span><\/span><\/h6>\n<\/div><\/section><\/p><\/div>\n<style type=\"text\/css\" data-created_by=\"avia_inline_auto\" id=\"style-css-av-8ddvdv7-10632516f3368cf9627a6cab8f3a7227\">\n#top .hr.hr-invisible.av-8ddvdv7-10632516f3368cf9627a6cab8f3a7227{\nheight:50px;\n}\n<\/style>\n<div  class='hr av-8ddvdv7-10632516f3368cf9627a6cab8f3a7227 hr-invisible  avia-builder-el-58  el_after_av_one_full  el_before_av_one_half '><span class='hr-inner '><span class=\"hr-inner-style\"><\/span><\/span><\/div><\/p>\n<div  class='flex_column av-85xcw1f-7d8db5bef001194539a63a4cc6f6a490 av_one_half  avia-builder-el-59  el_after_av_hr  el_before_av_one_half  first flex_column_div  '     ><style type=\"text\/css\" data-created_by=\"avia_inline_auto\" id=\"style-css-av-moaexsiz-365f4810f7aa9d39505bbf2da7d02257\">\n.avia-image-container.av-moaexsiz-365f4810f7aa9d39505bbf2da7d02257 img.avia_image{\nbox-shadow:none;\n}\n.avia-image-container.av-moaexsiz-365f4810f7aa9d39505bbf2da7d02257 .av-image-caption-overlay-center{\ncolor:#ffffff;\n}\n<\/style>\n<div  class='avia-image-container av-moaexsiz-365f4810f7aa9d39505bbf2da7d02257 av-styling- avia-align-center  avia-builder-el-60  avia-builder-el-no-sibling '   itemprop=\"image\" itemscope=\"itemscope\" itemtype=\"https:\/\/schema.org\/ImageObject\" ><div class=\"avia-image-container-inner\"><div class=\"avia-image-overlay-wrap\"><img decoding=\"async\" fetchpriority=\"high\" class='wp-image-18326 avia-img-lazy-loading-not-18326 avia_image ' src=\"https:\/\/www.odonto.ufmg.br\/cenex\/wp-content\/uploads\/sites\/2\/2026\/04\/1-Post-Instagram-9-845x684.png\" alt='' title='1 Post Instagram (9)'  height=\"684\" width=\"845\"  itemprop=\"thumbnailUrl\" srcset=\"https:\/\/www.odonto.ufmg.br\/cenex\/wp-content\/uploads\/sites\/2\/2026\/04\/1-Post-Instagram-9-845x684.png 845w, https:\/\/www.odonto.ufmg.br\/cenex\/wp-content\/uploads\/sites\/2\/2026\/04\/1-Post-Instagram-9-495x400.png 495w\" sizes=\"(max-width: 845px) 100vw, 845px\" \/><\/div><\/div><\/div><\/div><div  class='flex_column av-2rus9f-5e7487ff43f8493f4cd92d39d74ae239 av_one_half  avia-builder-el-61  el_after_av_one_half  el_before_av_one_full  flex_column_div  '     ><p>\n<style type=\"text\/css\" data-created_by=\"avia_inline_auto\" id=\"style-css-av-75w5n77-179b964b9a30f0c8fc15fd4415387c90\">\n#top .hr.hr-invisible.av-75w5n77-179b964b9a30f0c8fc15fd4415387c90{\nheight:50px;\n}\n<\/style>\n<div  class='hr av-75w5n77-179b964b9a30f0c8fc15fd4415387c90 hr-invisible  avia-builder-el-62  el_before_av_textblock  avia-builder-el-first '><span class='hr-inner '><span class=\"hr-inner-style\"><\/span><\/span><\/div><br \/>\n\n<style type=\"text\/css\" data-created_by=\"avia_inline_auto\" id=\"style-css-av-6j5imer-892dec0ec09d7741d1145715f3729dd7\">\n#top .av_textblock_section.av-6j5imer-892dec0ec09d7741d1145715f3729dd7 .avia_textblock{\ncolor:#0c4930;\n}\n<\/style>\n<section  class='av_textblock_section av-6j5imer-892dec0ec09d7741d1145715f3729dd7 '   itemscope=\"itemscope\" itemtype=\"https:\/\/schema.org\/CreativeWork\" ><div class='avia_textblock av_inherit_color'  itemprop=\"text\" ><h5>PROJETOS VINCULADOS<\/h5>\n<\/div><\/section><br \/>\n<div  class='togglecontainer av-moaer1ux-dbb67879aea9762c0b2e3d172cb2fb0a  avia-builder-el-64  el_after_av_textblock  avia-builder-el-last  toggle_close_all' >\n<section class='av_toggle_section av-moaepo1x-f141f0a52645b0bc4fa07492de3966aa'  itemscope=\"itemscope\" itemtype=\"https:\/\/schema.org\/CreativeWork\" ><div role=\"tablist\" class=\"single_toggle\" data-tags=\"{Todos} \"  ><p id='toggle-toggle-id-26' data-fake-id='#toggle-id-26' class='toggler  av-title-above '  itemprop=\"headline\"  role='tab' tabindex='0' aria-controls='toggle-id-26' data-slide-speed=\"200\" data-title=\"Restaura\u00e7\u00e3o de dentes tratados endodonticamente \u2013 SIEX 401792\" data-title-open=\"O projeto tem como objetivo a restaura\u00e7\u00e3o de dentes que foram tratados endodonticamente nas Disciplinas e Cursos de Endodontia da Faculdade de Odontologia da Universidade Federal de Minas Gerais.\" data-aria_collapsed=\"Click to expand: Restaura\u00e7\u00e3o de dentes tratados endodonticamente \u2013 SIEX 401792\" data-aria_expanded=\"Click to collapse: Restaura\u00e7\u00e3o de dentes tratados endodonticamente \u2013 SIEX 401792\">Restaura\u00e7\u00e3o de dentes tratados endodonticamente \u2013 SIEX 401792<span class=\"toggle_icon\"><span class=\"vert_icon\"><\/span><span class=\"hor_icon\"><\/span><\/span><\/p><div id='toggle-id-26' aria-labelledby='toggle-toggle-id-26' role='region' class='toggle_wrap  av-title-above'  ><div class='toggle_content invers-color '  itemprop=\"text\" ><\/div><\/div><\/div><\/section>\n<section class='av_toggle_section av-moaeqfky-5ccb363fd0023293ca088cac64c060d5'  itemscope=\"itemscope\" itemtype=\"https:\/\/schema.org\/CreativeWork\" ><div role=\"tablist\" class=\"single_toggle\" data-tags=\"{Todos} \"  ><p id='toggle-toggle-id-27' data-fake-id='#toggle-id-27' class='toggler  av-title-above '  itemprop=\"headline\"  role='tab' tabindex='0' aria-controls='toggle-id-27' data-slide-speed=\"200\" data-title=\"Restaura\u00e7\u00f5es indiretas dento e implanto suportadas \u2013 SIEX 403144\" data-title-open=\"O projeto tem como objetivo a realiza\u00e7\u00e3o de restaura\u00e7\u00e3o indiretas sobre dentes e tamb\u00e9m sobre implantes dent\u00e1rios, de pacientes que buscam atendimento na Faculdade de Odontologia da Universidade Federal de Minas Gerais.\" data-aria_collapsed=\"Click to expand: Restaura\u00e7\u00f5es indiretas dento e implanto suportadas \u2013 SIEX 403144\" data-aria_expanded=\"Click to collapse: Restaura\u00e7\u00f5es indiretas dento e implanto suportadas \u2013 SIEX 403144\">Restaura\u00e7\u00f5es indiretas dento e implanto suportadas \u2013 SIEX 403144<span class=\"toggle_icon\"><span class=\"vert_icon\"><\/span><span class=\"hor_icon\"><\/span><\/span><\/p><div id='toggle-id-27' aria-labelledby='toggle-toggle-id-27' role='region' class='toggle_wrap  av-title-above'  ><div class='toggle_content invers-color '  itemprop=\"text\" ><\/div><\/div><\/div><\/section>\n<\/div><\/p><\/div><div  class='flex_column av-6f6zg6r-0f38eaf653313088dab815541d13b398 av_one_full  avia-builder-el-65  el_after_av_one_half  el_before_av_hr  first flex_column_div  column-top-margin'     ><p>\n<style type=\"text\/css\" data-created_by=\"avia_inline_auto\" id=\"style-css-av-moaf04bb-e4ddf9d50525aabb369aedd5224c2213\">\n#top .av-special-heading.av-moaf04bb-e4ddf9d50525aabb369aedd5224c2213{\npadding-bottom:10px;\ncolor:#0c4930;\n}\nbody .av-special-heading.av-moaf04bb-e4ddf9d50525aabb369aedd5224c2213 .av-special-heading-tag .heading-char{\nfont-size:25px;\n}\n.av-special-heading.av-moaf04bb-e4ddf9d50525aabb369aedd5224c2213 .special-heading-inner-border{\nborder-color:#0c4930;\n}\n.av-special-heading.av-moaf04bb-e4ddf9d50525aabb369aedd5224c2213 .av-subheading{\nfont-size:15px;\n}\n<\/style>\n<div  class='av-special-heading av-moaf04bb-e4ddf9d50525aabb369aedd5224c2213 av-special-heading-h3 custom-color-heading blockquote elegant-quote elegant-centered  avia-builder-el-66  el_before_av_textblock  avia-builder-el-first '><h3 class='av-special-heading-tag '  itemprop=\"headline\"  ><span class=\"heading-wrap\">Aten\u00e7\u00e3o Odontol\u00f3gica \u00e0 Pacientes com Fissura Labiopalatina &#8211; SIEX 500404<\/span><\/h3><div class=\"special-heading-border\"><div class=\"special-heading-inner-border\"><\/div><\/div><\/div><br \/>\n<section  class='av_textblock_section av-moaf0d1s-a69ef5569614736416d76948a767ebf9 '   itemscope=\"itemscope\" itemtype=\"https:\/\/schema.org\/CreativeWork\" ><div class='avia_textblock'  itemprop=\"text\" ><h6 style=\"text-align: center\">Coordenador(a) acad\u00eamico: Soraia Macari<\/h6>\n<\/div><\/section><\/p><\/div>\n<style type=\"text\/css\" data-created_by=\"avia_inline_auto\" id=\"style-css-av-5txxfub-2e5a03d3ce86dace06e8fe5925da80e6\">\n#top .hr.hr-invisible.av-5txxfub-2e5a03d3ce86dace06e8fe5925da80e6{\nheight:50px;\n}\n<\/style>\n<div  class='hr av-5txxfub-2e5a03d3ce86dace06e8fe5925da80e6 hr-invisible  avia-builder-el-68  el_after_av_one_full  el_before_av_one_half '><span class='hr-inner '><span class=\"hr-inner-style\"><\/span><\/span><\/div><\/p>\n<div  class='flex_column av-55fiw5v-c10e87603cf27518f166b9a029e43f66 av_one_half  avia-builder-el-69  el_after_av_hr  el_before_av_one_half  first flex_column_div  '     ><style type=\"text\/css\" data-created_by=\"avia_inline_auto\" id=\"style-css-av-moaf26y1-9a587622f2529ca5700a029982b997b6\">\n.avia-image-container.av-moaf26y1-9a587622f2529ca5700a029982b997b6 img.avia_image{\nbox-shadow:none;\n}\n.avia-image-container.av-moaf26y1-9a587622f2529ca5700a029982b997b6 .av-image-caption-overlay-center{\ncolor:#ffffff;\n}\n<\/style>\n<div  class='avia-image-container av-moaf26y1-9a587622f2529ca5700a029982b997b6 av-styling- avia-align-center  avia-builder-el-70  avia-builder-el-no-sibling '   itemprop=\"image\" itemscope=\"itemscope\" itemtype=\"https:\/\/schema.org\/ImageObject\" ><div class=\"avia-image-container-inner\"><div class=\"avia-image-overlay-wrap\"><img decoding=\"async\" fetchpriority=\"high\" class='wp-image-18251 avia-img-lazy-loading-not-18251 avia_image ' src=\"https:\/\/www.odonto.ufmg.br\/cenex\/wp-content\/uploads\/sites\/2\/2026\/04\/59-845x684.png\" alt='' title='59'  height=\"684\" width=\"845\"  itemprop=\"thumbnailUrl\" srcset=\"https:\/\/www.odonto.ufmg.br\/cenex\/wp-content\/uploads\/sites\/2\/2026\/04\/59-845x684.png 845w, https:\/\/www.odonto.ufmg.br\/cenex\/wp-content\/uploads\/sites\/2\/2026\/04\/59-495x400.png 495w\" sizes=\"(max-width: 845px) 100vw, 845px\" \/><\/div><\/div><\/div><\/div><div  class='flex_column av-50hv58z-0985ac6c46b3f499e9948682f4538655 av_one_half  avia-builder-el-71  el_after_av_one_half  el_before_av_one_full  flex_column_div  '     ><p>\n<style type=\"text\/css\" data-created_by=\"avia_inline_auto\" id=\"style-css-av-4i2k46r-0199ea08780fa3f663e0b6d54557a762\">\n#top .hr.hr-invisible.av-4i2k46r-0199ea08780fa3f663e0b6d54557a762{\nheight:50px;\n}\n<\/style>\n<div  class='hr av-4i2k46r-0199ea08780fa3f663e0b6d54557a762 hr-invisible  avia-builder-el-72  el_before_av_textblock  avia-builder-el-first '><span class='hr-inner '><span class=\"hr-inner-style\"><\/span><\/span><\/div><br \/>\n\n<style type=\"text\/css\" data-created_by=\"avia_inline_auto\" id=\"style-css-av-3rya8ib-edac6bed8298551abbc7f12f0bfb1ac1\">\n#top .av_textblock_section.av-3rya8ib-edac6bed8298551abbc7f12f0bfb1ac1 .avia_textblock{\ncolor:#0c4930;\n}\n<\/style>\n<section  class='av_textblock_section av-3rya8ib-edac6bed8298551abbc7f12f0bfb1ac1 '   itemscope=\"itemscope\" itemtype=\"https:\/\/schema.org\/CreativeWork\" ><div class='avia_textblock av_inherit_color'  itemprop=\"text\" ><h5>PROJETOS VINCULADOS<\/h5>\n<\/div><\/section><br \/>\n<div  class='togglecontainer av-moaf3llj-b77b6ca5e0359e8382a766badcf78d7f  avia-builder-el-74  el_after_av_textblock  avia-builder-el-last  toggle_close_all' >\n<section class='av_toggle_section av-moaf2sqd-53c3c02dbbab2a2ef108b7edc0de39f1'  itemscope=\"itemscope\" itemtype=\"https:\/\/schema.org\/CreativeWork\" ><div role=\"tablist\" class=\"single_toggle\" data-tags=\"{Todos} \"  ><p id='toggle-toggle-id-28' data-fake-id='#toggle-id-28' class='toggler  av-title-above '  itemprop=\"headline\"  role='tab' tabindex='0' aria-controls='toggle-id-28' data-slide-speed=\"200\" data-title=\"NAM \u2013 Naso-Alveolar Modelador \u2013 SIEX 402946\" data-title-open=\"Prestar assist\u00eancia ortod\u00f4ntica pr\u00e9 cir\u00fargica ao paciente com fissura labiopalatalina, atrav\u00e9s da atua\u00e7\u00e3o cl\u00ednica dos discentes da FO\/UFMG, sob a supervis\u00e3o do professor orientador, interagir com outros profissionais membros da equipe interdisciplinar, buscando reabilitar o paciente f\u00edsica, est\u00e9tica e socialmente.\" data-aria_collapsed=\"Click to expand: NAM \u2013 Naso-Alveolar Modelador \u2013 SIEX 402946\" data-aria_expanded=\"Click to collapse: NAM \u2013 Naso-Alveolar Modelador \u2013 SIEX 402946\">NAM \u2013 Naso-Alveolar Modelador \u2013 SIEX 402946<span class=\"toggle_icon\"><span class=\"vert_icon\"><\/span><span class=\"hor_icon\"><\/span><\/span><\/p><div id='toggle-id-28' aria-labelledby='toggle-toggle-id-28' role='region' class='toggle_wrap  av-title-above'  ><div class='toggle_content invers-color '  itemprop=\"text\" ><\/div><\/div><\/div><\/section>\n<section class='av_toggle_section av-moaf3jko-a94c327b3ecbcc2ff03eee7f8afa7136'  itemscope=\"itemscope\" itemtype=\"https:\/\/schema.org\/CreativeWork\" ><div role=\"tablist\" class=\"single_toggle\" data-tags=\"{Todos} \"  ><p id='toggle-toggle-id-29' data-fake-id='#toggle-id-29' class='toggler  av-title-above '  itemprop=\"headline\"  role='tab' tabindex='0' aria-controls='toggle-id-29' data-slide-speed=\"200\" data-title=\"Atendimento ortod\u00f4ntico para indiv\u00edduos com fissuras labiopalatinas \u2013 SIEX 401808\" data-title-open=\"Prestar assist\u00eancia ortod\u00f4ntica ao paciente portador de fissura l\u00e1bio-palatal. Contribuir para a inser\u00e7\u00e3o do estudante de Odontologia na equipe interdisciplinar envolvida no atendimento de indiv\u00edduos portadores de fissuras l\u00e1bio-palatal.\" data-aria_collapsed=\"Click to expand: Atendimento ortod\u00f4ntico para indiv\u00edduos com fissuras labiopalatinas \u2013 SIEX 401808\" data-aria_expanded=\"Click to collapse: Atendimento ortod\u00f4ntico para indiv\u00edduos com fissuras labiopalatinas \u2013 SIEX 401808\">Atendimento ortod\u00f4ntico para indiv\u00edduos com fissuras labiopalatinas \u2013 SIEX 401808<span class=\"toggle_icon\"><span class=\"vert_icon\"><\/span><span class=\"hor_icon\"><\/span><\/span><\/p><div id='toggle-id-29' aria-labelledby='toggle-toggle-id-29' role='region' class='toggle_wrap  av-title-above'  ><div class='toggle_content invers-color '  itemprop=\"text\" ><\/div><\/div><\/div><\/section>\n<\/div><\/p><\/div><div  class='flex_column av-3ea7h0z-459b089315d83cf8232bed961bddda09 av_one_full  avia-builder-el-75  el_after_av_one_half  el_before_av_hr  first flex_column_div  column-top-margin'     ><p>\n<style type=\"text\/css\" data-created_by=\"avia_inline_auto\" id=\"style-css-av-moaf5g4f-641f4e6ebf6fc472befb846cabc5ad0c\">\n#top .av-special-heading.av-moaf5g4f-641f4e6ebf6fc472befb846cabc5ad0c{\npadding-bottom:10px;\ncolor:#0c4930;\n}\nbody .av-special-heading.av-moaf5g4f-641f4e6ebf6fc472befb846cabc5ad0c .av-special-heading-tag .heading-char{\nfont-size:25px;\n}\n.av-special-heading.av-moaf5g4f-641f4e6ebf6fc472befb846cabc5ad0c .special-heading-inner-border{\nborder-color:#0c4930;\n}\n.av-special-heading.av-moaf5g4f-641f4e6ebf6fc472befb846cabc5ad0c .av-subheading{\nfont-size:15px;\n}\n<\/style>\n<div  class='av-special-heading av-moaf5g4f-641f4e6ebf6fc472befb846cabc5ad0c av-special-heading-h3 custom-color-heading blockquote elegant-quote elegant-centered  avia-builder-el-76  el_before_av_textblock  avia-builder-el-first '><h3 class='av-special-heading-tag '  itemprop=\"headline\"  ><span class=\"heading-wrap\">Programa de atendimento multidisciplinar para beb\u00eas com Trissomia do 21 &#8211; SIEX 500553<\/span><\/h3><div class=\"special-heading-border\"><div class=\"special-heading-inner-border\"><\/div><\/div><\/div><br \/>\n<section  class='av_textblock_section av-anq9hv-6e5d6f64b8253e92fd9fe01a49427fef '   itemscope=\"itemscope\" itemtype=\"https:\/\/schema.org\/CreativeWork\" ><div class='avia_textblock'  itemprop=\"text\" ><h6 style=\"text-align: center\">Coordenador(a) acad\u00eamico: Soraia Macari<\/h6>\n<\/div><\/section><\/p><\/div>\n<style type=\"text\/css\" data-created_by=\"avia_inline_auto\" id=\"style-css-av-2l78pqr-3c40a3905bcdfe3a7ae128cfce1e8e90\">\n#top .hr.hr-invisible.av-2l78pqr-3c40a3905bcdfe3a7ae128cfce1e8e90{\nheight:50px;\n}\n<\/style>\n<div  class='hr av-2l78pqr-3c40a3905bcdfe3a7ae128cfce1e8e90 hr-invisible  avia-builder-el-78  el_after_av_one_full  el_before_av_one_half '><span class='hr-inner '><span class=\"hr-inner-style\"><\/span><\/span><\/div><\/p>\n<div  class='flex_column av-1yaj2kz-a03742e59152c28e69035c5ff37995ff av_one_half  avia-builder-el-79  el_after_av_hr  el_before_av_one_half  first flex_column_div  '     ><style type=\"text\/css\" data-created_by=\"avia_inline_auto\" id=\"style-css-av-moaf5n7x-09b4fd09fc8f728a3caa75f296494358\">\n.avia-image-container.av-moaf5n7x-09b4fd09fc8f728a3caa75f296494358 img.avia_image{\nbox-shadow:none;\n}\n.avia-image-container.av-moaf5n7x-09b4fd09fc8f728a3caa75f296494358 .av-image-caption-overlay-center{\ncolor:#ffffff;\n}\n<\/style>\n<div  class='avia-image-container av-moaf5n7x-09b4fd09fc8f728a3caa75f296494358 av-styling- avia-align-center  avia-builder-el-80  avia-builder-el-no-sibling '   itemprop=\"image\" itemscope=\"itemscope\" itemtype=\"https:\/\/schema.org\/ImageObject\" ><div class=\"avia-image-container-inner\"><div class=\"avia-image-overlay-wrap\"><img decoding=\"async\" fetchpriority=\"high\" class='wp-image-18249 avia-img-lazy-loading-not-18249 avia_image ' src=\"https:\/\/www.odonto.ufmg.br\/cenex\/wp-content\/uploads\/sites\/2\/2026\/04\/61-845x684.png\" alt='' title='61'  height=\"684\" width=\"845\"  itemprop=\"thumbnailUrl\" srcset=\"https:\/\/www.odonto.ufmg.br\/cenex\/wp-content\/uploads\/sites\/2\/2026\/04\/61-845x684.png 845w, https:\/\/www.odonto.ufmg.br\/cenex\/wp-content\/uploads\/sites\/2\/2026\/04\/61-495x400.png 495w\" sizes=\"(max-width: 845px) 100vw, 845px\" \/><\/div><\/div><\/div><\/div><div  class='flex_column av-1p3mck3-4fb8860b41d988446420b13986f0f2e0 av_one_half  avia-builder-el-81  el_after_av_one_half  avia-builder-el-last  flex_column_div  '     ><p>\n<style type=\"text\/css\" data-created_by=\"avia_inline_auto\" id=\"style-css-av-17eg8yb-f12c0d0d303fb71ef004df3d8953d263\">\n#top .hr.hr-invisible.av-17eg8yb-f12c0d0d303fb71ef004df3d8953d263{\nheight:50px;\n}\n<\/style>\n<div  class='hr av-17eg8yb-f12c0d0d303fb71ef004df3d8953d263 hr-invisible  avia-builder-el-82  el_before_av_textblock  avia-builder-el-first '><span class='hr-inner '><span class=\"hr-inner-style\"><\/span><\/span><\/div><br \/>\n\n<style type=\"text\/css\" data-created_by=\"avia_inline_auto\" id=\"style-css-av-mxm6oj-12988d9d234e418ace0379197d688e9d\">\n#top .av_textblock_section.av-mxm6oj-12988d9d234e418ace0379197d688e9d .avia_textblock{\ncolor:#0c4930;\n}\n<\/style>\n<section  class='av_textblock_section av-mxm6oj-12988d9d234e418ace0379197d688e9d '   itemscope=\"itemscope\" itemtype=\"https:\/\/schema.org\/CreativeWork\" ><div class='avia_textblock av_inherit_color'  itemprop=\"text\" ><h5>PROJETOS VINCULADOS<\/h5>\n<\/div><\/section><br \/>\n<div  class='togglecontainer av-moaf78of-c91ece92b70a9ea49af0c97622ad4b53  avia-builder-el-84  el_after_av_textblock  avia-builder-el-last  toggle_close_all' >\n<section class='av_toggle_section av-moaf6m2n-9409b2239a8308bdfb2fd1a342ba7777'  itemscope=\"itemscope\" itemtype=\"https:\/\/schema.org\/CreativeWork\" ><div role=\"tablist\" class=\"single_toggle\" data-tags=\"{Todos} \"  ><p id='toggle-toggle-id-30' data-fake-id='#toggle-id-30' class='toggler  av-title-above '  itemprop=\"headline\"  role='tab' tabindex='0' aria-controls='toggle-id-30' data-slide-speed=\"200\" data-title=\"Abordagem fonoaudiol\u00f3gica para beb\u00eas com Trissomia do 21 \u2013 SIEX 404891\" data-title-open=\"Oferecer uma abordagem fonoaudiol\u00f3gica, por meio de orienta\u00e7\u00f5es \u00e0s fam\u00edlias dos beb\u00eas que fazem uso da placa palatina de mem\u00f3ria, a fim de melhorar o t\u00f4nus e a postura dos \u00f3rg\u00e3os fonoarticulat\u00f3rios desses beb\u00eas e, consequentemente, as fun\u00e7\u00f5es estomatogn\u00e1ticas.  \" data-aria_collapsed=\"Click to expand: Abordagem fonoaudiol\u00f3gica para beb\u00eas com Trissomia do 21 \u2013 SIEX 404891\" data-aria_expanded=\"Click to collapse: Abordagem fonoaudiol\u00f3gica para beb\u00eas com Trissomia do 21 \u2013 SIEX 404891\">Abordagem fonoaudiol\u00f3gica para beb\u00eas com Trissomia do 21 \u2013 SIEX 404891<span class=\"toggle_icon\"><span class=\"vert_icon\"><\/span><span class=\"hor_icon\"><\/span><\/span><\/p><div id='toggle-id-30' aria-labelledby='toggle-toggle-id-30' role='region' class='toggle_wrap  av-title-above'  ><div class='toggle_content invers-color '  itemprop=\"text\" ><\/div><\/div><\/div><\/section>\n<section class='av_toggle_section av-moaf77ff-d154be20bb4c1155f5828b2d40872481'  itemscope=\"itemscope\" itemtype=\"https:\/\/schema.org\/CreativeWork\" ><div role=\"tablist\" class=\"single_toggle\" data-tags=\"{Todos} \"  ><p id='toggle-toggle-id-31' data-fake-id='#toggle-id-31' class='toggler  av-title-above '  itemprop=\"headline\"  role='tab' tabindex='0' aria-controls='toggle-id-31' data-slide-speed=\"200\" data-title=\"Abordagem multidisciplinar da hipotonia orofacial e protrus\u00e3o lingual de beb\u00eas com S\u00edndrome de Down \u2013 SIEX 403675\" data-title-open=\"A abordagem multidisciplinar da hipotonia orofacial e protrus\u00e3o lingual de beb\u00eas portadores de S\u00edndrome de Down tem o objetivo de promover equil\u00edbrio neuromuscular da face e pesco\u00e7o, em prol do correto desenvolvimento, a partir do uso de uma placa remov\u00edvel confeccionado de acr\u00edlico, a Placa Palatina de Mem\u00f3ria (PPM), que auxilia no posicionamento correto da l\u00edngua e estimula o selamento labial, e a terapia miofuncional orofacial, um programa de estimula\u00e7\u00e3o t\u00e1til da regi\u00e3o orofacial.\" data-aria_collapsed=\"Click to expand: Abordagem multidisciplinar da hipotonia orofacial e protrus\u00e3o lingual de beb\u00eas com S\u00edndrome de Down \u2013 SIEX 403675\" data-aria_expanded=\"Click to collapse: Abordagem multidisciplinar da hipotonia orofacial e protrus\u00e3o lingual de beb\u00eas com S\u00edndrome de Down \u2013 SIEX 403675\">Abordagem multidisciplinar da hipotonia orofacial e protrus\u00e3o lingual de beb\u00eas com S\u00edndrome de Down \u2013 SIEX 403675<span class=\"toggle_icon\"><span class=\"vert_icon\"><\/span><span class=\"hor_icon\"><\/span><\/span><\/p><div id='toggle-id-31' aria-labelledby='toggle-toggle-id-31' role='region' class='toggle_wrap  av-title-above'  ><div class='toggle_content invers-color '  itemprop=\"text\" ><\/div><\/div><\/div><\/section>\n<\/div><\/p><\/div><\/p>\n","protected":false},"excerpt":{"rendered":"","protected":false},"author":72,"featured_media":0,"parent":0,"menu_order":0,"comment_status":"closed","ping_status":"closed","template":"","meta":{"inline_featured_image":false,"footnotes":""},"class_list":["post-18291","page","type-page","status-publish","hentry"],"yoast_head":"<!-- This site is optimized with the Yoast SEO plugin v27.4 - https:\/\/yoast.com\/product\/yoast-seo-wordpress\/ -->\n<title>Programas | CENEX Odonto<\/title>\n<meta name=\"robots\" content=\"index, follow, max-snippet:-1, max-image-preview:large, max-video-preview:-1\" \/>\n<link rel=\"canonical\" href=\"https:\/\/www.odonto.ufmg.br\/cenex\/programas-2\/\" \/>\n<meta property=\"og:locale\" content=\"pt_BR\" \/>\n<meta property=\"og:type\" content=\"article\" \/>\n<meta property=\"og:title\" content=\"Programas | CENEX Odonto\" \/>\n<meta property=\"og:url\" content=\"https:\/\/www.odonto.ufmg.br\/cenex\/programas-2\/\" \/>\n<meta property=\"og:site_name\" content=\"CENEX Odonto\" \/>\n<meta property=\"article:publisher\" content=\"https:\/\/www.facebook.com\/cenexfao\/?locale=pt_BR\" \/>\n<meta property=\"article:modified_time\" content=\"2026-04-22T19:12:24+00:00\" \/>\n<meta name=\"twitter:card\" content=\"summary_large_image\" \/>\n<meta name=\"twitter:label1\" content=\"Est. tempo de leitura\" \/>\n\t<meta name=\"twitter:data1\" content=\"5 minutos\" \/>\n<script type=\"application\/ld+json\" class=\"yoast-schema-graph\">{\"@context\":\"https:\\\/\\\/schema.org\",\"@graph\":[{\"@type\":\"WebPage\",\"@id\":\"https:\\\/\\\/www.odonto.ufmg.br\\\/cenex\\\/programas-2\\\/\",\"url\":\"https:\\\/\\\/www.odonto.ufmg.br\\\/cenex\\\/programas-2\\\/\",\"name\":\"Programas | CENEX Odonto\",\"isPartOf\":{\"@id\":\"https:\\\/\\\/www.odonto.ufmg.br\\\/cenex\\\/#website\"},\"datePublished\":\"2026-04-22T19:03:10+00:00\",\"dateModified\":\"2026-04-22T19:12:24+00:00\",\"breadcrumb\":{\"@id\":\"https:\\\/\\\/www.odonto.ufmg.br\\\/cenex\\\/programas-2\\\/#breadcrumb\"},\"inLanguage\":\"pt-BR\",\"potentialAction\":[{\"@type\":\"ReadAction\",\"target\":[\"https:\\\/\\\/www.odonto.ufmg.br\\\/cenex\\\/programas-2\\\/\"]}]},{\"@type\":\"BreadcrumbList\",\"@id\":\"https:\\\/\\\/www.odonto.ufmg.br\\\/cenex\\\/programas-2\\\/#breadcrumb\",\"itemListElement\":[{\"@type\":\"ListItem\",\"position\":1,\"name\":\"In\u00edcio\",\"item\":\"https:\\\/\\\/www.odonto.ufmg.br\\\/cenex\\\/cenex\\\/\"},{\"@type\":\"ListItem\",\"position\":2,\"name\":\"Programas\"}]},{\"@type\":\"WebSite\",\"@id\":\"https:\\\/\\\/www.odonto.ufmg.br\\\/cenex\\\/#website\",\"url\":\"https:\\\/\\\/www.odonto.ufmg.br\\\/cenex\\\/\",\"name\":\"CENEX Odonto\",\"description\":\"Centro de Extens\u00e3o - Faculdade de Odontologia UFMG\",\"publisher\":{\"@id\":\"https:\\\/\\\/www.odonto.ufmg.br\\\/cenex\\\/#organization\"},\"potentialAction\":[{\"@type\":\"SearchAction\",\"target\":{\"@type\":\"EntryPoint\",\"urlTemplate\":\"https:\\\/\\\/www.odonto.ufmg.br\\\/cenex\\\/?s={search_term_string}\"},\"query-input\":{\"@type\":\"PropertyValueSpecification\",\"valueRequired\":true,\"valueName\":\"search_term_string\"}}],\"inLanguage\":\"pt-BR\"},{\"@type\":\"Organization\",\"@id\":\"https:\\\/\\\/www.odonto.ufmg.br\\\/cenex\\\/#organization\",\"name\":\"Faculdade de Odontologia da UFMG\",\"url\":\"https:\\\/\\\/www.odonto.ufmg.br\\\/cenex\\\/\",\"logo\":{\"@type\":\"ImageObject\",\"inLanguage\":\"pt-BR\",\"@id\":\"https:\\\/\\\/www.odonto.ufmg.br\\\/cenex\\\/#\\\/schema\\\/logo\\\/image\\\/\",\"url\":\"http:\\\/\\\/www.odonto.ufmg.br\\\/cenex\\\/wp-content\\\/uploads\\\/sites\\\/2\\\/2015\\\/12\\\/logo_cenex.svg\",\"contentUrl\":\"http:\\\/\\\/www.odonto.ufmg.br\\\/cenex\\\/wp-content\\\/uploads\\\/sites\\\/2\\\/2015\\\/12\\\/logo_cenex.svg\",\"width\":1,\"height\":1,\"caption\":\"Faculdade de Odontologia da UFMG\"},\"image\":{\"@id\":\"https:\\\/\\\/www.odonto.ufmg.br\\\/cenex\\\/#\\\/schema\\\/logo\\\/image\\\/\"},\"sameAs\":[\"https:\\\/\\\/www.facebook.com\\\/cenexfao\\\/?locale=pt_BR\",\"https:\\\/\\\/www.instagram.com\\\/cenexfao\\\/\"]}]}<\/script>\n<!-- \/ Yoast SEO plugin. -->","yoast_head_json":{"title":"Programas | CENEX Odonto","robots":{"index":"index","follow":"follow","max-snippet":"max-snippet:-1","max-image-preview":"max-image-preview:large","max-video-preview":"max-video-preview:-1"},"canonical":"https:\/\/www.odonto.ufmg.br\/cenex\/programas-2\/","og_locale":"pt_BR","og_type":"article","og_title":"Programas | CENEX Odonto","og_url":"https:\/\/www.odonto.ufmg.br\/cenex\/programas-2\/","og_site_name":"CENEX Odonto","article_publisher":"https:\/\/www.facebook.com\/cenexfao\/?locale=pt_BR","article_modified_time":"2026-04-22T19:12:24+00:00","twitter_card":"summary_large_image","twitter_misc":{"Est. tempo de leitura":"5 minutos"},"schema":{"@context":"https:\/\/schema.org","@graph":[{"@type":"WebPage","@id":"https:\/\/www.odonto.ufmg.br\/cenex\/programas-2\/","url":"https:\/\/www.odonto.ufmg.br\/cenex\/programas-2\/","name":"Programas | CENEX Odonto","isPartOf":{"@id":"https:\/\/www.odonto.ufmg.br\/cenex\/#website"},"datePublished":"2026-04-22T19:03:10+00:00","dateModified":"2026-04-22T19:12:24+00:00","breadcrumb":{"@id":"https:\/\/www.odonto.ufmg.br\/cenex\/programas-2\/#breadcrumb"},"inLanguage":"pt-BR","potentialAction":[{"@type":"ReadAction","target":["https:\/\/www.odonto.ufmg.br\/cenex\/programas-2\/"]}]},{"@type":"BreadcrumbList","@id":"https:\/\/www.odonto.ufmg.br\/cenex\/programas-2\/#breadcrumb","itemListElement":[{"@type":"ListItem","position":1,"name":"In\u00edcio","item":"https:\/\/www.odonto.ufmg.br\/cenex\/cenex\/"},{"@type":"ListItem","position":2,"name":"Programas"}]},{"@type":"WebSite","@id":"https:\/\/www.odonto.ufmg.br\/cenex\/#website","url":"https:\/\/www.odonto.ufmg.br\/cenex\/","name":"CENEX Odonto","description":"Centro de Extens\u00e3o - Faculdade de Odontologia UFMG","publisher":{"@id":"https:\/\/www.odonto.ufmg.br\/cenex\/#organization"},"potentialAction":[{"@type":"SearchAction","target":{"@type":"EntryPoint","urlTemplate":"https:\/\/www.odonto.ufmg.br\/cenex\/?s={search_term_string}"},"query-input":{"@type":"PropertyValueSpecification","valueRequired":true,"valueName":"search_term_string"}}],"inLanguage":"pt-BR"},{"@type":"Organization","@id":"https:\/\/www.odonto.ufmg.br\/cenex\/#organization","name":"Faculdade de Odontologia da UFMG","url":"https:\/\/www.odonto.ufmg.br\/cenex\/","logo":{"@type":"ImageObject","inLanguage":"pt-BR","@id":"https:\/\/www.odonto.ufmg.br\/cenex\/#\/schema\/logo\/image\/","url":"http:\/\/www.odonto.ufmg.br\/cenex\/wp-content\/uploads\/sites\/2\/2015\/12\/logo_cenex.svg","contentUrl":"http:\/\/www.odonto.ufmg.br\/cenex\/wp-content\/uploads\/sites\/2\/2015\/12\/logo_cenex.svg","width":1,"height":1,"caption":"Faculdade de Odontologia da UFMG"},"image":{"@id":"https:\/\/www.odonto.ufmg.br\/cenex\/#\/schema\/logo\/image\/"},"sameAs":["https:\/\/www.facebook.com\/cenexfao\/?locale=pt_BR","https:\/\/www.instagram.com\/cenexfao\/"]}]}},"_links":{"self":[{"href":"https:\/\/www.odonto.ufmg.br\/cenex\/wp-json\/wp\/v2\/pages\/18291","targetHints":{"allow":["GET"]}}],"collection":[{"href":"https:\/\/www.odonto.ufmg.br\/cenex\/wp-json\/wp\/v2\/pages"}],"about":[{"href":"https:\/\/www.odonto.ufmg.br\/cenex\/wp-json\/wp\/v2\/types\/page"}],"author":[{"embeddable":true,"href":"https:\/\/www.odonto.ufmg.br\/cenex\/wp-json\/wp\/v2\/users\/72"}],"replies":[{"embeddable":true,"href":"https:\/\/www.odonto.ufmg.br\/cenex\/wp-json\/wp\/v2\/comments?post=18291"}],"version-history":[{"count":35,"href":"https:\/\/www.odonto.ufmg.br\/cenex\/wp-json\/wp\/v2\/pages\/18291\/revisions"}],"predecessor-version":[{"id":18332,"href":"https:\/\/www.odonto.ufmg.br\/cenex\/wp-json\/wp\/v2\/pages\/18291\/revisions\/18332"}],"wp:attachment":[{"href":"https:\/\/www.odonto.ufmg.br\/cenex\/wp-json\/wp\/v2\/media?parent=18291"}],"curies":[{"name":"wp","href":"https:\/\/api.w.org\/{rel}","templated":true}]}}