{"id":17343,"date":"2025-08-22T10:54:49","date_gmt":"2025-08-22T13:54:49","guid":{"rendered":"https:\/\/www.odonto.ufmg.br\/cenex\/?page_id=17343"},"modified":"2025-10-01T11:11:57","modified_gmt":"2025-10-01T14:11:57","slug":"curso-de-sedacao-consciente-com-oxido-nitroso-fao-ufmg","status":"publish","type":"page","link":"https:\/\/www.odonto.ufmg.br\/cenex\/curso-de-sedacao-consciente-com-oxido-nitroso-fao-ufmg\/","title":{"rendered":"Curso de Seda\u00e7\u00e3o Consciente com \u00d3xido Nitroso \u2013 FAO-UFMG"},"content":{"rendered":"\n<style type=\"text\/css\" data-created_by=\"avia_inline_auto\" id=\"style-css-av-mhhqwk-c05807a7d6240862d5e44787145e9500\">\n.flex_column.av-mhhqwk-c05807a7d6240862d5e44787145e9500{\nborder-radius:0px 0px 0px 0px;\npadding:0px 0px 0px 0px;\n}\n<\/style>\n<div  class='flex_column av-mhhqwk-c05807a7d6240862d5e44787145e9500 av_one_full  avia-builder-el-0  el_before_av_one_third  avia-builder-el-first  first flex_column_div av-zero-column-padding  '     ><div  class='avia-slideshow av-k3xyzo-c189fd170dbcda33ea3a8219889b2714 avia-slideshow-entry_without_sidebar av_slideshow avia-slide-slider  avia-builder-el-1  avia-builder-el-no-sibling  av-slideshow-ui av-control-default av-slideshow-manual av-loop-once av-loop-manual-endless av-default-height-applied avia-slideshow-1' data-slideshow-options=\"{&quot;animation&quot;:&quot;slide&quot;,&quot;autoplay&quot;:false,&quot;loop_autoplay&quot;:&quot;once&quot;,&quot;interval&quot;:5,&quot;loop_manual&quot;:&quot;manual-endless&quot;,&quot;autoplay_stopper&quot;:false,&quot;noNavigation&quot;:false,&quot;bg_slider&quot;:false,&quot;keep_padding&quot;:false,&quot;hoverpause&quot;:false,&quot;show_slide_delay&quot;:0}\"  itemprop=\"image\" itemscope=\"itemscope\" itemtype=\"https:\/\/schema.org\/ImageObject\" ><ul class='avia-slideshow-inner ' style='padding-bottom: 39.495798319328%;'><li  class='avia-slideshow-slide av-k3xyzo-c189fd170dbcda33ea3a8219889b2714__0  av-single-slide slide-1 slide-odd'><div data-rel='slideshow-1' class='avia-slide-wrap '   ><img decoding=\"async\" fetchpriority=\"high\" class=\"wp-image-17346 avia-img-lazy-loading-not-17346\"  src=\"https:\/\/www.odonto.ufmg.br\/cenex\/wp-content\/uploads\/sites\/2\/2025\/08\/WhatsApp-Image-2025-08-20-at-13.30.55-1-1071x423.jpeg\" width=\"1071\" height=\"423\" title='WhatsApp Image 2025-08-20 at 13.30.55 (1)' alt=''  itemprop=\"thumbnailUrl\" srcset=\"https:\/\/www.odonto.ufmg.br\/cenex\/wp-content\/uploads\/sites\/2\/2025\/08\/WhatsApp-Image-2025-08-20-at-13.30.55-1-1071x423.jpeg 1071w, https:\/\/www.odonto.ufmg.br\/cenex\/wp-content\/uploads\/sites\/2\/2025\/08\/WhatsApp-Image-2025-08-20-at-13.30.55-1-80x32.jpeg 80w\" sizes=\"(max-width: 1071px) 100vw, 1071px\" \/><\/div><\/li><\/ul><\/div><\/div>\n\n<style type=\"text\/css\" data-created_by=\"avia_inline_auto\" id=\"style-css-av-gwkdo4-0f66c9f64f407054b5a6875d7024b492\">\n.flex_column.av-gwkdo4-0f66c9f64f407054b5a6875d7024b492{\nborder-radius:0px 0px 0px 0px;\npadding:0px 0px 0px 0px;\n}\n<\/style>\n<div  class='flex_column av-gwkdo4-0f66c9f64f407054b5a6875d7024b492 av_one_third  avia-builder-el-2  el_after_av_one_full  el_before_av_two_third  first flex_column_div av-zero-column-padding  column-top-margin'     ><p>\n<style type=\"text\/css\" data-created_by=\"avia_inline_auto\" id=\"style-css-av-2f2plup-4b9dac91a863e2fb484df40c433baec4\">\n#top .av-special-heading.av-2f2plup-4b9dac91a863e2fb484df40c433baec4{\npadding-bottom:10px;\n}\nbody .av-special-heading.av-2f2plup-4b9dac91a863e2fb484df40c433baec4 .av-special-heading-tag .heading-char{\nfont-size:25px;\n}\n.av-special-heading.av-2f2plup-4b9dac91a863e2fb484df40c433baec4 .av-subheading{\nfont-size:15px;\n}\n<\/style>\n<div  class='av-special-heading av-2f2plup-4b9dac91a863e2fb484df40c433baec4 av-special-heading-h3  avia-builder-el-3  el_before_av_textblock  avia-builder-el-first '><h3 class='av-special-heading-tag '  itemprop=\"headline\"  >Informa\u00e7\u00f5es B\u00e1sicas<\/h3><div class=\"special-heading-border\"><div class=\"special-heading-inner-border\"><\/div><\/div><\/div><br \/>\n<section  class='av_textblock_section av-edyf44-fea7b7e9ace2cffba07bede5de5b8106 '   itemscope=\"itemscope\" itemtype=\"https:\/\/schema.org\/CreativeWork\" ><div class='avia_textblock'  itemprop=\"text\" ><table width=\"100%\">\n<tbody>\n<tr>\n<td><strong>Objetivos gerais:<\/strong><\/td>\n<\/tr>\n<tr>\n<td>\n<p style=\"font-weight: 400\">Habilitar o cirurgi\u00e3o-dentista para utiliza\u00e7\u00e3o da seda\u00e7\u00e3o consciente com\u00a0\u00f3xido nitroso; podendo empregar a t\u00e9cnica de forma segura, respons\u00e1vel e eficaz no dia a dia.\u00a0Oferecer treinamento em suporte b\u00e1sico de vida.<\/p>\n<\/td>\n<\/tr>\n<tr>\n<td><b>Diferenciais:<\/b><\/td>\n<\/tr>\n<tr>\n<td>\n<p style=\"font-weight: 400\">Promover experi\u00eancia pr\u00e1tica b\u00e1sica para o uso o uso da seda\u00e7\u00e3o consciente com \u00f3xido nitroso.<\/p>\n<p style=\"font-weight: 400\">Estabelecer protocolos que visam diminuir as intercorr\u00eancias aumentando a seguran\u00e7a do atendimento ambulatorial;<\/p>\n<p style=\"font-weight: 400\">Capacitar para seda\u00e7\u00e3o medicamentosa utilizando os conceitos e emprego do Protocolo de Redu\u00e7\u00e3o de Estresse (PRE).<\/p>\n<\/td>\n<\/tr>\n<\/tbody>\n<\/table>\n<div  class='hr av-ct2nz8-36fa1ffc5705281aaf8d41baaf3f525c hr-short  avia-builder-el-5  avia-builder-el-no-sibling  hr-left'><span class='hr-inner '><span class=\"hr-inner-style\"><\/span><\/span><\/div>\n<ul>\n<li>P\u00fablico alvo: Cirurgi\u00f5es Dentistas<\/li>\n<li>Natureza do curso: Te\u00f3rico pr\u00e1tico com atendimento de pacientes.<\/li>\n<li>N\u00famero de vagas: 12<\/li>\n<\/ul>\n<\/div><\/section><\/p><\/div>\n\n<style type=\"text\/css\" data-created_by=\"avia_inline_auto\" id=\"style-css-av-aqn9n8-e6f8bd186f896df15a939d9b34888bdf\">\n.flex_column.av-aqn9n8-e6f8bd186f896df15a939d9b34888bdf{\nborder-radius:0px 0px 0px 0px;\npadding:0px 0px 0px 0px;\n}\n<\/style>\n<div  class='flex_column av-aqn9n8-e6f8bd186f896df15a939d9b34888bdf av_two_third  avia-builder-el-6  el_after_av_one_third  avia-builder-el-last  flex_column_div av-zero-column-padding  column-top-margin'     ><p>\n<style type=\"text\/css\" data-created_by=\"avia_inline_auto\" id=\"style-css-av-1d8uopt-b4ef2632bbe500cbf4992a002607315c\">\n#top .av-special-heading.av-1d8uopt-b4ef2632bbe500cbf4992a002607315c{\npadding-bottom:10px;\n}\nbody .av-special-heading.av-1d8uopt-b4ef2632bbe500cbf4992a002607315c .av-special-heading-tag .heading-char{\nfont-size:25px;\n}\n.av-special-heading.av-1d8uopt-b4ef2632bbe500cbf4992a002607315c .av-subheading{\nfont-size:15px;\n}\n<\/style>\n<div  class='av-special-heading av-1d8uopt-b4ef2632bbe500cbf4992a002607315c av-special-heading-h3  avia-builder-el-7  el_before_av_tab_container  avia-builder-el-first '><h3 class='av-special-heading-tag '  itemprop=\"headline\"  >Mais Informa\u00e7\u00f5es<\/h3><div class=\"special-heading-border\"><div class=\"special-heading-inner-border\"><\/div><\/div><\/div><br \/>\n<div  class='tabcontainer av-6wcwys-f23efbe54f727338847eaa356886a410 top_tab  avia-builder-el-8  el_after_av_heading  avia-builder-el-last '>\n<section class='av_tab_section av_tab_section av-15jaeht-447364cc9d4e55dd3c1c471beab13e1e'  itemscope=\"itemscope\" itemtype=\"https:\/\/schema.org\/CreativeWork\" ><div id='tab-id-1-tab' class='tab active_tab' role='tab' aria-selected=\"true\" tabindex=\"0\" data-fake-id='#tab-id-1' aria-controls='tab-id-1-content'  itemprop=\"headline\" ><span class='tab_icon avia-iconfont avia-font-entypo-fontello' data-av_icon='\ue80b' data-av_iconfont='entypo-fontello' ><\/span>Coordenadores <\/div><div id='tab-id-1-content' class='tab_content active_tab_content' role='tabpanel' aria-labelledby='tab-id-1-tab' aria-hidden=\"false\"><div class='tab_inner_content invers-color'  itemprop=\"text\" ><div class=\"avia-testimonial-image\"><a class=\"lightbox-added alignnone\" href=\"http:\/\/www.odonto.ufmg.br\/cenex\/wp-content\/uploads\/sites\/2\/2018\/12\/Ricardo-Reis.jpg\" rel=\"attachment wp-att-3515\"><img decoding=\"async\" class=\"alignnone  wp-image-17344\" src=\"http:\/\/www.odonto.ufmg.br\/cenex\/wp-content\/uploads\/sites\/2\/2025\/08\/ana-cristina-294x300.png\" alt=\"\" width=\"132\" height=\"135\" srcset=\"https:\/\/www.odonto.ufmg.br\/cenex\/wp-content\/uploads\/sites\/2\/2025\/08\/ana-cristina-294x300.png 294w, https:\/\/www.odonto.ufmg.br\/cenex\/wp-content\/uploads\/sites\/2\/2025\/08\/ana-cristina-78x80.png 78w, https:\/\/www.odonto.ufmg.br\/cenex\/wp-content\/uploads\/sites\/2\/2025\/08\/ana-cristina-36x36.png 36w, https:\/\/www.odonto.ufmg.br\/cenex\/wp-content\/uploads\/sites\/2\/2025\/08\/ana-cristina.png 617w\" sizes=\"(max-width: 132px) 100vw, 132px\" \/><\/a><\/div>\n<div class=\"avia-testimonial-content \">\n<p><strong>ANA CRISTINA BORGES DE OLIVEIRA<\/strong><br \/>\n<em>Coordenadora<\/em><\/p>\n<p>Gradua\u00e7\u00e3o em Odontologia pela Pontif\u00edcia Universidade Cat\u00f3lica de Minas Gerais, Especializa\u00e7\u00e3o em Odontopediatria pela Associa\u00e7\u00e3o Brasileira de Odontologia, Mestrado em Odontologia (Odontopediatria) pela Universidade Federal de Minas Gerais (UFMG). Doutorado em Sa\u00fade P\u00fablica pela Escola Nacional de Sa\u00fade P\u00fablica (ENSP) da Funda\u00e7\u00e3o Oswaldo Cruz (Fiocruz). P\u00f3s-doutorado em Epidemiologia das Doen\u00e7as Bucais pela UFMG (Bolsista Capes) e pela McGill University (Canad\u00e1 \/ Bolsista CNPq). Habilita\u00e7\u00e3o em seda\u00e7\u00e3o consciente com \u00f3xido nitroso (Conselho Federal de Odontologia-CFO). Professora Associada da FAO-UFMG. Coordenadora da disciplina Aten\u00e7\u00e3o odontol\u00f3gica para crian\u00e7as e adolescentes com defici\u00eancia. Membro do Programa de P\u00f3s-Gradua\u00e7\u00e3o em Odontologia da UFMG (Conceito 7) e coordenadora da \u00e1rea Sa\u00fade Coletiva (2021-2022) e subcoordenadora (2016-2020 \/ 2023 &#8211; dias atuais). Linhas de trabalho (ensino, pr\u00e1tica cl\u00ednica e pesquisa): Epidemiologia das doen\u00e7as bucais (fatores biopsicossociais, vulnerabilidade e integralidade), Seda\u00e7\u00e3o ambulatorial e Odontologia para pessoas com defici\u00eancia, com \u00eanfase em crian\u00e7as e adolescentes (Doen\u00e7as raras, Autismo, Trissomia do 21, S\u00edndrome cong\u00eanita do Zika e Paralisia cerebral).<\/p>\n<\/div>\n<div class=\"avia-testimonial-content \"><\/div>\n<\/div><\/div><\/section>\n<section class='av_tab_section av_tab_section av-43jge9-81672bc6bd794ebaa2b706c860f37cd0'  itemscope=\"itemscope\" itemtype=\"https:\/\/schema.org\/CreativeWork\" ><div id='tab-id-2-tab' class='tab' role='tab' aria-selected=\"false\" tabindex=\"0\" data-fake-id='#tab-id-2' aria-controls='tab-id-2-content'  itemprop=\"headline\" ><span class='tab_icon avia-iconfont avia-font-entypo-fontello' data-av_icon='\ue81f' data-av_iconfont='entypo-fontello' ><\/span>Informa\u00e7\u00f5es Adicionais<\/div><div id='tab-id-2-content' class='tab_content' role='tabpanel' aria-labelledby='tab-id-2-tab' aria-hidden=\"true\"><div class='tab_inner_content invers-color'  itemprop=\"text\" ><p><strong>Per\u00edodo de inscri\u00e7\u00e3o:\u00a0<\/strong>19\/08\/2025 a 19\/09\/2025<br \/>\n<strong>Natureza do curso:<\/strong> Te\u00f3rico e pr\u00e1tico com atendimento de pacientes<br \/>\n<strong>Per\u00edodo de realiza\u00e7\u00e3o<\/strong>: 06\/10\/2025 a 27\/11\/2025<br \/>\n<strong>Carga hor\u00e1ria:<\/strong> 96 horas<br \/>\n<strong>N\u00famero de vagas:<\/strong> 12<\/p>\n<p style=\"font-weight: 400\"><strong>Hor\u00e1rios:<\/strong><\/p>\n<p style=\"font-weight: 400\"><strong>On-line:<\/strong>\u00a0 06, 13 e 27 out.\u00a0+ 03 nov.:\u00a008:00h \u00e0s 12:00h\u00a0\/\u00a014:00h \u00e0s 18:00h:<\/p>\n<p style=\"font-weight: 400\"><strong>Presencial:<\/strong>\u00a024 a\u00a027 nov.\u00a0(2\u00aa a 4\u00aa feira: 08:00h \u00e0s 12:00h\u00a0\/ 14:00h \u00e0s 18:00h \/\u00a019:00h \u00e0s 21:00h + 5a feira: 08:00h \u00e0s 12:00h\u00a0\/ 14:00h \u00e0s 18:00h)<\/p>\n<p style=\"font-weight: 400\"><strong>Local:<\/strong><\/p>\n<p style=\"font-weight: 400\"><strong>On-line:<\/strong>\u00a0Plataforma Teams.<\/p>\n<p style=\"font-weight: 400\"><strong>Presencial:<\/strong>\u00a0Cl\u00ednica da\u00a0<strong>Faculdade\u00a0de\u00a0<\/strong><strong>O<\/strong><strong>dontologia\u00a0da UFMG<\/strong>\u00a0\u00a0\u2013 Campus Pampulha, BH\/MG.<\/p>\n<\/div><\/div><\/section>\n<section class='av_tab_section av_tab_section av-rtlroh-6bbcfcf44c32ba634bc1a4c0ef5b3b77'  itemscope=\"itemscope\" itemtype=\"https:\/\/schema.org\/CreativeWork\" ><div id='tab-id-3-tab' class='tab' role='tab' aria-selected=\"false\" tabindex=\"0\" data-fake-id='#tab-id-3' aria-controls='tab-id-3-content'  itemprop=\"headline\" ><span class='tab_icon avia-iconfont avia-font-entypo-fontello' data-av_icon='\ue84b' data-av_iconfont='entypo-fontello' ><\/span>M\u00f3dulos e cronograma <\/div><div id='tab-id-3-content' class='tab_content' role='tabpanel' aria-labelledby='tab-id-3-tab' aria-hidden=\"true\"><div class='tab_inner_content invers-color'  itemprop=\"text\" ><p><strong>Conte\u00fado te\u00f3rico:<\/strong> Teoria, discuss\u00e3o\/planejamento de casos cl\u00ednicos e prova (Carga hor\u00e1ria: 34 horas)<br \/>\n<strong>Ementa:<\/strong> Seda\u00e7\u00e3o consciente, \u00f3xido nitroso e equipamentos. Dor, medo e ansiedade. Fisiologia do<br \/>\nsistema nervoso central (SNC), respirat\u00f3rio e cardiovascular. Farmacologia. Seda\u00e7\u00e3o multimodal.<br \/>\nEmerg\u00eancias m\u00e9dicas. Discuss\u00e3o dos casos cl\u00ednicos. Avalia\u00e7\u00e3o te\u00f3rica.<\/p>\n<p><strong>Conte\u00fado demonstrativo:<\/strong> Pr\u00e1tica demonstrativa (Carga hor\u00e1ria: 16 horas)<br \/>\n<strong>Ementa:<\/strong> Demonstra\u00e7\u00e3o do uso do \u00f3xido nitroso, monitores multiparam\u00e9tricos e sinais vitais.<br \/>\nDemonstrativo de manejo de vias a\u00e9reas. Demonstrativo da caixa de emerg\u00eancia e injet\u00e1veis. Acesso<br \/>\naos termos e fichas de seda\u00e7\u00e3o. Discuss\u00e3o dos casos. Treinamento Suporte B\u00e1sico de Vida.<\/p>\n<p><strong>Conte\u00fado cl\u00ednico:<\/strong> Pr\u00e1tica Cl\u00ednica (Carga hor\u00e1ria: 20 horas)<br \/>\n<strong>Ementa:<\/strong> Atendimento cl\u00ednico dos pacientes agendados para consulta com uso de seda\u00e7\u00e3o com \u00f3xido<br \/>\nnitroso, planejando e executando os procedimentos necess\u00e1rios.<\/p>\n<p><strong>Conte\u00fado de dispers\u00e3o:<\/strong> Atividades de dispers\u00e3o (Carga hor\u00e1ria: 26 horas)<br \/>\n<strong>Ementa:<\/strong> Disponibilizar um canal direto de comunica\u00e7\u00e3o entre professores e alunos ao longo do curso.<br \/>\nSuporte cont\u00ednuo para os alunos solucionarem d\u00favidas. Discuss\u00e3o de artigos\/textos.<\/p>\n<\/div><\/div><\/section>\n<section class='av_tab_section av_tab_section av-jg1ps1-d8ff13345f1e224ede52f98ffd1e52c3'  itemscope=\"itemscope\" itemtype=\"https:\/\/schema.org\/CreativeWork\" ><div id='tab-id-4-tab' class='tab' role='tab' aria-selected=\"false\" tabindex=\"0\" data-fake-id='#tab-id-4' aria-controls='tab-id-4-content'  itemprop=\"headline\" ><span class='tab_icon avia-iconfont avia-font-entypo-fontello' data-av_icon='\ue832' data-av_iconfont='entypo-fontello' ><\/span>Investimento e Matr\u00edculas<\/div><div id='tab-id-4-content' class='tab_content' role='tabpanel' aria-labelledby='tab-id-4-tab' aria-hidden=\"true\"><div class='tab_inner_content invers-color'  itemprop=\"text\" ><p><strong>INVESTIMENTO:\u00a0<\/strong><\/p>\n<p>R$6.800 (\u00e0 vista ou 3 parcelas de R$ 2.267,00)<\/p>\n<p style=\"font-weight: 400\">1\u00aa parcela: Dep\u00f3sito no ato da inscri\u00e7\u00e3o R$ 2.267,00<br \/>\n2\u00aa parcela: Paga via boleto (vencimento 15\/09\/2025) R$ 2.267,00<br \/>\n3\u00aa parcela: Paga via boleto (vencimento 15\/10\/2025) R$ 2.267,00<\/p>\n<p><b>Obs.: todos os pagamentos via dep\u00f3sito dever\u00e3o ser comprovados por meio de envio do comprovante para<\/b>\u00a0<a href=\"https:\/\/conveniar.fco.org.br\/Fundacao\/Forms\/Evento\/null\"><b>projetos3@fco.org.br<\/b><\/a><\/p>\n<p><strong>Forma de sele\u00e7\u00e3o: <\/strong>Ordem de inscri\u00e7\u00e3o<\/p>\n<div  class='avia-button-wrap avia-button-center  avia-builder-el-9  avia-builder-el-no-sibling '>\n<style type=\"text\/css\" data-created_by=\"avia_inline_auto\" id=\"style-css-av-cm7pj8-d5cb8c9488ec0836e0a373f37fb8aaaa\">\n#top #wrap_all .avia-button.av-cm7pj8-d5cb8c9488ec0836e0a373f37fb8aaaa{\ncolor:#ffffff;\ntransition:all 0.4s ease-in-out;\n}\n#top #wrap_all .avia-button.av-cm7pj8-d5cb8c9488ec0836e0a373f37fb8aaaa:hover{\nbackground-color:#15844d;\ncolor:#ffffff;\ntransition:all 0.4s ease-in-out;\n}\n#top #wrap_all .avia-button.av-cm7pj8-d5cb8c9488ec0836e0a373f37fb8aaaa .avia-svg-icon svg:first-child{\nfill:#ffffff;\nstroke:#ffffff;\n}\n#top #wrap_all .avia-button.av-cm7pj8-d5cb8c9488ec0836e0a373f37fb8aaaa:hover .avia-svg-icon svg:first-child{\nfill:#ffffff;\nstroke:#ffffff;\n}\n<\/style>\n<a href='https:\/\/fco.conveniar.com.br\/eventos\/Forms\/Servicos\/EventoDados.aspx?action=318' class='avia-color-theme-color avia-button avia-button-fullwidth av-cm7pj8-d5cb8c9488ec0836e0a373f37fb8aaaa avia-icon_select-no avia-color-theme-color'   aria-label=\"MATRICULAR\"><span class='avia_iconbox_title' >MATRICULAR<\/span><div class='av-button-description av-button-description-below'><p>Voc\u00ea ser\u00e1 redirecionado para o site da funda\u00e7\u00e3o.<\/p>\n<\/div><\/a><\/div>\n<p><strong>Sobre as bolsas:<\/strong><\/p>\n<p>Nos Cursos de Extens\u00e3o ser\u00e3o concedidas bolsas para alunos carentes e\/ou servidores da UFMG, num total de 10% das vagas preenchidas, desde que o curso atinja o n\u00famero de inscri\u00e7\u00f5es necess\u00e1rias para sua viabiliza\u00e7\u00e3o.<br \/>\nAlunos da UFMG e comunidade externa dever\u00e3o passar pelo processo de an\u00e1lise socioecon\u00f4mica aplicada pela Funda\u00e7\u00e3o Mendes Pimentel (FUMP), especificamente para obten\u00e7\u00e3o da declara\u00e7\u00e3o de classifica\u00e7\u00e3o socioecon\u00f4mica, que subsidiar\u00e1 a coordena\u00e7\u00e3o do curso no processo de sele\u00e7\u00e3o das bolsas. O CENEX\/FO n\u00e3o se responsabiliza por esta etapa do processo, que \u00e9 de exclusividade da FUMP, conforme orienta\u00e7\u00f5es do site. A declara\u00e7\u00e3o dever\u00e1 informar a pontua\u00e7\u00e3o e n\u00e3o o n\u00edvel da avalia\u00e7\u00e3o socioecon\u00f4mica.<\/p>\n<p>OBS: Este processo \u00e9 demorado, sugerimos que j\u00e1 procurem a FUMP.<br \/>\nServidores da UFMG dever\u00e3o providenciar a declara\u00e7\u00e3o da chefia imediata autorizando a participa\u00e7\u00e3o no curso requerido sem preju\u00edzo de seus encargos did\u00e1ticos ou atribui\u00e7\u00f5es funcionais.<\/p>\n<\/div><\/div><\/section>\n<\/div><\/p><\/div>\n","protected":false},"excerpt":{"rendered":"","protected":false},"author":72,"featured_media":17346,"parent":0,"menu_order":0,"comment_status":"closed","ping_status":"closed","template":"","meta":{"inline_featured_image":false,"footnotes":""},"class_list":["post-17343","page","type-page","status-publish","has-post-thumbnail","hentry"],"yoast_head":"<!-- This site is optimized with the Yoast SEO plugin v27.5 - https:\/\/yoast.com\/product\/yoast-seo-wordpress\/ -->\n<title>Curso de Seda\u00e7\u00e3o Consciente com \u00d3xido Nitroso \u2013 FAO-UFMG | CENEX Odonto<\/title>\n<meta name=\"robots\" content=\"index, follow, max-snippet:-1, max-image-preview:large, max-video-preview:-1\" \/>\n<link rel=\"canonical\" href=\"https:\/\/www.odonto.ufmg.br\/cenex\/curso-de-sedacao-consciente-com-oxido-nitroso-fao-ufmg\/\" \/>\n<meta property=\"og:locale\" content=\"pt_BR\" \/>\n<meta property=\"og:type\" content=\"article\" \/>\n<meta property=\"og:title\" content=\"Curso de Seda\u00e7\u00e3o Consciente com \u00d3xido Nitroso \u2013 FAO-UFMG | CENEX Odonto\" \/>\n<meta property=\"og:url\" content=\"https:\/\/www.odonto.ufmg.br\/cenex\/curso-de-sedacao-consciente-com-oxido-nitroso-fao-ufmg\/\" \/>\n<meta property=\"og:site_name\" content=\"CENEX Odonto\" \/>\n<meta property=\"article:publisher\" content=\"https:\/\/www.facebook.com\/cenexfao\/?locale=pt_BR\" \/>\n<meta property=\"article:modified_time\" content=\"2025-10-01T14:11:57+00:00\" \/>\n<meta property=\"og:image\" content=\"http:\/\/www.odonto.ufmg.br\/cenex\/wp-content\/uploads\/sites\/2\/2025\/08\/WhatsApp-Image-2025-08-20-at-13.30.55-1.jpeg\" \/>\n\t<meta property=\"og:image:width\" content=\"1071\" \/>\n\t<meta property=\"og:image:height\" content=\"431\" \/>\n\t<meta property=\"og:image:type\" content=\"image\/jpeg\" \/>\n<meta name=\"twitter:card\" content=\"summary_large_image\" \/>\n<meta name=\"twitter:label1\" content=\"Est. tempo de leitura\" \/>\n\t<meta name=\"twitter:data1\" content=\"5 minutos\" \/>\n<script type=\"application\/ld+json\" class=\"yoast-schema-graph\">{\"@context\":\"https:\\\/\\\/schema.org\",\"@graph\":[{\"@type\":\"WebPage\",\"@id\":\"https:\\\/\\\/www.odonto.ufmg.br\\\/cenex\\\/curso-de-sedacao-consciente-com-oxido-nitroso-fao-ufmg\\\/\",\"url\":\"https:\\\/\\\/www.odonto.ufmg.br\\\/cenex\\\/curso-de-sedacao-consciente-com-oxido-nitroso-fao-ufmg\\\/\",\"name\":\"Curso de Seda\u00e7\u00e3o Consciente com \u00d3xido Nitroso \u2013 FAO-UFMG | CENEX Odonto\",\"isPartOf\":{\"@id\":\"https:\\\/\\\/www.odonto.ufmg.br\\\/cenex\\\/#website\"},\"primaryImageOfPage\":{\"@id\":\"https:\\\/\\\/www.odonto.ufmg.br\\\/cenex\\\/curso-de-sedacao-consciente-com-oxido-nitroso-fao-ufmg\\\/#primaryimage\"},\"image\":{\"@id\":\"https:\\\/\\\/www.odonto.ufmg.br\\\/cenex\\\/curso-de-sedacao-consciente-com-oxido-nitroso-fao-ufmg\\\/#primaryimage\"},\"thumbnailUrl\":\"https:\\\/\\\/www.odonto.ufmg.br\\\/cenex\\\/wp-content\\\/uploads\\\/sites\\\/2\\\/2025\\\/08\\\/WhatsApp-Image-2025-08-20-at-13.30.55-1.jpeg\",\"datePublished\":\"2025-08-22T13:54:49+00:00\",\"dateModified\":\"2025-10-01T14:11:57+00:00\",\"breadcrumb\":{\"@id\":\"https:\\\/\\\/www.odonto.ufmg.br\\\/cenex\\\/curso-de-sedacao-consciente-com-oxido-nitroso-fao-ufmg\\\/#breadcrumb\"},\"inLanguage\":\"pt-BR\",\"potentialAction\":[{\"@type\":\"ReadAction\",\"target\":[\"https:\\\/\\\/www.odonto.ufmg.br\\\/cenex\\\/curso-de-sedacao-consciente-com-oxido-nitroso-fao-ufmg\\\/\"]}]},{\"@type\":\"ImageObject\",\"inLanguage\":\"pt-BR\",\"@id\":\"https:\\\/\\\/www.odonto.ufmg.br\\\/cenex\\\/curso-de-sedacao-consciente-com-oxido-nitroso-fao-ufmg\\\/#primaryimage\",\"url\":\"https:\\\/\\\/www.odonto.ufmg.br\\\/cenex\\\/wp-content\\\/uploads\\\/sites\\\/2\\\/2025\\\/08\\\/WhatsApp-Image-2025-08-20-at-13.30.55-1.jpeg\",\"contentUrl\":\"https:\\\/\\\/www.odonto.ufmg.br\\\/cenex\\\/wp-content\\\/uploads\\\/sites\\\/2\\\/2025\\\/08\\\/WhatsApp-Image-2025-08-20-at-13.30.55-1.jpeg\",\"width\":1071,\"height\":431},{\"@type\":\"BreadcrumbList\",\"@id\":\"https:\\\/\\\/www.odonto.ufmg.br\\\/cenex\\\/curso-de-sedacao-consciente-com-oxido-nitroso-fao-ufmg\\\/#breadcrumb\",\"itemListElement\":[{\"@type\":\"ListItem\",\"position\":1,\"name\":\"In\u00edcio\",\"item\":\"https:\\\/\\\/www.odonto.ufmg.br\\\/cenex\\\/cenex\\\/\"},{\"@type\":\"ListItem\",\"position\":2,\"name\":\"Curso de Seda\u00e7\u00e3o Consciente com \u00d3xido Nitroso \u2013 FAO-UFMG\"}]},{\"@type\":\"WebSite\",\"@id\":\"https:\\\/\\\/www.odonto.ufmg.br\\\/cenex\\\/#website\",\"url\":\"https:\\\/\\\/www.odonto.ufmg.br\\\/cenex\\\/\",\"name\":\"CENEX Odonto\",\"description\":\"Centro de Extens\u00e3o - Faculdade de Odontologia UFMG\",\"publisher\":{\"@id\":\"https:\\\/\\\/www.odonto.ufmg.br\\\/cenex\\\/#organization\"},\"potentialAction\":[{\"@type\":\"SearchAction\",\"target\":{\"@type\":\"EntryPoint\",\"urlTemplate\":\"https:\\\/\\\/www.odonto.ufmg.br\\\/cenex\\\/?s={search_term_string}\"},\"query-input\":{\"@type\":\"PropertyValueSpecification\",\"valueRequired\":true,\"valueName\":\"search_term_string\"}}],\"inLanguage\":\"pt-BR\"},{\"@type\":\"Organization\",\"@id\":\"https:\\\/\\\/www.odonto.ufmg.br\\\/cenex\\\/#organization\",\"name\":\"Faculdade de Odontologia da UFMG\",\"url\":\"https:\\\/\\\/www.odonto.ufmg.br\\\/cenex\\\/\",\"logo\":{\"@type\":\"ImageObject\",\"inLanguage\":\"pt-BR\",\"@id\":\"https:\\\/\\\/www.odonto.ufmg.br\\\/cenex\\\/#\\\/schema\\\/logo\\\/image\\\/\",\"url\":\"http:\\\/\\\/www.odonto.ufmg.br\\\/cenex\\\/wp-content\\\/uploads\\\/sites\\\/2\\\/2015\\\/12\\\/logo_cenex.svg\",\"contentUrl\":\"http:\\\/\\\/www.odonto.ufmg.br\\\/cenex\\\/wp-content\\\/uploads\\\/sites\\\/2\\\/2015\\\/12\\\/logo_cenex.svg\",\"width\":1,\"height\":1,\"caption\":\"Faculdade de Odontologia da UFMG\"},\"image\":{\"@id\":\"https:\\\/\\\/www.odonto.ufmg.br\\\/cenex\\\/#\\\/schema\\\/logo\\\/image\\\/\"},\"sameAs\":[\"https:\\\/\\\/www.facebook.com\\\/cenexfao\\\/?locale=pt_BR\",\"https:\\\/\\\/www.instagram.com\\\/cenexfao\\\/\"]}]}<\/script>\n<!-- \/ Yoast SEO plugin. -->","yoast_head_json":{"title":"Curso de Seda\u00e7\u00e3o Consciente com \u00d3xido Nitroso \u2013 FAO-UFMG | CENEX Odonto","robots":{"index":"index","follow":"follow","max-snippet":"max-snippet:-1","max-image-preview":"max-image-preview:large","max-video-preview":"max-video-preview:-1"},"canonical":"https:\/\/www.odonto.ufmg.br\/cenex\/curso-de-sedacao-consciente-com-oxido-nitroso-fao-ufmg\/","og_locale":"pt_BR","og_type":"article","og_title":"Curso de Seda\u00e7\u00e3o Consciente com \u00d3xido Nitroso \u2013 FAO-UFMG | CENEX Odonto","og_url":"https:\/\/www.odonto.ufmg.br\/cenex\/curso-de-sedacao-consciente-com-oxido-nitroso-fao-ufmg\/","og_site_name":"CENEX Odonto","article_publisher":"https:\/\/www.facebook.com\/cenexfao\/?locale=pt_BR","article_modified_time":"2025-10-01T14:11:57+00:00","og_image":[{"width":1071,"height":431,"url":"http:\/\/www.odonto.ufmg.br\/cenex\/wp-content\/uploads\/sites\/2\/2025\/08\/WhatsApp-Image-2025-08-20-at-13.30.55-1.jpeg","type":"image\/jpeg"}],"twitter_card":"summary_large_image","twitter_misc":{"Est. tempo de leitura":"5 minutos"},"schema":{"@context":"https:\/\/schema.org","@graph":[{"@type":"WebPage","@id":"https:\/\/www.odonto.ufmg.br\/cenex\/curso-de-sedacao-consciente-com-oxido-nitroso-fao-ufmg\/","url":"https:\/\/www.odonto.ufmg.br\/cenex\/curso-de-sedacao-consciente-com-oxido-nitroso-fao-ufmg\/","name":"Curso de Seda\u00e7\u00e3o Consciente com \u00d3xido Nitroso \u2013 FAO-UFMG | CENEX Odonto","isPartOf":{"@id":"https:\/\/www.odonto.ufmg.br\/cenex\/#website"},"primaryImageOfPage":{"@id":"https:\/\/www.odonto.ufmg.br\/cenex\/curso-de-sedacao-consciente-com-oxido-nitroso-fao-ufmg\/#primaryimage"},"image":{"@id":"https:\/\/www.odonto.ufmg.br\/cenex\/curso-de-sedacao-consciente-com-oxido-nitroso-fao-ufmg\/#primaryimage"},"thumbnailUrl":"https:\/\/www.odonto.ufmg.br\/cenex\/wp-content\/uploads\/sites\/2\/2025\/08\/WhatsApp-Image-2025-08-20-at-13.30.55-1.jpeg","datePublished":"2025-08-22T13:54:49+00:00","dateModified":"2025-10-01T14:11:57+00:00","breadcrumb":{"@id":"https:\/\/www.odonto.ufmg.br\/cenex\/curso-de-sedacao-consciente-com-oxido-nitroso-fao-ufmg\/#breadcrumb"},"inLanguage":"pt-BR","potentialAction":[{"@type":"ReadAction","target":["https:\/\/www.odonto.ufmg.br\/cenex\/curso-de-sedacao-consciente-com-oxido-nitroso-fao-ufmg\/"]}]},{"@type":"ImageObject","inLanguage":"pt-BR","@id":"https:\/\/www.odonto.ufmg.br\/cenex\/curso-de-sedacao-consciente-com-oxido-nitroso-fao-ufmg\/#primaryimage","url":"https:\/\/www.odonto.ufmg.br\/cenex\/wp-content\/uploads\/sites\/2\/2025\/08\/WhatsApp-Image-2025-08-20-at-13.30.55-1.jpeg","contentUrl":"https:\/\/www.odonto.ufmg.br\/cenex\/wp-content\/uploads\/sites\/2\/2025\/08\/WhatsApp-Image-2025-08-20-at-13.30.55-1.jpeg","width":1071,"height":431},{"@type":"BreadcrumbList","@id":"https:\/\/www.odonto.ufmg.br\/cenex\/curso-de-sedacao-consciente-com-oxido-nitroso-fao-ufmg\/#breadcrumb","itemListElement":[{"@type":"ListItem","position":1,"name":"In\u00edcio","item":"https:\/\/www.odonto.ufmg.br\/cenex\/cenex\/"},{"@type":"ListItem","position":2,"name":"Curso de Seda\u00e7\u00e3o Consciente com \u00d3xido Nitroso \u2013 FAO-UFMG"}]},{"@type":"WebSite","@id":"https:\/\/www.odonto.ufmg.br\/cenex\/#website","url":"https:\/\/www.odonto.ufmg.br\/cenex\/","name":"CENEX Odonto","description":"Centro de Extens\u00e3o - Faculdade de Odontologia UFMG","publisher":{"@id":"https:\/\/www.odonto.ufmg.br\/cenex\/#organization"},"potentialAction":[{"@type":"SearchAction","target":{"@type":"EntryPoint","urlTemplate":"https:\/\/www.odonto.ufmg.br\/cenex\/?s={search_term_string}"},"query-input":{"@type":"PropertyValueSpecification","valueRequired":true,"valueName":"search_term_string"}}],"inLanguage":"pt-BR"},{"@type":"Organization","@id":"https:\/\/www.odonto.ufmg.br\/cenex\/#organization","name":"Faculdade de Odontologia da UFMG","url":"https:\/\/www.odonto.ufmg.br\/cenex\/","logo":{"@type":"ImageObject","inLanguage":"pt-BR","@id":"https:\/\/www.odonto.ufmg.br\/cenex\/#\/schema\/logo\/image\/","url":"http:\/\/www.odonto.ufmg.br\/cenex\/wp-content\/uploads\/sites\/2\/2015\/12\/logo_cenex.svg","contentUrl":"http:\/\/www.odonto.ufmg.br\/cenex\/wp-content\/uploads\/sites\/2\/2015\/12\/logo_cenex.svg","width":1,"height":1,"caption":"Faculdade de Odontologia da UFMG"},"image":{"@id":"https:\/\/www.odonto.ufmg.br\/cenex\/#\/schema\/logo\/image\/"},"sameAs":["https:\/\/www.facebook.com\/cenexfao\/?locale=pt_BR","https:\/\/www.instagram.com\/cenexfao\/"]}]}},"_links":{"self":[{"href":"https:\/\/www.odonto.ufmg.br\/cenex\/wp-json\/wp\/v2\/pages\/17343","targetHints":{"allow":["GET"]}}],"collection":[{"href":"https:\/\/www.odonto.ufmg.br\/cenex\/wp-json\/wp\/v2\/pages"}],"about":[{"href":"https:\/\/www.odonto.ufmg.br\/cenex\/wp-json\/wp\/v2\/types\/page"}],"author":[{"embeddable":true,"href":"https:\/\/www.odonto.ufmg.br\/cenex\/wp-json\/wp\/v2\/users\/72"}],"replies":[{"embeddable":true,"href":"https:\/\/www.odonto.ufmg.br\/cenex\/wp-json\/wp\/v2\/comments?post=17343"}],"version-history":[{"count":6,"href":"https:\/\/www.odonto.ufmg.br\/cenex\/wp-json\/wp\/v2\/pages\/17343\/revisions"}],"predecessor-version":[{"id":17694,"href":"https:\/\/www.odonto.ufmg.br\/cenex\/wp-json\/wp\/v2\/pages\/17343\/revisions\/17694"}],"wp:featuredmedia":[{"embeddable":true,"href":"https:\/\/www.odonto.ufmg.br\/cenex\/wp-json\/wp\/v2\/media\/17346"}],"wp:attachment":[{"href":"https:\/\/www.odonto.ufmg.br\/cenex\/wp-json\/wp\/v2\/media?parent=17343"}],"curies":[{"name":"wp","href":"https:\/\/api.w.org\/{rel}","templated":true}]}}