{"id":16654,"date":"2025-04-04T10:05:51","date_gmt":"2025-04-04T13:05:51","guid":{"rendered":"https:\/\/www.odonto.ufmg.br\/cenex\/?page_id=16654"},"modified":"2026-03-04T15:40:54","modified_gmt":"2026-03-04T18:40:54","slug":"editais-2","status":"publish","type":"page","link":"https:\/\/www.odonto.ufmg.br\/cenex\/editais-2\/","title":{"rendered":"Editais e Certificados"},"content":{"rendered":"<div  class='flex_column av-jmwbe6-0dd6ea62e5472f37a0e4a908f05eb5c1 av_one_full  avia-builder-el-0  el_before_av_promobox  avia-builder-el-first  first flex_column_div  '     ><p>\n<style type=\"text\/css\" data-created_by=\"avia_inline_auto\" id=\"style-css-av-mmcdqh1f-676ee64885db019f0cda5fbf0a1fa20b\">\n#top .av-special-heading.av-mmcdqh1f-676ee64885db019f0cda5fbf0a1fa20b{\npadding-bottom:10px;\ncolor:#0c4930;\n}\nbody .av-special-heading.av-mmcdqh1f-676ee64885db019f0cda5fbf0a1fa20b .av-special-heading-tag .heading-char{\nfont-size:25px;\n}\n.av-special-heading.av-mmcdqh1f-676ee64885db019f0cda5fbf0a1fa20b .special-heading-inner-border{\nborder-color:#0c4930;\n}\n.av-special-heading.av-mmcdqh1f-676ee64885db019f0cda5fbf0a1fa20b .av-subheading{\nfont-size:15px;\n}\n<\/style>\n<div  class='av-special-heading av-mmcdqh1f-676ee64885db019f0cda5fbf0a1fa20b av-special-heading-h2 custom-color-heading blockquote elegant-quote elegant-centered  avia-builder-el-1  el_before_av_postslider  avia-builder-el-first '><h2 class='av-special-heading-tag '  itemprop=\"headline\"  ><span class=\"heading-wrap\">Editais Abertos<\/span><\/h2><div class=\"special-heading-border\"><div class=\"special-heading-inner-border\"><\/div><\/div><\/div><br \/>\n<div  data-slideshow-options=\"{&quot;animation&quot;:&quot;fade&quot;,&quot;autoplay&quot;:false,&quot;loop_autoplay&quot;:&quot;once&quot;,&quot;interval&quot;:&quot;5&quot;,&quot;loop_manual&quot;:&quot;manual-endless&quot;,&quot;autoplay_stopper&quot;:false,&quot;noNavigation&quot;:false,&quot;show_slide_delay&quot;:90}\" class='avia-content-slider avia-content-slider-active avia-content-slider1 avia-content-slider-odd  avia-builder-el-2  el_after_av_heading  el_before_av_heading  av-slideshow-ui av-control-default av-nav-dots-visible  av-no-slider-navigation av-slideshow-manual av-loop-once av-loop-manual-endless '  itemscope=\"itemscope\" itemtype=\"https:\/\/schema.org\/Blog\" ><div class=\"avia-content-slider-inner\"><div class=\"slide-entry-wrap\"><article class='slide-entry flex_column  post-entry post-entry-17545 slide-entry-overview slide-loop-1 slide-parity-odd  post-entry-last  av_one_fifth first real-thumbnail posttype-post post-format-standard'  itemscope=\"itemscope\" itemtype=\"https:\/\/schema.org\/CreativeWork\" ><a href='https:\/\/www.odonto.ufmg.br\/cenex\/ata\/o-cenex-fao-comunica-que-nao-ha-editais-abertos-no-presente-momento\/' data-rel='slide-1' class='slide-image' title='O CENEX\/FAO comunica que n\u00e3o h\u00e1 editais abertos no presente momento'><img decoding=\"async\" fetchpriority=\"high\" width=\"260\" height=\"185\" src=\"https:\/\/www.odonto.ufmg.br\/cenex\/wp-content\/uploads\/sites\/2\/2025\/12\/Story-e1764598148831-260x185.jpg\" class=\"wp-image-17546 avia-img-lazy-loading-not-17546 attachment-portfolio_small size-portfolio_small wp-post-image\" alt=\"\" \/><\/a><div class=\"slide-content\"><header class=\"entry-content-header\" aria-label=\"Slide: O CENEX\/FAO comunica que n\u00e3o h\u00e1 editais abertos no presente momento\"><h3 class='slide-entry-title entry-title '  itemprop=\"headline\" ><a href='https:\/\/www.odonto.ufmg.br\/cenex\/ata\/o-cenex-fao-comunica-que-nao-ha-editais-abertos-no-presente-momento\/' title='O CENEX\/FAO comunica que n\u00e3o h\u00e1 editais abertos no presente momento'>O CENEX\/FAO comunica que n\u00e3o h\u00e1 editais abertos no presente momento<\/a><\/h3><span class=\"av-vertical-delimiter\"><\/span><\/header><div class=\"slide-meta\"><time class='slide-meta-time updated'  itemprop=\"datePublished\" datetime=\"2025-12-01T11:11:46-03:00\" >01\/12\/2025<\/time><\/div><div class='slide-entry-excerpt entry-content'  itemprop=\"text\" >\n\n\n\nAVISO\nA equipe do CENEX\/FAO comunica a comunidade acad\u00eamica\u2026<\/div><\/div><footer class=\"entry-footer\"><\/footer><span class='hidden'>\n\t\t\t\t<span class='av-structured-data'  itemprop=\"image\" itemscope=\"itemscope\" itemtype=\"https:\/\/schema.org\/ImageObject\" >\n\t\t\t\t\t\t<span itemprop='url'>https:\/\/www.odonto.ufmg.br\/cenex\/wp-content\/uploads\/sites\/2\/2025\/12\/Story-e1764598148831.jpg<\/span>\n\t\t\t\t\t\t<span itemprop='height'>720<\/span>\n\t\t\t\t\t\t<span itemprop='width'>1080<\/span>\n\t\t\t\t<\/span>\n\t\t\t\t<span class='av-structured-data'  itemprop=\"publisher\" itemtype=\"https:\/\/schema.org\/Organization\" itemscope=\"itemscope\" >\n\t\t\t\t\t\t<span itemprop='name'>cenex<\/span>\n\t\t\t\t\t\t<span itemprop='logo' itemscope itemtype='https:\/\/schema.org\/ImageObject'>\n\t\t\t\t\t\t\t<span itemprop='url'>http:\/\/www.odonto.ufmg.br\/cenex\/wp-content\/uploads\/sites\/2\/2025\/08\/logo-cenex.svg<\/span>\n\t\t\t\t\t\t<\/span>\n\t\t\t\t<\/span><span class='av-structured-data'  itemprop=\"author\" itemscope=\"itemscope\" itemtype=\"https:\/\/schema.org\/Person\" ><span itemprop='name'>cenex<\/span><\/span><span class='av-structured-data'  itemprop=\"datePublished\" datetime=\"2025-04-04T10:05:51-03:00\" >2025-12-01 11:11:46<\/span><span class='av-structured-data'  itemprop=\"dateModified\" itemtype=\"https:\/\/schema.org\/dateModified\" >2026-03-31 10:14:28<\/span><span class='av-structured-data'  itemprop=\"mainEntityOfPage\" itemtype=\"https:\/\/schema.org\/mainEntityOfPage\" ><span itemprop='name'>O CENEX\/FAO comunica que n\u00e3o h\u00e1 editais abertos no presente momento<\/span><\/span><\/span><\/article><\/div><\/div><\/div><br \/>\n\n<style type=\"text\/css\" data-created_by=\"avia_inline_auto\" id=\"style-css-av-mmcdsixv-71d9bf39da5e0b426c7c763d447211d9\">\n#top .av-special-heading.av-mmcdsixv-71d9bf39da5e0b426c7c763d447211d9{\npadding-bottom:10px;\ncolor:#0c4930;\n}\nbody .av-special-heading.av-mmcdsixv-71d9bf39da5e0b426c7c763d447211d9 .av-special-heading-tag .heading-char{\nfont-size:25px;\n}\n.av-special-heading.av-mmcdsixv-71d9bf39da5e0b426c7c763d447211d9 .special-heading-inner-border{\nborder-color:#0c4930;\n}\n.av-special-heading.av-mmcdsixv-71d9bf39da5e0b426c7c763d447211d9 .av-subheading{\nfont-size:15px;\n}\n<\/style>\n<div  class='av-special-heading av-mmcdsixv-71d9bf39da5e0b426c7c763d447211d9 av-special-heading-h2 custom-color-heading blockquote elegant-quote elegant-centered  avia-builder-el-3  el_after_av_postslider  el_before_av_postslider '><h2 class='av-special-heading-tag '  itemprop=\"headline\"  ><span class=\"heading-wrap\">Editais Encerrados<\/span><\/h2><div class=\"special-heading-border\"><div class=\"special-heading-inner-border\"><\/div><\/div><\/div><br \/>\n<div  data-slideshow-options=\"{&quot;animation&quot;:&quot;fade&quot;,&quot;autoplay&quot;:false,&quot;loop_autoplay&quot;:&quot;once&quot;,&quot;interval&quot;:&quot;5&quot;,&quot;loop_manual&quot;:&quot;manual-endless&quot;,&quot;autoplay_stopper&quot;:false,&quot;noNavigation&quot;:false,&quot;show_slide_delay&quot;:90}\" class='avia-content-slider avia-content-slider-active avia-content-slider2 avia-content-slider-odd  avia-builder-el-4  el_after_av_heading  el_before_av_heading  av-slideshow-ui av-control-default   av-no-slider-navigation av-slideshow-manual av-loop-once av-loop-manual-endless '  itemscope=\"itemscope\" itemtype=\"https:\/\/schema.org\/Blog\" ><div class=\"avia-content-slider-inner\"><div class=\"slide-entry-wrap\"><article class='slide-entry flex_column  post-entry post-entry-18139 slide-entry-overview slide-loop-1 slide-parity-odd  av_one_fifth first real-thumbnail posttype-post post-format-standard'  itemscope=\"itemscope\" itemtype=\"https:\/\/schema.org\/CreativeWork\" ><a href='https:\/\/www.odonto.ufmg.br\/cenex\/ata\/selecao-de-voluntarios-para-o-projeto-de-extensao-atendimento-ortodontico-a-pacientes-com-traumatismos-dentarios-3\/' data-rel='slide-2' class='slide-image' title='Sele\u00e7\u00e3o de Volunt\u00e1rios para o Projeto de Extens\u00e3o &#8220;Atendimento Ortod\u00f4ntico a Pacientes com Traumatismos Dent\u00e1rios&#8221;'><img decoding=\"async\" fetchpriority=\"high\" width=\"260\" height=\"185\" src=\"https:\/\/www.odonto.ufmg.br\/cenex\/wp-content\/uploads\/sites\/2\/2019\/09\/cenex_oportunidade_site-260x185.png\" class=\"wp-image-10032 avia-img-lazy-loading-not-10032 attachment-portfolio_small size-portfolio_small wp-post-image\" alt=\"\" \/><\/a><div class=\"slide-content\"><header class=\"entry-content-header\" aria-label=\"Slide: Sele\u00e7\u00e3o de Volunt\u00e1rios para o Projeto de Extens\u00e3o &quot;Atendimento Ortod\u00f4ntico a Pacientes com Traumatismos Dent\u00e1rios&quot;\"><h3 class='slide-entry-title entry-title '  itemprop=\"headline\" ><a href='https:\/\/www.odonto.ufmg.br\/cenex\/ata\/selecao-de-voluntarios-para-o-projeto-de-extensao-atendimento-ortodontico-a-pacientes-com-traumatismos-dentarios-3\/' title='Sele\u00e7\u00e3o de Volunt\u00e1rios para o Projeto de Extens\u00e3o &#8220;Atendimento Ortod\u00f4ntico a Pacientes com Traumatismos Dent\u00e1rios&#8221;'>Sele\u00e7\u00e3o de Volunt\u00e1rios para o Projeto de Extens\u00e3o &#8220;Atendimento Ortod\u00f4ntico a Pacientes com Traumatismos Dent\u00e1rios&#8221;<\/a><\/h3><span class=\"av-vertical-delimiter\"><\/span><\/header><div class=\"slide-meta\"><time class='slide-meta-time updated'  itemprop=\"datePublished\" datetime=\"2026-03-25T14:34:56-03:00\" >25\/03\/2026<\/time><\/div><div class='slide-entry-excerpt entry-content'  itemprop=\"text\" >EDITAL\nEst\u00e3o abertas, a partir do dia 23\/03\/2026 a 27\/03\/2026\u2026<\/div><\/div><footer class=\"entry-footer\"><\/footer><span class='hidden'>\n\t\t\t\t<span class='av-structured-data'  itemprop=\"image\" itemscope=\"itemscope\" itemtype=\"https:\/\/schema.org\/ImageObject\" >\n\t\t\t\t\t\t<span itemprop='url'>https:\/\/www.odonto.ufmg.br\/cenex\/wp-content\/uploads\/sites\/2\/2019\/09\/cenex_oportunidade_site.png<\/span>\n\t\t\t\t\t\t<span itemprop='height'>469<\/span>\n\t\t\t\t\t\t<span itemprop='width'>937<\/span>\n\t\t\t\t<\/span>\n\t\t\t\t<span class='av-structured-data'  itemprop=\"publisher\" itemtype=\"https:\/\/schema.org\/Organization\" itemscope=\"itemscope\" >\n\t\t\t\t\t\t<span itemprop='name'>cenex<\/span>\n\t\t\t\t\t\t<span itemprop='logo' itemscope itemtype='https:\/\/schema.org\/ImageObject'>\n\t\t\t\t\t\t\t<span itemprop='url'>http:\/\/www.odonto.ufmg.br\/cenex\/wp-content\/uploads\/sites\/2\/2025\/08\/logo-cenex.svg<\/span>\n\t\t\t\t\t\t<\/span>\n\t\t\t\t<\/span><span class='av-structured-data'  itemprop=\"author\" itemscope=\"itemscope\" itemtype=\"https:\/\/schema.org\/Person\" ><span itemprop='name'>cenex<\/span><\/span><span class='av-structured-data'  itemprop=\"datePublished\" datetime=\"2025-04-04T10:05:51-03:00\" >2026-03-25 14:34:56<\/span><span class='av-structured-data'  itemprop=\"dateModified\" itemtype=\"https:\/\/schema.org\/dateModified\" >2026-03-31 10:13:59<\/span><span class='av-structured-data'  itemprop=\"mainEntityOfPage\" itemtype=\"https:\/\/schema.org\/mainEntityOfPage\" ><span itemprop='name'>Sele\u00e7\u00e3o de Volunt\u00e1rios para o Projeto de Extens\u00e3o &#8220;Atendimento Ortod\u00f4ntico a Pacientes com Traumatismos Dent\u00e1rios&#8221;<\/span><\/span><\/span><\/article><article class='slide-entry flex_column  post-entry post-entry-18130 slide-entry-overview slide-loop-2 slide-parity-even  av_one_fifth  real-thumbnail posttype-post post-format-standard'  itemscope=\"itemscope\" itemtype=\"https:\/\/schema.org\/CreativeWork\" ><a href='https:\/\/www.odonto.ufmg.br\/cenex\/ata\/selecao-de-voluntarios-para-o-projeto-de-extensao-transodonto-saude-bucal-tambem-e-direito\/' data-rel='slide-2' class='slide-image' title='Sele\u00e7\u00e3o de Volunt\u00e1rios para o Projeto de Extens\u00e3o &#8220;TRANSODONTO: SA\u00daDE BUCAL TAMB\u00c9M \u00c9 DIREITO!&#8221;'><img decoding=\"async\" fetchpriority=\"high\" width=\"260\" height=\"185\" src=\"https:\/\/www.odonto.ufmg.br\/cenex\/wp-content\/uploads\/sites\/2\/2019\/09\/cenex_oportunidade_site-260x185.png\" class=\"wp-image-10032 avia-img-lazy-loading-not-10032 attachment-portfolio_small size-portfolio_small wp-post-image\" alt=\"\" \/><\/a><div class=\"slide-content\"><header class=\"entry-content-header\" aria-label=\"Slide: Sele\u00e7\u00e3o de Volunt\u00e1rios para o Projeto de Extens\u00e3o &quot;TRANSODONTO: SA\u00daDE BUCAL TAMB\u00c9M \u00c9 DIREITO!&quot;\"><h3 class='slide-entry-title entry-title '  itemprop=\"headline\" ><a href='https:\/\/www.odonto.ufmg.br\/cenex\/ata\/selecao-de-voluntarios-para-o-projeto-de-extensao-transodonto-saude-bucal-tambem-e-direito\/' title='Sele\u00e7\u00e3o de Volunt\u00e1rios para o Projeto de Extens\u00e3o &#8220;TRANSODONTO: SA\u00daDE BUCAL TAMB\u00c9M \u00c9 DIREITO!&#8221;'>Sele\u00e7\u00e3o de Volunt\u00e1rios para o Projeto de Extens\u00e3o &#8220;TRANSODONTO: SA\u00daDE BUCAL TAMB\u00c9M \u00c9 DIREITO!&#8221;<\/a><\/h3><span class=\"av-vertical-delimiter\"><\/span><\/header><div class=\"slide-meta\"><time class='slide-meta-time updated'  itemprop=\"datePublished\" datetime=\"2026-03-25T14:27:25-03:00\" >25\/03\/2026<\/time><\/div><div class='slide-entry-excerpt entry-content'  itemprop=\"text\" >EDITAL\nEst\u00e3o abertas, a partir do dia 16\/03\/2026 e 23\/03\/2026\u2026<\/div><\/div><footer class=\"entry-footer\"><\/footer><span class='hidden'>\n\t\t\t\t<span class='av-structured-data'  itemprop=\"image\" itemscope=\"itemscope\" itemtype=\"https:\/\/schema.org\/ImageObject\" >\n\t\t\t\t\t\t<span itemprop='url'>https:\/\/www.odonto.ufmg.br\/cenex\/wp-content\/uploads\/sites\/2\/2019\/09\/cenex_oportunidade_site.png<\/span>\n\t\t\t\t\t\t<span itemprop='height'>469<\/span>\n\t\t\t\t\t\t<span itemprop='width'>937<\/span>\n\t\t\t\t<\/span>\n\t\t\t\t<span class='av-structured-data'  itemprop=\"publisher\" itemtype=\"https:\/\/schema.org\/Organization\" itemscope=\"itemscope\" >\n\t\t\t\t\t\t<span itemprop='name'>cenex<\/span>\n\t\t\t\t\t\t<span itemprop='logo' itemscope itemtype='https:\/\/schema.org\/ImageObject'>\n\t\t\t\t\t\t\t<span itemprop='url'>http:\/\/www.odonto.ufmg.br\/cenex\/wp-content\/uploads\/sites\/2\/2025\/08\/logo-cenex.svg<\/span>\n\t\t\t\t\t\t<\/span>\n\t\t\t\t<\/span><span class='av-structured-data'  itemprop=\"author\" itemscope=\"itemscope\" itemtype=\"https:\/\/schema.org\/Person\" ><span itemprop='name'>cenex<\/span><\/span><span class='av-structured-data'  itemprop=\"datePublished\" datetime=\"2025-04-04T10:05:51-03:00\" >2026-03-25 14:27:25<\/span><span class='av-structured-data'  itemprop=\"dateModified\" itemtype=\"https:\/\/schema.org\/dateModified\" >2026-03-25 14:44:48<\/span><span class='av-structured-data'  itemprop=\"mainEntityOfPage\" itemtype=\"https:\/\/schema.org\/mainEntityOfPage\" ><span itemprop='name'>Sele\u00e7\u00e3o de Volunt\u00e1rios para o Projeto de Extens\u00e3o &#8220;TRANSODONTO: SA\u00daDE BUCAL TAMB\u00c9M \u00c9 DIREITO!&#8221;<\/span><\/span><\/span><\/article><article class='slide-entry flex_column  post-entry post-entry-18105 slide-entry-overview slide-loop-3 slide-parity-odd  av_one_fifth  real-thumbnail posttype-post post-format-standard'  itemscope=\"itemscope\" itemtype=\"https:\/\/schema.org\/CreativeWork\" ><a href='https:\/\/www.odonto.ufmg.br\/cenex\/ata\/selecao-de-voluntarios-para-o-projeto-de-extensao-centro-de-memoria-ciencia-e-cultura-no-discurso-da-odontologia-2\/' data-rel='slide-2' class='slide-image' title='Sele\u00e7\u00e3o de Volunt\u00e1rios para o Projeto de Extens\u00e3o &#8220;Centro de Mem\u00f3ria: ci\u00eancia e cultura no discurso da Odontologia&#8221;'><img decoding=\"async\" fetchpriority=\"high\" width=\"260\" height=\"185\" src=\"https:\/\/www.odonto.ufmg.br\/cenex\/wp-content\/uploads\/sites\/2\/2019\/09\/cenex_oportunidade_site-260x185.png\" class=\"wp-image-10032 avia-img-lazy-loading-not-10032 attachment-portfolio_small size-portfolio_small wp-post-image\" alt=\"\" \/><\/a><div class=\"slide-content\"><header class=\"entry-content-header\" aria-label=\"Slide: Sele\u00e7\u00e3o de Volunt\u00e1rios para o Projeto de Extens\u00e3o &quot;Centro de Mem\u00f3ria: ci\u00eancia e cultura no discurso da Odontologia&quot;\"><h3 class='slide-entry-title entry-title '  itemprop=\"headline\" ><a href='https:\/\/www.odonto.ufmg.br\/cenex\/ata\/selecao-de-voluntarios-para-o-projeto-de-extensao-centro-de-memoria-ciencia-e-cultura-no-discurso-da-odontologia-2\/' title='Sele\u00e7\u00e3o de Volunt\u00e1rios para o Projeto de Extens\u00e3o &#8220;Centro de Mem\u00f3ria: ci\u00eancia e cultura no discurso da Odontologia&#8221;'>Sele\u00e7\u00e3o de Volunt\u00e1rios para o Projeto de Extens\u00e3o &#8220;Centro de Mem\u00f3ria: ci\u00eancia e cultura no discurso da Odontologia&#8221;<\/a><\/h3><span class=\"av-vertical-delimiter\"><\/span><\/header><div class=\"slide-meta\"><time class='slide-meta-time updated'  itemprop=\"datePublished\" datetime=\"2026-03-25T14:08:30-03:00\" >25\/03\/2026<\/time><\/div><div class='slide-entry-excerpt entry-content'  itemprop=\"text\" >\n\n\n\nEDITAL\nEst\u00e3o abertas, a partir do dia 16\/03\/26 a 23\/03\/2026\u2026<\/div><\/div><footer class=\"entry-footer\"><\/footer><span class='hidden'>\n\t\t\t\t<span class='av-structured-data'  itemprop=\"image\" itemscope=\"itemscope\" itemtype=\"https:\/\/schema.org\/ImageObject\" >\n\t\t\t\t\t\t<span itemprop='url'>https:\/\/www.odonto.ufmg.br\/cenex\/wp-content\/uploads\/sites\/2\/2019\/09\/cenex_oportunidade_site.png<\/span>\n\t\t\t\t\t\t<span itemprop='height'>469<\/span>\n\t\t\t\t\t\t<span itemprop='width'>937<\/span>\n\t\t\t\t<\/span>\n\t\t\t\t<span class='av-structured-data'  itemprop=\"publisher\" itemtype=\"https:\/\/schema.org\/Organization\" itemscope=\"itemscope\" >\n\t\t\t\t\t\t<span itemprop='name'>cenex<\/span>\n\t\t\t\t\t\t<span itemprop='logo' itemscope itemtype='https:\/\/schema.org\/ImageObject'>\n\t\t\t\t\t\t\t<span itemprop='url'>http:\/\/www.odonto.ufmg.br\/cenex\/wp-content\/uploads\/sites\/2\/2025\/08\/logo-cenex.svg<\/span>\n\t\t\t\t\t\t<\/span>\n\t\t\t\t<\/span><span class='av-structured-data'  itemprop=\"author\" itemscope=\"itemscope\" itemtype=\"https:\/\/schema.org\/Person\" ><span itemprop='name'>cenex<\/span><\/span><span class='av-structured-data'  itemprop=\"datePublished\" datetime=\"2025-04-04T10:05:51-03:00\" >2026-03-25 14:08:30<\/span><span class='av-structured-data'  itemprop=\"dateModified\" itemtype=\"https:\/\/schema.org\/dateModified\" >2026-03-25 14:44:41<\/span><span class='av-structured-data'  itemprop=\"mainEntityOfPage\" itemtype=\"https:\/\/schema.org\/mainEntityOfPage\" ><span itemprop='name'>Sele\u00e7\u00e3o de Volunt\u00e1rios para o Projeto de Extens\u00e3o &#8220;Centro de Mem\u00f3ria: ci\u00eancia e cultura no discurso da Odontologia&#8221;<\/span><\/span><\/span><\/article><article class='slide-entry flex_column  post-entry post-entry-18096 slide-entry-overview slide-loop-4 slide-parity-even  av_one_fifth  real-thumbnail posttype-post post-format-standard'  itemscope=\"itemscope\" itemtype=\"https:\/\/schema.org\/CreativeWork\" ><a href='https:\/\/www.odonto.ufmg.br\/cenex\/ata\/selecao-de-voluntarios-para-o-projeto-de-extensao-assistencia-em-imaginologia-e-radiologia-bucomaxilofacial-na-faculdade-de-odontologia-da-universidade-federal-de-minas-gerais-4\/' data-rel='slide-2' class='slide-image' title='Sele\u00e7\u00e3o de Volunt\u00e1rios para o Projeto de Extens\u00e3o &#8220;Assist\u00eancia em Imaginologia e Radiologia Bucomaxilofacial na Faculdade de Odontologia da Universidade Federal de Minas Gerais&#8221;'><img decoding=\"async\" fetchpriority=\"high\" width=\"260\" height=\"185\" src=\"https:\/\/www.odonto.ufmg.br\/cenex\/wp-content\/uploads\/sites\/2\/2019\/09\/cenex_oportunidade_site-260x185.png\" class=\"wp-image-10032 avia-img-lazy-loading-not-10032 attachment-portfolio_small size-portfolio_small wp-post-image\" alt=\"\" \/><\/a><div class=\"slide-content\"><header class=\"entry-content-header\" aria-label=\"Slide: Sele\u00e7\u00e3o de Volunt\u00e1rios para o Projeto de Extens\u00e3o &quot;Assist\u00eancia em Imaginologia e Radiologia Bucomaxilofacial na Faculdade de Odontologia da Universidade Federal de Minas Gerais&quot;\"><h3 class='slide-entry-title entry-title '  itemprop=\"headline\" ><a href='https:\/\/www.odonto.ufmg.br\/cenex\/ata\/selecao-de-voluntarios-para-o-projeto-de-extensao-assistencia-em-imaginologia-e-radiologia-bucomaxilofacial-na-faculdade-de-odontologia-da-universidade-federal-de-minas-gerais-4\/' title='Sele\u00e7\u00e3o de Volunt\u00e1rios para o Projeto de Extens\u00e3o &#8220;Assist\u00eancia em Imaginologia e Radiologia Bucomaxilofacial na Faculdade de Odontologia da Universidade Federal de Minas Gerais&#8221;'>Sele\u00e7\u00e3o de Volunt\u00e1rios para o Projeto de Extens\u00e3o &#8220;Assist\u00eancia em Imaginologia e Radiologia Bucomaxilofacial na Faculdade de Odontologia da Universidade Federal de Minas Gerais&#8221;<\/a><\/h3><span class=\"av-vertical-delimiter\"><\/span><\/header><div class=\"slide-meta\"><time class='slide-meta-time updated'  itemprop=\"datePublished\" datetime=\"2026-03-18T16:28:34-03:00\" >18\/03\/2026<\/time><\/div><div class='slide-entry-excerpt entry-content'  itemprop=\"text\" >\n\n\n\n\n\n\n\nEDITAL\nEst\u00e3o abertas, a partir do dia 13\/03\/2026 a 17\/03\/2026\u2026<\/div><\/div><footer class=\"entry-footer\"><\/footer><span class='hidden'>\n\t\t\t\t<span class='av-structured-data'  itemprop=\"image\" itemscope=\"itemscope\" itemtype=\"https:\/\/schema.org\/ImageObject\" >\n\t\t\t\t\t\t<span itemprop='url'>https:\/\/www.odonto.ufmg.br\/cenex\/wp-content\/uploads\/sites\/2\/2019\/09\/cenex_oportunidade_site.png<\/span>\n\t\t\t\t\t\t<span itemprop='height'>469<\/span>\n\t\t\t\t\t\t<span itemprop='width'>937<\/span>\n\t\t\t\t<\/span>\n\t\t\t\t<span class='av-structured-data'  itemprop=\"publisher\" itemtype=\"https:\/\/schema.org\/Organization\" itemscope=\"itemscope\" >\n\t\t\t\t\t\t<span itemprop='name'>cenex<\/span>\n\t\t\t\t\t\t<span itemprop='logo' itemscope itemtype='https:\/\/schema.org\/ImageObject'>\n\t\t\t\t\t\t\t<span itemprop='url'>http:\/\/www.odonto.ufmg.br\/cenex\/wp-content\/uploads\/sites\/2\/2025\/08\/logo-cenex.svg<\/span>\n\t\t\t\t\t\t<\/span>\n\t\t\t\t<\/span><span class='av-structured-data'  itemprop=\"author\" itemscope=\"itemscope\" itemtype=\"https:\/\/schema.org\/Person\" ><span itemprop='name'>cenex<\/span><\/span><span class='av-structured-data'  itemprop=\"datePublished\" datetime=\"2025-04-04T10:05:51-03:00\" >2026-03-18 16:28:34<\/span><span class='av-structured-data'  itemprop=\"dateModified\" itemtype=\"https:\/\/schema.org\/dateModified\" >2026-03-25 14:44:31<\/span><span class='av-structured-data'  itemprop=\"mainEntityOfPage\" itemtype=\"https:\/\/schema.org\/mainEntityOfPage\" ><span itemprop='name'>Sele\u00e7\u00e3o de Volunt\u00e1rios para o Projeto de Extens\u00e3o &#8220;Assist\u00eancia em Imaginologia e Radiologia Bucomaxilofacial na Faculdade de Odontologia da Universidade Federal de Minas Gerais&#8221;<\/span><\/span><\/span><\/article><article class='slide-entry flex_column  post-entry post-entry-18093 slide-entry-overview slide-loop-5 slide-parity-odd  av_one_fifth  real-thumbnail posttype-post post-format-standard'  itemscope=\"itemscope\" itemtype=\"https:\/\/schema.org\/CreativeWork\" ><a href='https:\/\/www.odonto.ufmg.br\/cenex\/ata\/selecao-de-bolsistas-e-voluntarios-para-o-projeto-de-extensao-projeto-de-extensao-atendimento-odontologico-a-pessoa-com-deficiencia-de-desenvolvimento-peaopdd-2\/' data-rel='slide-2' class='slide-image' title='Sele\u00e7\u00e3o de Bolsistas e Volunt\u00e1rios para o Projeto de Extens\u00e3o &#8220;Projeto de Extens\u00e3o Atendimento Odontol\u00f3gico \u00e0 Pessoa com Defici\u00eancia de Desenvolvimento (PEAOPDD)&#8221;'><img decoding=\"async\" fetchpriority=\"high\" width=\"260\" height=\"185\" src=\"https:\/\/www.odonto.ufmg.br\/cenex\/wp-content\/uploads\/sites\/2\/2019\/09\/cenex_oportunidade_site-260x185.png\" class=\"wp-image-10032 avia-img-lazy-loading-not-10032 attachment-portfolio_small size-portfolio_small wp-post-image\" alt=\"\" \/><\/a><div class=\"slide-content\"><header class=\"entry-content-header\" aria-label=\"Slide: Sele\u00e7\u00e3o de Bolsistas e Volunt\u00e1rios para o Projeto de Extens\u00e3o &quot;Projeto de Extens\u00e3o Atendimento Odontol\u00f3gico \u00e0 Pessoa com Defici\u00eancia de Desenvolvimento (PEAOPDD)&quot;\"><h3 class='slide-entry-title entry-title '  itemprop=\"headline\" ><a href='https:\/\/www.odonto.ufmg.br\/cenex\/ata\/selecao-de-bolsistas-e-voluntarios-para-o-projeto-de-extensao-projeto-de-extensao-atendimento-odontologico-a-pessoa-com-deficiencia-de-desenvolvimento-peaopdd-2\/' title='Sele\u00e7\u00e3o de Bolsistas e Volunt\u00e1rios para o Projeto de Extens\u00e3o &#8220;Projeto de Extens\u00e3o Atendimento Odontol\u00f3gico \u00e0 Pessoa com Defici\u00eancia de Desenvolvimento (PEAOPDD)&#8221;'>Sele\u00e7\u00e3o de Bolsistas e Volunt\u00e1rios para o Projeto de Extens\u00e3o &#8220;Projeto de Extens\u00e3o Atendimento Odontol\u00f3gico \u00e0 Pessoa com Defici\u00eancia de Desenvolvimento (PEAOPDD)&#8221;<\/a><\/h3><span class=\"av-vertical-delimiter\"><\/span><\/header><div class=\"slide-meta\"><time class='slide-meta-time updated'  itemprop=\"datePublished\" datetime=\"2026-03-18T16:25:11-03:00\" >18\/03\/2026<\/time><\/div><div class='slide-entry-excerpt entry-content'  itemprop=\"text\" >\n\n\n\n\n\n\n\nEDITAL\nEst\u00e3o abertas, a partir do dia 12\/03\/2026 a 19\/03\/2026\u2026<\/div><\/div><footer class=\"entry-footer\"><\/footer><span class='hidden'>\n\t\t\t\t<span class='av-structured-data'  itemprop=\"image\" itemscope=\"itemscope\" itemtype=\"https:\/\/schema.org\/ImageObject\" >\n\t\t\t\t\t\t<span itemprop='url'>https:\/\/www.odonto.ufmg.br\/cenex\/wp-content\/uploads\/sites\/2\/2019\/09\/cenex_oportunidade_site.png<\/span>\n\t\t\t\t\t\t<span itemprop='height'>469<\/span>\n\t\t\t\t\t\t<span itemprop='width'>937<\/span>\n\t\t\t\t<\/span>\n\t\t\t\t<span class='av-structured-data'  itemprop=\"publisher\" itemtype=\"https:\/\/schema.org\/Organization\" itemscope=\"itemscope\" >\n\t\t\t\t\t\t<span itemprop='name'>cenex<\/span>\n\t\t\t\t\t\t<span itemprop='logo' itemscope itemtype='https:\/\/schema.org\/ImageObject'>\n\t\t\t\t\t\t\t<span itemprop='url'>http:\/\/www.odonto.ufmg.br\/cenex\/wp-content\/uploads\/sites\/2\/2025\/08\/logo-cenex.svg<\/span>\n\t\t\t\t\t\t<\/span>\n\t\t\t\t<\/span><span class='av-structured-data'  itemprop=\"author\" itemscope=\"itemscope\" itemtype=\"https:\/\/schema.org\/Person\" ><span itemprop='name'>cenex<\/span><\/span><span class='av-structured-data'  itemprop=\"datePublished\" datetime=\"2025-04-04T10:05:51-03:00\" >2026-03-18 16:25:11<\/span><span class='av-structured-data'  itemprop=\"dateModified\" itemtype=\"https:\/\/schema.org\/dateModified\" >2026-03-25 14:44:25<\/span><span class='av-structured-data'  itemprop=\"mainEntityOfPage\" itemtype=\"https:\/\/schema.org\/mainEntityOfPage\" ><span itemprop='name'>Sele\u00e7\u00e3o de Bolsistas e Volunt\u00e1rios para o Projeto de Extens\u00e3o &#8220;Projeto de Extens\u00e3o Atendimento Odontol\u00f3gico \u00e0 Pessoa com Defici\u00eancia de Desenvolvimento (PEAOPDD)&#8221;<\/span><\/span><\/span><\/article><\/div><div class=\"slide-entry-wrap\"><article class='slide-entry flex_column  post-entry post-entry-18087 slide-entry-overview slide-loop-6 slide-parity-odd  av_one_fifth first real-thumbnail posttype-post post-format-standard'  itemscope=\"itemscope\" itemtype=\"https:\/\/schema.org\/CreativeWork\" ><a href='https:\/\/www.odonto.ufmg.br\/cenex\/ata\/selecao-de-voluntarios-para-o-projeto-de-extensao-humanizacao-do-atendimento-odontologico-na-fao-ufmg\/' data-rel='slide-2' class='slide-image' title='Sele\u00e7\u00e3o de Volunt\u00e1rios para o Projeto de Extens\u00e3o &#8220;HUMANIZA\u00c7\u00c3O DO ATENDIMENTO ODONTOL\u00d3GICO NA FAO UFMG&#8221;'><img decoding=\"async\" fetchpriority=\"high\" width=\"260\" height=\"185\" src=\"https:\/\/www.odonto.ufmg.br\/cenex\/wp-content\/uploads\/sites\/2\/2019\/09\/cenex_oportunidade_site-260x185.png\" class=\"wp-image-10032 avia-img-lazy-loading-not-10032 attachment-portfolio_small size-portfolio_small wp-post-image\" alt=\"\" \/><\/a><div class=\"slide-content\"><header class=\"entry-content-header\" aria-label=\"Slide: Sele\u00e7\u00e3o de Volunt\u00e1rios para o Projeto de Extens\u00e3o &quot;HUMANIZA\u00c7\u00c3O DO ATENDIMENTO ODONTOL\u00d3GICO NA FAO UFMG&quot;\"><h3 class='slide-entry-title entry-title '  itemprop=\"headline\" ><a href='https:\/\/www.odonto.ufmg.br\/cenex\/ata\/selecao-de-voluntarios-para-o-projeto-de-extensao-humanizacao-do-atendimento-odontologico-na-fao-ufmg\/' title='Sele\u00e7\u00e3o de Volunt\u00e1rios para o Projeto de Extens\u00e3o &#8220;HUMANIZA\u00c7\u00c3O DO ATENDIMENTO ODONTOL\u00d3GICO NA FAO UFMG&#8221;'>Sele\u00e7\u00e3o de Volunt\u00e1rios para o Projeto de Extens\u00e3o &#8220;HUMANIZA\u00c7\u00c3O DO ATENDIMENTO ODONTOL\u00d3GICO NA FAO UFMG&#8221;<\/a><\/h3><span class=\"av-vertical-delimiter\"><\/span><\/header><div class=\"slide-meta\"><time class='slide-meta-time updated'  itemprop=\"datePublished\" datetime=\"2026-03-12T11:48:09-03:00\" >12\/03\/2026<\/time><\/div><div class='slide-entry-excerpt entry-content'  itemprop=\"text\" >\n\n\n\nEDITAL\nEst\u00e3o abertas, a partir do dia 23\/02\/2026 a 23\/03\/2026\u2026<\/div><\/div><footer class=\"entry-footer\"><\/footer><span class='hidden'>\n\t\t\t\t<span class='av-structured-data'  itemprop=\"image\" itemscope=\"itemscope\" itemtype=\"https:\/\/schema.org\/ImageObject\" >\n\t\t\t\t\t\t<span itemprop='url'>https:\/\/www.odonto.ufmg.br\/cenex\/wp-content\/uploads\/sites\/2\/2019\/09\/cenex_oportunidade_site.png<\/span>\n\t\t\t\t\t\t<span itemprop='height'>469<\/span>\n\t\t\t\t\t\t<span itemprop='width'>937<\/span>\n\t\t\t\t<\/span>\n\t\t\t\t<span class='av-structured-data'  itemprop=\"publisher\" itemtype=\"https:\/\/schema.org\/Organization\" itemscope=\"itemscope\" >\n\t\t\t\t\t\t<span itemprop='name'>cenex<\/span>\n\t\t\t\t\t\t<span itemprop='logo' itemscope itemtype='https:\/\/schema.org\/ImageObject'>\n\t\t\t\t\t\t\t<span itemprop='url'>http:\/\/www.odonto.ufmg.br\/cenex\/wp-content\/uploads\/sites\/2\/2025\/08\/logo-cenex.svg<\/span>\n\t\t\t\t\t\t<\/span>\n\t\t\t\t<\/span><span class='av-structured-data'  itemprop=\"author\" itemscope=\"itemscope\" itemtype=\"https:\/\/schema.org\/Person\" ><span itemprop='name'>cenex<\/span><\/span><span class='av-structured-data'  itemprop=\"datePublished\" datetime=\"2025-04-04T10:05:51-03:00\" >2026-03-12 11:48:09<\/span><span class='av-structured-data'  itemprop=\"dateModified\" itemtype=\"https:\/\/schema.org\/dateModified\" >2026-03-25 14:44:19<\/span><span class='av-structured-data'  itemprop=\"mainEntityOfPage\" itemtype=\"https:\/\/schema.org\/mainEntityOfPage\" ><span itemprop='name'>Sele\u00e7\u00e3o de Volunt\u00e1rios para o Projeto de Extens\u00e3o &#8220;HUMANIZA\u00c7\u00c3O DO ATENDIMENTO ODONTOL\u00d3GICO NA FAO UFMG&#8221;<\/span><\/span><\/span><\/article><article class='slide-entry flex_column  post-entry post-entry-18084 slide-entry-overview slide-loop-7 slide-parity-even  av_one_fifth  real-thumbnail posttype-post post-format-standard'  itemscope=\"itemscope\" itemtype=\"https:\/\/schema.org\/CreativeWork\" ><a href='https:\/\/www.odonto.ufmg.br\/cenex\/ata\/selecao-de-voluntarios-para-o-projeto-de-extensao-tratamento-ortodontico-do-paciente-respirador-bucal-2\/' data-rel='slide-2' class='slide-image' title='Sele\u00e7\u00e3o de Volunt\u00e1rios para o Projeto de Extens\u00e3o &#8220;Tratamento ortod\u00f4ntico do paciente respirador bucal&#8221;'><img decoding=\"async\" fetchpriority=\"high\" width=\"260\" height=\"185\" src=\"https:\/\/www.odonto.ufmg.br\/cenex\/wp-content\/uploads\/sites\/2\/2019\/09\/cenex_oportunidade_site-260x185.png\" class=\"wp-image-10032 avia-img-lazy-loading-not-10032 attachment-portfolio_small size-portfolio_small wp-post-image\" alt=\"\" \/><\/a><div class=\"slide-content\"><header class=\"entry-content-header\" aria-label=\"Slide: Sele\u00e7\u00e3o de Volunt\u00e1rios para o Projeto de Extens\u00e3o &quot;Tratamento ortod\u00f4ntico do paciente respirador bucal&quot;\"><h3 class='slide-entry-title entry-title '  itemprop=\"headline\" ><a href='https:\/\/www.odonto.ufmg.br\/cenex\/ata\/selecao-de-voluntarios-para-o-projeto-de-extensao-tratamento-ortodontico-do-paciente-respirador-bucal-2\/' title='Sele\u00e7\u00e3o de Volunt\u00e1rios para o Projeto de Extens\u00e3o &#8220;Tratamento ortod\u00f4ntico do paciente respirador bucal&#8221;'>Sele\u00e7\u00e3o de Volunt\u00e1rios para o Projeto de Extens\u00e3o &#8220;Tratamento ortod\u00f4ntico do paciente respirador bucal&#8221;<\/a><\/h3><span class=\"av-vertical-delimiter\"><\/span><\/header><div class=\"slide-meta\"><time class='slide-meta-time updated'  itemprop=\"datePublished\" datetime=\"2026-03-12T11:44:52-03:00\" >12\/03\/2026<\/time><\/div><div class='slide-entry-excerpt entry-content'  itemprop=\"text\" >\n\n\n\nEDITAL\nEst\u00e3o abertas, a partir do dia 11\/03\/2026 a 18\/03\/2026\u2026<\/div><\/div><footer class=\"entry-footer\"><\/footer><span class='hidden'>\n\t\t\t\t<span class='av-structured-data'  itemprop=\"image\" itemscope=\"itemscope\" itemtype=\"https:\/\/schema.org\/ImageObject\" >\n\t\t\t\t\t\t<span itemprop='url'>https:\/\/www.odonto.ufmg.br\/cenex\/wp-content\/uploads\/sites\/2\/2019\/09\/cenex_oportunidade_site.png<\/span>\n\t\t\t\t\t\t<span itemprop='height'>469<\/span>\n\t\t\t\t\t\t<span itemprop='width'>937<\/span>\n\t\t\t\t<\/span>\n\t\t\t\t<span class='av-structured-data'  itemprop=\"publisher\" itemtype=\"https:\/\/schema.org\/Organization\" itemscope=\"itemscope\" >\n\t\t\t\t\t\t<span itemprop='name'>cenex<\/span>\n\t\t\t\t\t\t<span itemprop='logo' itemscope itemtype='https:\/\/schema.org\/ImageObject'>\n\t\t\t\t\t\t\t<span itemprop='url'>http:\/\/www.odonto.ufmg.br\/cenex\/wp-content\/uploads\/sites\/2\/2025\/08\/logo-cenex.svg<\/span>\n\t\t\t\t\t\t<\/span>\n\t\t\t\t<\/span><span class='av-structured-data'  itemprop=\"author\" itemscope=\"itemscope\" itemtype=\"https:\/\/schema.org\/Person\" ><span itemprop='name'>cenex<\/span><\/span><span class='av-structured-data'  itemprop=\"datePublished\" datetime=\"2025-04-04T10:05:51-03:00\" >2026-03-12 11:44:52<\/span><span class='av-structured-data'  itemprop=\"dateModified\" itemtype=\"https:\/\/schema.org\/dateModified\" >2026-03-25 14:44:12<\/span><span class='av-structured-data'  itemprop=\"mainEntityOfPage\" itemtype=\"https:\/\/schema.org\/mainEntityOfPage\" ><span itemprop='name'>Sele\u00e7\u00e3o de Volunt\u00e1rios para o Projeto de Extens\u00e3o &#8220;Tratamento ortod\u00f4ntico do paciente respirador bucal&#8221;<\/span><\/span><\/span><\/article><article class='slide-entry flex_column  post-entry post-entry-18068 slide-entry-overview slide-loop-8 slide-parity-odd  av_one_fifth  real-thumbnail posttype-post post-format-standard'  itemscope=\"itemscope\" itemtype=\"https:\/\/schema.org\/CreativeWork\" ><a href='https:\/\/www.odonto.ufmg.br\/cenex\/ata\/selecao-de-voluntarios-para-o-projeto-de-extensao-praticas-integrativas-e-complementares-em-saude-acupuntura-na-odontologia-2\/' data-rel='slide-2' class='slide-image' title='Sele\u00e7\u00e3o de Volunt\u00e1rios para o Projeto de Extens\u00e3o &#8220;PR\u00c1TICAS INTEGRATIVAS E COMPLEMENTARES EM SA\u00daDE: ACUPUNTURA NA ODONTOLOGIA&#8221;'><img decoding=\"async\" fetchpriority=\"high\" width=\"260\" height=\"185\" src=\"https:\/\/www.odonto.ufmg.br\/cenex\/wp-content\/uploads\/sites\/2\/2019\/09\/cenex_oportunidade_site-260x185.png\" class=\"wp-image-10032 avia-img-lazy-loading-not-10032 attachment-portfolio_small size-portfolio_small wp-post-image\" alt=\"\" \/><\/a><div class=\"slide-content\"><header class=\"entry-content-header\" aria-label=\"Slide: Sele\u00e7\u00e3o de Volunt\u00e1rios para o Projeto de Extens\u00e3o &quot;PR\u00c1TICAS INTEGRATIVAS E COMPLEMENTARES EM SA\u00daDE: ACUPUNTURA NA ODONTOLOGIA&quot;\"><h3 class='slide-entry-title entry-title '  itemprop=\"headline\" ><a href='https:\/\/www.odonto.ufmg.br\/cenex\/ata\/selecao-de-voluntarios-para-o-projeto-de-extensao-praticas-integrativas-e-complementares-em-saude-acupuntura-na-odontologia-2\/' title='Sele\u00e7\u00e3o de Volunt\u00e1rios para o Projeto de Extens\u00e3o &#8220;PR\u00c1TICAS INTEGRATIVAS E COMPLEMENTARES EM SA\u00daDE: ACUPUNTURA NA ODONTOLOGIA&#8221;'>Sele\u00e7\u00e3o de Volunt\u00e1rios para o Projeto de Extens\u00e3o &#8220;PR\u00c1TICAS INTEGRATIVAS E COMPLEMENTARES EM SA\u00daDE: ACUPUNTURA NA ODONTOLOGIA&#8221;<\/a><\/h3><span class=\"av-vertical-delimiter\"><\/span><\/header><div class=\"slide-meta\"><time class='slide-meta-time updated'  itemprop=\"datePublished\" datetime=\"2026-03-12T11:35:03-03:00\" >12\/03\/2026<\/time><\/div><div class='slide-entry-excerpt entry-content'  itemprop=\"text\" >\n\n\n\nEDITAL\nEst\u00e3o abertas, a partir do dia 10\/03\/2026 a 16\/03\/2026\u2026<\/div><\/div><footer class=\"entry-footer\"><\/footer><span class='hidden'>\n\t\t\t\t<span class='av-structured-data'  itemprop=\"image\" itemscope=\"itemscope\" itemtype=\"https:\/\/schema.org\/ImageObject\" >\n\t\t\t\t\t\t<span itemprop='url'>https:\/\/www.odonto.ufmg.br\/cenex\/wp-content\/uploads\/sites\/2\/2019\/09\/cenex_oportunidade_site.png<\/span>\n\t\t\t\t\t\t<span itemprop='height'>469<\/span>\n\t\t\t\t\t\t<span itemprop='width'>937<\/span>\n\t\t\t\t<\/span>\n\t\t\t\t<span class='av-structured-data'  itemprop=\"publisher\" itemtype=\"https:\/\/schema.org\/Organization\" itemscope=\"itemscope\" >\n\t\t\t\t\t\t<span itemprop='name'>cenex<\/span>\n\t\t\t\t\t\t<span itemprop='logo' itemscope itemtype='https:\/\/schema.org\/ImageObject'>\n\t\t\t\t\t\t\t<span itemprop='url'>http:\/\/www.odonto.ufmg.br\/cenex\/wp-content\/uploads\/sites\/2\/2025\/08\/logo-cenex.svg<\/span>\n\t\t\t\t\t\t<\/span>\n\t\t\t\t<\/span><span class='av-structured-data'  itemprop=\"author\" itemscope=\"itemscope\" itemtype=\"https:\/\/schema.org\/Person\" ><span itemprop='name'>cenex<\/span><\/span><span class='av-structured-data'  itemprop=\"datePublished\" datetime=\"2025-04-04T10:05:51-03:00\" >2026-03-12 11:35:03<\/span><span class='av-structured-data'  itemprop=\"dateModified\" itemtype=\"https:\/\/schema.org\/dateModified\" >2026-03-25 14:44:03<\/span><span class='av-structured-data'  itemprop=\"mainEntityOfPage\" itemtype=\"https:\/\/schema.org\/mainEntityOfPage\" ><span itemprop='name'>Sele\u00e7\u00e3o de Volunt\u00e1rios para o Projeto de Extens\u00e3o &#8220;PR\u00c1TICAS INTEGRATIVAS E COMPLEMENTARES EM SA\u00daDE: ACUPUNTURA NA ODONTOLOGIA&#8221;<\/span><\/span><\/span><\/article><article class='slide-entry flex_column  post-entry post-entry-18053 slide-entry-overview slide-loop-9 slide-parity-even  av_one_fifth  real-thumbnail posttype-post post-format-standard'  itemscope=\"itemscope\" itemtype=\"https:\/\/schema.org\/CreativeWork\" ><a href='https:\/\/www.odonto.ufmg.br\/cenex\/ata\/selecao-de-voluntarios-para-o-projeto-de-extensao-programa-de-atencao-odontologica-a-pacientes-com-fissura-labiopalatina-2\/' data-rel='slide-2' class='slide-image' title='Sele\u00e7\u00e3o de Volunt\u00e1rios para o Projeto de Extens\u00e3o &#8220;Programa de Aten\u00e7\u00e3o Odontol\u00f3gica a pacientes com Fissura Labiopalatina&#8221;'><img decoding=\"async\" fetchpriority=\"high\" width=\"260\" height=\"185\" src=\"https:\/\/www.odonto.ufmg.br\/cenex\/wp-content\/uploads\/sites\/2\/2019\/09\/cenex_oportunidade_site-260x185.png\" class=\"wp-image-10032 avia-img-lazy-loading-not-10032 attachment-portfolio_small size-portfolio_small wp-post-image\" alt=\"\" \/><\/a><div class=\"slide-content\"><header class=\"entry-content-header\" aria-label=\"Slide: Sele\u00e7\u00e3o de Volunt\u00e1rios para o Projeto de Extens\u00e3o &quot;Programa de Aten\u00e7\u00e3o Odontol\u00f3gica a pacientes com Fissura Labiopalatina&quot;\"><h3 class='slide-entry-title entry-title '  itemprop=\"headline\" ><a href='https:\/\/www.odonto.ufmg.br\/cenex\/ata\/selecao-de-voluntarios-para-o-projeto-de-extensao-programa-de-atencao-odontologica-a-pacientes-com-fissura-labiopalatina-2\/' title='Sele\u00e7\u00e3o de Volunt\u00e1rios para o Projeto de Extens\u00e3o &#8220;Programa de Aten\u00e7\u00e3o Odontol\u00f3gica a pacientes com Fissura Labiopalatina&#8221;'>Sele\u00e7\u00e3o de Volunt\u00e1rios para o Projeto de Extens\u00e3o &#8220;Programa de Aten\u00e7\u00e3o Odontol\u00f3gica a pacientes com Fissura Labiopalatina&#8221;<\/a><\/h3><span class=\"av-vertical-delimiter\"><\/span><\/header><div class=\"slide-meta\"><time class='slide-meta-time updated'  itemprop=\"datePublished\" datetime=\"2026-03-12T11:23:22-03:00\" >12\/03\/2026<\/time><\/div><div class='slide-entry-excerpt entry-content'  itemprop=\"text\" >\n\n\n\nEDITAL\nEst\u00e3o abertas, a partir do dia 09\/03\/2026 a 16\/03\/2026\u2026<\/div><\/div><footer class=\"entry-footer\"><\/footer><span class='hidden'>\n\t\t\t\t<span class='av-structured-data'  itemprop=\"image\" itemscope=\"itemscope\" itemtype=\"https:\/\/schema.org\/ImageObject\" >\n\t\t\t\t\t\t<span itemprop='url'>https:\/\/www.odonto.ufmg.br\/cenex\/wp-content\/uploads\/sites\/2\/2019\/09\/cenex_oportunidade_site.png<\/span>\n\t\t\t\t\t\t<span itemprop='height'>469<\/span>\n\t\t\t\t\t\t<span itemprop='width'>937<\/span>\n\t\t\t\t<\/span>\n\t\t\t\t<span class='av-structured-data'  itemprop=\"publisher\" itemtype=\"https:\/\/schema.org\/Organization\" itemscope=\"itemscope\" >\n\t\t\t\t\t\t<span itemprop='name'>cenex<\/span>\n\t\t\t\t\t\t<span itemprop='logo' itemscope itemtype='https:\/\/schema.org\/ImageObject'>\n\t\t\t\t\t\t\t<span itemprop='url'>http:\/\/www.odonto.ufmg.br\/cenex\/wp-content\/uploads\/sites\/2\/2025\/08\/logo-cenex.svg<\/span>\n\t\t\t\t\t\t<\/span>\n\t\t\t\t<\/span><span class='av-structured-data'  itemprop=\"author\" itemscope=\"itemscope\" itemtype=\"https:\/\/schema.org\/Person\" ><span itemprop='name'>cenex<\/span><\/span><span class='av-structured-data'  itemprop=\"datePublished\" datetime=\"2025-04-04T10:05:51-03:00\" >2026-03-12 11:23:22<\/span><span class='av-structured-data'  itemprop=\"dateModified\" itemtype=\"https:\/\/schema.org\/dateModified\" >2026-03-12 11:56:29<\/span><span class='av-structured-data'  itemprop=\"mainEntityOfPage\" itemtype=\"https:\/\/schema.org\/mainEntityOfPage\" ><span itemprop='name'>Sele\u00e7\u00e3o de Volunt\u00e1rios para o Projeto de Extens\u00e3o &#8220;Programa de Aten\u00e7\u00e3o Odontol\u00f3gica a pacientes com Fissura Labiopalatina&#8221;<\/span><\/span><\/span><\/article><article class='slide-entry flex_column  post-entry post-entry-18023 slide-entry-overview slide-loop-10 slide-parity-odd  av_one_fifth  real-thumbnail posttype-post post-format-standard'  itemscope=\"itemscope\" itemtype=\"https:\/\/schema.org\/CreativeWork\" ><a href='https:\/\/www.odonto.ufmg.br\/cenex\/ata\/selecao-de-bolsista-e-voluntarios-para-o-projeto-de-extensao-centro-de-memoria-ciencia-e-cultura-no-discurso-da-odontologia\/' data-rel='slide-2' class='slide-image' title='Sele\u00e7\u00e3o de Bolsista e Volunt\u00e1rios para o Projeto de Extens\u00e3o &#8220;Centro de Mem\u00f3ria: ci\u00eancia e cultura no discurso da Odontologia&#8221;.'><img decoding=\"async\" fetchpriority=\"high\" width=\"260\" height=\"185\" src=\"https:\/\/www.odonto.ufmg.br\/cenex\/wp-content\/uploads\/sites\/2\/2019\/09\/cenex_oportunidade_site-260x185.png\" class=\"wp-image-10032 avia-img-lazy-loading-not-10032 attachment-portfolio_small size-portfolio_small wp-post-image\" alt=\"\" \/><\/a><div class=\"slide-content\"><header class=\"entry-content-header\" aria-label=\"Slide: Sele\u00e7\u00e3o de Bolsista e Volunt\u00e1rios para o Projeto de Extens\u00e3o &quot;Centro de Mem\u00f3ria: ci\u00eancia e cultura no discurso da Odontologia&quot;.\"><h3 class='slide-entry-title entry-title '  itemprop=\"headline\" ><a href='https:\/\/www.odonto.ufmg.br\/cenex\/ata\/selecao-de-bolsista-e-voluntarios-para-o-projeto-de-extensao-centro-de-memoria-ciencia-e-cultura-no-discurso-da-odontologia\/' title='Sele\u00e7\u00e3o de Bolsista e Volunt\u00e1rios para o Projeto de Extens\u00e3o &#8220;Centro de Mem\u00f3ria: ci\u00eancia e cultura no discurso da Odontologia&#8221;.'>Sele\u00e7\u00e3o de Bolsista e Volunt\u00e1rios para o Projeto de Extens\u00e3o &#8220;Centro de Mem\u00f3ria: ci\u00eancia e cultura no discurso da Odontologia&#8221;.<\/a><\/h3><span class=\"av-vertical-delimiter\"><\/span><\/header><div class=\"slide-meta\"><time class='slide-meta-time updated'  itemprop=\"datePublished\" datetime=\"2026-03-12T10:57:49-03:00\" >12\/03\/2026<\/time><\/div><div class='slide-entry-excerpt entry-content'  itemprop=\"text\" >\n\n\n\nEDITAL\nEst\u00e3o abertas, a partir do dia 04\/03\/26 a 10\/03\/2026\u2026<\/div><\/div><footer class=\"entry-footer\"><\/footer><span class='hidden'>\n\t\t\t\t<span class='av-structured-data'  itemprop=\"image\" itemscope=\"itemscope\" itemtype=\"https:\/\/schema.org\/ImageObject\" >\n\t\t\t\t\t\t<span itemprop='url'>https:\/\/www.odonto.ufmg.br\/cenex\/wp-content\/uploads\/sites\/2\/2019\/09\/cenex_oportunidade_site.png<\/span>\n\t\t\t\t\t\t<span itemprop='height'>469<\/span>\n\t\t\t\t\t\t<span itemprop='width'>937<\/span>\n\t\t\t\t<\/span>\n\t\t\t\t<span class='av-structured-data'  itemprop=\"publisher\" itemtype=\"https:\/\/schema.org\/Organization\" itemscope=\"itemscope\" >\n\t\t\t\t\t\t<span itemprop='name'>cenex<\/span>\n\t\t\t\t\t\t<span itemprop='logo' itemscope itemtype='https:\/\/schema.org\/ImageObject'>\n\t\t\t\t\t\t\t<span itemprop='url'>http:\/\/www.odonto.ufmg.br\/cenex\/wp-content\/uploads\/sites\/2\/2025\/08\/logo-cenex.svg<\/span>\n\t\t\t\t\t\t<\/span>\n\t\t\t\t<\/span><span class='av-structured-data'  itemprop=\"author\" itemscope=\"itemscope\" itemtype=\"https:\/\/schema.org\/Person\" ><span itemprop='name'>cenex<\/span><\/span><span class='av-structured-data'  itemprop=\"datePublished\" datetime=\"2025-04-04T10:05:51-03:00\" >2026-03-12 10:57:49<\/span><span class='av-structured-data'  itemprop=\"dateModified\" itemtype=\"https:\/\/schema.org\/dateModified\" >2026-03-12 11:56:23<\/span><span class='av-structured-data'  itemprop=\"mainEntityOfPage\" itemtype=\"https:\/\/schema.org\/mainEntityOfPage\" ><span itemprop='name'>Sele\u00e7\u00e3o de Bolsista e Volunt\u00e1rios para o Projeto de Extens\u00e3o &#8220;Centro de Mem\u00f3ria: ci\u00eancia e cultura no discurso da Odontologia&#8221;.<\/span><\/span><\/span><\/article><\/div><div class=\"slide-entry-wrap\"><article class='slide-entry flex_column  post-entry post-entry-18019 slide-entry-overview slide-loop-11 slide-parity-odd  av_one_fifth first real-thumbnail posttype-post post-format-standard'  itemscope=\"itemscope\" itemtype=\"https:\/\/schema.org\/CreativeWork\" ><a href='https:\/\/www.odonto.ufmg.br\/cenex\/ata\/selecao-de-voluntarios-para-o-projeto-de-extensao-atencao-odontologica-a-criancas-e-adolescentes-com-disturbios-do-sono-2\/' data-rel='slide-2' class='slide-image' title='Sele\u00e7\u00e3o de Volunt\u00e1rios para o Projeto de Extens\u00e3o &#8220;ATEN\u00c7\u00c3O ODONTOL\u00d3GICA A CRIAN\u00c7AS E ADOLESCENTES COM DIST\u00daRBIOS DO SONO&#8221;.'><img decoding=\"async\" fetchpriority=\"high\" width=\"260\" height=\"185\" src=\"https:\/\/www.odonto.ufmg.br\/cenex\/wp-content\/uploads\/sites\/2\/2019\/09\/cenex_oportunidade_site-260x185.png\" class=\"wp-image-10032 avia-img-lazy-loading-not-10032 attachment-portfolio_small size-portfolio_small wp-post-image\" alt=\"\" \/><\/a><div class=\"slide-content\"><header class=\"entry-content-header\" aria-label=\"Slide: Sele\u00e7\u00e3o de Volunt\u00e1rios para o Projeto de Extens\u00e3o &quot;ATEN\u00c7\u00c3O ODONTOL\u00d3GICA A CRIAN\u00c7AS E ADOLESCENTES COM DIST\u00daRBIOS DO SONO&quot;.\"><h3 class='slide-entry-title entry-title '  itemprop=\"headline\" ><a href='https:\/\/www.odonto.ufmg.br\/cenex\/ata\/selecao-de-voluntarios-para-o-projeto-de-extensao-atencao-odontologica-a-criancas-e-adolescentes-com-disturbios-do-sono-2\/' title='Sele\u00e7\u00e3o de Volunt\u00e1rios para o Projeto de Extens\u00e3o &#8220;ATEN\u00c7\u00c3O ODONTOL\u00d3GICA A CRIAN\u00c7AS E ADOLESCENTES COM DIST\u00daRBIOS DO SONO&#8221;.'>Sele\u00e7\u00e3o de Volunt\u00e1rios para o Projeto de Extens\u00e3o &#8220;ATEN\u00c7\u00c3O ODONTOL\u00d3GICA A CRIAN\u00c7AS E ADOLESCENTES COM DIST\u00daRBIOS DO SONO&#8221;.<\/a><\/h3><span class=\"av-vertical-delimiter\"><\/span><\/header><div class=\"slide-meta\"><time class='slide-meta-time updated'  itemprop=\"datePublished\" datetime=\"2026-03-12T10:54:00-03:00\" >12\/03\/2026<\/time><\/div><div class='slide-entry-excerpt entry-content'  itemprop=\"text\" >EDITAL\nEst\u00e3o abertas, a partir do dia 04\/03\/2026 a 09\/03\/2026\u2026<\/div><\/div><footer class=\"entry-footer\"><\/footer><span class='hidden'>\n\t\t\t\t<span class='av-structured-data'  itemprop=\"image\" itemscope=\"itemscope\" itemtype=\"https:\/\/schema.org\/ImageObject\" >\n\t\t\t\t\t\t<span itemprop='url'>https:\/\/www.odonto.ufmg.br\/cenex\/wp-content\/uploads\/sites\/2\/2019\/09\/cenex_oportunidade_site.png<\/span>\n\t\t\t\t\t\t<span itemprop='height'>469<\/span>\n\t\t\t\t\t\t<span itemprop='width'>937<\/span>\n\t\t\t\t<\/span>\n\t\t\t\t<span class='av-structured-data'  itemprop=\"publisher\" itemtype=\"https:\/\/schema.org\/Organization\" itemscope=\"itemscope\" >\n\t\t\t\t\t\t<span itemprop='name'>cenex<\/span>\n\t\t\t\t\t\t<span itemprop='logo' itemscope itemtype='https:\/\/schema.org\/ImageObject'>\n\t\t\t\t\t\t\t<span itemprop='url'>http:\/\/www.odonto.ufmg.br\/cenex\/wp-content\/uploads\/sites\/2\/2025\/08\/logo-cenex.svg<\/span>\n\t\t\t\t\t\t<\/span>\n\t\t\t\t<\/span><span class='av-structured-data'  itemprop=\"author\" itemscope=\"itemscope\" itemtype=\"https:\/\/schema.org\/Person\" ><span itemprop='name'>cenex<\/span><\/span><span class='av-structured-data'  itemprop=\"datePublished\" datetime=\"2025-04-04T10:05:51-03:00\" >2026-03-12 10:54:00<\/span><span class='av-structured-data'  itemprop=\"dateModified\" itemtype=\"https:\/\/schema.org\/dateModified\" >2026-03-25 14:43:56<\/span><span class='av-structured-data'  itemprop=\"mainEntityOfPage\" itemtype=\"https:\/\/schema.org\/mainEntityOfPage\" ><span itemprop='name'>Sele\u00e7\u00e3o de Volunt\u00e1rios para o Projeto de Extens\u00e3o &#8220;ATEN\u00c7\u00c3O ODONTOL\u00d3GICA A CRIAN\u00c7AS E ADOLESCENTES COM DIST\u00daRBIOS DO SONO&#8221;.<\/span><\/span><\/span><\/article><article class='slide-entry flex_column  post-entry post-entry-18003 slide-entry-overview slide-loop-12 slide-parity-even  av_one_fifth  real-thumbnail posttype-post post-format-standard'  itemscope=\"itemscope\" itemtype=\"https:\/\/schema.org\/CreativeWork\" ><a href='https:\/\/www.odonto.ufmg.br\/cenex\/ata\/selecao-de-voluntarios-para-o-projeto-de-extensao-ecv-espaco-clinico-virtual-do-odr\/' data-rel='slide-2' class='slide-image' title='Sele\u00e7\u00e3o de Volunt\u00e1rios para o Projeto de Extens\u00e3o &#8220;ECV \u2013 Espa\u00e7o Cl\u00ednico Virtual do ODR&#8221;.'><img decoding=\"async\" fetchpriority=\"high\" width=\"260\" height=\"185\" src=\"https:\/\/www.odonto.ufmg.br\/cenex\/wp-content\/uploads\/sites\/2\/2019\/09\/cenex_oportunidade_site-260x185.png\" class=\"wp-image-10032 avia-img-lazy-loading-not-10032 attachment-portfolio_small size-portfolio_small wp-post-image\" alt=\"\" \/><\/a><div class=\"slide-content\"><header class=\"entry-content-header\" aria-label=\"Slide: Sele\u00e7\u00e3o de Volunt\u00e1rios para o Projeto de Extens\u00e3o &quot;ECV \u2013 Espa\u00e7o Cl\u00ednico Virtual do ODR&quot;.\"><h3 class='slide-entry-title entry-title '  itemprop=\"headline\" ><a href='https:\/\/www.odonto.ufmg.br\/cenex\/ata\/selecao-de-voluntarios-para-o-projeto-de-extensao-ecv-espaco-clinico-virtual-do-odr\/' title='Sele\u00e7\u00e3o de Volunt\u00e1rios para o Projeto de Extens\u00e3o &#8220;ECV \u2013 Espa\u00e7o Cl\u00ednico Virtual do ODR&#8221;.'>Sele\u00e7\u00e3o de Volunt\u00e1rios para o Projeto de Extens\u00e3o &#8220;ECV \u2013 Espa\u00e7o Cl\u00ednico Virtual do ODR&#8221;.<\/a><\/h3><span class=\"av-vertical-delimiter\"><\/span><\/header><div class=\"slide-meta\"><time class='slide-meta-time updated'  itemprop=\"datePublished\" datetime=\"2026-03-12T10:41:57-03:00\" >12\/03\/2026<\/time><\/div><div class='slide-entry-excerpt entry-content'  itemprop=\"text\" >EDITAL\nEst\u00e3o abertas, a partir do dia 16\/03\/2026 a 23\/03\/2026\u2026<\/div><\/div><footer class=\"entry-footer\"><\/footer><span class='hidden'>\n\t\t\t\t<span class='av-structured-data'  itemprop=\"image\" itemscope=\"itemscope\" itemtype=\"https:\/\/schema.org\/ImageObject\" >\n\t\t\t\t\t\t<span itemprop='url'>https:\/\/www.odonto.ufmg.br\/cenex\/wp-content\/uploads\/sites\/2\/2019\/09\/cenex_oportunidade_site.png<\/span>\n\t\t\t\t\t\t<span itemprop='height'>469<\/span>\n\t\t\t\t\t\t<span itemprop='width'>937<\/span>\n\t\t\t\t<\/span>\n\t\t\t\t<span class='av-structured-data'  itemprop=\"publisher\" itemtype=\"https:\/\/schema.org\/Organization\" itemscope=\"itemscope\" >\n\t\t\t\t\t\t<span itemprop='name'>cenex<\/span>\n\t\t\t\t\t\t<span itemprop='logo' itemscope itemtype='https:\/\/schema.org\/ImageObject'>\n\t\t\t\t\t\t\t<span itemprop='url'>http:\/\/www.odonto.ufmg.br\/cenex\/wp-content\/uploads\/sites\/2\/2025\/08\/logo-cenex.svg<\/span>\n\t\t\t\t\t\t<\/span>\n\t\t\t\t<\/span><span class='av-structured-data'  itemprop=\"author\" itemscope=\"itemscope\" itemtype=\"https:\/\/schema.org\/Person\" ><span itemprop='name'>cenex<\/span><\/span><span class='av-structured-data'  itemprop=\"datePublished\" datetime=\"2025-04-04T10:05:51-03:00\" >2026-03-12 10:41:57<\/span><span class='av-structured-data'  itemprop=\"dateModified\" itemtype=\"https:\/\/schema.org\/dateModified\" >2026-03-25 14:43:49<\/span><span class='av-structured-data'  itemprop=\"mainEntityOfPage\" itemtype=\"https:\/\/schema.org\/mainEntityOfPage\" ><span itemprop='name'>Sele\u00e7\u00e3o de Volunt\u00e1rios para o Projeto de Extens\u00e3o &#8220;ECV \u2013 Espa\u00e7o Cl\u00ednico Virtual do ODR&#8221;.<\/span><\/span><\/span><\/article><article class='slide-entry flex_column  post-entry post-entry-17993 slide-entry-overview slide-loop-13 slide-parity-odd  av_one_fifth  real-thumbnail posttype-post post-format-standard'  itemscope=\"itemscope\" itemtype=\"https:\/\/schema.org\/CreativeWork\" ><a href='https:\/\/www.odonto.ufmg.br\/cenex\/ata\/selecao-de-voluntarios-para-o-projeto-de-extensao-clinica-de-traumatismos-dentarios-5\/' data-rel='slide-2' class='slide-image' title='Sele\u00e7\u00e3o de Volunt\u00e1rios para o Projeto de Extens\u00e3o &#8220;CLINICA DE TRAUMATISMOS DENT\u00c1RIOS&#8221;.'><img decoding=\"async\" fetchpriority=\"high\" width=\"260\" height=\"185\" src=\"https:\/\/www.odonto.ufmg.br\/cenex\/wp-content\/uploads\/sites\/2\/2019\/09\/cenex_oportunidade_site-260x185.png\" class=\"wp-image-10032 avia-img-lazy-loading-not-10032 attachment-portfolio_small size-portfolio_small wp-post-image\" alt=\"\" \/><\/a><div class=\"slide-content\"><header class=\"entry-content-header\" aria-label=\"Slide: Sele\u00e7\u00e3o de Volunt\u00e1rios para o Projeto de Extens\u00e3o &quot;CLINICA DE TRAUMATISMOS DENT\u00c1RIOS&quot;.\"><h3 class='slide-entry-title entry-title '  itemprop=\"headline\" ><a href='https:\/\/www.odonto.ufmg.br\/cenex\/ata\/selecao-de-voluntarios-para-o-projeto-de-extensao-clinica-de-traumatismos-dentarios-5\/' title='Sele\u00e7\u00e3o de Volunt\u00e1rios para o Projeto de Extens\u00e3o &#8220;CLINICA DE TRAUMATISMOS DENT\u00c1RIOS&#8221;.'>Sele\u00e7\u00e3o de Volunt\u00e1rios para o Projeto de Extens\u00e3o &#8220;CLINICA DE TRAUMATISMOS DENT\u00c1RIOS&#8221;.<\/a><\/h3><span class=\"av-vertical-delimiter\"><\/span><\/header><div class=\"slide-meta\"><time class='slide-meta-time updated'  itemprop=\"datePublished\" datetime=\"2026-03-12T10:32:43-03:00\" >12\/03\/2026<\/time><\/div><div class='slide-entry-excerpt entry-content'  itemprop=\"text\" >EDITAL\nEst\u00e3o abertas, a partir do dia 10\/03\/2026 a 17\/03\/2026\u2026<\/div><\/div><footer class=\"entry-footer\"><\/footer><span class='hidden'>\n\t\t\t\t<span class='av-structured-data'  itemprop=\"image\" itemscope=\"itemscope\" itemtype=\"https:\/\/schema.org\/ImageObject\" >\n\t\t\t\t\t\t<span itemprop='url'>https:\/\/www.odonto.ufmg.br\/cenex\/wp-content\/uploads\/sites\/2\/2019\/09\/cenex_oportunidade_site.png<\/span>\n\t\t\t\t\t\t<span itemprop='height'>469<\/span>\n\t\t\t\t\t\t<span itemprop='width'>937<\/span>\n\t\t\t\t<\/span>\n\t\t\t\t<span class='av-structured-data'  itemprop=\"publisher\" itemtype=\"https:\/\/schema.org\/Organization\" itemscope=\"itemscope\" >\n\t\t\t\t\t\t<span itemprop='name'>cenex<\/span>\n\t\t\t\t\t\t<span itemprop='logo' itemscope itemtype='https:\/\/schema.org\/ImageObject'>\n\t\t\t\t\t\t\t<span itemprop='url'>http:\/\/www.odonto.ufmg.br\/cenex\/wp-content\/uploads\/sites\/2\/2025\/08\/logo-cenex.svg<\/span>\n\t\t\t\t\t\t<\/span>\n\t\t\t\t<\/span><span class='av-structured-data'  itemprop=\"author\" itemscope=\"itemscope\" itemtype=\"https:\/\/schema.org\/Person\" ><span itemprop='name'>cenex<\/span><\/span><span class='av-structured-data'  itemprop=\"datePublished\" datetime=\"2025-04-04T10:05:51-03:00\" >2026-03-12 10:32:43<\/span><span class='av-structured-data'  itemprop=\"dateModified\" itemtype=\"https:\/\/schema.org\/dateModified\" >2026-03-25 14:43:40<\/span><span class='av-structured-data'  itemprop=\"mainEntityOfPage\" itemtype=\"https:\/\/schema.org\/mainEntityOfPage\" ><span itemprop='name'>Sele\u00e7\u00e3o de Volunt\u00e1rios para o Projeto de Extens\u00e3o &#8220;CLINICA DE TRAUMATISMOS DENT\u00c1RIOS&#8221;.<\/span><\/span><\/span><\/article><article class='slide-entry flex_column  post-entry post-entry-17898 slide-entry-overview slide-loop-14 slide-parity-even  av_one_fifth  real-thumbnail posttype-post post-format-standard'  itemscope=\"itemscope\" itemtype=\"https:\/\/schema.org\/CreativeWork\" ><a href='https:\/\/www.odonto.ufmg.br\/cenex\/ata\/selecao-de-voluntarios-para-o-projeto-de-extensao-atendimento-odontologico-a-pacientes-com-traumatismos-dentarios-na-denticao-decidua-5\/' data-rel='slide-2' class='slide-image' title='Sele\u00e7\u00e3o de Volunt\u00e1rios para o Projeto de Extens\u00e3o &#8220;Atendimento Odontol\u00f3gico a Pacientes com Traumatismos Dent\u00e1rios na Denti\u00e7\u00e3o Dec\u00eddua&#8221;.'><img decoding=\"async\" fetchpriority=\"high\" width=\"260\" height=\"185\" src=\"https:\/\/www.odonto.ufmg.br\/cenex\/wp-content\/uploads\/sites\/2\/2019\/09\/cenex_oportunidade_site-260x185.png\" class=\"wp-image-10032 avia-img-lazy-loading-not-10032 attachment-portfolio_small size-portfolio_small wp-post-image\" alt=\"\" \/><\/a><div class=\"slide-content\"><header class=\"entry-content-header\" aria-label=\"Slide: Sele\u00e7\u00e3o de Volunt\u00e1rios para o Projeto de Extens\u00e3o &quot;Atendimento Odontol\u00f3gico a Pacientes com Traumatismos Dent\u00e1rios na Denti\u00e7\u00e3o Dec\u00eddua&quot;.\"><h3 class='slide-entry-title entry-title '  itemprop=\"headline\" ><a href='https:\/\/www.odonto.ufmg.br\/cenex\/ata\/selecao-de-voluntarios-para-o-projeto-de-extensao-atendimento-odontologico-a-pacientes-com-traumatismos-dentarios-na-denticao-decidua-5\/' title='Sele\u00e7\u00e3o de Volunt\u00e1rios para o Projeto de Extens\u00e3o &#8220;Atendimento Odontol\u00f3gico a Pacientes com Traumatismos Dent\u00e1rios na Denti\u00e7\u00e3o Dec\u00eddua&#8221;.'>Sele\u00e7\u00e3o de Volunt\u00e1rios para o Projeto de Extens\u00e3o &#8220;Atendimento Odontol\u00f3gico a Pacientes com Traumatismos Dent\u00e1rios na Denti\u00e7\u00e3o Dec\u00eddua&#8221;.<\/a><\/h3><span class=\"av-vertical-delimiter\"><\/span><\/header><div class=\"slide-meta\"><time class='slide-meta-time updated'  itemprop=\"datePublished\" datetime=\"2026-03-04T10:02:06-03:00\" >04\/03\/2026<\/time><\/div><div class='slide-entry-excerpt entry-content'  itemprop=\"text\" >EDITAL\nEst\u00e3o abertas, a partir do dia 24\/02\/2026 a 10\/03\/2026\u2026<\/div><\/div><footer class=\"entry-footer\"><\/footer><span class='hidden'>\n\t\t\t\t<span class='av-structured-data'  itemprop=\"image\" itemscope=\"itemscope\" itemtype=\"https:\/\/schema.org\/ImageObject\" >\n\t\t\t\t\t\t<span itemprop='url'>https:\/\/www.odonto.ufmg.br\/cenex\/wp-content\/uploads\/sites\/2\/2019\/09\/cenex_oportunidade_site.png<\/span>\n\t\t\t\t\t\t<span itemprop='height'>469<\/span>\n\t\t\t\t\t\t<span itemprop='width'>937<\/span>\n\t\t\t\t<\/span>\n\t\t\t\t<span class='av-structured-data'  itemprop=\"publisher\" itemtype=\"https:\/\/schema.org\/Organization\" itemscope=\"itemscope\" >\n\t\t\t\t\t\t<span itemprop='name'>cenex<\/span>\n\t\t\t\t\t\t<span itemprop='logo' itemscope itemtype='https:\/\/schema.org\/ImageObject'>\n\t\t\t\t\t\t\t<span itemprop='url'>http:\/\/www.odonto.ufmg.br\/cenex\/wp-content\/uploads\/sites\/2\/2025\/08\/logo-cenex.svg<\/span>\n\t\t\t\t\t\t<\/span>\n\t\t\t\t<\/span><span class='av-structured-data'  itemprop=\"author\" itemscope=\"itemscope\" itemtype=\"https:\/\/schema.org\/Person\" ><span itemprop='name'>cenex<\/span><\/span><span class='av-structured-data'  itemprop=\"datePublished\" datetime=\"2025-04-04T10:05:51-03:00\" >2026-03-04 10:02:06<\/span><span class='av-structured-data'  itemprop=\"dateModified\" itemtype=\"https:\/\/schema.org\/dateModified\" >2026-03-12 11:55:59<\/span><span class='av-structured-data'  itemprop=\"mainEntityOfPage\" itemtype=\"https:\/\/schema.org\/mainEntityOfPage\" ><span itemprop='name'>Sele\u00e7\u00e3o de Volunt\u00e1rios para o Projeto de Extens\u00e3o &#8220;Atendimento Odontol\u00f3gico a Pacientes com Traumatismos Dent\u00e1rios na Denti\u00e7\u00e3o Dec\u00eddua&#8221;.<\/span><\/span><\/span><\/article><article class='slide-entry flex_column  post-entry post-entry-17888 slide-entry-overview slide-loop-15 slide-parity-odd  av_one_fifth  real-thumbnail posttype-post post-format-standard'  itemscope=\"itemscope\" itemtype=\"https:\/\/schema.org\/CreativeWork\" ><a href='https:\/\/www.odonto.ufmg.br\/cenex\/ata\/selecao-de-voluntarios-para-o-projeto-de-extensao-dancar-sorrir-2\/' data-rel='slide-2' class='slide-image' title='Sele\u00e7\u00e3o de Volunt\u00e1rios para o Projeto de Extens\u00e3o &#8220;Dan\u00e7ar &amp; Sorrir&#8221;.'><img decoding=\"async\" fetchpriority=\"high\" width=\"260\" height=\"185\" src=\"https:\/\/www.odonto.ufmg.br\/cenex\/wp-content\/uploads\/sites\/2\/2019\/09\/cenex_oportunidade_site-260x185.png\" class=\"wp-image-10032 avia-img-lazy-loading-not-10032 attachment-portfolio_small size-portfolio_small wp-post-image\" alt=\"\" \/><\/a><div class=\"slide-content\"><header class=\"entry-content-header\" aria-label=\"Slide: Sele\u00e7\u00e3o de Volunt\u00e1rios para o Projeto de Extens\u00e3o &quot;Dan\u00e7ar &amp; Sorrir&quot;.\"><h3 class='slide-entry-title entry-title '  itemprop=\"headline\" ><a href='https:\/\/www.odonto.ufmg.br\/cenex\/ata\/selecao-de-voluntarios-para-o-projeto-de-extensao-dancar-sorrir-2\/' title='Sele\u00e7\u00e3o de Volunt\u00e1rios para o Projeto de Extens\u00e3o &#8220;Dan\u00e7ar &amp; Sorrir&#8221;.'>Sele\u00e7\u00e3o de Volunt\u00e1rios para o Projeto de Extens\u00e3o &#8220;Dan\u00e7ar &amp; Sorrir&#8221;.<\/a><\/h3><span class=\"av-vertical-delimiter\"><\/span><\/header><div class=\"slide-meta\"><time class='slide-meta-time updated'  itemprop=\"datePublished\" datetime=\"2026-03-04T09:44:18-03:00\" >04\/03\/2026<\/time><\/div><div class='slide-entry-excerpt entry-content'  itemprop=\"text\" >EDITAL\nEst\u00e3o abertas, a partir do dia 02\/03\/2026 a 13\/03\/2026\u2026<\/div><\/div><footer class=\"entry-footer\"><\/footer><span class='hidden'>\n\t\t\t\t<span class='av-structured-data'  itemprop=\"image\" itemscope=\"itemscope\" itemtype=\"https:\/\/schema.org\/ImageObject\" >\n\t\t\t\t\t\t<span itemprop='url'>https:\/\/www.odonto.ufmg.br\/cenex\/wp-content\/uploads\/sites\/2\/2019\/09\/cenex_oportunidade_site.png<\/span>\n\t\t\t\t\t\t<span itemprop='height'>469<\/span>\n\t\t\t\t\t\t<span itemprop='width'>937<\/span>\n\t\t\t\t<\/span>\n\t\t\t\t<span class='av-structured-data'  itemprop=\"publisher\" itemtype=\"https:\/\/schema.org\/Organization\" itemscope=\"itemscope\" >\n\t\t\t\t\t\t<span itemprop='name'>cenex<\/span>\n\t\t\t\t\t\t<span itemprop='logo' itemscope itemtype='https:\/\/schema.org\/ImageObject'>\n\t\t\t\t\t\t\t<span itemprop='url'>http:\/\/www.odonto.ufmg.br\/cenex\/wp-content\/uploads\/sites\/2\/2025\/08\/logo-cenex.svg<\/span>\n\t\t\t\t\t\t<\/span>\n\t\t\t\t<\/span><span class='av-structured-data'  itemprop=\"author\" itemscope=\"itemscope\" itemtype=\"https:\/\/schema.org\/Person\" ><span itemprop='name'>cenex<\/span><\/span><span class='av-structured-data'  itemprop=\"datePublished\" datetime=\"2025-04-04T10:05:51-03:00\" >2026-03-04 09:44:18<\/span><span class='av-structured-data'  itemprop=\"dateModified\" itemtype=\"https:\/\/schema.org\/dateModified\" >2026-03-25 14:43:34<\/span><span class='av-structured-data'  itemprop=\"mainEntityOfPage\" itemtype=\"https:\/\/schema.org\/mainEntityOfPage\" ><span itemprop='name'>Sele\u00e7\u00e3o de Volunt\u00e1rios para o Projeto de Extens\u00e3o &#8220;Dan\u00e7ar &amp; Sorrir&#8221;.<\/span><\/span><\/span><\/article><\/div><div class=\"slide-entry-wrap\"><article class='slide-entry flex_column  post-entry post-entry-17876 slide-entry-overview slide-loop-16 slide-parity-odd  av_one_fifth first real-thumbnail posttype-post post-format-standard'  itemscope=\"itemscope\" itemtype=\"https:\/\/schema.org\/CreativeWork\" ><a href='https:\/\/www.odonto.ufmg.br\/cenex\/ata\/selecao-de-bolsistas-e-voluntarios-para-o-projeto-de-extensao-projeto-de-extensao-dor-orofacial\/' data-rel='slide-2' class='slide-image' title='Sele\u00e7\u00e3o de Bolsistas e Volunt\u00e1rios para o Projeto de Extens\u00e3o &#8220;PROJETO DE EXTENS\u00c3O DOR OROFACIAL&#8221;.'><img decoding=\"async\" fetchpriority=\"high\" width=\"260\" height=\"185\" src=\"https:\/\/www.odonto.ufmg.br\/cenex\/wp-content\/uploads\/sites\/2\/2019\/09\/cenex_oportunidade_site-260x185.png\" class=\"wp-image-10032 avia-img-lazy-loading-not-10032 attachment-portfolio_small size-portfolio_small wp-post-image\" alt=\"\" \/><\/a><div class=\"slide-content\"><header class=\"entry-content-header\" aria-label=\"Slide: Sele\u00e7\u00e3o de Bolsistas e Volunt\u00e1rios para o Projeto de Extens\u00e3o &quot;PROJETO DE EXTENS\u00c3O DOR OROFACIAL&quot;.\"><h3 class='slide-entry-title entry-title '  itemprop=\"headline\" ><a href='https:\/\/www.odonto.ufmg.br\/cenex\/ata\/selecao-de-bolsistas-e-voluntarios-para-o-projeto-de-extensao-projeto-de-extensao-dor-orofacial\/' title='Sele\u00e7\u00e3o de Bolsistas e Volunt\u00e1rios para o Projeto de Extens\u00e3o &#8220;PROJETO DE EXTENS\u00c3O DOR OROFACIAL&#8221;.'>Sele\u00e7\u00e3o de Bolsistas e Volunt\u00e1rios para o Projeto de Extens\u00e3o &#8220;PROJETO DE EXTENS\u00c3O DOR OROFACIAL&#8221;.<\/a><\/h3><span class=\"av-vertical-delimiter\"><\/span><\/header><div class=\"slide-meta\"><time class='slide-meta-time updated'  itemprop=\"datePublished\" datetime=\"2026-03-04T09:27:55-03:00\" >04\/03\/2026<\/time><\/div><div class='slide-entry-excerpt entry-content'  itemprop=\"text\" >EDITAL\nEst\u00e3o abertas, a partir do dia 26\/02\/2026 e 10\/03\/2026\u2026<\/div><\/div><footer class=\"entry-footer\"><\/footer><span class='hidden'>\n\t\t\t\t<span class='av-structured-data'  itemprop=\"image\" itemscope=\"itemscope\" itemtype=\"https:\/\/schema.org\/ImageObject\" >\n\t\t\t\t\t\t<span itemprop='url'>https:\/\/www.odonto.ufmg.br\/cenex\/wp-content\/uploads\/sites\/2\/2019\/09\/cenex_oportunidade_site.png<\/span>\n\t\t\t\t\t\t<span itemprop='height'>469<\/span>\n\t\t\t\t\t\t<span itemprop='width'>937<\/span>\n\t\t\t\t<\/span>\n\t\t\t\t<span class='av-structured-data'  itemprop=\"publisher\" itemtype=\"https:\/\/schema.org\/Organization\" itemscope=\"itemscope\" >\n\t\t\t\t\t\t<span itemprop='name'>cenex<\/span>\n\t\t\t\t\t\t<span itemprop='logo' itemscope itemtype='https:\/\/schema.org\/ImageObject'>\n\t\t\t\t\t\t\t<span itemprop='url'>http:\/\/www.odonto.ufmg.br\/cenex\/wp-content\/uploads\/sites\/2\/2025\/08\/logo-cenex.svg<\/span>\n\t\t\t\t\t\t<\/span>\n\t\t\t\t<\/span><span class='av-structured-data'  itemprop=\"author\" itemscope=\"itemscope\" itemtype=\"https:\/\/schema.org\/Person\" ><span itemprop='name'>cenex<\/span><\/span><span class='av-structured-data'  itemprop=\"datePublished\" datetime=\"2025-04-04T10:05:51-03:00\" >2026-03-04 09:27:55<\/span><span class='av-structured-data'  itemprop=\"dateModified\" itemtype=\"https:\/\/schema.org\/dateModified\" >2026-03-25 14:43:27<\/span><span class='av-structured-data'  itemprop=\"mainEntityOfPage\" itemtype=\"https:\/\/schema.org\/mainEntityOfPage\" ><span itemprop='name'>Sele\u00e7\u00e3o de Bolsistas e Volunt\u00e1rios para o Projeto de Extens\u00e3o &#8220;PROJETO DE EXTENS\u00c3O DOR OROFACIAL&#8221;.<\/span><\/span><\/span><\/article><article class='slide-entry flex_column  post-entry post-entry-17865 slide-entry-overview slide-loop-17 slide-parity-even  av_one_fifth  real-thumbnail posttype-post post-format-standard'  itemscope=\"itemscope\" itemtype=\"https:\/\/schema.org\/CreativeWork\" ><a href='https:\/\/www.odonto.ufmg.br\/cenex\/ata\/selecao-de-voluntarios-para-o-projeto-de-extensao-saude-bucal-no-sus-3\/' data-rel='slide-2' class='slide-image' title='Sele\u00e7\u00e3o de Volunt\u00e1rios para o Projeto de Extens\u00e3o &#8220;Sa\u00fade bucal no SUS&#8221;.'><img decoding=\"async\" fetchpriority=\"high\" width=\"260\" height=\"185\" src=\"https:\/\/www.odonto.ufmg.br\/cenex\/wp-content\/uploads\/sites\/2\/2019\/09\/cenex_oportunidade_site-260x185.png\" class=\"wp-image-10032 avia-img-lazy-loading-not-10032 attachment-portfolio_small size-portfolio_small wp-post-image\" alt=\"\" \/><\/a><div class=\"slide-content\"><header class=\"entry-content-header\" aria-label=\"Slide: Sele\u00e7\u00e3o de Volunt\u00e1rios para o Projeto de Extens\u00e3o &quot;Sa\u00fade bucal no SUS&quot;.\"><h3 class='slide-entry-title entry-title '  itemprop=\"headline\" ><a href='https:\/\/www.odonto.ufmg.br\/cenex\/ata\/selecao-de-voluntarios-para-o-projeto-de-extensao-saude-bucal-no-sus-3\/' title='Sele\u00e7\u00e3o de Volunt\u00e1rios para o Projeto de Extens\u00e3o &#8220;Sa\u00fade bucal no SUS&#8221;.'>Sele\u00e7\u00e3o de Volunt\u00e1rios para o Projeto de Extens\u00e3o &#8220;Sa\u00fade bucal no SUS&#8221;.<\/a><\/h3><span class=\"av-vertical-delimiter\"><\/span><\/header><div class=\"slide-meta\"><time class='slide-meta-time updated'  itemprop=\"datePublished\" datetime=\"2026-02-25T21:19:51-03:00\" >25\/02\/2026<\/time><\/div><div class='slide-entry-excerpt entry-content'  itemprop=\"text\" >EDITAL\nEst\u00e3o abertas, a partir do dia 27\/02\/2026 e 06\/03\/2026\u2026<\/div><\/div><footer class=\"entry-footer\"><\/footer><span class='hidden'>\n\t\t\t\t<span class='av-structured-data'  itemprop=\"image\" itemscope=\"itemscope\" itemtype=\"https:\/\/schema.org\/ImageObject\" >\n\t\t\t\t\t\t<span itemprop='url'>https:\/\/www.odonto.ufmg.br\/cenex\/wp-content\/uploads\/sites\/2\/2019\/09\/cenex_oportunidade_site.png<\/span>\n\t\t\t\t\t\t<span itemprop='height'>469<\/span>\n\t\t\t\t\t\t<span itemprop='width'>937<\/span>\n\t\t\t\t<\/span>\n\t\t\t\t<span class='av-structured-data'  itemprop=\"publisher\" itemtype=\"https:\/\/schema.org\/Organization\" itemscope=\"itemscope\" >\n\t\t\t\t\t\t<span itemprop='name'>cenex<\/span>\n\t\t\t\t\t\t<span itemprop='logo' itemscope itemtype='https:\/\/schema.org\/ImageObject'>\n\t\t\t\t\t\t\t<span itemprop='url'>http:\/\/www.odonto.ufmg.br\/cenex\/wp-content\/uploads\/sites\/2\/2025\/08\/logo-cenex.svg<\/span>\n\t\t\t\t\t\t<\/span>\n\t\t\t\t<\/span><span class='av-structured-data'  itemprop=\"author\" itemscope=\"itemscope\" itemtype=\"https:\/\/schema.org\/Person\" ><span itemprop='name'>cenex<\/span><\/span><span class='av-structured-data'  itemprop=\"datePublished\" datetime=\"2025-04-04T10:05:51-03:00\" >2026-02-25 21:19:51<\/span><span class='av-structured-data'  itemprop=\"dateModified\" itemtype=\"https:\/\/schema.org\/dateModified\" >2026-03-12 11:55:49<\/span><span class='av-structured-data'  itemprop=\"mainEntityOfPage\" itemtype=\"https:\/\/schema.org\/mainEntityOfPage\" ><span itemprop='name'>Sele\u00e7\u00e3o de Volunt\u00e1rios para o Projeto de Extens\u00e3o &#8220;Sa\u00fade bucal no SUS&#8221;.<\/span><\/span><\/span><\/article><article class='slide-entry flex_column  post-entry post-entry-17862 slide-entry-overview slide-loop-18 slide-parity-odd  av_one_fifth  real-thumbnail posttype-post post-format-standard'  itemscope=\"itemscope\" itemtype=\"https:\/\/schema.org\/CreativeWork\" ><a href='https:\/\/www.odonto.ufmg.br\/cenex\/ata\/selecao-de-bolsista-e-voluntarios-para-o-projeto-de-extensao-transodonto-saude-bucal-tambem-e-direito\/' data-rel='slide-2' class='slide-image' title='Sele\u00e7\u00e3o de Bolsista e Volunt\u00e1rios para o Projeto de Extens\u00e3o &#8220;TRANSODONTO: SA\u00daDE BUCAL TAMB\u00c9M \u00c9 DIREITO!&#8221;.'><img decoding=\"async\" fetchpriority=\"high\" width=\"260\" height=\"185\" src=\"https:\/\/www.odonto.ufmg.br\/cenex\/wp-content\/uploads\/sites\/2\/2019\/09\/cenex_oportunidade_site-260x185.png\" class=\"wp-image-10032 avia-img-lazy-loading-not-10032 attachment-portfolio_small size-portfolio_small wp-post-image\" alt=\"\" \/><\/a><div class=\"slide-content\"><header class=\"entry-content-header\" aria-label=\"Slide: Sele\u00e7\u00e3o de Bolsista e Volunt\u00e1rios para o Projeto de Extens\u00e3o &quot;TRANSODONTO: SA\u00daDE BUCAL TAMB\u00c9M \u00c9 DIREITO!&quot;.\"><h3 class='slide-entry-title entry-title '  itemprop=\"headline\" ><a href='https:\/\/www.odonto.ufmg.br\/cenex\/ata\/selecao-de-bolsista-e-voluntarios-para-o-projeto-de-extensao-transodonto-saude-bucal-tambem-e-direito\/' title='Sele\u00e7\u00e3o de Bolsista e Volunt\u00e1rios para o Projeto de Extens\u00e3o &#8220;TRANSODONTO: SA\u00daDE BUCAL TAMB\u00c9M \u00c9 DIREITO!&#8221;.'>Sele\u00e7\u00e3o de Bolsista e Volunt\u00e1rios para o Projeto de Extens\u00e3o &#8220;TRANSODONTO: SA\u00daDE BUCAL TAMB\u00c9M \u00c9 DIREITO!&#8221;.<\/a><\/h3><span class=\"av-vertical-delimiter\"><\/span><\/header><div class=\"slide-meta\"><time class='slide-meta-time updated'  itemprop=\"datePublished\" datetime=\"2026-02-25T21:16:45-03:00\" >25\/02\/2026<\/time><\/div><div class='slide-entry-excerpt entry-content'  itemprop=\"text\" >EDITAL\nEst\u00e3o abertas, a partir do dia 27\/02\/2026 e 06\/03\/2026\u2026<\/div><\/div><footer class=\"entry-footer\"><\/footer><span class='hidden'>\n\t\t\t\t<span class='av-structured-data'  itemprop=\"image\" itemscope=\"itemscope\" itemtype=\"https:\/\/schema.org\/ImageObject\" >\n\t\t\t\t\t\t<span itemprop='url'>https:\/\/www.odonto.ufmg.br\/cenex\/wp-content\/uploads\/sites\/2\/2019\/09\/cenex_oportunidade_site.png<\/span>\n\t\t\t\t\t\t<span itemprop='height'>469<\/span>\n\t\t\t\t\t\t<span itemprop='width'>937<\/span>\n\t\t\t\t<\/span>\n\t\t\t\t<span class='av-structured-data'  itemprop=\"publisher\" itemtype=\"https:\/\/schema.org\/Organization\" itemscope=\"itemscope\" >\n\t\t\t\t\t\t<span itemprop='name'>cenex<\/span>\n\t\t\t\t\t\t<span itemprop='logo' itemscope itemtype='https:\/\/schema.org\/ImageObject'>\n\t\t\t\t\t\t\t<span itemprop='url'>http:\/\/www.odonto.ufmg.br\/cenex\/wp-content\/uploads\/sites\/2\/2025\/08\/logo-cenex.svg<\/span>\n\t\t\t\t\t\t<\/span>\n\t\t\t\t<\/span><span class='av-structured-data'  itemprop=\"author\" itemscope=\"itemscope\" itemtype=\"https:\/\/schema.org\/Person\" ><span itemprop='name'>cenex<\/span><\/span><span class='av-structured-data'  itemprop=\"datePublished\" datetime=\"2025-04-04T10:05:51-03:00\" >2026-02-25 21:16:45<\/span><span class='av-structured-data'  itemprop=\"dateModified\" itemtype=\"https:\/\/schema.org\/dateModified\" >2026-03-25 14:43:20<\/span><span class='av-structured-data'  itemprop=\"mainEntityOfPage\" itemtype=\"https:\/\/schema.org\/mainEntityOfPage\" ><span itemprop='name'>Sele\u00e7\u00e3o de Bolsista e Volunt\u00e1rios para o Projeto de Extens\u00e3o &#8220;TRANSODONTO: SA\u00daDE BUCAL TAMB\u00c9M \u00c9 DIREITO!&#8221;.<\/span><\/span><\/span><\/article><article class='slide-entry flex_column  post-entry post-entry-17858 slide-entry-overview slide-loop-19 slide-parity-even  av_one_fifth  real-thumbnail posttype-post post-format-standard'  itemscope=\"itemscope\" itemtype=\"https:\/\/schema.org\/CreativeWork\" ><a href='https:\/\/www.odonto.ufmg.br\/cenex\/ata\/selecao-de-voluntarios-para-o-projeto-de-extensao-clinica-de-diagnostico-por-imagem-para-pacientes-com-lesoes-traumaticas-dento-alveolares-4\/' data-rel='slide-2' class='slide-image' title='Sele\u00e7\u00e3o de Volunt\u00e1rios para o Projeto de Extens\u00e3o &#8220;CL\u00cdNICA DE DIAGN\u00d3STICO POR IMAGEM PARA PACIENTES COM LES\u00d5ES TRAUM\u00c1TICAS DENTO-ALVEOLARES&#8221;.'><img decoding=\"async\" fetchpriority=\"high\" width=\"260\" height=\"185\" src=\"https:\/\/www.odonto.ufmg.br\/cenex\/wp-content\/uploads\/sites\/2\/2019\/09\/cenex_oportunidade_site-260x185.png\" class=\"wp-image-10032 avia-img-lazy-loading-not-10032 attachment-portfolio_small size-portfolio_small wp-post-image\" alt=\"\" \/><\/a><div class=\"slide-content\"><header class=\"entry-content-header\" aria-label=\"Slide: Sele\u00e7\u00e3o de Volunt\u00e1rios para o Projeto de Extens\u00e3o &quot;CL\u00cdNICA DE DIAGN\u00d3STICO POR IMAGEM PARA PACIENTES COM LES\u00d5ES TRAUM\u00c1TICAS DENTO-ALVEOLARES&quot;.\"><h3 class='slide-entry-title entry-title '  itemprop=\"headline\" ><a href='https:\/\/www.odonto.ufmg.br\/cenex\/ata\/selecao-de-voluntarios-para-o-projeto-de-extensao-clinica-de-diagnostico-por-imagem-para-pacientes-com-lesoes-traumaticas-dento-alveolares-4\/' title='Sele\u00e7\u00e3o de Volunt\u00e1rios para o Projeto de Extens\u00e3o &#8220;CL\u00cdNICA DE DIAGN\u00d3STICO POR IMAGEM PARA PACIENTES COM LES\u00d5ES TRAUM\u00c1TICAS DENTO-ALVEOLARES&#8221;.'>Sele\u00e7\u00e3o de Volunt\u00e1rios para o Projeto de Extens\u00e3o &#8220;CL\u00cdNICA DE DIAGN\u00d3STICO POR IMAGEM PARA PACIENTES COM LES\u00d5ES TRAUM\u00c1TICAS DENTO-ALVEOLARES&#8221;.<\/a><\/h3><span class=\"av-vertical-delimiter\"><\/span><\/header><div class=\"slide-meta\"><time class='slide-meta-time updated'  itemprop=\"datePublished\" datetime=\"2026-02-25T21:13:54-03:00\" >25\/02\/2026<\/time><\/div><div class='slide-entry-excerpt entry-content'  itemprop=\"text\" >EDITAL\nEst\u00e3o abertas, a partir do dia 27\/02\/2026 a 08\/03\/2026\u2026<\/div><\/div><footer class=\"entry-footer\"><\/footer><span class='hidden'>\n\t\t\t\t<span class='av-structured-data'  itemprop=\"image\" itemscope=\"itemscope\" itemtype=\"https:\/\/schema.org\/ImageObject\" >\n\t\t\t\t\t\t<span itemprop='url'>https:\/\/www.odonto.ufmg.br\/cenex\/wp-content\/uploads\/sites\/2\/2019\/09\/cenex_oportunidade_site.png<\/span>\n\t\t\t\t\t\t<span itemprop='height'>469<\/span>\n\t\t\t\t\t\t<span itemprop='width'>937<\/span>\n\t\t\t\t<\/span>\n\t\t\t\t<span class='av-structured-data'  itemprop=\"publisher\" itemtype=\"https:\/\/schema.org\/Organization\" itemscope=\"itemscope\" >\n\t\t\t\t\t\t<span itemprop='name'>cenex<\/span>\n\t\t\t\t\t\t<span itemprop='logo' itemscope itemtype='https:\/\/schema.org\/ImageObject'>\n\t\t\t\t\t\t\t<span itemprop='url'>http:\/\/www.odonto.ufmg.br\/cenex\/wp-content\/uploads\/sites\/2\/2025\/08\/logo-cenex.svg<\/span>\n\t\t\t\t\t\t<\/span>\n\t\t\t\t<\/span><span class='av-structured-data'  itemprop=\"author\" itemscope=\"itemscope\" itemtype=\"https:\/\/schema.org\/Person\" ><span itemprop='name'>cenex<\/span><\/span><span class='av-structured-data'  itemprop=\"datePublished\" datetime=\"2025-04-04T10:05:51-03:00\" >2026-02-25 21:13:54<\/span><span class='av-structured-data'  itemprop=\"dateModified\" itemtype=\"https:\/\/schema.org\/dateModified\" >2026-03-25 14:43:12<\/span><span class='av-structured-data'  itemprop=\"mainEntityOfPage\" itemtype=\"https:\/\/schema.org\/mainEntityOfPage\" ><span itemprop='name'>Sele\u00e7\u00e3o de Volunt\u00e1rios para o Projeto de Extens\u00e3o &#8220;CL\u00cdNICA DE DIAGN\u00d3STICO POR IMAGEM PARA PACIENTES COM LES\u00d5ES TRAUM\u00c1TICAS DENTO-ALVEOLARES&#8221;.<\/span><\/span><\/span><\/article><article class='slide-entry flex_column  post-entry post-entry-17856 slide-entry-overview slide-loop-20 slide-parity-odd  av_one_fifth  real-thumbnail posttype-post post-format-standard'  itemscope=\"itemscope\" itemtype=\"https:\/\/schema.org\/CreativeWork\" ><a href='https:\/\/www.odonto.ufmg.br\/cenex\/ata\/selecao-de-voluntarios-para-o-projeto-de-extensao-projeto-de-restauracao-de-dentes-traumatizados-2\/' data-rel='slide-2' class='slide-image' title='Sele\u00e7\u00e3o de Volunt\u00e1rios para o Projeto de Extens\u00e3o &#8220;PROJETO DE RESTAURA\u00c7\u00c3O DE DENTES TRAUMATIZADOS&#8221;.'><img decoding=\"async\" fetchpriority=\"high\" width=\"260\" height=\"185\" src=\"https:\/\/www.odonto.ufmg.br\/cenex\/wp-content\/uploads\/sites\/2\/2019\/09\/cenex_oportunidade_site-260x185.png\" class=\"wp-image-10032 avia-img-lazy-loading-not-10032 attachment-portfolio_small size-portfolio_small wp-post-image\" alt=\"\" \/><\/a><div class=\"slide-content\"><header class=\"entry-content-header\" aria-label=\"Slide: Sele\u00e7\u00e3o de Volunt\u00e1rios para o Projeto de Extens\u00e3o &quot;PROJETO DE RESTAURA\u00c7\u00c3O DE DENTES TRAUMATIZADOS&quot;.\"><h3 class='slide-entry-title entry-title '  itemprop=\"headline\" ><a href='https:\/\/www.odonto.ufmg.br\/cenex\/ata\/selecao-de-voluntarios-para-o-projeto-de-extensao-projeto-de-restauracao-de-dentes-traumatizados-2\/' title='Sele\u00e7\u00e3o de Volunt\u00e1rios para o Projeto de Extens\u00e3o &#8220;PROJETO DE RESTAURA\u00c7\u00c3O DE DENTES TRAUMATIZADOS&#8221;.'>Sele\u00e7\u00e3o de Volunt\u00e1rios para o Projeto de Extens\u00e3o &#8220;PROJETO DE RESTAURA\u00c7\u00c3O DE DENTES TRAUMATIZADOS&#8221;.<\/a><\/h3><span class=\"av-vertical-delimiter\"><\/span><\/header><div class=\"slide-meta\"><time class='slide-meta-time updated'  itemprop=\"datePublished\" datetime=\"2026-02-25T21:11:18-03:00\" >25\/02\/2026<\/time><\/div><div class='slide-entry-excerpt entry-content'  itemprop=\"text\" >EDITAL\nEst\u00e3o abertas, a partir do dia 25\/02\/2026 a 10\/03\/2026\u2026<\/div><\/div><footer class=\"entry-footer\"><\/footer><span class='hidden'>\n\t\t\t\t<span class='av-structured-data'  itemprop=\"image\" itemscope=\"itemscope\" itemtype=\"https:\/\/schema.org\/ImageObject\" >\n\t\t\t\t\t\t<span itemprop='url'>https:\/\/www.odonto.ufmg.br\/cenex\/wp-content\/uploads\/sites\/2\/2019\/09\/cenex_oportunidade_site.png<\/span>\n\t\t\t\t\t\t<span itemprop='height'>469<\/span>\n\t\t\t\t\t\t<span itemprop='width'>937<\/span>\n\t\t\t\t<\/span>\n\t\t\t\t<span class='av-structured-data'  itemprop=\"publisher\" itemtype=\"https:\/\/schema.org\/Organization\" itemscope=\"itemscope\" >\n\t\t\t\t\t\t<span itemprop='name'>cenex<\/span>\n\t\t\t\t\t\t<span itemprop='logo' itemscope itemtype='https:\/\/schema.org\/ImageObject'>\n\t\t\t\t\t\t\t<span itemprop='url'>http:\/\/www.odonto.ufmg.br\/cenex\/wp-content\/uploads\/sites\/2\/2025\/08\/logo-cenex.svg<\/span>\n\t\t\t\t\t\t<\/span>\n\t\t\t\t<\/span><span class='av-structured-data'  itemprop=\"author\" itemscope=\"itemscope\" itemtype=\"https:\/\/schema.org\/Person\" ><span itemprop='name'>cenex<\/span><\/span><span class='av-structured-data'  itemprop=\"datePublished\" datetime=\"2025-04-04T10:05:51-03:00\" >2026-02-25 21:11:18<\/span><span class='av-structured-data'  itemprop=\"dateModified\" itemtype=\"https:\/\/schema.org\/dateModified\" >2026-03-25 14:43:05<\/span><span class='av-structured-data'  itemprop=\"mainEntityOfPage\" itemtype=\"https:\/\/schema.org\/mainEntityOfPage\" ><span itemprop='name'>Sele\u00e7\u00e3o de Volunt\u00e1rios para o Projeto de Extens\u00e3o &#8220;PROJETO DE RESTAURA\u00c7\u00c3O DE DENTES TRAUMATIZADOS&#8221;.<\/span><\/span><\/span><\/article><\/div><div class=\"slide-entry-wrap\"><article class='slide-entry flex_column  post-entry post-entry-17852 slide-entry-overview slide-loop-21 slide-parity-odd  av_one_fifth first real-thumbnail posttype-post post-format-standard'  itemscope=\"itemscope\" itemtype=\"https:\/\/schema.org\/CreativeWork\" ><a href='https:\/\/www.odonto.ufmg.br\/cenex\/ata\/selecao-de-bolsista-e-voluntarios-para-o-projeto-de-extensao-abordagem-multidisciplinar-em-individuos-com-transtorno-de-espectro-autista-tea\/' data-rel='slide-2' class='slide-image' title='Sele\u00e7\u00e3o de Bolsista e Volunt\u00e1rios para o Projeto de Extens\u00e3o &#8220;Abordagem Multidisciplinar em indiv\u00edduos com Transtorno de Espectro Autista (TEA)&#8221;.'><img decoding=\"async\" fetchpriority=\"high\" width=\"260\" height=\"185\" src=\"https:\/\/www.odonto.ufmg.br\/cenex\/wp-content\/uploads\/sites\/2\/2019\/09\/cenex_oportunidade_site-260x185.png\" class=\"wp-image-10032 avia-img-lazy-loading-not-10032 attachment-portfolio_small size-portfolio_small wp-post-image\" alt=\"\" \/><\/a><div class=\"slide-content\"><header class=\"entry-content-header\" aria-label=\"Slide: Sele\u00e7\u00e3o de Bolsista e Volunt\u00e1rios para o Projeto de Extens\u00e3o &quot;Abordagem Multidisciplinar em indiv\u00edduos com Transtorno de Espectro Autista (TEA)&quot;.\"><h3 class='slide-entry-title entry-title '  itemprop=\"headline\" ><a href='https:\/\/www.odonto.ufmg.br\/cenex\/ata\/selecao-de-bolsista-e-voluntarios-para-o-projeto-de-extensao-abordagem-multidisciplinar-em-individuos-com-transtorno-de-espectro-autista-tea\/' title='Sele\u00e7\u00e3o de Bolsista e Volunt\u00e1rios para o Projeto de Extens\u00e3o &#8220;Abordagem Multidisciplinar em indiv\u00edduos com Transtorno de Espectro Autista (TEA)&#8221;.'>Sele\u00e7\u00e3o de Bolsista e Volunt\u00e1rios para o Projeto de Extens\u00e3o &#8220;Abordagem Multidisciplinar em indiv\u00edduos com Transtorno de Espectro Autista (TEA)&#8221;.<\/a><\/h3><span class=\"av-vertical-delimiter\"><\/span><\/header><div class=\"slide-meta\"><time class='slide-meta-time updated'  itemprop=\"datePublished\" datetime=\"2026-02-25T21:07:48-03:00\" >25\/02\/2026<\/time><\/div><div class='slide-entry-excerpt entry-content'  itemprop=\"text\" >EDITAL\nEst\u00e3o abertas, a partir do dia 26\/02\/2026 a 09\/03\/2026\u2026<\/div><\/div><footer class=\"entry-footer\"><\/footer><span class='hidden'>\n\t\t\t\t<span class='av-structured-data'  itemprop=\"image\" itemscope=\"itemscope\" itemtype=\"https:\/\/schema.org\/ImageObject\" >\n\t\t\t\t\t\t<span itemprop='url'>https:\/\/www.odonto.ufmg.br\/cenex\/wp-content\/uploads\/sites\/2\/2019\/09\/cenex_oportunidade_site.png<\/span>\n\t\t\t\t\t\t<span itemprop='height'>469<\/span>\n\t\t\t\t\t\t<span itemprop='width'>937<\/span>\n\t\t\t\t<\/span>\n\t\t\t\t<span class='av-structured-data'  itemprop=\"publisher\" itemtype=\"https:\/\/schema.org\/Organization\" itemscope=\"itemscope\" >\n\t\t\t\t\t\t<span itemprop='name'>cenex<\/span>\n\t\t\t\t\t\t<span itemprop='logo' itemscope itemtype='https:\/\/schema.org\/ImageObject'>\n\t\t\t\t\t\t\t<span itemprop='url'>http:\/\/www.odonto.ufmg.br\/cenex\/wp-content\/uploads\/sites\/2\/2025\/08\/logo-cenex.svg<\/span>\n\t\t\t\t\t\t<\/span>\n\t\t\t\t<\/span><span class='av-structured-data'  itemprop=\"author\" itemscope=\"itemscope\" itemtype=\"https:\/\/schema.org\/Person\" ><span itemprop='name'>cenex<\/span><\/span><span class='av-structured-data'  itemprop=\"datePublished\" datetime=\"2025-04-04T10:05:51-03:00\" >2026-02-25 21:07:48<\/span><span class='av-structured-data'  itemprop=\"dateModified\" itemtype=\"https:\/\/schema.org\/dateModified\" >2026-03-12 11:55:28<\/span><span class='av-structured-data'  itemprop=\"mainEntityOfPage\" itemtype=\"https:\/\/schema.org\/mainEntityOfPage\" ><span itemprop='name'>Sele\u00e7\u00e3o de Bolsista e Volunt\u00e1rios para o Projeto de Extens\u00e3o &#8220;Abordagem Multidisciplinar em indiv\u00edduos com Transtorno de Espectro Autista (TEA)&#8221;.<\/span><\/span><\/span><\/article><article class='slide-entry flex_column  post-entry post-entry-17848 slide-entry-overview slide-loop-22 slide-parity-even  av_one_fifth  real-thumbnail posttype-post post-format-standard'  itemscope=\"itemscope\" itemtype=\"https:\/\/schema.org\/CreativeWork\" ><a href='https:\/\/www.odonto.ufmg.br\/cenex\/ata\/selecao-de-voluntarios-para-o-projeto-de-extensao-atendimento-odontologico-a-pacientes-com-traumatismos-dentarios-na-denticao-decidua-4\/' data-rel='slide-2' class='slide-image' title='Sele\u00e7\u00e3o de Volunt\u00e1rios para o Projeto de Extens\u00e3o &#8220;ATENDIMENTO ODONTOL\u00d3GICO A PACIENTES COM TRAUMATISMOS DENT\u00c1RIOS NA DENTI\u00c7\u00c3O DEC\u00cdDUA&#8221;.'><img decoding=\"async\" fetchpriority=\"high\" width=\"260\" height=\"185\" src=\"https:\/\/www.odonto.ufmg.br\/cenex\/wp-content\/uploads\/sites\/2\/2019\/09\/cenex_oportunidade_site-260x185.png\" class=\"wp-image-10032 avia-img-lazy-loading-not-10032 attachment-portfolio_small size-portfolio_small wp-post-image\" alt=\"\" \/><\/a><div class=\"slide-content\"><header class=\"entry-content-header\" aria-label=\"Slide: Sele\u00e7\u00e3o de Volunt\u00e1rios para o Projeto de Extens\u00e3o &quot;ATENDIMENTO ODONTOL\u00d3GICO A PACIENTES COM TRAUMATISMOS DENT\u00c1RIOS NA DENTI\u00c7\u00c3O DEC\u00cdDUA&quot;.\"><h3 class='slide-entry-title entry-title '  itemprop=\"headline\" ><a href='https:\/\/www.odonto.ufmg.br\/cenex\/ata\/selecao-de-voluntarios-para-o-projeto-de-extensao-atendimento-odontologico-a-pacientes-com-traumatismos-dentarios-na-denticao-decidua-4\/' title='Sele\u00e7\u00e3o de Volunt\u00e1rios para o Projeto de Extens\u00e3o &#8220;ATENDIMENTO ODONTOL\u00d3GICO A PACIENTES COM TRAUMATISMOS DENT\u00c1RIOS NA DENTI\u00c7\u00c3O DEC\u00cdDUA&#8221;.'>Sele\u00e7\u00e3o de Volunt\u00e1rios para o Projeto de Extens\u00e3o &#8220;ATENDIMENTO ODONTOL\u00d3GICO A PACIENTES COM TRAUMATISMOS DENT\u00c1RIOS NA DENTI\u00c7\u00c3O DEC\u00cdDUA&#8221;.<\/a><\/h3><span class=\"av-vertical-delimiter\"><\/span><\/header><div class=\"slide-meta\"><time class='slide-meta-time updated'  itemprop=\"datePublished\" datetime=\"2026-02-25T21:04:44-03:00\" >25\/02\/2026<\/time><\/div><div class='slide-entry-excerpt entry-content'  itemprop=\"text\" >EDITAL\nEst\u00e3o abertas, a partir do dia 24\/02\/2026 a 03\/03\/2026\u2026<\/div><\/div><footer class=\"entry-footer\"><\/footer><span class='hidden'>\n\t\t\t\t<span class='av-structured-data'  itemprop=\"image\" itemscope=\"itemscope\" itemtype=\"https:\/\/schema.org\/ImageObject\" >\n\t\t\t\t\t\t<span itemprop='url'>https:\/\/www.odonto.ufmg.br\/cenex\/wp-content\/uploads\/sites\/2\/2019\/09\/cenex_oportunidade_site.png<\/span>\n\t\t\t\t\t\t<span itemprop='height'>469<\/span>\n\t\t\t\t\t\t<span itemprop='width'>937<\/span>\n\t\t\t\t<\/span>\n\t\t\t\t<span class='av-structured-data'  itemprop=\"publisher\" itemtype=\"https:\/\/schema.org\/Organization\" itemscope=\"itemscope\" >\n\t\t\t\t\t\t<span itemprop='name'>cenex<\/span>\n\t\t\t\t\t\t<span itemprop='logo' itemscope itemtype='https:\/\/schema.org\/ImageObject'>\n\t\t\t\t\t\t\t<span itemprop='url'>http:\/\/www.odonto.ufmg.br\/cenex\/wp-content\/uploads\/sites\/2\/2025\/08\/logo-cenex.svg<\/span>\n\t\t\t\t\t\t<\/span>\n\t\t\t\t<\/span><span class='av-structured-data'  itemprop=\"author\" itemscope=\"itemscope\" itemtype=\"https:\/\/schema.org\/Person\" ><span itemprop='name'>cenex<\/span><\/span><span class='av-structured-data'  itemprop=\"datePublished\" datetime=\"2025-04-04T10:05:51-03:00\" >2026-02-25 21:04:44<\/span><span class='av-structured-data'  itemprop=\"dateModified\" itemtype=\"https:\/\/schema.org\/dateModified\" >2026-03-12 11:55:33<\/span><span class='av-structured-data'  itemprop=\"mainEntityOfPage\" itemtype=\"https:\/\/schema.org\/mainEntityOfPage\" ><span itemprop='name'>Sele\u00e7\u00e3o de Volunt\u00e1rios para o Projeto de Extens\u00e3o &#8220;ATENDIMENTO ODONTOL\u00d3GICO A PACIENTES COM TRAUMATISMOS DENT\u00c1RIOS NA DENTI\u00c7\u00c3O DEC\u00cdDUA&#8221;.<\/span><\/span><\/span><\/article><article class='slide-entry flex_column  post-entry post-entry-17845 slide-entry-overview slide-loop-23 slide-parity-odd  av_one_fifth  real-thumbnail posttype-post post-format-standard'  itemscope=\"itemscope\" itemtype=\"https:\/\/schema.org\/CreativeWork\" ><a href='https:\/\/www.odonto.ufmg.br\/cenex\/ata\/selecao-de-bolsista-e-voluntarios-para-o-projeto-de-extensao-tv-dental-news-2\/' data-rel='slide-2' class='slide-image' title='Sele\u00e7\u00e3o de Bolsista e Volunt\u00e1rios para o Projeto de Extens\u00e3o &#8220;TV DENTAL NEWS&#8221;.'><img decoding=\"async\" fetchpriority=\"high\" width=\"260\" height=\"185\" src=\"https:\/\/www.odonto.ufmg.br\/cenex\/wp-content\/uploads\/sites\/2\/2019\/09\/cenex_oportunidade_site-260x185.png\" class=\"wp-image-10032 avia-img-lazy-loading-not-10032 attachment-portfolio_small size-portfolio_small wp-post-image\" alt=\"\" \/><\/a><div class=\"slide-content\"><header class=\"entry-content-header\" aria-label=\"Slide: Sele\u00e7\u00e3o de Bolsista e Volunt\u00e1rios para o Projeto de Extens\u00e3o &quot;TV DENTAL NEWS&quot;.\"><h3 class='slide-entry-title entry-title '  itemprop=\"headline\" ><a href='https:\/\/www.odonto.ufmg.br\/cenex\/ata\/selecao-de-bolsista-e-voluntarios-para-o-projeto-de-extensao-tv-dental-news-2\/' title='Sele\u00e7\u00e3o de Bolsista e Volunt\u00e1rios para o Projeto de Extens\u00e3o &#8220;TV DENTAL NEWS&#8221;.'>Sele\u00e7\u00e3o de Bolsista e Volunt\u00e1rios para o Projeto de Extens\u00e3o &#8220;TV DENTAL NEWS&#8221;.<\/a><\/h3><span class=\"av-vertical-delimiter\"><\/span><\/header><div class=\"slide-meta\"><time class='slide-meta-time updated'  itemprop=\"datePublished\" datetime=\"2026-02-25T21:00:39-03:00\" >25\/02\/2026<\/time><\/div><div class='slide-entry-excerpt entry-content'  itemprop=\"text\" >EDITAL\nEst\u00e3o abertas, a partir do dia 24\/02\/2026 a 03\/03\/2026\u2026<\/div><\/div><footer class=\"entry-footer\"><\/footer><span class='hidden'>\n\t\t\t\t<span class='av-structured-data'  itemprop=\"image\" itemscope=\"itemscope\" itemtype=\"https:\/\/schema.org\/ImageObject\" >\n\t\t\t\t\t\t<span itemprop='url'>https:\/\/www.odonto.ufmg.br\/cenex\/wp-content\/uploads\/sites\/2\/2019\/09\/cenex_oportunidade_site.png<\/span>\n\t\t\t\t\t\t<span itemprop='height'>469<\/span>\n\t\t\t\t\t\t<span itemprop='width'>937<\/span>\n\t\t\t\t<\/span>\n\t\t\t\t<span class='av-structured-data'  itemprop=\"publisher\" itemtype=\"https:\/\/schema.org\/Organization\" itemscope=\"itemscope\" >\n\t\t\t\t\t\t<span itemprop='name'>cenex<\/span>\n\t\t\t\t\t\t<span itemprop='logo' itemscope itemtype='https:\/\/schema.org\/ImageObject'>\n\t\t\t\t\t\t\t<span itemprop='url'>http:\/\/www.odonto.ufmg.br\/cenex\/wp-content\/uploads\/sites\/2\/2025\/08\/logo-cenex.svg<\/span>\n\t\t\t\t\t\t<\/span>\n\t\t\t\t<\/span><span class='av-structured-data'  itemprop=\"author\" itemscope=\"itemscope\" itemtype=\"https:\/\/schema.org\/Person\" ><span itemprop='name'>cenex<\/span><\/span><span class='av-structured-data'  itemprop=\"datePublished\" datetime=\"2025-04-04T10:05:51-03:00\" >2026-02-25 21:00:39<\/span><span class='av-structured-data'  itemprop=\"dateModified\" itemtype=\"https:\/\/schema.org\/dateModified\" >2026-03-12 11:55:19<\/span><span class='av-structured-data'  itemprop=\"mainEntityOfPage\" itemtype=\"https:\/\/schema.org\/mainEntityOfPage\" ><span itemprop='name'>Sele\u00e7\u00e3o de Bolsista e Volunt\u00e1rios para o Projeto de Extens\u00e3o &#8220;TV DENTAL NEWS&#8221;.<\/span><\/span><\/span><\/article><article class='slide-entry flex_column  post-entry post-entry-17842 slide-entry-overview slide-loop-24 slide-parity-even  av_one_fifth  real-thumbnail posttype-post post-format-standard'  itemscope=\"itemscope\" itemtype=\"https:\/\/schema.org\/CreativeWork\" ><a href='https:\/\/www.odonto.ufmg.br\/cenex\/ata\/selecao-de-voluntarios-para-o-projeto-de-extensao-projeto-humanizacao-do-atendimento-odontologico-fao-ufmg\/' data-rel='slide-2' class='slide-image' title='Sele\u00e7\u00e3o de Volunt\u00e1rios para o Projeto de Extens\u00e3o &#8220;PROJETO HUMANIZA\u00c7\u00c3O DO ATENDIMENTO ODONTOL\u00d3GICO FAO UFMG&#8221;.'><img decoding=\"async\" fetchpriority=\"high\" width=\"260\" height=\"185\" src=\"https:\/\/www.odonto.ufmg.br\/cenex\/wp-content\/uploads\/sites\/2\/2019\/09\/cenex_oportunidade_site-260x185.png\" class=\"wp-image-10032 avia-img-lazy-loading-not-10032 attachment-portfolio_small size-portfolio_small wp-post-image\" alt=\"\" \/><\/a><div class=\"slide-content\"><header class=\"entry-content-header\" aria-label=\"Slide: Sele\u00e7\u00e3o de Volunt\u00e1rios para o Projeto de Extens\u00e3o &quot;PROJETO HUMANIZA\u00c7\u00c3O DO ATENDIMENTO ODONTOL\u00d3GICO FAO UFMG&quot;.\"><h3 class='slide-entry-title entry-title '  itemprop=\"headline\" ><a href='https:\/\/www.odonto.ufmg.br\/cenex\/ata\/selecao-de-voluntarios-para-o-projeto-de-extensao-projeto-humanizacao-do-atendimento-odontologico-fao-ufmg\/' title='Sele\u00e7\u00e3o de Volunt\u00e1rios para o Projeto de Extens\u00e3o &#8220;PROJETO HUMANIZA\u00c7\u00c3O DO ATENDIMENTO ODONTOL\u00d3GICO FAO UFMG&#8221;.'>Sele\u00e7\u00e3o de Volunt\u00e1rios para o Projeto de Extens\u00e3o &#8220;PROJETO HUMANIZA\u00c7\u00c3O DO ATENDIMENTO ODONTOL\u00d3GICO FAO UFMG&#8221;.<\/a><\/h3><span class=\"av-vertical-delimiter\"><\/span><\/header><div class=\"slide-meta\"><time class='slide-meta-time updated'  itemprop=\"datePublished\" datetime=\"2026-02-25T20:58:02-03:00\" >25\/02\/2026<\/time><\/div><div class='slide-entry-excerpt entry-content'  itemprop=\"text\" >EDITAL\nEst\u00e3o abertas, a partir do dia 23\/02\/2026 a 23\/03\/2026\u2026<\/div><\/div><footer class=\"entry-footer\"><\/footer><span class='hidden'>\n\t\t\t\t<span class='av-structured-data'  itemprop=\"image\" itemscope=\"itemscope\" itemtype=\"https:\/\/schema.org\/ImageObject\" >\n\t\t\t\t\t\t<span itemprop='url'>https:\/\/www.odonto.ufmg.br\/cenex\/wp-content\/uploads\/sites\/2\/2019\/09\/cenex_oportunidade_site.png<\/span>\n\t\t\t\t\t\t<span itemprop='height'>469<\/span>\n\t\t\t\t\t\t<span itemprop='width'>937<\/span>\n\t\t\t\t<\/span>\n\t\t\t\t<span class='av-structured-data'  itemprop=\"publisher\" itemtype=\"https:\/\/schema.org\/Organization\" itemscope=\"itemscope\" >\n\t\t\t\t\t\t<span itemprop='name'>cenex<\/span>\n\t\t\t\t\t\t<span itemprop='logo' itemscope itemtype='https:\/\/schema.org\/ImageObject'>\n\t\t\t\t\t\t\t<span itemprop='url'>http:\/\/www.odonto.ufmg.br\/cenex\/wp-content\/uploads\/sites\/2\/2025\/08\/logo-cenex.svg<\/span>\n\t\t\t\t\t\t<\/span>\n\t\t\t\t<\/span><span class='av-structured-data'  itemprop=\"author\" itemscope=\"itemscope\" itemtype=\"https:\/\/schema.org\/Person\" ><span itemprop='name'>cenex<\/span><\/span><span class='av-structured-data'  itemprop=\"datePublished\" datetime=\"2025-04-04T10:05:51-03:00\" >2026-02-25 20:58:02<\/span><span class='av-structured-data'  itemprop=\"dateModified\" itemtype=\"https:\/\/schema.org\/dateModified\" >2026-03-12 11:55:15<\/span><span class='av-structured-data'  itemprop=\"mainEntityOfPage\" itemtype=\"https:\/\/schema.org\/mainEntityOfPage\" ><span itemprop='name'>Sele\u00e7\u00e3o de Volunt\u00e1rios para o Projeto de Extens\u00e3o &#8220;PROJETO HUMANIZA\u00c7\u00c3O DO ATENDIMENTO ODONTOL\u00d3GICO FAO UFMG&#8221;.<\/span><\/span><\/span><\/article><article class='slide-entry flex_column  post-entry post-entry-17836 slide-entry-overview slide-loop-25 slide-parity-odd  av_one_fifth  real-thumbnail posttype-post post-format-standard'  itemscope=\"itemscope\" itemtype=\"https:\/\/schema.org\/CreativeWork\" ><a href='https:\/\/www.odonto.ufmg.br\/cenex\/ata\/selecao-de-voluntarios-para-o-projeto-de-extensao-assistencia-em-imaginologia-e-radiologia-bucomaxilofacial-na-faculdade-de-odontologia-da-universidade-federal-de-minas-gerais-3\/' data-rel='slide-2' class='slide-image' title='Sele\u00e7\u00e3o de Volunt\u00e1rios para o Projeto de Extens\u00e3o &#8220;Assist\u00eancia em Imaginologia e Radiologia Bucomaxilofacial na Faculdade de Odontologia da Universidade Federal de Minas Gerais&#8221;.'><img decoding=\"async\" fetchpriority=\"high\" width=\"260\" height=\"185\" src=\"https:\/\/www.odonto.ufmg.br\/cenex\/wp-content\/uploads\/sites\/2\/2019\/09\/cenex_oportunidade_site-260x185.png\" class=\"wp-image-10032 avia-img-lazy-loading-not-10032 attachment-portfolio_small size-portfolio_small wp-post-image\" alt=\"\" \/><\/a><div class=\"slide-content\"><header class=\"entry-content-header\" aria-label=\"Slide: Sele\u00e7\u00e3o de Volunt\u00e1rios para o Projeto de Extens\u00e3o &quot;Assist\u00eancia em Imaginologia e Radiologia Bucomaxilofacial na Faculdade de Odontologia da Universidade Federal de Minas Gerais&quot;.\"><h3 class='slide-entry-title entry-title '  itemprop=\"headline\" ><a href='https:\/\/www.odonto.ufmg.br\/cenex\/ata\/selecao-de-voluntarios-para-o-projeto-de-extensao-assistencia-em-imaginologia-e-radiologia-bucomaxilofacial-na-faculdade-de-odontologia-da-universidade-federal-de-minas-gerais-3\/' title='Sele\u00e7\u00e3o de Volunt\u00e1rios para o Projeto de Extens\u00e3o &#8220;Assist\u00eancia em Imaginologia e Radiologia Bucomaxilofacial na Faculdade de Odontologia da Universidade Federal de Minas Gerais&#8221;.'>Sele\u00e7\u00e3o de Volunt\u00e1rios para o Projeto de Extens\u00e3o &#8220;Assist\u00eancia em Imaginologia e Radiologia Bucomaxilofacial na Faculdade de Odontologia da Universidade Federal de Minas Gerais&#8221;.<\/a><\/h3><span class=\"av-vertical-delimiter\"><\/span><\/header><div class=\"slide-meta\"><time class='slide-meta-time updated'  itemprop=\"datePublished\" datetime=\"2026-02-25T20:55:18-03:00\" >25\/02\/2026<\/time><\/div><div class='slide-entry-excerpt entry-content'  itemprop=\"text\" >EDITAL\nEst\u00e3o abertas, a partir do dia 26\/02\/2026 a 05\/03\/2026\u2026<\/div><\/div><footer class=\"entry-footer\"><\/footer><span class='hidden'>\n\t\t\t\t<span class='av-structured-data'  itemprop=\"image\" itemscope=\"itemscope\" itemtype=\"https:\/\/schema.org\/ImageObject\" >\n\t\t\t\t\t\t<span itemprop='url'>https:\/\/www.odonto.ufmg.br\/cenex\/wp-content\/uploads\/sites\/2\/2019\/09\/cenex_oportunidade_site.png<\/span>\n\t\t\t\t\t\t<span itemprop='height'>469<\/span>\n\t\t\t\t\t\t<span itemprop='width'>937<\/span>\n\t\t\t\t<\/span>\n\t\t\t\t<span class='av-structured-data'  itemprop=\"publisher\" itemtype=\"https:\/\/schema.org\/Organization\" itemscope=\"itemscope\" >\n\t\t\t\t\t\t<span itemprop='name'>cenex<\/span>\n\t\t\t\t\t\t<span itemprop='logo' itemscope itemtype='https:\/\/schema.org\/ImageObject'>\n\t\t\t\t\t\t\t<span itemprop='url'>http:\/\/www.odonto.ufmg.br\/cenex\/wp-content\/uploads\/sites\/2\/2025\/08\/logo-cenex.svg<\/span>\n\t\t\t\t\t\t<\/span>\n\t\t\t\t<\/span><span class='av-structured-data'  itemprop=\"author\" itemscope=\"itemscope\" itemtype=\"https:\/\/schema.org\/Person\" ><span itemprop='name'>cenex<\/span><\/span><span class='av-structured-data'  itemprop=\"datePublished\" datetime=\"2025-04-04T10:05:51-03:00\" >2026-02-25 20:55:18<\/span><span class='av-structured-data'  itemprop=\"dateModified\" itemtype=\"https:\/\/schema.org\/dateModified\" >2026-03-12 11:55:09<\/span><span class='av-structured-data'  itemprop=\"mainEntityOfPage\" itemtype=\"https:\/\/schema.org\/mainEntityOfPage\" ><span itemprop='name'>Sele\u00e7\u00e3o de Volunt\u00e1rios para o Projeto de Extens\u00e3o &#8220;Assist\u00eancia em Imaginologia e Radiologia Bucomaxilofacial na Faculdade de Odontologia da Universidade Federal de Minas Gerais&#8221;.<\/span><\/span><\/span><\/article><\/div><div class=\"slide-entry-wrap\"><article class='slide-entry flex_column  post-entry post-entry-17833 slide-entry-overview slide-loop-26 slide-parity-odd  av_one_fifth first real-thumbnail posttype-post post-format-standard'  itemscope=\"itemscope\" itemtype=\"https:\/\/schema.org\/CreativeWork\" ><a href='https:\/\/www.odonto.ufmg.br\/cenex\/ata\/selecao-de-voluntarios-para-o-projeto-de-extensao-diagnostico-e-tratamento-interdisciplinar-de-defeitos-da-odontogenese-5\/' data-rel='slide-2' class='slide-image' title='Sele\u00e7\u00e3o de Volunt\u00e1rios para o Projeto de Extens\u00e3o &#8220;DIAGN\u00d3STICO E TRATAMENTO INTERDISCIPLINAR DE DEFEITOS DA ODONTOG\u00caNESE&#8221;.'><img decoding=\"async\" fetchpriority=\"high\" width=\"260\" height=\"185\" src=\"https:\/\/www.odonto.ufmg.br\/cenex\/wp-content\/uploads\/sites\/2\/2019\/09\/cenex_oportunidade_site-260x185.png\" class=\"wp-image-10032 avia-img-lazy-loading-not-10032 attachment-portfolio_small size-portfolio_small wp-post-image\" alt=\"\" \/><\/a><div class=\"slide-content\"><header class=\"entry-content-header\" aria-label=\"Slide: Sele\u00e7\u00e3o de Volunt\u00e1rios para o Projeto de Extens\u00e3o &quot;DIAGN\u00d3STICO E TRATAMENTO INTERDISCIPLINAR DE DEFEITOS DA ODONTOG\u00caNESE&quot;.\"><h3 class='slide-entry-title entry-title '  itemprop=\"headline\" ><a href='https:\/\/www.odonto.ufmg.br\/cenex\/ata\/selecao-de-voluntarios-para-o-projeto-de-extensao-diagnostico-e-tratamento-interdisciplinar-de-defeitos-da-odontogenese-5\/' title='Sele\u00e7\u00e3o de Volunt\u00e1rios para o Projeto de Extens\u00e3o &#8220;DIAGN\u00d3STICO E TRATAMENTO INTERDISCIPLINAR DE DEFEITOS DA ODONTOG\u00caNESE&#8221;.'>Sele\u00e7\u00e3o de Volunt\u00e1rios para o Projeto de Extens\u00e3o &#8220;DIAGN\u00d3STICO E TRATAMENTO INTERDISCIPLINAR DE DEFEITOS DA ODONTOG\u00caNESE&#8221;.<\/a><\/h3><span class=\"av-vertical-delimiter\"><\/span><\/header><div class=\"slide-meta\"><time class='slide-meta-time updated'  itemprop=\"datePublished\" datetime=\"2026-02-25T20:48:41-03:00\" >25\/02\/2026<\/time><\/div><div class='slide-entry-excerpt entry-content'  itemprop=\"text\" >EDITAL\nEst\u00e3o abertas, a partir do dia 23\/02\/2026 a 03\/03\/2026\u2026<\/div><\/div><footer class=\"entry-footer\"><\/footer><span class='hidden'>\n\t\t\t\t<span class='av-structured-data'  itemprop=\"image\" itemscope=\"itemscope\" itemtype=\"https:\/\/schema.org\/ImageObject\" >\n\t\t\t\t\t\t<span itemprop='url'>https:\/\/www.odonto.ufmg.br\/cenex\/wp-content\/uploads\/sites\/2\/2019\/09\/cenex_oportunidade_site.png<\/span>\n\t\t\t\t\t\t<span itemprop='height'>469<\/span>\n\t\t\t\t\t\t<span itemprop='width'>937<\/span>\n\t\t\t\t<\/span>\n\t\t\t\t<span class='av-structured-data'  itemprop=\"publisher\" itemtype=\"https:\/\/schema.org\/Organization\" itemscope=\"itemscope\" >\n\t\t\t\t\t\t<span itemprop='name'>cenex<\/span>\n\t\t\t\t\t\t<span itemprop='logo' itemscope itemtype='https:\/\/schema.org\/ImageObject'>\n\t\t\t\t\t\t\t<span itemprop='url'>http:\/\/www.odonto.ufmg.br\/cenex\/wp-content\/uploads\/sites\/2\/2025\/08\/logo-cenex.svg<\/span>\n\t\t\t\t\t\t<\/span>\n\t\t\t\t<\/span><span class='av-structured-data'  itemprop=\"author\" itemscope=\"itemscope\" itemtype=\"https:\/\/schema.org\/Person\" ><span itemprop='name'>cenex<\/span><\/span><span class='av-structured-data'  itemprop=\"datePublished\" datetime=\"2025-04-04T10:05:51-03:00\" >2026-02-25 20:48:41<\/span><span class='av-structured-data'  itemprop=\"dateModified\" itemtype=\"https:\/\/schema.org\/dateModified\" >2026-03-12 11:54:30<\/span><span class='av-structured-data'  itemprop=\"mainEntityOfPage\" itemtype=\"https:\/\/schema.org\/mainEntityOfPage\" ><span itemprop='name'>Sele\u00e7\u00e3o de Volunt\u00e1rios para o Projeto de Extens\u00e3o &#8220;DIAGN\u00d3STICO E TRATAMENTO INTERDISCIPLINAR DE DEFEITOS DA ODONTOG\u00caNESE&#8221;.<\/span><\/span><\/span><\/article><article class='slide-entry flex_column  post-entry post-entry-17830 slide-entry-overview slide-loop-27 slide-parity-even  av_one_fifth  real-thumbnail posttype-post post-format-standard'  itemscope=\"itemscope\" itemtype=\"https:\/\/schema.org\/CreativeWork\" ><a href='https:\/\/www.odonto.ufmg.br\/cenex\/ata\/selecao-de-bolsista-e-voluntarios-para-o-projeto-de-extensao-cafe-com-cpc\/' data-rel='slide-2' class='slide-image' title='Sele\u00e7\u00e3o de Volunt\u00e1rios para o Projeto de Extens\u00e3o &#8220;CAF\u00c9 COM CPC&#8221;.'><img decoding=\"async\" fetchpriority=\"high\" width=\"260\" height=\"185\" src=\"https:\/\/www.odonto.ufmg.br\/cenex\/wp-content\/uploads\/sites\/2\/2019\/09\/cenex_oportunidade_site-260x185.png\" class=\"wp-image-10032 avia-img-lazy-loading-not-10032 attachment-portfolio_small size-portfolio_small wp-post-image\" alt=\"\" \/><\/a><div class=\"slide-content\"><header class=\"entry-content-header\" aria-label=\"Slide: Sele\u00e7\u00e3o de Volunt\u00e1rios para o Projeto de Extens\u00e3o &quot;CAF\u00c9 COM CPC&quot;.\"><h3 class='slide-entry-title entry-title '  itemprop=\"headline\" ><a href='https:\/\/www.odonto.ufmg.br\/cenex\/ata\/selecao-de-bolsista-e-voluntarios-para-o-projeto-de-extensao-cafe-com-cpc\/' title='Sele\u00e7\u00e3o de Volunt\u00e1rios para o Projeto de Extens\u00e3o &#8220;CAF\u00c9 COM CPC&#8221;.'>Sele\u00e7\u00e3o de Volunt\u00e1rios para o Projeto de Extens\u00e3o &#8220;CAF\u00c9 COM CPC&#8221;.<\/a><\/h3><span class=\"av-vertical-delimiter\"><\/span><\/header><div class=\"slide-meta\"><time class='slide-meta-time updated'  itemprop=\"datePublished\" datetime=\"2026-02-25T20:46:06-03:00\" >25\/02\/2026<\/time><\/div><div class='slide-entry-excerpt entry-content'  itemprop=\"text\" >EDITAL\nEst\u00e3o abertas, a partir do dia 23\/02\/2026 a 03\/03\/2026as\u2026<\/div><\/div><footer class=\"entry-footer\"><\/footer><span class='hidden'>\n\t\t\t\t<span class='av-structured-data'  itemprop=\"image\" itemscope=\"itemscope\" itemtype=\"https:\/\/schema.org\/ImageObject\" >\n\t\t\t\t\t\t<span itemprop='url'>https:\/\/www.odonto.ufmg.br\/cenex\/wp-content\/uploads\/sites\/2\/2019\/09\/cenex_oportunidade_site.png<\/span>\n\t\t\t\t\t\t<span itemprop='height'>469<\/span>\n\t\t\t\t\t\t<span itemprop='width'>937<\/span>\n\t\t\t\t<\/span>\n\t\t\t\t<span class='av-structured-data'  itemprop=\"publisher\" itemtype=\"https:\/\/schema.org\/Organization\" itemscope=\"itemscope\" >\n\t\t\t\t\t\t<span itemprop='name'>cenex<\/span>\n\t\t\t\t\t\t<span itemprop='logo' itemscope itemtype='https:\/\/schema.org\/ImageObject'>\n\t\t\t\t\t\t\t<span itemprop='url'>http:\/\/www.odonto.ufmg.br\/cenex\/wp-content\/uploads\/sites\/2\/2025\/08\/logo-cenex.svg<\/span>\n\t\t\t\t\t\t<\/span>\n\t\t\t\t<\/span><span class='av-structured-data'  itemprop=\"author\" itemscope=\"itemscope\" itemtype=\"https:\/\/schema.org\/Person\" ><span itemprop='name'>cenex<\/span><\/span><span class='av-structured-data'  itemprop=\"datePublished\" datetime=\"2025-04-04T10:05:51-03:00\" >2026-02-25 20:46:06<\/span><span class='av-structured-data'  itemprop=\"dateModified\" itemtype=\"https:\/\/schema.org\/dateModified\" >2026-03-12 11:54:35<\/span><span class='av-structured-data'  itemprop=\"mainEntityOfPage\" itemtype=\"https:\/\/schema.org\/mainEntityOfPage\" ><span itemprop='name'>Sele\u00e7\u00e3o de Volunt\u00e1rios para o Projeto de Extens\u00e3o &#8220;CAF\u00c9 COM CPC&#8221;.<\/span><\/span><\/span><\/article><article class='slide-entry flex_column  post-entry post-entry-17826 slide-entry-overview slide-loop-28 slide-parity-odd  av_one_fifth  real-thumbnail posttype-post post-format-standard'  itemscope=\"itemscope\" itemtype=\"https:\/\/schema.org\/CreativeWork\" ><a href='https:\/\/www.odonto.ufmg.br\/cenex\/ata\/selecao-de-bolsista-e-voluntarios-para-o-projeto-de-extensao-tratamento-endodontico-de-dentes-permanentes-jovens\/' data-rel='slide-2' class='slide-image' title='Sele\u00e7\u00e3o de Bolsista e Volunt\u00e1rios para o Projeto de Extens\u00e3o &#8220;TRATAMENTO ENDOD\u00d4NTICO DE DENTES PERMANENTES JOVENS&#8221;.'><img decoding=\"async\" fetchpriority=\"high\" width=\"260\" height=\"185\" src=\"https:\/\/www.odonto.ufmg.br\/cenex\/wp-content\/uploads\/sites\/2\/2019\/09\/cenex_oportunidade_site-260x185.png\" class=\"wp-image-10032 avia-img-lazy-loading-not-10032 attachment-portfolio_small size-portfolio_small wp-post-image\" alt=\"\" \/><\/a><div class=\"slide-content\"><header class=\"entry-content-header\" aria-label=\"Slide: Sele\u00e7\u00e3o de Bolsista e Volunt\u00e1rios para o Projeto de Extens\u00e3o &quot;TRATAMENTO ENDOD\u00d4NTICO DE DENTES PERMANENTES JOVENS&quot;.\"><h3 class='slide-entry-title entry-title '  itemprop=\"headline\" ><a href='https:\/\/www.odonto.ufmg.br\/cenex\/ata\/selecao-de-bolsista-e-voluntarios-para-o-projeto-de-extensao-tratamento-endodontico-de-dentes-permanentes-jovens\/' title='Sele\u00e7\u00e3o de Bolsista e Volunt\u00e1rios para o Projeto de Extens\u00e3o &#8220;TRATAMENTO ENDOD\u00d4NTICO DE DENTES PERMANENTES JOVENS&#8221;.'>Sele\u00e7\u00e3o de Bolsista e Volunt\u00e1rios para o Projeto de Extens\u00e3o &#8220;TRATAMENTO ENDOD\u00d4NTICO DE DENTES PERMANENTES JOVENS&#8221;.<\/a><\/h3><span class=\"av-vertical-delimiter\"><\/span><\/header><div class=\"slide-meta\"><time class='slide-meta-time updated'  itemprop=\"datePublished\" datetime=\"2026-02-25T20:43:32-03:00\" >25\/02\/2026<\/time><\/div><div class='slide-entry-excerpt entry-content'  itemprop=\"text\" >EDITAL\nEst\u00e3o abertas, a partir do dia 20\/02\/2026 a 28\/02\/2026\u2026<\/div><\/div><footer class=\"entry-footer\"><\/footer><span class='hidden'>\n\t\t\t\t<span class='av-structured-data'  itemprop=\"image\" itemscope=\"itemscope\" itemtype=\"https:\/\/schema.org\/ImageObject\" >\n\t\t\t\t\t\t<span itemprop='url'>https:\/\/www.odonto.ufmg.br\/cenex\/wp-content\/uploads\/sites\/2\/2019\/09\/cenex_oportunidade_site.png<\/span>\n\t\t\t\t\t\t<span itemprop='height'>469<\/span>\n\t\t\t\t\t\t<span itemprop='width'>937<\/span>\n\t\t\t\t<\/span>\n\t\t\t\t<span class='av-structured-data'  itemprop=\"publisher\" itemtype=\"https:\/\/schema.org\/Organization\" itemscope=\"itemscope\" >\n\t\t\t\t\t\t<span itemprop='name'>cenex<\/span>\n\t\t\t\t\t\t<span itemprop='logo' itemscope itemtype='https:\/\/schema.org\/ImageObject'>\n\t\t\t\t\t\t\t<span itemprop='url'>http:\/\/www.odonto.ufmg.br\/cenex\/wp-content\/uploads\/sites\/2\/2025\/08\/logo-cenex.svg<\/span>\n\t\t\t\t\t\t<\/span>\n\t\t\t\t<\/span><span class='av-structured-data'  itemprop=\"author\" itemscope=\"itemscope\" itemtype=\"https:\/\/schema.org\/Person\" ><span itemprop='name'>cenex<\/span><\/span><span class='av-structured-data'  itemprop=\"datePublished\" datetime=\"2025-04-04T10:05:51-03:00\" >2026-02-25 20:43:32<\/span><span class='av-structured-data'  itemprop=\"dateModified\" itemtype=\"https:\/\/schema.org\/dateModified\" >2026-03-12 11:56:48<\/span><span class='av-structured-data'  itemprop=\"mainEntityOfPage\" itemtype=\"https:\/\/schema.org\/mainEntityOfPage\" ><span itemprop='name'>Sele\u00e7\u00e3o de Bolsista e Volunt\u00e1rios para o Projeto de Extens\u00e3o &#8220;TRATAMENTO ENDOD\u00d4NTICO DE DENTES PERMANENTES JOVENS&#8221;.<\/span><\/span><\/span><\/article><article class='slide-entry flex_column  post-entry post-entry-17824 slide-entry-overview slide-loop-29 slide-parity-even  av_one_fifth  real-thumbnail posttype-post post-format-standard'  itemscope=\"itemscope\" itemtype=\"https:\/\/schema.org\/CreativeWork\" ><a href='https:\/\/www.odonto.ufmg.br\/cenex\/ata\/selecao-de-bolsista-e-voluntarios-para-o-projeto-de-extensao-selecao-de-bolsista-e-voluntarios-para-o-projeto-de-extensao-atendimento-a-individuos-com-comprometimento-sistemico-e-necessidade-de-trat\/' data-rel='slide-2' class='slide-image' title='Sele\u00e7\u00e3o de Bolsista e Volunt\u00e1rios para o Projeto de Extens\u00e3o &#8220;SELE\u00c7\u00c3O DE BOLSISTA E VOLUNT\u00c1RIOS PARA O PROJETO DE EXTENS\u00c3O ATENDIMENTO A INDIV\u00cdDUOS COM COMPROMETIMENTO SIST\u00caMICO E NECESSIDADE DE TRATAMENTO ENDOD\u00d4NTICO&#8221;.'><img decoding=\"async\" fetchpriority=\"high\" width=\"260\" height=\"185\" src=\"https:\/\/www.odonto.ufmg.br\/cenex\/wp-content\/uploads\/sites\/2\/2019\/09\/cenex_oportunidade_site-260x185.png\" class=\"wp-image-10032 avia-img-lazy-loading-not-10032 attachment-portfolio_small size-portfolio_small wp-post-image\" alt=\"\" \/><\/a><div class=\"slide-content\"><header class=\"entry-content-header\" aria-label=\"Slide: Sele\u00e7\u00e3o de Bolsista e Volunt\u00e1rios para o Projeto de Extens\u00e3o &quot;SELE\u00c7\u00c3O DE BOLSISTA E VOLUNT\u00c1RIOS PARA O PROJETO DE EXTENS\u00c3O ATENDIMENTO A INDIV\u00cdDUOS COM COMPROMETIMENTO SIST\u00caMICO E NECESSIDADE DE TRATAMENTO ENDOD\u00d4NTICO&quot;.\"><h3 class='slide-entry-title entry-title '  itemprop=\"headline\" ><a href='https:\/\/www.odonto.ufmg.br\/cenex\/ata\/selecao-de-bolsista-e-voluntarios-para-o-projeto-de-extensao-selecao-de-bolsista-e-voluntarios-para-o-projeto-de-extensao-atendimento-a-individuos-com-comprometimento-sistemico-e-necessidade-de-trat\/' title='Sele\u00e7\u00e3o de Bolsista e Volunt\u00e1rios para o Projeto de Extens\u00e3o &#8220;SELE\u00c7\u00c3O DE BOLSISTA E VOLUNT\u00c1RIOS PARA O PROJETO DE EXTENS\u00c3O ATENDIMENTO A INDIV\u00cdDUOS COM COMPROMETIMENTO SIST\u00caMICO E NECESSIDADE DE TRATAMENTO ENDOD\u00d4NTICO&#8221;.'>Sele\u00e7\u00e3o de Bolsista e Volunt\u00e1rios para o Projeto de Extens\u00e3o &#8220;SELE\u00c7\u00c3O DE BOLSISTA E VOLUNT\u00c1RIOS PARA O PROJETO DE EXTENS\u00c3O ATENDIMENTO A INDIV\u00cdDUOS COM COMPROMETIMENTO SIST\u00caMICO E NECESSIDADE DE TRATAMENTO ENDOD\u00d4NTICO&#8221;.<\/a><\/h3><span class=\"av-vertical-delimiter\"><\/span><\/header><div class=\"slide-meta\"><time class='slide-meta-time updated'  itemprop=\"datePublished\" datetime=\"2026-02-25T20:41:01-03:00\" >25\/02\/2026<\/time><\/div><div class='slide-entry-excerpt entry-content'  itemprop=\"text\" >EDITAL\nEst\u00e3o abertas, a partir do dia 20\/02\/2026 a 28\/02\/2026\u2026<\/div><\/div><footer class=\"entry-footer\"><\/footer><span class='hidden'>\n\t\t\t\t<span class='av-structured-data'  itemprop=\"image\" itemscope=\"itemscope\" itemtype=\"https:\/\/schema.org\/ImageObject\" >\n\t\t\t\t\t\t<span itemprop='url'>https:\/\/www.odonto.ufmg.br\/cenex\/wp-content\/uploads\/sites\/2\/2019\/09\/cenex_oportunidade_site.png<\/span>\n\t\t\t\t\t\t<span itemprop='height'>469<\/span>\n\t\t\t\t\t\t<span itemprop='width'>937<\/span>\n\t\t\t\t<\/span>\n\t\t\t\t<span class='av-structured-data'  itemprop=\"publisher\" itemtype=\"https:\/\/schema.org\/Organization\" itemscope=\"itemscope\" >\n\t\t\t\t\t\t<span itemprop='name'>cenex<\/span>\n\t\t\t\t\t\t<span itemprop='logo' itemscope itemtype='https:\/\/schema.org\/ImageObject'>\n\t\t\t\t\t\t\t<span itemprop='url'>http:\/\/www.odonto.ufmg.br\/cenex\/wp-content\/uploads\/sites\/2\/2025\/08\/logo-cenex.svg<\/span>\n\t\t\t\t\t\t<\/span>\n\t\t\t\t<\/span><span class='av-structured-data'  itemprop=\"author\" itemscope=\"itemscope\" itemtype=\"https:\/\/schema.org\/Person\" ><span itemprop='name'>cenex<\/span><\/span><span class='av-structured-data'  itemprop=\"datePublished\" datetime=\"2025-04-04T10:05:51-03:00\" >2026-02-25 20:41:01<\/span><span class='av-structured-data'  itemprop=\"dateModified\" itemtype=\"https:\/\/schema.org\/dateModified\" >2026-03-12 11:56:54<\/span><span class='av-structured-data'  itemprop=\"mainEntityOfPage\" itemtype=\"https:\/\/schema.org\/mainEntityOfPage\" ><span itemprop='name'>Sele\u00e7\u00e3o de Bolsista e Volunt\u00e1rios para o Projeto de Extens\u00e3o &#8220;SELE\u00c7\u00c3O DE BOLSISTA E VOLUNT\u00c1RIOS PARA O PROJETO DE EXTENS\u00c3O ATENDIMENTO A INDIV\u00cdDUOS COM COMPROMETIMENTO SIST\u00caMICO E NECESSIDADE DE TRATAMENTO ENDOD\u00d4NTICO&#8221;.<\/span><\/span><\/span><\/article><article class='slide-entry flex_column  post-entry post-entry-17821 slide-entry-overview slide-loop-30 slide-parity-odd  av_one_fifth  real-thumbnail posttype-post post-format-standard'  itemscope=\"itemscope\" itemtype=\"https:\/\/schema.org\/CreativeWork\" ><a href='https:\/\/www.odonto.ufmg.br\/cenex\/ata\/selecao-de-voluntarios-para-o-projeto-de-extensao-projeto-de-extensao-em-teleodontologia\/' data-rel='slide-2' class='slide-image' title='Sele\u00e7\u00e3o de Volunt\u00e1rios para o Projeto de Extens\u00e3o &#8220;Projeto de Extens\u00e3o em Teleodontologia&#8221;.'><img decoding=\"async\" fetchpriority=\"high\" width=\"260\" height=\"185\" src=\"https:\/\/www.odonto.ufmg.br\/cenex\/wp-content\/uploads\/sites\/2\/2019\/09\/cenex_oportunidade_site-260x185.png\" class=\"wp-image-10032 avia-img-lazy-loading-not-10032 attachment-portfolio_small size-portfolio_small wp-post-image\" alt=\"\" \/><\/a><div class=\"slide-content\"><header class=\"entry-content-header\" aria-label=\"Slide: Sele\u00e7\u00e3o de Volunt\u00e1rios para o Projeto de Extens\u00e3o &quot;Projeto de Extens\u00e3o em Teleodontologia&quot;.\"><h3 class='slide-entry-title entry-title '  itemprop=\"headline\" ><a href='https:\/\/www.odonto.ufmg.br\/cenex\/ata\/selecao-de-voluntarios-para-o-projeto-de-extensao-projeto-de-extensao-em-teleodontologia\/' title='Sele\u00e7\u00e3o de Volunt\u00e1rios para o Projeto de Extens\u00e3o &#8220;Projeto de Extens\u00e3o em Teleodontologia&#8221;.'>Sele\u00e7\u00e3o de Volunt\u00e1rios para o Projeto de Extens\u00e3o &#8220;Projeto de Extens\u00e3o em Teleodontologia&#8221;.<\/a><\/h3><span class=\"av-vertical-delimiter\"><\/span><\/header><div class=\"slide-meta\"><time class='slide-meta-time updated'  itemprop=\"datePublished\" datetime=\"2026-02-25T20:37:09-03:00\" >25\/02\/2026<\/time><\/div><div class='slide-entry-excerpt entry-content'  itemprop=\"text\" >EDITAL\nEst\u00e3o abertas, a partir do dia 23\/02\/2026 a 02\/03\/2026\u2026<\/div><\/div><footer class=\"entry-footer\"><\/footer><span class='hidden'>\n\t\t\t\t<span class='av-structured-data'  itemprop=\"image\" itemscope=\"itemscope\" itemtype=\"https:\/\/schema.org\/ImageObject\" >\n\t\t\t\t\t\t<span itemprop='url'>https:\/\/www.odonto.ufmg.br\/cenex\/wp-content\/uploads\/sites\/2\/2019\/09\/cenex_oportunidade_site.png<\/span>\n\t\t\t\t\t\t<span itemprop='height'>469<\/span>\n\t\t\t\t\t\t<span itemprop='width'>937<\/span>\n\t\t\t\t<\/span>\n\t\t\t\t<span class='av-structured-data'  itemprop=\"publisher\" itemtype=\"https:\/\/schema.org\/Organization\" itemscope=\"itemscope\" >\n\t\t\t\t\t\t<span itemprop='name'>cenex<\/span>\n\t\t\t\t\t\t<span itemprop='logo' itemscope itemtype='https:\/\/schema.org\/ImageObject'>\n\t\t\t\t\t\t\t<span itemprop='url'>http:\/\/www.odonto.ufmg.br\/cenex\/wp-content\/uploads\/sites\/2\/2025\/08\/logo-cenex.svg<\/span>\n\t\t\t\t\t\t<\/span>\n\t\t\t\t<\/span><span class='av-structured-data'  itemprop=\"author\" itemscope=\"itemscope\" itemtype=\"https:\/\/schema.org\/Person\" ><span itemprop='name'>cenex<\/span><\/span><span class='av-structured-data'  itemprop=\"datePublished\" datetime=\"2025-04-04T10:05:51-03:00\" >2026-02-25 20:37:09<\/span><span class='av-structured-data'  itemprop=\"dateModified\" itemtype=\"https:\/\/schema.org\/dateModified\" >2026-03-12 11:57:00<\/span><span class='av-structured-data'  itemprop=\"mainEntityOfPage\" itemtype=\"https:\/\/schema.org\/mainEntityOfPage\" ><span itemprop='name'>Sele\u00e7\u00e3o de Volunt\u00e1rios para o Projeto de Extens\u00e3o &#8220;Projeto de Extens\u00e3o em Teleodontologia&#8221;.<\/span><\/span><\/span><\/article><\/div><div class=\"slide-entry-wrap\"><article class='slide-entry flex_column  post-entry post-entry-17818 slide-entry-overview slide-loop-31 slide-parity-odd  av_one_fifth first real-thumbnail posttype-post post-format-standard'  itemscope=\"itemscope\" itemtype=\"https:\/\/schema.org\/CreativeWork\" ><a href='https:\/\/www.odonto.ufmg.br\/cenex\/ata\/selecao-de-voluntarios-para-o-projeto-de-extensao-programa-de-atencao-odontologica-a-pacientes-com-fissura-labiopalatina\/' data-rel='slide-2' class='slide-image' title='Sele\u00e7\u00e3o de Volunt\u00e1rios para o Projeto de Extens\u00e3o &#8220;Programa de Aten\u00e7\u00e3o Odontol\u00f3gica a pacientes com Fissura Labiopalatina&#8221;.'><img decoding=\"async\" fetchpriority=\"high\" width=\"260\" height=\"185\" src=\"https:\/\/www.odonto.ufmg.br\/cenex\/wp-content\/uploads\/sites\/2\/2019\/09\/cenex_oportunidade_site-260x185.png\" class=\"wp-image-10032 avia-img-lazy-loading-not-10032 attachment-portfolio_small size-portfolio_small wp-post-image\" alt=\"\" \/><\/a><div class=\"slide-content\"><header class=\"entry-content-header\" aria-label=\"Slide: Sele\u00e7\u00e3o de Volunt\u00e1rios para o Projeto de Extens\u00e3o &quot;Programa de Aten\u00e7\u00e3o Odontol\u00f3gica a pacientes com Fissura Labiopalatina&quot;.\"><h3 class='slide-entry-title entry-title '  itemprop=\"headline\" ><a href='https:\/\/www.odonto.ufmg.br\/cenex\/ata\/selecao-de-voluntarios-para-o-projeto-de-extensao-programa-de-atencao-odontologica-a-pacientes-com-fissura-labiopalatina\/' title='Sele\u00e7\u00e3o de Volunt\u00e1rios para o Projeto de Extens\u00e3o &#8220;Programa de Aten\u00e7\u00e3o Odontol\u00f3gica a pacientes com Fissura Labiopalatina&#8221;.'>Sele\u00e7\u00e3o de Volunt\u00e1rios para o Projeto de Extens\u00e3o &#8220;Programa de Aten\u00e7\u00e3o Odontol\u00f3gica a pacientes com Fissura Labiopalatina&#8221;.<\/a><\/h3><span class=\"av-vertical-delimiter\"><\/span><\/header><div class=\"slide-meta\"><time class='slide-meta-time updated'  itemprop=\"datePublished\" datetime=\"2026-02-25T20:34:31-03:00\" >25\/02\/2026<\/time><\/div><div class='slide-entry-excerpt entry-content'  itemprop=\"text\" >EDITAL\nEst\u00e3o abertas, a partir do dia 18\/02\/2026 a 03\/03\/2026\u2026<\/div><\/div><footer class=\"entry-footer\"><\/footer><span class='hidden'>\n\t\t\t\t<span class='av-structured-data'  itemprop=\"image\" itemscope=\"itemscope\" itemtype=\"https:\/\/schema.org\/ImageObject\" >\n\t\t\t\t\t\t<span itemprop='url'>https:\/\/www.odonto.ufmg.br\/cenex\/wp-content\/uploads\/sites\/2\/2019\/09\/cenex_oportunidade_site.png<\/span>\n\t\t\t\t\t\t<span itemprop='height'>469<\/span>\n\t\t\t\t\t\t<span itemprop='width'>937<\/span>\n\t\t\t\t<\/span>\n\t\t\t\t<span class='av-structured-data'  itemprop=\"publisher\" itemtype=\"https:\/\/schema.org\/Organization\" itemscope=\"itemscope\" >\n\t\t\t\t\t\t<span itemprop='name'>cenex<\/span>\n\t\t\t\t\t\t<span itemprop='logo' itemscope itemtype='https:\/\/schema.org\/ImageObject'>\n\t\t\t\t\t\t\t<span itemprop='url'>http:\/\/www.odonto.ufmg.br\/cenex\/wp-content\/uploads\/sites\/2\/2025\/08\/logo-cenex.svg<\/span>\n\t\t\t\t\t\t<\/span>\n\t\t\t\t<\/span><span class='av-structured-data'  itemprop=\"author\" itemscope=\"itemscope\" itemtype=\"https:\/\/schema.org\/Person\" ><span itemprop='name'>cenex<\/span><\/span><span class='av-structured-data'  itemprop=\"datePublished\" datetime=\"2025-04-04T10:05:51-03:00\" >2026-02-25 20:34:31<\/span><span class='av-structured-data'  itemprop=\"dateModified\" itemtype=\"https:\/\/schema.org\/dateModified\" >2026-03-12 11:57:07<\/span><span class='av-structured-data'  itemprop=\"mainEntityOfPage\" itemtype=\"https:\/\/schema.org\/mainEntityOfPage\" ><span itemprop='name'>Sele\u00e7\u00e3o de Volunt\u00e1rios para o Projeto de Extens\u00e3o &#8220;Programa de Aten\u00e7\u00e3o Odontol\u00f3gica a pacientes com Fissura Labiopalatina&#8221;.<\/span><\/span><\/span><\/article><article class='slide-entry flex_column  post-entry post-entry-17815 slide-entry-overview slide-loop-32 slide-parity-even  av_one_fifth  real-thumbnail posttype-post post-format-standard'  itemscope=\"itemscope\" itemtype=\"https:\/\/schema.org\/CreativeWork\" ><a href='https:\/\/www.odonto.ufmg.br\/cenex\/ata\/selecao-de-voluntarios-para-o-projeto-de-extensao-projeto-de-extensao-nam-naso-alveolar-modelador\/' data-rel='slide-2' class='slide-image' title='Sele\u00e7\u00e3o de Volunt\u00e1rios para o Projeto de Extens\u00e3o &#8220;Projeto de Extens\u00e3o NAM (Naso-Alveolar-Modelador)&#8221;.'><img decoding=\"async\" fetchpriority=\"high\" width=\"260\" height=\"185\" src=\"https:\/\/www.odonto.ufmg.br\/cenex\/wp-content\/uploads\/sites\/2\/2019\/09\/cenex_oportunidade_site-260x185.png\" class=\"wp-image-10032 avia-img-lazy-loading-not-10032 attachment-portfolio_small size-portfolio_small wp-post-image\" alt=\"\" \/><\/a><div class=\"slide-content\"><header class=\"entry-content-header\" aria-label=\"Slide: Sele\u00e7\u00e3o de Volunt\u00e1rios para o Projeto de Extens\u00e3o &quot;Projeto de Extens\u00e3o NAM (Naso-Alveolar-Modelador)&quot;.\"><h3 class='slide-entry-title entry-title '  itemprop=\"headline\" ><a href='https:\/\/www.odonto.ufmg.br\/cenex\/ata\/selecao-de-voluntarios-para-o-projeto-de-extensao-projeto-de-extensao-nam-naso-alveolar-modelador\/' title='Sele\u00e7\u00e3o de Volunt\u00e1rios para o Projeto de Extens\u00e3o &#8220;Projeto de Extens\u00e3o NAM (Naso-Alveolar-Modelador)&#8221;.'>Sele\u00e7\u00e3o de Volunt\u00e1rios para o Projeto de Extens\u00e3o &#8220;Projeto de Extens\u00e3o NAM (Naso-Alveolar-Modelador)&#8221;.<\/a><\/h3><span class=\"av-vertical-delimiter\"><\/span><\/header><div class=\"slide-meta\"><time class='slide-meta-time updated'  itemprop=\"datePublished\" datetime=\"2026-02-25T20:32:09-03:00\" >25\/02\/2026<\/time><\/div><div class='slide-entry-excerpt entry-content'  itemprop=\"text\" >EDITAL\nEst\u00e3o abertas, a partir do dia 18\/02\/2026 a 03\/03\/2026\u2026<\/div><\/div><footer class=\"entry-footer\"><\/footer><span class='hidden'>\n\t\t\t\t<span class='av-structured-data'  itemprop=\"image\" itemscope=\"itemscope\" itemtype=\"https:\/\/schema.org\/ImageObject\" >\n\t\t\t\t\t\t<span itemprop='url'>https:\/\/www.odonto.ufmg.br\/cenex\/wp-content\/uploads\/sites\/2\/2019\/09\/cenex_oportunidade_site.png<\/span>\n\t\t\t\t\t\t<span itemprop='height'>469<\/span>\n\t\t\t\t\t\t<span itemprop='width'>937<\/span>\n\t\t\t\t<\/span>\n\t\t\t\t<span class='av-structured-data'  itemprop=\"publisher\" itemtype=\"https:\/\/schema.org\/Organization\" itemscope=\"itemscope\" >\n\t\t\t\t\t\t<span itemprop='name'>cenex<\/span>\n\t\t\t\t\t\t<span itemprop='logo' itemscope itemtype='https:\/\/schema.org\/ImageObject'>\n\t\t\t\t\t\t\t<span itemprop='url'>http:\/\/www.odonto.ufmg.br\/cenex\/wp-content\/uploads\/sites\/2\/2025\/08\/logo-cenex.svg<\/span>\n\t\t\t\t\t\t<\/span>\n\t\t\t\t<\/span><span class='av-structured-data'  itemprop=\"author\" itemscope=\"itemscope\" itemtype=\"https:\/\/schema.org\/Person\" ><span itemprop='name'>cenex<\/span><\/span><span class='av-structured-data'  itemprop=\"datePublished\" datetime=\"2025-04-04T10:05:51-03:00\" >2026-02-25 20:32:09<\/span><span class='av-structured-data'  itemprop=\"dateModified\" itemtype=\"https:\/\/schema.org\/dateModified\" >2026-03-12 11:57:13<\/span><span class='av-structured-data'  itemprop=\"mainEntityOfPage\" itemtype=\"https:\/\/schema.org\/mainEntityOfPage\" ><span itemprop='name'>Sele\u00e7\u00e3o de Volunt\u00e1rios para o Projeto de Extens\u00e3o &#8220;Projeto de Extens\u00e3o NAM (Naso-Alveolar-Modelador)&#8221;.<\/span><\/span><\/span><\/article><article class='slide-entry flex_column  post-entry post-entry-17812 slide-entry-overview slide-loop-33 slide-parity-odd  av_one_fifth  real-thumbnail posttype-post post-format-standard'  itemscope=\"itemscope\" itemtype=\"https:\/\/schema.org\/CreativeWork\" ><a href='https:\/\/www.odonto.ufmg.br\/cenex\/ata\/selecao-de-voluntarios-para-o-projeto-de-extensao-projeto-de-extensao-tal-mae-tal-filho-promocao-de-saude-bucal-para-gestantes-3\/' data-rel='slide-2' class='slide-image' title='Sele\u00e7\u00e3o de Volunt\u00e1rios para o Projeto de Extens\u00e3o &#8220;PROJETO DE EXTENS\u00c3O TAL M\u00c3E, TAL FILHO &#8211; PROMO\u00c7\u00c3O DE SA\u00daDE BUCAL PARA GESTANTES&#8221;.'><img decoding=\"async\" fetchpriority=\"high\" width=\"260\" height=\"185\" src=\"https:\/\/www.odonto.ufmg.br\/cenex\/wp-content\/uploads\/sites\/2\/2019\/09\/cenex_oportunidade_site-260x185.png\" class=\"wp-image-10032 avia-img-lazy-loading-not-10032 attachment-portfolio_small size-portfolio_small wp-post-image\" alt=\"\" \/><\/a><div class=\"slide-content\"><header class=\"entry-content-header\" aria-label=\"Slide: Sele\u00e7\u00e3o de Volunt\u00e1rios para o Projeto de Extens\u00e3o &quot;PROJETO DE EXTENS\u00c3O TAL M\u00c3E, TAL FILHO - PROMO\u00c7\u00c3O DE SA\u00daDE BUCAL PARA GESTANTES&quot;.\"><h3 class='slide-entry-title entry-title '  itemprop=\"headline\" ><a href='https:\/\/www.odonto.ufmg.br\/cenex\/ata\/selecao-de-voluntarios-para-o-projeto-de-extensao-projeto-de-extensao-tal-mae-tal-filho-promocao-de-saude-bucal-para-gestantes-3\/' title='Sele\u00e7\u00e3o de Volunt\u00e1rios para o Projeto de Extens\u00e3o &#8220;PROJETO DE EXTENS\u00c3O TAL M\u00c3E, TAL FILHO &#8211; PROMO\u00c7\u00c3O DE SA\u00daDE BUCAL PARA GESTANTES&#8221;.'>Sele\u00e7\u00e3o de Volunt\u00e1rios para o Projeto de Extens\u00e3o &#8220;PROJETO DE EXTENS\u00c3O TAL M\u00c3E, TAL FILHO &#8211; PROMO\u00c7\u00c3O DE SA\u00daDE BUCAL PARA GESTANTES&#8221;.<\/a><\/h3><span class=\"av-vertical-delimiter\"><\/span><\/header><div class=\"slide-meta\"><time class='slide-meta-time updated'  itemprop=\"datePublished\" datetime=\"2026-02-25T20:27:45-03:00\" >25\/02\/2026<\/time><\/div><div class='slide-entry-excerpt entry-content'  itemprop=\"text\" >EDITAL\nEst\u00e3o abertas, a partir do dia 219\/02 a 05\/03\/2026 as\u2026<\/div><\/div><footer class=\"entry-footer\"><\/footer><span class='hidden'>\n\t\t\t\t<span class='av-structured-data'  itemprop=\"image\" itemscope=\"itemscope\" itemtype=\"https:\/\/schema.org\/ImageObject\" >\n\t\t\t\t\t\t<span itemprop='url'>https:\/\/www.odonto.ufmg.br\/cenex\/wp-content\/uploads\/sites\/2\/2019\/09\/cenex_oportunidade_site.png<\/span>\n\t\t\t\t\t\t<span itemprop='height'>469<\/span>\n\t\t\t\t\t\t<span itemprop='width'>937<\/span>\n\t\t\t\t<\/span>\n\t\t\t\t<span class='av-structured-data'  itemprop=\"publisher\" itemtype=\"https:\/\/schema.org\/Organization\" itemscope=\"itemscope\" >\n\t\t\t\t\t\t<span itemprop='name'>cenex<\/span>\n\t\t\t\t\t\t<span itemprop='logo' itemscope itemtype='https:\/\/schema.org\/ImageObject'>\n\t\t\t\t\t\t\t<span itemprop='url'>http:\/\/www.odonto.ufmg.br\/cenex\/wp-content\/uploads\/sites\/2\/2025\/08\/logo-cenex.svg<\/span>\n\t\t\t\t\t\t<\/span>\n\t\t\t\t<\/span><span class='av-structured-data'  itemprop=\"author\" itemscope=\"itemscope\" itemtype=\"https:\/\/schema.org\/Person\" ><span itemprop='name'>cenex<\/span><\/span><span class='av-structured-data'  itemprop=\"datePublished\" datetime=\"2025-04-04T10:05:51-03:00\" >2026-02-25 20:27:45<\/span><span class='av-structured-data'  itemprop=\"dateModified\" itemtype=\"https:\/\/schema.org\/dateModified\" >2026-03-12 11:57:18<\/span><span class='av-structured-data'  itemprop=\"mainEntityOfPage\" itemtype=\"https:\/\/schema.org\/mainEntityOfPage\" ><span itemprop='name'>Sele\u00e7\u00e3o de Volunt\u00e1rios para o Projeto de Extens\u00e3o &#8220;PROJETO DE EXTENS\u00c3O TAL M\u00c3E, TAL FILHO &#8211; PROMO\u00c7\u00c3O DE SA\u00daDE BUCAL PARA GESTANTES&#8221;.<\/span><\/span><\/span><\/article><article class='slide-entry flex_column  post-entry post-entry-17807 slide-entry-overview slide-loop-34 slide-parity-even  av_one_fifth  real-thumbnail posttype-post post-format-standard'  itemscope=\"itemscope\" itemtype=\"https:\/\/schema.org\/CreativeWork\" ><a href='https:\/\/www.odonto.ufmg.br\/cenex\/ata\/selecao-de-voluntarios-para-o-projeto-de-extensao-abordagem-multidisciplinar-da-hipotonia-orofacial-e-protrusao-lingual-de-bebes-com-sindrome-de-down\/' data-rel='slide-2' class='slide-image' title='Sele\u00e7\u00e3o de Volunt\u00e1rios para o Projeto de Extens\u00e3o &#8220;Abordagem multidisciplinar da hipotonia orofacial e protrus\u00e3o lingual de beb\u00eas com S\u00edndrome de Down&#8221;.'><img decoding=\"async\" fetchpriority=\"high\" width=\"260\" height=\"185\" src=\"https:\/\/www.odonto.ufmg.br\/cenex\/wp-content\/uploads\/sites\/2\/2019\/09\/cenex_oportunidade_site-260x185.png\" class=\"wp-image-10032 avia-img-lazy-loading-not-10032 attachment-portfolio_small size-portfolio_small wp-post-image\" alt=\"\" \/><\/a><div class=\"slide-content\"><header class=\"entry-content-header\" aria-label=\"Slide: Sele\u00e7\u00e3o de Volunt\u00e1rios para o Projeto de Extens\u00e3o &quot;Abordagem multidisciplinar da hipotonia orofacial e protrus\u00e3o lingual de beb\u00eas com S\u00edndrome de Down&quot;.\"><h3 class='slide-entry-title entry-title '  itemprop=\"headline\" ><a href='https:\/\/www.odonto.ufmg.br\/cenex\/ata\/selecao-de-voluntarios-para-o-projeto-de-extensao-abordagem-multidisciplinar-da-hipotonia-orofacial-e-protrusao-lingual-de-bebes-com-sindrome-de-down\/' title='Sele\u00e7\u00e3o de Volunt\u00e1rios para o Projeto de Extens\u00e3o &#8220;Abordagem multidisciplinar da hipotonia orofacial e protrus\u00e3o lingual de beb\u00eas com S\u00edndrome de Down&#8221;.'>Sele\u00e7\u00e3o de Volunt\u00e1rios para o Projeto de Extens\u00e3o &#8220;Abordagem multidisciplinar da hipotonia orofacial e protrus\u00e3o lingual de beb\u00eas com S\u00edndrome de Down&#8221;.<\/a><\/h3><span class=\"av-vertical-delimiter\"><\/span><\/header><div class=\"slide-meta\"><time class='slide-meta-time updated'  itemprop=\"datePublished\" datetime=\"2026-02-25T20:23:51-03:00\" >25\/02\/2026<\/time><\/div><div class='slide-entry-excerpt entry-content'  itemprop=\"text\" >EDITAL\nEst\u00e3o abertas, a partir do dia 25\/02\/2026 a 09\/03\/2026\u2026<\/div><\/div><footer class=\"entry-footer\"><\/footer><span class='hidden'>\n\t\t\t\t<span class='av-structured-data'  itemprop=\"image\" itemscope=\"itemscope\" itemtype=\"https:\/\/schema.org\/ImageObject\" >\n\t\t\t\t\t\t<span itemprop='url'>https:\/\/www.odonto.ufmg.br\/cenex\/wp-content\/uploads\/sites\/2\/2019\/09\/cenex_oportunidade_site.png<\/span>\n\t\t\t\t\t\t<span itemprop='height'>469<\/span>\n\t\t\t\t\t\t<span itemprop='width'>937<\/span>\n\t\t\t\t<\/span>\n\t\t\t\t<span class='av-structured-data'  itemprop=\"publisher\" itemtype=\"https:\/\/schema.org\/Organization\" itemscope=\"itemscope\" >\n\t\t\t\t\t\t<span itemprop='name'>cenex<\/span>\n\t\t\t\t\t\t<span itemprop='logo' itemscope itemtype='https:\/\/schema.org\/ImageObject'>\n\t\t\t\t\t\t\t<span itemprop='url'>http:\/\/www.odonto.ufmg.br\/cenex\/wp-content\/uploads\/sites\/2\/2025\/08\/logo-cenex.svg<\/span>\n\t\t\t\t\t\t<\/span>\n\t\t\t\t<\/span><span class='av-structured-data'  itemprop=\"author\" itemscope=\"itemscope\" itemtype=\"https:\/\/schema.org\/Person\" ><span itemprop='name'>cenex<\/span><\/span><span class='av-structured-data'  itemprop=\"datePublished\" datetime=\"2025-04-04T10:05:51-03:00\" >2026-02-25 20:23:51<\/span><span class='av-structured-data'  itemprop=\"dateModified\" itemtype=\"https:\/\/schema.org\/dateModified\" >2026-03-12 11:57:26<\/span><span class='av-structured-data'  itemprop=\"mainEntityOfPage\" itemtype=\"https:\/\/schema.org\/mainEntityOfPage\" ><span itemprop='name'>Sele\u00e7\u00e3o de Volunt\u00e1rios para o Projeto de Extens\u00e3o &#8220;Abordagem multidisciplinar da hipotonia orofacial e protrus\u00e3o lingual de beb\u00eas com S\u00edndrome de Down&#8221;.<\/span><\/span><\/span><\/article><article class='slide-entry flex_column  post-entry post-entry-17805 slide-entry-overview slide-loop-35 slide-parity-odd  av_one_fifth  real-thumbnail posttype-post post-format-standard'  itemscope=\"itemscope\" itemtype=\"https:\/\/schema.org\/CreativeWork\" ><a href='https:\/\/www.odonto.ufmg.br\/cenex\/ata\/selecao-de-bolsista-e-voluntarios-para-o-projeto-de-extensao-atendimento-de-suporte-odontologico-ao-paciente-com-cancer-em-regiao-de-cabeca-e-pescocos\/' data-rel='slide-2' class='slide-image' title='Sele\u00e7\u00e3o de Bolsista e Volunt\u00e1rios para o Projeto de Extens\u00e3o &#8220;ATENDIMENTO DE SUPORTE ODONTOL\u00d3GICO AO PACIENTE COM C\u00c2NCER EM REGI\u00c3O DE CABE\u00c7A E PESCO\u00c7OS&#8221;.'><img decoding=\"async\" fetchpriority=\"high\" width=\"260\" height=\"185\" src=\"https:\/\/www.odonto.ufmg.br\/cenex\/wp-content\/uploads\/sites\/2\/2019\/09\/cenex_oportunidade_site-260x185.png\" class=\"wp-image-10032 avia-img-lazy-loading-not-10032 attachment-portfolio_small size-portfolio_small wp-post-image\" alt=\"\" \/><\/a><div class=\"slide-content\"><header class=\"entry-content-header\" aria-label=\"Slide: Sele\u00e7\u00e3o de Bolsista e Volunt\u00e1rios para o Projeto de Extens\u00e3o &quot;ATENDIMENTO DE SUPORTE ODONTOL\u00d3GICO AO PACIENTE COM C\u00c2NCER EM REGI\u00c3O DE CABE\u00c7A E PESCO\u00c7OS&quot;.\"><h3 class='slide-entry-title entry-title '  itemprop=\"headline\" ><a href='https:\/\/www.odonto.ufmg.br\/cenex\/ata\/selecao-de-bolsista-e-voluntarios-para-o-projeto-de-extensao-atendimento-de-suporte-odontologico-ao-paciente-com-cancer-em-regiao-de-cabeca-e-pescocos\/' title='Sele\u00e7\u00e3o de Bolsista e Volunt\u00e1rios para o Projeto de Extens\u00e3o &#8220;ATENDIMENTO DE SUPORTE ODONTOL\u00d3GICO AO PACIENTE COM C\u00c2NCER EM REGI\u00c3O DE CABE\u00c7A E PESCO\u00c7OS&#8221;.'>Sele\u00e7\u00e3o de Bolsista e Volunt\u00e1rios para o Projeto de Extens\u00e3o &#8220;ATENDIMENTO DE SUPORTE ODONTOL\u00d3GICO AO PACIENTE COM C\u00c2NCER EM REGI\u00c3O DE CABE\u00c7A E PESCO\u00c7OS&#8221;.<\/a><\/h3><span class=\"av-vertical-delimiter\"><\/span><\/header><div class=\"slide-meta\"><time class='slide-meta-time updated'  itemprop=\"datePublished\" datetime=\"2026-02-25T20:20:12-03:00\" >25\/02\/2026<\/time><\/div><div class='slide-entry-excerpt entry-content'  itemprop=\"text\" >EDITAL\nEst\u00e3o abertas, a partir do dia 01\/03\/2026 a 08\/03\/2026\u2026<\/div><\/div><footer class=\"entry-footer\"><\/footer><span class='hidden'>\n\t\t\t\t<span class='av-structured-data'  itemprop=\"image\" itemscope=\"itemscope\" itemtype=\"https:\/\/schema.org\/ImageObject\" >\n\t\t\t\t\t\t<span itemprop='url'>https:\/\/www.odonto.ufmg.br\/cenex\/wp-content\/uploads\/sites\/2\/2019\/09\/cenex_oportunidade_site.png<\/span>\n\t\t\t\t\t\t<span itemprop='height'>469<\/span>\n\t\t\t\t\t\t<span itemprop='width'>937<\/span>\n\t\t\t\t<\/span>\n\t\t\t\t<span class='av-structured-data'  itemprop=\"publisher\" itemtype=\"https:\/\/schema.org\/Organization\" itemscope=\"itemscope\" >\n\t\t\t\t\t\t<span itemprop='name'>cenex<\/span>\n\t\t\t\t\t\t<span itemprop='logo' itemscope itemtype='https:\/\/schema.org\/ImageObject'>\n\t\t\t\t\t\t\t<span itemprop='url'>http:\/\/www.odonto.ufmg.br\/cenex\/wp-content\/uploads\/sites\/2\/2025\/08\/logo-cenex.svg<\/span>\n\t\t\t\t\t\t<\/span>\n\t\t\t\t<\/span><span class='av-structured-data'  itemprop=\"author\" itemscope=\"itemscope\" itemtype=\"https:\/\/schema.org\/Person\" ><span itemprop='name'>cenex<\/span><\/span><span class='av-structured-data'  itemprop=\"datePublished\" datetime=\"2025-04-04T10:05:51-03:00\" >2026-02-25 20:20:12<\/span><span class='av-structured-data'  itemprop=\"dateModified\" itemtype=\"https:\/\/schema.org\/dateModified\" >2026-03-12 11:58:50<\/span><span class='av-structured-data'  itemprop=\"mainEntityOfPage\" itemtype=\"https:\/\/schema.org\/mainEntityOfPage\" ><span itemprop='name'>Sele\u00e7\u00e3o de Bolsista e Volunt\u00e1rios para o Projeto de Extens\u00e3o &#8220;ATENDIMENTO DE SUPORTE ODONTOL\u00d3GICO AO PACIENTE COM C\u00c2NCER EM REGI\u00c3O DE CABE\u00c7A E PESCO\u00c7OS&#8221;.<\/span><\/span><\/span><\/article><\/div><div class=\"slide-entry-wrap\"><article class='slide-entry flex_column  post-entry post-entry-17801 slide-entry-overview slide-loop-36 slide-parity-odd  av_one_fifth first real-thumbnail posttype-post post-format-standard'  itemscope=\"itemscope\" itemtype=\"https:\/\/schema.org\/CreativeWork\" ><a href='https:\/\/www.odonto.ufmg.br\/cenex\/ata\/selecao-de-voluntarios-para-o-projeto-de-extensao-clareamento-dental-2\/' data-rel='slide-2' class='slide-image' title='Sele\u00e7\u00e3o de Volunt\u00e1rios para o Projeto de Extens\u00e3o &#8220;CLAREAMENTO DENTAL&#8221;.'><img decoding=\"async\" fetchpriority=\"high\" width=\"260\" height=\"185\" src=\"https:\/\/www.odonto.ufmg.br\/cenex\/wp-content\/uploads\/sites\/2\/2019\/09\/cenex_oportunidade_site-260x185.png\" class=\"wp-image-10032 avia-img-lazy-loading-not-10032 attachment-portfolio_small size-portfolio_small wp-post-image\" alt=\"\" \/><\/a><div class=\"slide-content\"><header class=\"entry-content-header\" aria-label=\"Slide: Sele\u00e7\u00e3o de Volunt\u00e1rios para o Projeto de Extens\u00e3o &quot;CLAREAMENTO DENTAL&quot;.\"><h3 class='slide-entry-title entry-title '  itemprop=\"headline\" ><a href='https:\/\/www.odonto.ufmg.br\/cenex\/ata\/selecao-de-voluntarios-para-o-projeto-de-extensao-clareamento-dental-2\/' title='Sele\u00e7\u00e3o de Volunt\u00e1rios para o Projeto de Extens\u00e3o &#8220;CLAREAMENTO DENTAL&#8221;.'>Sele\u00e7\u00e3o de Volunt\u00e1rios para o Projeto de Extens\u00e3o &#8220;CLAREAMENTO DENTAL&#8221;.<\/a><\/h3><span class=\"av-vertical-delimiter\"><\/span><\/header><div class=\"slide-meta\"><time class='slide-meta-time updated'  itemprop=\"datePublished\" datetime=\"2026-02-25T20:15:56-03:00\" >25\/02\/2026<\/time><\/div><div class='slide-entry-excerpt entry-content'  itemprop=\"text\" >EDITAL\nEst\u00e3o abertas, a partir do dia 10\/02\/2026 a 01\/03\/2026\u2026<\/div><\/div><footer class=\"entry-footer\"><\/footer><span class='hidden'>\n\t\t\t\t<span class='av-structured-data'  itemprop=\"image\" itemscope=\"itemscope\" itemtype=\"https:\/\/schema.org\/ImageObject\" >\n\t\t\t\t\t\t<span itemprop='url'>https:\/\/www.odonto.ufmg.br\/cenex\/wp-content\/uploads\/sites\/2\/2019\/09\/cenex_oportunidade_site.png<\/span>\n\t\t\t\t\t\t<span itemprop='height'>469<\/span>\n\t\t\t\t\t\t<span itemprop='width'>937<\/span>\n\t\t\t\t<\/span>\n\t\t\t\t<span class='av-structured-data'  itemprop=\"publisher\" itemtype=\"https:\/\/schema.org\/Organization\" itemscope=\"itemscope\" >\n\t\t\t\t\t\t<span itemprop='name'>cenex<\/span>\n\t\t\t\t\t\t<span itemprop='logo' itemscope itemtype='https:\/\/schema.org\/ImageObject'>\n\t\t\t\t\t\t\t<span itemprop='url'>http:\/\/www.odonto.ufmg.br\/cenex\/wp-content\/uploads\/sites\/2\/2025\/08\/logo-cenex.svg<\/span>\n\t\t\t\t\t\t<\/span>\n\t\t\t\t<\/span><span class='av-structured-data'  itemprop=\"author\" itemscope=\"itemscope\" itemtype=\"https:\/\/schema.org\/Person\" ><span itemprop='name'>cenex<\/span><\/span><span class='av-structured-data'  itemprop=\"datePublished\" datetime=\"2025-04-04T10:05:51-03:00\" >2026-02-25 20:15:56<\/span><span class='av-structured-data'  itemprop=\"dateModified\" itemtype=\"https:\/\/schema.org\/dateModified\" >2026-03-12 11:58:26<\/span><span class='av-structured-data'  itemprop=\"mainEntityOfPage\" itemtype=\"https:\/\/schema.org\/mainEntityOfPage\" ><span itemprop='name'>Sele\u00e7\u00e3o de Volunt\u00e1rios para o Projeto de Extens\u00e3o &#8220;CLAREAMENTO DENTAL&#8221;.<\/span><\/span><\/span><\/article><article class='slide-entry flex_column  post-entry post-entry-17798 slide-entry-overview slide-loop-37 slide-parity-even  av_one_fifth  real-thumbnail posttype-post post-format-standard'  itemscope=\"itemscope\" itemtype=\"https:\/\/schema.org\/CreativeWork\" ><a href='https:\/\/www.odonto.ufmg.br\/cenex\/ata\/selecao-de-bolsistas-para-o-projeto-de-extensao-programas-traumatismos-dentarios\/' data-rel='slide-2' class='slide-image' title='Sele\u00e7\u00e3o de Bolsistas para o Projeto de Extens\u00e3o &#8220;PROGRAMAS TRAUMATISMOS DENT\u00c1RIOS&#8221;.'><img decoding=\"async\" fetchpriority=\"high\" width=\"260\" height=\"185\" src=\"https:\/\/www.odonto.ufmg.br\/cenex\/wp-content\/uploads\/sites\/2\/2019\/09\/cenex_oportunidade_site-260x185.png\" class=\"wp-image-10032 avia-img-lazy-loading-not-10032 attachment-portfolio_small size-portfolio_small wp-post-image\" alt=\"\" \/><\/a><div class=\"slide-content\"><header class=\"entry-content-header\" aria-label=\"Slide: Sele\u00e7\u00e3o de Bolsistas para o Projeto de Extens\u00e3o &quot;PROGRAMAS TRAUMATISMOS DENT\u00c1RIOS&quot;.\"><h3 class='slide-entry-title entry-title '  itemprop=\"headline\" ><a href='https:\/\/www.odonto.ufmg.br\/cenex\/ata\/selecao-de-bolsistas-para-o-projeto-de-extensao-programas-traumatismos-dentarios\/' title='Sele\u00e7\u00e3o de Bolsistas para o Projeto de Extens\u00e3o &#8220;PROGRAMAS TRAUMATISMOS DENT\u00c1RIOS&#8221;.'>Sele\u00e7\u00e3o de Bolsistas para o Projeto de Extens\u00e3o &#8220;PROGRAMAS TRAUMATISMOS DENT\u00c1RIOS&#8221;.<\/a><\/h3><span class=\"av-vertical-delimiter\"><\/span><\/header><div class=\"slide-meta\"><time class='slide-meta-time updated'  itemprop=\"datePublished\" datetime=\"2026-02-25T20:07:02-03:00\" >25\/02\/2026<\/time><\/div><div class='slide-entry-excerpt entry-content'  itemprop=\"text\" >EDITAL\nEst\u00e3o abertas, a partir do dia 19\/02\/2026 a 26\/02\/2026\u2026<\/div><\/div><footer class=\"entry-footer\"><\/footer><span class='hidden'>\n\t\t\t\t<span class='av-structured-data'  itemprop=\"image\" itemscope=\"itemscope\" itemtype=\"https:\/\/schema.org\/ImageObject\" >\n\t\t\t\t\t\t<span itemprop='url'>https:\/\/www.odonto.ufmg.br\/cenex\/wp-content\/uploads\/sites\/2\/2019\/09\/cenex_oportunidade_site.png<\/span>\n\t\t\t\t\t\t<span itemprop='height'>469<\/span>\n\t\t\t\t\t\t<span itemprop='width'>937<\/span>\n\t\t\t\t<\/span>\n\t\t\t\t<span class='av-structured-data'  itemprop=\"publisher\" itemtype=\"https:\/\/schema.org\/Organization\" itemscope=\"itemscope\" >\n\t\t\t\t\t\t<span itemprop='name'>cenex<\/span>\n\t\t\t\t\t\t<span itemprop='logo' itemscope itemtype='https:\/\/schema.org\/ImageObject'>\n\t\t\t\t\t\t\t<span itemprop='url'>http:\/\/www.odonto.ufmg.br\/cenex\/wp-content\/uploads\/sites\/2\/2025\/08\/logo-cenex.svg<\/span>\n\t\t\t\t\t\t<\/span>\n\t\t\t\t<\/span><span class='av-structured-data'  itemprop=\"author\" itemscope=\"itemscope\" itemtype=\"https:\/\/schema.org\/Person\" ><span itemprop='name'>cenex<\/span><\/span><span class='av-structured-data'  itemprop=\"datePublished\" datetime=\"2025-04-04T10:05:51-03:00\" >2026-02-25 20:07:02<\/span><span class='av-structured-data'  itemprop=\"dateModified\" itemtype=\"https:\/\/schema.org\/dateModified\" >2026-03-04 10:28:23<\/span><span class='av-structured-data'  itemprop=\"mainEntityOfPage\" itemtype=\"https:\/\/schema.org\/mainEntityOfPage\" ><span itemprop='name'>Sele\u00e7\u00e3o de Bolsistas para o Projeto de Extens\u00e3o &#8220;PROGRAMAS TRAUMATISMOS DENT\u00c1RIOS&#8221;.<\/span><\/span><\/span><\/article><article class='slide-entry flex_column  post-entry post-entry-17790 slide-entry-overview slide-loop-38 slide-parity-odd  av_one_fifth  real-thumbnail posttype-post post-format-standard'  itemscope=\"itemscope\" itemtype=\"https:\/\/schema.org\/CreativeWork\" ><a href='https:\/\/www.odonto.ufmg.br\/cenex\/ata\/selecao-de-voluntarios-para-o-projeto-de-extensao-acolhimento-e-orientacao-ao-usuario-da-fao-ufmg-2\/' data-rel='slide-2' class='slide-image' title='Sele\u00e7\u00e3o de Volunt\u00e1rios para o Projeto de Extens\u00e3o &#8220;Acolhimento e Orienta\u00e7\u00e3o ao Usu\u00e1rio da FAO-UFMG&#8221;.'><img decoding=\"async\" fetchpriority=\"high\" width=\"260\" height=\"185\" src=\"https:\/\/www.odonto.ufmg.br\/cenex\/wp-content\/uploads\/sites\/2\/2019\/09\/cenex_oportunidade_site-260x185.png\" class=\"wp-image-10032 avia-img-lazy-loading-not-10032 attachment-portfolio_small size-portfolio_small wp-post-image\" alt=\"\" \/><\/a><div class=\"slide-content\"><header class=\"entry-content-header\" aria-label=\"Slide: Sele\u00e7\u00e3o de Volunt\u00e1rios para o Projeto de Extens\u00e3o &quot;Acolhimento e Orienta\u00e7\u00e3o ao Usu\u00e1rio da FAO-UFMG&quot;.\"><h3 class='slide-entry-title entry-title '  itemprop=\"headline\" ><a href='https:\/\/www.odonto.ufmg.br\/cenex\/ata\/selecao-de-voluntarios-para-o-projeto-de-extensao-acolhimento-e-orientacao-ao-usuario-da-fao-ufmg-2\/' title='Sele\u00e7\u00e3o de Volunt\u00e1rios para o Projeto de Extens\u00e3o &#8220;Acolhimento e Orienta\u00e7\u00e3o ao Usu\u00e1rio da FAO-UFMG&#8221;.'>Sele\u00e7\u00e3o de Volunt\u00e1rios para o Projeto de Extens\u00e3o &#8220;Acolhimento e Orienta\u00e7\u00e3o ao Usu\u00e1rio da FAO-UFMG&#8221;.<\/a><\/h3><span class=\"av-vertical-delimiter\"><\/span><\/header><div class=\"slide-meta\"><time class='slide-meta-time updated'  itemprop=\"datePublished\" datetime=\"2026-02-13T11:03:34-03:00\" >13\/02\/2026<\/time><\/div><div class='slide-entry-excerpt entry-content'  itemprop=\"text\" >EDITAL\nEst\u00e3o abertas, a partir do dia 09\/02\/2026 a 20\/02\/2026\u2026<\/div><\/div><footer class=\"entry-footer\"><\/footer><span class='hidden'>\n\t\t\t\t<span class='av-structured-data'  itemprop=\"image\" itemscope=\"itemscope\" itemtype=\"https:\/\/schema.org\/ImageObject\" >\n\t\t\t\t\t\t<span itemprop='url'>https:\/\/www.odonto.ufmg.br\/cenex\/wp-content\/uploads\/sites\/2\/2019\/09\/cenex_oportunidade_site.png<\/span>\n\t\t\t\t\t\t<span itemprop='height'>469<\/span>\n\t\t\t\t\t\t<span itemprop='width'>937<\/span>\n\t\t\t\t<\/span>\n\t\t\t\t<span class='av-structured-data'  itemprop=\"publisher\" itemtype=\"https:\/\/schema.org\/Organization\" itemscope=\"itemscope\" >\n\t\t\t\t\t\t<span itemprop='name'>cenex<\/span>\n\t\t\t\t\t\t<span itemprop='logo' itemscope itemtype='https:\/\/schema.org\/ImageObject'>\n\t\t\t\t\t\t\t<span itemprop='url'>http:\/\/www.odonto.ufmg.br\/cenex\/wp-content\/uploads\/sites\/2\/2025\/08\/logo-cenex.svg<\/span>\n\t\t\t\t\t\t<\/span>\n\t\t\t\t<\/span><span class='av-structured-data'  itemprop=\"author\" itemscope=\"itemscope\" itemtype=\"https:\/\/schema.org\/Person\" ><span itemprop='name'>cenex<\/span><\/span><span class='av-structured-data'  itemprop=\"datePublished\" datetime=\"2025-04-04T10:05:51-03:00\" >2026-02-13 11:03:34<\/span><span class='av-structured-data'  itemprop=\"dateModified\" itemtype=\"https:\/\/schema.org\/dateModified\" >2026-02-25 21:20:22<\/span><span class='av-structured-data'  itemprop=\"mainEntityOfPage\" itemtype=\"https:\/\/schema.org\/mainEntityOfPage\" ><span itemprop='name'>Sele\u00e7\u00e3o de Volunt\u00e1rios para o Projeto de Extens\u00e3o &#8220;Acolhimento e Orienta\u00e7\u00e3o ao Usu\u00e1rio da FAO-UFMG&#8221;.<\/span><\/span><\/span><\/article><article class='slide-entry flex_column  post-entry post-entry-17788 slide-entry-overview slide-loop-39 slide-parity-even  av_one_fifth  real-thumbnail posttype-post post-format-standard'  itemscope=\"itemscope\" itemtype=\"https:\/\/schema.org\/CreativeWork\" ><a href='https:\/\/www.odonto.ufmg.br\/cenex\/ata\/selecao-de-voluntarios-para-o-projeto-de-extensao-saude-bucal-no-sus-2\/' data-rel='slide-2' class='slide-image' title='Sele\u00e7\u00e3o de Volunt\u00e1rios para o Projeto de Extens\u00e3o &#8220;Sa\u00fade Bucal no SUS&#8221;'><img decoding=\"async\" fetchpriority=\"high\" width=\"260\" height=\"185\" src=\"https:\/\/www.odonto.ufmg.br\/cenex\/wp-content\/uploads\/sites\/2\/2019\/09\/cenex_oportunidade_site-260x185.png\" class=\"wp-image-10032 avia-img-lazy-loading-not-10032 attachment-portfolio_small size-portfolio_small wp-post-image\" alt=\"\" \/><\/a><div class=\"slide-content\"><header class=\"entry-content-header\" aria-label=\"Slide: Sele\u00e7\u00e3o de Volunt\u00e1rios para o Projeto de Extens\u00e3o &quot;Sa\u00fade Bucal no SUS&quot;\"><h3 class='slide-entry-title entry-title '  itemprop=\"headline\" ><a href='https:\/\/www.odonto.ufmg.br\/cenex\/ata\/selecao-de-voluntarios-para-o-projeto-de-extensao-saude-bucal-no-sus-2\/' title='Sele\u00e7\u00e3o de Volunt\u00e1rios para o Projeto de Extens\u00e3o &#8220;Sa\u00fade Bucal no SUS&#8221;'>Sele\u00e7\u00e3o de Volunt\u00e1rios para o Projeto de Extens\u00e3o &#8220;Sa\u00fade Bucal no SUS&#8221;<\/a><\/h3><span class=\"av-vertical-delimiter\"><\/span><\/header><div class=\"slide-meta\"><time class='slide-meta-time updated'  itemprop=\"datePublished\" datetime=\"2026-02-13T11:00:58-03:00\" >13\/02\/2026<\/time><\/div><div class='slide-entry-excerpt entry-content'  itemprop=\"text\" >EDITAL\nEst\u00e3o abertas, a partir do dia 10\/02\/2026 a 20\/02\/2026\u2026<\/div><\/div><footer class=\"entry-footer\"><\/footer><span class='hidden'>\n\t\t\t\t<span class='av-structured-data'  itemprop=\"image\" itemscope=\"itemscope\" itemtype=\"https:\/\/schema.org\/ImageObject\" >\n\t\t\t\t\t\t<span itemprop='url'>https:\/\/www.odonto.ufmg.br\/cenex\/wp-content\/uploads\/sites\/2\/2019\/09\/cenex_oportunidade_site.png<\/span>\n\t\t\t\t\t\t<span itemprop='height'>469<\/span>\n\t\t\t\t\t\t<span itemprop='width'>937<\/span>\n\t\t\t\t<\/span>\n\t\t\t\t<span class='av-structured-data'  itemprop=\"publisher\" itemtype=\"https:\/\/schema.org\/Organization\" itemscope=\"itemscope\" >\n\t\t\t\t\t\t<span itemprop='name'>cenex<\/span>\n\t\t\t\t\t\t<span itemprop='logo' itemscope itemtype='https:\/\/schema.org\/ImageObject'>\n\t\t\t\t\t\t\t<span itemprop='url'>http:\/\/www.odonto.ufmg.br\/cenex\/wp-content\/uploads\/sites\/2\/2025\/08\/logo-cenex.svg<\/span>\n\t\t\t\t\t\t<\/span>\n\t\t\t\t<\/span><span class='av-structured-data'  itemprop=\"author\" itemscope=\"itemscope\" itemtype=\"https:\/\/schema.org\/Person\" ><span itemprop='name'>cenex<\/span><\/span><span class='av-structured-data'  itemprop=\"datePublished\" datetime=\"2025-04-04T10:05:51-03:00\" >2026-02-13 11:00:58<\/span><span class='av-structured-data'  itemprop=\"dateModified\" itemtype=\"https:\/\/schema.org\/dateModified\" >2026-03-12 11:58:21<\/span><span class='av-structured-data'  itemprop=\"mainEntityOfPage\" itemtype=\"https:\/\/schema.org\/mainEntityOfPage\" ><span itemprop='name'>Sele\u00e7\u00e3o de Volunt\u00e1rios para o Projeto de Extens\u00e3o &#8220;Sa\u00fade Bucal no SUS&#8221;<\/span><\/span><\/span><\/article><article class='slide-entry flex_column  post-entry post-entry-17786 slide-entry-overview slide-loop-40 slide-parity-odd  av_one_fifth  real-thumbnail posttype-post post-format-standard'  itemscope=\"itemscope\" itemtype=\"https:\/\/schema.org\/CreativeWork\" ><a href='https:\/\/www.odonto.ufmg.br\/cenex\/ata\/selecao-de-voluntarios-para-o-projeto-de-extensao-ubuntu-odonto-2\/' data-rel='slide-2' class='slide-image' title='Sele\u00e7\u00e3o de Volunt\u00e1rios para o Projeto de Extens\u00e3o &#8220;UBUNTU &#8211; ODONTO&#8221;'><img decoding=\"async\" fetchpriority=\"high\" width=\"260\" height=\"185\" src=\"https:\/\/www.odonto.ufmg.br\/cenex\/wp-content\/uploads\/sites\/2\/2019\/09\/cenex_oportunidade_site-260x185.png\" class=\"wp-image-10032 avia-img-lazy-loading-not-10032 attachment-portfolio_small size-portfolio_small wp-post-image\" alt=\"\" \/><\/a><div class=\"slide-content\"><header class=\"entry-content-header\" aria-label=\"Slide: Sele\u00e7\u00e3o de Volunt\u00e1rios para o Projeto de Extens\u00e3o &quot;UBUNTU - ODONTO&quot;\"><h3 class='slide-entry-title entry-title '  itemprop=\"headline\" ><a href='https:\/\/www.odonto.ufmg.br\/cenex\/ata\/selecao-de-voluntarios-para-o-projeto-de-extensao-ubuntu-odonto-2\/' title='Sele\u00e7\u00e3o de Volunt\u00e1rios para o Projeto de Extens\u00e3o &#8220;UBUNTU &#8211; ODONTO&#8221;'>Sele\u00e7\u00e3o de Volunt\u00e1rios para o Projeto de Extens\u00e3o &#8220;UBUNTU &#8211; ODONTO&#8221;<\/a><\/h3><span class=\"av-vertical-delimiter\"><\/span><\/header><div class=\"slide-meta\"><time class='slide-meta-time updated'  itemprop=\"datePublished\" datetime=\"2026-02-13T10:58:10-03:00\" >13\/02\/2026<\/time><\/div><div class='slide-entry-excerpt entry-content'  itemprop=\"text\" >EDITAL\nEst\u00e3o abertas, a partir do dia 11\/02\/2026 a 09\/03\/2026\u2026<\/div><\/div><footer class=\"entry-footer\"><\/footer><span class='hidden'>\n\t\t\t\t<span class='av-structured-data'  itemprop=\"image\" itemscope=\"itemscope\" itemtype=\"https:\/\/schema.org\/ImageObject\" >\n\t\t\t\t\t\t<span itemprop='url'>https:\/\/www.odonto.ufmg.br\/cenex\/wp-content\/uploads\/sites\/2\/2019\/09\/cenex_oportunidade_site.png<\/span>\n\t\t\t\t\t\t<span itemprop='height'>469<\/span>\n\t\t\t\t\t\t<span itemprop='width'>937<\/span>\n\t\t\t\t<\/span>\n\t\t\t\t<span class='av-structured-data'  itemprop=\"publisher\" itemtype=\"https:\/\/schema.org\/Organization\" itemscope=\"itemscope\" >\n\t\t\t\t\t\t<span itemprop='name'>cenex<\/span>\n\t\t\t\t\t\t<span itemprop='logo' itemscope itemtype='https:\/\/schema.org\/ImageObject'>\n\t\t\t\t\t\t\t<span itemprop='url'>http:\/\/www.odonto.ufmg.br\/cenex\/wp-content\/uploads\/sites\/2\/2025\/08\/logo-cenex.svg<\/span>\n\t\t\t\t\t\t<\/span>\n\t\t\t\t<\/span><span class='av-structured-data'  itemprop=\"author\" itemscope=\"itemscope\" itemtype=\"https:\/\/schema.org\/Person\" ><span itemprop='name'>cenex<\/span><\/span><span class='av-structured-data'  itemprop=\"datePublished\" datetime=\"2025-04-04T10:05:51-03:00\" >2026-02-13 10:58:10<\/span><span class='av-structured-data'  itemprop=\"dateModified\" itemtype=\"https:\/\/schema.org\/dateModified\" >2026-03-25 14:42:58<\/span><span class='av-structured-data'  itemprop=\"mainEntityOfPage\" itemtype=\"https:\/\/schema.org\/mainEntityOfPage\" ><span itemprop='name'>Sele\u00e7\u00e3o de Volunt\u00e1rios para o Projeto de Extens\u00e3o &#8220;UBUNTU &#8211; ODONTO&#8221;<\/span><\/span><\/span><\/article><\/div><div class=\"slide-entry-wrap\"><article class='slide-entry flex_column  post-entry post-entry-17784 slide-entry-overview slide-loop-41 slide-parity-odd  av_one_fifth first real-thumbnail posttype-post post-format-standard'  itemscope=\"itemscope\" itemtype=\"https:\/\/schema.org\/CreativeWork\" ><a href='https:\/\/www.odonto.ufmg.br\/cenex\/ata\/selecao-de-bolsistas-para-o-projeto-de-extensao-promocao-de-saude-bucal\/' data-rel='slide-2' class='slide-image' title='Sele\u00e7\u00e3o de Bolsistas para o Projeto de Extens\u00e3o &#8220;PROMO\u00c7\u00c3O DE SA\u00daDE BUCAL&#8221;'><img decoding=\"async\" fetchpriority=\"high\" width=\"260\" height=\"185\" src=\"https:\/\/www.odonto.ufmg.br\/cenex\/wp-content\/uploads\/sites\/2\/2019\/09\/cenex_oportunidade_site-260x185.png\" class=\"wp-image-10032 avia-img-lazy-loading-not-10032 attachment-portfolio_small size-portfolio_small wp-post-image\" alt=\"\" \/><\/a><div class=\"slide-content\"><header class=\"entry-content-header\" aria-label=\"Slide: Sele\u00e7\u00e3o de Bolsistas para o Projeto de Extens\u00e3o &quot;PROMO\u00c7\u00c3O DE SA\u00daDE BUCAL&quot;\"><h3 class='slide-entry-title entry-title '  itemprop=\"headline\" ><a href='https:\/\/www.odonto.ufmg.br\/cenex\/ata\/selecao-de-bolsistas-para-o-projeto-de-extensao-promocao-de-saude-bucal\/' title='Sele\u00e7\u00e3o de Bolsistas para o Projeto de Extens\u00e3o &#8220;PROMO\u00c7\u00c3O DE SA\u00daDE BUCAL&#8221;'>Sele\u00e7\u00e3o de Bolsistas para o Projeto de Extens\u00e3o &#8220;PROMO\u00c7\u00c3O DE SA\u00daDE BUCAL&#8221;<\/a><\/h3><span class=\"av-vertical-delimiter\"><\/span><\/header><div class=\"slide-meta\"><time class='slide-meta-time updated'  itemprop=\"datePublished\" datetime=\"2026-02-13T10:54:02-03:00\" >13\/02\/2026<\/time><\/div><div class='slide-entry-excerpt entry-content'  itemprop=\"text\" >EDITAL\nEst\u00e3o abertas, a partir do dia 18\/02\/2026 at\u00e9\u00a0 01\/03\/2026\u2026<\/div><\/div><footer class=\"entry-footer\"><\/footer><span class='hidden'>\n\t\t\t\t<span class='av-structured-data'  itemprop=\"image\" itemscope=\"itemscope\" itemtype=\"https:\/\/schema.org\/ImageObject\" >\n\t\t\t\t\t\t<span itemprop='url'>https:\/\/www.odonto.ufmg.br\/cenex\/wp-content\/uploads\/sites\/2\/2019\/09\/cenex_oportunidade_site.png<\/span>\n\t\t\t\t\t\t<span itemprop='height'>469<\/span>\n\t\t\t\t\t\t<span itemprop='width'>937<\/span>\n\t\t\t\t<\/span>\n\t\t\t\t<span class='av-structured-data'  itemprop=\"publisher\" itemtype=\"https:\/\/schema.org\/Organization\" itemscope=\"itemscope\" >\n\t\t\t\t\t\t<span itemprop='name'>cenex<\/span>\n\t\t\t\t\t\t<span itemprop='logo' itemscope itemtype='https:\/\/schema.org\/ImageObject'>\n\t\t\t\t\t\t\t<span itemprop='url'>http:\/\/www.odonto.ufmg.br\/cenex\/wp-content\/uploads\/sites\/2\/2025\/08\/logo-cenex.svg<\/span>\n\t\t\t\t\t\t<\/span>\n\t\t\t\t<\/span><span class='av-structured-data'  itemprop=\"author\" itemscope=\"itemscope\" itemtype=\"https:\/\/schema.org\/Person\" ><span itemprop='name'>cenex<\/span><\/span><span class='av-structured-data'  itemprop=\"datePublished\" datetime=\"2025-04-04T10:05:51-03:00\" >2026-02-13 10:54:02<\/span><span class='av-structured-data'  itemprop=\"dateModified\" itemtype=\"https:\/\/schema.org\/dateModified\" >2026-03-04 10:31:40<\/span><span class='av-structured-data'  itemprop=\"mainEntityOfPage\" itemtype=\"https:\/\/schema.org\/mainEntityOfPage\" ><span itemprop='name'>Sele\u00e7\u00e3o de Bolsistas para o Projeto de Extens\u00e3o &#8220;PROMO\u00c7\u00c3O DE SA\u00daDE BUCAL&#8221;<\/span><\/span><\/span><\/article><article class='slide-entry flex_column  post-entry post-entry-17781 slide-entry-overview slide-loop-42 slide-parity-even  av_one_fifth  real-thumbnail posttype-post post-format-standard'  itemscope=\"itemscope\" itemtype=\"https:\/\/schema.org\/CreativeWork\" ><a href='https:\/\/www.odonto.ufmg.br\/cenex\/ata\/selecao-de-voluntarios-e-bolsista-para-o-projeto-de-extensao-atencao-a-saude-de-idosos-em-situacao-de-vulnerabilidade-clinico-funcional\/' data-rel='slide-2' class='slide-image' title='Sele\u00e7\u00e3o de Volunt\u00e1rios e Bolsistas para o Projeto de Extens\u00e3o &#8220;Aten\u00e7\u00e3o \u00e0 sa\u00fade de idosos em situa\u00e7\u00e3o de vulnerabilidade cl\u00ednico-funcional&#8221;'><img decoding=\"async\" fetchpriority=\"high\" width=\"260\" height=\"185\" src=\"https:\/\/www.odonto.ufmg.br\/cenex\/wp-content\/uploads\/sites\/2\/2019\/09\/cenex_oportunidade_site-260x185.png\" class=\"wp-image-10032 avia-img-lazy-loading-not-10032 attachment-portfolio_small size-portfolio_small wp-post-image\" alt=\"\" \/><\/a><div class=\"slide-content\"><header class=\"entry-content-header\" aria-label=\"Slide: Sele\u00e7\u00e3o de Volunt\u00e1rios e Bolsistas para o Projeto de Extens\u00e3o &quot;Aten\u00e7\u00e3o \u00e0 sa\u00fade de idosos em situa\u00e7\u00e3o de vulnerabilidade cl\u00ednico-funcional&quot;\"><h3 class='slide-entry-title entry-title '  itemprop=\"headline\" ><a href='https:\/\/www.odonto.ufmg.br\/cenex\/ata\/selecao-de-voluntarios-e-bolsista-para-o-projeto-de-extensao-atencao-a-saude-de-idosos-em-situacao-de-vulnerabilidade-clinico-funcional\/' title='Sele\u00e7\u00e3o de Volunt\u00e1rios e Bolsistas para o Projeto de Extens\u00e3o &#8220;Aten\u00e7\u00e3o \u00e0 sa\u00fade de idosos em situa\u00e7\u00e3o de vulnerabilidade cl\u00ednico-funcional&#8221;'>Sele\u00e7\u00e3o de Volunt\u00e1rios e Bolsistas para o Projeto de Extens\u00e3o &#8220;Aten\u00e7\u00e3o \u00e0 sa\u00fade de idosos em situa\u00e7\u00e3o de vulnerabilidade cl\u00ednico-funcional&#8221;<\/a><\/h3><span class=\"av-vertical-delimiter\"><\/span><\/header><div class=\"slide-meta\"><time class='slide-meta-time updated'  itemprop=\"datePublished\" datetime=\"2026-02-13T10:50:19-03:00\" >13\/02\/2026<\/time><\/div><div class='slide-entry-excerpt entry-content'  itemprop=\"text\" >EDITAL\nEst\u00e3o abertas, a partir do dia 16\/02\/2026 a 24\/02\/2026\u2026<\/div><\/div><footer class=\"entry-footer\"><\/footer><span class='hidden'>\n\t\t\t\t<span class='av-structured-data'  itemprop=\"image\" itemscope=\"itemscope\" itemtype=\"https:\/\/schema.org\/ImageObject\" >\n\t\t\t\t\t\t<span itemprop='url'>https:\/\/www.odonto.ufmg.br\/cenex\/wp-content\/uploads\/sites\/2\/2019\/09\/cenex_oportunidade_site.png<\/span>\n\t\t\t\t\t\t<span itemprop='height'>469<\/span>\n\t\t\t\t\t\t<span itemprop='width'>937<\/span>\n\t\t\t\t<\/span>\n\t\t\t\t<span class='av-structured-data'  itemprop=\"publisher\" itemtype=\"https:\/\/schema.org\/Organization\" itemscope=\"itemscope\" >\n\t\t\t\t\t\t<span itemprop='name'>cenex<\/span>\n\t\t\t\t\t\t<span itemprop='logo' itemscope itemtype='https:\/\/schema.org\/ImageObject'>\n\t\t\t\t\t\t\t<span itemprop='url'>http:\/\/www.odonto.ufmg.br\/cenex\/wp-content\/uploads\/sites\/2\/2025\/08\/logo-cenex.svg<\/span>\n\t\t\t\t\t\t<\/span>\n\t\t\t\t<\/span><span class='av-structured-data'  itemprop=\"author\" itemscope=\"itemscope\" itemtype=\"https:\/\/schema.org\/Person\" ><span itemprop='name'>cenex<\/span><\/span><span class='av-structured-data'  itemprop=\"datePublished\" datetime=\"2025-04-04T10:05:51-03:00\" >2026-02-13 10:50:19<\/span><span class='av-structured-data'  itemprop=\"dateModified\" itemtype=\"https:\/\/schema.org\/dateModified\" >2026-03-04 10:32:06<\/span><span class='av-structured-data'  itemprop=\"mainEntityOfPage\" itemtype=\"https:\/\/schema.org\/mainEntityOfPage\" ><span itemprop='name'>Sele\u00e7\u00e3o de Volunt\u00e1rios e Bolsistas para o Projeto de Extens\u00e3o &#8220;Aten\u00e7\u00e3o \u00e0 sa\u00fade de idosos em situa\u00e7\u00e3o de vulnerabilidade cl\u00ednico-funcional&#8221;<\/span><\/span><\/span><\/article><article class='slide-entry flex_column  post-entry post-entry-17769 slide-entry-overview slide-loop-43 slide-parity-odd  av_one_fifth  real-thumbnail posttype-post post-format-standard'  itemscope=\"itemscope\" itemtype=\"https:\/\/schema.org\/CreativeWork\" ><a href='https:\/\/www.odonto.ufmg.br\/cenex\/ata\/selecao-de-voluntarios-e-bolsista-para-o-projeto-de-extensao-projeto-de-extensao-terapia-periodontal-de-suporte\/' data-rel='slide-2' class='slide-image' title='Sele\u00e7\u00e3o de Volunt\u00e1rios e Bolsista para o Projeto de Extens\u00e3o &#8220;Projeto  de Extens\u00e3o Terapia Periodontal de Suporte&#8221;'><img decoding=\"async\" fetchpriority=\"high\" width=\"260\" height=\"185\" src=\"https:\/\/www.odonto.ufmg.br\/cenex\/wp-content\/uploads\/sites\/2\/2019\/09\/cenex_oportunidade_site-260x185.png\" class=\"wp-image-10032 avia-img-lazy-loading-not-10032 attachment-portfolio_small size-portfolio_small wp-post-image\" alt=\"\" \/><\/a><div class=\"slide-content\"><header class=\"entry-content-header\" aria-label=\"Slide: Sele\u00e7\u00e3o de Volunt\u00e1rios e Bolsista para o Projeto de Extens\u00e3o &quot;Projeto  de Extens\u00e3o Terapia Periodontal de Suporte&quot;\"><h3 class='slide-entry-title entry-title '  itemprop=\"headline\" ><a href='https:\/\/www.odonto.ufmg.br\/cenex\/ata\/selecao-de-voluntarios-e-bolsista-para-o-projeto-de-extensao-projeto-de-extensao-terapia-periodontal-de-suporte\/' title='Sele\u00e7\u00e3o de Volunt\u00e1rios e Bolsista para o Projeto de Extens\u00e3o &#8220;Projeto  de Extens\u00e3o Terapia Periodontal de Suporte&#8221;'>Sele\u00e7\u00e3o de Volunt\u00e1rios e Bolsista para o Projeto de Extens\u00e3o &#8220;Projeto  de Extens\u00e3o Terapia Periodontal de Suporte&#8221;<\/a><\/h3><span class=\"av-vertical-delimiter\"><\/span><\/header><div class=\"slide-meta\"><time class='slide-meta-time updated'  itemprop=\"datePublished\" datetime=\"2026-02-05T15:43:26-03:00\" >05\/02\/2026<\/time><\/div><div class='slide-entry-excerpt entry-content'  itemprop=\"text\" >EDITAL\nEst\u00e3o abertas, a partir do dia 04\/02\/2026 a 11\/02\/2026\u2026<\/div><\/div><footer class=\"entry-footer\"><\/footer><span class='hidden'>\n\t\t\t\t<span class='av-structured-data'  itemprop=\"image\" itemscope=\"itemscope\" itemtype=\"https:\/\/schema.org\/ImageObject\" >\n\t\t\t\t\t\t<span itemprop='url'>https:\/\/www.odonto.ufmg.br\/cenex\/wp-content\/uploads\/sites\/2\/2019\/09\/cenex_oportunidade_site.png<\/span>\n\t\t\t\t\t\t<span itemprop='height'>469<\/span>\n\t\t\t\t\t\t<span itemprop='width'>937<\/span>\n\t\t\t\t<\/span>\n\t\t\t\t<span class='av-structured-data'  itemprop=\"publisher\" itemtype=\"https:\/\/schema.org\/Organization\" itemscope=\"itemscope\" >\n\t\t\t\t\t\t<span itemprop='name'>cenex<\/span>\n\t\t\t\t\t\t<span itemprop='logo' itemscope itemtype='https:\/\/schema.org\/ImageObject'>\n\t\t\t\t\t\t\t<span itemprop='url'>http:\/\/www.odonto.ufmg.br\/cenex\/wp-content\/uploads\/sites\/2\/2025\/08\/logo-cenex.svg<\/span>\n\t\t\t\t\t\t<\/span>\n\t\t\t\t<\/span><span class='av-structured-data'  itemprop=\"author\" itemscope=\"itemscope\" itemtype=\"https:\/\/schema.org\/Person\" ><span itemprop='name'>cenex<\/span><\/span><span class='av-structured-data'  itemprop=\"datePublished\" datetime=\"2025-04-04T10:05:51-03:00\" >2026-02-05 15:43:26<\/span><span class='av-structured-data'  itemprop=\"dateModified\" itemtype=\"https:\/\/schema.org\/dateModified\" >2026-02-13 11:04:33<\/span><span class='av-structured-data'  itemprop=\"mainEntityOfPage\" itemtype=\"https:\/\/schema.org\/mainEntityOfPage\" ><span itemprop='name'>Sele\u00e7\u00e3o de Volunt\u00e1rios e Bolsista para o Projeto de Extens\u00e3o &#8220;Projeto  de Extens\u00e3o Terapia Periodontal de Suporte&#8221;<\/span><\/span><\/span><\/article><article class='slide-entry flex_column  post-entry post-entry-17767 slide-entry-overview slide-loop-44 slide-parity-even  av_one_fifth  real-thumbnail posttype-post post-format-standard'  itemscope=\"itemscope\" itemtype=\"https:\/\/schema.org\/CreativeWork\" ><a href='https:\/\/www.odonto.ufmg.br\/cenex\/ata\/selecao-de-voluntarios-e-bolsista-para-o-projeto-de-extensao-atencao-odontologica-a-criancas-e-adolescentes-com-disturbios-do-sono\/' data-rel='slide-2' class='slide-image' title='Sele\u00e7\u00e3o de Volunt\u00e1rios para o Projeto de Extens\u00e3o &#8220;ATEN\u00c7\u00c3O ODONTOL\u00d3GICA A CRIAN\u00c7AS E ADOLESCENTES COM DIST\u00daRBIOS DO SONO&#8221;'><img decoding=\"async\" fetchpriority=\"high\" width=\"260\" height=\"185\" src=\"https:\/\/www.odonto.ufmg.br\/cenex\/wp-content\/uploads\/sites\/2\/2019\/09\/cenex_oportunidade_site-260x185.png\" class=\"wp-image-10032 avia-img-lazy-loading-not-10032 attachment-portfolio_small size-portfolio_small wp-post-image\" alt=\"\" \/><\/a><div class=\"slide-content\"><header class=\"entry-content-header\" aria-label=\"Slide: Sele\u00e7\u00e3o de Volunt\u00e1rios para o Projeto de Extens\u00e3o &quot;ATEN\u00c7\u00c3O ODONTOL\u00d3GICA A CRIAN\u00c7AS E ADOLESCENTES COM DIST\u00daRBIOS DO SONO&quot;\"><h3 class='slide-entry-title entry-title '  itemprop=\"headline\" ><a href='https:\/\/www.odonto.ufmg.br\/cenex\/ata\/selecao-de-voluntarios-e-bolsista-para-o-projeto-de-extensao-atencao-odontologica-a-criancas-e-adolescentes-com-disturbios-do-sono\/' title='Sele\u00e7\u00e3o de Volunt\u00e1rios para o Projeto de Extens\u00e3o &#8220;ATEN\u00c7\u00c3O ODONTOL\u00d3GICA A CRIAN\u00c7AS E ADOLESCENTES COM DIST\u00daRBIOS DO SONO&#8221;'>Sele\u00e7\u00e3o de Volunt\u00e1rios para o Projeto de Extens\u00e3o &#8220;ATEN\u00c7\u00c3O ODONTOL\u00d3GICA A CRIAN\u00c7AS E ADOLESCENTES COM DIST\u00daRBIOS DO SONO&#8221;<\/a><\/h3><span class=\"av-vertical-delimiter\"><\/span><\/header><div class=\"slide-meta\"><time class='slide-meta-time updated'  itemprop=\"datePublished\" datetime=\"2026-02-05T15:40:27-03:00\" >05\/02\/2026<\/time><\/div><div class='slide-entry-excerpt entry-content'  itemprop=\"text\" >EDITAL\nEst\u00e3o abertas, a partir do dia 06\/02\/2026 a 26\/02\/2026\u2026<\/div><\/div><footer class=\"entry-footer\"><\/footer><span class='hidden'>\n\t\t\t\t<span class='av-structured-data'  itemprop=\"image\" itemscope=\"itemscope\" itemtype=\"https:\/\/schema.org\/ImageObject\" >\n\t\t\t\t\t\t<span itemprop='url'>https:\/\/www.odonto.ufmg.br\/cenex\/wp-content\/uploads\/sites\/2\/2019\/09\/cenex_oportunidade_site.png<\/span>\n\t\t\t\t\t\t<span itemprop='height'>469<\/span>\n\t\t\t\t\t\t<span itemprop='width'>937<\/span>\n\t\t\t\t<\/span>\n\t\t\t\t<span class='av-structured-data'  itemprop=\"publisher\" itemtype=\"https:\/\/schema.org\/Organization\" itemscope=\"itemscope\" >\n\t\t\t\t\t\t<span itemprop='name'>cenex<\/span>\n\t\t\t\t\t\t<span itemprop='logo' itemscope itemtype='https:\/\/schema.org\/ImageObject'>\n\t\t\t\t\t\t\t<span itemprop='url'>http:\/\/www.odonto.ufmg.br\/cenex\/wp-content\/uploads\/sites\/2\/2025\/08\/logo-cenex.svg<\/span>\n\t\t\t\t\t\t<\/span>\n\t\t\t\t<\/span><span class='av-structured-data'  itemprop=\"author\" itemscope=\"itemscope\" itemtype=\"https:\/\/schema.org\/Person\" ><span itemprop='name'>cenex<\/span><\/span><span class='av-structured-data'  itemprop=\"datePublished\" datetime=\"2025-04-04T10:05:51-03:00\" >2026-02-05 15:40:27<\/span><span class='av-structured-data'  itemprop=\"dateModified\" itemtype=\"https:\/\/schema.org\/dateModified\" >2026-03-12 11:58:14<\/span><span class='av-structured-data'  itemprop=\"mainEntityOfPage\" itemtype=\"https:\/\/schema.org\/mainEntityOfPage\" ><span itemprop='name'>Sele\u00e7\u00e3o de Volunt\u00e1rios para o Projeto de Extens\u00e3o &#8220;ATEN\u00c7\u00c3O ODONTOL\u00d3GICA A CRIAN\u00c7AS E ADOLESCENTES COM DIST\u00daRBIOS DO SONO&#8221;<\/span><\/span><\/span><\/article><article class='slide-entry flex_column  post-entry post-entry-17757 slide-entry-overview slide-loop-45 slide-parity-odd  av_one_fifth  real-thumbnail posttype-post post-format-standard'  itemscope=\"itemscope\" itemtype=\"https:\/\/schema.org\/CreativeWork\" ><a href='https:\/\/www.odonto.ufmg.br\/cenex\/ata\/selecao-de-voluntarios-e-bolsista-para-o-projeto-de-extensao-atendimento-ortodontico-para-individuos-com-fissuras-labiopalatinas\/' data-rel='slide-2' class='slide-image' title='Sele\u00e7\u00e3o de Volunt\u00e1rios e Bolsista para o Projeto de Extens\u00e3o &#8220;Atendimento Ortod\u00f4ntico para Indiv\u00edduos com Fissuras Labiopalatinas&#8221;'><img decoding=\"async\" fetchpriority=\"high\" width=\"260\" height=\"185\" src=\"https:\/\/www.odonto.ufmg.br\/cenex\/wp-content\/uploads\/sites\/2\/2019\/09\/cenex_oportunidade_site-260x185.png\" class=\"wp-image-10032 avia-img-lazy-loading-not-10032 attachment-portfolio_small size-portfolio_small wp-post-image\" alt=\"\" \/><\/a><div class=\"slide-content\"><header class=\"entry-content-header\" aria-label=\"Slide: Sele\u00e7\u00e3o de Volunt\u00e1rios e Bolsista para o Projeto de Extens\u00e3o &quot;Atendimento Ortod\u00f4ntico para Indiv\u00edduos com Fissuras Labiopalatinas&quot;\"><h3 class='slide-entry-title entry-title '  itemprop=\"headline\" ><a href='https:\/\/www.odonto.ufmg.br\/cenex\/ata\/selecao-de-voluntarios-e-bolsista-para-o-projeto-de-extensao-atendimento-ortodontico-para-individuos-com-fissuras-labiopalatinas\/' title='Sele\u00e7\u00e3o de Volunt\u00e1rios e Bolsista para o Projeto de Extens\u00e3o &#8220;Atendimento Ortod\u00f4ntico para Indiv\u00edduos com Fissuras Labiopalatinas&#8221;'>Sele\u00e7\u00e3o de Volunt\u00e1rios e Bolsista para o Projeto de Extens\u00e3o &#8220;Atendimento Ortod\u00f4ntico para Indiv\u00edduos com Fissuras Labiopalatinas&#8221;<\/a><\/h3><span class=\"av-vertical-delimiter\"><\/span><\/header><div class=\"slide-meta\"><time class='slide-meta-time updated'  itemprop=\"datePublished\" datetime=\"2026-02-03T13:37:41-03:00\" >03\/02\/2026<\/time><\/div><div class='slide-entry-excerpt entry-content'  itemprop=\"text\" >EDITAL\nEst\u00e3o abertas, a partir do dia 04\/02\/2026 a 28\/02\/2026\u2026<\/div><\/div><footer class=\"entry-footer\"><\/footer><span class='hidden'>\n\t\t\t\t<span class='av-structured-data'  itemprop=\"image\" itemscope=\"itemscope\" itemtype=\"https:\/\/schema.org\/ImageObject\" >\n\t\t\t\t\t\t<span itemprop='url'>https:\/\/www.odonto.ufmg.br\/cenex\/wp-content\/uploads\/sites\/2\/2019\/09\/cenex_oportunidade_site.png<\/span>\n\t\t\t\t\t\t<span itemprop='height'>469<\/span>\n\t\t\t\t\t\t<span itemprop='width'>937<\/span>\n\t\t\t\t<\/span>\n\t\t\t\t<span class='av-structured-data'  itemprop=\"publisher\" itemtype=\"https:\/\/schema.org\/Organization\" itemscope=\"itemscope\" >\n\t\t\t\t\t\t<span itemprop='name'>cenex<\/span>\n\t\t\t\t\t\t<span itemprop='logo' itemscope itemtype='https:\/\/schema.org\/ImageObject'>\n\t\t\t\t\t\t\t<span itemprop='url'>http:\/\/www.odonto.ufmg.br\/cenex\/wp-content\/uploads\/sites\/2\/2025\/08\/logo-cenex.svg<\/span>\n\t\t\t\t\t\t<\/span>\n\t\t\t\t<\/span><span class='av-structured-data'  itemprop=\"author\" itemscope=\"itemscope\" itemtype=\"https:\/\/schema.org\/Person\" ><span itemprop='name'>cenex<\/span><\/span><span class='av-structured-data'  itemprop=\"datePublished\" datetime=\"2025-04-04T10:05:51-03:00\" >2026-02-03 13:37:41<\/span><span class='av-structured-data'  itemprop=\"dateModified\" itemtype=\"https:\/\/schema.org\/dateModified\" >2026-03-12 11:58:08<\/span><span class='av-structured-data'  itemprop=\"mainEntityOfPage\" itemtype=\"https:\/\/schema.org\/mainEntityOfPage\" ><span itemprop='name'>Sele\u00e7\u00e3o de Volunt\u00e1rios e Bolsista para o Projeto de Extens\u00e3o &#8220;Atendimento Ortod\u00f4ntico para Indiv\u00edduos com Fissuras Labiopalatinas&#8221;<\/span><\/span><\/span><\/article><\/div><div class=\"slide-entry-wrap\"><article class='slide-entry flex_column  post-entry post-entry-17754 slide-entry-overview slide-loop-46 slide-parity-odd  av_one_fifth first real-thumbnail posttype-post post-format-standard'  itemscope=\"itemscope\" itemtype=\"https:\/\/schema.org\/CreativeWork\" ><a href='https:\/\/www.odonto.ufmg.br\/cenex\/ata\/selecao-de-voluntarios-e-bolsista-para-o-projeto-de-extensao-programa-de-assistencia-odontologica-a-pacientes-de-transplante-da-ufmg-paopt\/' data-rel='slide-2' class='slide-image' title='Sele\u00e7\u00e3o de Volunt\u00e1rios e Bolsistas para o Projeto de Extens\u00e3o &#8220;PROGRAMA DE ASSIST\u00caNCIA ODONTOL\u00d3GICA A PACIENTES DE TRANSPLANTE DA UFMG \u2013 PAOPT&#8221;'><img decoding=\"async\" fetchpriority=\"high\" width=\"260\" height=\"185\" src=\"https:\/\/www.odonto.ufmg.br\/cenex\/wp-content\/uploads\/sites\/2\/2019\/09\/cenex_oportunidade_site-260x185.png\" class=\"wp-image-10032 avia-img-lazy-loading-not-10032 attachment-portfolio_small size-portfolio_small wp-post-image\" alt=\"\" \/><\/a><div class=\"slide-content\"><header class=\"entry-content-header\" aria-label=\"Slide: Sele\u00e7\u00e3o de Volunt\u00e1rios e Bolsistas para o Projeto de Extens\u00e3o &quot;PROGRAMA DE ASSIST\u00caNCIA ODONTOL\u00d3GICA A PACIENTES DE TRANSPLANTE DA UFMG \u2013 PAOPT&quot;\"><h3 class='slide-entry-title entry-title '  itemprop=\"headline\" ><a href='https:\/\/www.odonto.ufmg.br\/cenex\/ata\/selecao-de-voluntarios-e-bolsista-para-o-projeto-de-extensao-programa-de-assistencia-odontologica-a-pacientes-de-transplante-da-ufmg-paopt\/' title='Sele\u00e7\u00e3o de Volunt\u00e1rios e Bolsistas para o Projeto de Extens\u00e3o &#8220;PROGRAMA DE ASSIST\u00caNCIA ODONTOL\u00d3GICA A PACIENTES DE TRANSPLANTE DA UFMG \u2013 PAOPT&#8221;'>Sele\u00e7\u00e3o de Volunt\u00e1rios e Bolsistas para o Projeto de Extens\u00e3o &#8220;PROGRAMA DE ASSIST\u00caNCIA ODONTOL\u00d3GICA A PACIENTES DE TRANSPLANTE DA UFMG \u2013 PAOPT&#8221;<\/a><\/h3><span class=\"av-vertical-delimiter\"><\/span><\/header><div class=\"slide-meta\"><time class='slide-meta-time updated'  itemprop=\"datePublished\" datetime=\"2026-02-03T13:33:29-03:00\" >03\/02\/2026<\/time><\/div><div class='slide-entry-excerpt entry-content'  itemprop=\"text\" >EDITAL\nEst\u00e3o abertas, a partir do dia 03\/02\/2026 a 20\/02\/2026\u2026<\/div><\/div><footer class=\"entry-footer\"><\/footer><span class='hidden'>\n\t\t\t\t<span class='av-structured-data'  itemprop=\"image\" itemscope=\"itemscope\" itemtype=\"https:\/\/schema.org\/ImageObject\" >\n\t\t\t\t\t\t<span itemprop='url'>https:\/\/www.odonto.ufmg.br\/cenex\/wp-content\/uploads\/sites\/2\/2019\/09\/cenex_oportunidade_site.png<\/span>\n\t\t\t\t\t\t<span itemprop='height'>469<\/span>\n\t\t\t\t\t\t<span itemprop='width'>937<\/span>\n\t\t\t\t<\/span>\n\t\t\t\t<span class='av-structured-data'  itemprop=\"publisher\" itemtype=\"https:\/\/schema.org\/Organization\" itemscope=\"itemscope\" >\n\t\t\t\t\t\t<span itemprop='name'>cenex<\/span>\n\t\t\t\t\t\t<span itemprop='logo' itemscope itemtype='https:\/\/schema.org\/ImageObject'>\n\t\t\t\t\t\t\t<span itemprop='url'>http:\/\/www.odonto.ufmg.br\/cenex\/wp-content\/uploads\/sites\/2\/2025\/08\/logo-cenex.svg<\/span>\n\t\t\t\t\t\t<\/span>\n\t\t\t\t<\/span><span class='av-structured-data'  itemprop=\"author\" itemscope=\"itemscope\" itemtype=\"https:\/\/schema.org\/Person\" ><span itemprop='name'>cenex<\/span><\/span><span class='av-structured-data'  itemprop=\"datePublished\" datetime=\"2025-04-04T10:05:51-03:00\" >2026-02-03 13:33:29<\/span><span class='av-structured-data'  itemprop=\"dateModified\" itemtype=\"https:\/\/schema.org\/dateModified\" >2026-03-12 11:58:03<\/span><span class='av-structured-data'  itemprop=\"mainEntityOfPage\" itemtype=\"https:\/\/schema.org\/mainEntityOfPage\" ><span itemprop='name'>Sele\u00e7\u00e3o de Volunt\u00e1rios e Bolsistas para o Projeto de Extens\u00e3o &#8220;PROGRAMA DE ASSIST\u00caNCIA ODONTOL\u00d3GICA A PACIENTES DE TRANSPLANTE DA UFMG \u2013 PAOPT&#8221;<\/span><\/span><\/span><\/article><article class='slide-entry flex_column  post-entry post-entry-17752 slide-entry-overview slide-loop-47 slide-parity-even  av_one_fifth  real-thumbnail posttype-post post-format-standard'  itemscope=\"itemscope\" itemtype=\"https:\/\/schema.org\/CreativeWork\" ><a href='https:\/\/www.odonto.ufmg.br\/cenex\/ata\/selecao-de-voluntarios-e-bolsista-para-o-projeto-de-extensao-promocao-de-saude-e-gerenciamento-do-banco-de-dados-de-pacientes-do-sca\/' data-rel='slide-2' class='slide-image' title='Sele\u00e7\u00e3o de Volunt\u00e1rios e Bolsista para o Projeto de Extens\u00e3o &#8220;Promo\u00e7\u00e3o de Sa\u00fade e Gerenciamento do Banco de Dados de Pacientes do SCA&#8221;'><img decoding=\"async\" fetchpriority=\"high\" width=\"260\" height=\"185\" src=\"https:\/\/www.odonto.ufmg.br\/cenex\/wp-content\/uploads\/sites\/2\/2019\/09\/cenex_oportunidade_site-260x185.png\" class=\"wp-image-10032 avia-img-lazy-loading-not-10032 attachment-portfolio_small size-portfolio_small wp-post-image\" alt=\"\" \/><\/a><div class=\"slide-content\"><header class=\"entry-content-header\" aria-label=\"Slide: Sele\u00e7\u00e3o de Volunt\u00e1rios e Bolsista para o Projeto de Extens\u00e3o &quot;Promo\u00e7\u00e3o de Sa\u00fade e Gerenciamento do Banco de Dados de Pacientes do SCA&quot;\"><h3 class='slide-entry-title entry-title '  itemprop=\"headline\" ><a href='https:\/\/www.odonto.ufmg.br\/cenex\/ata\/selecao-de-voluntarios-e-bolsista-para-o-projeto-de-extensao-promocao-de-saude-e-gerenciamento-do-banco-de-dados-de-pacientes-do-sca\/' title='Sele\u00e7\u00e3o de Volunt\u00e1rios e Bolsista para o Projeto de Extens\u00e3o &#8220;Promo\u00e7\u00e3o de Sa\u00fade e Gerenciamento do Banco de Dados de Pacientes do SCA&#8221;'>Sele\u00e7\u00e3o de Volunt\u00e1rios e Bolsista para o Projeto de Extens\u00e3o &#8220;Promo\u00e7\u00e3o de Sa\u00fade e Gerenciamento do Banco de Dados de Pacientes do SCA&#8221;<\/a><\/h3><span class=\"av-vertical-delimiter\"><\/span><\/header><div class=\"slide-meta\"><time class='slide-meta-time updated'  itemprop=\"datePublished\" datetime=\"2026-02-03T13:30:18-03:00\" >03\/02\/2026<\/time><\/div><div class='slide-entry-excerpt entry-content'  itemprop=\"text\" >EDITAL\nEst\u00e3o abertas, a partir do dia 06\/02\/2026 a 27\/02\/2026\u2026<\/div><\/div><footer class=\"entry-footer\"><\/footer><span class='hidden'>\n\t\t\t\t<span class='av-structured-data'  itemprop=\"image\" itemscope=\"itemscope\" itemtype=\"https:\/\/schema.org\/ImageObject\" >\n\t\t\t\t\t\t<span itemprop='url'>https:\/\/www.odonto.ufmg.br\/cenex\/wp-content\/uploads\/sites\/2\/2019\/09\/cenex_oportunidade_site.png<\/span>\n\t\t\t\t\t\t<span itemprop='height'>469<\/span>\n\t\t\t\t\t\t<span itemprop='width'>937<\/span>\n\t\t\t\t<\/span>\n\t\t\t\t<span class='av-structured-data'  itemprop=\"publisher\" itemtype=\"https:\/\/schema.org\/Organization\" itemscope=\"itemscope\" >\n\t\t\t\t\t\t<span itemprop='name'>cenex<\/span>\n\t\t\t\t\t\t<span itemprop='logo' itemscope itemtype='https:\/\/schema.org\/ImageObject'>\n\t\t\t\t\t\t\t<span itemprop='url'>http:\/\/www.odonto.ufmg.br\/cenex\/wp-content\/uploads\/sites\/2\/2025\/08\/logo-cenex.svg<\/span>\n\t\t\t\t\t\t<\/span>\n\t\t\t\t<\/span><span class='av-structured-data'  itemprop=\"author\" itemscope=\"itemscope\" itemtype=\"https:\/\/schema.org\/Person\" ><span itemprop='name'>cenex<\/span><\/span><span class='av-structured-data'  itemprop=\"datePublished\" datetime=\"2025-04-04T10:05:51-03:00\" >2026-02-03 13:30:18<\/span><span class='av-structured-data'  itemprop=\"dateModified\" itemtype=\"https:\/\/schema.org\/dateModified\" >2026-03-04 10:28:54<\/span><span class='av-structured-data'  itemprop=\"mainEntityOfPage\" itemtype=\"https:\/\/schema.org\/mainEntityOfPage\" ><span itemprop='name'>Sele\u00e7\u00e3o de Volunt\u00e1rios e Bolsista para o Projeto de Extens\u00e3o &#8220;Promo\u00e7\u00e3o de Sa\u00fade e Gerenciamento do Banco de Dados de Pacientes do SCA&#8221;<\/span><\/span><\/span><\/article><article class='slide-entry flex_column  post-entry post-entry-17750 slide-entry-overview slide-loop-48 slide-parity-odd  av_one_fifth  real-thumbnail posttype-post post-format-standard'  itemscope=\"itemscope\" itemtype=\"https:\/\/schema.org\/CreativeWork\" ><a href='https:\/\/www.odonto.ufmg.br\/cenex\/ata\/selecao-de-voluntarios-para-o-projeto-de-extensao-manutencao-e-controle-em-implantodontia-4\/' data-rel='slide-2' class='slide-image' title='Sele\u00e7\u00e3o de Volunt\u00e1rios para o Projeto de Extens\u00e3o &#8220;Manuten\u00e7\u00e3o e controle em Implantodontia&#8221;'><img decoding=\"async\" fetchpriority=\"high\" width=\"260\" height=\"185\" src=\"https:\/\/www.odonto.ufmg.br\/cenex\/wp-content\/uploads\/sites\/2\/2019\/09\/cenex_oportunidade_site-260x185.png\" class=\"wp-image-10032 avia-img-lazy-loading-not-10032 attachment-portfolio_small size-portfolio_small wp-post-image\" alt=\"\" \/><\/a><div class=\"slide-content\"><header class=\"entry-content-header\" aria-label=\"Slide: Sele\u00e7\u00e3o de Volunt\u00e1rios para o Projeto de Extens\u00e3o &quot;Manuten\u00e7\u00e3o e controle em Implantodontia&quot;\"><h3 class='slide-entry-title entry-title '  itemprop=\"headline\" ><a href='https:\/\/www.odonto.ufmg.br\/cenex\/ata\/selecao-de-voluntarios-para-o-projeto-de-extensao-manutencao-e-controle-em-implantodontia-4\/' title='Sele\u00e7\u00e3o de Volunt\u00e1rios para o Projeto de Extens\u00e3o &#8220;Manuten\u00e7\u00e3o e controle em Implantodontia&#8221;'>Sele\u00e7\u00e3o de Volunt\u00e1rios para o Projeto de Extens\u00e3o &#8220;Manuten\u00e7\u00e3o e controle em Implantodontia&#8221;<\/a><\/h3><span class=\"av-vertical-delimiter\"><\/span><\/header><div class=\"slide-meta\"><time class='slide-meta-time updated'  itemprop=\"datePublished\" datetime=\"2026-02-03T13:24:26-03:00\" >03\/02\/2026<\/time><\/div><div class='slide-entry-excerpt entry-content'  itemprop=\"text\" >EDITAL\nEst\u00e3o abertas, a partir do dia 03\/02\/2026 a 20\/02\/2026\u2026<\/div><\/div><footer class=\"entry-footer\"><\/footer><span class='hidden'>\n\t\t\t\t<span class='av-structured-data'  itemprop=\"image\" itemscope=\"itemscope\" itemtype=\"https:\/\/schema.org\/ImageObject\" >\n\t\t\t\t\t\t<span itemprop='url'>https:\/\/www.odonto.ufmg.br\/cenex\/wp-content\/uploads\/sites\/2\/2019\/09\/cenex_oportunidade_site.png<\/span>\n\t\t\t\t\t\t<span itemprop='height'>469<\/span>\n\t\t\t\t\t\t<span itemprop='width'>937<\/span>\n\t\t\t\t<\/span>\n\t\t\t\t<span class='av-structured-data'  itemprop=\"publisher\" itemtype=\"https:\/\/schema.org\/Organization\" itemscope=\"itemscope\" >\n\t\t\t\t\t\t<span itemprop='name'>cenex<\/span>\n\t\t\t\t\t\t<span itemprop='logo' itemscope itemtype='https:\/\/schema.org\/ImageObject'>\n\t\t\t\t\t\t\t<span itemprop='url'>http:\/\/www.odonto.ufmg.br\/cenex\/wp-content\/uploads\/sites\/2\/2025\/08\/logo-cenex.svg<\/span>\n\t\t\t\t\t\t<\/span>\n\t\t\t\t<\/span><span class='av-structured-data'  itemprop=\"author\" itemscope=\"itemscope\" itemtype=\"https:\/\/schema.org\/Person\" ><span itemprop='name'>cenex<\/span><\/span><span class='av-structured-data'  itemprop=\"datePublished\" datetime=\"2025-04-04T10:05:51-03:00\" >2026-02-03 13:24:26<\/span><span class='av-structured-data'  itemprop=\"dateModified\" itemtype=\"https:\/\/schema.org\/dateModified\" >2026-03-04 10:29:03<\/span><span class='av-structured-data'  itemprop=\"mainEntityOfPage\" itemtype=\"https:\/\/schema.org\/mainEntityOfPage\" ><span itemprop='name'>Sele\u00e7\u00e3o de Volunt\u00e1rios para o Projeto de Extens\u00e3o &#8220;Manuten\u00e7\u00e3o e controle em Implantodontia&#8221;<\/span><\/span><\/span><\/article><article class='slide-entry flex_column  post-entry post-entry-17744 slide-entry-overview slide-loop-49 slide-parity-even  av_one_fifth  real-thumbnail posttype-post post-format-standard'  itemscope=\"itemscope\" itemtype=\"https:\/\/schema.org\/CreativeWork\" ><a href='https:\/\/www.odonto.ufmg.br\/cenex\/ata\/selecao-de-voluntarios-para-o-projeto-de-extensao-projeto-de-extensao-restauracao-de-dentes-tratados-endodonticamente\/' data-rel='slide-2' class='slide-image' title='Sele\u00e7\u00e3o de Volunt\u00e1rios para o Projeto de Extens\u00e3o &#8220;Projeto de Extens\u00e3o Restaura\u00e7\u00e3o de Dentes Tratados Endodonticamente&#8221;'><img decoding=\"async\" fetchpriority=\"high\" width=\"260\" height=\"185\" src=\"https:\/\/www.odonto.ufmg.br\/cenex\/wp-content\/uploads\/sites\/2\/2019\/09\/cenex_oportunidade_site-260x185.png\" class=\"wp-image-10032 avia-img-lazy-loading-not-10032 attachment-portfolio_small size-portfolio_small wp-post-image\" alt=\"\" \/><\/a><div class=\"slide-content\"><header class=\"entry-content-header\" aria-label=\"Slide: Sele\u00e7\u00e3o de Volunt\u00e1rios para o Projeto de Extens\u00e3o &quot;Projeto de Extens\u00e3o Restaura\u00e7\u00e3o de Dentes Tratados Endodonticamente&quot;\"><h3 class='slide-entry-title entry-title '  itemprop=\"headline\" ><a href='https:\/\/www.odonto.ufmg.br\/cenex\/ata\/selecao-de-voluntarios-para-o-projeto-de-extensao-projeto-de-extensao-restauracao-de-dentes-tratados-endodonticamente\/' title='Sele\u00e7\u00e3o de Volunt\u00e1rios para o Projeto de Extens\u00e3o &#8220;Projeto de Extens\u00e3o Restaura\u00e7\u00e3o de Dentes Tratados Endodonticamente&#8221;'>Sele\u00e7\u00e3o de Volunt\u00e1rios para o Projeto de Extens\u00e3o &#8220;Projeto de Extens\u00e3o Restaura\u00e7\u00e3o de Dentes Tratados Endodonticamente&#8221;<\/a><\/h3><span class=\"av-vertical-delimiter\"><\/span><\/header><div class=\"slide-meta\"><time class='slide-meta-time updated'  itemprop=\"datePublished\" datetime=\"2026-01-30T11:46:01-03:00\" >30\/01\/2026<\/time><\/div><div class='slide-entry-excerpt entry-content'  itemprop=\"text\" >EDITAL\nEst\u00e3o abertas, a partir do dia 23\/02\/2026 a 04\/03\/2026\u2026<\/div><\/div><footer class=\"entry-footer\"><\/footer><span class='hidden'>\n\t\t\t\t<span class='av-structured-data'  itemprop=\"image\" itemscope=\"itemscope\" itemtype=\"https:\/\/schema.org\/ImageObject\" >\n\t\t\t\t\t\t<span itemprop='url'>https:\/\/www.odonto.ufmg.br\/cenex\/wp-content\/uploads\/sites\/2\/2019\/09\/cenex_oportunidade_site.png<\/span>\n\t\t\t\t\t\t<span itemprop='height'>469<\/span>\n\t\t\t\t\t\t<span itemprop='width'>937<\/span>\n\t\t\t\t<\/span>\n\t\t\t\t<span class='av-structured-data'  itemprop=\"publisher\" itemtype=\"https:\/\/schema.org\/Organization\" itemscope=\"itemscope\" >\n\t\t\t\t\t\t<span itemprop='name'>cenex<\/span>\n\t\t\t\t\t\t<span itemprop='logo' itemscope itemtype='https:\/\/schema.org\/ImageObject'>\n\t\t\t\t\t\t\t<span itemprop='url'>http:\/\/www.odonto.ufmg.br\/cenex\/wp-content\/uploads\/sites\/2\/2025\/08\/logo-cenex.svg<\/span>\n\t\t\t\t\t\t<\/span>\n\t\t\t\t<\/span><span class='av-structured-data'  itemprop=\"author\" itemscope=\"itemscope\" itemtype=\"https:\/\/schema.org\/Person\" ><span itemprop='name'>cenex<\/span><\/span><span class='av-structured-data'  itemprop=\"datePublished\" datetime=\"2025-04-04T10:05:51-03:00\" >2026-01-30 11:46:01<\/span><span class='av-structured-data'  itemprop=\"dateModified\" itemtype=\"https:\/\/schema.org\/dateModified\" >2026-03-12 11:57:58<\/span><span class='av-structured-data'  itemprop=\"mainEntityOfPage\" itemtype=\"https:\/\/schema.org\/mainEntityOfPage\" ><span itemprop='name'>Sele\u00e7\u00e3o de Volunt\u00e1rios para o Projeto de Extens\u00e3o &#8220;Projeto de Extens\u00e3o Restaura\u00e7\u00e3o de Dentes Tratados Endodonticamente&#8221;<\/span><\/span><\/span><\/article><article class='slide-entry flex_column  post-entry post-entry-17738 slide-entry-overview slide-loop-50 slide-parity-odd  av_one_fifth  real-thumbnail posttype-post post-format-standard'  itemscope=\"itemscope\" itemtype=\"https:\/\/schema.org\/CreativeWork\" ><a href='https:\/\/www.odonto.ufmg.br\/cenex\/ata\/selecao-de-voluntarios-para-o-projeto-de-extensao-sororidade-na-odontologia-2\/' data-rel='slide-2' class='slide-image' title='Sele\u00e7\u00e3o de Volunt\u00e1rios para o Projeto de Extens\u00e3o &#8220;Sororidade na Odontologia&#8221;'><img decoding=\"async\" fetchpriority=\"high\" width=\"260\" height=\"185\" src=\"https:\/\/www.odonto.ufmg.br\/cenex\/wp-content\/uploads\/sites\/2\/2019\/09\/cenex_oportunidade_site-260x185.png\" class=\"wp-image-10032 avia-img-lazy-loading-not-10032 attachment-portfolio_small size-portfolio_small wp-post-image\" alt=\"\" \/><\/a><div class=\"slide-content\"><header class=\"entry-content-header\" aria-label=\"Slide: Sele\u00e7\u00e3o de Volunt\u00e1rios para o Projeto de Extens\u00e3o &quot;Sororidade na Odontologia&quot;\"><h3 class='slide-entry-title entry-title '  itemprop=\"headline\" ><a href='https:\/\/www.odonto.ufmg.br\/cenex\/ata\/selecao-de-voluntarios-para-o-projeto-de-extensao-sororidade-na-odontologia-2\/' title='Sele\u00e7\u00e3o de Volunt\u00e1rios para o Projeto de Extens\u00e3o &#8220;Sororidade na Odontologia&#8221;'>Sele\u00e7\u00e3o de Volunt\u00e1rios para o Projeto de Extens\u00e3o &#8220;Sororidade na Odontologia&#8221;<\/a><\/h3><span class=\"av-vertical-delimiter\"><\/span><\/header><div class=\"slide-meta\"><time class='slide-meta-time updated'  itemprop=\"datePublished\" datetime=\"2026-01-30T11:40:17-03:00\" >30\/01\/2026<\/time><\/div><div class='slide-entry-excerpt entry-content'  itemprop=\"text\" >EDITAL\nEst\u00e3o abertas, a partir do dia 02\/02\/2026 a 23\/02\/2026\u2026<\/div><\/div><footer class=\"entry-footer\"><\/footer><span class='hidden'>\n\t\t\t\t<span class='av-structured-data'  itemprop=\"image\" itemscope=\"itemscope\" itemtype=\"https:\/\/schema.org\/ImageObject\" >\n\t\t\t\t\t\t<span itemprop='url'>https:\/\/www.odonto.ufmg.br\/cenex\/wp-content\/uploads\/sites\/2\/2019\/09\/cenex_oportunidade_site.png<\/span>\n\t\t\t\t\t\t<span itemprop='height'>469<\/span>\n\t\t\t\t\t\t<span itemprop='width'>937<\/span>\n\t\t\t\t<\/span>\n\t\t\t\t<span class='av-structured-data'  itemprop=\"publisher\" itemtype=\"https:\/\/schema.org\/Organization\" itemscope=\"itemscope\" >\n\t\t\t\t\t\t<span itemprop='name'>cenex<\/span>\n\t\t\t\t\t\t<span itemprop='logo' itemscope itemtype='https:\/\/schema.org\/ImageObject'>\n\t\t\t\t\t\t\t<span itemprop='url'>http:\/\/www.odonto.ufmg.br\/cenex\/wp-content\/uploads\/sites\/2\/2025\/08\/logo-cenex.svg<\/span>\n\t\t\t\t\t\t<\/span>\n\t\t\t\t<\/span><span class='av-structured-data'  itemprop=\"author\" itemscope=\"itemscope\" itemtype=\"https:\/\/schema.org\/Person\" ><span itemprop='name'>cenex<\/span><\/span><span class='av-structured-data'  itemprop=\"datePublished\" datetime=\"2025-04-04T10:05:51-03:00\" >2026-01-30 11:40:17<\/span><span class='av-structured-data'  itemprop=\"dateModified\" itemtype=\"https:\/\/schema.org\/dateModified\" >2026-03-12 11:57:52<\/span><span class='av-structured-data'  itemprop=\"mainEntityOfPage\" itemtype=\"https:\/\/schema.org\/mainEntityOfPage\" ><span itemprop='name'>Sele\u00e7\u00e3o de Volunt\u00e1rios para o Projeto de Extens\u00e3o &#8220;Sororidade na Odontologia&#8221;<\/span><\/span><\/span><\/article><\/div><div class=\"slide-entry-wrap\"><article class='slide-entry flex_column  post-entry post-entry-17736 slide-entry-overview slide-loop-51 slide-parity-odd  av_one_fifth first real-thumbnail posttype-post post-format-standard'  itemscope=\"itemscope\" itemtype=\"https:\/\/schema.org\/CreativeWork\" ><a href='https:\/\/www.odonto.ufmg.br\/cenex\/ata\/selecao-de-voluntarios-para-o-projeto-de-extensao-reabilitacao-protetica-de-pacientes-oncologicos-assistidos-pelos-hospitais-luxemburgo-e-sao-francisco-de-assis\/' data-rel='slide-2' class='slide-image' title='Sele\u00e7\u00e3o de Volunt\u00e1rios para o Projeto de Extens\u00e3o &#8220;Reabilita\u00e7\u00e3o prot\u00e9tica de pacientes oncol\u00f3gicos assistidos pelos hospitais Luxemburgo e S\u00e3o Francisco de Assis&#8221;'><img decoding=\"async\" fetchpriority=\"high\" width=\"260\" height=\"185\" src=\"https:\/\/www.odonto.ufmg.br\/cenex\/wp-content\/uploads\/sites\/2\/2019\/09\/cenex_oportunidade_site-260x185.png\" class=\"wp-image-10032 avia-img-lazy-loading-not-10032 attachment-portfolio_small size-portfolio_small wp-post-image\" alt=\"\" \/><\/a><div class=\"slide-content\"><header class=\"entry-content-header\" aria-label=\"Slide: Sele\u00e7\u00e3o de Volunt\u00e1rios para o Projeto de Extens\u00e3o &quot;Reabilita\u00e7\u00e3o prot\u00e9tica de pacientes oncol\u00f3gicos assistidos pelos hospitais Luxemburgo e S\u00e3o Francisco de Assis&quot;\"><h3 class='slide-entry-title entry-title '  itemprop=\"headline\" ><a href='https:\/\/www.odonto.ufmg.br\/cenex\/ata\/selecao-de-voluntarios-para-o-projeto-de-extensao-reabilitacao-protetica-de-pacientes-oncologicos-assistidos-pelos-hospitais-luxemburgo-e-sao-francisco-de-assis\/' title='Sele\u00e7\u00e3o de Volunt\u00e1rios para o Projeto de Extens\u00e3o &#8220;Reabilita\u00e7\u00e3o prot\u00e9tica de pacientes oncol\u00f3gicos assistidos pelos hospitais Luxemburgo e S\u00e3o Francisco de Assis&#8221;'>Sele\u00e7\u00e3o de Volunt\u00e1rios para o Projeto de Extens\u00e3o &#8220;Reabilita\u00e7\u00e3o prot\u00e9tica de pacientes oncol\u00f3gicos assistidos pelos hospitais Luxemburgo e S\u00e3o Francisco de Assis&#8221;<\/a><\/h3><span class=\"av-vertical-delimiter\"><\/span><\/header><div class=\"slide-meta\"><time class='slide-meta-time updated'  itemprop=\"datePublished\" datetime=\"2026-01-30T11:37:43-03:00\" >30\/01\/2026<\/time><\/div><div class='slide-entry-excerpt entry-content'  itemprop=\"text\" >EDITAL\nEst\u00e3o abertas, a partir do dia 02\/02\/2026 a 27\/02\/2026\u2026<\/div><\/div><footer class=\"entry-footer\"><\/footer><span class='hidden'>\n\t\t\t\t<span class='av-structured-data'  itemprop=\"image\" itemscope=\"itemscope\" itemtype=\"https:\/\/schema.org\/ImageObject\" >\n\t\t\t\t\t\t<span itemprop='url'>https:\/\/www.odonto.ufmg.br\/cenex\/wp-content\/uploads\/sites\/2\/2019\/09\/cenex_oportunidade_site.png<\/span>\n\t\t\t\t\t\t<span itemprop='height'>469<\/span>\n\t\t\t\t\t\t<span itemprop='width'>937<\/span>\n\t\t\t\t<\/span>\n\t\t\t\t<span class='av-structured-data'  itemprop=\"publisher\" itemtype=\"https:\/\/schema.org\/Organization\" itemscope=\"itemscope\" >\n\t\t\t\t\t\t<span itemprop='name'>cenex<\/span>\n\t\t\t\t\t\t<span itemprop='logo' itemscope itemtype='https:\/\/schema.org\/ImageObject'>\n\t\t\t\t\t\t\t<span itemprop='url'>http:\/\/www.odonto.ufmg.br\/cenex\/wp-content\/uploads\/sites\/2\/2025\/08\/logo-cenex.svg<\/span>\n\t\t\t\t\t\t<\/span>\n\t\t\t\t<\/span><span class='av-structured-data'  itemprop=\"author\" itemscope=\"itemscope\" itemtype=\"https:\/\/schema.org\/Person\" ><span itemprop='name'>cenex<\/span><\/span><span class='av-structured-data'  itemprop=\"datePublished\" datetime=\"2025-04-04T10:05:51-03:00\" >2026-01-30 11:37:43<\/span><span class='av-structured-data'  itemprop=\"dateModified\" itemtype=\"https:\/\/schema.org\/dateModified\" >2026-03-12 11:57:34<\/span><span class='av-structured-data'  itemprop=\"mainEntityOfPage\" itemtype=\"https:\/\/schema.org\/mainEntityOfPage\" ><span itemprop='name'>Sele\u00e7\u00e3o de Volunt\u00e1rios para o Projeto de Extens\u00e3o &#8220;Reabilita\u00e7\u00e3o prot\u00e9tica de pacientes oncol\u00f3gicos assistidos pelos hospitais Luxemburgo e S\u00e3o Francisco de Assis&#8221;<\/span><\/span><\/span><\/article><article class='slide-entry flex_column  post-entry post-entry-17734 slide-entry-overview slide-loop-52 slide-parity-even  av_one_fifth  real-thumbnail posttype-post post-format-standard'  itemscope=\"itemscope\" itemtype=\"https:\/\/schema.org\/CreativeWork\" ><a href='https:\/\/www.odonto.ufmg.br\/cenex\/ata\/selecao-de-voluntarios-para-o-projeto-de-extensao-anaplastologia-na-reabilitacao-protetica-de-mulheres-mastectomizadas\/' data-rel='slide-2' class='slide-image' title='Sele\u00e7\u00e3o de Volunt\u00e1rios para o Projeto de Extens\u00e3o &#8220;Anaplastologia na reabilita\u00e7\u00e3o prot\u00e9tica de mulheres mastectomizadas&#8221;'><img decoding=\"async\" fetchpriority=\"high\" width=\"260\" height=\"185\" src=\"https:\/\/www.odonto.ufmg.br\/cenex\/wp-content\/uploads\/sites\/2\/2019\/09\/cenex_oportunidade_site-260x185.png\" class=\"wp-image-10032 avia-img-lazy-loading-not-10032 attachment-portfolio_small size-portfolio_small wp-post-image\" alt=\"\" \/><\/a><div class=\"slide-content\"><header class=\"entry-content-header\" aria-label=\"Slide: Sele\u00e7\u00e3o de Volunt\u00e1rios para o Projeto de Extens\u00e3o &quot;Anaplastologia na reabilita\u00e7\u00e3o prot\u00e9tica de mulheres mastectomizadas&quot;\"><h3 class='slide-entry-title entry-title '  itemprop=\"headline\" ><a href='https:\/\/www.odonto.ufmg.br\/cenex\/ata\/selecao-de-voluntarios-para-o-projeto-de-extensao-anaplastologia-na-reabilitacao-protetica-de-mulheres-mastectomizadas\/' title='Sele\u00e7\u00e3o de Volunt\u00e1rios para o Projeto de Extens\u00e3o &#8220;Anaplastologia na reabilita\u00e7\u00e3o prot\u00e9tica de mulheres mastectomizadas&#8221;'>Sele\u00e7\u00e3o de Volunt\u00e1rios para o Projeto de Extens\u00e3o &#8220;Anaplastologia na reabilita\u00e7\u00e3o prot\u00e9tica de mulheres mastectomizadas&#8221;<\/a><\/h3><span class=\"av-vertical-delimiter\"><\/span><\/header><div class=\"slide-meta\"><time class='slide-meta-time updated'  itemprop=\"datePublished\" datetime=\"2026-01-30T11:34:27-03:00\" >30\/01\/2026<\/time><\/div><div class='slide-entry-excerpt entry-content'  itemprop=\"text\" >EDITAL\nEst\u00e3o abertas, a partir do dia 06\/02\/2026 a 27\/02\/2026\u2026<\/div><\/div><footer class=\"entry-footer\"><\/footer><span class='hidden'>\n\t\t\t\t<span class='av-structured-data'  itemprop=\"image\" itemscope=\"itemscope\" itemtype=\"https:\/\/schema.org\/ImageObject\" >\n\t\t\t\t\t\t<span itemprop='url'>https:\/\/www.odonto.ufmg.br\/cenex\/wp-content\/uploads\/sites\/2\/2019\/09\/cenex_oportunidade_site.png<\/span>\n\t\t\t\t\t\t<span itemprop='height'>469<\/span>\n\t\t\t\t\t\t<span itemprop='width'>937<\/span>\n\t\t\t\t<\/span>\n\t\t\t\t<span class='av-structured-data'  itemprop=\"publisher\" itemtype=\"https:\/\/schema.org\/Organization\" itemscope=\"itemscope\" >\n\t\t\t\t\t\t<span itemprop='name'>cenex<\/span>\n\t\t\t\t\t\t<span itemprop='logo' itemscope itemtype='https:\/\/schema.org\/ImageObject'>\n\t\t\t\t\t\t\t<span itemprop='url'>http:\/\/www.odonto.ufmg.br\/cenex\/wp-content\/uploads\/sites\/2\/2025\/08\/logo-cenex.svg<\/span>\n\t\t\t\t\t\t<\/span>\n\t\t\t\t<\/span><span class='av-structured-data'  itemprop=\"author\" itemscope=\"itemscope\" itemtype=\"https:\/\/schema.org\/Person\" ><span itemprop='name'>cenex<\/span><\/span><span class='av-structured-data'  itemprop=\"datePublished\" datetime=\"2025-04-04T10:05:51-03:00\" >2026-01-30 11:34:27<\/span><span class='av-structured-data'  itemprop=\"dateModified\" itemtype=\"https:\/\/schema.org\/dateModified\" >2026-03-12 11:57:39<\/span><span class='av-structured-data'  itemprop=\"mainEntityOfPage\" itemtype=\"https:\/\/schema.org\/mainEntityOfPage\" ><span itemprop='name'>Sele\u00e7\u00e3o de Volunt\u00e1rios para o Projeto de Extens\u00e3o &#8220;Anaplastologia na reabilita\u00e7\u00e3o prot\u00e9tica de mulheres mastectomizadas&#8221;<\/span><\/span><\/span><\/article><article class='slide-entry flex_column  post-entry post-entry-17732 slide-entry-overview slide-loop-53 slide-parity-odd  av_one_fifth  real-thumbnail posttype-post post-format-standard'  itemscope=\"itemscope\" itemtype=\"https:\/\/schema.org\/CreativeWork\" ><a href='https:\/\/www.odonto.ufmg.br\/cenex\/ata\/selecao-de-voluntarios-e-bolsista-para-o-projeto-de-extensao-reabilitacao-protetica-do-paciente-com-perda-de-substancia-na-regiao-de-cabeca-e-pescoco\/' data-rel='slide-2' class='slide-image' title='Sele\u00e7\u00e3o de Volunt\u00e1rios e Bolsista para o Projeto de Extens\u00e3o &#8220;Reabilita\u00e7\u00e3o prot\u00e9tica do paciente com perda de subst\u00e2ncia na regi\u00e3o de cabe\u00e7a e pesco\u00e7o&#8221;'><img decoding=\"async\" fetchpriority=\"high\" width=\"260\" height=\"185\" src=\"https:\/\/www.odonto.ufmg.br\/cenex\/wp-content\/uploads\/sites\/2\/2019\/09\/cenex_oportunidade_site-260x185.png\" class=\"wp-image-10032 avia-img-lazy-loading-not-10032 attachment-portfolio_small size-portfolio_small wp-post-image\" alt=\"\" \/><\/a><div class=\"slide-content\"><header class=\"entry-content-header\" aria-label=\"Slide: Sele\u00e7\u00e3o de Volunt\u00e1rios e Bolsista para o Projeto de Extens\u00e3o &quot;Reabilita\u00e7\u00e3o prot\u00e9tica do paciente com perda de subst\u00e2ncia na regi\u00e3o de cabe\u00e7a e pesco\u00e7o&quot;\"><h3 class='slide-entry-title entry-title '  itemprop=\"headline\" ><a href='https:\/\/www.odonto.ufmg.br\/cenex\/ata\/selecao-de-voluntarios-e-bolsista-para-o-projeto-de-extensao-reabilitacao-protetica-do-paciente-com-perda-de-substancia-na-regiao-de-cabeca-e-pescoco\/' title='Sele\u00e7\u00e3o de Volunt\u00e1rios e Bolsista para o Projeto de Extens\u00e3o &#8220;Reabilita\u00e7\u00e3o prot\u00e9tica do paciente com perda de subst\u00e2ncia na regi\u00e3o de cabe\u00e7a e pesco\u00e7o&#8221;'>Sele\u00e7\u00e3o de Volunt\u00e1rios e Bolsista para o Projeto de Extens\u00e3o &#8220;Reabilita\u00e7\u00e3o prot\u00e9tica do paciente com perda de subst\u00e2ncia na regi\u00e3o de cabe\u00e7a e pesco\u00e7o&#8221;<\/a><\/h3><span class=\"av-vertical-delimiter\"><\/span><\/header><div class=\"slide-meta\"><time class='slide-meta-time updated'  itemprop=\"datePublished\" datetime=\"2026-01-30T11:32:01-03:00\" >30\/01\/2026<\/time><\/div><div class='slide-entry-excerpt entry-content'  itemprop=\"text\" >EDITAL\nEst\u00e3o abertas, a partir do dia 06\/02\/2026 a 27\/02\/2026\u2026<\/div><\/div><footer class=\"entry-footer\"><\/footer><span class='hidden'>\n\t\t\t\t<span class='av-structured-data'  itemprop=\"image\" itemscope=\"itemscope\" itemtype=\"https:\/\/schema.org\/ImageObject\" >\n\t\t\t\t\t\t<span itemprop='url'>https:\/\/www.odonto.ufmg.br\/cenex\/wp-content\/uploads\/sites\/2\/2019\/09\/cenex_oportunidade_site.png<\/span>\n\t\t\t\t\t\t<span itemprop='height'>469<\/span>\n\t\t\t\t\t\t<span itemprop='width'>937<\/span>\n\t\t\t\t<\/span>\n\t\t\t\t<span class='av-structured-data'  itemprop=\"publisher\" itemtype=\"https:\/\/schema.org\/Organization\" itemscope=\"itemscope\" >\n\t\t\t\t\t\t<span itemprop='name'>cenex<\/span>\n\t\t\t\t\t\t<span itemprop='logo' itemscope itemtype='https:\/\/schema.org\/ImageObject'>\n\t\t\t\t\t\t\t<span itemprop='url'>http:\/\/www.odonto.ufmg.br\/cenex\/wp-content\/uploads\/sites\/2\/2025\/08\/logo-cenex.svg<\/span>\n\t\t\t\t\t\t<\/span>\n\t\t\t\t<\/span><span class='av-structured-data'  itemprop=\"author\" itemscope=\"itemscope\" itemtype=\"https:\/\/schema.org\/Person\" ><span itemprop='name'>cenex<\/span><\/span><span class='av-structured-data'  itemprop=\"datePublished\" datetime=\"2025-04-04T10:05:51-03:00\" >2026-01-30 11:32:01<\/span><span class='av-structured-data'  itemprop=\"dateModified\" itemtype=\"https:\/\/schema.org\/dateModified\" >2026-03-12 11:54:19<\/span><span class='av-structured-data'  itemprop=\"mainEntityOfPage\" itemtype=\"https:\/\/schema.org\/mainEntityOfPage\" ><span itemprop='name'>Sele\u00e7\u00e3o de Volunt\u00e1rios e Bolsista para o Projeto de Extens\u00e3o &#8220;Reabilita\u00e7\u00e3o prot\u00e9tica do paciente com perda de subst\u00e2ncia na regi\u00e3o de cabe\u00e7a e pesco\u00e7o&#8221;<\/span><\/span><\/span><\/article><article class='slide-entry flex_column  post-entry post-entry-17729 slide-entry-overview slide-loop-54 slide-parity-even  av_one_fifth  real-thumbnail posttype-post post-format-standard'  itemscope=\"itemscope\" itemtype=\"https:\/\/schema.org\/CreativeWork\" ><a href='https:\/\/www.odonto.ufmg.br\/cenex\/ata\/selecao-de-voluntarios-para-o-projeto-de-extensao-reabilitacoes-bucomaxilofaciais-complexas-e-sobre-implantes-2\/' data-rel='slide-2' class='slide-image' title='Sele\u00e7\u00e3o de Volunt\u00e1rios para o Projeto de Extens\u00e3o &#8220;Reabilita\u00e7\u00f5es bucomaxilofaciais complexas e sobre implantes&#8221;'><img decoding=\"async\" fetchpriority=\"high\" width=\"260\" height=\"185\" src=\"https:\/\/www.odonto.ufmg.br\/cenex\/wp-content\/uploads\/sites\/2\/2019\/09\/cenex_oportunidade_site-260x185.png\" class=\"wp-image-10032 avia-img-lazy-loading-not-10032 attachment-portfolio_small size-portfolio_small wp-post-image\" alt=\"\" \/><\/a><div class=\"slide-content\"><header class=\"entry-content-header\" aria-label=\"Slide: Sele\u00e7\u00e3o de Volunt\u00e1rios para o Projeto de Extens\u00e3o &quot;Reabilita\u00e7\u00f5es bucomaxilofaciais complexas e sobre implantes&quot;\"><h3 class='slide-entry-title entry-title '  itemprop=\"headline\" ><a href='https:\/\/www.odonto.ufmg.br\/cenex\/ata\/selecao-de-voluntarios-para-o-projeto-de-extensao-reabilitacoes-bucomaxilofaciais-complexas-e-sobre-implantes-2\/' title='Sele\u00e7\u00e3o de Volunt\u00e1rios para o Projeto de Extens\u00e3o &#8220;Reabilita\u00e7\u00f5es bucomaxilofaciais complexas e sobre implantes&#8221;'>Sele\u00e7\u00e3o de Volunt\u00e1rios para o Projeto de Extens\u00e3o &#8220;Reabilita\u00e7\u00f5es bucomaxilofaciais complexas e sobre implantes&#8221;<\/a><\/h3><span class=\"av-vertical-delimiter\"><\/span><\/header><div class=\"slide-meta\"><time class='slide-meta-time updated'  itemprop=\"datePublished\" datetime=\"2026-01-30T11:27:58-03:00\" >30\/01\/2026<\/time><\/div><div class='slide-entry-excerpt entry-content'  itemprop=\"text\" >EDITAL\nEst\u00e3o abertas, a partir do dia 06\/02\/2026 a 27\/02\/2026\u2026<\/div><\/div><footer class=\"entry-footer\"><\/footer><span class='hidden'>\n\t\t\t\t<span class='av-structured-data'  itemprop=\"image\" itemscope=\"itemscope\" itemtype=\"https:\/\/schema.org\/ImageObject\" >\n\t\t\t\t\t\t<span itemprop='url'>https:\/\/www.odonto.ufmg.br\/cenex\/wp-content\/uploads\/sites\/2\/2019\/09\/cenex_oportunidade_site.png<\/span>\n\t\t\t\t\t\t<span itemprop='height'>469<\/span>\n\t\t\t\t\t\t<span itemprop='width'>937<\/span>\n\t\t\t\t<\/span>\n\t\t\t\t<span class='av-structured-data'  itemprop=\"publisher\" itemtype=\"https:\/\/schema.org\/Organization\" itemscope=\"itemscope\" >\n\t\t\t\t\t\t<span itemprop='name'>cenex<\/span>\n\t\t\t\t\t\t<span itemprop='logo' itemscope itemtype='https:\/\/schema.org\/ImageObject'>\n\t\t\t\t\t\t\t<span itemprop='url'>http:\/\/www.odonto.ufmg.br\/cenex\/wp-content\/uploads\/sites\/2\/2025\/08\/logo-cenex.svg<\/span>\n\t\t\t\t\t\t<\/span>\n\t\t\t\t<\/span><span class='av-structured-data'  itemprop=\"author\" itemscope=\"itemscope\" itemtype=\"https:\/\/schema.org\/Person\" ><span itemprop='name'>cenex<\/span><\/span><span class='av-structured-data'  itemprop=\"datePublished\" datetime=\"2025-04-04T10:05:51-03:00\" >2026-01-30 11:27:58<\/span><span class='av-structured-data'  itemprop=\"dateModified\" itemtype=\"https:\/\/schema.org\/dateModified\" >2026-03-12 11:54:12<\/span><span class='av-structured-data'  itemprop=\"mainEntityOfPage\" itemtype=\"https:\/\/schema.org\/mainEntityOfPage\" ><span itemprop='name'>Sele\u00e7\u00e3o de Volunt\u00e1rios para o Projeto de Extens\u00e3o &#8220;Reabilita\u00e7\u00f5es bucomaxilofaciais complexas e sobre implantes&#8221;<\/span><\/span><\/span><\/article><article class='slide-entry flex_column  post-entry post-entry-17727 slide-entry-overview slide-loop-55 slide-parity-odd  av_one_fifth  real-thumbnail posttype-post post-format-standard'  itemscope=\"itemscope\" itemtype=\"https:\/\/schema.org\/CreativeWork\" ><a href='https:\/\/www.odonto.ufmg.br\/cenex\/ata\/selecao-de-voluntarios-para-o-projeto-de-extensao-reabilitacao-protetica-de-pacientes-com-disfuncao-velofaringea\/' data-rel='slide-2' class='slide-image' title='Sele\u00e7\u00e3o de Volunt\u00e1rios para o Projeto de Extens\u00e3o &#8220;Reabilita\u00e7\u00e3o prot\u00e9tica de pacientes com disfun\u00e7\u00e3o velofar\u00edngea&#8221;'><img decoding=\"async\" fetchpriority=\"high\" width=\"260\" height=\"185\" src=\"https:\/\/www.odonto.ufmg.br\/cenex\/wp-content\/uploads\/sites\/2\/2019\/09\/cenex_oportunidade_site-260x185.png\" class=\"wp-image-10032 avia-img-lazy-loading-not-10032 attachment-portfolio_small size-portfolio_small wp-post-image\" alt=\"\" \/><\/a><div class=\"slide-content\"><header class=\"entry-content-header\" aria-label=\"Slide: Sele\u00e7\u00e3o de Volunt\u00e1rios para o Projeto de Extens\u00e3o &quot;Reabilita\u00e7\u00e3o prot\u00e9tica de pacientes com disfun\u00e7\u00e3o velofar\u00edngea&quot;\"><h3 class='slide-entry-title entry-title '  itemprop=\"headline\" ><a href='https:\/\/www.odonto.ufmg.br\/cenex\/ata\/selecao-de-voluntarios-para-o-projeto-de-extensao-reabilitacao-protetica-de-pacientes-com-disfuncao-velofaringea\/' title='Sele\u00e7\u00e3o de Volunt\u00e1rios para o Projeto de Extens\u00e3o &#8220;Reabilita\u00e7\u00e3o prot\u00e9tica de pacientes com disfun\u00e7\u00e3o velofar\u00edngea&#8221;'>Sele\u00e7\u00e3o de Volunt\u00e1rios para o Projeto de Extens\u00e3o &#8220;Reabilita\u00e7\u00e3o prot\u00e9tica de pacientes com disfun\u00e7\u00e3o velofar\u00edngea&#8221;<\/a><\/h3><span class=\"av-vertical-delimiter\"><\/span><\/header><div class=\"slide-meta\"><time class='slide-meta-time updated'  itemprop=\"datePublished\" datetime=\"2026-01-30T11:24:10-03:00\" >30\/01\/2026<\/time><\/div><div class='slide-entry-excerpt entry-content'  itemprop=\"text\" >EDITAL\nEst\u00e3o abertas, a partir do dia 06\/02\/2026 a 27\/02\/2026\u2026<\/div><\/div><footer class=\"entry-footer\"><\/footer><span class='hidden'>\n\t\t\t\t<span class='av-structured-data'  itemprop=\"image\" itemscope=\"itemscope\" itemtype=\"https:\/\/schema.org\/ImageObject\" >\n\t\t\t\t\t\t<span itemprop='url'>https:\/\/www.odonto.ufmg.br\/cenex\/wp-content\/uploads\/sites\/2\/2019\/09\/cenex_oportunidade_site.png<\/span>\n\t\t\t\t\t\t<span itemprop='height'>469<\/span>\n\t\t\t\t\t\t<span itemprop='width'>937<\/span>\n\t\t\t\t<\/span>\n\t\t\t\t<span class='av-structured-data'  itemprop=\"publisher\" itemtype=\"https:\/\/schema.org\/Organization\" itemscope=\"itemscope\" >\n\t\t\t\t\t\t<span itemprop='name'>cenex<\/span>\n\t\t\t\t\t\t<span itemprop='logo' itemscope itemtype='https:\/\/schema.org\/ImageObject'>\n\t\t\t\t\t\t\t<span itemprop='url'>http:\/\/www.odonto.ufmg.br\/cenex\/wp-content\/uploads\/sites\/2\/2025\/08\/logo-cenex.svg<\/span>\n\t\t\t\t\t\t<\/span>\n\t\t\t\t<\/span><span class='av-structured-data'  itemprop=\"author\" itemscope=\"itemscope\" itemtype=\"https:\/\/schema.org\/Person\" ><span itemprop='name'>cenex<\/span><\/span><span class='av-structured-data'  itemprop=\"datePublished\" datetime=\"2025-04-04T10:05:51-03:00\" >2026-01-30 11:24:10<\/span><span class='av-structured-data'  itemprop=\"dateModified\" itemtype=\"https:\/\/schema.org\/dateModified\" >2026-03-12 11:54:05<\/span><span class='av-structured-data'  itemprop=\"mainEntityOfPage\" itemtype=\"https:\/\/schema.org\/mainEntityOfPage\" ><span itemprop='name'>Sele\u00e7\u00e3o de Volunt\u00e1rios para o Projeto de Extens\u00e3o &#8220;Reabilita\u00e7\u00e3o prot\u00e9tica de pacientes com disfun\u00e7\u00e3o velofar\u00edngea&#8221;<\/span><\/span><\/span><\/article><\/div><div class=\"slide-entry-wrap\"><article class='slide-entry flex_column  post-entry post-entry-17717 slide-entry-overview slide-loop-56 slide-parity-odd  av_one_fifth first real-thumbnail posttype-post post-format-standard'  itemscope=\"itemscope\" itemtype=\"https:\/\/schema.org\/CreativeWork\" ><a href='https:\/\/www.odonto.ufmg.br\/cenex\/ata\/selecao-de-voluntarios-para-o-projeto-de-extensao-atendimento-ortodontico-a-pacientes-com-defeitos-da-odontogenese-3\/' data-rel='slide-2' class='slide-image' title='Sele\u00e7\u00e3o de Volunt\u00e1rios para o Projeto de Extens\u00e3o &#8220;Atendimento ortod\u00f4ntico a pacientes com defeitos da odontog\u00eanese&#8221;'><img decoding=\"async\" fetchpriority=\"high\" width=\"260\" height=\"185\" src=\"https:\/\/www.odonto.ufmg.br\/cenex\/wp-content\/uploads\/sites\/2\/2019\/09\/cenex_oportunidade_site-260x185.png\" class=\"wp-image-10032 avia-img-lazy-loading-not-10032 attachment-portfolio_small size-portfolio_small wp-post-image\" alt=\"\" \/><\/a><div class=\"slide-content\"><header class=\"entry-content-header\" aria-label=\"Slide: Sele\u00e7\u00e3o de Volunt\u00e1rios para o Projeto de Extens\u00e3o &quot;Atendimento ortod\u00f4ntico a pacientes com defeitos da odontog\u00eanese&quot;\"><h3 class='slide-entry-title entry-title '  itemprop=\"headline\" ><a href='https:\/\/www.odonto.ufmg.br\/cenex\/ata\/selecao-de-voluntarios-para-o-projeto-de-extensao-atendimento-ortodontico-a-pacientes-com-defeitos-da-odontogenese-3\/' title='Sele\u00e7\u00e3o de Volunt\u00e1rios para o Projeto de Extens\u00e3o &#8220;Atendimento ortod\u00f4ntico a pacientes com defeitos da odontog\u00eanese&#8221;'>Sele\u00e7\u00e3o de Volunt\u00e1rios para o Projeto de Extens\u00e3o &#8220;Atendimento ortod\u00f4ntico a pacientes com defeitos da odontog\u00eanese&#8221;<\/a><\/h3><span class=\"av-vertical-delimiter\"><\/span><\/header><div class=\"slide-meta\"><time class='slide-meta-time updated'  itemprop=\"datePublished\" datetime=\"2026-01-28T12:03:43-03:00\" >28\/01\/2026<\/time><\/div><div class='slide-entry-excerpt entry-content'  itemprop=\"text\" >EDITAL\nEst\u00e3o abertas, a partir do dia 02\/02\/2026 a 23\/02\/2026\u2026<\/div><\/div><footer class=\"entry-footer\"><\/footer><span class='hidden'>\n\t\t\t\t<span class='av-structured-data'  itemprop=\"image\" itemscope=\"itemscope\" itemtype=\"https:\/\/schema.org\/ImageObject\" >\n\t\t\t\t\t\t<span itemprop='url'>https:\/\/www.odonto.ufmg.br\/cenex\/wp-content\/uploads\/sites\/2\/2019\/09\/cenex_oportunidade_site.png<\/span>\n\t\t\t\t\t\t<span itemprop='height'>469<\/span>\n\t\t\t\t\t\t<span itemprop='width'>937<\/span>\n\t\t\t\t<\/span>\n\t\t\t\t<span class='av-structured-data'  itemprop=\"publisher\" itemtype=\"https:\/\/schema.org\/Organization\" itemscope=\"itemscope\" >\n\t\t\t\t\t\t<span itemprop='name'>cenex<\/span>\n\t\t\t\t\t\t<span itemprop='logo' itemscope itemtype='https:\/\/schema.org\/ImageObject'>\n\t\t\t\t\t\t\t<span itemprop='url'>http:\/\/www.odonto.ufmg.br\/cenex\/wp-content\/uploads\/sites\/2\/2025\/08\/logo-cenex.svg<\/span>\n\t\t\t\t\t\t<\/span>\n\t\t\t\t<\/span><span class='av-structured-data'  itemprop=\"author\" itemscope=\"itemscope\" itemtype=\"https:\/\/schema.org\/Person\" ><span itemprop='name'>cenex<\/span><\/span><span class='av-structured-data'  itemprop=\"datePublished\" datetime=\"2025-04-04T10:05:51-03:00\" >2026-01-28 12:03:43<\/span><span class='av-structured-data'  itemprop=\"dateModified\" itemtype=\"https:\/\/schema.org\/dateModified\" >2026-03-12 11:53:57<\/span><span class='av-structured-data'  itemprop=\"mainEntityOfPage\" itemtype=\"https:\/\/schema.org\/mainEntityOfPage\" ><span itemprop='name'>Sele\u00e7\u00e3o de Volunt\u00e1rios para o Projeto de Extens\u00e3o &#8220;Atendimento ortod\u00f4ntico a pacientes com defeitos da odontog\u00eanese&#8221;<\/span><\/span><\/span><\/article><article class='slide-entry flex_column  post-entry post-entry-17715 slide-entry-overview slide-loop-57 slide-parity-even  av_one_fifth  real-thumbnail posttype-post post-format-standard'  itemscope=\"itemscope\" itemtype=\"https:\/\/schema.org\/CreativeWork\" ><a href='https:\/\/www.odonto.ufmg.br\/cenex\/ata\/selecao-de-voluntarios-para-o-projeto-de-extensao-tratamento-ortodontico-do-paciente-respirador-bucal\/' data-rel='slide-2' class='slide-image' title='Sele\u00e7\u00e3o de Volunt\u00e1rios para o Projeto de Extens\u00e3o &#8220;Tratamento ortod\u00f4ntico do paciente respirador bucal&#8221;'><img decoding=\"async\" fetchpriority=\"high\" width=\"260\" height=\"185\" src=\"https:\/\/www.odonto.ufmg.br\/cenex\/wp-content\/uploads\/sites\/2\/2019\/09\/cenex_oportunidade_site-260x185.png\" class=\"wp-image-10032 avia-img-lazy-loading-not-10032 attachment-portfolio_small size-portfolio_small wp-post-image\" alt=\"\" \/><\/a><div class=\"slide-content\"><header class=\"entry-content-header\" aria-label=\"Slide: Sele\u00e7\u00e3o de Volunt\u00e1rios para o Projeto de Extens\u00e3o &quot;Tratamento ortod\u00f4ntico do paciente respirador bucal&quot;\"><h3 class='slide-entry-title entry-title '  itemprop=\"headline\" ><a href='https:\/\/www.odonto.ufmg.br\/cenex\/ata\/selecao-de-voluntarios-para-o-projeto-de-extensao-tratamento-ortodontico-do-paciente-respirador-bucal\/' title='Sele\u00e7\u00e3o de Volunt\u00e1rios para o Projeto de Extens\u00e3o &#8220;Tratamento ortod\u00f4ntico do paciente respirador bucal&#8221;'>Sele\u00e7\u00e3o de Volunt\u00e1rios para o Projeto de Extens\u00e3o &#8220;Tratamento ortod\u00f4ntico do paciente respirador bucal&#8221;<\/a><\/h3><span class=\"av-vertical-delimiter\"><\/span><\/header><div class=\"slide-meta\"><time class='slide-meta-time updated'  itemprop=\"datePublished\" datetime=\"2026-01-28T12:01:19-03:00\" >28\/01\/2026<\/time><\/div><div class='slide-entry-excerpt entry-content'  itemprop=\"text\" >EDITAL\nEst\u00e3o abertas, a partir do dia 02\/02\/2026 a 23\/02\/2026\u2026<\/div><\/div><footer class=\"entry-footer\"><\/footer><span class='hidden'>\n\t\t\t\t<span class='av-structured-data'  itemprop=\"image\" itemscope=\"itemscope\" itemtype=\"https:\/\/schema.org\/ImageObject\" >\n\t\t\t\t\t\t<span itemprop='url'>https:\/\/www.odonto.ufmg.br\/cenex\/wp-content\/uploads\/sites\/2\/2019\/09\/cenex_oportunidade_site.png<\/span>\n\t\t\t\t\t\t<span itemprop='height'>469<\/span>\n\t\t\t\t\t\t<span itemprop='width'>937<\/span>\n\t\t\t\t<\/span>\n\t\t\t\t<span class='av-structured-data'  itemprop=\"publisher\" itemtype=\"https:\/\/schema.org\/Organization\" itemscope=\"itemscope\" >\n\t\t\t\t\t\t<span itemprop='name'>cenex<\/span>\n\t\t\t\t\t\t<span itemprop='logo' itemscope itemtype='https:\/\/schema.org\/ImageObject'>\n\t\t\t\t\t\t\t<span itemprop='url'>http:\/\/www.odonto.ufmg.br\/cenex\/wp-content\/uploads\/sites\/2\/2025\/08\/logo-cenex.svg<\/span>\n\t\t\t\t\t\t<\/span>\n\t\t\t\t<\/span><span class='av-structured-data'  itemprop=\"author\" itemscope=\"itemscope\" itemtype=\"https:\/\/schema.org\/Person\" ><span itemprop='name'>cenex<\/span><\/span><span class='av-structured-data'  itemprop=\"datePublished\" datetime=\"2025-04-04T10:05:51-03:00\" >2026-01-28 12:01:19<\/span><span class='av-structured-data'  itemprop=\"dateModified\" itemtype=\"https:\/\/schema.org\/dateModified\" >2026-03-12 11:53:52<\/span><span class='av-structured-data'  itemprop=\"mainEntityOfPage\" itemtype=\"https:\/\/schema.org\/mainEntityOfPage\" ><span itemprop='name'>Sele\u00e7\u00e3o de Volunt\u00e1rios para o Projeto de Extens\u00e3o &#8220;Tratamento ortod\u00f4ntico do paciente respirador bucal&#8221;<\/span><\/span><\/span><\/article><article class='slide-entry flex_column  post-entry post-entry-17712 slide-entry-overview slide-loop-58 slide-parity-odd  av_one_fifth  real-thumbnail posttype-post post-format-standard'  itemscope=\"itemscope\" itemtype=\"https:\/\/schema.org\/CreativeWork\" ><a href='https:\/\/www.odonto.ufmg.br\/cenex\/ata\/selecao-de-voluntarios-e-bolsistas-para-o-projeto-de-extensao-promocao-de-saude-bucal-da-populacao-em-situacao-de-rua-psr\/' data-rel='slide-2' class='slide-image' title='Sele\u00e7\u00e3o de Volunt\u00e1rios e Bolsistas para o Projeto de Extens\u00e3o &#8220;Promo\u00e7\u00e3o de Sa\u00fade Bucal da Popula\u00e7\u00e3o em Situa\u00e7\u00e3o de Rua (PSR)&#8221;'><img decoding=\"async\" fetchpriority=\"high\" width=\"260\" height=\"185\" src=\"https:\/\/www.odonto.ufmg.br\/cenex\/wp-content\/uploads\/sites\/2\/2019\/09\/cenex_oportunidade_site-260x185.png\" class=\"wp-image-10032 avia-img-lazy-loading-not-10032 attachment-portfolio_small size-portfolio_small wp-post-image\" alt=\"\" \/><\/a><div class=\"slide-content\"><header class=\"entry-content-header\" aria-label=\"Slide: Sele\u00e7\u00e3o de Volunt\u00e1rios e Bolsistas para o Projeto de Extens\u00e3o &quot;Promo\u00e7\u00e3o de Sa\u00fade Bucal da Popula\u00e7\u00e3o em Situa\u00e7\u00e3o de Rua (PSR)&quot;\"><h3 class='slide-entry-title entry-title '  itemprop=\"headline\" ><a href='https:\/\/www.odonto.ufmg.br\/cenex\/ata\/selecao-de-voluntarios-e-bolsistas-para-o-projeto-de-extensao-promocao-de-saude-bucal-da-populacao-em-situacao-de-rua-psr\/' title='Sele\u00e7\u00e3o de Volunt\u00e1rios e Bolsistas para o Projeto de Extens\u00e3o &#8220;Promo\u00e7\u00e3o de Sa\u00fade Bucal da Popula\u00e7\u00e3o em Situa\u00e7\u00e3o de Rua (PSR)&#8221;'>Sele\u00e7\u00e3o de Volunt\u00e1rios e Bolsistas para o Projeto de Extens\u00e3o &#8220;Promo\u00e7\u00e3o de Sa\u00fade Bucal da Popula\u00e7\u00e3o em Situa\u00e7\u00e3o de Rua (PSR)&#8221;<\/a><\/h3><span class=\"av-vertical-delimiter\"><\/span><\/header><div class=\"slide-meta\"><time class='slide-meta-time updated'  itemprop=\"datePublished\" datetime=\"2026-01-28T11:56:44-03:00\" >28\/01\/2026<\/time><\/div><div class='slide-entry-excerpt entry-content'  itemprop=\"text\" >EDITAL\nEst\u00e3o abertas, a partir do dia 28\/01\/2026 a 10\/02\/2026\u2026<\/div><\/div><footer class=\"entry-footer\"><\/footer><span class='hidden'>\n\t\t\t\t<span class='av-structured-data'  itemprop=\"image\" itemscope=\"itemscope\" itemtype=\"https:\/\/schema.org\/ImageObject\" >\n\t\t\t\t\t\t<span itemprop='url'>https:\/\/www.odonto.ufmg.br\/cenex\/wp-content\/uploads\/sites\/2\/2019\/09\/cenex_oportunidade_site.png<\/span>\n\t\t\t\t\t\t<span itemprop='height'>469<\/span>\n\t\t\t\t\t\t<span itemprop='width'>937<\/span>\n\t\t\t\t<\/span>\n\t\t\t\t<span class='av-structured-data'  itemprop=\"publisher\" itemtype=\"https:\/\/schema.org\/Organization\" itemscope=\"itemscope\" >\n\t\t\t\t\t\t<span itemprop='name'>cenex<\/span>\n\t\t\t\t\t\t<span itemprop='logo' itemscope itemtype='https:\/\/schema.org\/ImageObject'>\n\t\t\t\t\t\t\t<span itemprop='url'>http:\/\/www.odonto.ufmg.br\/cenex\/wp-content\/uploads\/sites\/2\/2025\/08\/logo-cenex.svg<\/span>\n\t\t\t\t\t\t<\/span>\n\t\t\t\t<\/span><span class='av-structured-data'  itemprop=\"author\" itemscope=\"itemscope\" itemtype=\"https:\/\/schema.org\/Person\" ><span itemprop='name'>cenex<\/span><\/span><span class='av-structured-data'  itemprop=\"datePublished\" datetime=\"2025-04-04T10:05:51-03:00\" >2026-01-28 11:56:44<\/span><span class='av-structured-data'  itemprop=\"dateModified\" itemtype=\"https:\/\/schema.org\/dateModified\" >2026-02-13 11:05:27<\/span><span class='av-structured-data'  itemprop=\"mainEntityOfPage\" itemtype=\"https:\/\/schema.org\/mainEntityOfPage\" ><span itemprop='name'>Sele\u00e7\u00e3o de Volunt\u00e1rios e Bolsistas para o Projeto de Extens\u00e3o &#8220;Promo\u00e7\u00e3o de Sa\u00fade Bucal da Popula\u00e7\u00e3o em Situa\u00e7\u00e3o de Rua (PSR)&#8221;<\/span><\/span><\/span><\/article><article class='slide-entry flex_column  post-entry post-entry-17702 slide-entry-overview slide-loop-59 slide-parity-even  av_one_fifth  real-thumbnail posttype-post post-format-standard'  itemscope=\"itemscope\" itemtype=\"https:\/\/schema.org\/CreativeWork\" ><a href='https:\/\/www.odonto.ufmg.br\/cenex\/ata\/selecao-de-voluntarios-para-o-projeto-de-extensao-acupuntura\/' data-rel='slide-2' class='slide-image' title='Sele\u00e7\u00e3o de Volunt\u00e1rios e Bolsista para o Projeto de Extens\u00e3o &#8220;PR\u00c1TICAS INTEGRATIVAS E COMPLEMENTARES EM SA\u00daDE: ACUPUNTURA NA ODONTOLOGIA&#8221;'><img decoding=\"async\" fetchpriority=\"high\" width=\"260\" height=\"185\" src=\"https:\/\/www.odonto.ufmg.br\/cenex\/wp-content\/uploads\/sites\/2\/2019\/09\/cenex_oportunidade_site-260x185.png\" class=\"wp-image-10032 avia-img-lazy-loading-not-10032 attachment-portfolio_small size-portfolio_small wp-post-image\" alt=\"\" \/><\/a><div class=\"slide-content\"><header class=\"entry-content-header\" aria-label=\"Slide: Sele\u00e7\u00e3o de Volunt\u00e1rios e Bolsista para o Projeto de Extens\u00e3o &quot;PR\u00c1TICAS INTEGRATIVAS E COMPLEMENTARES EM SA\u00daDE: ACUPUNTURA NA ODONTOLOGIA&quot;\"><h3 class='slide-entry-title entry-title '  itemprop=\"headline\" ><a href='https:\/\/www.odonto.ufmg.br\/cenex\/ata\/selecao-de-voluntarios-para-o-projeto-de-extensao-acupuntura\/' title='Sele\u00e7\u00e3o de Volunt\u00e1rios e Bolsista para o Projeto de Extens\u00e3o &#8220;PR\u00c1TICAS INTEGRATIVAS E COMPLEMENTARES EM SA\u00daDE: ACUPUNTURA NA ODONTOLOGIA&#8221;'>Sele\u00e7\u00e3o de Volunt\u00e1rios e Bolsista para o Projeto de Extens\u00e3o &#8220;PR\u00c1TICAS INTEGRATIVAS E COMPLEMENTARES EM SA\u00daDE: ACUPUNTURA NA ODONTOLOGIA&#8221;<\/a><\/h3><span class=\"av-vertical-delimiter\"><\/span><\/header><div class=\"slide-meta\"><time class='slide-meta-time updated'  itemprop=\"datePublished\" datetime=\"2026-01-28T11:49:56-03:00\" >28\/01\/2026<\/time><\/div><div class='slide-entry-excerpt entry-content'  itemprop=\"text\" >EDITAL\nEst\u00e3o abertas, a partir do dia 02\/02\/2026 a 23\/02\/2026\u2026<\/div><\/div><footer class=\"entry-footer\"><\/footer><span class='hidden'>\n\t\t\t\t<span class='av-structured-data'  itemprop=\"image\" itemscope=\"itemscope\" itemtype=\"https:\/\/schema.org\/ImageObject\" >\n\t\t\t\t\t\t<span itemprop='url'>https:\/\/www.odonto.ufmg.br\/cenex\/wp-content\/uploads\/sites\/2\/2019\/09\/cenex_oportunidade_site.png<\/span>\n\t\t\t\t\t\t<span itemprop='height'>469<\/span>\n\t\t\t\t\t\t<span itemprop='width'>937<\/span>\n\t\t\t\t<\/span>\n\t\t\t\t<span class='av-structured-data'  itemprop=\"publisher\" itemtype=\"https:\/\/schema.org\/Organization\" itemscope=\"itemscope\" >\n\t\t\t\t\t\t<span itemprop='name'>cenex<\/span>\n\t\t\t\t\t\t<span itemprop='logo' itemscope itemtype='https:\/\/schema.org\/ImageObject'>\n\t\t\t\t\t\t\t<span itemprop='url'>http:\/\/www.odonto.ufmg.br\/cenex\/wp-content\/uploads\/sites\/2\/2025\/08\/logo-cenex.svg<\/span>\n\t\t\t\t\t\t<\/span>\n\t\t\t\t<\/span><span class='av-structured-data'  itemprop=\"author\" itemscope=\"itemscope\" itemtype=\"https:\/\/schema.org\/Person\" ><span itemprop='name'>cenex<\/span><\/span><span class='av-structured-data'  itemprop=\"datePublished\" datetime=\"2025-04-04T10:05:51-03:00\" >2026-01-28 11:49:56<\/span><span class='av-structured-data'  itemprop=\"dateModified\" itemtype=\"https:\/\/schema.org\/dateModified\" >2026-03-04 10:29:34<\/span><span class='av-structured-data'  itemprop=\"mainEntityOfPage\" itemtype=\"https:\/\/schema.org\/mainEntityOfPage\" ><span itemprop='name'>Sele\u00e7\u00e3o de Volunt\u00e1rios e Bolsista para o Projeto de Extens\u00e3o &#8220;PR\u00c1TICAS INTEGRATIVAS E COMPLEMENTARES EM SA\u00daDE: ACUPUNTURA NA ODONTOLOGIA&#8221;<\/span><\/span><\/span><\/article><article class='slide-entry flex_column  post-entry post-entry-17697 slide-entry-overview slide-loop-60 slide-parity-odd  av_one_fifth  real-thumbnail posttype-post post-format-standard'  itemscope=\"itemscope\" itemtype=\"https:\/\/schema.org\/CreativeWork\" ><a href='https:\/\/www.odonto.ufmg.br\/cenex\/ata\/selecao-de-voluntarios-para-o-projeto-de-extensao-ultrassonografia-odontologia-2\/' data-rel='slide-2' class='slide-image' title='Sele\u00e7\u00e3o de Volunt\u00e1rios e Bolsista para o Projeto de Extens\u00e3o &#8220;Ultrassonografia em Odontologia&#8221;'><img decoding=\"async\" fetchpriority=\"high\" width=\"260\" height=\"185\" src=\"https:\/\/www.odonto.ufmg.br\/cenex\/wp-content\/uploads\/sites\/2\/2019\/09\/cenex_oportunidade_site-260x185.png\" class=\"wp-image-10032 avia-img-lazy-loading-not-10032 attachment-portfolio_small size-portfolio_small wp-post-image\" alt=\"\" \/><\/a><div class=\"slide-content\"><header class=\"entry-content-header\" aria-label=\"Slide: Sele\u00e7\u00e3o de Volunt\u00e1rios e Bolsista para o Projeto de Extens\u00e3o &quot;Ultrassonografia em Odontologia&quot;\"><h3 class='slide-entry-title entry-title '  itemprop=\"headline\" ><a href='https:\/\/www.odonto.ufmg.br\/cenex\/ata\/selecao-de-voluntarios-para-o-projeto-de-extensao-ultrassonografia-odontologia-2\/' title='Sele\u00e7\u00e3o de Volunt\u00e1rios e Bolsista para o Projeto de Extens\u00e3o &#8220;Ultrassonografia em Odontologia&#8221;'>Sele\u00e7\u00e3o de Volunt\u00e1rios e Bolsista para o Projeto de Extens\u00e3o &#8220;Ultrassonografia em Odontologia&#8221;<\/a><\/h3><span class=\"av-vertical-delimiter\"><\/span><\/header><div class=\"slide-meta\"><time class='slide-meta-time updated'  itemprop=\"datePublished\" datetime=\"2026-01-28T11:31:27-03:00\" >28\/01\/2026<\/time><\/div><div class='slide-entry-excerpt entry-content'  itemprop=\"text\" >\n\n\n\nEDITAL\nEst\u00e3o abertas, a partir do dia 02\/03\/2026 a 09\/03\/2026\u2026<\/div><\/div><footer class=\"entry-footer\"><\/footer><span class='hidden'>\n\t\t\t\t<span class='av-structured-data'  itemprop=\"image\" itemscope=\"itemscope\" itemtype=\"https:\/\/schema.org\/ImageObject\" >\n\t\t\t\t\t\t<span itemprop='url'>https:\/\/www.odonto.ufmg.br\/cenex\/wp-content\/uploads\/sites\/2\/2019\/09\/cenex_oportunidade_site.png<\/span>\n\t\t\t\t\t\t<span itemprop='height'>469<\/span>\n\t\t\t\t\t\t<span itemprop='width'>937<\/span>\n\t\t\t\t<\/span>\n\t\t\t\t<span class='av-structured-data'  itemprop=\"publisher\" itemtype=\"https:\/\/schema.org\/Organization\" itemscope=\"itemscope\" >\n\t\t\t\t\t\t<span itemprop='name'>cenex<\/span>\n\t\t\t\t\t\t<span itemprop='logo' itemscope itemtype='https:\/\/schema.org\/ImageObject'>\n\t\t\t\t\t\t\t<span itemprop='url'>http:\/\/www.odonto.ufmg.br\/cenex\/wp-content\/uploads\/sites\/2\/2025\/08\/logo-cenex.svg<\/span>\n\t\t\t\t\t\t<\/span>\n\t\t\t\t<\/span><span class='av-structured-data'  itemprop=\"author\" itemscope=\"itemscope\" itemtype=\"https:\/\/schema.org\/Person\" ><span itemprop='name'>cenex<\/span><\/span><span class='av-structured-data'  itemprop=\"datePublished\" datetime=\"2025-04-04T10:05:51-03:00\" >2026-01-28 11:31:27<\/span><span class='av-structured-data'  itemprop=\"dateModified\" itemtype=\"https:\/\/schema.org\/dateModified\" >2026-03-12 11:53:39<\/span><span class='av-structured-data'  itemprop=\"mainEntityOfPage\" itemtype=\"https:\/\/schema.org\/mainEntityOfPage\" ><span itemprop='name'>Sele\u00e7\u00e3o de Volunt\u00e1rios e Bolsista para o Projeto de Extens\u00e3o &#8220;Ultrassonografia em Odontologia&#8221;<\/span><\/span><\/span><\/article><\/div><div class=\"slide-entry-wrap\"><article class='slide-entry flex_column  post-entry post-entry-17513 slide-entry-overview slide-loop-61 slide-parity-odd  av_one_fifth first real-thumbnail posttype-post post-format-standard'  itemscope=\"itemscope\" itemtype=\"https:\/\/schema.org\/CreativeWork\" ><a href='https:\/\/www.odonto.ufmg.br\/cenex\/editais_encerrados\/selecao-de-voluntarios-para-o-projeto-de-extensao-ultrassonografia-odontologia\/' data-rel='slide-2' class='slide-image' title='Sele\u00e7\u00e3o de Volunt\u00e1rios para o Projeto de Extens\u00e3o &#8220;Transla\u00e7\u00e3o do Conhecimento em Odontologia em Sa\u00fade P\u00fablica&#8221;'><img decoding=\"async\" fetchpriority=\"high\" width=\"260\" height=\"185\" src=\"https:\/\/www.odonto.ufmg.br\/cenex\/wp-content\/uploads\/sites\/2\/2019\/09\/cenex_oportunidade_site-260x185.png\" class=\"wp-image-10032 avia-img-lazy-loading-not-10032 attachment-portfolio_small size-portfolio_small wp-post-image\" alt=\"\" \/><\/a><div class=\"slide-content\"><header class=\"entry-content-header\" aria-label=\"Slide: Sele\u00e7\u00e3o de Volunt\u00e1rios para o Projeto de Extens\u00e3o &quot;Transla\u00e7\u00e3o do Conhecimento em Odontologia em Sa\u00fade P\u00fablica&quot;\"><h3 class='slide-entry-title entry-title '  itemprop=\"headline\" ><a href='https:\/\/www.odonto.ufmg.br\/cenex\/editais_encerrados\/selecao-de-voluntarios-para-o-projeto-de-extensao-ultrassonografia-odontologia\/' title='Sele\u00e7\u00e3o de Volunt\u00e1rios para o Projeto de Extens\u00e3o &#8220;Transla\u00e7\u00e3o do Conhecimento em Odontologia em Sa\u00fade P\u00fablica&#8221;'>Sele\u00e7\u00e3o de Volunt\u00e1rios para o Projeto de Extens\u00e3o &#8220;Transla\u00e7\u00e3o do Conhecimento em Odontologia em Sa\u00fade P\u00fablica&#8221;<\/a><\/h3><span class=\"av-vertical-delimiter\"><\/span><\/header><div class=\"slide-meta\"><time class='slide-meta-time updated'  itemprop=\"datePublished\" datetime=\"2025-11-07T10:54:07-03:00\" >07\/11\/2025<\/time><\/div><div class='slide-entry-excerpt entry-content'  itemprop=\"text\" >\n\n\n\nEDITAL\nEst\u00e3o abertas, a partir do dia 04\/11\/2025 a 12\/11\/2025\u2026<\/div><\/div><footer class=\"entry-footer\"><\/footer><span class='hidden'>\n\t\t\t\t<span class='av-structured-data'  itemprop=\"image\" itemscope=\"itemscope\" itemtype=\"https:\/\/schema.org\/ImageObject\" >\n\t\t\t\t\t\t<span itemprop='url'>https:\/\/www.odonto.ufmg.br\/cenex\/wp-content\/uploads\/sites\/2\/2019\/09\/cenex_oportunidade_site.png<\/span>\n\t\t\t\t\t\t<span itemprop='height'>469<\/span>\n\t\t\t\t\t\t<span itemprop='width'>937<\/span>\n\t\t\t\t<\/span>\n\t\t\t\t<span class='av-structured-data'  itemprop=\"publisher\" itemtype=\"https:\/\/schema.org\/Organization\" itemscope=\"itemscope\" >\n\t\t\t\t\t\t<span itemprop='name'>cenex<\/span>\n\t\t\t\t\t\t<span itemprop='logo' itemscope itemtype='https:\/\/schema.org\/ImageObject'>\n\t\t\t\t\t\t\t<span itemprop='url'>http:\/\/www.odonto.ufmg.br\/cenex\/wp-content\/uploads\/sites\/2\/2025\/08\/logo-cenex.svg<\/span>\n\t\t\t\t\t\t<\/span>\n\t\t\t\t<\/span><span class='av-structured-data'  itemprop=\"author\" itemscope=\"itemscope\" itemtype=\"https:\/\/schema.org\/Person\" ><span itemprop='name'>cenex<\/span><\/span><span class='av-structured-data'  itemprop=\"datePublished\" datetime=\"2025-04-04T10:05:51-03:00\" >2025-11-07 10:54:07<\/span><span class='av-structured-data'  itemprop=\"dateModified\" itemtype=\"https:\/\/schema.org\/dateModified\" >2026-01-28 11:36:29<\/span><span class='av-structured-data'  itemprop=\"mainEntityOfPage\" itemtype=\"https:\/\/schema.org\/mainEntityOfPage\" ><span itemprop='name'>Sele\u00e7\u00e3o de Volunt\u00e1rios para o Projeto de Extens\u00e3o &#8220;Transla\u00e7\u00e3o do Conhecimento em Odontologia em Sa\u00fade P\u00fablica&#8221;<\/span><\/span><\/span><\/article><article class='slide-entry flex_column  post-entry post-entry-17459 slide-entry-overview slide-loop-62 slide-parity-even  av_one_fifth  real-thumbnail posttype-post post-format-standard'  itemscope=\"itemscope\" itemtype=\"https:\/\/schema.org\/CreativeWork\" ><a href='https:\/\/www.odonto.ufmg.br\/cenex\/editais_encerrados\/selecao-de-voluntarios-para-o-projeto-de-extensao-saude-bucal-no-sus\/' data-rel='slide-2' class='slide-image' title='Sele\u00e7\u00e3o de Volunt\u00e1rios para o Projeto de Extens\u00e3o \u201cSa\u00fade Bucal no SUS&#8221;'><img decoding=\"async\" fetchpriority=\"high\" width=\"260\" height=\"185\" src=\"https:\/\/www.odonto.ufmg.br\/cenex\/wp-content\/uploads\/sites\/2\/2019\/09\/cenex_oportunidade_site-260x185.png\" class=\"wp-image-10032 avia-img-lazy-loading-not-10032 attachment-portfolio_small size-portfolio_small wp-post-image\" alt=\"\" \/><\/a><div class=\"slide-content\"><header class=\"entry-content-header\" aria-label=\"Slide: Sele\u00e7\u00e3o de Volunt\u00e1rios para o Projeto de Extens\u00e3o \u201cSa\u00fade Bucal no SUS&quot;\"><h3 class='slide-entry-title entry-title '  itemprop=\"headline\" ><a href='https:\/\/www.odonto.ufmg.br\/cenex\/editais_encerrados\/selecao-de-voluntarios-para-o-projeto-de-extensao-saude-bucal-no-sus\/' title='Sele\u00e7\u00e3o de Volunt\u00e1rios para o Projeto de Extens\u00e3o \u201cSa\u00fade Bucal no SUS&#8221;'>Sele\u00e7\u00e3o de Volunt\u00e1rios para o Projeto de Extens\u00e3o \u201cSa\u00fade Bucal no SUS&#8221;<\/a><\/h3><span class=\"av-vertical-delimiter\"><\/span><\/header><div class=\"slide-meta\"><time class='slide-meta-time updated'  itemprop=\"datePublished\" datetime=\"2025-09-19T10:16:07-03:00\" >19\/09\/2025<\/time><\/div><div class='slide-entry-excerpt entry-content'  itemprop=\"text\" >EDITAL\nEst\u00e3o abertas, a partir do dia 19\/09\/2025 a 30\/09\/2025\u2026<\/div><\/div><footer class=\"entry-footer\"><\/footer><span class='hidden'>\n\t\t\t\t<span class='av-structured-data'  itemprop=\"image\" itemscope=\"itemscope\" itemtype=\"https:\/\/schema.org\/ImageObject\" >\n\t\t\t\t\t\t<span itemprop='url'>https:\/\/www.odonto.ufmg.br\/cenex\/wp-content\/uploads\/sites\/2\/2019\/09\/cenex_oportunidade_site.png<\/span>\n\t\t\t\t\t\t<span itemprop='height'>469<\/span>\n\t\t\t\t\t\t<span itemprop='width'>937<\/span>\n\t\t\t\t<\/span>\n\t\t\t\t<span class='av-structured-data'  itemprop=\"publisher\" itemtype=\"https:\/\/schema.org\/Organization\" itemscope=\"itemscope\" >\n\t\t\t\t\t\t<span itemprop='name'>cenex<\/span>\n\t\t\t\t\t\t<span itemprop='logo' itemscope itemtype='https:\/\/schema.org\/ImageObject'>\n\t\t\t\t\t\t\t<span itemprop='url'>http:\/\/www.odonto.ufmg.br\/cenex\/wp-content\/uploads\/sites\/2\/2025\/08\/logo-cenex.svg<\/span>\n\t\t\t\t\t\t<\/span>\n\t\t\t\t<\/span><span class='av-structured-data'  itemprop=\"author\" itemscope=\"itemscope\" itemtype=\"https:\/\/schema.org\/Person\" ><span itemprop='name'>cenex<\/span><\/span><span class='av-structured-data'  itemprop=\"datePublished\" datetime=\"2025-04-04T10:05:51-03:00\" >2025-09-19 10:16:07<\/span><span class='av-structured-data'  itemprop=\"dateModified\" itemtype=\"https:\/\/schema.org\/dateModified\" >2025-10-01 11:20:22<\/span><span class='av-structured-data'  itemprop=\"mainEntityOfPage\" itemtype=\"https:\/\/schema.org\/mainEntityOfPage\" ><span itemprop='name'>Sele\u00e7\u00e3o de Volunt\u00e1rios para o Projeto de Extens\u00e3o \u201cSa\u00fade Bucal no SUS&#8221;<\/span><\/span><\/span><\/article><article class='slide-entry flex_column  post-entry post-entry-17456 slide-entry-overview slide-loop-63 slide-parity-odd  av_one_fifth  real-thumbnail posttype-post post-format-standard'  itemscope=\"itemscope\" itemtype=\"https:\/\/schema.org\/CreativeWork\" ><a href='https:\/\/www.odonto.ufmg.br\/cenex\/editais_encerrados\/selecao-de-voluntarios-para-o-projeto-de-extensao-terapia-periodontal-de-suporte\/' data-rel='slide-2' class='slide-image' title='Sele\u00e7\u00e3o de Volunt\u00e1rios para o Projeto de Extens\u00e3o \u201cTerapia Periodontal de Suporte&#8221;'><img decoding=\"async\" fetchpriority=\"high\" width=\"260\" height=\"185\" src=\"https:\/\/www.odonto.ufmg.br\/cenex\/wp-content\/uploads\/sites\/2\/2019\/09\/cenex_oportunidade_site-260x185.png\" class=\"wp-image-10032 avia-img-lazy-loading-not-10032 attachment-portfolio_small size-portfolio_small wp-post-image\" alt=\"\" \/><\/a><div class=\"slide-content\"><header class=\"entry-content-header\" aria-label=\"Slide: Sele\u00e7\u00e3o de Volunt\u00e1rios para o Projeto de Extens\u00e3o \u201cTerapia Periodontal de Suporte&quot;\"><h3 class='slide-entry-title entry-title '  itemprop=\"headline\" ><a href='https:\/\/www.odonto.ufmg.br\/cenex\/editais_encerrados\/selecao-de-voluntarios-para-o-projeto-de-extensao-terapia-periodontal-de-suporte\/' title='Sele\u00e7\u00e3o de Volunt\u00e1rios para o Projeto de Extens\u00e3o \u201cTerapia Periodontal de Suporte&#8221;'>Sele\u00e7\u00e3o de Volunt\u00e1rios para o Projeto de Extens\u00e3o \u201cTerapia Periodontal de Suporte&#8221;<\/a><\/h3><span class=\"av-vertical-delimiter\"><\/span><\/header><div class=\"slide-meta\"><time class='slide-meta-time updated'  itemprop=\"datePublished\" datetime=\"2025-09-19T10:11:59-03:00\" >19\/09\/2025<\/time><\/div><div class='slide-entry-excerpt entry-content'  itemprop=\"text\" >EDITAL\nEst\u00e3o abertas, a partir do dia 17\/09\/2025 a 24\/09\/2025\u2026<\/div><\/div><footer class=\"entry-footer\"><\/footer><span class='hidden'>\n\t\t\t\t<span class='av-structured-data'  itemprop=\"image\" itemscope=\"itemscope\" itemtype=\"https:\/\/schema.org\/ImageObject\" >\n\t\t\t\t\t\t<span itemprop='url'>https:\/\/www.odonto.ufmg.br\/cenex\/wp-content\/uploads\/sites\/2\/2019\/09\/cenex_oportunidade_site.png<\/span>\n\t\t\t\t\t\t<span itemprop='height'>469<\/span>\n\t\t\t\t\t\t<span itemprop='width'>937<\/span>\n\t\t\t\t<\/span>\n\t\t\t\t<span class='av-structured-data'  itemprop=\"publisher\" itemtype=\"https:\/\/schema.org\/Organization\" itemscope=\"itemscope\" >\n\t\t\t\t\t\t<span itemprop='name'>cenex<\/span>\n\t\t\t\t\t\t<span itemprop='logo' itemscope itemtype='https:\/\/schema.org\/ImageObject'>\n\t\t\t\t\t\t\t<span itemprop='url'>http:\/\/www.odonto.ufmg.br\/cenex\/wp-content\/uploads\/sites\/2\/2025\/08\/logo-cenex.svg<\/span>\n\t\t\t\t\t\t<\/span>\n\t\t\t\t<\/span><span class='av-structured-data'  itemprop=\"author\" itemscope=\"itemscope\" itemtype=\"https:\/\/schema.org\/Person\" ><span itemprop='name'>cenex<\/span><\/span><span class='av-structured-data'  itemprop=\"datePublished\" datetime=\"2025-04-04T10:05:51-03:00\" >2025-09-19 10:11:59<\/span><span class='av-structured-data'  itemprop=\"dateModified\" itemtype=\"https:\/\/schema.org\/dateModified\" >2025-10-01 11:20:19<\/span><span class='av-structured-data'  itemprop=\"mainEntityOfPage\" itemtype=\"https:\/\/schema.org\/mainEntityOfPage\" ><span itemprop='name'>Sele\u00e7\u00e3o de Volunt\u00e1rios para o Projeto de Extens\u00e3o \u201cTerapia Periodontal de Suporte&#8221;<\/span><\/span><\/span><\/article><article class='slide-entry flex_column  post-entry post-entry-17454 slide-entry-overview slide-loop-64 slide-parity-even  av_one_fifth  real-thumbnail posttype-post post-format-standard'  itemscope=\"itemscope\" itemtype=\"https:\/\/schema.org\/CreativeWork\" ><a href='https:\/\/www.odonto.ufmg.br\/cenex\/editais_encerrados\/selecao-de-voluntarios-para-o-projeto-de-extensao-restauracoes-provisorias\/' data-rel='slide-2' class='slide-image' title='Sele\u00e7\u00e3o de Volunt\u00e1rios para o Projeto de Extens\u00e3o \u201cRestaura\u00e7\u00f5es\u00a0Provis\u00f3rias\u201d.'><img decoding=\"async\" fetchpriority=\"high\" width=\"260\" height=\"185\" src=\"https:\/\/www.odonto.ufmg.br\/cenex\/wp-content\/uploads\/sites\/2\/2019\/09\/cenex_oportunidade_site-260x185.png\" class=\"wp-image-10032 avia-img-lazy-loading-not-10032 attachment-portfolio_small size-portfolio_small wp-post-image\" alt=\"\" \/><\/a><div class=\"slide-content\"><header class=\"entry-content-header\" aria-label=\"Slide: Sele\u00e7\u00e3o de Volunt\u00e1rios para o Projeto de Extens\u00e3o \u201cRestaura\u00e7\u00f5es\u00a0Provis\u00f3rias\u201d.\"><h3 class='slide-entry-title entry-title '  itemprop=\"headline\" ><a href='https:\/\/www.odonto.ufmg.br\/cenex\/editais_encerrados\/selecao-de-voluntarios-para-o-projeto-de-extensao-restauracoes-provisorias\/' title='Sele\u00e7\u00e3o de Volunt\u00e1rios para o Projeto de Extens\u00e3o \u201cRestaura\u00e7\u00f5es\u00a0Provis\u00f3rias\u201d.'>Sele\u00e7\u00e3o de Volunt\u00e1rios para o Projeto de Extens\u00e3o \u201cRestaura\u00e7\u00f5es\u00a0Provis\u00f3rias\u201d.<\/a><\/h3><span class=\"av-vertical-delimiter\"><\/span><\/header><div class=\"slide-meta\"><time class='slide-meta-time updated'  itemprop=\"datePublished\" datetime=\"2025-09-12T10:51:09-03:00\" >12\/09\/2025<\/time><\/div><div class='slide-entry-excerpt entry-content'  itemprop=\"text\" >EDITAL\nEst\u00e3o abertas, a partir do dia 10\/09\/2025 at\u00e9 o dia\u2026<\/div><\/div><footer class=\"entry-footer\"><\/footer><span class='hidden'>\n\t\t\t\t<span class='av-structured-data'  itemprop=\"image\" itemscope=\"itemscope\" itemtype=\"https:\/\/schema.org\/ImageObject\" >\n\t\t\t\t\t\t<span itemprop='url'>https:\/\/www.odonto.ufmg.br\/cenex\/wp-content\/uploads\/sites\/2\/2019\/09\/cenex_oportunidade_site.png<\/span>\n\t\t\t\t\t\t<span itemprop='height'>469<\/span>\n\t\t\t\t\t\t<span itemprop='width'>937<\/span>\n\t\t\t\t<\/span>\n\t\t\t\t<span class='av-structured-data'  itemprop=\"publisher\" itemtype=\"https:\/\/schema.org\/Organization\" itemscope=\"itemscope\" >\n\t\t\t\t\t\t<span itemprop='name'>cenex<\/span>\n\t\t\t\t\t\t<span itemprop='logo' itemscope itemtype='https:\/\/schema.org\/ImageObject'>\n\t\t\t\t\t\t\t<span itemprop='url'>http:\/\/www.odonto.ufmg.br\/cenex\/wp-content\/uploads\/sites\/2\/2025\/08\/logo-cenex.svg<\/span>\n\t\t\t\t\t\t<\/span>\n\t\t\t\t<\/span><span class='av-structured-data'  itemprop=\"author\" itemscope=\"itemscope\" itemtype=\"https:\/\/schema.org\/Person\" ><span itemprop='name'>cenex<\/span><\/span><span class='av-structured-data'  itemprop=\"datePublished\" datetime=\"2025-04-04T10:05:51-03:00\" >2025-09-12 10:51:09<\/span><span class='av-structured-data'  itemprop=\"dateModified\" itemtype=\"https:\/\/schema.org\/dateModified\" >2025-09-19 10:12:46<\/span><span class='av-structured-data'  itemprop=\"mainEntityOfPage\" itemtype=\"https:\/\/schema.org\/mainEntityOfPage\" ><span itemprop='name'>Sele\u00e7\u00e3o de Volunt\u00e1rios para o Projeto de Extens\u00e3o \u201cRestaura\u00e7\u00f5es\u00a0Provis\u00f3rias\u201d.<\/span><\/span><\/span><\/article><article class='slide-entry flex_column  post-entry post-entry-17425 slide-entry-overview slide-loop-65 slide-parity-odd  av_one_fifth  real-thumbnail posttype-post post-format-standard'  itemscope=\"itemscope\" itemtype=\"https:\/\/schema.org\/CreativeWork\" ><a href='https:\/\/www.odonto.ufmg.br\/cenex\/editais_encerrados\/selecao-de-bolsista-de-graduacao-acoes-afirmativas-para-o-projeto-de-extensao-dor-orofacial-siex-402109\/' data-rel='slide-2' class='slide-image' title='Sele\u00e7\u00e3o de Bolsista de Gradua\u00e7\u00e3o A\u00e7\u00f5es afirmativas para o Projeto de Extens\u00e3o &#8220;Dor Orofacial&#8221; &#8211; Siex 402109'><img decoding=\"async\" fetchpriority=\"high\" width=\"260\" height=\"185\" src=\"https:\/\/www.odonto.ufmg.br\/cenex\/wp-content\/uploads\/sites\/2\/2019\/09\/cenex_oportunidade_site-260x185.png\" class=\"wp-image-10032 avia-img-lazy-loading-not-10032 attachment-portfolio_small size-portfolio_small wp-post-image\" alt=\"\" \/><\/a><div class=\"slide-content\"><header class=\"entry-content-header\" aria-label=\"Slide: Sele\u00e7\u00e3o de Bolsista de Gradua\u00e7\u00e3o A\u00e7\u00f5es afirmativas para o Projeto de Extens\u00e3o &quot;Dor Orofacial&quot; - Siex 402109\"><h3 class='slide-entry-title entry-title '  itemprop=\"headline\" ><a href='https:\/\/www.odonto.ufmg.br\/cenex\/editais_encerrados\/selecao-de-bolsista-de-graduacao-acoes-afirmativas-para-o-projeto-de-extensao-dor-orofacial-siex-402109\/' title='Sele\u00e7\u00e3o de Bolsista de Gradua\u00e7\u00e3o A\u00e7\u00f5es afirmativas para o Projeto de Extens\u00e3o &#8220;Dor Orofacial&#8221; &#8211; Siex 402109'>Sele\u00e7\u00e3o de Bolsista de Gradua\u00e7\u00e3o A\u00e7\u00f5es afirmativas para o Projeto de Extens\u00e3o &#8220;Dor Orofacial&#8221; &#8211; Siex 402109<\/a><\/h3><span class=\"av-vertical-delimiter\"><\/span><\/header><div class=\"slide-meta\"><time class='slide-meta-time updated'  itemprop=\"datePublished\" datetime=\"2025-09-04T13:00:31-03:00\" >04\/09\/2025<\/time><\/div><div class='slide-entry-excerpt entry-content'  itemprop=\"text\" >EDITAL\nEst\u00e3o abertas, a partir do dia 03\/09\/2025 at\u00e9 o dia\u2026<\/div><\/div><footer class=\"entry-footer\"><\/footer><span class='hidden'>\n\t\t\t\t<span class='av-structured-data'  itemprop=\"image\" itemscope=\"itemscope\" itemtype=\"https:\/\/schema.org\/ImageObject\" >\n\t\t\t\t\t\t<span itemprop='url'>https:\/\/www.odonto.ufmg.br\/cenex\/wp-content\/uploads\/sites\/2\/2019\/09\/cenex_oportunidade_site.png<\/span>\n\t\t\t\t\t\t<span itemprop='height'>469<\/span>\n\t\t\t\t\t\t<span itemprop='width'>937<\/span>\n\t\t\t\t<\/span>\n\t\t\t\t<span class='av-structured-data'  itemprop=\"publisher\" itemtype=\"https:\/\/schema.org\/Organization\" itemscope=\"itemscope\" >\n\t\t\t\t\t\t<span itemprop='name'>cenex<\/span>\n\t\t\t\t\t\t<span itemprop='logo' itemscope itemtype='https:\/\/schema.org\/ImageObject'>\n\t\t\t\t\t\t\t<span itemprop='url'>http:\/\/www.odonto.ufmg.br\/cenex\/wp-content\/uploads\/sites\/2\/2025\/08\/logo-cenex.svg<\/span>\n\t\t\t\t\t\t<\/span>\n\t\t\t\t<\/span><span class='av-structured-data'  itemprop=\"author\" itemscope=\"itemscope\" itemtype=\"https:\/\/schema.org\/Person\" ><span itemprop='name'>cenex<\/span><\/span><span class='av-structured-data'  itemprop=\"datePublished\" datetime=\"2025-04-04T10:05:51-03:00\" >2025-09-04 13:00:31<\/span><span class='av-structured-data'  itemprop=\"dateModified\" itemtype=\"https:\/\/schema.org\/dateModified\" >2025-09-12 10:53:00<\/span><span class='av-structured-data'  itemprop=\"mainEntityOfPage\" itemtype=\"https:\/\/schema.org\/mainEntityOfPage\" ><span itemprop='name'>Sele\u00e7\u00e3o de Bolsista de Gradua\u00e7\u00e3o A\u00e7\u00f5es afirmativas para o Projeto de Extens\u00e3o &#8220;Dor Orofacial&#8221; &#8211; Siex 402109<\/span><\/span><\/span><\/article><\/div><div class=\"slide-entry-wrap\"><article class='slide-entry flex_column  post-entry post-entry-17423 slide-entry-overview slide-loop-66 slide-parity-odd  av_one_fifth first real-thumbnail posttype-post post-format-standard'  itemscope=\"itemscope\" itemtype=\"https:\/\/schema.org\/CreativeWork\" ><a href='https:\/\/www.odonto.ufmg.br\/cenex\/editais_encerrados\/selecao-de-voluntarios-para-o-programa-de-extensao-atencao-a-saude-de-idosos-em-situacao-de-vulnerabilidade-clinico-funcional\/' data-rel='slide-2' class='slide-image' title='Sele\u00e7\u00e3o de Volunt\u00e1rios para o Programa de Extens\u00e3o \u201cAten\u00e7\u00e3o \u00e0 sa\u00fade de idosos em situa\u00e7\u00e3o de vulnerabilidade cl\u00ednico-funcional&#8221;'><img decoding=\"async\" fetchpriority=\"high\" width=\"260\" height=\"185\" src=\"https:\/\/www.odonto.ufmg.br\/cenex\/wp-content\/uploads\/sites\/2\/2019\/09\/cenex_oportunidade_site-260x185.png\" class=\"wp-image-10032 avia-img-lazy-loading-not-10032 attachment-portfolio_small size-portfolio_small wp-post-image\" alt=\"\" \/><\/a><div class=\"slide-content\"><header class=\"entry-content-header\" aria-label=\"Slide: Sele\u00e7\u00e3o de Volunt\u00e1rios para o Programa de Extens\u00e3o \u201cAten\u00e7\u00e3o \u00e0 sa\u00fade de idosos em situa\u00e7\u00e3o de vulnerabilidade cl\u00ednico-funcional&quot;\"><h3 class='slide-entry-title entry-title '  itemprop=\"headline\" ><a href='https:\/\/www.odonto.ufmg.br\/cenex\/editais_encerrados\/selecao-de-voluntarios-para-o-programa-de-extensao-atencao-a-saude-de-idosos-em-situacao-de-vulnerabilidade-clinico-funcional\/' title='Sele\u00e7\u00e3o de Volunt\u00e1rios para o Programa de Extens\u00e3o \u201cAten\u00e7\u00e3o \u00e0 sa\u00fade de idosos em situa\u00e7\u00e3o de vulnerabilidade cl\u00ednico-funcional&#8221;'>Sele\u00e7\u00e3o de Volunt\u00e1rios para o Programa de Extens\u00e3o \u201cAten\u00e7\u00e3o \u00e0 sa\u00fade de idosos em situa\u00e7\u00e3o de vulnerabilidade cl\u00ednico-funcional&#8221;<\/a><\/h3><span class=\"av-vertical-delimiter\"><\/span><\/header><div class=\"slide-meta\"><time class='slide-meta-time updated'  itemprop=\"datePublished\" datetime=\"2025-09-04T12:56:10-03:00\" >04\/09\/2025<\/time><\/div><div class='slide-entry-excerpt entry-content'  itemprop=\"text\" >EDITAL\nEst\u00e3o abertas, a partir do dia 08\/09\/2025 at\u00e9 o dia\u2026<\/div><\/div><footer class=\"entry-footer\"><\/footer><span class='hidden'>\n\t\t\t\t<span class='av-structured-data'  itemprop=\"image\" itemscope=\"itemscope\" itemtype=\"https:\/\/schema.org\/ImageObject\" >\n\t\t\t\t\t\t<span itemprop='url'>https:\/\/www.odonto.ufmg.br\/cenex\/wp-content\/uploads\/sites\/2\/2019\/09\/cenex_oportunidade_site.png<\/span>\n\t\t\t\t\t\t<span itemprop='height'>469<\/span>\n\t\t\t\t\t\t<span itemprop='width'>937<\/span>\n\t\t\t\t<\/span>\n\t\t\t\t<span class='av-structured-data'  itemprop=\"publisher\" itemtype=\"https:\/\/schema.org\/Organization\" itemscope=\"itemscope\" >\n\t\t\t\t\t\t<span itemprop='name'>cenex<\/span>\n\t\t\t\t\t\t<span itemprop='logo' itemscope itemtype='https:\/\/schema.org\/ImageObject'>\n\t\t\t\t\t\t\t<span itemprop='url'>http:\/\/www.odonto.ufmg.br\/cenex\/wp-content\/uploads\/sites\/2\/2025\/08\/logo-cenex.svg<\/span>\n\t\t\t\t\t\t<\/span>\n\t\t\t\t<\/span><span class='av-structured-data'  itemprop=\"author\" itemscope=\"itemscope\" itemtype=\"https:\/\/schema.org\/Person\" ><span itemprop='name'>cenex<\/span><\/span><span class='av-structured-data'  itemprop=\"datePublished\" datetime=\"2025-04-04T10:05:51-03:00\" >2025-09-04 12:56:10<\/span><span class='av-structured-data'  itemprop=\"dateModified\" itemtype=\"https:\/\/schema.org\/dateModified\" >2025-09-19 10:12:31<\/span><span class='av-structured-data'  itemprop=\"mainEntityOfPage\" itemtype=\"https:\/\/schema.org\/mainEntityOfPage\" ><span itemprop='name'>Sele\u00e7\u00e3o de Volunt\u00e1rios para o Programa de Extens\u00e3o \u201cAten\u00e7\u00e3o \u00e0 sa\u00fade de idosos em situa\u00e7\u00e3o de vulnerabilidade cl\u00ednico-funcional&#8221;<\/span><\/span><\/span><\/article><article class='slide-entry flex_column  post-entry post-entry-17394 slide-entry-overview slide-loop-67 slide-parity-even  av_one_fifth  real-thumbnail posttype-post post-format-standard'  itemscope=\"itemscope\" itemtype=\"https:\/\/schema.org\/CreativeWork\" ><a href='https:\/\/www.odonto.ufmg.br\/cenex\/editais_encerrados\/selecao-complementar-de-voluntarios-para-o-projeto-de-extensao-atendimento-odontologico-a-pacientes-com-traumatismos-dentarios-na-denticao-decidua\/' data-rel='slide-2' class='slide-image' title='Sele\u00e7\u00e3o Complementar de Volunt\u00e1rios para o Projeto de Extens\u00e3o &#8220;Atendimento Odontol\u00f3gico a Pacientes com Traumatismos Dent\u00e1rios na Denti\u00e7\u00e3o Dec\u00eddua&#8221;'><img decoding=\"async\" fetchpriority=\"high\" width=\"260\" height=\"185\" src=\"https:\/\/www.odonto.ufmg.br\/cenex\/wp-content\/uploads\/sites\/2\/2019\/09\/cenex_oportunidade_site-260x185.png\" class=\"wp-image-10032 avia-img-lazy-loading-not-10032 attachment-portfolio_small size-portfolio_small wp-post-image\" alt=\"\" \/><\/a><div class=\"slide-content\"><header class=\"entry-content-header\" aria-label=\"Slide: Sele\u00e7\u00e3o Complementar de Volunt\u00e1rios para o Projeto de Extens\u00e3o &quot;Atendimento Odontol\u00f3gico a Pacientes com Traumatismos Dent\u00e1rios na Denti\u00e7\u00e3o Dec\u00eddua&quot;\"><h3 class='slide-entry-title entry-title '  itemprop=\"headline\" ><a href='https:\/\/www.odonto.ufmg.br\/cenex\/editais_encerrados\/selecao-complementar-de-voluntarios-para-o-projeto-de-extensao-atendimento-odontologico-a-pacientes-com-traumatismos-dentarios-na-denticao-decidua\/' title='Sele\u00e7\u00e3o Complementar de Volunt\u00e1rios para o Projeto de Extens\u00e3o &#8220;Atendimento Odontol\u00f3gico a Pacientes com Traumatismos Dent\u00e1rios na Denti\u00e7\u00e3o Dec\u00eddua&#8221;'>Sele\u00e7\u00e3o Complementar de Volunt\u00e1rios para o Projeto de Extens\u00e3o &#8220;Atendimento Odontol\u00f3gico a Pacientes com Traumatismos Dent\u00e1rios na Denti\u00e7\u00e3o Dec\u00eddua&#8221;<\/a><\/h3><span class=\"av-vertical-delimiter\"><\/span><\/header><div class=\"slide-meta\"><time class='slide-meta-time updated'  itemprop=\"datePublished\" datetime=\"2025-08-26T20:00:46-03:00\" >26\/08\/2025<\/time><\/div><div class='slide-entry-excerpt entry-content'  itemprop=\"text\" >EDITAL\nEst\u00e3o abertas, a partir do dia 27\/08\/2025 at\u00e9 o dia\u2026<\/div><\/div><footer class=\"entry-footer\"><\/footer><span class='hidden'>\n\t\t\t\t<span class='av-structured-data'  itemprop=\"image\" itemscope=\"itemscope\" itemtype=\"https:\/\/schema.org\/ImageObject\" >\n\t\t\t\t\t\t<span itemprop='url'>https:\/\/www.odonto.ufmg.br\/cenex\/wp-content\/uploads\/sites\/2\/2019\/09\/cenex_oportunidade_site.png<\/span>\n\t\t\t\t\t\t<span itemprop='height'>469<\/span>\n\t\t\t\t\t\t<span itemprop='width'>937<\/span>\n\t\t\t\t<\/span>\n\t\t\t\t<span class='av-structured-data'  itemprop=\"publisher\" itemtype=\"https:\/\/schema.org\/Organization\" itemscope=\"itemscope\" >\n\t\t\t\t\t\t<span itemprop='name'>cenex<\/span>\n\t\t\t\t\t\t<span itemprop='logo' itemscope itemtype='https:\/\/schema.org\/ImageObject'>\n\t\t\t\t\t\t\t<span itemprop='url'>http:\/\/www.odonto.ufmg.br\/cenex\/wp-content\/uploads\/sites\/2\/2025\/08\/logo-cenex.svg<\/span>\n\t\t\t\t\t\t<\/span>\n\t\t\t\t<\/span><span class='av-structured-data'  itemprop=\"author\" itemscope=\"itemscope\" itemtype=\"https:\/\/schema.org\/Person\" ><span itemprop='name'>cenex<\/span><\/span><span class='av-structured-data'  itemprop=\"datePublished\" datetime=\"2025-04-04T10:05:51-03:00\" >2025-08-26 20:00:46<\/span><span class='av-structured-data'  itemprop=\"dateModified\" itemtype=\"https:\/\/schema.org\/dateModified\" >2025-09-04 12:38:50<\/span><span class='av-structured-data'  itemprop=\"mainEntityOfPage\" itemtype=\"https:\/\/schema.org\/mainEntityOfPage\" ><span itemprop='name'>Sele\u00e7\u00e3o Complementar de Volunt\u00e1rios para o Projeto de Extens\u00e3o &#8220;Atendimento Odontol\u00f3gico a Pacientes com Traumatismos Dent\u00e1rios na Denti\u00e7\u00e3o Dec\u00eddua&#8221;<\/span><\/span><\/span><\/article><article class='slide-entry flex_column  post-entry post-entry-17352 slide-entry-overview slide-loop-68 slide-parity-odd  av_one_fifth  real-thumbnail posttype-post post-format-standard'  itemscope=\"itemscope\" itemtype=\"https:\/\/schema.org\/CreativeWork\" ><a href='https:\/\/www.odonto.ufmg.br\/cenex\/editais_encerrados\/selecao-de-voluntarios-para-o-projeto-de-extensao-promocao-de-saude-bucal-para-adolescentes-2\/' data-rel='slide-2' class='slide-image' title='Sele\u00e7\u00e3o de Volunt\u00e1rios para o Projeto de Extens\u00e3o &#8220;Promo\u00e7\u00e3o de Sa\u00fade Bucal para Adolescentes&#8221;'><img decoding=\"async\" fetchpriority=\"high\" width=\"260\" height=\"185\" src=\"https:\/\/www.odonto.ufmg.br\/cenex\/wp-content\/uploads\/sites\/2\/2019\/09\/cenex_oportunidade_site-260x185.png\" class=\"wp-image-10032 avia-img-lazy-loading-not-10032 attachment-portfolio_small size-portfolio_small wp-post-image\" alt=\"\" \/><\/a><div class=\"slide-content\"><header class=\"entry-content-header\" aria-label=\"Slide: Sele\u00e7\u00e3o de Volunt\u00e1rios para o Projeto de Extens\u00e3o &quot;Promo\u00e7\u00e3o de Sa\u00fade Bucal para Adolescentes&quot;\"><h3 class='slide-entry-title entry-title '  itemprop=\"headline\" ><a href='https:\/\/www.odonto.ufmg.br\/cenex\/editais_encerrados\/selecao-de-voluntarios-para-o-projeto-de-extensao-promocao-de-saude-bucal-para-adolescentes-2\/' title='Sele\u00e7\u00e3o de Volunt\u00e1rios para o Projeto de Extens\u00e3o &#8220;Promo\u00e7\u00e3o de Sa\u00fade Bucal para Adolescentes&#8221;'>Sele\u00e7\u00e3o de Volunt\u00e1rios para o Projeto de Extens\u00e3o &#8220;Promo\u00e7\u00e3o de Sa\u00fade Bucal para Adolescentes&#8221;<\/a><\/h3><span class=\"av-vertical-delimiter\"><\/span><\/header><div class=\"slide-meta\"><time class='slide-meta-time updated'  itemprop=\"datePublished\" datetime=\"2025-08-22T11:22:43-03:00\" >22\/08\/2025<\/time><\/div><div class='slide-entry-excerpt entry-content'  itemprop=\"text\" >EDITAL\nEst\u00e3o abertas, a partir do dia 22\/08\/2025 at\u00e9 o dia\u2026<\/div><\/div><footer class=\"entry-footer\"><\/footer><span class='hidden'>\n\t\t\t\t<span class='av-structured-data'  itemprop=\"image\" itemscope=\"itemscope\" itemtype=\"https:\/\/schema.org\/ImageObject\" >\n\t\t\t\t\t\t<span itemprop='url'>https:\/\/www.odonto.ufmg.br\/cenex\/wp-content\/uploads\/sites\/2\/2019\/09\/cenex_oportunidade_site.png<\/span>\n\t\t\t\t\t\t<span itemprop='height'>469<\/span>\n\t\t\t\t\t\t<span itemprop='width'>937<\/span>\n\t\t\t\t<\/span>\n\t\t\t\t<span class='av-structured-data'  itemprop=\"publisher\" itemtype=\"https:\/\/schema.org\/Organization\" itemscope=\"itemscope\" >\n\t\t\t\t\t\t<span itemprop='name'>cenex<\/span>\n\t\t\t\t\t\t<span itemprop='logo' itemscope itemtype='https:\/\/schema.org\/ImageObject'>\n\t\t\t\t\t\t\t<span itemprop='url'>http:\/\/www.odonto.ufmg.br\/cenex\/wp-content\/uploads\/sites\/2\/2025\/08\/logo-cenex.svg<\/span>\n\t\t\t\t\t\t<\/span>\n\t\t\t\t<\/span><span class='av-structured-data'  itemprop=\"author\" itemscope=\"itemscope\" itemtype=\"https:\/\/schema.org\/Person\" ><span itemprop='name'>cenex<\/span><\/span><span class='av-structured-data'  itemprop=\"datePublished\" datetime=\"2025-04-04T10:05:51-03:00\" >2025-08-22 11:22:43<\/span><span class='av-structured-data'  itemprop=\"dateModified\" itemtype=\"https:\/\/schema.org\/dateModified\" >2025-09-04 12:38:55<\/span><span class='av-structured-data'  itemprop=\"mainEntityOfPage\" itemtype=\"https:\/\/schema.org\/mainEntityOfPage\" ><span itemprop='name'>Sele\u00e7\u00e3o de Volunt\u00e1rios para o Projeto de Extens\u00e3o &#8220;Promo\u00e7\u00e3o de Sa\u00fade Bucal para Adolescentes&#8221;<\/span><\/span><\/span><\/article><article class='slide-entry flex_column  post-entry post-entry-17340 slide-entry-overview slide-loop-69 slide-parity-even  av_one_fifth  real-thumbnail posttype-post post-format-standard'  itemscope=\"itemscope\" itemtype=\"https:\/\/schema.org\/CreativeWork\" ><a href='https:\/\/www.odonto.ufmg.br\/cenex\/editais_encerrados\/selecao-de-voluntarios-para-o-projeto-de-extensao-praticas-integrativas-e-complementares-em-saude-acupuntura-na-odontologia\/' data-rel='slide-2' class='slide-image' title='Sele\u00e7\u00e3o de Volunt\u00e1rios para o Projeto de Extens\u00e3o &#8220;Pr\u00e1ticas Integrativas e Complementares em Sa\u00fade: Acupuntura na Odontologia&#8221;'><img decoding=\"async\" fetchpriority=\"high\" width=\"260\" height=\"185\" src=\"https:\/\/www.odonto.ufmg.br\/cenex\/wp-content\/uploads\/sites\/2\/2019\/09\/cenex_oportunidade_site-260x185.png\" class=\"wp-image-10032 avia-img-lazy-loading-not-10032 attachment-portfolio_small size-portfolio_small wp-post-image\" alt=\"\" \/><\/a><div class=\"slide-content\"><header class=\"entry-content-header\" aria-label=\"Slide: Sele\u00e7\u00e3o de Volunt\u00e1rios para o Projeto de Extens\u00e3o &quot;Pr\u00e1ticas Integrativas e Complementares em Sa\u00fade: Acupuntura na Odontologia&quot;\"><h3 class='slide-entry-title entry-title '  itemprop=\"headline\" ><a href='https:\/\/www.odonto.ufmg.br\/cenex\/editais_encerrados\/selecao-de-voluntarios-para-o-projeto-de-extensao-praticas-integrativas-e-complementares-em-saude-acupuntura-na-odontologia\/' title='Sele\u00e7\u00e3o de Volunt\u00e1rios para o Projeto de Extens\u00e3o &#8220;Pr\u00e1ticas Integrativas e Complementares em Sa\u00fade: Acupuntura na Odontologia&#8221;'>Sele\u00e7\u00e3o de Volunt\u00e1rios para o Projeto de Extens\u00e3o &#8220;Pr\u00e1ticas Integrativas e Complementares em Sa\u00fade: Acupuntura na Odontologia&#8221;<\/a><\/h3><span class=\"av-vertical-delimiter\"><\/span><\/header><div class=\"slide-meta\"><time class='slide-meta-time updated'  itemprop=\"datePublished\" datetime=\"2025-08-20T22:55:33-03:00\" >20\/08\/2025<\/time><\/div><div class='slide-entry-excerpt entry-content'  itemprop=\"text\" >EDITAL\nEst\u00e3o abertas, a partir do dia 21\/08\/2025 at\u00e9 o dia\u2026<\/div><\/div><footer class=\"entry-footer\"><\/footer><span class='hidden'>\n\t\t\t\t<span class='av-structured-data'  itemprop=\"image\" itemscope=\"itemscope\" itemtype=\"https:\/\/schema.org\/ImageObject\" >\n\t\t\t\t\t\t<span itemprop='url'>https:\/\/www.odonto.ufmg.br\/cenex\/wp-content\/uploads\/sites\/2\/2019\/09\/cenex_oportunidade_site.png<\/span>\n\t\t\t\t\t\t<span itemprop='height'>469<\/span>\n\t\t\t\t\t\t<span itemprop='width'>937<\/span>\n\t\t\t\t<\/span>\n\t\t\t\t<span class='av-structured-data'  itemprop=\"publisher\" itemtype=\"https:\/\/schema.org\/Organization\" itemscope=\"itemscope\" >\n\t\t\t\t\t\t<span itemprop='name'>cenex<\/span>\n\t\t\t\t\t\t<span itemprop='logo' itemscope itemtype='https:\/\/schema.org\/ImageObject'>\n\t\t\t\t\t\t\t<span itemprop='url'>http:\/\/www.odonto.ufmg.br\/cenex\/wp-content\/uploads\/sites\/2\/2025\/08\/logo-cenex.svg<\/span>\n\t\t\t\t\t\t<\/span>\n\t\t\t\t<\/span><span class='av-structured-data'  itemprop=\"author\" itemscope=\"itemscope\" itemtype=\"https:\/\/schema.org\/Person\" ><span itemprop='name'>cenex<\/span><\/span><span class='av-structured-data'  itemprop=\"datePublished\" datetime=\"2025-04-04T10:05:51-03:00\" >2025-08-20 22:55:33<\/span><span class='av-structured-data'  itemprop=\"dateModified\" itemtype=\"https:\/\/schema.org\/dateModified\" >2025-09-04 12:39:01<\/span><span class='av-structured-data'  itemprop=\"mainEntityOfPage\" itemtype=\"https:\/\/schema.org\/mainEntityOfPage\" ><span itemprop='name'>Sele\u00e7\u00e3o de Volunt\u00e1rios para o Projeto de Extens\u00e3o &#8220;Pr\u00e1ticas Integrativas e Complementares em Sa\u00fade: Acupuntura na Odontologia&#8221;<\/span><\/span><\/span><\/article><article class='slide-entry flex_column  post-entry post-entry-17317 slide-entry-overview slide-loop-70 slide-parity-odd  av_one_fifth  real-thumbnail posttype-post post-format-standard'  itemscope=\"itemscope\" itemtype=\"https:\/\/schema.org\/CreativeWork\" ><a href='https:\/\/www.odonto.ufmg.br\/cenex\/editais_encerrados\/selecao-de-voluntarios-para-o-projeto-de-extensao-assistencia-em-imaginologia-e-radiologia-bucomaxilofacial-na-faculdade-de-odontologia-da-universidade-federal-de-minas-gerais-2\/' data-rel='slide-2' class='slide-image' title='Sele\u00e7\u00e3o de Volunt\u00e1rios para o projeto de extens\u00e3o &#8220;Assist\u00eancia em Imaginologia e Radiologia Bucomaxilofacial na Faculdade de Odontologia da Universidade Federal de Minas Gerais&#8221;'><img decoding=\"async\" fetchpriority=\"high\" width=\"260\" height=\"185\" src=\"https:\/\/www.odonto.ufmg.br\/cenex\/wp-content\/uploads\/sites\/2\/2019\/09\/cenex_oportunidade_site-260x185.png\" class=\"wp-image-10032 avia-img-lazy-loading-not-10032 attachment-portfolio_small size-portfolio_small wp-post-image\" alt=\"\" \/><\/a><div class=\"slide-content\"><header class=\"entry-content-header\" aria-label=\"Slide: Sele\u00e7\u00e3o de Volunt\u00e1rios para o projeto de extens\u00e3o &quot;Assist\u00eancia em Imaginologia e Radiologia Bucomaxilofacial na Faculdade de Odontologia da Universidade Federal de Minas Gerais&quot;\"><h3 class='slide-entry-title entry-title '  itemprop=\"headline\" ><a href='https:\/\/www.odonto.ufmg.br\/cenex\/editais_encerrados\/selecao-de-voluntarios-para-o-projeto-de-extensao-assistencia-em-imaginologia-e-radiologia-bucomaxilofacial-na-faculdade-de-odontologia-da-universidade-federal-de-minas-gerais-2\/' title='Sele\u00e7\u00e3o de Volunt\u00e1rios para o projeto de extens\u00e3o &#8220;Assist\u00eancia em Imaginologia e Radiologia Bucomaxilofacial na Faculdade de Odontologia da Universidade Federal de Minas Gerais&#8221;'>Sele\u00e7\u00e3o de Volunt\u00e1rios para o projeto de extens\u00e3o &#8220;Assist\u00eancia em Imaginologia e Radiologia Bucomaxilofacial na Faculdade de Odontologia da Universidade Federal de Minas Gerais&#8221;<\/a><\/h3><span class=\"av-vertical-delimiter\"><\/span><\/header><div class=\"slide-meta\"><time class='slide-meta-time updated'  itemprop=\"datePublished\" datetime=\"2025-08-18T13:02:21-03:00\" >18\/08\/2025<\/time><\/div><div class='slide-entry-excerpt entry-content'  itemprop=\"text\" >EDITAL\nEst\u00e3o abertas, a partir do dia 15\/08\/2025 a 22\/08\/2025\u2026<\/div><\/div><footer class=\"entry-footer\"><\/footer><span class='hidden'>\n\t\t\t\t<span class='av-structured-data'  itemprop=\"image\" itemscope=\"itemscope\" itemtype=\"https:\/\/schema.org\/ImageObject\" >\n\t\t\t\t\t\t<span itemprop='url'>https:\/\/www.odonto.ufmg.br\/cenex\/wp-content\/uploads\/sites\/2\/2019\/09\/cenex_oportunidade_site.png<\/span>\n\t\t\t\t\t\t<span itemprop='height'>469<\/span>\n\t\t\t\t\t\t<span itemprop='width'>937<\/span>\n\t\t\t\t<\/span>\n\t\t\t\t<span class='av-structured-data'  itemprop=\"publisher\" itemtype=\"https:\/\/schema.org\/Organization\" itemscope=\"itemscope\" >\n\t\t\t\t\t\t<span itemprop='name'>cenex<\/span>\n\t\t\t\t\t\t<span itemprop='logo' itemscope itemtype='https:\/\/schema.org\/ImageObject'>\n\t\t\t\t\t\t\t<span itemprop='url'>http:\/\/www.odonto.ufmg.br\/cenex\/wp-content\/uploads\/sites\/2\/2025\/08\/logo-cenex.svg<\/span>\n\t\t\t\t\t\t<\/span>\n\t\t\t\t<\/span><span class='av-structured-data'  itemprop=\"author\" itemscope=\"itemscope\" itemtype=\"https:\/\/schema.org\/Person\" ><span itemprop='name'>cenex<\/span><\/span><span class='av-structured-data'  itemprop=\"datePublished\" datetime=\"2025-04-04T10:05:51-03:00\" >2025-08-18 13:02:21<\/span><span class='av-structured-data'  itemprop=\"dateModified\" itemtype=\"https:\/\/schema.org\/dateModified\" >2025-08-26 11:22:52<\/span><span class='av-structured-data'  itemprop=\"mainEntityOfPage\" itemtype=\"https:\/\/schema.org\/mainEntityOfPage\" ><span itemprop='name'>Sele\u00e7\u00e3o de Volunt\u00e1rios para o projeto de extens\u00e3o &#8220;Assist\u00eancia em Imaginologia e Radiologia Bucomaxilofacial na Faculdade de Odontologia da Universidade Federal de Minas Gerais&#8221;<\/span><\/span><\/span><\/article><\/div><div class=\"slide-entry-wrap\"><article class='slide-entry flex_column  post-entry post-entry-17315 slide-entry-overview slide-loop-71 slide-parity-odd  av_one_fifth first real-thumbnail posttype-post post-format-standard'  itemscope=\"itemscope\" itemtype=\"https:\/\/schema.org\/CreativeWork\" ><a href='https:\/\/www.odonto.ufmg.br\/cenex\/editais_encerrados\/selecao-de-voluntarios-para-o-projeto-de-extensao-atencao-odontologica-a-criancas-e-adolescentes-com-disturbios-do-sono\/' data-rel='slide-2' class='slide-image' title='Sele\u00e7\u00e3o de Volunt\u00e1rios para o projeto de extens\u00e3o &#8220;Aten\u00e7\u00e3o odontol\u00f3gica a crian\u00e7as e adolescentes com dist\u00farbios do sono&#8221;'><img decoding=\"async\" fetchpriority=\"high\" width=\"260\" height=\"185\" src=\"https:\/\/www.odonto.ufmg.br\/cenex\/wp-content\/uploads\/sites\/2\/2019\/09\/cenex_oportunidade_site-260x185.png\" class=\"wp-image-10032 avia-img-lazy-loading-not-10032 attachment-portfolio_small size-portfolio_small wp-post-image\" alt=\"\" \/><\/a><div class=\"slide-content\"><header class=\"entry-content-header\" aria-label=\"Slide: Sele\u00e7\u00e3o de Volunt\u00e1rios para o projeto de extens\u00e3o &quot;Aten\u00e7\u00e3o odontol\u00f3gica a crian\u00e7as e adolescentes com dist\u00farbios do sono&quot;\"><h3 class='slide-entry-title entry-title '  itemprop=\"headline\" ><a href='https:\/\/www.odonto.ufmg.br\/cenex\/editais_encerrados\/selecao-de-voluntarios-para-o-projeto-de-extensao-atencao-odontologica-a-criancas-e-adolescentes-com-disturbios-do-sono\/' title='Sele\u00e7\u00e3o de Volunt\u00e1rios para o projeto de extens\u00e3o &#8220;Aten\u00e7\u00e3o odontol\u00f3gica a crian\u00e7as e adolescentes com dist\u00farbios do sono&#8221;'>Sele\u00e7\u00e3o de Volunt\u00e1rios para o projeto de extens\u00e3o &#8220;Aten\u00e7\u00e3o odontol\u00f3gica a crian\u00e7as e adolescentes com dist\u00farbios do sono&#8221;<\/a><\/h3><span class=\"av-vertical-delimiter\"><\/span><\/header><div class=\"slide-meta\"><time class='slide-meta-time updated'  itemprop=\"datePublished\" datetime=\"2025-08-18T13:00:10-03:00\" >18\/08\/2025<\/time><\/div><div class='slide-entry-excerpt entry-content'  itemprop=\"text\" >EDITAL\nEst\u00e3o abertas, a partir do dia 18\/08\/2025 a 26\/08\/2025\u2026<\/div><\/div><footer class=\"entry-footer\"><\/footer><span class='hidden'>\n\t\t\t\t<span class='av-structured-data'  itemprop=\"image\" itemscope=\"itemscope\" itemtype=\"https:\/\/schema.org\/ImageObject\" >\n\t\t\t\t\t\t<span itemprop='url'>https:\/\/www.odonto.ufmg.br\/cenex\/wp-content\/uploads\/sites\/2\/2019\/09\/cenex_oportunidade_site.png<\/span>\n\t\t\t\t\t\t<span itemprop='height'>469<\/span>\n\t\t\t\t\t\t<span itemprop='width'>937<\/span>\n\t\t\t\t<\/span>\n\t\t\t\t<span class='av-structured-data'  itemprop=\"publisher\" itemtype=\"https:\/\/schema.org\/Organization\" itemscope=\"itemscope\" >\n\t\t\t\t\t\t<span itemprop='name'>cenex<\/span>\n\t\t\t\t\t\t<span itemprop='logo' itemscope itemtype='https:\/\/schema.org\/ImageObject'>\n\t\t\t\t\t\t\t<span itemprop='url'>http:\/\/www.odonto.ufmg.br\/cenex\/wp-content\/uploads\/sites\/2\/2025\/08\/logo-cenex.svg<\/span>\n\t\t\t\t\t\t<\/span>\n\t\t\t\t<\/span><span class='av-structured-data'  itemprop=\"author\" itemscope=\"itemscope\" itemtype=\"https:\/\/schema.org\/Person\" ><span itemprop='name'>cenex<\/span><\/span><span class='av-structured-data'  itemprop=\"datePublished\" datetime=\"2025-04-04T10:05:51-03:00\" >2025-08-18 13:00:10<\/span><span class='av-structured-data'  itemprop=\"dateModified\" itemtype=\"https:\/\/schema.org\/dateModified\" >2025-08-26 20:02:27<\/span><span class='av-structured-data'  itemprop=\"mainEntityOfPage\" itemtype=\"https:\/\/schema.org\/mainEntityOfPage\" ><span itemprop='name'>Sele\u00e7\u00e3o de Volunt\u00e1rios para o projeto de extens\u00e3o &#8220;Aten\u00e7\u00e3o odontol\u00f3gica a crian\u00e7as e adolescentes com dist\u00farbios do sono&#8221;<\/span><\/span><\/span><\/article><article class='slide-entry flex_column  post-entry post-entry-17310 slide-entry-overview slide-loop-72 slide-parity-even  av_one_fifth  real-thumbnail posttype-post post-format-standard'  itemscope=\"itemscope\" itemtype=\"https:\/\/schema.org\/CreativeWork\" ><a href='https:\/\/www.odonto.ufmg.br\/cenex\/editais_encerrados\/selecao-de-voluntarios-para-o-projeto-de-extensao-promocao-de-saude-e-gerenciamento-do-banco-de-dados-de-pacientes-do-sca\/' data-rel='slide-2' class='slide-image' title='Sele\u00e7\u00e3o de Volunt\u00e1rios para o projeto de extens\u00e3o &#8220;Promo\u00e7\u00e3o de Sa\u00fade e Gerenciamento do Banco de Dados de Pacientes do SCA&#8221;'><img decoding=\"async\" fetchpriority=\"high\" width=\"260\" height=\"185\" src=\"https:\/\/www.odonto.ufmg.br\/cenex\/wp-content\/uploads\/sites\/2\/2019\/09\/cenex_oportunidade_site-260x185.png\" class=\"wp-image-10032 avia-img-lazy-loading-not-10032 attachment-portfolio_small size-portfolio_small wp-post-image\" alt=\"\" \/><\/a><div class=\"slide-content\"><header class=\"entry-content-header\" aria-label=\"Slide: Sele\u00e7\u00e3o de Volunt\u00e1rios para o projeto de extens\u00e3o &quot;Promo\u00e7\u00e3o de Sa\u00fade e Gerenciamento do Banco de Dados de Pacientes do SCA&quot;\"><h3 class='slide-entry-title entry-title '  itemprop=\"headline\" ><a href='https:\/\/www.odonto.ufmg.br\/cenex\/editais_encerrados\/selecao-de-voluntarios-para-o-projeto-de-extensao-promocao-de-saude-e-gerenciamento-do-banco-de-dados-de-pacientes-do-sca\/' title='Sele\u00e7\u00e3o de Volunt\u00e1rios para o projeto de extens\u00e3o &#8220;Promo\u00e7\u00e3o de Sa\u00fade e Gerenciamento do Banco de Dados de Pacientes do SCA&#8221;'>Sele\u00e7\u00e3o de Volunt\u00e1rios para o projeto de extens\u00e3o &#8220;Promo\u00e7\u00e3o de Sa\u00fade e Gerenciamento do Banco de Dados de Pacientes do SCA&#8221;<\/a><\/h3><span class=\"av-vertical-delimiter\"><\/span><\/header><div class=\"slide-meta\"><time class='slide-meta-time updated'  itemprop=\"datePublished\" datetime=\"2025-08-18T12:53:07-03:00\" >18\/08\/2025<\/time><\/div><div class='slide-entry-excerpt entry-content'  itemprop=\"text\" >EDITAL\nEst\u00e3o abertas, a partir do dia 18\/08\/2025 a 26\/08\/2025\u2026<\/div><\/div><footer class=\"entry-footer\"><\/footer><span class='hidden'>\n\t\t\t\t<span class='av-structured-data'  itemprop=\"image\" itemscope=\"itemscope\" itemtype=\"https:\/\/schema.org\/ImageObject\" >\n\t\t\t\t\t\t<span itemprop='url'>https:\/\/www.odonto.ufmg.br\/cenex\/wp-content\/uploads\/sites\/2\/2019\/09\/cenex_oportunidade_site.png<\/span>\n\t\t\t\t\t\t<span itemprop='height'>469<\/span>\n\t\t\t\t\t\t<span itemprop='width'>937<\/span>\n\t\t\t\t<\/span>\n\t\t\t\t<span class='av-structured-data'  itemprop=\"publisher\" itemtype=\"https:\/\/schema.org\/Organization\" itemscope=\"itemscope\" >\n\t\t\t\t\t\t<span itemprop='name'>cenex<\/span>\n\t\t\t\t\t\t<span itemprop='logo' itemscope itemtype='https:\/\/schema.org\/ImageObject'>\n\t\t\t\t\t\t\t<span itemprop='url'>http:\/\/www.odonto.ufmg.br\/cenex\/wp-content\/uploads\/sites\/2\/2025\/08\/logo-cenex.svg<\/span>\n\t\t\t\t\t\t<\/span>\n\t\t\t\t<\/span><span class='av-structured-data'  itemprop=\"author\" itemscope=\"itemscope\" itemtype=\"https:\/\/schema.org\/Person\" ><span itemprop='name'>cenex<\/span><\/span><span class='av-structured-data'  itemprop=\"datePublished\" datetime=\"2025-04-04T10:05:51-03:00\" >2025-08-18 12:53:07<\/span><span class='av-structured-data'  itemprop=\"dateModified\" itemtype=\"https:\/\/schema.org\/dateModified\" >2025-08-26 20:02:33<\/span><span class='av-structured-data'  itemprop=\"mainEntityOfPage\" itemtype=\"https:\/\/schema.org\/mainEntityOfPage\" ><span itemprop='name'>Sele\u00e7\u00e3o de Volunt\u00e1rios para o projeto de extens\u00e3o &#8220;Promo\u00e7\u00e3o de Sa\u00fade e Gerenciamento do Banco de Dados de Pacientes do SCA&#8221;<\/span><\/span><\/span><\/article><article class='slide-entry flex_column  post-entry post-entry-17296 slide-entry-overview slide-loop-73 slide-parity-odd  av_one_fifth  real-thumbnail posttype-post post-format-standard'  itemscope=\"itemscope\" itemtype=\"https:\/\/schema.org\/CreativeWork\" ><a href='https:\/\/www.odonto.ufmg.br\/cenex\/editais_encerrados\/selecao-de-voluntarios-para-o-projeto-de-extensao-clinica-de-traumatismos-dentarios-4\/' data-rel='slide-2' class='slide-image' title='Sele\u00e7\u00e3o de Volunt\u00e1rios para o projeto de Extens\u00e3o &#8220;Clinica de Traumatismos Dent\u00e1rios&#8221;'><img decoding=\"async\" fetchpriority=\"high\" width=\"260\" height=\"185\" src=\"https:\/\/www.odonto.ufmg.br\/cenex\/wp-content\/uploads\/sites\/2\/2019\/09\/cenex_oportunidade_site-260x185.png\" class=\"wp-image-10032 avia-img-lazy-loading-not-10032 attachment-portfolio_small size-portfolio_small wp-post-image\" alt=\"\" \/><\/a><div class=\"slide-content\"><header class=\"entry-content-header\" aria-label=\"Slide: Sele\u00e7\u00e3o de Volunt\u00e1rios para o projeto de Extens\u00e3o &quot;Clinica de Traumatismos Dent\u00e1rios&quot;\"><h3 class='slide-entry-title entry-title '  itemprop=\"headline\" ><a href='https:\/\/www.odonto.ufmg.br\/cenex\/editais_encerrados\/selecao-de-voluntarios-para-o-projeto-de-extensao-clinica-de-traumatismos-dentarios-4\/' title='Sele\u00e7\u00e3o de Volunt\u00e1rios para o projeto de Extens\u00e3o &#8220;Clinica de Traumatismos Dent\u00e1rios&#8221;'>Sele\u00e7\u00e3o de Volunt\u00e1rios para o projeto de Extens\u00e3o &#8220;Clinica de Traumatismos Dent\u00e1rios&#8221;<\/a><\/h3><span class=\"av-vertical-delimiter\"><\/span><\/header><div class=\"slide-meta\"><time class='slide-meta-time updated'  itemprop=\"datePublished\" datetime=\"2025-08-18T12:37:45-03:00\" >18\/08\/2025<\/time><\/div><div class='slide-entry-excerpt entry-content'  itemprop=\"text\" >EDITAL\nEst\u00e3o abertas, a partir do dia 14\/08\/2025 a 21\/08\/2025\u2026<\/div><\/div><footer class=\"entry-footer\"><\/footer><span class='hidden'>\n\t\t\t\t<span class='av-structured-data'  itemprop=\"image\" itemscope=\"itemscope\" itemtype=\"https:\/\/schema.org\/ImageObject\" >\n\t\t\t\t\t\t<span itemprop='url'>https:\/\/www.odonto.ufmg.br\/cenex\/wp-content\/uploads\/sites\/2\/2019\/09\/cenex_oportunidade_site.png<\/span>\n\t\t\t\t\t\t<span itemprop='height'>469<\/span>\n\t\t\t\t\t\t<span itemprop='width'>937<\/span>\n\t\t\t\t<\/span>\n\t\t\t\t<span class='av-structured-data'  itemprop=\"publisher\" itemtype=\"https:\/\/schema.org\/Organization\" itemscope=\"itemscope\" >\n\t\t\t\t\t\t<span itemprop='name'>cenex<\/span>\n\t\t\t\t\t\t<span itemprop='logo' itemscope itemtype='https:\/\/schema.org\/ImageObject'>\n\t\t\t\t\t\t\t<span itemprop='url'>http:\/\/www.odonto.ufmg.br\/cenex\/wp-content\/uploads\/sites\/2\/2025\/08\/logo-cenex.svg<\/span>\n\t\t\t\t\t\t<\/span>\n\t\t\t\t<\/span><span class='av-structured-data'  itemprop=\"author\" itemscope=\"itemscope\" itemtype=\"https:\/\/schema.org\/Person\" ><span itemprop='name'>cenex<\/span><\/span><span class='av-structured-data'  itemprop=\"datePublished\" datetime=\"2025-04-04T10:05:51-03:00\" >2025-08-18 12:37:45<\/span><span class='av-structured-data'  itemprop=\"dateModified\" itemtype=\"https:\/\/schema.org\/dateModified\" >2025-08-22 11:25:48<\/span><span class='av-structured-data'  itemprop=\"mainEntityOfPage\" itemtype=\"https:\/\/schema.org\/mainEntityOfPage\" ><span itemprop='name'>Sele\u00e7\u00e3o de Volunt\u00e1rios para o projeto de Extens\u00e3o &#8220;Clinica de Traumatismos Dent\u00e1rios&#8221;<\/span><\/span><\/span><\/article><article class='slide-entry flex_column  post-entry post-entry-17285 slide-entry-overview slide-loop-74 slide-parity-even  av_one_fifth  real-thumbnail posttype-post post-format-standard'  itemscope=\"itemscope\" itemtype=\"https:\/\/schema.org\/CreativeWork\" ><a href='https:\/\/www.odonto.ufmg.br\/cenex\/editais_encerrados\/selecao-de-bolsista-para-o-programa-de-extensao-traumatismos-dentarios\/' data-rel='slide-2' class='slide-image' title='Sele\u00e7\u00e3o de Bolsista para o Programa de Extens\u00e3o Traumatismos Dent\u00e1rios'><img decoding=\"async\" fetchpriority=\"high\" width=\"260\" height=\"185\" src=\"https:\/\/www.odonto.ufmg.br\/cenex\/wp-content\/uploads\/sites\/2\/2019\/09\/cenex_oportunidade_site-260x185.png\" class=\"wp-image-10032 avia-img-lazy-loading-not-10032 attachment-portfolio_small size-portfolio_small wp-post-image\" alt=\"\" \/><\/a><div class=\"slide-content\"><header class=\"entry-content-header\" aria-label=\"Slide: Sele\u00e7\u00e3o de Bolsista para o Programa de Extens\u00e3o Traumatismos Dent\u00e1rios\"><h3 class='slide-entry-title entry-title '  itemprop=\"headline\" ><a href='https:\/\/www.odonto.ufmg.br\/cenex\/editais_encerrados\/selecao-de-bolsista-para-o-programa-de-extensao-traumatismos-dentarios\/' title='Sele\u00e7\u00e3o de Bolsista para o Programa de Extens\u00e3o Traumatismos Dent\u00e1rios'>Sele\u00e7\u00e3o de Bolsista para o Programa de Extens\u00e3o Traumatismos Dent\u00e1rios<\/a><\/h3><span class=\"av-vertical-delimiter\"><\/span><\/header><div class=\"slide-meta\"><time class='slide-meta-time updated'  itemprop=\"datePublished\" datetime=\"2025-08-18T12:34:31-03:00\" >18\/08\/2025<\/time><\/div><div class='slide-entry-excerpt entry-content'  itemprop=\"text\" >EDITAL\nEst\u00e3o abertas, a partir do dia 15\/08\/2025 a 22\/08\/2025\u2026<\/div><\/div><footer class=\"entry-footer\"><\/footer><span class='hidden'>\n\t\t\t\t<span class='av-structured-data'  itemprop=\"image\" itemscope=\"itemscope\" itemtype=\"https:\/\/schema.org\/ImageObject\" >\n\t\t\t\t\t\t<span itemprop='url'>https:\/\/www.odonto.ufmg.br\/cenex\/wp-content\/uploads\/sites\/2\/2019\/09\/cenex_oportunidade_site.png<\/span>\n\t\t\t\t\t\t<span itemprop='height'>469<\/span>\n\t\t\t\t\t\t<span itemprop='width'>937<\/span>\n\t\t\t\t<\/span>\n\t\t\t\t<span class='av-structured-data'  itemprop=\"publisher\" itemtype=\"https:\/\/schema.org\/Organization\" itemscope=\"itemscope\" >\n\t\t\t\t\t\t<span itemprop='name'>cenex<\/span>\n\t\t\t\t\t\t<span itemprop='logo' itemscope itemtype='https:\/\/schema.org\/ImageObject'>\n\t\t\t\t\t\t\t<span itemprop='url'>http:\/\/www.odonto.ufmg.br\/cenex\/wp-content\/uploads\/sites\/2\/2025\/08\/logo-cenex.svg<\/span>\n\t\t\t\t\t\t<\/span>\n\t\t\t\t<\/span><span class='av-structured-data'  itemprop=\"author\" itemscope=\"itemscope\" itemtype=\"https:\/\/schema.org\/Person\" ><span itemprop='name'>cenex<\/span><\/span><span class='av-structured-data'  itemprop=\"datePublished\" datetime=\"2025-04-04T10:05:51-03:00\" >2025-08-18 12:34:31<\/span><span class='av-structured-data'  itemprop=\"dateModified\" itemtype=\"https:\/\/schema.org\/dateModified\" >2025-08-26 11:23:40<\/span><span class='av-structured-data'  itemprop=\"mainEntityOfPage\" itemtype=\"https:\/\/schema.org\/mainEntityOfPage\" ><span itemprop='name'>Sele\u00e7\u00e3o de Bolsista para o Programa de Extens\u00e3o Traumatismos Dent\u00e1rios<\/span><\/span><\/span><\/article><article class='slide-entry flex_column  post-entry post-entry-17282 slide-entry-overview slide-loop-75 slide-parity-odd  av_one_fifth  real-thumbnail posttype-post post-format-standard'  itemscope=\"itemscope\" itemtype=\"https:\/\/schema.org\/CreativeWork\" ><a href='https:\/\/www.odonto.ufmg.br\/cenex\/editais_encerrados\/selecao-de-voluntarios-para-o-projeto-de-extensao-teleodontologia\/' data-rel='slide-2' class='slide-image' title='Sele\u00e7\u00e3o de Volunt\u00e1rios para o Projeto de Extens\u00e3o &#8220;Teleodontologia&#8221;'><img decoding=\"async\" fetchpriority=\"high\" width=\"260\" height=\"185\" src=\"https:\/\/www.odonto.ufmg.br\/cenex\/wp-content\/uploads\/sites\/2\/2019\/09\/cenex_oportunidade_site-260x185.png\" class=\"wp-image-10032 avia-img-lazy-loading-not-10032 attachment-portfolio_small size-portfolio_small wp-post-image\" alt=\"\" \/><\/a><div class=\"slide-content\"><header class=\"entry-content-header\" aria-label=\"Slide: Sele\u00e7\u00e3o de Volunt\u00e1rios para o Projeto de Extens\u00e3o &quot;Teleodontologia&quot;\"><h3 class='slide-entry-title entry-title '  itemprop=\"headline\" ><a href='https:\/\/www.odonto.ufmg.br\/cenex\/editais_encerrados\/selecao-de-voluntarios-para-o-projeto-de-extensao-teleodontologia\/' title='Sele\u00e7\u00e3o de Volunt\u00e1rios para o Projeto de Extens\u00e3o &#8220;Teleodontologia&#8221;'>Sele\u00e7\u00e3o de Volunt\u00e1rios para o Projeto de Extens\u00e3o &#8220;Teleodontologia&#8221;<\/a><\/h3><span class=\"av-vertical-delimiter\"><\/span><\/header><div class=\"slide-meta\"><time class='slide-meta-time updated'  itemprop=\"datePublished\" datetime=\"2025-08-12T11:57:58-03:00\" >12\/08\/2025<\/time><\/div><div class='slide-entry-excerpt entry-content'  itemprop=\"text\" >EDITAL\nEst\u00e3o abertas, a partir do dia 14\/08\/2025 a 21\/08\/2025\u2026<\/div><\/div><footer class=\"entry-footer\"><\/footer><span class='hidden'>\n\t\t\t\t<span class='av-structured-data'  itemprop=\"image\" itemscope=\"itemscope\" itemtype=\"https:\/\/schema.org\/ImageObject\" >\n\t\t\t\t\t\t<span itemprop='url'>https:\/\/www.odonto.ufmg.br\/cenex\/wp-content\/uploads\/sites\/2\/2019\/09\/cenex_oportunidade_site.png<\/span>\n\t\t\t\t\t\t<span itemprop='height'>469<\/span>\n\t\t\t\t\t\t<span itemprop='width'>937<\/span>\n\t\t\t\t<\/span>\n\t\t\t\t<span class='av-structured-data'  itemprop=\"publisher\" itemtype=\"https:\/\/schema.org\/Organization\" itemscope=\"itemscope\" >\n\t\t\t\t\t\t<span itemprop='name'>cenex<\/span>\n\t\t\t\t\t\t<span itemprop='logo' itemscope itemtype='https:\/\/schema.org\/ImageObject'>\n\t\t\t\t\t\t\t<span itemprop='url'>http:\/\/www.odonto.ufmg.br\/cenex\/wp-content\/uploads\/sites\/2\/2025\/08\/logo-cenex.svg<\/span>\n\t\t\t\t\t\t<\/span>\n\t\t\t\t<\/span><span class='av-structured-data'  itemprop=\"author\" itemscope=\"itemscope\" itemtype=\"https:\/\/schema.org\/Person\" ><span itemprop='name'>cenex<\/span><\/span><span class='av-structured-data'  itemprop=\"datePublished\" datetime=\"2025-04-04T10:05:51-03:00\" >2025-08-12 11:57:58<\/span><span class='av-structured-data'  itemprop=\"dateModified\" itemtype=\"https:\/\/schema.org\/dateModified\" >2025-08-22 11:27:14<\/span><span class='av-structured-data'  itemprop=\"mainEntityOfPage\" itemtype=\"https:\/\/schema.org\/mainEntityOfPage\" ><span itemprop='name'>Sele\u00e7\u00e3o de Volunt\u00e1rios para o Projeto de Extens\u00e3o &#8220;Teleodontologia&#8221;<\/span><\/span><\/span><\/article><\/div><div class=\"slide-entry-wrap\"><article class='slide-entry flex_column  post-entry post-entry-17277 slide-entry-overview slide-loop-76 slide-parity-odd  av_one_fifth first real-thumbnail posttype-post post-format-standard'  itemscope=\"itemscope\" itemtype=\"https:\/\/schema.org\/CreativeWork\" ><a href='https:\/\/www.odonto.ufmg.br\/cenex\/editais_encerrados\/selecao-de-voluntarios-para-o-projeto-de-extensao-atendimento-odontologico-a-pacientes-com-traumatismos-dentarios-na-denticao-decidua-3\/' data-rel='slide-2' class='slide-image' title='Sele\u00e7\u00e3o de Volunt\u00e1rios para o Projeto de Extens\u00e3o &#8220;Atendimento odontol\u00f3gico a pacientes com traumatismos dent\u00e1rios na denti\u00e7\u00e3o dec\u00eddua&#8221;'><img decoding=\"async\" fetchpriority=\"high\" width=\"260\" height=\"185\" src=\"https:\/\/www.odonto.ufmg.br\/cenex\/wp-content\/uploads\/sites\/2\/2019\/09\/cenex_oportunidade_site-260x185.png\" class=\"wp-image-10032 avia-img-lazy-loading-not-10032 attachment-portfolio_small size-portfolio_small wp-post-image\" alt=\"\" \/><\/a><div class=\"slide-content\"><header class=\"entry-content-header\" aria-label=\"Slide: Sele\u00e7\u00e3o de Volunt\u00e1rios para o Projeto de Extens\u00e3o &quot;Atendimento odontol\u00f3gico a pacientes com traumatismos dent\u00e1rios na denti\u00e7\u00e3o dec\u00eddua&quot;\"><h3 class='slide-entry-title entry-title '  itemprop=\"headline\" ><a href='https:\/\/www.odonto.ufmg.br\/cenex\/editais_encerrados\/selecao-de-voluntarios-para-o-projeto-de-extensao-atendimento-odontologico-a-pacientes-com-traumatismos-dentarios-na-denticao-decidua-3\/' title='Sele\u00e7\u00e3o de Volunt\u00e1rios para o Projeto de Extens\u00e3o &#8220;Atendimento odontol\u00f3gico a pacientes com traumatismos dent\u00e1rios na denti\u00e7\u00e3o dec\u00eddua&#8221;'>Sele\u00e7\u00e3o de Volunt\u00e1rios para o Projeto de Extens\u00e3o &#8220;Atendimento odontol\u00f3gico a pacientes com traumatismos dent\u00e1rios na denti\u00e7\u00e3o dec\u00eddua&#8221;<\/a><\/h3><span class=\"av-vertical-delimiter\"><\/span><\/header><div class=\"slide-meta\"><time class='slide-meta-time updated'  itemprop=\"datePublished\" datetime=\"2025-08-12T11:19:43-03:00\" >12\/08\/2025<\/time><\/div><div class='slide-entry-excerpt entry-content'  itemprop=\"text\" >EDITAL\nEst\u00e3o abertas, a partir do dia 11\/08\/2025 a 21\/08\/2025\u2026<\/div><\/div><footer class=\"entry-footer\"><\/footer><span class='hidden'>\n\t\t\t\t<span class='av-structured-data'  itemprop=\"image\" itemscope=\"itemscope\" itemtype=\"https:\/\/schema.org\/ImageObject\" >\n\t\t\t\t\t\t<span itemprop='url'>https:\/\/www.odonto.ufmg.br\/cenex\/wp-content\/uploads\/sites\/2\/2019\/09\/cenex_oportunidade_site.png<\/span>\n\t\t\t\t\t\t<span itemprop='height'>469<\/span>\n\t\t\t\t\t\t<span itemprop='width'>937<\/span>\n\t\t\t\t<\/span>\n\t\t\t\t<span class='av-structured-data'  itemprop=\"publisher\" itemtype=\"https:\/\/schema.org\/Organization\" itemscope=\"itemscope\" >\n\t\t\t\t\t\t<span itemprop='name'>cenex<\/span>\n\t\t\t\t\t\t<span itemprop='logo' itemscope itemtype='https:\/\/schema.org\/ImageObject'>\n\t\t\t\t\t\t\t<span itemprop='url'>http:\/\/www.odonto.ufmg.br\/cenex\/wp-content\/uploads\/sites\/2\/2025\/08\/logo-cenex.svg<\/span>\n\t\t\t\t\t\t<\/span>\n\t\t\t\t<\/span><span class='av-structured-data'  itemprop=\"author\" itemscope=\"itemscope\" itemtype=\"https:\/\/schema.org\/Person\" ><span itemprop='name'>cenex<\/span><\/span><span class='av-structured-data'  itemprop=\"datePublished\" datetime=\"2025-04-04T10:05:51-03:00\" >2025-08-12 11:19:43<\/span><span class='av-structured-data'  itemprop=\"dateModified\" itemtype=\"https:\/\/schema.org\/dateModified\" >2025-08-22 11:27:20<\/span><span class='av-structured-data'  itemprop=\"mainEntityOfPage\" itemtype=\"https:\/\/schema.org\/mainEntityOfPage\" ><span itemprop='name'>Sele\u00e7\u00e3o de Volunt\u00e1rios para o Projeto de Extens\u00e3o &#8220;Atendimento odontol\u00f3gico a pacientes com traumatismos dent\u00e1rios na denti\u00e7\u00e3o dec\u00eddua&#8221;<\/span><\/span><\/span><\/article><article class='slide-entry flex_column  post-entry post-entry-17275 slide-entry-overview slide-loop-77 slide-parity-even  av_one_fifth  real-thumbnail posttype-post post-format-standard'  itemscope=\"itemscope\" itemtype=\"https:\/\/schema.org\/CreativeWork\" ><a href='https:\/\/www.odonto.ufmg.br\/cenex\/editais_encerrados\/selecao-de-voluntarios-para-o-projeto-de-extensao-restauracao-de-dentes-tratados-endodonticamente\/' data-rel='slide-2' class='slide-image' title='Sele\u00e7\u00e3o de Volunt\u00e1rios para o Projeto de Extens\u00e3o &#8220;Restaura\u00e7\u00e3o de Dentes Tratados Endodonticamente&#8221;'><img decoding=\"async\" fetchpriority=\"high\" width=\"260\" height=\"185\" src=\"https:\/\/www.odonto.ufmg.br\/cenex\/wp-content\/uploads\/sites\/2\/2019\/09\/cenex_oportunidade_site-260x185.png\" class=\"wp-image-10032 avia-img-lazy-loading-not-10032 attachment-portfolio_small size-portfolio_small wp-post-image\" alt=\"\" \/><\/a><div class=\"slide-content\"><header class=\"entry-content-header\" aria-label=\"Slide: Sele\u00e7\u00e3o de Volunt\u00e1rios para o Projeto de Extens\u00e3o &quot;Restaura\u00e7\u00e3o de Dentes Tratados Endodonticamente&quot;\"><h3 class='slide-entry-title entry-title '  itemprop=\"headline\" ><a href='https:\/\/www.odonto.ufmg.br\/cenex\/editais_encerrados\/selecao-de-voluntarios-para-o-projeto-de-extensao-restauracao-de-dentes-tratados-endodonticamente\/' title='Sele\u00e7\u00e3o de Volunt\u00e1rios para o Projeto de Extens\u00e3o &#8220;Restaura\u00e7\u00e3o de Dentes Tratados Endodonticamente&#8221;'>Sele\u00e7\u00e3o de Volunt\u00e1rios para o Projeto de Extens\u00e3o &#8220;Restaura\u00e7\u00e3o de Dentes Tratados Endodonticamente&#8221;<\/a><\/h3><span class=\"av-vertical-delimiter\"><\/span><\/header><div class=\"slide-meta\"><time class='slide-meta-time updated'  itemprop=\"datePublished\" datetime=\"2025-08-12T11:11:04-03:00\" >12\/08\/2025<\/time><\/div><div class='slide-entry-excerpt entry-content'  itemprop=\"text\" >EDITAL\nEst\u00e3o abertas, a partir das 12h do dia 12\/08\/2025 at\u00e9\u2026<\/div><\/div><footer class=\"entry-footer\"><\/footer><span class='hidden'>\n\t\t\t\t<span class='av-structured-data'  itemprop=\"image\" itemscope=\"itemscope\" itemtype=\"https:\/\/schema.org\/ImageObject\" >\n\t\t\t\t\t\t<span itemprop='url'>https:\/\/www.odonto.ufmg.br\/cenex\/wp-content\/uploads\/sites\/2\/2019\/09\/cenex_oportunidade_site.png<\/span>\n\t\t\t\t\t\t<span itemprop='height'>469<\/span>\n\t\t\t\t\t\t<span itemprop='width'>937<\/span>\n\t\t\t\t<\/span>\n\t\t\t\t<span class='av-structured-data'  itemprop=\"publisher\" itemtype=\"https:\/\/schema.org\/Organization\" itemscope=\"itemscope\" >\n\t\t\t\t\t\t<span itemprop='name'>cenex<\/span>\n\t\t\t\t\t\t<span itemprop='logo' itemscope itemtype='https:\/\/schema.org\/ImageObject'>\n\t\t\t\t\t\t\t<span itemprop='url'>http:\/\/www.odonto.ufmg.br\/cenex\/wp-content\/uploads\/sites\/2\/2025\/08\/logo-cenex.svg<\/span>\n\t\t\t\t\t\t<\/span>\n\t\t\t\t<\/span><span class='av-structured-data'  itemprop=\"author\" itemscope=\"itemscope\" itemtype=\"https:\/\/schema.org\/Person\" ><span itemprop='name'>cenex<\/span><\/span><span class='av-structured-data'  itemprop=\"datePublished\" datetime=\"2025-04-04T10:05:51-03:00\" >2025-08-12 11:11:04<\/span><span class='av-structured-data'  itemprop=\"dateModified\" itemtype=\"https:\/\/schema.org\/dateModified\" >2025-08-22 11:26:05<\/span><span class='av-structured-data'  itemprop=\"mainEntityOfPage\" itemtype=\"https:\/\/schema.org\/mainEntityOfPage\" ><span itemprop='name'>Sele\u00e7\u00e3o de Volunt\u00e1rios para o Projeto de Extens\u00e3o &#8220;Restaura\u00e7\u00e3o de Dentes Tratados Endodonticamente&#8221;<\/span><\/span><\/span><\/article><article class='slide-entry flex_column  post-entry post-entry-17265 slide-entry-overview slide-loop-78 slide-parity-odd  av_one_fifth  real-thumbnail posttype-post post-format-standard'  itemscope=\"itemscope\" itemtype=\"https:\/\/schema.org\/CreativeWork\" ><a href='https:\/\/www.odonto.ufmg.br\/cenex\/editais_encerrados\/selecao-de-voluntarios-para-o-projeto-de-extensao-clareamento-dental\/' data-rel='slide-2' class='slide-image' title='Sele\u00e7\u00e3o de Volunt\u00e1rios para o Projeto de Extens\u00e3o &#8220;Clareamento Dental&#8221;'><img decoding=\"async\" fetchpriority=\"high\" width=\"260\" height=\"185\" src=\"https:\/\/www.odonto.ufmg.br\/cenex\/wp-content\/uploads\/sites\/2\/2019\/09\/cenex_oportunidade_site-260x185.png\" class=\"wp-image-10032 avia-img-lazy-loading-not-10032 attachment-portfolio_small size-portfolio_small wp-post-image\" alt=\"\" \/><\/a><div class=\"slide-content\"><header class=\"entry-content-header\" aria-label=\"Slide: Sele\u00e7\u00e3o de Volunt\u00e1rios para o Projeto de Extens\u00e3o &quot;Clareamento Dental&quot;\"><h3 class='slide-entry-title entry-title '  itemprop=\"headline\" ><a href='https:\/\/www.odonto.ufmg.br\/cenex\/editais_encerrados\/selecao-de-voluntarios-para-o-projeto-de-extensao-clareamento-dental\/' title='Sele\u00e7\u00e3o de Volunt\u00e1rios para o Projeto de Extens\u00e3o &#8220;Clareamento Dental&#8221;'>Sele\u00e7\u00e3o de Volunt\u00e1rios para o Projeto de Extens\u00e3o &#8220;Clareamento Dental&#8221;<\/a><\/h3><span class=\"av-vertical-delimiter\"><\/span><\/header><div class=\"slide-meta\"><time class='slide-meta-time updated'  itemprop=\"datePublished\" datetime=\"2025-08-12T11:03:34-03:00\" >12\/08\/2025<\/time><\/div><div class='slide-entry-excerpt entry-content'  itemprop=\"text\" >EDITAL\nEst\u00e3o abertas, a partir do dia 08\/08\/2025 a 16\/08\/2025\u2026<\/div><\/div><footer class=\"entry-footer\"><\/footer><span class='hidden'>\n\t\t\t\t<span class='av-structured-data'  itemprop=\"image\" itemscope=\"itemscope\" itemtype=\"https:\/\/schema.org\/ImageObject\" >\n\t\t\t\t\t\t<span itemprop='url'>https:\/\/www.odonto.ufmg.br\/cenex\/wp-content\/uploads\/sites\/2\/2019\/09\/cenex_oportunidade_site.png<\/span>\n\t\t\t\t\t\t<span itemprop='height'>469<\/span>\n\t\t\t\t\t\t<span itemprop='width'>937<\/span>\n\t\t\t\t<\/span>\n\t\t\t\t<span class='av-structured-data'  itemprop=\"publisher\" itemtype=\"https:\/\/schema.org\/Organization\" itemscope=\"itemscope\" >\n\t\t\t\t\t\t<span itemprop='name'>cenex<\/span>\n\t\t\t\t\t\t<span itemprop='logo' itemscope itemtype='https:\/\/schema.org\/ImageObject'>\n\t\t\t\t\t\t\t<span itemprop='url'>http:\/\/www.odonto.ufmg.br\/cenex\/wp-content\/uploads\/sites\/2\/2025\/08\/logo-cenex.svg<\/span>\n\t\t\t\t\t\t<\/span>\n\t\t\t\t<\/span><span class='av-structured-data'  itemprop=\"author\" itemscope=\"itemscope\" itemtype=\"https:\/\/schema.org\/Person\" ><span itemprop='name'>cenex<\/span><\/span><span class='av-structured-data'  itemprop=\"datePublished\" datetime=\"2025-04-04T10:05:51-03:00\" >2025-08-12 11:03:34<\/span><span class='av-structured-data'  itemprop=\"dateModified\" itemtype=\"https:\/\/schema.org\/dateModified\" >2025-08-18 12:46:20<\/span><span class='av-structured-data'  itemprop=\"mainEntityOfPage\" itemtype=\"https:\/\/schema.org\/mainEntityOfPage\" ><span itemprop='name'>Sele\u00e7\u00e3o de Volunt\u00e1rios para o Projeto de Extens\u00e3o &#8220;Clareamento Dental&#8221;<\/span><\/span><\/span><\/article><article class='slide-entry flex_column  post-entry post-entry-17262 slide-entry-overview slide-loop-79 slide-parity-even  av_one_fifth  real-thumbnail posttype-post post-format-standard'  itemscope=\"itemscope\" itemtype=\"https:\/\/schema.org\/CreativeWork\" ><a href='https:\/\/www.odonto.ufmg.br\/cenex\/editais_encerrados\/selecao-de-voluntarios-para-o-projeto-de-extensao-manutencao-e-controle-em-implantodontia-3\/' data-rel='slide-2' class='slide-image' title='Sele\u00e7\u00e3o de Volunt\u00e1rios para o Projeto de Extens\u00e3o &#8220;Manuten\u00e7\u00e3o e Controle em Implantodontia&#8221;'><img decoding=\"async\" fetchpriority=\"high\" width=\"260\" height=\"185\" src=\"https:\/\/www.odonto.ufmg.br\/cenex\/wp-content\/uploads\/sites\/2\/2019\/09\/cenex_oportunidade_site-260x185.png\" class=\"wp-image-10032 avia-img-lazy-loading-not-10032 attachment-portfolio_small size-portfolio_small wp-post-image\" alt=\"\" \/><\/a><div class=\"slide-content\"><header class=\"entry-content-header\" aria-label=\"Slide: Sele\u00e7\u00e3o de Volunt\u00e1rios para o Projeto de Extens\u00e3o &quot;Manuten\u00e7\u00e3o e Controle em Implantodontia&quot;\"><h3 class='slide-entry-title entry-title '  itemprop=\"headline\" ><a href='https:\/\/www.odonto.ufmg.br\/cenex\/editais_encerrados\/selecao-de-voluntarios-para-o-projeto-de-extensao-manutencao-e-controle-em-implantodontia-3\/' title='Sele\u00e7\u00e3o de Volunt\u00e1rios para o Projeto de Extens\u00e3o &#8220;Manuten\u00e7\u00e3o e Controle em Implantodontia&#8221;'>Sele\u00e7\u00e3o de Volunt\u00e1rios para o Projeto de Extens\u00e3o &#8220;Manuten\u00e7\u00e3o e Controle em Implantodontia&#8221;<\/a><\/h3><span class=\"av-vertical-delimiter\"><\/span><\/header><div class=\"slide-meta\"><time class='slide-meta-time updated'  itemprop=\"datePublished\" datetime=\"2025-08-12T10:55:54-03:00\" >12\/08\/2025<\/time><\/div><div class='slide-entry-excerpt entry-content'  itemprop=\"text\" >EDITAL\nEst\u00e3o abertas, a partir do dia 11\/08\/2025 a 18\/08\/2025\u2026<\/div><\/div><footer class=\"entry-footer\"><\/footer><span class='hidden'>\n\t\t\t\t<span class='av-structured-data'  itemprop=\"image\" itemscope=\"itemscope\" itemtype=\"https:\/\/schema.org\/ImageObject\" >\n\t\t\t\t\t\t<span itemprop='url'>https:\/\/www.odonto.ufmg.br\/cenex\/wp-content\/uploads\/sites\/2\/2019\/09\/cenex_oportunidade_site.png<\/span>\n\t\t\t\t\t\t<span itemprop='height'>469<\/span>\n\t\t\t\t\t\t<span itemprop='width'>937<\/span>\n\t\t\t\t<\/span>\n\t\t\t\t<span class='av-structured-data'  itemprop=\"publisher\" itemtype=\"https:\/\/schema.org\/Organization\" itemscope=\"itemscope\" >\n\t\t\t\t\t\t<span itemprop='name'>cenex<\/span>\n\t\t\t\t\t\t<span itemprop='logo' itemscope itemtype='https:\/\/schema.org\/ImageObject'>\n\t\t\t\t\t\t\t<span itemprop='url'>http:\/\/www.odonto.ufmg.br\/cenex\/wp-content\/uploads\/sites\/2\/2025\/08\/logo-cenex.svg<\/span>\n\t\t\t\t\t\t<\/span>\n\t\t\t\t<\/span><span class='av-structured-data'  itemprop=\"author\" itemscope=\"itemscope\" itemtype=\"https:\/\/schema.org\/Person\" ><span itemprop='name'>cenex<\/span><\/span><span class='av-structured-data'  itemprop=\"datePublished\" datetime=\"2025-04-04T10:05:51-03:00\" >2025-08-12 10:55:54<\/span><span class='av-structured-data'  itemprop=\"dateModified\" itemtype=\"https:\/\/schema.org\/dateModified\" >2025-08-20 22:48:07<\/span><span class='av-structured-data'  itemprop=\"mainEntityOfPage\" itemtype=\"https:\/\/schema.org\/mainEntityOfPage\" ><span itemprop='name'>Sele\u00e7\u00e3o de Volunt\u00e1rios para o Projeto de Extens\u00e3o &#8220;Manuten\u00e7\u00e3o e Controle em Implantodontia&#8221;<\/span><\/span><\/span><\/article><article class='slide-entry flex_column  post-entry post-entry-17258 slide-entry-overview slide-loop-80 slide-parity-odd  av_one_fifth  real-thumbnail posttype-post post-format-standard'  itemscope=\"itemscope\" itemtype=\"https:\/\/schema.org\/CreativeWork\" ><a href='https:\/\/www.odonto.ufmg.br\/cenex\/editais_encerrados\/selecao-de-bolsistas-e-voluntarios-para-o-projeto-de-extensao-escolas-saudaveis\/' data-rel='slide-2' class='slide-image' title='Sele\u00e7\u00e3o de Bolsista e Volunt\u00e1rios para o Projeto de Extens\u00e3o &#8220;Escolas Saud\u00e1veis&#8221;'><img decoding=\"async\" fetchpriority=\"high\" width=\"260\" height=\"185\" src=\"https:\/\/www.odonto.ufmg.br\/cenex\/wp-content\/uploads\/sites\/2\/2019\/09\/cenex_oportunidade_site-260x185.png\" class=\"wp-image-10032 avia-img-lazy-loading-not-10032 attachment-portfolio_small size-portfolio_small wp-post-image\" alt=\"\" \/><\/a><div class=\"slide-content\"><header class=\"entry-content-header\" aria-label=\"Slide: Sele\u00e7\u00e3o de Bolsista e Volunt\u00e1rios para o Projeto de Extens\u00e3o &quot;Escolas Saud\u00e1veis&quot;\"><h3 class='slide-entry-title entry-title '  itemprop=\"headline\" ><a href='https:\/\/www.odonto.ufmg.br\/cenex\/editais_encerrados\/selecao-de-bolsistas-e-voluntarios-para-o-projeto-de-extensao-escolas-saudaveis\/' title='Sele\u00e7\u00e3o de Bolsista e Volunt\u00e1rios para o Projeto de Extens\u00e3o &#8220;Escolas Saud\u00e1veis&#8221;'>Sele\u00e7\u00e3o de Bolsista e Volunt\u00e1rios para o Projeto de Extens\u00e3o &#8220;Escolas Saud\u00e1veis&#8221;<\/a><\/h3><span class=\"av-vertical-delimiter\"><\/span><\/header><div class=\"slide-meta\"><time class='slide-meta-time updated'  itemprop=\"datePublished\" datetime=\"2025-08-08T11:35:54-03:00\" >08\/08\/2025<\/time><\/div><div class='slide-entry-excerpt entry-content'  itemprop=\"text\" >EDITAL\nEst\u00e3o abertas, a partir do dia 08\/08\/2025 a 16\/08\/2025\u2026<\/div><\/div><footer class=\"entry-footer\"><\/footer><span class='hidden'>\n\t\t\t\t<span class='av-structured-data'  itemprop=\"image\" itemscope=\"itemscope\" itemtype=\"https:\/\/schema.org\/ImageObject\" >\n\t\t\t\t\t\t<span itemprop='url'>https:\/\/www.odonto.ufmg.br\/cenex\/wp-content\/uploads\/sites\/2\/2019\/09\/cenex_oportunidade_site.png<\/span>\n\t\t\t\t\t\t<span itemprop='height'>469<\/span>\n\t\t\t\t\t\t<span itemprop='width'>937<\/span>\n\t\t\t\t<\/span>\n\t\t\t\t<span class='av-structured-data'  itemprop=\"publisher\" itemtype=\"https:\/\/schema.org\/Organization\" itemscope=\"itemscope\" >\n\t\t\t\t\t\t<span itemprop='name'>cenex<\/span>\n\t\t\t\t\t\t<span itemprop='logo' itemscope itemtype='https:\/\/schema.org\/ImageObject'>\n\t\t\t\t\t\t\t<span itemprop='url'>http:\/\/www.odonto.ufmg.br\/cenex\/wp-content\/uploads\/sites\/2\/2025\/08\/logo-cenex.svg<\/span>\n\t\t\t\t\t\t<\/span>\n\t\t\t\t<\/span><span class='av-structured-data'  itemprop=\"author\" itemscope=\"itemscope\" itemtype=\"https:\/\/schema.org\/Person\" ><span itemprop='name'>cenex<\/span><\/span><span class='av-structured-data'  itemprop=\"datePublished\" datetime=\"2025-04-04T10:05:51-03:00\" >2025-08-08 11:35:54<\/span><span class='av-structured-data'  itemprop=\"dateModified\" itemtype=\"https:\/\/schema.org\/dateModified\" >2025-08-18 12:46:07<\/span><span class='av-structured-data'  itemprop=\"mainEntityOfPage\" itemtype=\"https:\/\/schema.org\/mainEntityOfPage\" ><span itemprop='name'>Sele\u00e7\u00e3o de Bolsista e Volunt\u00e1rios para o Projeto de Extens\u00e3o &#8220;Escolas Saud\u00e1veis&#8221;<\/span><\/span><\/span><\/article><\/div><div class=\"slide-entry-wrap\"><article class='slide-entry flex_column  post-entry post-entry-17238 slide-entry-overview slide-loop-81 slide-parity-odd  av_one_fifth first real-thumbnail posttype-post post-format-standard'  itemscope=\"itemscope\" itemtype=\"https:\/\/schema.org\/CreativeWork\" ><a href='https:\/\/www.odonto.ufmg.br\/cenex\/editais_encerrados\/selecao-de-voluntarios-para-o-projeto-de-extensao-acolhimento-e-orientacao-ao-usuario-da-fao-ufmg\/' data-rel='slide-2' class='slide-image' title='Sele\u00e7\u00e3o de Volunt\u00e1rios para o Projeto de Extens\u00e3o &#8220;Acolhimento e Orienta\u00e7\u00e3o ao Usu\u00e1rio da FAO-UFMG&#8221;'><img decoding=\"async\" fetchpriority=\"high\" width=\"260\" height=\"185\" src=\"https:\/\/www.odonto.ufmg.br\/cenex\/wp-content\/uploads\/sites\/2\/2019\/09\/cenex_oportunidade_site-260x185.png\" class=\"wp-image-10032 avia-img-lazy-loading-not-10032 attachment-portfolio_small size-portfolio_small wp-post-image\" alt=\"\" \/><\/a><div class=\"slide-content\"><header class=\"entry-content-header\" aria-label=\"Slide: Sele\u00e7\u00e3o de Volunt\u00e1rios para o Projeto de Extens\u00e3o &quot;Acolhimento e Orienta\u00e7\u00e3o ao Usu\u00e1rio da FAO-UFMG&quot;\"><h3 class='slide-entry-title entry-title '  itemprop=\"headline\" ><a href='https:\/\/www.odonto.ufmg.br\/cenex\/editais_encerrados\/selecao-de-voluntarios-para-o-projeto-de-extensao-acolhimento-e-orientacao-ao-usuario-da-fao-ufmg\/' title='Sele\u00e7\u00e3o de Volunt\u00e1rios para o Projeto de Extens\u00e3o &#8220;Acolhimento e Orienta\u00e7\u00e3o ao Usu\u00e1rio da FAO-UFMG&#8221;'>Sele\u00e7\u00e3o de Volunt\u00e1rios para o Projeto de Extens\u00e3o &#8220;Acolhimento e Orienta\u00e7\u00e3o ao Usu\u00e1rio da FAO-UFMG&#8221;<\/a><\/h3><span class=\"av-vertical-delimiter\"><\/span><\/header><div class=\"slide-meta\"><time class='slide-meta-time updated'  itemprop=\"datePublished\" datetime=\"2025-08-07T10:46:09-03:00\" >07\/08\/2025<\/time><\/div><div class='slide-entry-excerpt entry-content'  itemprop=\"text\" >EDITAL\nEst\u00e3o abertas, a partir do dia 07\/08\/2025 a 13\/08\/2025\u2026<\/div><\/div><footer class=\"entry-footer\"><\/footer><span class='hidden'>\n\t\t\t\t<span class='av-structured-data'  itemprop=\"image\" itemscope=\"itemscope\" itemtype=\"https:\/\/schema.org\/ImageObject\" >\n\t\t\t\t\t\t<span itemprop='url'>https:\/\/www.odonto.ufmg.br\/cenex\/wp-content\/uploads\/sites\/2\/2019\/09\/cenex_oportunidade_site.png<\/span>\n\t\t\t\t\t\t<span itemprop='height'>469<\/span>\n\t\t\t\t\t\t<span itemprop='width'>937<\/span>\n\t\t\t\t<\/span>\n\t\t\t\t<span class='av-structured-data'  itemprop=\"publisher\" itemtype=\"https:\/\/schema.org\/Organization\" itemscope=\"itemscope\" >\n\t\t\t\t\t\t<span itemprop='name'>cenex<\/span>\n\t\t\t\t\t\t<span itemprop='logo' itemscope itemtype='https:\/\/schema.org\/ImageObject'>\n\t\t\t\t\t\t\t<span itemprop='url'>http:\/\/www.odonto.ufmg.br\/cenex\/wp-content\/uploads\/sites\/2\/2025\/08\/logo-cenex.svg<\/span>\n\t\t\t\t\t\t<\/span>\n\t\t\t\t<\/span><span class='av-structured-data'  itemprop=\"author\" itemscope=\"itemscope\" itemtype=\"https:\/\/schema.org\/Person\" ><span itemprop='name'>cenex<\/span><\/span><span class='av-structured-data'  itemprop=\"datePublished\" datetime=\"2025-04-04T10:05:51-03:00\" >2025-08-07 10:46:09<\/span><span class='av-structured-data'  itemprop=\"dateModified\" itemtype=\"https:\/\/schema.org\/dateModified\" >2025-08-18 12:45:57<\/span><span class='av-structured-data'  itemprop=\"mainEntityOfPage\" itemtype=\"https:\/\/schema.org\/mainEntityOfPage\" ><span itemprop='name'>Sele\u00e7\u00e3o de Volunt\u00e1rios para o Projeto de Extens\u00e3o &#8220;Acolhimento e Orienta\u00e7\u00e3o ao Usu\u00e1rio da FAO-UFMG&#8221;<\/span><\/span><\/span><\/article><article class='slide-entry flex_column  post-entry post-entry-17235 slide-entry-overview slide-loop-82 slide-parity-even  av_one_fifth  real-thumbnail posttype-post post-format-standard'  itemscope=\"itemscope\" itemtype=\"https:\/\/schema.org\/CreativeWork\" ><a href='https:\/\/www.odonto.ufmg.br\/cenex\/editais_encerrados\/selecao-de-bolsistas-para-o-programa-de-extensao-traumatismos-dentarios\/' data-rel='slide-2' class='slide-image' title='Sele\u00e7\u00e3o de Bolsistas para o Programa de Extens\u00e3o &#8220;Traumatismos Dent\u00e1rios&#8221;'><img decoding=\"async\" fetchpriority=\"high\" width=\"260\" height=\"185\" src=\"https:\/\/www.odonto.ufmg.br\/cenex\/wp-content\/uploads\/sites\/2\/2019\/09\/cenex_oportunidade_site-260x185.png\" class=\"wp-image-10032 avia-img-lazy-loading-not-10032 attachment-portfolio_small size-portfolio_small wp-post-image\" alt=\"\" \/><\/a><div class=\"slide-content\"><header class=\"entry-content-header\" aria-label=\"Slide: Sele\u00e7\u00e3o de Bolsistas para o Programa de Extens\u00e3o &quot;Traumatismos Dent\u00e1rios&quot;\"><h3 class='slide-entry-title entry-title '  itemprop=\"headline\" ><a href='https:\/\/www.odonto.ufmg.br\/cenex\/editais_encerrados\/selecao-de-bolsistas-para-o-programa-de-extensao-traumatismos-dentarios\/' title='Sele\u00e7\u00e3o de Bolsistas para o Programa de Extens\u00e3o &#8220;Traumatismos Dent\u00e1rios&#8221;'>Sele\u00e7\u00e3o de Bolsistas para o Programa de Extens\u00e3o &#8220;Traumatismos Dent\u00e1rios&#8221;<\/a><\/h3><span class=\"av-vertical-delimiter\"><\/span><\/header><div class=\"slide-meta\"><time class='slide-meta-time updated'  itemprop=\"datePublished\" datetime=\"2025-08-07T10:43:44-03:00\" >07\/08\/2025<\/time><\/div><div class='slide-entry-excerpt entry-content'  itemprop=\"text\" >EDITAL\nEst\u00e3o abertas, a partir do dia 06\/08\/2025 a 13\/08\/2025\u2026<\/div><\/div><footer class=\"entry-footer\"><\/footer><span class='hidden'>\n\t\t\t\t<span class='av-structured-data'  itemprop=\"image\" itemscope=\"itemscope\" itemtype=\"https:\/\/schema.org\/ImageObject\" >\n\t\t\t\t\t\t<span itemprop='url'>https:\/\/www.odonto.ufmg.br\/cenex\/wp-content\/uploads\/sites\/2\/2019\/09\/cenex_oportunidade_site.png<\/span>\n\t\t\t\t\t\t<span itemprop='height'>469<\/span>\n\t\t\t\t\t\t<span itemprop='width'>937<\/span>\n\t\t\t\t<\/span>\n\t\t\t\t<span class='av-structured-data'  itemprop=\"publisher\" itemtype=\"https:\/\/schema.org\/Organization\" itemscope=\"itemscope\" >\n\t\t\t\t\t\t<span itemprop='name'>cenex<\/span>\n\t\t\t\t\t\t<span itemprop='logo' itemscope itemtype='https:\/\/schema.org\/ImageObject'>\n\t\t\t\t\t\t\t<span itemprop='url'>http:\/\/www.odonto.ufmg.br\/cenex\/wp-content\/uploads\/sites\/2\/2025\/08\/logo-cenex.svg<\/span>\n\t\t\t\t\t\t<\/span>\n\t\t\t\t<\/span><span class='av-structured-data'  itemprop=\"author\" itemscope=\"itemscope\" itemtype=\"https:\/\/schema.org\/Person\" ><span itemprop='name'>cenex<\/span><\/span><span class='av-structured-data'  itemprop=\"datePublished\" datetime=\"2025-04-04T10:05:51-03:00\" >2025-08-07 10:43:44<\/span><span class='av-structured-data'  itemprop=\"dateModified\" itemtype=\"https:\/\/schema.org\/dateModified\" >2025-08-18 12:45:51<\/span><span class='av-structured-data'  itemprop=\"mainEntityOfPage\" itemtype=\"https:\/\/schema.org\/mainEntityOfPage\" ><span itemprop='name'>Sele\u00e7\u00e3o de Bolsistas para o Programa de Extens\u00e3o &#8220;Traumatismos Dent\u00e1rios&#8221;<\/span><\/span><\/span><\/article><article class='slide-entry flex_column  post-entry post-entry-17232 slide-entry-overview slide-loop-83 slide-parity-odd  av_one_fifth  real-thumbnail posttype-post post-format-standard'  itemscope=\"itemscope\" itemtype=\"https:\/\/schema.org\/CreativeWork\" ><a href='https:\/\/www.odonto.ufmg.br\/cenex\/editais_encerrados\/selecao-de-voluntarios-para-o-projeto-de-extensao-tratamento-endodontico-de-dentes-permanentes-jovens-2\/' data-rel='slide-2' class='slide-image' title='Sele\u00e7\u00e3o de Volunt\u00e1rios para o Projeto de Extens\u00e3o &#8220;Tratamento Endod\u00f4ntico de Dentes Permanentes Jovens&#8221;'><img decoding=\"async\" fetchpriority=\"high\" width=\"260\" height=\"185\" src=\"https:\/\/www.odonto.ufmg.br\/cenex\/wp-content\/uploads\/sites\/2\/2019\/09\/cenex_oportunidade_site-260x185.png\" class=\"wp-image-10032 avia-img-lazy-loading-not-10032 attachment-portfolio_small size-portfolio_small wp-post-image\" alt=\"\" \/><\/a><div class=\"slide-content\"><header class=\"entry-content-header\" aria-label=\"Slide: Sele\u00e7\u00e3o de Volunt\u00e1rios para o Projeto de Extens\u00e3o &quot;Tratamento Endod\u00f4ntico de Dentes Permanentes Jovens&quot;\"><h3 class='slide-entry-title entry-title '  itemprop=\"headline\" ><a href='https:\/\/www.odonto.ufmg.br\/cenex\/editais_encerrados\/selecao-de-voluntarios-para-o-projeto-de-extensao-tratamento-endodontico-de-dentes-permanentes-jovens-2\/' title='Sele\u00e7\u00e3o de Volunt\u00e1rios para o Projeto de Extens\u00e3o &#8220;Tratamento Endod\u00f4ntico de Dentes Permanentes Jovens&#8221;'>Sele\u00e7\u00e3o de Volunt\u00e1rios para o Projeto de Extens\u00e3o &#8220;Tratamento Endod\u00f4ntico de Dentes Permanentes Jovens&#8221;<\/a><\/h3><span class=\"av-vertical-delimiter\"><\/span><\/header><div class=\"slide-meta\"><time class='slide-meta-time updated'  itemprop=\"datePublished\" datetime=\"2025-08-07T10:42:00-03:00\" >07\/08\/2025<\/time><\/div><div class='slide-entry-excerpt entry-content'  itemprop=\"text\" >EDITAL\nEst\u00e3o abertas, a partir do dia 08\/08\/2025 a 18\/08\/2025\u2026<\/div><\/div><footer class=\"entry-footer\"><\/footer><span class='hidden'>\n\t\t\t\t<span class='av-structured-data'  itemprop=\"image\" itemscope=\"itemscope\" itemtype=\"https:\/\/schema.org\/ImageObject\" >\n\t\t\t\t\t\t<span itemprop='url'>https:\/\/www.odonto.ufmg.br\/cenex\/wp-content\/uploads\/sites\/2\/2019\/09\/cenex_oportunidade_site.png<\/span>\n\t\t\t\t\t\t<span itemprop='height'>469<\/span>\n\t\t\t\t\t\t<span itemprop='width'>937<\/span>\n\t\t\t\t<\/span>\n\t\t\t\t<span class='av-structured-data'  itemprop=\"publisher\" itemtype=\"https:\/\/schema.org\/Organization\" itemscope=\"itemscope\" >\n\t\t\t\t\t\t<span itemprop='name'>cenex<\/span>\n\t\t\t\t\t\t<span itemprop='logo' itemscope itemtype='https:\/\/schema.org\/ImageObject'>\n\t\t\t\t\t\t\t<span itemprop='url'>http:\/\/www.odonto.ufmg.br\/cenex\/wp-content\/uploads\/sites\/2\/2025\/08\/logo-cenex.svg<\/span>\n\t\t\t\t\t\t<\/span>\n\t\t\t\t<\/span><span class='av-structured-data'  itemprop=\"author\" itemscope=\"itemscope\" itemtype=\"https:\/\/schema.org\/Person\" ><span itemprop='name'>cenex<\/span><\/span><span class='av-structured-data'  itemprop=\"datePublished\" datetime=\"2025-04-04T10:05:51-03:00\" >2025-08-07 10:42:00<\/span><span class='av-structured-data'  itemprop=\"dateModified\" itemtype=\"https:\/\/schema.org\/dateModified\" >2025-08-20 22:46:59<\/span><span class='av-structured-data'  itemprop=\"mainEntityOfPage\" itemtype=\"https:\/\/schema.org\/mainEntityOfPage\" ><span itemprop='name'>Sele\u00e7\u00e3o de Volunt\u00e1rios para o Projeto de Extens\u00e3o &#8220;Tratamento Endod\u00f4ntico de Dentes Permanentes Jovens&#8221;<\/span><\/span><\/span><\/article><article class='slide-entry flex_column  post-entry post-entry-17216 slide-entry-overview slide-loop-84 slide-parity-even  av_one_fifth  real-thumbnail posttype-post post-format-standard'  itemscope=\"itemscope\" itemtype=\"https:\/\/schema.org\/CreativeWork\" ><a href='https:\/\/www.odonto.ufmg.br\/cenex\/editais_encerrados\/selecao-de-voluntarios-para-o-projeto-de-extensao-dancar-sorrir\/' data-rel='slide-2' class='slide-image' title='Sele\u00e7\u00e3o de Volunt\u00e1rios para o Projeto de Extens\u00e3o &#8220;Dan\u00e7ar &amp; Sorrir&#8221;'><img decoding=\"async\" fetchpriority=\"high\" width=\"260\" height=\"185\" src=\"https:\/\/www.odonto.ufmg.br\/cenex\/wp-content\/uploads\/sites\/2\/2019\/09\/cenex_oportunidade_site-260x185.png\" class=\"wp-image-10032 avia-img-lazy-loading-not-10032 attachment-portfolio_small size-portfolio_small wp-post-image\" alt=\"\" \/><\/a><div class=\"slide-content\"><header class=\"entry-content-header\" aria-label=\"Slide: Sele\u00e7\u00e3o de Volunt\u00e1rios para o Projeto de Extens\u00e3o &quot;Dan\u00e7ar &amp; Sorrir&quot;\"><h3 class='slide-entry-title entry-title '  itemprop=\"headline\" ><a href='https:\/\/www.odonto.ufmg.br\/cenex\/editais_encerrados\/selecao-de-voluntarios-para-o-projeto-de-extensao-dancar-sorrir\/' title='Sele\u00e7\u00e3o de Volunt\u00e1rios para o Projeto de Extens\u00e3o &#8220;Dan\u00e7ar &amp; Sorrir&#8221;'>Sele\u00e7\u00e3o de Volunt\u00e1rios para o Projeto de Extens\u00e3o &#8220;Dan\u00e7ar &amp; Sorrir&#8221;<\/a><\/h3><span class=\"av-vertical-delimiter\"><\/span><\/header><div class=\"slide-meta\"><time class='slide-meta-time updated'  itemprop=\"datePublished\" datetime=\"2025-08-07T10:30:59-03:00\" >07\/08\/2025<\/time><\/div><div class='slide-entry-excerpt entry-content'  itemprop=\"text\" >EDITAL\nEst\u00e3o abertas, a partir do dia 18\/08\/2025 a 27\/08\/2025\u2026<\/div><\/div><footer class=\"entry-footer\"><\/footer><span class='hidden'>\n\t\t\t\t<span class='av-structured-data'  itemprop=\"image\" itemscope=\"itemscope\" itemtype=\"https:\/\/schema.org\/ImageObject\" >\n\t\t\t\t\t\t<span itemprop='url'>https:\/\/www.odonto.ufmg.br\/cenex\/wp-content\/uploads\/sites\/2\/2019\/09\/cenex_oportunidade_site.png<\/span>\n\t\t\t\t\t\t<span itemprop='height'>469<\/span>\n\t\t\t\t\t\t<span itemprop='width'>937<\/span>\n\t\t\t\t<\/span>\n\t\t\t\t<span class='av-structured-data'  itemprop=\"publisher\" itemtype=\"https:\/\/schema.org\/Organization\" itemscope=\"itemscope\" >\n\t\t\t\t\t\t<span itemprop='name'>cenex<\/span>\n\t\t\t\t\t\t<span itemprop='logo' itemscope itemtype='https:\/\/schema.org\/ImageObject'>\n\t\t\t\t\t\t\t<span itemprop='url'>http:\/\/www.odonto.ufmg.br\/cenex\/wp-content\/uploads\/sites\/2\/2025\/08\/logo-cenex.svg<\/span>\n\t\t\t\t\t\t<\/span>\n\t\t\t\t<\/span><span class='av-structured-data'  itemprop=\"author\" itemscope=\"itemscope\" itemtype=\"https:\/\/schema.org\/Person\" ><span itemprop='name'>cenex<\/span><\/span><span class='av-structured-data'  itemprop=\"datePublished\" datetime=\"2025-04-04T10:05:51-03:00\" >2025-08-07 10:30:59<\/span><span class='av-structured-data'  itemprop=\"dateModified\" itemtype=\"https:\/\/schema.org\/dateModified\" >2025-09-04 12:39:06<\/span><span class='av-structured-data'  itemprop=\"mainEntityOfPage\" itemtype=\"https:\/\/schema.org\/mainEntityOfPage\" ><span itemprop='name'>Sele\u00e7\u00e3o de Volunt\u00e1rios para o Projeto de Extens\u00e3o &#8220;Dan\u00e7ar &amp; Sorrir&#8221;<\/span><\/span><\/span><\/article><article class='slide-entry flex_column  post-entry post-entry-17212 slide-entry-overview slide-loop-85 slide-parity-odd  av_one_fifth  real-thumbnail posttype-post post-format-standard'  itemscope=\"itemscope\" itemtype=\"https:\/\/schema.org\/CreativeWork\" ><a href='https:\/\/www.odonto.ufmg.br\/cenex\/editais_encerrados\/selecao-de-voluntarios-para-o-projeto-de-extensao-ultrassonografia-em-odontologia-2\/' data-rel='slide-2' class='slide-image' title='Sele\u00e7\u00e3o de Volunt\u00e1rios para o Projeto de Extens\u00e3o &#8220;Ultrassonografia em Odontologia&#8221;'><img decoding=\"async\" fetchpriority=\"high\" width=\"260\" height=\"185\" src=\"https:\/\/www.odonto.ufmg.br\/cenex\/wp-content\/uploads\/sites\/2\/2019\/09\/cenex_oportunidade_site-260x185.png\" class=\"wp-image-10032 avia-img-lazy-loading-not-10032 attachment-portfolio_small size-portfolio_small wp-post-image\" alt=\"\" \/><\/a><div class=\"slide-content\"><header class=\"entry-content-header\" aria-label=\"Slide: Sele\u00e7\u00e3o de Volunt\u00e1rios para o Projeto de Extens\u00e3o &quot;Ultrassonografia em Odontologia&quot;\"><h3 class='slide-entry-title entry-title '  itemprop=\"headline\" ><a href='https:\/\/www.odonto.ufmg.br\/cenex\/editais_encerrados\/selecao-de-voluntarios-para-o-projeto-de-extensao-ultrassonografia-em-odontologia-2\/' title='Sele\u00e7\u00e3o de Volunt\u00e1rios para o Projeto de Extens\u00e3o &#8220;Ultrassonografia em Odontologia&#8221;'>Sele\u00e7\u00e3o de Volunt\u00e1rios para o Projeto de Extens\u00e3o &#8220;Ultrassonografia em Odontologia&#8221;<\/a><\/h3><span class=\"av-vertical-delimiter\"><\/span><\/header><div class=\"slide-meta\"><time class='slide-meta-time updated'  itemprop=\"datePublished\" datetime=\"2025-08-07T10:28:36-03:00\" >07\/08\/2025<\/time><\/div><div class='slide-entry-excerpt entry-content'  itemprop=\"text\" >EDITAL\nEst\u00e3o abertas, a partir do dia 07\/08\/2025 a 15\/08\/2025\u2026<\/div><\/div><footer class=\"entry-footer\"><\/footer><span class='hidden'>\n\t\t\t\t<span class='av-structured-data'  itemprop=\"image\" itemscope=\"itemscope\" itemtype=\"https:\/\/schema.org\/ImageObject\" >\n\t\t\t\t\t\t<span itemprop='url'>https:\/\/www.odonto.ufmg.br\/cenex\/wp-content\/uploads\/sites\/2\/2019\/09\/cenex_oportunidade_site.png<\/span>\n\t\t\t\t\t\t<span itemprop='height'>469<\/span>\n\t\t\t\t\t\t<span itemprop='width'>937<\/span>\n\t\t\t\t<\/span>\n\t\t\t\t<span class='av-structured-data'  itemprop=\"publisher\" itemtype=\"https:\/\/schema.org\/Organization\" itemscope=\"itemscope\" >\n\t\t\t\t\t\t<span itemprop='name'>cenex<\/span>\n\t\t\t\t\t\t<span itemprop='logo' itemscope itemtype='https:\/\/schema.org\/ImageObject'>\n\t\t\t\t\t\t\t<span itemprop='url'>http:\/\/www.odonto.ufmg.br\/cenex\/wp-content\/uploads\/sites\/2\/2025\/08\/logo-cenex.svg<\/span>\n\t\t\t\t\t\t<\/span>\n\t\t\t\t<\/span><span class='av-structured-data'  itemprop=\"author\" itemscope=\"itemscope\" itemtype=\"https:\/\/schema.org\/Person\" ><span itemprop='name'>cenex<\/span><\/span><span class='av-structured-data'  itemprop=\"datePublished\" datetime=\"2025-04-04T10:05:51-03:00\" >2025-08-07 10:28:36<\/span><span class='av-structured-data'  itemprop=\"dateModified\" itemtype=\"https:\/\/schema.org\/dateModified\" >2025-08-18 12:45:32<\/span><span class='av-structured-data'  itemprop=\"mainEntityOfPage\" itemtype=\"https:\/\/schema.org\/mainEntityOfPage\" ><span itemprop='name'>Sele\u00e7\u00e3o de Volunt\u00e1rios para o Projeto de Extens\u00e3o &#8220;Ultrassonografia em Odontologia&#8221;<\/span><\/span><\/span><\/article><\/div><div class=\"slide-entry-wrap\"><article class='slide-entry flex_column  post-entry post-entry-17210 slide-entry-overview slide-loop-86 slide-parity-odd  av_one_fifth first real-thumbnail posttype-post post-format-standard'  itemscope=\"itemscope\" itemtype=\"https:\/\/schema.org\/CreativeWork\" ><a href='https:\/\/www.odonto.ufmg.br\/cenex\/editais_encerrados\/selecao-de-bolsistas-para-o-projeto-de-extensao-transodonto-saude-bucal-tambem-e-direito\/' data-rel='slide-2' class='slide-image' title='Sele\u00e7\u00e3o de Bolsistas para o Projeto de Extens\u00e3o &#8220;TRANSODONTO: Sa\u00fade bucal tamb\u00e9m \u00e9 direito!&#8221;'><img decoding=\"async\" fetchpriority=\"high\" width=\"260\" height=\"185\" src=\"https:\/\/www.odonto.ufmg.br\/cenex\/wp-content\/uploads\/sites\/2\/2019\/09\/cenex_oportunidade_site-260x185.png\" class=\"wp-image-10032 avia-img-lazy-loading-not-10032 attachment-portfolio_small size-portfolio_small wp-post-image\" alt=\"\" \/><\/a><div class=\"slide-content\"><header class=\"entry-content-header\" aria-label=\"Slide: Sele\u00e7\u00e3o de Bolsistas para o Projeto de Extens\u00e3o &quot;TRANSODONTO: Sa\u00fade bucal tamb\u00e9m \u00e9 direito!&quot;\"><h3 class='slide-entry-title entry-title '  itemprop=\"headline\" ><a href='https:\/\/www.odonto.ufmg.br\/cenex\/editais_encerrados\/selecao-de-bolsistas-para-o-projeto-de-extensao-transodonto-saude-bucal-tambem-e-direito\/' title='Sele\u00e7\u00e3o de Bolsistas para o Projeto de Extens\u00e3o &#8220;TRANSODONTO: Sa\u00fade bucal tamb\u00e9m \u00e9 direito!&#8221;'>Sele\u00e7\u00e3o de Bolsistas para o Projeto de Extens\u00e3o &#8220;TRANSODONTO: Sa\u00fade bucal tamb\u00e9m \u00e9 direito!&#8221;<\/a><\/h3><span class=\"av-vertical-delimiter\"><\/span><\/header><div class=\"slide-meta\"><time class='slide-meta-time updated'  itemprop=\"datePublished\" datetime=\"2025-08-07T10:26:13-03:00\" >07\/08\/2025<\/time><\/div><div class='slide-entry-excerpt entry-content'  itemprop=\"text\" >EDITAL\nEst\u00e3o abertas, a partir do dia 06\/08\/2025 a 13\/08\/2025\u2026<\/div><\/div><footer class=\"entry-footer\"><\/footer><span class='hidden'>\n\t\t\t\t<span class='av-structured-data'  itemprop=\"image\" itemscope=\"itemscope\" itemtype=\"https:\/\/schema.org\/ImageObject\" >\n\t\t\t\t\t\t<span itemprop='url'>https:\/\/www.odonto.ufmg.br\/cenex\/wp-content\/uploads\/sites\/2\/2019\/09\/cenex_oportunidade_site.png<\/span>\n\t\t\t\t\t\t<span itemprop='height'>469<\/span>\n\t\t\t\t\t\t<span itemprop='width'>937<\/span>\n\t\t\t\t<\/span>\n\t\t\t\t<span class='av-structured-data'  itemprop=\"publisher\" itemtype=\"https:\/\/schema.org\/Organization\" itemscope=\"itemscope\" >\n\t\t\t\t\t\t<span itemprop='name'>cenex<\/span>\n\t\t\t\t\t\t<span itemprop='logo' itemscope itemtype='https:\/\/schema.org\/ImageObject'>\n\t\t\t\t\t\t\t<span itemprop='url'>http:\/\/www.odonto.ufmg.br\/cenex\/wp-content\/uploads\/sites\/2\/2025\/08\/logo-cenex.svg<\/span>\n\t\t\t\t\t\t<\/span>\n\t\t\t\t<\/span><span class='av-structured-data'  itemprop=\"author\" itemscope=\"itemscope\" itemtype=\"https:\/\/schema.org\/Person\" ><span itemprop='name'>cenex<\/span><\/span><span class='av-structured-data'  itemprop=\"datePublished\" datetime=\"2025-04-04T10:05:51-03:00\" >2025-08-07 10:26:13<\/span><span class='av-structured-data'  itemprop=\"dateModified\" itemtype=\"https:\/\/schema.org\/dateModified\" >2025-08-18 12:45:17<\/span><span class='av-structured-data'  itemprop=\"mainEntityOfPage\" itemtype=\"https:\/\/schema.org\/mainEntityOfPage\" ><span itemprop='name'>Sele\u00e7\u00e3o de Bolsistas para o Projeto de Extens\u00e3o &#8220;TRANSODONTO: Sa\u00fade bucal tamb\u00e9m \u00e9 direito!&#8221;<\/span><\/span><\/span><\/article><article class='slide-entry flex_column  post-entry post-entry-17206 slide-entry-overview slide-loop-87 slide-parity-even  av_one_fifth  real-thumbnail posttype-post post-format-standard'  itemscope=\"itemscope\" itemtype=\"https:\/\/schema.org\/CreativeWork\" ><a href='https:\/\/www.odonto.ufmg.br\/cenex\/editais_encerrados\/selecao-de-voluntarios-para-o-projeto-de-extensao-restauracao-de-dentes-traumatizados-2\/' data-rel='slide-2' class='slide-image' title='Sele\u00e7\u00e3o de Volunt\u00e1rios para o Projeto de Extens\u00e3o &#8220;Restaura\u00e7\u00e3o de dentes traumatizados&#8221;'><img decoding=\"async\" fetchpriority=\"high\" width=\"260\" height=\"185\" src=\"https:\/\/www.odonto.ufmg.br\/cenex\/wp-content\/uploads\/sites\/2\/2019\/09\/cenex_oportunidade_site-260x185.png\" class=\"wp-image-10032 avia-img-lazy-loading-not-10032 attachment-portfolio_small size-portfolio_small wp-post-image\" alt=\"\" \/><\/a><div class=\"slide-content\"><header class=\"entry-content-header\" aria-label=\"Slide: Sele\u00e7\u00e3o de Volunt\u00e1rios para o Projeto de Extens\u00e3o &quot;Restaura\u00e7\u00e3o de dentes traumatizados&quot;\"><h3 class='slide-entry-title entry-title '  itemprop=\"headline\" ><a href='https:\/\/www.odonto.ufmg.br\/cenex\/editais_encerrados\/selecao-de-voluntarios-para-o-projeto-de-extensao-restauracao-de-dentes-traumatizados-2\/' title='Sele\u00e7\u00e3o de Volunt\u00e1rios para o Projeto de Extens\u00e3o &#8220;Restaura\u00e7\u00e3o de dentes traumatizados&#8221;'>Sele\u00e7\u00e3o de Volunt\u00e1rios para o Projeto de Extens\u00e3o &#8220;Restaura\u00e7\u00e3o de dentes traumatizados&#8221;<\/a><\/h3><span class=\"av-vertical-delimiter\"><\/span><\/header><div class=\"slide-meta\"><time class='slide-meta-time updated'  itemprop=\"datePublished\" datetime=\"2025-08-07T10:23:31-03:00\" >07\/08\/2025<\/time><\/div><div class='slide-entry-excerpt entry-content'  itemprop=\"text\" >EDITAL\nEst\u00e3o abertas, a partir do dia 07\/08\/2025 a 14\/08\/2025\u2026<\/div><\/div><footer class=\"entry-footer\"><\/footer><span class='hidden'>\n\t\t\t\t<span class='av-structured-data'  itemprop=\"image\" itemscope=\"itemscope\" itemtype=\"https:\/\/schema.org\/ImageObject\" >\n\t\t\t\t\t\t<span itemprop='url'>https:\/\/www.odonto.ufmg.br\/cenex\/wp-content\/uploads\/sites\/2\/2019\/09\/cenex_oportunidade_site.png<\/span>\n\t\t\t\t\t\t<span itemprop='height'>469<\/span>\n\t\t\t\t\t\t<span itemprop='width'>937<\/span>\n\t\t\t\t<\/span>\n\t\t\t\t<span class='av-structured-data'  itemprop=\"publisher\" itemtype=\"https:\/\/schema.org\/Organization\" itemscope=\"itemscope\" >\n\t\t\t\t\t\t<span itemprop='name'>cenex<\/span>\n\t\t\t\t\t\t<span itemprop='logo' itemscope itemtype='https:\/\/schema.org\/ImageObject'>\n\t\t\t\t\t\t\t<span itemprop='url'>http:\/\/www.odonto.ufmg.br\/cenex\/wp-content\/uploads\/sites\/2\/2025\/08\/logo-cenex.svg<\/span>\n\t\t\t\t\t\t<\/span>\n\t\t\t\t<\/span><span class='av-structured-data'  itemprop=\"author\" itemscope=\"itemscope\" itemtype=\"https:\/\/schema.org\/Person\" ><span itemprop='name'>cenex<\/span><\/span><span class='av-structured-data'  itemprop=\"datePublished\" datetime=\"2025-04-04T10:05:51-03:00\" >2025-08-07 10:23:31<\/span><span class='av-structured-data'  itemprop=\"dateModified\" itemtype=\"https:\/\/schema.org\/dateModified\" >2025-08-18 12:45:10<\/span><span class='av-structured-data'  itemprop=\"mainEntityOfPage\" itemtype=\"https:\/\/schema.org\/mainEntityOfPage\" ><span itemprop='name'>Sele\u00e7\u00e3o de Volunt\u00e1rios para o Projeto de Extens\u00e3o &#8220;Restaura\u00e7\u00e3o de dentes traumatizados&#8221;<\/span><\/span><\/span><\/article><article class='slide-entry flex_column  post-entry post-entry-17202 slide-entry-overview slide-loop-88 slide-parity-odd  av_one_fifth  real-thumbnail posttype-post post-format-standard'  itemscope=\"itemscope\" itemtype=\"https:\/\/schema.org\/CreativeWork\" ><a href='https:\/\/www.odonto.ufmg.br\/cenex\/editais_encerrados\/selecao-de-voluntarios-para-o-projeto-de-extensao-clinica-de-diagnostico-por-imagem-para-pacientes-com-lesoes-traumaticas-dento-alveolares-3\/' data-rel='slide-2' class='slide-image' title='Sele\u00e7\u00e3o de Volunt\u00e1rios para o Projeto de Extens\u00e3o &#8220;Clinica de Diagn\u00f3stico por Imagem para Pacientes com Les\u00f5es Traum\u00e1ticas Dento-Alveolares&#8221;'><img decoding=\"async\" fetchpriority=\"high\" width=\"260\" height=\"185\" src=\"https:\/\/www.odonto.ufmg.br\/cenex\/wp-content\/uploads\/sites\/2\/2019\/09\/cenex_oportunidade_site-260x185.png\" class=\"wp-image-10032 avia-img-lazy-loading-not-10032 attachment-portfolio_small size-portfolio_small wp-post-image\" alt=\"\" \/><\/a><div class=\"slide-content\"><header class=\"entry-content-header\" aria-label=\"Slide: Sele\u00e7\u00e3o de Volunt\u00e1rios para o Projeto de Extens\u00e3o &quot;Clinica de Diagn\u00f3stico por Imagem para Pacientes com Les\u00f5es Traum\u00e1ticas Dento-Alveolares&quot;\"><h3 class='slide-entry-title entry-title '  itemprop=\"headline\" ><a href='https:\/\/www.odonto.ufmg.br\/cenex\/editais_encerrados\/selecao-de-voluntarios-para-o-projeto-de-extensao-clinica-de-diagnostico-por-imagem-para-pacientes-com-lesoes-traumaticas-dento-alveolares-3\/' title='Sele\u00e7\u00e3o de Volunt\u00e1rios para o Projeto de Extens\u00e3o &#8220;Clinica de Diagn\u00f3stico por Imagem para Pacientes com Les\u00f5es Traum\u00e1ticas Dento-Alveolares&#8221;'>Sele\u00e7\u00e3o de Volunt\u00e1rios para o Projeto de Extens\u00e3o &#8220;Clinica de Diagn\u00f3stico por Imagem para Pacientes com Les\u00f5es Traum\u00e1ticas Dento-Alveolares&#8221;<\/a><\/h3><span class=\"av-vertical-delimiter\"><\/span><\/header><div class=\"slide-meta\"><time class='slide-meta-time updated'  itemprop=\"datePublished\" datetime=\"2025-08-07T10:12:38-03:00\" >07\/08\/2025<\/time><\/div><div class='slide-entry-excerpt entry-content'  itemprop=\"text\" >EDITAL\nEst\u00e3o abertas, a partir do dia 18\/08\/2025 a 25\/08\/2025\u2026<\/div><\/div><footer class=\"entry-footer\"><\/footer><span class='hidden'>\n\t\t\t\t<span class='av-structured-data'  itemprop=\"image\" itemscope=\"itemscope\" itemtype=\"https:\/\/schema.org\/ImageObject\" >\n\t\t\t\t\t\t<span itemprop='url'>https:\/\/www.odonto.ufmg.br\/cenex\/wp-content\/uploads\/sites\/2\/2019\/09\/cenex_oportunidade_site.png<\/span>\n\t\t\t\t\t\t<span itemprop='height'>469<\/span>\n\t\t\t\t\t\t<span itemprop='width'>937<\/span>\n\t\t\t\t<\/span>\n\t\t\t\t<span class='av-structured-data'  itemprop=\"publisher\" itemtype=\"https:\/\/schema.org\/Organization\" itemscope=\"itemscope\" >\n\t\t\t\t\t\t<span itemprop='name'>cenex<\/span>\n\t\t\t\t\t\t<span itemprop='logo' itemscope itemtype='https:\/\/schema.org\/ImageObject'>\n\t\t\t\t\t\t\t<span itemprop='url'>http:\/\/www.odonto.ufmg.br\/cenex\/wp-content\/uploads\/sites\/2\/2025\/08\/logo-cenex.svg<\/span>\n\t\t\t\t\t\t<\/span>\n\t\t\t\t<\/span><span class='av-structured-data'  itemprop=\"author\" itemscope=\"itemscope\" itemtype=\"https:\/\/schema.org\/Person\" ><span itemprop='name'>cenex<\/span><\/span><span class='av-structured-data'  itemprop=\"datePublished\" datetime=\"2025-04-04T10:05:51-03:00\" >2025-08-07 10:12:38<\/span><span class='av-structured-data'  itemprop=\"dateModified\" itemtype=\"https:\/\/schema.org\/dateModified\" >2025-08-26 11:23:53<\/span><span class='av-structured-data'  itemprop=\"mainEntityOfPage\" itemtype=\"https:\/\/schema.org\/mainEntityOfPage\" ><span itemprop='name'>Sele\u00e7\u00e3o de Volunt\u00e1rios para o Projeto de Extens\u00e3o &#8220;Clinica de Diagn\u00f3stico por Imagem para Pacientes com Les\u00f5es Traum\u00e1ticas Dento-Alveolares&#8221;<\/span><\/span><\/span><\/article><article class='slide-entry flex_column  post-entry post-entry-17199 slide-entry-overview slide-loop-89 slide-parity-even  av_one_fifth  real-thumbnail posttype-post post-format-standard'  itemscope=\"itemscope\" itemtype=\"https:\/\/schema.org\/CreativeWork\" ><a href='https:\/\/www.odonto.ufmg.br\/cenex\/editais_encerrados\/selecao-de-voluntarios-para-o-projeto-de-extensao-atendimento-a-individuos-com-comprometimento-sistemico-e-necessidade-de-tratamento-endodontico-3\/' data-rel='slide-2' class='slide-image' title='Sele\u00e7\u00e3o de Volunt\u00e1rios para o Projeto de Extens\u00e3o &#8220;Atendimento a indiv\u00edduos com comprometimento sist\u00eamico e necessidade de tratamento endod\u00f4ntico&#8221;'><img decoding=\"async\" fetchpriority=\"high\" width=\"260\" height=\"185\" src=\"https:\/\/www.odonto.ufmg.br\/cenex\/wp-content\/uploads\/sites\/2\/2019\/09\/cenex_oportunidade_site-260x185.png\" class=\"wp-image-10032 avia-img-lazy-loading-not-10032 attachment-portfolio_small size-portfolio_small wp-post-image\" alt=\"\" \/><\/a><div class=\"slide-content\"><header class=\"entry-content-header\" aria-label=\"Slide: Sele\u00e7\u00e3o de Volunt\u00e1rios para o Projeto de Extens\u00e3o &quot;Atendimento a indiv\u00edduos com comprometimento sist\u00eamico e necessidade de tratamento endod\u00f4ntico&quot;\"><h3 class='slide-entry-title entry-title '  itemprop=\"headline\" ><a href='https:\/\/www.odonto.ufmg.br\/cenex\/editais_encerrados\/selecao-de-voluntarios-para-o-projeto-de-extensao-atendimento-a-individuos-com-comprometimento-sistemico-e-necessidade-de-tratamento-endodontico-3\/' title='Sele\u00e7\u00e3o de Volunt\u00e1rios para o Projeto de Extens\u00e3o &#8220;Atendimento a indiv\u00edduos com comprometimento sist\u00eamico e necessidade de tratamento endod\u00f4ntico&#8221;'>Sele\u00e7\u00e3o de Volunt\u00e1rios para o Projeto de Extens\u00e3o &#8220;Atendimento a indiv\u00edduos com comprometimento sist\u00eamico e necessidade de tratamento endod\u00f4ntico&#8221;<\/a><\/h3><span class=\"av-vertical-delimiter\"><\/span><\/header><div class=\"slide-meta\"><time class='slide-meta-time updated'  itemprop=\"datePublished\" datetime=\"2025-08-07T10:09:08-03:00\" >07\/08\/2025<\/time><\/div><div class='slide-entry-excerpt entry-content'  itemprop=\"text\" >EDITAL\nEst\u00e3o abertas, a partir do dia 08\/08\/2025 a 18\/08\/2025\u2026<\/div><\/div><footer class=\"entry-footer\"><\/footer><span class='hidden'>\n\t\t\t\t<span class='av-structured-data'  itemprop=\"image\" itemscope=\"itemscope\" itemtype=\"https:\/\/schema.org\/ImageObject\" >\n\t\t\t\t\t\t<span itemprop='url'>https:\/\/www.odonto.ufmg.br\/cenex\/wp-content\/uploads\/sites\/2\/2019\/09\/cenex_oportunidade_site.png<\/span>\n\t\t\t\t\t\t<span itemprop='height'>469<\/span>\n\t\t\t\t\t\t<span itemprop='width'>937<\/span>\n\t\t\t\t<\/span>\n\t\t\t\t<span class='av-structured-data'  itemprop=\"publisher\" itemtype=\"https:\/\/schema.org\/Organization\" itemscope=\"itemscope\" >\n\t\t\t\t\t\t<span itemprop='name'>cenex<\/span>\n\t\t\t\t\t\t<span itemprop='logo' itemscope itemtype='https:\/\/schema.org\/ImageObject'>\n\t\t\t\t\t\t\t<span itemprop='url'>http:\/\/www.odonto.ufmg.br\/cenex\/wp-content\/uploads\/sites\/2\/2025\/08\/logo-cenex.svg<\/span>\n\t\t\t\t\t\t<\/span>\n\t\t\t\t<\/span><span class='av-structured-data'  itemprop=\"author\" itemscope=\"itemscope\" itemtype=\"https:\/\/schema.org\/Person\" ><span itemprop='name'>cenex<\/span><\/span><span class='av-structured-data'  itemprop=\"datePublished\" datetime=\"2025-04-04T10:05:51-03:00\" >2025-08-07 10:09:08<\/span><span class='av-structured-data'  itemprop=\"dateModified\" itemtype=\"https:\/\/schema.org\/dateModified\" >2025-08-20 22:47:13<\/span><span class='av-structured-data'  itemprop=\"mainEntityOfPage\" itemtype=\"https:\/\/schema.org\/mainEntityOfPage\" ><span itemprop='name'>Sele\u00e7\u00e3o de Volunt\u00e1rios para o Projeto de Extens\u00e3o &#8220;Atendimento a indiv\u00edduos com comprometimento sist\u00eamico e necessidade de tratamento endod\u00f4ntico&#8221;<\/span><\/span><\/span><\/article><article class='slide-entry flex_column  post-entry post-entry-17197 slide-entry-overview slide-loop-90 slide-parity-odd  av_one_fifth  real-thumbnail posttype-post post-format-standard'  itemscope=\"itemscope\" itemtype=\"https:\/\/schema.org\/CreativeWork\" ><a href='https:\/\/www.odonto.ufmg.br\/cenex\/editais_encerrados\/selecao-de-voluntarios-para-o-projeto-de-extensao-reabilitacoes-bucomaxilofaciais-complexas-e-sobre-implantes\/' data-rel='slide-2' class='slide-image' title='Sele\u00e7\u00e3o de Volunt\u00e1rios para o Projeto de Extens\u00e3o &#8220;Reabilita\u00e7\u00f5es bucomaxilofaciais complexas e sobre implantes&#8221;.'><img decoding=\"async\" fetchpriority=\"high\" width=\"260\" height=\"185\" src=\"https:\/\/www.odonto.ufmg.br\/cenex\/wp-content\/uploads\/sites\/2\/2019\/09\/cenex_oportunidade_site-260x185.png\" class=\"wp-image-10032 avia-img-lazy-loading-not-10032 attachment-portfolio_small size-portfolio_small wp-post-image\" alt=\"\" \/><\/a><div class=\"slide-content\"><header class=\"entry-content-header\" aria-label=\"Slide: Sele\u00e7\u00e3o de Volunt\u00e1rios para o Projeto de Extens\u00e3o &quot;Reabilita\u00e7\u00f5es bucomaxilofaciais complexas e sobre implantes&quot;.\"><h3 class='slide-entry-title entry-title '  itemprop=\"headline\" ><a href='https:\/\/www.odonto.ufmg.br\/cenex\/editais_encerrados\/selecao-de-voluntarios-para-o-projeto-de-extensao-reabilitacoes-bucomaxilofaciais-complexas-e-sobre-implantes\/' title='Sele\u00e7\u00e3o de Volunt\u00e1rios para o Projeto de Extens\u00e3o &#8220;Reabilita\u00e7\u00f5es bucomaxilofaciais complexas e sobre implantes&#8221;.'>Sele\u00e7\u00e3o de Volunt\u00e1rios para o Projeto de Extens\u00e3o &#8220;Reabilita\u00e7\u00f5es bucomaxilofaciais complexas e sobre implantes&#8221;.<\/a><\/h3><span class=\"av-vertical-delimiter\"><\/span><\/header><div class=\"slide-meta\"><time class='slide-meta-time updated'  itemprop=\"datePublished\" datetime=\"2025-08-07T10:06:27-03:00\" >07\/08\/2025<\/time><\/div><div class='slide-entry-excerpt entry-content'  itemprop=\"text\" >EDITAL\nEst\u00e3o abertas, a partir do dia 05\/08\/2025 a 14\/08\/2025\u2026<\/div><\/div><footer class=\"entry-footer\"><\/footer><span class='hidden'>\n\t\t\t\t<span class='av-structured-data'  itemprop=\"image\" itemscope=\"itemscope\" itemtype=\"https:\/\/schema.org\/ImageObject\" >\n\t\t\t\t\t\t<span itemprop='url'>https:\/\/www.odonto.ufmg.br\/cenex\/wp-content\/uploads\/sites\/2\/2019\/09\/cenex_oportunidade_site.png<\/span>\n\t\t\t\t\t\t<span itemprop='height'>469<\/span>\n\t\t\t\t\t\t<span itemprop='width'>937<\/span>\n\t\t\t\t<\/span>\n\t\t\t\t<span class='av-structured-data'  itemprop=\"publisher\" itemtype=\"https:\/\/schema.org\/Organization\" itemscope=\"itemscope\" >\n\t\t\t\t\t\t<span itemprop='name'>cenex<\/span>\n\t\t\t\t\t\t<span itemprop='logo' itemscope itemtype='https:\/\/schema.org\/ImageObject'>\n\t\t\t\t\t\t\t<span itemprop='url'>http:\/\/www.odonto.ufmg.br\/cenex\/wp-content\/uploads\/sites\/2\/2025\/08\/logo-cenex.svg<\/span>\n\t\t\t\t\t\t<\/span>\n\t\t\t\t<\/span><span class='av-structured-data'  itemprop=\"author\" itemscope=\"itemscope\" itemtype=\"https:\/\/schema.org\/Person\" ><span itemprop='name'>cenex<\/span><\/span><span class='av-structured-data'  itemprop=\"datePublished\" datetime=\"2025-04-04T10:05:51-03:00\" >2025-08-07 10:06:27<\/span><span class='av-structured-data'  itemprop=\"dateModified\" itemtype=\"https:\/\/schema.org\/dateModified\" >2025-08-18 12:44:58<\/span><span class='av-structured-data'  itemprop=\"mainEntityOfPage\" itemtype=\"https:\/\/schema.org\/mainEntityOfPage\" ><span itemprop='name'>Sele\u00e7\u00e3o de Volunt\u00e1rios para o Projeto de Extens\u00e3o &#8220;Reabilita\u00e7\u00f5es bucomaxilofaciais complexas e sobre implantes&#8221;.<\/span><\/span><\/span><\/article><\/div><div class=\"slide-entry-wrap\"><article class='slide-entry flex_column  post-entry post-entry-17193 slide-entry-overview slide-loop-91 slide-parity-odd  av_one_fifth first real-thumbnail posttype-post post-format-standard'  itemscope=\"itemscope\" itemtype=\"https:\/\/schema.org\/CreativeWork\" ><a href='https:\/\/www.odonto.ufmg.br\/cenex\/editais_encerrados\/selecao-de-voluntarios-para-o-projeto-de-extensao-reabilitacao-protetica-do-paciente-com-perda-de-substancia-na-regiao-de-cabeca-e-pescoco-2\/' data-rel='slide-2' class='slide-image' title='Sele\u00e7\u00e3o de Volunt\u00e1rios para o Projeto de Extens\u00e3o &#8220;Reabilita\u00e7\u00e3o prot\u00e9tica do paciente com perda de subst\u00e2ncia na regi\u00e3o de cabe\u00e7a e pesco\u00e7o.'><img decoding=\"async\" fetchpriority=\"high\" width=\"260\" height=\"185\" src=\"https:\/\/www.odonto.ufmg.br\/cenex\/wp-content\/uploads\/sites\/2\/2019\/09\/cenex_oportunidade_site-260x185.png\" class=\"wp-image-10032 avia-img-lazy-loading-not-10032 attachment-portfolio_small size-portfolio_small wp-post-image\" alt=\"\" \/><\/a><div class=\"slide-content\"><header class=\"entry-content-header\" aria-label=\"Slide: Sele\u00e7\u00e3o de Volunt\u00e1rios para o Projeto de Extens\u00e3o &quot;Reabilita\u00e7\u00e3o prot\u00e9tica do paciente com perda de subst\u00e2ncia na regi\u00e3o de cabe\u00e7a e pesco\u00e7o.\"><h3 class='slide-entry-title entry-title '  itemprop=\"headline\" ><a href='https:\/\/www.odonto.ufmg.br\/cenex\/editais_encerrados\/selecao-de-voluntarios-para-o-projeto-de-extensao-reabilitacao-protetica-do-paciente-com-perda-de-substancia-na-regiao-de-cabeca-e-pescoco-2\/' title='Sele\u00e7\u00e3o de Volunt\u00e1rios para o Projeto de Extens\u00e3o &#8220;Reabilita\u00e7\u00e3o prot\u00e9tica do paciente com perda de subst\u00e2ncia na regi\u00e3o de cabe\u00e7a e pesco\u00e7o.'>Sele\u00e7\u00e3o de Volunt\u00e1rios para o Projeto de Extens\u00e3o &#8220;Reabilita\u00e7\u00e3o prot\u00e9tica do paciente com perda de subst\u00e2ncia na regi\u00e3o de cabe\u00e7a e pesco\u00e7o.<\/a><\/h3><span class=\"av-vertical-delimiter\"><\/span><\/header><div class=\"slide-meta\"><time class='slide-meta-time updated'  itemprop=\"datePublished\" datetime=\"2025-08-07T10:04:23-03:00\" >07\/08\/2025<\/time><\/div><div class='slide-entry-excerpt entry-content'  itemprop=\"text\" >EDITAL\nEst\u00e3o abertas, a partir do dia 05\/08\/2025 a 14\/08\/2025\u2026<\/div><\/div><footer class=\"entry-footer\"><\/footer><span class='hidden'>\n\t\t\t\t<span class='av-structured-data'  itemprop=\"image\" itemscope=\"itemscope\" itemtype=\"https:\/\/schema.org\/ImageObject\" >\n\t\t\t\t\t\t<span itemprop='url'>https:\/\/www.odonto.ufmg.br\/cenex\/wp-content\/uploads\/sites\/2\/2019\/09\/cenex_oportunidade_site.png<\/span>\n\t\t\t\t\t\t<span itemprop='height'>469<\/span>\n\t\t\t\t\t\t<span itemprop='width'>937<\/span>\n\t\t\t\t<\/span>\n\t\t\t\t<span class='av-structured-data'  itemprop=\"publisher\" itemtype=\"https:\/\/schema.org\/Organization\" itemscope=\"itemscope\" >\n\t\t\t\t\t\t<span itemprop='name'>cenex<\/span>\n\t\t\t\t\t\t<span itemprop='logo' itemscope itemtype='https:\/\/schema.org\/ImageObject'>\n\t\t\t\t\t\t\t<span itemprop='url'>http:\/\/www.odonto.ufmg.br\/cenex\/wp-content\/uploads\/sites\/2\/2025\/08\/logo-cenex.svg<\/span>\n\t\t\t\t\t\t<\/span>\n\t\t\t\t<\/span><span class='av-structured-data'  itemprop=\"author\" itemscope=\"itemscope\" itemtype=\"https:\/\/schema.org\/Person\" ><span itemprop='name'>cenex<\/span><\/span><span class='av-structured-data'  itemprop=\"datePublished\" datetime=\"2025-04-04T10:05:51-03:00\" >2025-08-07 10:04:23<\/span><span class='av-structured-data'  itemprop=\"dateModified\" itemtype=\"https:\/\/schema.org\/dateModified\" >2025-08-18 12:44:47<\/span><span class='av-structured-data'  itemprop=\"mainEntityOfPage\" itemtype=\"https:\/\/schema.org\/mainEntityOfPage\" ><span itemprop='name'>Sele\u00e7\u00e3o de Volunt\u00e1rios para o Projeto de Extens\u00e3o &#8220;Reabilita\u00e7\u00e3o prot\u00e9tica do paciente com perda de subst\u00e2ncia na regi\u00e3o de cabe\u00e7a e pesco\u00e7o.<\/span><\/span><\/span><\/article><article class='slide-entry flex_column  post-entry post-entry-17190 slide-entry-overview slide-loop-92 slide-parity-even  av_one_fifth  real-thumbnail posttype-post post-format-standard'  itemscope=\"itemscope\" itemtype=\"https:\/\/schema.org\/CreativeWork\" ><a href='https:\/\/www.odonto.ufmg.br\/cenex\/editais_encerrados\/selecao-de-voluntarios-para-o-projeto-de-extensao-diagnostico-e-tratamento-interdisciplinar-de-defeitos-da-odontogenese-4\/' data-rel='slide-2' class='slide-image' title='Sele\u00e7\u00e3o de Volunt\u00e1rios para o Projeto de Extens\u00e3o &#8220;Diagn\u00f3stico e Tratamento Interdisciplinar de Defeitos da Odontog\u00eanese&#8221;'><img decoding=\"async\" fetchpriority=\"high\" width=\"260\" height=\"185\" src=\"https:\/\/www.odonto.ufmg.br\/cenex\/wp-content\/uploads\/sites\/2\/2019\/09\/cenex_oportunidade_site-260x185.png\" class=\"wp-image-10032 avia-img-lazy-loading-not-10032 attachment-portfolio_small size-portfolio_small wp-post-image\" alt=\"\" \/><\/a><div class=\"slide-content\"><header class=\"entry-content-header\" aria-label=\"Slide: Sele\u00e7\u00e3o de Volunt\u00e1rios para o Projeto de Extens\u00e3o &quot;Diagn\u00f3stico e Tratamento Interdisciplinar de Defeitos da Odontog\u00eanese&quot;\"><h3 class='slide-entry-title entry-title '  itemprop=\"headline\" ><a href='https:\/\/www.odonto.ufmg.br\/cenex\/editais_encerrados\/selecao-de-voluntarios-para-o-projeto-de-extensao-diagnostico-e-tratamento-interdisciplinar-de-defeitos-da-odontogenese-4\/' title='Sele\u00e7\u00e3o de Volunt\u00e1rios para o Projeto de Extens\u00e3o &#8220;Diagn\u00f3stico e Tratamento Interdisciplinar de Defeitos da Odontog\u00eanese&#8221;'>Sele\u00e7\u00e3o de Volunt\u00e1rios para o Projeto de Extens\u00e3o &#8220;Diagn\u00f3stico e Tratamento Interdisciplinar de Defeitos da Odontog\u00eanese&#8221;<\/a><\/h3><span class=\"av-vertical-delimiter\"><\/span><\/header><div class=\"slide-meta\"><time class='slide-meta-time updated'  itemprop=\"datePublished\" datetime=\"2025-08-07T10:01:10-03:00\" >07\/08\/2025<\/time><\/div><div class='slide-entry-excerpt entry-content'  itemprop=\"text\" >EDITAL\nEst\u00e3o abertas, a partir do dia 05\/08\/2025 a 15\/08\/2025\u2026<\/div><\/div><footer class=\"entry-footer\"><\/footer><span class='hidden'>\n\t\t\t\t<span class='av-structured-data'  itemprop=\"image\" itemscope=\"itemscope\" itemtype=\"https:\/\/schema.org\/ImageObject\" >\n\t\t\t\t\t\t<span itemprop='url'>https:\/\/www.odonto.ufmg.br\/cenex\/wp-content\/uploads\/sites\/2\/2019\/09\/cenex_oportunidade_site.png<\/span>\n\t\t\t\t\t\t<span itemprop='height'>469<\/span>\n\t\t\t\t\t\t<span itemprop='width'>937<\/span>\n\t\t\t\t<\/span>\n\t\t\t\t<span class='av-structured-data'  itemprop=\"publisher\" itemtype=\"https:\/\/schema.org\/Organization\" itemscope=\"itemscope\" >\n\t\t\t\t\t\t<span itemprop='name'>cenex<\/span>\n\t\t\t\t\t\t<span itemprop='logo' itemscope itemtype='https:\/\/schema.org\/ImageObject'>\n\t\t\t\t\t\t\t<span itemprop='url'>http:\/\/www.odonto.ufmg.br\/cenex\/wp-content\/uploads\/sites\/2\/2025\/08\/logo-cenex.svg<\/span>\n\t\t\t\t\t\t<\/span>\n\t\t\t\t<\/span><span class='av-structured-data'  itemprop=\"author\" itemscope=\"itemscope\" itemtype=\"https:\/\/schema.org\/Person\" ><span itemprop='name'>cenex<\/span><\/span><span class='av-structured-data'  itemprop=\"datePublished\" datetime=\"2025-04-04T10:05:51-03:00\" >2025-08-07 10:01:10<\/span><span class='av-structured-data'  itemprop=\"dateModified\" itemtype=\"https:\/\/schema.org\/dateModified\" >2025-08-18 12:44:39<\/span><span class='av-structured-data'  itemprop=\"mainEntityOfPage\" itemtype=\"https:\/\/schema.org\/mainEntityOfPage\" ><span itemprop='name'>Sele\u00e7\u00e3o de Volunt\u00e1rios para o Projeto de Extens\u00e3o &#8220;Diagn\u00f3stico e Tratamento Interdisciplinar de Defeitos da Odontog\u00eanese&#8221;<\/span><\/span><\/span><\/article><article class='slide-entry flex_column  post-entry post-entry-17183 slide-entry-overview slide-loop-93 slide-parity-odd  av_one_fifth  real-thumbnail posttype-post post-format-standard'  itemscope=\"itemscope\" itemtype=\"https:\/\/schema.org\/CreativeWork\" ><a href='https:\/\/www.odonto.ufmg.br\/cenex\/editais_encerrados\/selecao-de-bolsistas-para-o-projeto-de-extensao-dor-orofacial\/' data-rel='slide-2' class='slide-image' title='Sele\u00e7\u00e3o de Bolsistas para o Projeto de Extens\u00e3o &#8220;Dor Orofacial&#8221;'><img decoding=\"async\" fetchpriority=\"high\" width=\"260\" height=\"185\" src=\"https:\/\/www.odonto.ufmg.br\/cenex\/wp-content\/uploads\/sites\/2\/2019\/09\/cenex_oportunidade_site-260x185.png\" class=\"wp-image-10032 avia-img-lazy-loading-not-10032 attachment-portfolio_small size-portfolio_small wp-post-image\" alt=\"\" \/><\/a><div class=\"slide-content\"><header class=\"entry-content-header\" aria-label=\"Slide: Sele\u00e7\u00e3o de Bolsistas para o Projeto de Extens\u00e3o &quot;Dor Orofacial&quot;\"><h3 class='slide-entry-title entry-title '  itemprop=\"headline\" ><a href='https:\/\/www.odonto.ufmg.br\/cenex\/editais_encerrados\/selecao-de-bolsistas-para-o-projeto-de-extensao-dor-orofacial\/' title='Sele\u00e7\u00e3o de Bolsistas para o Projeto de Extens\u00e3o &#8220;Dor Orofacial&#8221;'>Sele\u00e7\u00e3o de Bolsistas para o Projeto de Extens\u00e3o &#8220;Dor Orofacial&#8221;<\/a><\/h3><span class=\"av-vertical-delimiter\"><\/span><\/header><div class=\"slide-meta\"><time class='slide-meta-time updated'  itemprop=\"datePublished\" datetime=\"2025-08-07T09:57:19-03:00\" >07\/08\/2025<\/time><\/div><div class='slide-entry-excerpt entry-content'  itemprop=\"text\" >EDITAL\nEst\u00e3o abertas, a partir do dia 05\/08\/2025 a 13\/08\/2025\u2026<\/div><\/div><footer class=\"entry-footer\"><\/footer><span class='hidden'>\n\t\t\t\t<span class='av-structured-data'  itemprop=\"image\" itemscope=\"itemscope\" itemtype=\"https:\/\/schema.org\/ImageObject\" >\n\t\t\t\t\t\t<span itemprop='url'>https:\/\/www.odonto.ufmg.br\/cenex\/wp-content\/uploads\/sites\/2\/2019\/09\/cenex_oportunidade_site.png<\/span>\n\t\t\t\t\t\t<span itemprop='height'>469<\/span>\n\t\t\t\t\t\t<span itemprop='width'>937<\/span>\n\t\t\t\t<\/span>\n\t\t\t\t<span class='av-structured-data'  itemprop=\"publisher\" itemtype=\"https:\/\/schema.org\/Organization\" itemscope=\"itemscope\" >\n\t\t\t\t\t\t<span itemprop='name'>cenex<\/span>\n\t\t\t\t\t\t<span itemprop='logo' itemscope itemtype='https:\/\/schema.org\/ImageObject'>\n\t\t\t\t\t\t\t<span itemprop='url'>http:\/\/www.odonto.ufmg.br\/cenex\/wp-content\/uploads\/sites\/2\/2025\/08\/logo-cenex.svg<\/span>\n\t\t\t\t\t\t<\/span>\n\t\t\t\t<\/span><span class='av-structured-data'  itemprop=\"author\" itemscope=\"itemscope\" itemtype=\"https:\/\/schema.org\/Person\" ><span itemprop='name'>cenex<\/span><\/span><span class='av-structured-data'  itemprop=\"datePublished\" datetime=\"2025-04-04T10:05:51-03:00\" >2025-08-07 09:57:19<\/span><span class='av-structured-data'  itemprop=\"dateModified\" itemtype=\"https:\/\/schema.org\/dateModified\" >2025-08-18 12:44:27<\/span><span class='av-structured-data'  itemprop=\"mainEntityOfPage\" itemtype=\"https:\/\/schema.org\/mainEntityOfPage\" ><span itemprop='name'>Sele\u00e7\u00e3o de Bolsistas para o Projeto de Extens\u00e3o &#8220;Dor Orofacial&#8221;<\/span><\/span><\/span><\/article><article class='slide-entry flex_column  post-entry post-entry-17184 slide-entry-overview slide-loop-94 slide-parity-even  av_one_fifth  real-thumbnail posttype-post post-format-standard'  itemscope=\"itemscope\" itemtype=\"https:\/\/schema.org\/CreativeWork\" ><a href='https:\/\/www.odonto.ufmg.br\/cenex\/editais_encerrados\/selecao-de-voluntarios-para-o-projeto-de-extensao-ubuntu-odonto\/' data-rel='slide-2' class='slide-image' title='Sele\u00e7\u00e3o de Volunt\u00e1rios para o Projeto de Extens\u00e3o &#8220;UBUNTU &#8211; ODONTO&#8221;'><img decoding=\"async\" fetchpriority=\"high\" width=\"260\" height=\"185\" src=\"https:\/\/www.odonto.ufmg.br\/cenex\/wp-content\/uploads\/sites\/2\/2019\/09\/cenex_oportunidade_site-260x185.png\" class=\"wp-image-10032 avia-img-lazy-loading-not-10032 attachment-portfolio_small size-portfolio_small wp-post-image\" alt=\"\" \/><\/a><div class=\"slide-content\"><header class=\"entry-content-header\" aria-label=\"Slide: Sele\u00e7\u00e3o de Volunt\u00e1rios para o Projeto de Extens\u00e3o &quot;UBUNTU - ODONTO&quot;\"><h3 class='slide-entry-title entry-title '  itemprop=\"headline\" ><a href='https:\/\/www.odonto.ufmg.br\/cenex\/editais_encerrados\/selecao-de-voluntarios-para-o-projeto-de-extensao-ubuntu-odonto\/' title='Sele\u00e7\u00e3o de Volunt\u00e1rios para o Projeto de Extens\u00e3o &#8220;UBUNTU &#8211; ODONTO&#8221;'>Sele\u00e7\u00e3o de Volunt\u00e1rios para o Projeto de Extens\u00e3o &#8220;UBUNTU &#8211; ODONTO&#8221;<\/a><\/h3><span class=\"av-vertical-delimiter\"><\/span><\/header><div class=\"slide-meta\"><time class='slide-meta-time updated'  itemprop=\"datePublished\" datetime=\"2025-08-06T17:13:19-03:00\" >06\/08\/2025<\/time><\/div><div class='slide-entry-excerpt entry-content'  itemprop=\"text\" >EDITAL\nEst\u00e3o abertas, a partir do dia 30\/07\/2025 a 15\/08\/2025\u2026<\/div><\/div><footer class=\"entry-footer\"><\/footer><span class='hidden'>\n\t\t\t\t<span class='av-structured-data'  itemprop=\"image\" itemscope=\"itemscope\" itemtype=\"https:\/\/schema.org\/ImageObject\" >\n\t\t\t\t\t\t<span itemprop='url'>https:\/\/www.odonto.ufmg.br\/cenex\/wp-content\/uploads\/sites\/2\/2019\/09\/cenex_oportunidade_site.png<\/span>\n\t\t\t\t\t\t<span itemprop='height'>469<\/span>\n\t\t\t\t\t\t<span itemprop='width'>937<\/span>\n\t\t\t\t<\/span>\n\t\t\t\t<span class='av-structured-data'  itemprop=\"publisher\" itemtype=\"https:\/\/schema.org\/Organization\" itemscope=\"itemscope\" >\n\t\t\t\t\t\t<span itemprop='name'>cenex<\/span>\n\t\t\t\t\t\t<span itemprop='logo' itemscope itemtype='https:\/\/schema.org\/ImageObject'>\n\t\t\t\t\t\t\t<span itemprop='url'>http:\/\/www.odonto.ufmg.br\/cenex\/wp-content\/uploads\/sites\/2\/2025\/08\/logo-cenex.svg<\/span>\n\t\t\t\t\t\t<\/span>\n\t\t\t\t<\/span><span class='av-structured-data'  itemprop=\"author\" itemscope=\"itemscope\" itemtype=\"https:\/\/schema.org\/Person\" ><span itemprop='name'>cenex<\/span><\/span><span class='av-structured-data'  itemprop=\"datePublished\" datetime=\"2025-04-04T10:05:51-03:00\" >2025-08-06 17:13:19<\/span><span class='av-structured-data'  itemprop=\"dateModified\" itemtype=\"https:\/\/schema.org\/dateModified\" >2025-08-22 11:26:22<\/span><span class='av-structured-data'  itemprop=\"mainEntityOfPage\" itemtype=\"https:\/\/schema.org\/mainEntityOfPage\" ><span itemprop='name'>Sele\u00e7\u00e3o de Volunt\u00e1rios para o Projeto de Extens\u00e3o &#8220;UBUNTU &#8211; ODONTO&#8221;<\/span><\/span><\/span><\/article><article class='slide-entry flex_column  post-entry post-entry-17179 slide-entry-overview slide-loop-95 slide-parity-odd  av_one_fifth  real-thumbnail posttype-post post-format-standard'  itemscope=\"itemscope\" itemtype=\"https:\/\/schema.org\/CreativeWork\" ><a href='https:\/\/www.odonto.ufmg.br\/cenex\/editais_encerrados\/selecao-de-voluntarios-para-o-projeto-de-extensao-atendimento-ortodontico-para-individuos-com-fissuras-labiopalatinas\/' data-rel='slide-2' class='slide-image' title='Sele\u00e7\u00e3o de Volunt\u00e1rios para o Projeto de Extens\u00e3o &#8220;Atendimento Ortod\u00f4ntico para Indiv\u00edduos com Fissuras Labiopalatinas&#8221;'><img decoding=\"async\" fetchpriority=\"high\" width=\"260\" height=\"185\" src=\"https:\/\/www.odonto.ufmg.br\/cenex\/wp-content\/uploads\/sites\/2\/2019\/09\/cenex_oportunidade_site-260x185.png\" class=\"wp-image-10032 avia-img-lazy-loading-not-10032 attachment-portfolio_small size-portfolio_small wp-post-image\" alt=\"\" \/><\/a><div class=\"slide-content\"><header class=\"entry-content-header\" aria-label=\"Slide: Sele\u00e7\u00e3o de Volunt\u00e1rios para o Projeto de Extens\u00e3o &quot;Atendimento Ortod\u00f4ntico para Indiv\u00edduos com Fissuras Labiopalatinas&quot;\"><h3 class='slide-entry-title entry-title '  itemprop=\"headline\" ><a href='https:\/\/www.odonto.ufmg.br\/cenex\/editais_encerrados\/selecao-de-voluntarios-para-o-projeto-de-extensao-atendimento-ortodontico-para-individuos-com-fissuras-labiopalatinas\/' title='Sele\u00e7\u00e3o de Volunt\u00e1rios para o Projeto de Extens\u00e3o &#8220;Atendimento Ortod\u00f4ntico para Indiv\u00edduos com Fissuras Labiopalatinas&#8221;'>Sele\u00e7\u00e3o de Volunt\u00e1rios para o Projeto de Extens\u00e3o &#8220;Atendimento Ortod\u00f4ntico para Indiv\u00edduos com Fissuras Labiopalatinas&#8221;<\/a><\/h3><span class=\"av-vertical-delimiter\"><\/span><\/header><div class=\"slide-meta\"><time class='slide-meta-time updated'  itemprop=\"datePublished\" datetime=\"2025-08-06T17:10:10-03:00\" >06\/08\/2025<\/time><\/div><div class='slide-entry-excerpt entry-content'  itemprop=\"text\" >EDITAL\nEst\u00e3o abertas, a partir do dia 04\/08\/2025 a 12\/08\/2025\u2026<\/div><\/div><footer class=\"entry-footer\"><\/footer><span class='hidden'>\n\t\t\t\t<span class='av-structured-data'  itemprop=\"image\" itemscope=\"itemscope\" itemtype=\"https:\/\/schema.org\/ImageObject\" >\n\t\t\t\t\t\t<span itemprop='url'>https:\/\/www.odonto.ufmg.br\/cenex\/wp-content\/uploads\/sites\/2\/2019\/09\/cenex_oportunidade_site.png<\/span>\n\t\t\t\t\t\t<span itemprop='height'>469<\/span>\n\t\t\t\t\t\t<span itemprop='width'>937<\/span>\n\t\t\t\t<\/span>\n\t\t\t\t<span class='av-structured-data'  itemprop=\"publisher\" itemtype=\"https:\/\/schema.org\/Organization\" itemscope=\"itemscope\" >\n\t\t\t\t\t\t<span itemprop='name'>cenex<\/span>\n\t\t\t\t\t\t<span itemprop='logo' itemscope itemtype='https:\/\/schema.org\/ImageObject'>\n\t\t\t\t\t\t\t<span itemprop='url'>http:\/\/www.odonto.ufmg.br\/cenex\/wp-content\/uploads\/sites\/2\/2025\/08\/logo-cenex.svg<\/span>\n\t\t\t\t\t\t<\/span>\n\t\t\t\t<\/span><span class='av-structured-data'  itemprop=\"author\" itemscope=\"itemscope\" itemtype=\"https:\/\/schema.org\/Person\" ><span itemprop='name'>cenex<\/span><\/span><span class='av-structured-data'  itemprop=\"datePublished\" datetime=\"2025-04-04T10:05:51-03:00\" >2025-08-06 17:10:10<\/span><span class='av-structured-data'  itemprop=\"dateModified\" itemtype=\"https:\/\/schema.org\/dateModified\" >2025-08-18 12:44:13<\/span><span class='av-structured-data'  itemprop=\"mainEntityOfPage\" itemtype=\"https:\/\/schema.org\/mainEntityOfPage\" ><span itemprop='name'>Sele\u00e7\u00e3o de Volunt\u00e1rios para o Projeto de Extens\u00e3o &#8220;Atendimento Ortod\u00f4ntico para Indiv\u00edduos com Fissuras Labiopalatinas&#8221;<\/span><\/span><\/span><\/article><\/div><div class=\"slide-entry-wrap\"><article class='slide-entry flex_column  post-entry post-entry-17176 slide-entry-overview slide-loop-96 slide-parity-odd  av_one_fifth first real-thumbnail posttype-post post-format-standard'  itemscope=\"itemscope\" itemtype=\"https:\/\/schema.org\/CreativeWork\" ><a href='https:\/\/www.odonto.ufmg.br\/cenex\/editais_encerrados\/selecao-de-bolsista-e-voluntarios-para-o-projeto-de-extensao-reabilitacao-protetica-de-pacientes-oncologicos-assistidos-pelos-hospitais-luxemburgo-e-sao-francisco-de-assis\/' data-rel='slide-2' class='slide-image' title='Sele\u00e7\u00e3o de Volunt\u00e1rios para o Projeto de Extens\u00e3o &#8220;Reabilita\u00e7\u00e3o Prot\u00e9tica de pacientes oncol\u00f3gicos assistidos pelos hospitais Luxemburgo e S\u00e3o Francisco de Assis&#8221;'><img decoding=\"async\" fetchpriority=\"high\" width=\"260\" height=\"185\" src=\"https:\/\/www.odonto.ufmg.br\/cenex\/wp-content\/uploads\/sites\/2\/2019\/09\/cenex_oportunidade_site-260x185.png\" class=\"wp-image-10032 avia-img-lazy-loading-not-10032 attachment-portfolio_small size-portfolio_small wp-post-image\" alt=\"\" \/><\/a><div class=\"slide-content\"><header class=\"entry-content-header\" aria-label=\"Slide: Sele\u00e7\u00e3o de Volunt\u00e1rios para o Projeto de Extens\u00e3o &quot;Reabilita\u00e7\u00e3o Prot\u00e9tica de pacientes oncol\u00f3gicos assistidos pelos hospitais Luxemburgo e S\u00e3o Francisco de Assis&quot;\"><h3 class='slide-entry-title entry-title '  itemprop=\"headline\" ><a href='https:\/\/www.odonto.ufmg.br\/cenex\/editais_encerrados\/selecao-de-bolsista-e-voluntarios-para-o-projeto-de-extensao-reabilitacao-protetica-de-pacientes-oncologicos-assistidos-pelos-hospitais-luxemburgo-e-sao-francisco-de-assis\/' title='Sele\u00e7\u00e3o de Volunt\u00e1rios para o Projeto de Extens\u00e3o &#8220;Reabilita\u00e7\u00e3o Prot\u00e9tica de pacientes oncol\u00f3gicos assistidos pelos hospitais Luxemburgo e S\u00e3o Francisco de Assis&#8221;'>Sele\u00e7\u00e3o de Volunt\u00e1rios para o Projeto de Extens\u00e3o &#8220;Reabilita\u00e7\u00e3o Prot\u00e9tica de pacientes oncol\u00f3gicos assistidos pelos hospitais Luxemburgo e S\u00e3o Francisco de Assis&#8221;<\/a><\/h3><span class=\"av-vertical-delimiter\"><\/span><\/header><div class=\"slide-meta\"><time class='slide-meta-time updated'  itemprop=\"datePublished\" datetime=\"2025-08-06T17:07:45-03:00\" >06\/08\/2025<\/time><\/div><div class='slide-entry-excerpt entry-content'  itemprop=\"text\" >EDITAL\nEst\u00e3o abertas, a partir do dia 04\/08\/2025 a 12\/08\/2025\u2026<\/div><\/div><footer class=\"entry-footer\"><\/footer><span class='hidden'>\n\t\t\t\t<span class='av-structured-data'  itemprop=\"image\" itemscope=\"itemscope\" itemtype=\"https:\/\/schema.org\/ImageObject\" >\n\t\t\t\t\t\t<span itemprop='url'>https:\/\/www.odonto.ufmg.br\/cenex\/wp-content\/uploads\/sites\/2\/2019\/09\/cenex_oportunidade_site.png<\/span>\n\t\t\t\t\t\t<span itemprop='height'>469<\/span>\n\t\t\t\t\t\t<span itemprop='width'>937<\/span>\n\t\t\t\t<\/span>\n\t\t\t\t<span class='av-structured-data'  itemprop=\"publisher\" itemtype=\"https:\/\/schema.org\/Organization\" itemscope=\"itemscope\" >\n\t\t\t\t\t\t<span itemprop='name'>cenex<\/span>\n\t\t\t\t\t\t<span itemprop='logo' itemscope itemtype='https:\/\/schema.org\/ImageObject'>\n\t\t\t\t\t\t\t<span itemprop='url'>http:\/\/www.odonto.ufmg.br\/cenex\/wp-content\/uploads\/sites\/2\/2025\/08\/logo-cenex.svg<\/span>\n\t\t\t\t\t\t<\/span>\n\t\t\t\t<\/span><span class='av-structured-data'  itemprop=\"author\" itemscope=\"itemscope\" itemtype=\"https:\/\/schema.org\/Person\" ><span itemprop='name'>cenex<\/span><\/span><span class='av-structured-data'  itemprop=\"datePublished\" datetime=\"2025-04-04T10:05:51-03:00\" >2025-08-06 17:07:45<\/span><span class='av-structured-data'  itemprop=\"dateModified\" itemtype=\"https:\/\/schema.org\/dateModified\" >2025-08-18 12:44:09<\/span><span class='av-structured-data'  itemprop=\"mainEntityOfPage\" itemtype=\"https:\/\/schema.org\/mainEntityOfPage\" ><span itemprop='name'>Sele\u00e7\u00e3o de Volunt\u00e1rios para o Projeto de Extens\u00e3o &#8220;Reabilita\u00e7\u00e3o Prot\u00e9tica de pacientes oncol\u00f3gicos assistidos pelos hospitais Luxemburgo e S\u00e3o Francisco de Assis&#8221;<\/span><\/span><\/span><\/article><article class='slide-entry flex_column  post-entry post-entry-17171 slide-entry-overview slide-loop-97 slide-parity-even  av_one_fifth  real-thumbnail posttype-post post-format-standard'  itemscope=\"itemscope\" itemtype=\"https:\/\/schema.org\/CreativeWork\" ><a href='https:\/\/www.odonto.ufmg.br\/cenex\/editais_encerrados\/selecao-de-bolsista-e-voluntarios-para-o-projeto-de-extensao-sororidade-na-odontologia\/' data-rel='slide-2' class='slide-image' title='Sele\u00e7\u00e3o de Bolsista e Volunt\u00e1rios para o Projeto de Extens\u00e3o &#8220;Sororidade na Odontologia&#8221;'><img decoding=\"async\" fetchpriority=\"high\" width=\"260\" height=\"185\" src=\"https:\/\/www.odonto.ufmg.br\/cenex\/wp-content\/uploads\/sites\/2\/2019\/09\/cenex_oportunidade_site-260x185.png\" class=\"wp-image-10032 avia-img-lazy-loading-not-10032 attachment-portfolio_small size-portfolio_small wp-post-image\" alt=\"\" \/><\/a><div class=\"slide-content\"><header class=\"entry-content-header\" aria-label=\"Slide: Sele\u00e7\u00e3o de Bolsista e Volunt\u00e1rios para o Projeto de Extens\u00e3o &quot;Sororidade na Odontologia&quot;\"><h3 class='slide-entry-title entry-title '  itemprop=\"headline\" ><a href='https:\/\/www.odonto.ufmg.br\/cenex\/editais_encerrados\/selecao-de-bolsista-e-voluntarios-para-o-projeto-de-extensao-sororidade-na-odontologia\/' title='Sele\u00e7\u00e3o de Bolsista e Volunt\u00e1rios para o Projeto de Extens\u00e3o &#8220;Sororidade na Odontologia&#8221;'>Sele\u00e7\u00e3o de Bolsista e Volunt\u00e1rios para o Projeto de Extens\u00e3o &#8220;Sororidade na Odontologia&#8221;<\/a><\/h3><span class=\"av-vertical-delimiter\"><\/span><\/header><div class=\"slide-meta\"><time class='slide-meta-time updated'  itemprop=\"datePublished\" datetime=\"2025-08-06T17:03:05-03:00\" >06\/08\/2025<\/time><\/div><div class='slide-entry-excerpt entry-content'  itemprop=\"text\" >EDITAL\nEst\u00e3o abertas, a partir do dia 04\/08\/2025 a 13\/08\/2025\u2026<\/div><\/div><footer class=\"entry-footer\"><\/footer><span class='hidden'>\n\t\t\t\t<span class='av-structured-data'  itemprop=\"image\" itemscope=\"itemscope\" itemtype=\"https:\/\/schema.org\/ImageObject\" >\n\t\t\t\t\t\t<span itemprop='url'>https:\/\/www.odonto.ufmg.br\/cenex\/wp-content\/uploads\/sites\/2\/2019\/09\/cenex_oportunidade_site.png<\/span>\n\t\t\t\t\t\t<span itemprop='height'>469<\/span>\n\t\t\t\t\t\t<span itemprop='width'>937<\/span>\n\t\t\t\t<\/span>\n\t\t\t\t<span class='av-structured-data'  itemprop=\"publisher\" itemtype=\"https:\/\/schema.org\/Organization\" itemscope=\"itemscope\" >\n\t\t\t\t\t\t<span itemprop='name'>cenex<\/span>\n\t\t\t\t\t\t<span itemprop='logo' itemscope itemtype='https:\/\/schema.org\/ImageObject'>\n\t\t\t\t\t\t\t<span itemprop='url'>http:\/\/www.odonto.ufmg.br\/cenex\/wp-content\/uploads\/sites\/2\/2025\/08\/logo-cenex.svg<\/span>\n\t\t\t\t\t\t<\/span>\n\t\t\t\t<\/span><span class='av-structured-data'  itemprop=\"author\" itemscope=\"itemscope\" itemtype=\"https:\/\/schema.org\/Person\" ><span itemprop='name'>cenex<\/span><\/span><span class='av-structured-data'  itemprop=\"datePublished\" datetime=\"2025-04-04T10:05:51-03:00\" >2025-08-06 17:03:05<\/span><span class='av-structured-data'  itemprop=\"dateModified\" itemtype=\"https:\/\/schema.org\/dateModified\" >2025-08-18 12:44:06<\/span><span class='av-structured-data'  itemprop=\"mainEntityOfPage\" itemtype=\"https:\/\/schema.org\/mainEntityOfPage\" ><span itemprop='name'>Sele\u00e7\u00e3o de Bolsista e Volunt\u00e1rios para o Projeto de Extens\u00e3o &#8220;Sororidade na Odontologia&#8221;<\/span><\/span><\/span><\/article><article class='slide-entry flex_column  post-entry post-entry-17165 slide-entry-overview slide-loop-98 slide-parity-odd  av_one_fifth  real-thumbnail posttype-post post-format-standard'  itemscope=\"itemscope\" itemtype=\"https:\/\/schema.org\/CreativeWork\" ><a href='https:\/\/www.odonto.ufmg.br\/cenex\/editais_encerrados\/selecao-de-bolsista-e-voluntarios-para-o-programa-promocao-de-saude-bucal-e-projeto-de-extensao-tal-mae-tal-filho-promocao-de-saude-bucal-para-gestantes\/' data-rel='slide-2' class='slide-image' title='Sele\u00e7\u00e3o de Bolsista e Volunt\u00e1rios para o PROGRAMA PROMO\u00c7\u00c3O DE SA\u00daDE BUCAL e PROJETO DE EXTENS\u00c3O TAL M\u00c3E, TAL FILHO &#8211; PROMO\u00c7\u00c3O DE SA\u00daDE BUCAL PARA GESTANTES'><img decoding=\"async\" fetchpriority=\"high\" width=\"260\" height=\"185\" src=\"https:\/\/www.odonto.ufmg.br\/cenex\/wp-content\/uploads\/sites\/2\/2019\/09\/cenex_oportunidade_site-260x185.png\" class=\"wp-image-10032 avia-img-lazy-loading-not-10032 attachment-portfolio_small size-portfolio_small wp-post-image\" alt=\"\" \/><\/a><div class=\"slide-content\"><header class=\"entry-content-header\" aria-label=\"Slide: Sele\u00e7\u00e3o de Bolsista e Volunt\u00e1rios para o PROGRAMA PROMO\u00c7\u00c3O DE SA\u00daDE BUCAL e PROJETO DE EXTENS\u00c3O TAL M\u00c3E, TAL FILHO - PROMO\u00c7\u00c3O DE SA\u00daDE BUCAL PARA GESTANTES\"><h3 class='slide-entry-title entry-title '  itemprop=\"headline\" ><a href='https:\/\/www.odonto.ufmg.br\/cenex\/editais_encerrados\/selecao-de-bolsista-e-voluntarios-para-o-programa-promocao-de-saude-bucal-e-projeto-de-extensao-tal-mae-tal-filho-promocao-de-saude-bucal-para-gestantes\/' title='Sele\u00e7\u00e3o de Bolsista e Volunt\u00e1rios para o PROGRAMA PROMO\u00c7\u00c3O DE SA\u00daDE BUCAL e PROJETO DE EXTENS\u00c3O TAL M\u00c3E, TAL FILHO &#8211; PROMO\u00c7\u00c3O DE SA\u00daDE BUCAL PARA GESTANTES'>Sele\u00e7\u00e3o de Bolsista e Volunt\u00e1rios para o PROGRAMA PROMO\u00c7\u00c3O DE SA\u00daDE BUCAL e PROJETO DE EXTENS\u00c3O TAL M\u00c3E, TAL FILHO &#8211; PROMO\u00c7\u00c3O DE SA\u00daDE BUCAL PARA GESTANTES<\/a><\/h3><span class=\"av-vertical-delimiter\"><\/span><\/header><div class=\"slide-meta\"><time class='slide-meta-time updated'  itemprop=\"datePublished\" datetime=\"2025-08-06T16:58:29-03:00\" >06\/08\/2025<\/time><\/div><div class='slide-entry-excerpt entry-content'  itemprop=\"text\" >EDITAL\nEst\u00e3o abertas, a partir do dia 11\/08\/2025 a 25\/08\/2025\u2026<\/div><\/div><footer class=\"entry-footer\"><\/footer><span class='hidden'>\n\t\t\t\t<span class='av-structured-data'  itemprop=\"image\" itemscope=\"itemscope\" itemtype=\"https:\/\/schema.org\/ImageObject\" >\n\t\t\t\t\t\t<span itemprop='url'>https:\/\/www.odonto.ufmg.br\/cenex\/wp-content\/uploads\/sites\/2\/2019\/09\/cenex_oportunidade_site.png<\/span>\n\t\t\t\t\t\t<span itemprop='height'>469<\/span>\n\t\t\t\t\t\t<span itemprop='width'>937<\/span>\n\t\t\t\t<\/span>\n\t\t\t\t<span class='av-structured-data'  itemprop=\"publisher\" itemtype=\"https:\/\/schema.org\/Organization\" itemscope=\"itemscope\" >\n\t\t\t\t\t\t<span itemprop='name'>cenex<\/span>\n\t\t\t\t\t\t<span itemprop='logo' itemscope itemtype='https:\/\/schema.org\/ImageObject'>\n\t\t\t\t\t\t\t<span itemprop='url'>http:\/\/www.odonto.ufmg.br\/cenex\/wp-content\/uploads\/sites\/2\/2025\/08\/logo-cenex.svg<\/span>\n\t\t\t\t\t\t<\/span>\n\t\t\t\t<\/span><span class='av-structured-data'  itemprop=\"author\" itemscope=\"itemscope\" itemtype=\"https:\/\/schema.org\/Person\" ><span itemprop='name'>cenex<\/span><\/span><span class='av-structured-data'  itemprop=\"datePublished\" datetime=\"2025-04-04T10:05:51-03:00\" >2025-08-06 16:58:29<\/span><span class='av-structured-data'  itemprop=\"dateModified\" itemtype=\"https:\/\/schema.org\/dateModified\" >2025-08-26 11:24:05<\/span><span class='av-structured-data'  itemprop=\"mainEntityOfPage\" itemtype=\"https:\/\/schema.org\/mainEntityOfPage\" ><span itemprop='name'>Sele\u00e7\u00e3o de Bolsista e Volunt\u00e1rios para o PROGRAMA PROMO\u00c7\u00c3O DE SA\u00daDE BUCAL e PROJETO DE EXTENS\u00c3O TAL M\u00c3E, TAL FILHO &#8211; PROMO\u00c7\u00c3O DE SA\u00daDE BUCAL PARA GESTANTES<\/span><\/span><\/span><\/article><article class='slide-entry flex_column  post-entry post-entry-17162 slide-entry-overview slide-loop-99 slide-parity-even  av_one_fifth  real-thumbnail posttype-post post-format-standard'  itemscope=\"itemscope\" itemtype=\"https:\/\/schema.org\/CreativeWork\" ><a href='https:\/\/www.odonto.ufmg.br\/cenex\/editais_encerrados\/selecao-de-voluntarios-para-o-projeto-de-extensao-atendimento-ortodontico-a-pacientes-com-defeitos-da-odontogenese-2\/' data-rel='slide-2' class='slide-image' title='Sele\u00e7\u00e3o de Volunt\u00e1rios para o Projeto de Extens\u00e3o &#8220;Atendimento ortod\u00f4ntico a pacientes com defeitos da odontog\u00eanese&#8221;'><img decoding=\"async\" fetchpriority=\"high\" width=\"260\" height=\"185\" src=\"https:\/\/www.odonto.ufmg.br\/cenex\/wp-content\/uploads\/sites\/2\/2019\/09\/cenex_oportunidade_site-260x185.png\" class=\"wp-image-10032 avia-img-lazy-loading-not-10032 attachment-portfolio_small size-portfolio_small wp-post-image\" alt=\"\" \/><\/a><div class=\"slide-content\"><header class=\"entry-content-header\" aria-label=\"Slide: Sele\u00e7\u00e3o de Volunt\u00e1rios para o Projeto de Extens\u00e3o &quot;Atendimento ortod\u00f4ntico a pacientes com defeitos da odontog\u00eanese&quot;\"><h3 class='slide-entry-title entry-title '  itemprop=\"headline\" ><a href='https:\/\/www.odonto.ufmg.br\/cenex\/editais_encerrados\/selecao-de-voluntarios-para-o-projeto-de-extensao-atendimento-ortodontico-a-pacientes-com-defeitos-da-odontogenese-2\/' title='Sele\u00e7\u00e3o de Volunt\u00e1rios para o Projeto de Extens\u00e3o &#8220;Atendimento ortod\u00f4ntico a pacientes com defeitos da odontog\u00eanese&#8221;'>Sele\u00e7\u00e3o de Volunt\u00e1rios para o Projeto de Extens\u00e3o &#8220;Atendimento ortod\u00f4ntico a pacientes com defeitos da odontog\u00eanese&#8221;<\/a><\/h3><span class=\"av-vertical-delimiter\"><\/span><\/header><div class=\"slide-meta\"><time class='slide-meta-time updated'  itemprop=\"datePublished\" datetime=\"2025-08-06T16:56:17-03:00\" >06\/08\/2025<\/time><\/div><div class='slide-entry-excerpt entry-content'  itemprop=\"text\" >EDITAL\nEst\u00e3o abertas, a partir do dia 21\/07\/2025 a 08\/08\/2025\u2026<\/div><\/div><footer class=\"entry-footer\"><\/footer><span class='hidden'>\n\t\t\t\t<span class='av-structured-data'  itemprop=\"image\" itemscope=\"itemscope\" itemtype=\"https:\/\/schema.org\/ImageObject\" >\n\t\t\t\t\t\t<span itemprop='url'>https:\/\/www.odonto.ufmg.br\/cenex\/wp-content\/uploads\/sites\/2\/2019\/09\/cenex_oportunidade_site.png<\/span>\n\t\t\t\t\t\t<span itemprop='height'>469<\/span>\n\t\t\t\t\t\t<span itemprop='width'>937<\/span>\n\t\t\t\t<\/span>\n\t\t\t\t<span class='av-structured-data'  itemprop=\"publisher\" itemtype=\"https:\/\/schema.org\/Organization\" itemscope=\"itemscope\" >\n\t\t\t\t\t\t<span itemprop='name'>cenex<\/span>\n\t\t\t\t\t\t<span itemprop='logo' itemscope itemtype='https:\/\/schema.org\/ImageObject'>\n\t\t\t\t\t\t\t<span itemprop='url'>http:\/\/www.odonto.ufmg.br\/cenex\/wp-content\/uploads\/sites\/2\/2025\/08\/logo-cenex.svg<\/span>\n\t\t\t\t\t\t<\/span>\n\t\t\t\t<\/span><span class='av-structured-data'  itemprop=\"author\" itemscope=\"itemscope\" itemtype=\"https:\/\/schema.org\/Person\" ><span itemprop='name'>cenex<\/span><\/span><span class='av-structured-data'  itemprop=\"datePublished\" datetime=\"2025-04-04T10:05:51-03:00\" >2025-08-06 16:56:17<\/span><span class='av-structured-data'  itemprop=\"dateModified\" itemtype=\"https:\/\/schema.org\/dateModified\" >2025-08-18 12:43:53<\/span><span class='av-structured-data'  itemprop=\"mainEntityOfPage\" itemtype=\"https:\/\/schema.org\/mainEntityOfPage\" ><span itemprop='name'>Sele\u00e7\u00e3o de Volunt\u00e1rios para o Projeto de Extens\u00e3o &#8220;Atendimento ortod\u00f4ntico a pacientes com defeitos da odontog\u00eanese&#8221;<\/span><\/span><\/span><\/article><article class='slide-entry flex_column  post-entry post-entry-17159 slide-entry-overview slide-loop-100 slide-parity-odd  av_one_fifth  real-thumbnail posttype-post post-format-standard'  itemscope=\"itemscope\" itemtype=\"https:\/\/schema.org\/CreativeWork\" ><a href='https:\/\/www.odonto.ufmg.br\/cenex\/editais_encerrados\/selecao-de-voluntarios-para-o-programa-de-extensao-atencao-odontologica-a-pacientes-com-fissura-labiopalatina\/' data-rel='slide-2' class='slide-image' title='Sele\u00e7\u00e3o de Volunt\u00e1rios para o Programa de Extens\u00e3o &#8220;Aten\u00e7\u00e3o Odontol\u00f3gica a pacientes com Fissura Labiopalatina&#8221;'><img decoding=\"async\" fetchpriority=\"high\" width=\"260\" height=\"185\" src=\"https:\/\/www.odonto.ufmg.br\/cenex\/wp-content\/uploads\/sites\/2\/2019\/09\/cenex_oportunidade_site-260x185.png\" class=\"wp-image-10032 avia-img-lazy-loading-not-10032 attachment-portfolio_small size-portfolio_small wp-post-image\" alt=\"\" \/><\/a><div class=\"slide-content\"><header class=\"entry-content-header\" aria-label=\"Slide: Sele\u00e7\u00e3o de Volunt\u00e1rios para o Programa de Extens\u00e3o &quot;Aten\u00e7\u00e3o Odontol\u00f3gica a pacientes com Fissura Labiopalatina&quot;\"><h3 class='slide-entry-title entry-title '  itemprop=\"headline\" ><a href='https:\/\/www.odonto.ufmg.br\/cenex\/editais_encerrados\/selecao-de-voluntarios-para-o-programa-de-extensao-atencao-odontologica-a-pacientes-com-fissura-labiopalatina\/' title='Sele\u00e7\u00e3o de Volunt\u00e1rios para o Programa de Extens\u00e3o &#8220;Aten\u00e7\u00e3o Odontol\u00f3gica a pacientes com Fissura Labiopalatina&#8221;'>Sele\u00e7\u00e3o de Volunt\u00e1rios para o Programa de Extens\u00e3o &#8220;Aten\u00e7\u00e3o Odontol\u00f3gica a pacientes com Fissura Labiopalatina&#8221;<\/a><\/h3><span class=\"av-vertical-delimiter\"><\/span><\/header><div class=\"slide-meta\"><time class='slide-meta-time updated'  itemprop=\"datePublished\" datetime=\"2025-08-06T16:51:47-03:00\" >06\/08\/2025<\/time><\/div><div class='slide-entry-excerpt entry-content'  itemprop=\"text\" >EDITAL\nEst\u00e3o abertas, a partir do dia 06\/08\/2025 a 13\/08\/2025\u2026<\/div><\/div><footer class=\"entry-footer\"><\/footer><span class='hidden'>\n\t\t\t\t<span class='av-structured-data'  itemprop=\"image\" itemscope=\"itemscope\" itemtype=\"https:\/\/schema.org\/ImageObject\" >\n\t\t\t\t\t\t<span itemprop='url'>https:\/\/www.odonto.ufmg.br\/cenex\/wp-content\/uploads\/sites\/2\/2019\/09\/cenex_oportunidade_site.png<\/span>\n\t\t\t\t\t\t<span itemprop='height'>469<\/span>\n\t\t\t\t\t\t<span itemprop='width'>937<\/span>\n\t\t\t\t<\/span>\n\t\t\t\t<span class='av-structured-data'  itemprop=\"publisher\" itemtype=\"https:\/\/schema.org\/Organization\" itemscope=\"itemscope\" >\n\t\t\t\t\t\t<span itemprop='name'>cenex<\/span>\n\t\t\t\t\t\t<span itemprop='logo' itemscope itemtype='https:\/\/schema.org\/ImageObject'>\n\t\t\t\t\t\t\t<span itemprop='url'>http:\/\/www.odonto.ufmg.br\/cenex\/wp-content\/uploads\/sites\/2\/2025\/08\/logo-cenex.svg<\/span>\n\t\t\t\t\t\t<\/span>\n\t\t\t\t<\/span><span class='av-structured-data'  itemprop=\"author\" itemscope=\"itemscope\" itemtype=\"https:\/\/schema.org\/Person\" ><span itemprop='name'>cenex<\/span><\/span><span class='av-structured-data'  itemprop=\"datePublished\" datetime=\"2025-04-04T10:05:51-03:00\" >2025-08-06 16:51:47<\/span><span class='av-structured-data'  itemprop=\"dateModified\" itemtype=\"https:\/\/schema.org\/dateModified\" >2025-08-18 12:43:50<\/span><span class='av-structured-data'  itemprop=\"mainEntityOfPage\" itemtype=\"https:\/\/schema.org\/mainEntityOfPage\" ><span itemprop='name'>Sele\u00e7\u00e3o de Volunt\u00e1rios para o Programa de Extens\u00e3o &#8220;Aten\u00e7\u00e3o Odontol\u00f3gica a pacientes com Fissura Labiopalatina&#8221;<\/span><\/span><\/span><\/article><\/div><div class=\"slide-entry-wrap\"><article class='slide-entry flex_column  post-entry post-entry-17156 slide-entry-overview slide-loop-101 slide-parity-odd  av_one_fifth first real-thumbnail posttype-post post-format-standard'  itemscope=\"itemscope\" itemtype=\"https:\/\/schema.org\/CreativeWork\" ><a href='https:\/\/www.odonto.ufmg.br\/cenex\/editais_encerrados\/selecao-de-voluntarios-para-o-projeto-de-extensao-nam-naso-alveolar-modelador-2\/' data-rel='slide-2' class='slide-image' title='Sele\u00e7\u00e3o de Volunt\u00e1rios para o Projeto de Extens\u00e3o &#8220;NAM (Naso-Alveolar-Modelador)&#8221;'><img decoding=\"async\" fetchpriority=\"high\" width=\"260\" height=\"185\" src=\"https:\/\/www.odonto.ufmg.br\/cenex\/wp-content\/uploads\/sites\/2\/2019\/09\/cenex_oportunidade_site-260x185.png\" class=\"wp-image-10032 avia-img-lazy-loading-not-10032 attachment-portfolio_small size-portfolio_small wp-post-image\" alt=\"\" \/><\/a><div class=\"slide-content\"><header class=\"entry-content-header\" aria-label=\"Slide: Sele\u00e7\u00e3o de Volunt\u00e1rios para o Projeto de Extens\u00e3o &quot;NAM (Naso-Alveolar-Modelador)&quot;\"><h3 class='slide-entry-title entry-title '  itemprop=\"headline\" ><a href='https:\/\/www.odonto.ufmg.br\/cenex\/editais_encerrados\/selecao-de-voluntarios-para-o-projeto-de-extensao-nam-naso-alveolar-modelador-2\/' title='Sele\u00e7\u00e3o de Volunt\u00e1rios para o Projeto de Extens\u00e3o &#8220;NAM (Naso-Alveolar-Modelador)&#8221;'>Sele\u00e7\u00e3o de Volunt\u00e1rios para o Projeto de Extens\u00e3o &#8220;NAM (Naso-Alveolar-Modelador)&#8221;<\/a><\/h3><span class=\"av-vertical-delimiter\"><\/span><\/header><div class=\"slide-meta\"><time class='slide-meta-time updated'  itemprop=\"datePublished\" datetime=\"2025-08-06T16:49:12-03:00\" >06\/08\/2025<\/time><\/div><div class='slide-entry-excerpt entry-content'  itemprop=\"text\" >EDITAL\nEst\u00e3o abertas, a partir do dia 06\/08\/2025 a 13\/08\/2025\u2026<\/div><\/div><footer class=\"entry-footer\"><\/footer><span class='hidden'>\n\t\t\t\t<span class='av-structured-data'  itemprop=\"image\" itemscope=\"itemscope\" itemtype=\"https:\/\/schema.org\/ImageObject\" >\n\t\t\t\t\t\t<span itemprop='url'>https:\/\/www.odonto.ufmg.br\/cenex\/wp-content\/uploads\/sites\/2\/2019\/09\/cenex_oportunidade_site.png<\/span>\n\t\t\t\t\t\t<span itemprop='height'>469<\/span>\n\t\t\t\t\t\t<span itemprop='width'>937<\/span>\n\t\t\t\t<\/span>\n\t\t\t\t<span class='av-structured-data'  itemprop=\"publisher\" itemtype=\"https:\/\/schema.org\/Organization\" itemscope=\"itemscope\" >\n\t\t\t\t\t\t<span itemprop='name'>cenex<\/span>\n\t\t\t\t\t\t<span itemprop='logo' itemscope itemtype='https:\/\/schema.org\/ImageObject'>\n\t\t\t\t\t\t\t<span itemprop='url'>http:\/\/www.odonto.ufmg.br\/cenex\/wp-content\/uploads\/sites\/2\/2025\/08\/logo-cenex.svg<\/span>\n\t\t\t\t\t\t<\/span>\n\t\t\t\t<\/span><span class='av-structured-data'  itemprop=\"author\" itemscope=\"itemscope\" itemtype=\"https:\/\/schema.org\/Person\" ><span itemprop='name'>cenex<\/span><\/span><span class='av-structured-data'  itemprop=\"datePublished\" datetime=\"2025-04-04T10:05:51-03:00\" >2025-08-06 16:49:12<\/span><span class='av-structured-data'  itemprop=\"dateModified\" itemtype=\"https:\/\/schema.org\/dateModified\" >2025-08-18 12:43:46<\/span><span class='av-structured-data'  itemprop=\"mainEntityOfPage\" itemtype=\"https:\/\/schema.org\/mainEntityOfPage\" ><span itemprop='name'>Sele\u00e7\u00e3o de Volunt\u00e1rios para o Projeto de Extens\u00e3o &#8220;NAM (Naso-Alveolar-Modelador)&#8221;<\/span><\/span><\/span><\/article><article class='slide-entry flex_column  post-entry post-entry-17150 slide-entry-overview slide-loop-102 slide-parity-even  av_one_fifth  real-thumbnail posttype-post post-format-standard'  itemscope=\"itemscope\" itemtype=\"https:\/\/schema.org\/CreativeWork\" ><a href='https:\/\/www.odonto.ufmg.br\/cenex\/editais_encerrados\/selecao-de-voluntarios-para-o-projeto-de-extensao-atendimento-de-suporte-odontologico-ao-paciente-com-cancer-em-regiao-de-cabeca-e-pescoco-4\/' data-rel='slide-2' class='slide-image' title='Sele\u00e7\u00e3o de Volunt\u00e1rios para o Projeto de Extens\u00e3o &#8220;Atendimento de suporte odontol\u00f3gico ao paciente com c\u00e2ncer em regi\u00e3o de cabe\u00e7a e pesco\u00e7o&#8221;'><img decoding=\"async\" fetchpriority=\"high\" width=\"260\" height=\"185\" src=\"https:\/\/www.odonto.ufmg.br\/cenex\/wp-content\/uploads\/sites\/2\/2019\/09\/cenex_oportunidade_site-260x185.png\" class=\"wp-image-10032 avia-img-lazy-loading-not-10032 attachment-portfolio_small size-portfolio_small wp-post-image\" alt=\"\" \/><\/a><div class=\"slide-content\"><header class=\"entry-content-header\" aria-label=\"Slide: Sele\u00e7\u00e3o de Volunt\u00e1rios para o Projeto de Extens\u00e3o &quot;Atendimento de suporte odontol\u00f3gico ao paciente com c\u00e2ncer em regi\u00e3o de cabe\u00e7a e pesco\u00e7o&quot;\"><h3 class='slide-entry-title entry-title '  itemprop=\"headline\" ><a href='https:\/\/www.odonto.ufmg.br\/cenex\/editais_encerrados\/selecao-de-voluntarios-para-o-projeto-de-extensao-atendimento-de-suporte-odontologico-ao-paciente-com-cancer-em-regiao-de-cabeca-e-pescoco-4\/' title='Sele\u00e7\u00e3o de Volunt\u00e1rios para o Projeto de Extens\u00e3o &#8220;Atendimento de suporte odontol\u00f3gico ao paciente com c\u00e2ncer em regi\u00e3o de cabe\u00e7a e pesco\u00e7o&#8221;'>Sele\u00e7\u00e3o de Volunt\u00e1rios para o Projeto de Extens\u00e3o &#8220;Atendimento de suporte odontol\u00f3gico ao paciente com c\u00e2ncer em regi\u00e3o de cabe\u00e7a e pesco\u00e7o&#8221;<\/a><\/h3><span class=\"av-vertical-delimiter\"><\/span><\/header><div class=\"slide-meta\"><time class='slide-meta-time updated'  itemprop=\"datePublished\" datetime=\"2025-08-06T16:49:07-03:00\" >06\/08\/2025<\/time><\/div><div class='slide-entry-excerpt entry-content'  itemprop=\"text\" >EDITAL\nEst\u00e3o abertas, a partir do dia 04\/08\/2025 a 13\/08\/2025\u2026<\/div><\/div><footer class=\"entry-footer\"><\/footer><span class='hidden'>\n\t\t\t\t<span class='av-structured-data'  itemprop=\"image\" itemscope=\"itemscope\" itemtype=\"https:\/\/schema.org\/ImageObject\" >\n\t\t\t\t\t\t<span itemprop='url'>https:\/\/www.odonto.ufmg.br\/cenex\/wp-content\/uploads\/sites\/2\/2019\/09\/cenex_oportunidade_site.png<\/span>\n\t\t\t\t\t\t<span itemprop='height'>469<\/span>\n\t\t\t\t\t\t<span itemprop='width'>937<\/span>\n\t\t\t\t<\/span>\n\t\t\t\t<span class='av-structured-data'  itemprop=\"publisher\" itemtype=\"https:\/\/schema.org\/Organization\" itemscope=\"itemscope\" >\n\t\t\t\t\t\t<span itemprop='name'>cenex<\/span>\n\t\t\t\t\t\t<span itemprop='logo' itemscope itemtype='https:\/\/schema.org\/ImageObject'>\n\t\t\t\t\t\t\t<span itemprop='url'>http:\/\/www.odonto.ufmg.br\/cenex\/wp-content\/uploads\/sites\/2\/2025\/08\/logo-cenex.svg<\/span>\n\t\t\t\t\t\t<\/span>\n\t\t\t\t<\/span><span class='av-structured-data'  itemprop=\"author\" itemscope=\"itemscope\" itemtype=\"https:\/\/schema.org\/Person\" ><span itemprop='name'>cenex<\/span><\/span><span class='av-structured-data'  itemprop=\"datePublished\" datetime=\"2025-04-04T10:05:51-03:00\" >2025-08-06 16:49:07<\/span><span class='av-structured-data'  itemprop=\"dateModified\" itemtype=\"https:\/\/schema.org\/dateModified\" >2025-08-18 12:43:29<\/span><span class='av-structured-data'  itemprop=\"mainEntityOfPage\" itemtype=\"https:\/\/schema.org\/mainEntityOfPage\" ><span itemprop='name'>Sele\u00e7\u00e3o de Volunt\u00e1rios para o Projeto de Extens\u00e3o &#8220;Atendimento de suporte odontol\u00f3gico ao paciente com c\u00e2ncer em regi\u00e3o de cabe\u00e7a e pesco\u00e7o&#8221;<\/span><\/span><\/span><\/article><article class='slide-entry flex_column  post-entry post-entry-17124 slide-entry-overview slide-loop-103 slide-parity-odd  av_one_fifth  real-thumbnail posttype-post post-format-standard'  itemscope=\"itemscope\" itemtype=\"https:\/\/schema.org\/CreativeWork\" ><a href='https:\/\/www.odonto.ufmg.br\/cenex\/editais_encerrados\/selecao-de-bolsistas-e-voluntarios-para-o-projeto-de-extensao-abordagem-multidisciplinar-em-individuos-com-transtorno-de-espectro-autista-tea\/' data-rel='slide-2' class='slide-image' title='Sele\u00e7\u00e3o de Bolsistas e Volunt\u00e1rios para o Projeto de Extens\u00e3o &#8220;Abordagem Multidisciplinar em indiv\u00edduos com Transtorno de Espectro Autista (TEA)&#8221;'><img decoding=\"async\" fetchpriority=\"high\" width=\"260\" height=\"185\" src=\"https:\/\/www.odonto.ufmg.br\/cenex\/wp-content\/uploads\/sites\/2\/2019\/09\/cenex_oportunidade_site-260x185.png\" class=\"wp-image-10032 avia-img-lazy-loading-not-10032 attachment-portfolio_small size-portfolio_small wp-post-image\" alt=\"\" \/><\/a><div class=\"slide-content\"><header class=\"entry-content-header\" aria-label=\"Slide: Sele\u00e7\u00e3o de Bolsistas e Volunt\u00e1rios para o Projeto de Extens\u00e3o &quot;Abordagem Multidisciplinar em indiv\u00edduos com Transtorno de Espectro Autista (TEA)&quot;\"><h3 class='slide-entry-title entry-title '  itemprop=\"headline\" ><a href='https:\/\/www.odonto.ufmg.br\/cenex\/editais_encerrados\/selecao-de-bolsistas-e-voluntarios-para-o-projeto-de-extensao-abordagem-multidisciplinar-em-individuos-com-transtorno-de-espectro-autista-tea\/' title='Sele\u00e7\u00e3o de Bolsistas e Volunt\u00e1rios para o Projeto de Extens\u00e3o &#8220;Abordagem Multidisciplinar em indiv\u00edduos com Transtorno de Espectro Autista (TEA)&#8221;'>Sele\u00e7\u00e3o de Bolsistas e Volunt\u00e1rios para o Projeto de Extens\u00e3o &#8220;Abordagem Multidisciplinar em indiv\u00edduos com Transtorno de Espectro Autista (TEA)&#8221;<\/a><\/h3><span class=\"av-vertical-delimiter\"><\/span><\/header><div class=\"slide-meta\"><time class='slide-meta-time updated'  itemprop=\"datePublished\" datetime=\"2025-07-11T11:09:04-03:00\" >11\/07\/2025<\/time><\/div><div class='slide-entry-excerpt entry-content'  itemprop=\"text\" >EDITAL\nEst\u00e3o abertas, a partir do dia 14\/07\/2025 a 29\/07\/2025\u2026<\/div><\/div><footer class=\"entry-footer\"><\/footer><span class='hidden'>\n\t\t\t\t<span class='av-structured-data'  itemprop=\"image\" itemscope=\"itemscope\" itemtype=\"https:\/\/schema.org\/ImageObject\" >\n\t\t\t\t\t\t<span itemprop='url'>https:\/\/www.odonto.ufmg.br\/cenex\/wp-content\/uploads\/sites\/2\/2019\/09\/cenex_oportunidade_site.png<\/span>\n\t\t\t\t\t\t<span itemprop='height'>469<\/span>\n\t\t\t\t\t\t<span itemprop='width'>937<\/span>\n\t\t\t\t<\/span>\n\t\t\t\t<span class='av-structured-data'  itemprop=\"publisher\" itemtype=\"https:\/\/schema.org\/Organization\" itemscope=\"itemscope\" >\n\t\t\t\t\t\t<span itemprop='name'>cenex<\/span>\n\t\t\t\t\t\t<span itemprop='logo' itemscope itemtype='https:\/\/schema.org\/ImageObject'>\n\t\t\t\t\t\t\t<span itemprop='url'>http:\/\/www.odonto.ufmg.br\/cenex\/wp-content\/uploads\/sites\/2\/2025\/08\/logo-cenex.svg<\/span>\n\t\t\t\t\t\t<\/span>\n\t\t\t\t<\/span><span class='av-structured-data'  itemprop=\"author\" itemscope=\"itemscope\" itemtype=\"https:\/\/schema.org\/Person\" ><span itemprop='name'>cenex<\/span><\/span><span class='av-structured-data'  itemprop=\"datePublished\" datetime=\"2025-04-04T10:05:51-03:00\" >2025-07-11 11:09:04<\/span><span class='av-structured-data'  itemprop=\"dateModified\" itemtype=\"https:\/\/schema.org\/dateModified\" >2025-08-06 16:56:45<\/span><span class='av-structured-data'  itemprop=\"mainEntityOfPage\" itemtype=\"https:\/\/schema.org\/mainEntityOfPage\" ><span itemprop='name'>Sele\u00e7\u00e3o de Bolsistas e Volunt\u00e1rios para o Projeto de Extens\u00e3o &#8220;Abordagem Multidisciplinar em indiv\u00edduos com Transtorno de Espectro Autista (TEA)&#8221;<\/span><\/span><\/span><\/article><article class='slide-entry flex_column  post-entry post-entry-17071 slide-entry-overview slide-loop-104 slide-parity-even  av_one_fifth  real-thumbnail posttype-post post-format-standard'  itemscope=\"itemscope\" itemtype=\"https:\/\/schema.org\/CreativeWork\" ><a href='https:\/\/www.odonto.ufmg.br\/cenex\/editais_encerrados\/selecao-de-bolsistas-e-voluntarios-no-projeto-de-extensao-atendimento-odontologico-a-pessoa-com-deficiencia-de-desenvolvimento\/' data-rel='slide-2' class='slide-image' title='Sele\u00e7\u00e3o de Bolsistas e Volunt\u00e1rios para o Projeto de Extens\u00e3o &#8220;Atendimento Odontol\u00f3gico \u00e0 Pessoa com Defici\u00eancia de Desenvolvimento&#8221;'><img decoding=\"async\" fetchpriority=\"high\" width=\"260\" height=\"185\" src=\"https:\/\/www.odonto.ufmg.br\/cenex\/wp-content\/uploads\/sites\/2\/2019\/09\/cenex_oportunidade_site-260x185.png\" class=\"wp-image-10032 avia-img-lazy-loading-not-10032 attachment-portfolio_small size-portfolio_small wp-post-image\" alt=\"\" \/><\/a><div class=\"slide-content\"><header class=\"entry-content-header\" aria-label=\"Slide: Sele\u00e7\u00e3o de Bolsistas e Volunt\u00e1rios para o Projeto de Extens\u00e3o &quot;Atendimento Odontol\u00f3gico \u00e0 Pessoa com Defici\u00eancia de Desenvolvimento&quot;\"><h3 class='slide-entry-title entry-title '  itemprop=\"headline\" ><a href='https:\/\/www.odonto.ufmg.br\/cenex\/editais_encerrados\/selecao-de-bolsistas-e-voluntarios-no-projeto-de-extensao-atendimento-odontologico-a-pessoa-com-deficiencia-de-desenvolvimento\/' title='Sele\u00e7\u00e3o de Bolsistas e Volunt\u00e1rios para o Projeto de Extens\u00e3o &#8220;Atendimento Odontol\u00f3gico \u00e0 Pessoa com Defici\u00eancia de Desenvolvimento&#8221;'>Sele\u00e7\u00e3o de Bolsistas e Volunt\u00e1rios para o Projeto de Extens\u00e3o &#8220;Atendimento Odontol\u00f3gico \u00e0 Pessoa com Defici\u00eancia de Desenvolvimento&#8221;<\/a><\/h3><span class=\"av-vertical-delimiter\"><\/span><\/header><div class=\"slide-meta\"><time class='slide-meta-time updated'  itemprop=\"datePublished\" datetime=\"2025-06-27T11:06:40-03:00\" >27\/06\/2025<\/time><\/div><div class='slide-entry-excerpt entry-content'  itemprop=\"text\" >EDITAL\nEst\u00e3o abertas, a partir do dia 28\/01\/2025 a 30\/06\/2025\u2026<\/div><\/div><footer class=\"entry-footer\"><\/footer><span class='hidden'>\n\t\t\t\t<span class='av-structured-data'  itemprop=\"image\" itemscope=\"itemscope\" itemtype=\"https:\/\/schema.org\/ImageObject\" >\n\t\t\t\t\t\t<span itemprop='url'>https:\/\/www.odonto.ufmg.br\/cenex\/wp-content\/uploads\/sites\/2\/2019\/09\/cenex_oportunidade_site.png<\/span>\n\t\t\t\t\t\t<span itemprop='height'>469<\/span>\n\t\t\t\t\t\t<span itemprop='width'>937<\/span>\n\t\t\t\t<\/span>\n\t\t\t\t<span class='av-structured-data'  itemprop=\"publisher\" itemtype=\"https:\/\/schema.org\/Organization\" itemscope=\"itemscope\" >\n\t\t\t\t\t\t<span itemprop='name'>cenex<\/span>\n\t\t\t\t\t\t<span itemprop='logo' itemscope itemtype='https:\/\/schema.org\/ImageObject'>\n\t\t\t\t\t\t\t<span itemprop='url'>http:\/\/www.odonto.ufmg.br\/cenex\/wp-content\/uploads\/sites\/2\/2025\/08\/logo-cenex.svg<\/span>\n\t\t\t\t\t\t<\/span>\n\t\t\t\t<\/span><span class='av-structured-data'  itemprop=\"author\" itemscope=\"itemscope\" itemtype=\"https:\/\/schema.org\/Person\" ><span itemprop='name'>cenex<\/span><\/span><span class='av-structured-data'  itemprop=\"datePublished\" datetime=\"2025-04-04T10:05:51-03:00\" >2025-06-27 11:06:40<\/span><span class='av-structured-data'  itemprop=\"dateModified\" itemtype=\"https:\/\/schema.org\/dateModified\" >2025-07-04 12:30:00<\/span><span class='av-structured-data'  itemprop=\"mainEntityOfPage\" itemtype=\"https:\/\/schema.org\/mainEntityOfPage\" ><span itemprop='name'>Sele\u00e7\u00e3o de Bolsistas e Volunt\u00e1rios para o Projeto de Extens\u00e3o &#8220;Atendimento Odontol\u00f3gico \u00e0 Pessoa com Defici\u00eancia de Desenvolvimento&#8221;<\/span><\/span><\/span><\/article><article class='slide-entry flex_column  post-entry post-entry-16983 slide-entry-overview slide-loop-105 slide-parity-odd  av_one_fifth  real-thumbnail posttype-post post-format-standard'  itemscope=\"itemscope\" itemtype=\"https:\/\/schema.org\/CreativeWork\" ><a href='https:\/\/www.odonto.ufmg.br\/cenex\/editais_encerrados\/edital-proex-no-01-2025-pbext-fomento-de-bolsas-de-extensao-para-programas-projetos-e-cursos-de-extensao\/' data-rel='slide-2' class='slide-image' title='Edital PROEX n\u00ba 01\/2025 &#8211; PBEXT &#8211; FOMENTO DE BOLSAS DE EXTENS\u00c3O PARA PROGRAMAS, PROJETOS E CURSOS DE EXTENS\u00c3O.'><img decoding=\"async\" fetchpriority=\"high\" width=\"260\" height=\"185\" src=\"https:\/\/www.odonto.ufmg.br\/cenex\/wp-content\/uploads\/sites\/2\/2019\/09\/cenex_oportunidade_site-260x185.png\" class=\"wp-image-10032 avia-img-lazy-loading-not-10032 attachment-portfolio_small size-portfolio_small wp-post-image\" alt=\"\" \/><\/a><div class=\"slide-content\"><header class=\"entry-content-header\" aria-label=\"Slide: Edital PROEX n\u00ba 01\/2025 - PBEXT - FOMENTO DE BOLSAS DE EXTENS\u00c3O PARA PROGRAMAS, PROJETOS E CURSOS DE EXTENS\u00c3O.\"><h3 class='slide-entry-title entry-title '  itemprop=\"headline\" ><a href='https:\/\/www.odonto.ufmg.br\/cenex\/editais_encerrados\/edital-proex-no-01-2025-pbext-fomento-de-bolsas-de-extensao-para-programas-projetos-e-cursos-de-extensao\/' title='Edital PROEX n\u00ba 01\/2025 &#8211; PBEXT &#8211; FOMENTO DE BOLSAS DE EXTENS\u00c3O PARA PROGRAMAS, PROJETOS E CURSOS DE EXTENS\u00c3O.'>Edital PROEX n\u00ba 01\/2025 &#8211; PBEXT &#8211; FOMENTO DE BOLSAS DE EXTENS\u00c3O PARA PROGRAMAS, PROJETOS E CURSOS DE EXTENS\u00c3O.<\/a><\/h3><span class=\"av-vertical-delimiter\"><\/span><\/header><div class=\"slide-meta\"><time class='slide-meta-time updated'  itemprop=\"datePublished\" datetime=\"2025-06-09T16:59:06-03:00\" >09\/06\/2025<\/time><\/div><div class='slide-entry-excerpt entry-content'  itemprop=\"text\" >\nPrezados(as) Membros do Colegiado, Coordenadores(as) e Secret\u00e1rios(s)\u2026<\/div><\/div><footer class=\"entry-footer\"><\/footer><span class='hidden'>\n\t\t\t\t<span class='av-structured-data'  itemprop=\"image\" itemscope=\"itemscope\" itemtype=\"https:\/\/schema.org\/ImageObject\" >\n\t\t\t\t\t\t<span itemprop='url'>https:\/\/www.odonto.ufmg.br\/cenex\/wp-content\/uploads\/sites\/2\/2019\/09\/cenex_oportunidade_site.png<\/span>\n\t\t\t\t\t\t<span itemprop='height'>469<\/span>\n\t\t\t\t\t\t<span itemprop='width'>937<\/span>\n\t\t\t\t<\/span>\n\t\t\t\t<span class='av-structured-data'  itemprop=\"publisher\" itemtype=\"https:\/\/schema.org\/Organization\" itemscope=\"itemscope\" >\n\t\t\t\t\t\t<span itemprop='name'>cenex<\/span>\n\t\t\t\t\t\t<span itemprop='logo' itemscope itemtype='https:\/\/schema.org\/ImageObject'>\n\t\t\t\t\t\t\t<span itemprop='url'>http:\/\/www.odonto.ufmg.br\/cenex\/wp-content\/uploads\/sites\/2\/2025\/08\/logo-cenex.svg<\/span>\n\t\t\t\t\t\t<\/span>\n\t\t\t\t<\/span><span class='av-structured-data'  itemprop=\"author\" itemscope=\"itemscope\" itemtype=\"https:\/\/schema.org\/Person\" ><span itemprop='name'>cenex<\/span><\/span><span class='av-structured-data'  itemprop=\"datePublished\" datetime=\"2025-04-04T10:05:51-03:00\" >2025-06-09 16:59:06<\/span><span class='av-structured-data'  itemprop=\"dateModified\" itemtype=\"https:\/\/schema.org\/dateModified\" >2025-06-27 11:07:39<\/span><span class='av-structured-data'  itemprop=\"mainEntityOfPage\" itemtype=\"https:\/\/schema.org\/mainEntityOfPage\" ><span itemprop='name'>Edital PROEX n\u00ba 01\/2025 &#8211; PBEXT &#8211; FOMENTO DE BOLSAS DE EXTENS\u00c3O PARA PROGRAMAS, PROJETOS E CURSOS DE EXTENS\u00c3O.<\/span><\/span><\/span><\/article><\/div><div class=\"slide-entry-wrap\"><article class='slide-entry flex_column  post-entry post-entry-16914 slide-entry-overview slide-loop-106 slide-parity-odd  av_one_fifth first real-thumbnail posttype-post post-format-standard'  itemscope=\"itemscope\" itemtype=\"https:\/\/schema.org\/CreativeWork\" ><a href='https:\/\/www.odonto.ufmg.br\/cenex\/editais_encerrados\/edital-proex-no-03-2025-democratizar-fomento-de-bolsas-para-programas-projetos-e-cursos-de-extensao-em-direitos-humanos-e-meio-ambiente\/' data-rel='slide-2' class='slide-image' title='Edital PROEX n\u00ba 03\/2025 &#8211; DEMOCRATIZAR &#8211; FOMENTO DE BOLSAS PARA PROGRAMAS, PROJETOS E CURSOS DE EXTENS\u00c3O EM DIREITOS HUMANOS E MEIO AMBIENTE.'><img decoding=\"async\" fetchpriority=\"high\" width=\"260\" height=\"185\" src=\"https:\/\/www.odonto.ufmg.br\/cenex\/wp-content\/uploads\/sites\/2\/2019\/09\/cenex_oportunidade_site-260x185.png\" class=\"wp-image-10032 avia-img-lazy-loading-not-10032 attachment-portfolio_small size-portfolio_small wp-post-image\" alt=\"\" \/><\/a><div class=\"slide-content\"><header class=\"entry-content-header\" aria-label=\"Slide: Edital PROEX n\u00ba 03\/2025 - DEMOCRATIZAR - FOMENTO DE BOLSAS PARA PROGRAMAS, PROJETOS E CURSOS DE EXTENS\u00c3O EM DIREITOS HUMANOS E MEIO AMBIENTE.\"><h3 class='slide-entry-title entry-title '  itemprop=\"headline\" ><a href='https:\/\/www.odonto.ufmg.br\/cenex\/editais_encerrados\/edital-proex-no-03-2025-democratizar-fomento-de-bolsas-para-programas-projetos-e-cursos-de-extensao-em-direitos-humanos-e-meio-ambiente\/' title='Edital PROEX n\u00ba 03\/2025 &#8211; DEMOCRATIZAR &#8211; FOMENTO DE BOLSAS PARA PROGRAMAS, PROJETOS E CURSOS DE EXTENS\u00c3O EM DIREITOS HUMANOS E MEIO AMBIENTE.'>Edital PROEX n\u00ba 03\/2025 &#8211; DEMOCRATIZAR &#8211; FOMENTO DE BOLSAS PARA PROGRAMAS, PROJETOS E CURSOS DE EXTENS\u00c3O EM DIREITOS HUMANOS E MEIO AMBIENTE.<\/a><\/h3><span class=\"av-vertical-delimiter\"><\/span><\/header><div class=\"slide-meta\"><time class='slide-meta-time updated'  itemprop=\"datePublished\" datetime=\"2025-05-12T15:01:47-03:00\" >12\/05\/2025<\/time><\/div><div class='slide-entry-excerpt entry-content'  itemprop=\"text\" >\nPrezados(as) Coordenadores(as),\n\n\n\nA Pr\u00f3-reitoria de Extens\u00e3o\u2026<\/div><\/div><footer class=\"entry-footer\"><\/footer><span class='hidden'>\n\t\t\t\t<span class='av-structured-data'  itemprop=\"image\" itemscope=\"itemscope\" itemtype=\"https:\/\/schema.org\/ImageObject\" >\n\t\t\t\t\t\t<span itemprop='url'>https:\/\/www.odonto.ufmg.br\/cenex\/wp-content\/uploads\/sites\/2\/2019\/09\/cenex_oportunidade_site.png<\/span>\n\t\t\t\t\t\t<span itemprop='height'>469<\/span>\n\t\t\t\t\t\t<span itemprop='width'>937<\/span>\n\t\t\t\t<\/span>\n\t\t\t\t<span class='av-structured-data'  itemprop=\"publisher\" itemtype=\"https:\/\/schema.org\/Organization\" itemscope=\"itemscope\" >\n\t\t\t\t\t\t<span itemprop='name'>cenex<\/span>\n\t\t\t\t\t\t<span itemprop='logo' itemscope itemtype='https:\/\/schema.org\/ImageObject'>\n\t\t\t\t\t\t\t<span itemprop='url'>http:\/\/www.odonto.ufmg.br\/cenex\/wp-content\/uploads\/sites\/2\/2025\/08\/logo-cenex.svg<\/span>\n\t\t\t\t\t\t<\/span>\n\t\t\t\t<\/span><span class='av-structured-data'  itemprop=\"author\" itemscope=\"itemscope\" itemtype=\"https:\/\/schema.org\/Person\" ><span itemprop='name'>cenex<\/span><\/span><span class='av-structured-data'  itemprop=\"datePublished\" datetime=\"2025-04-04T10:05:51-03:00\" >2025-05-12 15:01:47<\/span><span class='av-structured-data'  itemprop=\"dateModified\" itemtype=\"https:\/\/schema.org\/dateModified\" >2025-06-05 16:58:02<\/span><span class='av-structured-data'  itemprop=\"mainEntityOfPage\" itemtype=\"https:\/\/schema.org\/mainEntityOfPage\" ><span itemprop='name'>Edital PROEX n\u00ba 03\/2025 &#8211; DEMOCRATIZAR &#8211; FOMENTO DE BOLSAS PARA PROGRAMAS, PROJETOS E CURSOS DE EXTENS\u00c3O EM DIREITOS HUMANOS E MEIO AMBIENTE.<\/span><\/span><\/span><\/article><article class='slide-entry flex_column  post-entry post-entry-16912 slide-entry-overview slide-loop-107 slide-parity-even  av_one_fifth  real-thumbnail posttype-post post-format-standard'  itemscope=\"itemscope\" itemtype=\"https:\/\/schema.org\/CreativeWork\" ><a href='https:\/\/www.odonto.ufmg.br\/cenex\/editais_encerrados\/edital-proex-no-02-2025-formex-fomento-a-formacao-em-extensao-universitaria-no-ambito-da-pos-graduacao\/' data-rel='slide-2' class='slide-image' title='Edital PROEX n\u00ba 02\/2025 &#8211; FORMEX &#8211; FOMENTO \u00c0 FORMA\u00c7\u00c3O EM EXTENS\u00c3O UNIVERSIT\u00c1RIA NO \u00c2MBITO DA P\u00d3S-GRADUA\u00c7\u00c3O.'><img decoding=\"async\" fetchpriority=\"high\" width=\"260\" height=\"185\" src=\"https:\/\/www.odonto.ufmg.br\/cenex\/wp-content\/uploads\/sites\/2\/2019\/09\/cenex_oportunidade_site-260x185.png\" class=\"wp-image-10032 avia-img-lazy-loading-not-10032 attachment-portfolio_small size-portfolio_small wp-post-image\" alt=\"\" \/><\/a><div class=\"slide-content\"><header class=\"entry-content-header\" aria-label=\"Slide: Edital PROEX n\u00ba 02\/2025 - FORMEX - FOMENTO \u00c0 FORMA\u00c7\u00c3O EM EXTENS\u00c3O UNIVERSIT\u00c1RIA NO \u00c2MBITO DA P\u00d3S-GRADUA\u00c7\u00c3O.\"><h3 class='slide-entry-title entry-title '  itemprop=\"headline\" ><a href='https:\/\/www.odonto.ufmg.br\/cenex\/editais_encerrados\/edital-proex-no-02-2025-formex-fomento-a-formacao-em-extensao-universitaria-no-ambito-da-pos-graduacao\/' title='Edital PROEX n\u00ba 02\/2025 &#8211; FORMEX &#8211; FOMENTO \u00c0 FORMA\u00c7\u00c3O EM EXTENS\u00c3O UNIVERSIT\u00c1RIA NO \u00c2MBITO DA P\u00d3S-GRADUA\u00c7\u00c3O.'>Edital PROEX n\u00ba 02\/2025 &#8211; FORMEX &#8211; FOMENTO \u00c0 FORMA\u00c7\u00c3O EM EXTENS\u00c3O UNIVERSIT\u00c1RIA NO \u00c2MBITO DA P\u00d3S-GRADUA\u00c7\u00c3O.<\/a><\/h3><span class=\"av-vertical-delimiter\"><\/span><\/header><div class=\"slide-meta\"><time class='slide-meta-time updated'  itemprop=\"datePublished\" datetime=\"2025-05-12T14:58:52-03:00\" >12\/05\/2025<\/time><\/div><div class='slide-entry-excerpt entry-content'  itemprop=\"text\" >\nPrezados(as) Coordenadores(as),\n\n\n\nA Pr\u00f3-Reitoria de Extens\u00e3o\u2026<\/div><\/div><footer class=\"entry-footer\"><\/footer><span class='hidden'>\n\t\t\t\t<span class='av-structured-data'  itemprop=\"image\" itemscope=\"itemscope\" itemtype=\"https:\/\/schema.org\/ImageObject\" >\n\t\t\t\t\t\t<span itemprop='url'>https:\/\/www.odonto.ufmg.br\/cenex\/wp-content\/uploads\/sites\/2\/2019\/09\/cenex_oportunidade_site.png<\/span>\n\t\t\t\t\t\t<span itemprop='height'>469<\/span>\n\t\t\t\t\t\t<span itemprop='width'>937<\/span>\n\t\t\t\t<\/span>\n\t\t\t\t<span class='av-structured-data'  itemprop=\"publisher\" itemtype=\"https:\/\/schema.org\/Organization\" itemscope=\"itemscope\" >\n\t\t\t\t\t\t<span itemprop='name'>cenex<\/span>\n\t\t\t\t\t\t<span itemprop='logo' itemscope itemtype='https:\/\/schema.org\/ImageObject'>\n\t\t\t\t\t\t\t<span itemprop='url'>http:\/\/www.odonto.ufmg.br\/cenex\/wp-content\/uploads\/sites\/2\/2025\/08\/logo-cenex.svg<\/span>\n\t\t\t\t\t\t<\/span>\n\t\t\t\t<\/span><span class='av-structured-data'  itemprop=\"author\" itemscope=\"itemscope\" itemtype=\"https:\/\/schema.org\/Person\" ><span itemprop='name'>cenex<\/span><\/span><span class='av-structured-data'  itemprop=\"datePublished\" datetime=\"2025-04-04T10:05:51-03:00\" >2025-05-12 14:58:52<\/span><span class='av-structured-data'  itemprop=\"dateModified\" itemtype=\"https:\/\/schema.org\/dateModified\" >2025-06-05 16:58:06<\/span><span class='av-structured-data'  itemprop=\"mainEntityOfPage\" itemtype=\"https:\/\/schema.org\/mainEntityOfPage\" ><span itemprop='name'>Edital PROEX n\u00ba 02\/2025 &#8211; FORMEX &#8211; FOMENTO \u00c0 FORMA\u00c7\u00c3O EM EXTENS\u00c3O UNIVERSIT\u00c1RIA NO \u00c2MBITO DA P\u00d3S-GRADUA\u00c7\u00c3O.<\/span><\/span><\/span><\/article><article class='slide-entry flex_column  post-entry post-entry-16910 slide-entry-overview slide-loop-108 slide-parity-odd  av_one_fifth  real-thumbnail posttype-post post-format-standard'  itemscope=\"itemscope\" itemtype=\"https:\/\/schema.org\/CreativeWork\" ><a href='https:\/\/www.odonto.ufmg.br\/cenex\/editais_encerrados\/selecao-de-voluntarios-para-o-programa-de-extensao-assistencia-odontologica-a-pacientes-de-transplantes-da-ufmg-paopt\/' data-rel='slide-2' class='slide-image' title='Sele\u00e7\u00e3o de volunt\u00e1rios para o Programa de Extens\u00e3o &#8220;Assist\u00eancia Odontol\u00f3gica a Pacientes de Transplantes da UFMG &#8211; PAOPT&#8221;'><img decoding=\"async\" fetchpriority=\"high\" width=\"260\" height=\"185\" src=\"https:\/\/www.odonto.ufmg.br\/cenex\/wp-content\/uploads\/sites\/2\/2019\/09\/cenex_oportunidade_site-260x185.png\" class=\"wp-image-10032 avia-img-lazy-loading-not-10032 attachment-portfolio_small size-portfolio_small wp-post-image\" alt=\"\" \/><\/a><div class=\"slide-content\"><header class=\"entry-content-header\" aria-label=\"Slide: Sele\u00e7\u00e3o de volunt\u00e1rios para o Programa de Extens\u00e3o &quot;Assist\u00eancia Odontol\u00f3gica a Pacientes de Transplantes da UFMG - PAOPT&quot;\"><h3 class='slide-entry-title entry-title '  itemprop=\"headline\" ><a href='https:\/\/www.odonto.ufmg.br\/cenex\/editais_encerrados\/selecao-de-voluntarios-para-o-programa-de-extensao-assistencia-odontologica-a-pacientes-de-transplantes-da-ufmg-paopt\/' title='Sele\u00e7\u00e3o de volunt\u00e1rios para o Programa de Extens\u00e3o &#8220;Assist\u00eancia Odontol\u00f3gica a Pacientes de Transplantes da UFMG &#8211; PAOPT&#8221;'>Sele\u00e7\u00e3o de volunt\u00e1rios para o Programa de Extens\u00e3o &#8220;Assist\u00eancia Odontol\u00f3gica a Pacientes de Transplantes da UFMG &#8211; PAOPT&#8221;<\/a><\/h3><span class=\"av-vertical-delimiter\"><\/span><\/header><div class=\"slide-meta\"><time class='slide-meta-time updated'  itemprop=\"datePublished\" datetime=\"2025-05-12T14:56:11-03:00\" >12\/05\/2025<\/time><\/div><div class='slide-entry-excerpt entry-content'  itemprop=\"text\" >EDITAL\nEst\u00e3o abertas, a partir do dia 09\/05\/2025 a 13\/05\/2025\u2026<\/div><\/div><footer class=\"entry-footer\"><\/footer><span class='hidden'>\n\t\t\t\t<span class='av-structured-data'  itemprop=\"image\" itemscope=\"itemscope\" itemtype=\"https:\/\/schema.org\/ImageObject\" >\n\t\t\t\t\t\t<span itemprop='url'>https:\/\/www.odonto.ufmg.br\/cenex\/wp-content\/uploads\/sites\/2\/2019\/09\/cenex_oportunidade_site.png<\/span>\n\t\t\t\t\t\t<span itemprop='height'>469<\/span>\n\t\t\t\t\t\t<span itemprop='width'>937<\/span>\n\t\t\t\t<\/span>\n\t\t\t\t<span class='av-structured-data'  itemprop=\"publisher\" itemtype=\"https:\/\/schema.org\/Organization\" itemscope=\"itemscope\" >\n\t\t\t\t\t\t<span itemprop='name'>cenex<\/span>\n\t\t\t\t\t\t<span itemprop='logo' itemscope itemtype='https:\/\/schema.org\/ImageObject'>\n\t\t\t\t\t\t\t<span itemprop='url'>http:\/\/www.odonto.ufmg.br\/cenex\/wp-content\/uploads\/sites\/2\/2025\/08\/logo-cenex.svg<\/span>\n\t\t\t\t\t\t<\/span>\n\t\t\t\t<\/span><span class='av-structured-data'  itemprop=\"author\" itemscope=\"itemscope\" itemtype=\"https:\/\/schema.org\/Person\" ><span itemprop='name'>cenex<\/span><\/span><span class='av-structured-data'  itemprop=\"datePublished\" datetime=\"2025-04-04T10:05:51-03:00\" >2025-05-12 14:56:11<\/span><span class='av-structured-data'  itemprop=\"dateModified\" itemtype=\"https:\/\/schema.org\/dateModified\" >2025-05-19 14:45:58<\/span><span class='av-structured-data'  itemprop=\"mainEntityOfPage\" itemtype=\"https:\/\/schema.org\/mainEntityOfPage\" ><span itemprop='name'>Sele\u00e7\u00e3o de volunt\u00e1rios para o Programa de Extens\u00e3o &#8220;Assist\u00eancia Odontol\u00f3gica a Pacientes de Transplantes da UFMG &#8211; PAOPT&#8221;<\/span><\/span><\/span><\/article><article class='slide-entry flex_column  post-entry post-entry-16881 slide-entry-overview slide-loop-109 slide-parity-even  av_one_fifth  real-thumbnail posttype-post post-format-standard'  itemscope=\"itemscope\" itemtype=\"https:\/\/schema.org\/CreativeWork\" ><a href='https:\/\/www.odonto.ufmg.br\/cenex\/editais_encerrados\/errata-selecao-de-voluntarios-para-o-projeto-de-extensao-cafe-com-cpc\/' data-rel='slide-2' class='slide-image' title='ERRATA &#8211; Sele\u00e7\u00e3o de Volunt\u00e1rios para o Projeto de Extens\u00e3o &#8220;Caf\u00e9 com CPC&#8221;'><img decoding=\"async\" fetchpriority=\"high\" width=\"260\" height=\"185\" src=\"https:\/\/www.odonto.ufmg.br\/cenex\/wp-content\/uploads\/sites\/2\/2019\/06\/Aviso-Cenex-1-260x185.jpg\" class=\"wp-image-9298 avia-img-lazy-loading-not-9298 attachment-portfolio_small size-portfolio_small wp-post-image\" alt=\"\" \/><\/a><div class=\"slide-content\"><header class=\"entry-content-header\" aria-label=\"Slide: ERRATA - Sele\u00e7\u00e3o de Volunt\u00e1rios para o Projeto de Extens\u00e3o &quot;Caf\u00e9 com CPC&quot;\"><h3 class='slide-entry-title entry-title '  itemprop=\"headline\" ><a href='https:\/\/www.odonto.ufmg.br\/cenex\/editais_encerrados\/errata-selecao-de-voluntarios-para-o-projeto-de-extensao-cafe-com-cpc\/' title='ERRATA &#8211; Sele\u00e7\u00e3o de Volunt\u00e1rios para o Projeto de Extens\u00e3o &#8220;Caf\u00e9 com CPC&#8221;'>ERRATA &#8211; Sele\u00e7\u00e3o de Volunt\u00e1rios para o Projeto de Extens\u00e3o &#8220;Caf\u00e9 com CPC&#8221;<\/a><\/h3><span class=\"av-vertical-delimiter\"><\/span><\/header><div class=\"slide-meta\"><time class='slide-meta-time updated'  itemprop=\"datePublished\" datetime=\"2025-04-28T15:42:17-03:00\" >28\/04\/2025<\/time><\/div><div class='slide-entry-excerpt entry-content'  itemprop=\"text\" >\n\ud83d\udea8 Novo per\u00edodo de inscri\u00e7\u00f5es: As inscri\u00e7\u00f5es dever\u00e3o\u2026<\/div><\/div><footer class=\"entry-footer\"><\/footer><span class='hidden'>\n\t\t\t\t<span class='av-structured-data'  itemprop=\"image\" itemscope=\"itemscope\" itemtype=\"https:\/\/schema.org\/ImageObject\" >\n\t\t\t\t\t\t<span itemprop='url'>https:\/\/www.odonto.ufmg.br\/cenex\/wp-content\/uploads\/sites\/2\/2019\/06\/Aviso-Cenex-1.jpg<\/span>\n\t\t\t\t\t\t<span itemprop='height'>469<\/span>\n\t\t\t\t\t\t<span itemprop='width'>937<\/span>\n\t\t\t\t<\/span>\n\t\t\t\t<span class='av-structured-data'  itemprop=\"publisher\" itemtype=\"https:\/\/schema.org\/Organization\" itemscope=\"itemscope\" >\n\t\t\t\t\t\t<span itemprop='name'>cenex<\/span>\n\t\t\t\t\t\t<span itemprop='logo' itemscope itemtype='https:\/\/schema.org\/ImageObject'>\n\t\t\t\t\t\t\t<span itemprop='url'>http:\/\/www.odonto.ufmg.br\/cenex\/wp-content\/uploads\/sites\/2\/2025\/08\/logo-cenex.svg<\/span>\n\t\t\t\t\t\t<\/span>\n\t\t\t\t<\/span><span class='av-structured-data'  itemprop=\"author\" itemscope=\"itemscope\" itemtype=\"https:\/\/schema.org\/Person\" ><span itemprop='name'>cenex<\/span><\/span><span class='av-structured-data'  itemprop=\"datePublished\" datetime=\"2025-04-04T10:05:51-03:00\" >2025-04-28 15:42:17<\/span><span class='av-structured-data'  itemprop=\"dateModified\" itemtype=\"https:\/\/schema.org\/dateModified\" >2025-06-05 16:58:12<\/span><span class='av-structured-data'  itemprop=\"mainEntityOfPage\" itemtype=\"https:\/\/schema.org\/mainEntityOfPage\" ><span itemprop='name'>ERRATA &#8211; Sele\u00e7\u00e3o de Volunt\u00e1rios para o Projeto de Extens\u00e3o &#8220;Caf\u00e9 com CPC&#8221;<\/span><\/span><\/span><\/article><article class='slide-entry flex_column  post-entry post-entry-16852 slide-entry-overview slide-loop-110 slide-parity-odd  av_one_fifth  real-thumbnail posttype-post post-format-standard'  itemscope=\"itemscope\" itemtype=\"https:\/\/schema.org\/CreativeWork\" ><a href='https:\/\/www.odonto.ufmg.br\/cenex\/editais_encerrados\/traumatismo_denticao_decidua-2-2-2-3\/' data-rel='slide-2' class='slide-image' title='Sele\u00e7\u00e3o de volunt\u00e1rios para o Projeto de Extens\u00e3o &#8220;Terapia Periodontal de Suporte (TPS)&#8221;'><img decoding=\"async\" fetchpriority=\"high\" width=\"260\" height=\"185\" src=\"https:\/\/www.odonto.ufmg.br\/cenex\/wp-content\/uploads\/sites\/2\/2019\/09\/cenex_oportunidade_site-260x185.png\" class=\"wp-image-10032 avia-img-lazy-loading-not-10032 attachment-portfolio_small size-portfolio_small wp-post-image\" alt=\"\" \/><\/a><div class=\"slide-content\"><header class=\"entry-content-header\" aria-label=\"Slide: Sele\u00e7\u00e3o de volunt\u00e1rios para o Projeto de Extens\u00e3o &quot;Terapia Periodontal de Suporte (TPS)&quot;\"><h3 class='slide-entry-title entry-title '  itemprop=\"headline\" ><a href='https:\/\/www.odonto.ufmg.br\/cenex\/editais_encerrados\/traumatismo_denticao_decidua-2-2-2-3\/' title='Sele\u00e7\u00e3o de volunt\u00e1rios para o Projeto de Extens\u00e3o &#8220;Terapia Periodontal de Suporte (TPS)&#8221;'>Sele\u00e7\u00e3o de volunt\u00e1rios para o Projeto de Extens\u00e3o &#8220;Terapia Periodontal de Suporte (TPS)&#8221;<\/a><\/h3><span class=\"av-vertical-delimiter\"><\/span><\/header><div class=\"slide-meta\"><time class='slide-meta-time updated'  itemprop=\"datePublished\" datetime=\"2025-04-24T14:20:40-03:00\" >24\/04\/2025<\/time><\/div><div class='slide-entry-excerpt entry-content'  itemprop=\"text\" >EDITAL\nEstar\u00e3o abertas, a partir do dia 23\/04\/2025 at\u00e9 o dia\u2026<\/div><\/div><footer class=\"entry-footer\"><\/footer><span class='hidden'>\n\t\t\t\t<span class='av-structured-data'  itemprop=\"image\" itemscope=\"itemscope\" itemtype=\"https:\/\/schema.org\/ImageObject\" >\n\t\t\t\t\t\t<span itemprop='url'>https:\/\/www.odonto.ufmg.br\/cenex\/wp-content\/uploads\/sites\/2\/2019\/09\/cenex_oportunidade_site.png<\/span>\n\t\t\t\t\t\t<span itemprop='height'>469<\/span>\n\t\t\t\t\t\t<span itemprop='width'>937<\/span>\n\t\t\t\t<\/span>\n\t\t\t\t<span class='av-structured-data'  itemprop=\"publisher\" itemtype=\"https:\/\/schema.org\/Organization\" itemscope=\"itemscope\" >\n\t\t\t\t\t\t<span itemprop='name'>cenex<\/span>\n\t\t\t\t\t\t<span itemprop='logo' itemscope itemtype='https:\/\/schema.org\/ImageObject'>\n\t\t\t\t\t\t\t<span itemprop='url'>http:\/\/www.odonto.ufmg.br\/cenex\/wp-content\/uploads\/sites\/2\/2025\/08\/logo-cenex.svg<\/span>\n\t\t\t\t\t\t<\/span>\n\t\t\t\t<\/span><span class='av-structured-data'  itemprop=\"author\" itemscope=\"itemscope\" itemtype=\"https:\/\/schema.org\/Person\" ><span itemprop='name'>cenex<\/span><\/span><span class='av-structured-data'  itemprop=\"datePublished\" datetime=\"2025-04-04T10:05:51-03:00\" >2025-04-24 14:20:40<\/span><span class='av-structured-data'  itemprop=\"dateModified\" itemtype=\"https:\/\/schema.org\/dateModified\" >2025-05-12 15:02:11<\/span><span class='av-structured-data'  itemprop=\"mainEntityOfPage\" itemtype=\"https:\/\/schema.org\/mainEntityOfPage\" ><span itemprop='name'>Sele\u00e7\u00e3o de volunt\u00e1rios para o Projeto de Extens\u00e3o &#8220;Terapia Periodontal de Suporte (TPS)&#8221;<\/span><\/span><\/span><\/article><\/div><div class=\"slide-entry-wrap\"><article class='slide-entry flex_column  post-entry post-entry-16850 slide-entry-overview slide-loop-111 slide-parity-odd  av_one_fifth first real-thumbnail posttype-post post-format-standard'  itemscope=\"itemscope\" itemtype=\"https:\/\/schema.org\/CreativeWork\" ><a href='https:\/\/www.odonto.ufmg.br\/cenex\/editais_encerrados\/traumatismo_denticao_decidua-2-2-2-2\/' data-rel='slide-2' class='slide-image' title='Sele\u00e7\u00e3o de volunt\u00e1rios para o projeto Inclus\u00e3o: Promo\u00e7\u00e3o de Sa\u00fade Bucal da Popula\u00e7\u00e3o em Situa\u00e7\u00e3o de Rua (PSR)'><img decoding=\"async\" fetchpriority=\"high\" width=\"260\" height=\"185\" src=\"https:\/\/www.odonto.ufmg.br\/cenex\/wp-content\/uploads\/sites\/2\/2019\/09\/cenex_oportunidade_site-260x185.png\" class=\"wp-image-10032 avia-img-lazy-loading-not-10032 attachment-portfolio_small size-portfolio_small wp-post-image\" alt=\"\" \/><\/a><div class=\"slide-content\"><header class=\"entry-content-header\" aria-label=\"Slide: Sele\u00e7\u00e3o de volunt\u00e1rios para o projeto Inclus\u00e3o: Promo\u00e7\u00e3o de Sa\u00fade Bucal da Popula\u00e7\u00e3o em Situa\u00e7\u00e3o de Rua (PSR)\"><h3 class='slide-entry-title entry-title '  itemprop=\"headline\" ><a href='https:\/\/www.odonto.ufmg.br\/cenex\/editais_encerrados\/traumatismo_denticao_decidua-2-2-2-2\/' title='Sele\u00e7\u00e3o de volunt\u00e1rios para o projeto Inclus\u00e3o: Promo\u00e7\u00e3o de Sa\u00fade Bucal da Popula\u00e7\u00e3o em Situa\u00e7\u00e3o de Rua (PSR)'>Sele\u00e7\u00e3o de volunt\u00e1rios para o projeto Inclus\u00e3o: Promo\u00e7\u00e3o de Sa\u00fade Bucal da Popula\u00e7\u00e3o em Situa\u00e7\u00e3o de Rua (PSR)<\/a><\/h3><span class=\"av-vertical-delimiter\"><\/span><\/header><div class=\"slide-meta\"><time class='slide-meta-time updated'  itemprop=\"datePublished\" datetime=\"2025-04-24T14:16:58-03:00\" >24\/04\/2025<\/time><\/div><div class='slide-entry-excerpt entry-content'  itemprop=\"text\" >EDITAL\nEstar\u00e3o abertas, a partir do dia 22\/04\/2025 at\u00e9 o dia\u2026<\/div><\/div><footer class=\"entry-footer\"><\/footer><span class='hidden'>\n\t\t\t\t<span class='av-structured-data'  itemprop=\"image\" itemscope=\"itemscope\" itemtype=\"https:\/\/schema.org\/ImageObject\" >\n\t\t\t\t\t\t<span itemprop='url'>https:\/\/www.odonto.ufmg.br\/cenex\/wp-content\/uploads\/sites\/2\/2019\/09\/cenex_oportunidade_site.png<\/span>\n\t\t\t\t\t\t<span itemprop='height'>469<\/span>\n\t\t\t\t\t\t<span itemprop='width'>937<\/span>\n\t\t\t\t<\/span>\n\t\t\t\t<span class='av-structured-data'  itemprop=\"publisher\" itemtype=\"https:\/\/schema.org\/Organization\" itemscope=\"itemscope\" >\n\t\t\t\t\t\t<span itemprop='name'>cenex<\/span>\n\t\t\t\t\t\t<span itemprop='logo' itemscope itemtype='https:\/\/schema.org\/ImageObject'>\n\t\t\t\t\t\t\t<span itemprop='url'>http:\/\/www.odonto.ufmg.br\/cenex\/wp-content\/uploads\/sites\/2\/2025\/08\/logo-cenex.svg<\/span>\n\t\t\t\t\t\t<\/span>\n\t\t\t\t<\/span><span class='av-structured-data'  itemprop=\"author\" itemscope=\"itemscope\" itemtype=\"https:\/\/schema.org\/Person\" ><span itemprop='name'>cenex<\/span><\/span><span class='av-structured-data'  itemprop=\"datePublished\" datetime=\"2025-04-04T10:05:51-03:00\" >2025-04-24 14:16:58<\/span><span class='av-structured-data'  itemprop=\"dateModified\" itemtype=\"https:\/\/schema.org\/dateModified\" >2025-05-12 15:02:16<\/span><span class='av-structured-data'  itemprop=\"mainEntityOfPage\" itemtype=\"https:\/\/schema.org\/mainEntityOfPage\" ><span itemprop='name'>Sele\u00e7\u00e3o de volunt\u00e1rios para o projeto Inclus\u00e3o: Promo\u00e7\u00e3o de Sa\u00fade Bucal da Popula\u00e7\u00e3o em Situa\u00e7\u00e3o de Rua (PSR)<\/span><\/span><\/span><\/article><article class='slide-entry flex_column  post-entry post-entry-16719 slide-entry-overview slide-loop-112 slide-parity-even  av_one_fifth  real-thumbnail posttype-post post-format-standard'  itemscope=\"itemscope\" itemtype=\"https:\/\/schema.org\/CreativeWork\" ><a href='https:\/\/www.odonto.ufmg.br\/cenex\/editais_encerrados\/selecao-de-voluntarios-para-o-projeto-de-extensao-cafe-com-cpc\/' data-rel='slide-2' class='slide-image' title='Sele\u00e7\u00e3o de volunt\u00e1rios para o Projeto de Extens\u00e3o &#8220;Caf\u00e9 com CPC&#8221;'><img decoding=\"async\" fetchpriority=\"high\" width=\"260\" height=\"185\" src=\"https:\/\/www.odonto.ufmg.br\/cenex\/wp-content\/uploads\/sites\/2\/2019\/09\/cenex_oportunidade_site-260x185.png\" class=\"wp-image-10032 avia-img-lazy-loading-not-10032 attachment-portfolio_small size-portfolio_small wp-post-image\" alt=\"\" \/><\/a><div class=\"slide-content\"><header class=\"entry-content-header\" aria-label=\"Slide: Sele\u00e7\u00e3o de volunt\u00e1rios para o Projeto de Extens\u00e3o &quot;Caf\u00e9 com CPC&quot;\"><h3 class='slide-entry-title entry-title '  itemprop=\"headline\" ><a href='https:\/\/www.odonto.ufmg.br\/cenex\/editais_encerrados\/selecao-de-voluntarios-para-o-projeto-de-extensao-cafe-com-cpc\/' title='Sele\u00e7\u00e3o de volunt\u00e1rios para o Projeto de Extens\u00e3o &#8220;Caf\u00e9 com CPC&#8221;'>Sele\u00e7\u00e3o de volunt\u00e1rios para o Projeto de Extens\u00e3o &#8220;Caf\u00e9 com CPC&#8221;<\/a><\/h3><span class=\"av-vertical-delimiter\"><\/span><\/header><div class=\"slide-meta\"><time class='slide-meta-time updated'  itemprop=\"datePublished\" datetime=\"2025-04-10T15:00:03-03:00\" >10\/04\/2025<\/time><\/div><div class='slide-entry-excerpt entry-content'  itemprop=\"text\" >EDITAL\nEstar\u00e3o abertas, a partir do dia 11\/04\/2025 at\u00e9 o dia\u2026<\/div><\/div><footer class=\"entry-footer\"><\/footer><span class='hidden'>\n\t\t\t\t<span class='av-structured-data'  itemprop=\"image\" itemscope=\"itemscope\" itemtype=\"https:\/\/schema.org\/ImageObject\" >\n\t\t\t\t\t\t<span itemprop='url'>https:\/\/www.odonto.ufmg.br\/cenex\/wp-content\/uploads\/sites\/2\/2019\/09\/cenex_oportunidade_site.png<\/span>\n\t\t\t\t\t\t<span itemprop='height'>469<\/span>\n\t\t\t\t\t\t<span itemprop='width'>937<\/span>\n\t\t\t\t<\/span>\n\t\t\t\t<span class='av-structured-data'  itemprop=\"publisher\" itemtype=\"https:\/\/schema.org\/Organization\" itemscope=\"itemscope\" >\n\t\t\t\t\t\t<span itemprop='name'>cenex<\/span>\n\t\t\t\t\t\t<span itemprop='logo' itemscope itemtype='https:\/\/schema.org\/ImageObject'>\n\t\t\t\t\t\t\t<span itemprop='url'>http:\/\/www.odonto.ufmg.br\/cenex\/wp-content\/uploads\/sites\/2\/2025\/08\/logo-cenex.svg<\/span>\n\t\t\t\t\t\t<\/span>\n\t\t\t\t<\/span><span class='av-structured-data'  itemprop=\"author\" itemscope=\"itemscope\" itemtype=\"https:\/\/schema.org\/Person\" ><span itemprop='name'>cenex<\/span><\/span><span class='av-structured-data'  itemprop=\"datePublished\" datetime=\"2025-04-04T10:05:51-03:00\" >2025-04-10 15:00:03<\/span><span class='av-structured-data'  itemprop=\"dateModified\" itemtype=\"https:\/\/schema.org\/dateModified\" >2025-06-05 16:58:19<\/span><span class='av-structured-data'  itemprop=\"mainEntityOfPage\" itemtype=\"https:\/\/schema.org\/mainEntityOfPage\" ><span itemprop='name'>Sele\u00e7\u00e3o de volunt\u00e1rios para o Projeto de Extens\u00e3o &#8220;Caf\u00e9 com CPC&#8221;<\/span><\/span><\/span><\/article><article class='slide-entry flex_column  post-entry post-entry-16675 slide-entry-overview slide-loop-113 slide-parity-odd  av_one_fifth  real-thumbnail posttype-post post-format-standard'  itemscope=\"itemscope\" itemtype=\"https:\/\/schema.org\/CreativeWork\" ><a href='https:\/\/www.odonto.ufmg.br\/cenex\/editais_encerrados\/traumatismo_denticao_decidua-2-2\/' data-rel='slide-2' class='slide-image' title='Sele\u00e7\u00e3o de volunt\u00e1rios para o Projeto de Extens\u00e3o &#8220;Promo\u00e7\u00e3o de Sa\u00fade Bucal para Adolescentes&#8221;'><img decoding=\"async\" fetchpriority=\"high\" width=\"260\" height=\"185\" src=\"https:\/\/www.odonto.ufmg.br\/cenex\/wp-content\/uploads\/sites\/2\/2019\/09\/cenex_oportunidade_site-260x185.png\" class=\"wp-image-10032 avia-img-lazy-loading-not-10032 attachment-portfolio_small size-portfolio_small wp-post-image\" alt=\"\" \/><\/a><div class=\"slide-content\"><header class=\"entry-content-header\" aria-label=\"Slide: Sele\u00e7\u00e3o de volunt\u00e1rios para o Projeto de Extens\u00e3o &quot;Promo\u00e7\u00e3o de Sa\u00fade Bucal para Adolescentes&quot;\"><h3 class='slide-entry-title entry-title '  itemprop=\"headline\" ><a href='https:\/\/www.odonto.ufmg.br\/cenex\/editais_encerrados\/traumatismo_denticao_decidua-2-2\/' title='Sele\u00e7\u00e3o de volunt\u00e1rios para o Projeto de Extens\u00e3o &#8220;Promo\u00e7\u00e3o de Sa\u00fade Bucal para Adolescentes&#8221;'>Sele\u00e7\u00e3o de volunt\u00e1rios para o Projeto de Extens\u00e3o &#8220;Promo\u00e7\u00e3o de Sa\u00fade Bucal para Adolescentes&#8221;<\/a><\/h3><span class=\"av-vertical-delimiter\"><\/span><\/header><div class=\"slide-meta\"><time class='slide-meta-time updated'  itemprop=\"datePublished\" datetime=\"2025-04-04T15:33:37-03:00\" >04\/04\/2025<\/time><\/div><div class='slide-entry-excerpt entry-content'  itemprop=\"text\" >EDITAL\nEstar\u00e3o abertas, a partir do dia 03\/04\/2025 at\u00e9 o dia\u2026<\/div><\/div><footer class=\"entry-footer\"><\/footer><span class='hidden'>\n\t\t\t\t<span class='av-structured-data'  itemprop=\"image\" itemscope=\"itemscope\" itemtype=\"https:\/\/schema.org\/ImageObject\" >\n\t\t\t\t\t\t<span itemprop='url'>https:\/\/www.odonto.ufmg.br\/cenex\/wp-content\/uploads\/sites\/2\/2019\/09\/cenex_oportunidade_site.png<\/span>\n\t\t\t\t\t\t<span itemprop='height'>469<\/span>\n\t\t\t\t\t\t<span itemprop='width'>937<\/span>\n\t\t\t\t<\/span>\n\t\t\t\t<span class='av-structured-data'  itemprop=\"publisher\" itemtype=\"https:\/\/schema.org\/Organization\" itemscope=\"itemscope\" >\n\t\t\t\t\t\t<span itemprop='name'>cenex<\/span>\n\t\t\t\t\t\t<span itemprop='logo' itemscope itemtype='https:\/\/schema.org\/ImageObject'>\n\t\t\t\t\t\t\t<span itemprop='url'>http:\/\/www.odonto.ufmg.br\/cenex\/wp-content\/uploads\/sites\/2\/2025\/08\/logo-cenex.svg<\/span>\n\t\t\t\t\t\t<\/span>\n\t\t\t\t<\/span><span class='av-structured-data'  itemprop=\"author\" itemscope=\"itemscope\" itemtype=\"https:\/\/schema.org\/Person\" ><span itemprop='name'>cenex<\/span><\/span><span class='av-structured-data'  itemprop=\"datePublished\" datetime=\"2025-04-04T10:05:51-03:00\" >2025-04-04 15:33:37<\/span><span class='av-structured-data'  itemprop=\"dateModified\" itemtype=\"https:\/\/schema.org\/dateModified\" >2025-04-14 15:42:41<\/span><span class='av-structured-data'  itemprop=\"mainEntityOfPage\" itemtype=\"https:\/\/schema.org\/mainEntityOfPage\" ><span itemprop='name'>Sele\u00e7\u00e3o de volunt\u00e1rios para o Projeto de Extens\u00e3o &#8220;Promo\u00e7\u00e3o de Sa\u00fade Bucal para Adolescentes&#8221;<\/span><\/span><\/span><\/article><article class='slide-entry flex_column  post-entry post-entry-16676 slide-entry-overview slide-loop-114 slide-parity-even  av_one_fifth  real-thumbnail posttype-post post-format-standard'  itemscope=\"itemscope\" itemtype=\"https:\/\/schema.org\/CreativeWork\" ><a href='https:\/\/www.odonto.ufmg.br\/cenex\/editais_encerrados\/retificacao-alteracao-na-data-das-entrevistas-do-projeto-atendimento-odontologico-a-pacientes-com-traumatismos-dentarios-na-denticao-decidua-2019-2-2\/' data-rel='slide-2' class='slide-image' title='ERRATA &#8211; Sele\u00e7\u00e3o de Volunt\u00e1rios para o Projeto de Extens\u00e3o &#8220;Projeto Odontologia Hospitalar no Hospital Risoleta Tolentino Neves&#8221;'><img decoding=\"async\" fetchpriority=\"high\" width=\"260\" height=\"185\" src=\"https:\/\/www.odonto.ufmg.br\/cenex\/wp-content\/uploads\/sites\/2\/2019\/06\/Aviso-Cenex-1-260x185.jpg\" class=\"wp-image-9298 avia-img-lazy-loading-not-9298 attachment-portfolio_small size-portfolio_small wp-post-image\" alt=\"\" \/><\/a><div class=\"slide-content\"><header class=\"entry-content-header\" aria-label=\"Slide: ERRATA - Sele\u00e7\u00e3o de Volunt\u00e1rios para o Projeto de Extens\u00e3o &quot;Projeto Odontologia Hospitalar no Hospital Risoleta Tolentino Neves&quot;\"><h3 class='slide-entry-title entry-title '  itemprop=\"headline\" ><a href='https:\/\/www.odonto.ufmg.br\/cenex\/editais_encerrados\/retificacao-alteracao-na-data-das-entrevistas-do-projeto-atendimento-odontologico-a-pacientes-com-traumatismos-dentarios-na-denticao-decidua-2019-2-2\/' title='ERRATA &#8211; Sele\u00e7\u00e3o de Volunt\u00e1rios para o Projeto de Extens\u00e3o &#8220;Projeto Odontologia Hospitalar no Hospital Risoleta Tolentino Neves&#8221;'>ERRATA &#8211; Sele\u00e7\u00e3o de Volunt\u00e1rios para o Projeto de Extens\u00e3o &#8220;Projeto Odontologia Hospitalar no Hospital Risoleta Tolentino Neves&#8221;<\/a><\/h3><span class=\"av-vertical-delimiter\"><\/span><\/header><div class=\"slide-meta\"><time class='slide-meta-time updated'  itemprop=\"datePublished\" datetime=\"2025-04-04T15:30:13-03:00\" >04\/04\/2025<\/time><\/div><div class='slide-entry-excerpt entry-content'  itemprop=\"text\" >Corre\u00e7\u00e3o do hor\u00e1rio das atividades do projeto!\nHor\u00e1rio das\u2026<\/div><\/div><footer class=\"entry-footer\"><\/footer><span class='hidden'>\n\t\t\t\t<span class='av-structured-data'  itemprop=\"image\" itemscope=\"itemscope\" itemtype=\"https:\/\/schema.org\/ImageObject\" >\n\t\t\t\t\t\t<span itemprop='url'>https:\/\/www.odonto.ufmg.br\/cenex\/wp-content\/uploads\/sites\/2\/2019\/06\/Aviso-Cenex-1.jpg<\/span>\n\t\t\t\t\t\t<span itemprop='height'>469<\/span>\n\t\t\t\t\t\t<span itemprop='width'>937<\/span>\n\t\t\t\t<\/span>\n\t\t\t\t<span class='av-structured-data'  itemprop=\"publisher\" itemtype=\"https:\/\/schema.org\/Organization\" itemscope=\"itemscope\" >\n\t\t\t\t\t\t<span itemprop='name'>cenex<\/span>\n\t\t\t\t\t\t<span itemprop='logo' itemscope itemtype='https:\/\/schema.org\/ImageObject'>\n\t\t\t\t\t\t\t<span itemprop='url'>http:\/\/www.odonto.ufmg.br\/cenex\/wp-content\/uploads\/sites\/2\/2025\/08\/logo-cenex.svg<\/span>\n\t\t\t\t\t\t<\/span>\n\t\t\t\t<\/span><span class='av-structured-data'  itemprop=\"author\" itemscope=\"itemscope\" itemtype=\"https:\/\/schema.org\/Person\" ><span itemprop='name'>cenex<\/span><\/span><span class='av-structured-data'  itemprop=\"datePublished\" datetime=\"2025-04-04T10:05:51-03:00\" >2025-04-04 15:30:13<\/span><span class='av-structured-data'  itemprop=\"dateModified\" itemtype=\"https:\/\/schema.org\/dateModified\" >2025-04-12 13:44:59<\/span><span class='av-structured-data'  itemprop=\"mainEntityOfPage\" itemtype=\"https:\/\/schema.org\/mainEntityOfPage\" ><span itemprop='name'>ERRATA &#8211; Sele\u00e7\u00e3o de Volunt\u00e1rios para o Projeto de Extens\u00e3o &#8220;Projeto Odontologia Hospitalar no Hospital Risoleta Tolentino Neves&#8221;<\/span><\/span><\/span><\/article><article class='slide-entry flex_column  post-entry post-entry-16670 slide-entry-overview slide-loop-115 slide-parity-odd  post-entry-last  av_one_fifth  real-thumbnail posttype-post post-format-standard'  itemscope=\"itemscope\" itemtype=\"https:\/\/schema.org\/CreativeWork\" ><a href='https:\/\/www.odonto.ufmg.br\/cenex\/editais_encerrados\/traumatismo_denticao_decidua-2\/' data-rel='slide-2' class='slide-image' title='Sele\u00e7\u00e3o de volunt\u00e1rios para o Projeto de Extens\u00e3o &#8220;Projeto Odontologia Hospitalar no Hospital Risoleta Tolentino Neves&#8221;'><img decoding=\"async\" fetchpriority=\"high\" width=\"260\" height=\"185\" src=\"https:\/\/www.odonto.ufmg.br\/cenex\/wp-content\/uploads\/sites\/2\/2019\/09\/cenex_oportunidade_site-260x185.png\" class=\"wp-image-10032 avia-img-lazy-loading-not-10032 attachment-portfolio_small size-portfolio_small wp-post-image\" alt=\"\" \/><\/a><div class=\"slide-content\"><header class=\"entry-content-header\" aria-label=\"Slide: Sele\u00e7\u00e3o de volunt\u00e1rios para o Projeto de Extens\u00e3o &quot;Projeto Odontologia Hospitalar no Hospital Risoleta Tolentino Neves&quot;\"><h3 class='slide-entry-title entry-title '  itemprop=\"headline\" ><a href='https:\/\/www.odonto.ufmg.br\/cenex\/editais_encerrados\/traumatismo_denticao_decidua-2\/' title='Sele\u00e7\u00e3o de volunt\u00e1rios para o Projeto de Extens\u00e3o &#8220;Projeto Odontologia Hospitalar no Hospital Risoleta Tolentino Neves&#8221;'>Sele\u00e7\u00e3o de volunt\u00e1rios para o Projeto de Extens\u00e3o &#8220;Projeto Odontologia Hospitalar no Hospital Risoleta Tolentino Neves&#8221;<\/a><\/h3><span class=\"av-vertical-delimiter\"><\/span><\/header><div class=\"slide-meta\"><time class='slide-meta-time updated'  itemprop=\"datePublished\" datetime=\"2025-04-04T15:25:16-03:00\" >04\/04\/2025<\/time><\/div><div class='slide-entry-excerpt entry-content'  itemprop=\"text\" >EDITAL\nEstar\u00e3o abertas, a partir do dia 03\/04\/2025 at\u00e9 o dia\u2026<\/div><\/div><footer class=\"entry-footer\"><\/footer><span class='hidden'>\n\t\t\t\t<span class='av-structured-data'  itemprop=\"image\" itemscope=\"itemscope\" itemtype=\"https:\/\/schema.org\/ImageObject\" >\n\t\t\t\t\t\t<span itemprop='url'>https:\/\/www.odonto.ufmg.br\/cenex\/wp-content\/uploads\/sites\/2\/2019\/09\/cenex_oportunidade_site.png<\/span>\n\t\t\t\t\t\t<span itemprop='height'>469<\/span>\n\t\t\t\t\t\t<span itemprop='width'>937<\/span>\n\t\t\t\t<\/span>\n\t\t\t\t<span class='av-structured-data'  itemprop=\"publisher\" itemtype=\"https:\/\/schema.org\/Organization\" itemscope=\"itemscope\" >\n\t\t\t\t\t\t<span itemprop='name'>cenex<\/span>\n\t\t\t\t\t\t<span itemprop='logo' itemscope itemtype='https:\/\/schema.org\/ImageObject'>\n\t\t\t\t\t\t\t<span itemprop='url'>http:\/\/www.odonto.ufmg.br\/cenex\/wp-content\/uploads\/sites\/2\/2025\/08\/logo-cenex.svg<\/span>\n\t\t\t\t\t\t<\/span>\n\t\t\t\t<\/span><span class='av-structured-data'  itemprop=\"author\" itemscope=\"itemscope\" itemtype=\"https:\/\/schema.org\/Person\" ><span itemprop='name'>cenex<\/span><\/span><span class='av-structured-data'  itemprop=\"datePublished\" datetime=\"2025-04-04T10:05:51-03:00\" >2025-04-04 15:25:16<\/span><span class='av-structured-data'  itemprop=\"dateModified\" itemtype=\"https:\/\/schema.org\/dateModified\" >2025-04-12 13:44:54<\/span><span class='av-structured-data'  itemprop=\"mainEntityOfPage\" itemtype=\"https:\/\/schema.org\/mainEntityOfPage\" ><span itemprop='name'>Sele\u00e7\u00e3o de volunt\u00e1rios para o Projeto de Extens\u00e3o &#8220;Projeto Odontologia Hospitalar no Hospital Risoleta Tolentino Neves&#8221;<\/span><\/span><\/span><\/article><\/div><\/div><div class='avia-slideshow-arrows avia-slideshow-controls' ><a href='#prev' class='prev-slide  avia-svg-icon avia-font-svg_entypo-fontello' data-av_svg_icon='left-open-big' data-av_iconset='svg_entypo-fontello' tabindex='-1' title=\"Anterior\"><svg version=\"1.1\" xmlns=\"http:\/\/www.w3.org\/2000\/svg\" width=\"15\" height=\"32\" viewBox=\"0 0 15 32\" preserveAspectRatio=\"xMidYMid meet\" aria-labelledby='av-svg-title-117' aria-describedby='av-svg-desc-117' role=\"graphics-symbol\" aria-hidden=\"true\">\n<title id='av-svg-title-117'>Anterior<\/title>\n<desc id='av-svg-desc-117'>Anterior<\/desc>\n<path d=\"M14.464 27.84q0.832 0.832 0 1.536-0.832 0.832-1.536 0l-12.544-12.608q-0.768-0.768 0-1.6l12.544-12.608q0.704-0.832 1.536 0 0.832 0.704 0 1.536l-11.456 11.904z\"><\/path>\n<\/svg><span class='avia_hidden_link_text'>Anterior<\/span><\/a><a href='#next' class='next-slide  avia-svg-icon avia-font-svg_entypo-fontello' data-av_svg_icon='right-open-big' data-av_iconset='svg_entypo-fontello' tabindex='-1' title=\"Pr\u00f3ximo\"><svg version=\"1.1\" xmlns=\"http:\/\/www.w3.org\/2000\/svg\" width=\"15\" height=\"32\" viewBox=\"0 0 15 32\" preserveAspectRatio=\"xMidYMid meet\" aria-labelledby='av-svg-title-118' aria-describedby='av-svg-desc-118' role=\"graphics-symbol\" aria-hidden=\"true\">\n<title id='av-svg-title-118'>Pr\u00f3ximo<\/title>\n<desc id='av-svg-desc-118'>Pr\u00f3ximo<\/desc>\n<path d=\"M0.416 27.84l11.456-11.84-11.456-11.904q-0.832-0.832 0-1.536 0.832-0.832 1.536 0l12.544 12.608q0.768 0.832 0 1.6l-12.544 12.608q-0.704 0.832-1.536 0-0.832-0.704 0-1.536z\"><\/path>\n<\/svg><span class='avia_hidden_link_text'>Pr\u00f3ximo<\/span><\/a><\/div><\/div><br \/>\n\n<style type=\"text\/css\" data-created_by=\"avia_inline_auto\" id=\"style-css-av-mmcdthbu-87d0c2549446f5742dda47b6045b5982\">\n#top .av-special-heading.av-mmcdthbu-87d0c2549446f5742dda47b6045b5982{\npadding-bottom:10px;\ncolor:#0c4930;\n}\nbody .av-special-heading.av-mmcdthbu-87d0c2549446f5742dda47b6045b5982 .av-special-heading-tag .heading-char{\nfont-size:25px;\n}\n.av-special-heading.av-mmcdthbu-87d0c2549446f5742dda47b6045b5982 .special-heading-inner-border{\nborder-color:#0c4930;\n}\n.av-special-heading.av-mmcdthbu-87d0c2549446f5742dda47b6045b5982 .av-subheading{\nfont-size:15px;\n}\n<\/style>\n<div  class='av-special-heading av-mmcdthbu-87d0c2549446f5742dda47b6045b5982 av-special-heading-h2 custom-color-heading blockquote elegant-quote elegant-centered  avia-builder-el-5  el_after_av_postslider  el_before_av_postslider '><h2 class='av-special-heading-tag '  itemprop=\"headline\"  ><span class=\"heading-wrap\">Resultados das Sele\u00e7\u00f5es<\/span><\/h2><div class=\"special-heading-border\"><div class=\"special-heading-inner-border\"><\/div><\/div><\/div><br \/>\n<div  data-slideshow-options=\"{&quot;animation&quot;:&quot;fade&quot;,&quot;autoplay&quot;:false,&quot;loop_autoplay&quot;:&quot;once&quot;,&quot;interval&quot;:&quot;5&quot;,&quot;loop_manual&quot;:&quot;manual-endless&quot;,&quot;autoplay_stopper&quot;:false,&quot;noNavigation&quot;:false,&quot;show_slide_delay&quot;:90}\" class='avia-content-slider avia-content-slider-active avia-content-slider3 avia-content-slider-odd  avia-builder-el-6  el_after_av_heading  avia-builder-el-last  av-slideshow-ui av-control-default av-nav-arrows-visible  av-no-slider-navigation av-slideshow-manual av-loop-once av-loop-manual-endless '  itemscope=\"itemscope\" itemtype=\"https:\/\/schema.org\/Blog\" ><div class=\"avia-content-slider-inner\"><div class=\"slide-entry-wrap\"><article class='slide-entry flex_column  post-entry post-entry-18175 slide-entry-overview slide-loop-1 slide-parity-odd  av_one_fifth first real-thumbnail posttype-post post-format-standard'  itemscope=\"itemscope\" itemtype=\"https:\/\/schema.org\/CreativeWork\" ><a href='https:\/\/www.odonto.ufmg.br\/cenex\/ata\/resultado-da-selecao-de-voluntarios-para-o-projeto-de-extensao-atendimento-ortodontico-a-pacientes-com-traumatismos-dentarios\/' data-rel='slide-3' class='slide-image' title='Resultado da Sele\u00e7\u00e3o de Volunt\u00e1rios para o Projeto de Extens\u00e3o \u201cAtendimento ortod\u00f4ntico a pacientes com traumatismos dent\u00e1rios&#8221;.'><img decoding=\"async\" fetchpriority=\"high\" width=\"260\" height=\"185\" src=\"https:\/\/www.odonto.ufmg.br\/cenex\/wp-content\/uploads\/sites\/2\/2023\/03\/Captura-de-Tela-2023-04-21-a\u0300s-12.22.55-260x185.png\" class=\"wp-image-15506 avia-img-lazy-loading-not-15506 attachment-portfolio_small size-portfolio_small wp-post-image\" alt=\"\" \/><\/a><div class=\"slide-content\"><header class=\"entry-content-header\" aria-label=\"Slide: Resultado da Sele\u00e7\u00e3o de Volunt\u00e1rios para o Projeto de Extens\u00e3o \u201cAtendimento ortod\u00f4ntico a pacientes com traumatismos dent\u00e1rios&quot;.\"><h3 class='slide-entry-title entry-title '  itemprop=\"headline\" ><a href='https:\/\/www.odonto.ufmg.br\/cenex\/ata\/resultado-da-selecao-de-voluntarios-para-o-projeto-de-extensao-atendimento-ortodontico-a-pacientes-com-traumatismos-dentarios\/' title='Resultado da Sele\u00e7\u00e3o de Volunt\u00e1rios para o Projeto de Extens\u00e3o \u201cAtendimento ortod\u00f4ntico a pacientes com traumatismos dent\u00e1rios&#8221;.'>Resultado da Sele\u00e7\u00e3o de Volunt\u00e1rios para o Projeto de Extens\u00e3o \u201cAtendimento ortod\u00f4ntico a pacientes com traumatismos dent\u00e1rios&#8221;.<\/a><\/h3><span class=\"av-vertical-delimiter\"><\/span><\/header><div class=\"slide-meta\"><time class='slide-meta-time updated'  itemprop=\"datePublished\" datetime=\"2026-03-31T10:13:15-03:00\" >31\/03\/2026<\/time><\/div><div class='slide-entry-excerpt entry-content'  itemprop=\"text\" >\n\n\n\nRESULTADOS\nResultado da Sele\u00e7\u00e3o de Volunt\u00e1rios para o\u2026<\/div><\/div><footer class=\"entry-footer\"><\/footer><span class='hidden'>\n\t\t\t\t<span class='av-structured-data'  itemprop=\"image\" itemscope=\"itemscope\" itemtype=\"https:\/\/schema.org\/ImageObject\" >\n\t\t\t\t\t\t<span itemprop='url'>https:\/\/www.odonto.ufmg.br\/cenex\/wp-content\/uploads\/sites\/2\/2023\/03\/Captura-de-Tela-2023-04-21-a\u0300s-12.22.55.png<\/span>\n\t\t\t\t\t\t<span itemprop='height'>922<\/span>\n\t\t\t\t\t\t<span itemprop='width'>1866<\/span>\n\t\t\t\t<\/span>\n\t\t\t\t<span class='av-structured-data'  itemprop=\"publisher\" itemtype=\"https:\/\/schema.org\/Organization\" itemscope=\"itemscope\" >\n\t\t\t\t\t\t<span itemprop='name'>cenex<\/span>\n\t\t\t\t\t\t<span itemprop='logo' itemscope itemtype='https:\/\/schema.org\/ImageObject'>\n\t\t\t\t\t\t\t<span itemprop='url'>http:\/\/www.odonto.ufmg.br\/cenex\/wp-content\/uploads\/sites\/2\/2025\/08\/logo-cenex.svg<\/span>\n\t\t\t\t\t\t<\/span>\n\t\t\t\t<\/span><span class='av-structured-data'  itemprop=\"author\" itemscope=\"itemscope\" itemtype=\"https:\/\/schema.org\/Person\" ><span itemprop='name'>cenex<\/span><\/span><span class='av-structured-data'  itemprop=\"datePublished\" datetime=\"2025-04-04T10:05:51-03:00\" >2026-03-31 10:13:15<\/span><span class='av-structured-data'  itemprop=\"dateModified\" itemtype=\"https:\/\/schema.org\/dateModified\" >2026-03-31 10:13:16<\/span><span class='av-structured-data'  itemprop=\"mainEntityOfPage\" itemtype=\"https:\/\/schema.org\/mainEntityOfPage\" ><span itemprop='name'>Resultado da Sele\u00e7\u00e3o de Volunt\u00e1rios para o Projeto de Extens\u00e3o \u201cAtendimento ortod\u00f4ntico a pacientes com traumatismos dent\u00e1rios&#8221;.<\/span><\/span><\/span><\/article><article class='slide-entry flex_column  post-entry post-entry-18147 slide-entry-overview slide-loop-2 slide-parity-even  av_one_fifth  real-thumbnail posttype-post post-format-standard'  itemscope=\"itemscope\" itemtype=\"https:\/\/schema.org\/CreativeWork\" ><a href='https:\/\/www.odonto.ufmg.br\/cenex\/ata\/resultado-da-selecao-de-voluntarios-para-o-projeto-de-extensao-centro-de-memoria-ciencia-e-cultura-no-discurso-da-odontologia\/' data-rel='slide-3' class='slide-image' title='Resultado da Sele\u00e7\u00e3o de Volunt\u00e1rios para o Projeto de Extens\u00e3o \u201cCentro de Mem\u00f3ria: ci\u00eancia e cultura no discurso da Odontologia&#8221;.'><img decoding=\"async\" fetchpriority=\"high\" width=\"260\" height=\"185\" src=\"https:\/\/www.odonto.ufmg.br\/cenex\/wp-content\/uploads\/sites\/2\/2023\/03\/Captura-de-Tela-2023-04-21-a\u0300s-12.22.55-260x185.png\" class=\"wp-image-15506 avia-img-lazy-loading-not-15506 attachment-portfolio_small size-portfolio_small wp-post-image\" alt=\"\" \/><\/a><div class=\"slide-content\"><header class=\"entry-content-header\" aria-label=\"Slide: Resultado da Sele\u00e7\u00e3o de Volunt\u00e1rios para o Projeto de Extens\u00e3o \u201cCentro de Mem\u00f3ria: ci\u00eancia e cultura no discurso da Odontologia&quot;.\"><h3 class='slide-entry-title entry-title '  itemprop=\"headline\" ><a href='https:\/\/www.odonto.ufmg.br\/cenex\/ata\/resultado-da-selecao-de-voluntarios-para-o-projeto-de-extensao-centro-de-memoria-ciencia-e-cultura-no-discurso-da-odontologia\/' title='Resultado da Sele\u00e7\u00e3o de Volunt\u00e1rios para o Projeto de Extens\u00e3o \u201cCentro de Mem\u00f3ria: ci\u00eancia e cultura no discurso da Odontologia&#8221;.'>Resultado da Sele\u00e7\u00e3o de Volunt\u00e1rios para o Projeto de Extens\u00e3o \u201cCentro de Mem\u00f3ria: ci\u00eancia e cultura no discurso da Odontologia&#8221;.<\/a><\/h3><span class=\"av-vertical-delimiter\"><\/span><\/header><div class=\"slide-meta\"><time class='slide-meta-time updated'  itemprop=\"datePublished\" datetime=\"2026-03-25T14:40:44-03:00\" >25\/03\/2026<\/time><\/div><div class='slide-entry-excerpt entry-content'  itemprop=\"text\" >\n\n\n\nRESULTADOS\nResultado da Sele\u00e7\u00e3o de Volunt\u00e1rios para o\u2026<\/div><\/div><footer class=\"entry-footer\"><\/footer><span class='hidden'>\n\t\t\t\t<span class='av-structured-data'  itemprop=\"image\" itemscope=\"itemscope\" itemtype=\"https:\/\/schema.org\/ImageObject\" >\n\t\t\t\t\t\t<span itemprop='url'>https:\/\/www.odonto.ufmg.br\/cenex\/wp-content\/uploads\/sites\/2\/2023\/03\/Captura-de-Tela-2023-04-21-a\u0300s-12.22.55.png<\/span>\n\t\t\t\t\t\t<span itemprop='height'>922<\/span>\n\t\t\t\t\t\t<span itemprop='width'>1866<\/span>\n\t\t\t\t<\/span>\n\t\t\t\t<span class='av-structured-data'  itemprop=\"publisher\" itemtype=\"https:\/\/schema.org\/Organization\" itemscope=\"itemscope\" >\n\t\t\t\t\t\t<span itemprop='name'>cenex<\/span>\n\t\t\t\t\t\t<span itemprop='logo' itemscope itemtype='https:\/\/schema.org\/ImageObject'>\n\t\t\t\t\t\t\t<span itemprop='url'>http:\/\/www.odonto.ufmg.br\/cenex\/wp-content\/uploads\/sites\/2\/2025\/08\/logo-cenex.svg<\/span>\n\t\t\t\t\t\t<\/span>\n\t\t\t\t<\/span><span class='av-structured-data'  itemprop=\"author\" itemscope=\"itemscope\" itemtype=\"https:\/\/schema.org\/Person\" ><span itemprop='name'>cenex<\/span><\/span><span class='av-structured-data'  itemprop=\"datePublished\" datetime=\"2025-04-04T10:05:51-03:00\" >2026-03-25 14:40:44<\/span><span class='av-structured-data'  itemprop=\"dateModified\" itemtype=\"https:\/\/schema.org\/dateModified\" >2026-03-25 14:40:45<\/span><span class='av-structured-data'  itemprop=\"mainEntityOfPage\" itemtype=\"https:\/\/schema.org\/mainEntityOfPage\" ><span itemprop='name'>Resultado da Sele\u00e7\u00e3o de Volunt\u00e1rios para o Projeto de Extens\u00e3o \u201cCentro de Mem\u00f3ria: ci\u00eancia e cultura no discurso da Odontologia&#8221;.<\/span><\/span><\/span><\/article><article class='slide-entry flex_column  post-entry post-entry-18145 slide-entry-overview slide-loop-3 slide-parity-odd  av_one_fifth  real-thumbnail posttype-post post-format-standard'  itemscope=\"itemscope\" itemtype=\"https:\/\/schema.org\/CreativeWork\" ><a href='https:\/\/www.odonto.ufmg.br\/cenex\/ata\/resultado-da-selecao-de-voluntarios-para-o-projeto-de-extensao-dancar-sorrir-2\/' data-rel='slide-3' class='slide-image' title='Resultado da Sele\u00e7\u00e3o de Volunt\u00e1rios para o Projeto de Extens\u00e3o \u201cDAN\u00c7AR &amp; SORRIR&#8221;.'><img decoding=\"async\" fetchpriority=\"high\" width=\"260\" height=\"185\" src=\"https:\/\/www.odonto.ufmg.br\/cenex\/wp-content\/uploads\/sites\/2\/2023\/03\/Captura-de-Tela-2023-04-21-a\u0300s-12.22.55-260x185.png\" class=\"wp-image-15506 avia-img-lazy-loading-not-15506 attachment-portfolio_small size-portfolio_small wp-post-image\" alt=\"\" \/><\/a><div class=\"slide-content\"><header class=\"entry-content-header\" aria-label=\"Slide: Resultado da Sele\u00e7\u00e3o de Volunt\u00e1rios para o Projeto de Extens\u00e3o \u201cDAN\u00c7AR &amp; SORRIR&quot;.\"><h3 class='slide-entry-title entry-title '  itemprop=\"headline\" ><a href='https:\/\/www.odonto.ufmg.br\/cenex\/ata\/resultado-da-selecao-de-voluntarios-para-o-projeto-de-extensao-dancar-sorrir-2\/' title='Resultado da Sele\u00e7\u00e3o de Volunt\u00e1rios para o Projeto de Extens\u00e3o \u201cDAN\u00c7AR &amp; SORRIR&#8221;.'>Resultado da Sele\u00e7\u00e3o de Volunt\u00e1rios para o Projeto de Extens\u00e3o \u201cDAN\u00c7AR &amp; SORRIR&#8221;.<\/a><\/h3><span class=\"av-vertical-delimiter\"><\/span><\/header><div class=\"slide-meta\"><time class='slide-meta-time updated'  itemprop=\"datePublished\" datetime=\"2026-03-25T14:38:50-03:00\" >25\/03\/2026<\/time><\/div><div class='slide-entry-excerpt entry-content'  itemprop=\"text\" >\n\n\n\nRESULTADOS\nResultado da Sele\u00e7\u00e3o de Volunt\u00e1rios para o\u2026<\/div><\/div><footer class=\"entry-footer\"><\/footer><span class='hidden'>\n\t\t\t\t<span class='av-structured-data'  itemprop=\"image\" itemscope=\"itemscope\" itemtype=\"https:\/\/schema.org\/ImageObject\" >\n\t\t\t\t\t\t<span itemprop='url'>https:\/\/www.odonto.ufmg.br\/cenex\/wp-content\/uploads\/sites\/2\/2023\/03\/Captura-de-Tela-2023-04-21-a\u0300s-12.22.55.png<\/span>\n\t\t\t\t\t\t<span itemprop='height'>922<\/span>\n\t\t\t\t\t\t<span itemprop='width'>1866<\/span>\n\t\t\t\t<\/span>\n\t\t\t\t<span class='av-structured-data'  itemprop=\"publisher\" itemtype=\"https:\/\/schema.org\/Organization\" itemscope=\"itemscope\" >\n\t\t\t\t\t\t<span itemprop='name'>cenex<\/span>\n\t\t\t\t\t\t<span itemprop='logo' itemscope itemtype='https:\/\/schema.org\/ImageObject'>\n\t\t\t\t\t\t\t<span itemprop='url'>http:\/\/www.odonto.ufmg.br\/cenex\/wp-content\/uploads\/sites\/2\/2025\/08\/logo-cenex.svg<\/span>\n\t\t\t\t\t\t<\/span>\n\t\t\t\t<\/span><span class='av-structured-data'  itemprop=\"author\" itemscope=\"itemscope\" itemtype=\"https:\/\/schema.org\/Person\" ><span itemprop='name'>cenex<\/span><\/span><span class='av-structured-data'  itemprop=\"datePublished\" datetime=\"2025-04-04T10:05:51-03:00\" >2026-03-25 14:38:50<\/span><span class='av-structured-data'  itemprop=\"dateModified\" itemtype=\"https:\/\/schema.org\/dateModified\" >2026-03-25 14:38:57<\/span><span class='av-structured-data'  itemprop=\"mainEntityOfPage\" itemtype=\"https:\/\/schema.org\/mainEntityOfPage\" ><span itemprop='name'>Resultado da Sele\u00e7\u00e3o de Volunt\u00e1rios para o Projeto de Extens\u00e3o \u201cDAN\u00c7AR &amp; SORRIR&#8221;.<\/span><\/span><\/span><\/article><article class='slide-entry flex_column  post-entry post-entry-18142 slide-entry-overview slide-loop-4 slide-parity-even  av_one_fifth  real-thumbnail posttype-post post-format-standard'  itemscope=\"itemscope\" itemtype=\"https:\/\/schema.org\/CreativeWork\" ><a href='https:\/\/www.odonto.ufmg.br\/cenex\/ata\/resultado-da-selecao-de-voluntarios-para-o-projeto-de-extensao-transodonto-saude-bucal-tambem-e-direito\/' data-rel='slide-3' class='slide-image' title='Resultado da Sele\u00e7\u00e3o de Volunt\u00e1rios para o Projeto de Extens\u00e3o \u201cTransOdonto: sa\u00fade bucal tamb\u00e9m \u00e9 direito!&#8221;.'><img decoding=\"async\" fetchpriority=\"high\" width=\"260\" height=\"185\" src=\"https:\/\/www.odonto.ufmg.br\/cenex\/wp-content\/uploads\/sites\/2\/2023\/03\/Captura-de-Tela-2023-04-21-a\u0300s-12.22.55-260x185.png\" class=\"wp-image-15506 avia-img-lazy-loading-not-15506 attachment-portfolio_small size-portfolio_small wp-post-image\" alt=\"\" \/><\/a><div class=\"slide-content\"><header class=\"entry-content-header\" aria-label=\"Slide: Resultado da Sele\u00e7\u00e3o de Volunt\u00e1rios para o Projeto de Extens\u00e3o \u201cTransOdonto: sa\u00fade bucal tamb\u00e9m \u00e9 direito!&quot;.\"><h3 class='slide-entry-title entry-title '  itemprop=\"headline\" ><a href='https:\/\/www.odonto.ufmg.br\/cenex\/ata\/resultado-da-selecao-de-voluntarios-para-o-projeto-de-extensao-transodonto-saude-bucal-tambem-e-direito\/' title='Resultado da Sele\u00e7\u00e3o de Volunt\u00e1rios para o Projeto de Extens\u00e3o \u201cTransOdonto: sa\u00fade bucal tamb\u00e9m \u00e9 direito!&#8221;.'>Resultado da Sele\u00e7\u00e3o de Volunt\u00e1rios para o Projeto de Extens\u00e3o \u201cTransOdonto: sa\u00fade bucal tamb\u00e9m \u00e9 direito!&#8221;.<\/a><\/h3><span class=\"av-vertical-delimiter\"><\/span><\/header><div class=\"slide-meta\"><time class='slide-meta-time updated'  itemprop=\"datePublished\" datetime=\"2026-03-25T14:37:05-03:00\" >25\/03\/2026<\/time><\/div><div class='slide-entry-excerpt entry-content'  itemprop=\"text\" >\n\n\n\nRESULTADOS\nResultado da Sele\u00e7\u00e3o de Volunt\u00e1rios para o\u2026<\/div><\/div><footer class=\"entry-footer\"><\/footer><span class='hidden'>\n\t\t\t\t<span class='av-structured-data'  itemprop=\"image\" itemscope=\"itemscope\" itemtype=\"https:\/\/schema.org\/ImageObject\" >\n\t\t\t\t\t\t<span itemprop='url'>https:\/\/www.odonto.ufmg.br\/cenex\/wp-content\/uploads\/sites\/2\/2023\/03\/Captura-de-Tela-2023-04-21-a\u0300s-12.22.55.png<\/span>\n\t\t\t\t\t\t<span itemprop='height'>922<\/span>\n\t\t\t\t\t\t<span itemprop='width'>1866<\/span>\n\t\t\t\t<\/span>\n\t\t\t\t<span class='av-structured-data'  itemprop=\"publisher\" itemtype=\"https:\/\/schema.org\/Organization\" itemscope=\"itemscope\" >\n\t\t\t\t\t\t<span itemprop='name'>cenex<\/span>\n\t\t\t\t\t\t<span itemprop='logo' itemscope itemtype='https:\/\/schema.org\/ImageObject'>\n\t\t\t\t\t\t\t<span itemprop='url'>http:\/\/www.odonto.ufmg.br\/cenex\/wp-content\/uploads\/sites\/2\/2025\/08\/logo-cenex.svg<\/span>\n\t\t\t\t\t\t<\/span>\n\t\t\t\t<\/span><span class='av-structured-data'  itemprop=\"author\" itemscope=\"itemscope\" itemtype=\"https:\/\/schema.org\/Person\" ><span itemprop='name'>cenex<\/span><\/span><span class='av-structured-data'  itemprop=\"datePublished\" datetime=\"2025-04-04T10:05:51-03:00\" >2026-03-25 14:37:05<\/span><span class='av-structured-data'  itemprop=\"dateModified\" itemtype=\"https:\/\/schema.org\/dateModified\" >2026-03-25 14:37:18<\/span><span class='av-structured-data'  itemprop=\"mainEntityOfPage\" itemtype=\"https:\/\/schema.org\/mainEntityOfPage\" ><span itemprop='name'>Resultado da Sele\u00e7\u00e3o de Volunt\u00e1rios para o Projeto de Extens\u00e3o \u201cTransOdonto: sa\u00fade bucal tamb\u00e9m \u00e9 direito!&#8221;.<\/span><\/span><\/span><\/article><article class='slide-entry flex_column  post-entry post-entry-18135 slide-entry-overview slide-loop-5 slide-parity-odd  av_one_fifth  real-thumbnail posttype-post post-format-standard'  itemscope=\"itemscope\" itemtype=\"https:\/\/schema.org\/CreativeWork\" ><a href='https:\/\/www.odonto.ufmg.br\/cenex\/ata\/resultado-da-selecao-de-bolsistas-e-voluntarios-para-o-projeto-de-extensao-atendimento-odontologico-a-pessoa-com-deficiencia-de-desenvolvimento\/' data-rel='slide-3' class='slide-image' title='Resultado da Sele\u00e7\u00e3o de Bolsistas e Volunt\u00e1rios para o Projeto de Extens\u00e3o \u201cAtendimento Odontol\u00f3gico \u00e0 Pessoa com Defici\u00eancia de Desenvolvimento&#8221;.'><img decoding=\"async\" fetchpriority=\"high\" width=\"260\" height=\"185\" src=\"https:\/\/www.odonto.ufmg.br\/cenex\/wp-content\/uploads\/sites\/2\/2023\/03\/Captura-de-Tela-2023-04-21-a\u0300s-12.22.55-260x185.png\" class=\"wp-image-15506 avia-img-lazy-loading-not-15506 attachment-portfolio_small size-portfolio_small wp-post-image\" alt=\"\" \/><\/a><div class=\"slide-content\"><header class=\"entry-content-header\" aria-label=\"Slide: Resultado da Sele\u00e7\u00e3o de Bolsistas e Volunt\u00e1rios para o Projeto de Extens\u00e3o \u201cAtendimento Odontol\u00f3gico \u00e0 Pessoa com Defici\u00eancia de Desenvolvimento&quot;.\"><h3 class='slide-entry-title entry-title '  itemprop=\"headline\" ><a href='https:\/\/www.odonto.ufmg.br\/cenex\/ata\/resultado-da-selecao-de-bolsistas-e-voluntarios-para-o-projeto-de-extensao-atendimento-odontologico-a-pessoa-com-deficiencia-de-desenvolvimento\/' title='Resultado da Sele\u00e7\u00e3o de Bolsistas e Volunt\u00e1rios para o Projeto de Extens\u00e3o \u201cAtendimento Odontol\u00f3gico \u00e0 Pessoa com Defici\u00eancia de Desenvolvimento&#8221;.'>Resultado da Sele\u00e7\u00e3o de Bolsistas e Volunt\u00e1rios para o Projeto de Extens\u00e3o \u201cAtendimento Odontol\u00f3gico \u00e0 Pessoa com Defici\u00eancia de Desenvolvimento&#8221;.<\/a><\/h3><span class=\"av-vertical-delimiter\"><\/span><\/header><div class=\"slide-meta\"><time class='slide-meta-time updated'  itemprop=\"datePublished\" datetime=\"2026-03-25T14:32:18-03:00\" >25\/03\/2026<\/time><\/div><div class='slide-entry-excerpt entry-content'  itemprop=\"text\" >\n\n\n\nRESULTADOS\nResultado da Sele\u00e7\u00e3o de Volunt\u00e1rios para o\u2026<\/div><\/div><footer class=\"entry-footer\"><\/footer><span class='hidden'>\n\t\t\t\t<span class='av-structured-data'  itemprop=\"image\" itemscope=\"itemscope\" itemtype=\"https:\/\/schema.org\/ImageObject\" >\n\t\t\t\t\t\t<span itemprop='url'>https:\/\/www.odonto.ufmg.br\/cenex\/wp-content\/uploads\/sites\/2\/2023\/03\/Captura-de-Tela-2023-04-21-a\u0300s-12.22.55.png<\/span>\n\t\t\t\t\t\t<span itemprop='height'>922<\/span>\n\t\t\t\t\t\t<span itemprop='width'>1866<\/span>\n\t\t\t\t<\/span>\n\t\t\t\t<span class='av-structured-data'  itemprop=\"publisher\" itemtype=\"https:\/\/schema.org\/Organization\" itemscope=\"itemscope\" >\n\t\t\t\t\t\t<span itemprop='name'>cenex<\/span>\n\t\t\t\t\t\t<span itemprop='logo' itemscope itemtype='https:\/\/schema.org\/ImageObject'>\n\t\t\t\t\t\t\t<span itemprop='url'>http:\/\/www.odonto.ufmg.br\/cenex\/wp-content\/uploads\/sites\/2\/2025\/08\/logo-cenex.svg<\/span>\n\t\t\t\t\t\t<\/span>\n\t\t\t\t<\/span><span class='av-structured-data'  itemprop=\"author\" itemscope=\"itemscope\" itemtype=\"https:\/\/schema.org\/Person\" ><span itemprop='name'>cenex<\/span><\/span><span class='av-structured-data'  itemprop=\"datePublished\" datetime=\"2025-04-04T10:05:51-03:00\" >2026-03-25 14:32:18<\/span><span class='av-structured-data'  itemprop=\"dateModified\" itemtype=\"https:\/\/schema.org\/dateModified\" >2026-03-25 14:32:18<\/span><span class='av-structured-data'  itemprop=\"mainEntityOfPage\" itemtype=\"https:\/\/schema.org\/mainEntityOfPage\" ><span itemprop='name'>Resultado da Sele\u00e7\u00e3o de Bolsistas e Volunt\u00e1rios para o Projeto de Extens\u00e3o \u201cAtendimento Odontol\u00f3gico \u00e0 Pessoa com Defici\u00eancia de Desenvolvimento&#8221;.<\/span><\/span><\/span><\/article><\/div><div class=\"slide-entry-wrap\"><article class='slide-entry flex_column  post-entry post-entry-18132 slide-entry-overview slide-loop-6 slide-parity-odd  av_one_fifth first real-thumbnail posttype-post post-format-standard'  itemscope=\"itemscope\" itemtype=\"https:\/\/schema.org\/CreativeWork\" ><a href='https:\/\/www.odonto.ufmg.br\/cenex\/ata\/resultado-da-selecao-de-voluntarios-para-o-projeto-de-extensao-tratamento-ortodontico-do-paciente-respirador-bucal-2\/' data-rel='slide-3' class='slide-image' title='Resultado da Sele\u00e7\u00e3o de Volunt\u00e1rios para o Projeto de Extens\u00e3o \u201cTratamento ortod\u00f4ntico do paciente respirador bucal&#8221;.'><img decoding=\"async\" fetchpriority=\"high\" width=\"260\" height=\"185\" src=\"https:\/\/www.odonto.ufmg.br\/cenex\/wp-content\/uploads\/sites\/2\/2023\/03\/Captura-de-Tela-2023-04-21-a\u0300s-12.22.55-260x185.png\" class=\"wp-image-15506 avia-img-lazy-loading-not-15506 attachment-portfolio_small size-portfolio_small wp-post-image\" alt=\"\" \/><\/a><div class=\"slide-content\"><header class=\"entry-content-header\" aria-label=\"Slide: Resultado da Sele\u00e7\u00e3o de Volunt\u00e1rios para o Projeto de Extens\u00e3o \u201cTratamento ortod\u00f4ntico do paciente respirador bucal&quot;.\"><h3 class='slide-entry-title entry-title '  itemprop=\"headline\" ><a href='https:\/\/www.odonto.ufmg.br\/cenex\/ata\/resultado-da-selecao-de-voluntarios-para-o-projeto-de-extensao-tratamento-ortodontico-do-paciente-respirador-bucal-2\/' title='Resultado da Sele\u00e7\u00e3o de Volunt\u00e1rios para o Projeto de Extens\u00e3o \u201cTratamento ortod\u00f4ntico do paciente respirador bucal&#8221;.'>Resultado da Sele\u00e7\u00e3o de Volunt\u00e1rios para o Projeto de Extens\u00e3o \u201cTratamento ortod\u00f4ntico do paciente respirador bucal&#8221;.<\/a><\/h3><span class=\"av-vertical-delimiter\"><\/span><\/header><div class=\"slide-meta\"><time class='slide-meta-time updated'  itemprop=\"datePublished\" datetime=\"2026-03-25T14:30:19-03:00\" >25\/03\/2026<\/time><\/div><div class='slide-entry-excerpt entry-content'  itemprop=\"text\" >\n\n\n\nRESULTADOS\nResultado da Sele\u00e7\u00e3o de Volunt\u00e1rios para o\u2026<\/div><\/div><footer class=\"entry-footer\"><\/footer><span class='hidden'>\n\t\t\t\t<span class='av-structured-data'  itemprop=\"image\" itemscope=\"itemscope\" itemtype=\"https:\/\/schema.org\/ImageObject\" >\n\t\t\t\t\t\t<span itemprop='url'>https:\/\/www.odonto.ufmg.br\/cenex\/wp-content\/uploads\/sites\/2\/2023\/03\/Captura-de-Tela-2023-04-21-a\u0300s-12.22.55.png<\/span>\n\t\t\t\t\t\t<span itemprop='height'>922<\/span>\n\t\t\t\t\t\t<span itemprop='width'>1866<\/span>\n\t\t\t\t<\/span>\n\t\t\t\t<span class='av-structured-data'  itemprop=\"publisher\" itemtype=\"https:\/\/schema.org\/Organization\" itemscope=\"itemscope\" >\n\t\t\t\t\t\t<span itemprop='name'>cenex<\/span>\n\t\t\t\t\t\t<span itemprop='logo' itemscope itemtype='https:\/\/schema.org\/ImageObject'>\n\t\t\t\t\t\t\t<span itemprop='url'>http:\/\/www.odonto.ufmg.br\/cenex\/wp-content\/uploads\/sites\/2\/2025\/08\/logo-cenex.svg<\/span>\n\t\t\t\t\t\t<\/span>\n\t\t\t\t<\/span><span class='av-structured-data'  itemprop=\"author\" itemscope=\"itemscope\" itemtype=\"https:\/\/schema.org\/Person\" ><span itemprop='name'>cenex<\/span><\/span><span class='av-structured-data'  itemprop=\"datePublished\" datetime=\"2025-04-04T10:05:51-03:00\" >2026-03-25 14:30:19<\/span><span class='av-structured-data'  itemprop=\"dateModified\" itemtype=\"https:\/\/schema.org\/dateModified\" >2026-03-25 14:30:20<\/span><span class='av-structured-data'  itemprop=\"mainEntityOfPage\" itemtype=\"https:\/\/schema.org\/mainEntityOfPage\" ><span itemprop='name'>Resultado da Sele\u00e7\u00e3o de Volunt\u00e1rios para o Projeto de Extens\u00e3o \u201cTratamento ortod\u00f4ntico do paciente respirador bucal&#8221;.<\/span><\/span><\/span><\/article><article class='slide-entry flex_column  post-entry post-entry-18127 slide-entry-overview slide-loop-7 slide-parity-even  av_one_fifth  real-thumbnail posttype-post post-format-standard'  itemscope=\"itemscope\" itemtype=\"https:\/\/schema.org\/CreativeWork\" ><a href='https:\/\/www.odonto.ufmg.br\/cenex\/ata\/resultado-da-selecao-de-voluntarios-para-o-projeto-de-extensao-clinica-de-traumatismos-dentarios-2\/' data-rel='slide-3' class='slide-image' title='Resultado da Sele\u00e7\u00e3o de Volunt\u00e1rios para o Projeto de Extens\u00e3o \u201cCLINICA DE TRAUMATISMOS DENT\u00c1RIOS&#8221;.'><img decoding=\"async\" fetchpriority=\"high\" width=\"260\" height=\"185\" src=\"https:\/\/www.odonto.ufmg.br\/cenex\/wp-content\/uploads\/sites\/2\/2023\/03\/Captura-de-Tela-2023-04-21-a\u0300s-12.22.55-260x185.png\" class=\"wp-image-15506 avia-img-lazy-loading-not-15506 attachment-portfolio_small size-portfolio_small wp-post-image\" alt=\"\" \/><\/a><div class=\"slide-content\"><header class=\"entry-content-header\" aria-label=\"Slide: Resultado da Sele\u00e7\u00e3o de Volunt\u00e1rios para o Projeto de Extens\u00e3o \u201cCLINICA DE TRAUMATISMOS DENT\u00c1RIOS&quot;.\"><h3 class='slide-entry-title entry-title '  itemprop=\"headline\" ><a href='https:\/\/www.odonto.ufmg.br\/cenex\/ata\/resultado-da-selecao-de-voluntarios-para-o-projeto-de-extensao-clinica-de-traumatismos-dentarios-2\/' title='Resultado da Sele\u00e7\u00e3o de Volunt\u00e1rios para o Projeto de Extens\u00e3o \u201cCLINICA DE TRAUMATISMOS DENT\u00c1RIOS&#8221;.'>Resultado da Sele\u00e7\u00e3o de Volunt\u00e1rios para o Projeto de Extens\u00e3o \u201cCLINICA DE TRAUMATISMOS DENT\u00c1RIOS&#8221;.<\/a><\/h3><span class=\"av-vertical-delimiter\"><\/span><\/header><div class=\"slide-meta\"><time class='slide-meta-time updated'  itemprop=\"datePublished\" datetime=\"2026-03-25T14:24:39-03:00\" >25\/03\/2026<\/time><\/div><div class='slide-entry-excerpt entry-content'  itemprop=\"text\" >\n\n\n\nRESULTADOS\nResultado da Sele\u00e7\u00e3o de Volunt\u00e1rios para o\u2026<\/div><\/div><footer class=\"entry-footer\"><\/footer><span class='hidden'>\n\t\t\t\t<span class='av-structured-data'  itemprop=\"image\" itemscope=\"itemscope\" itemtype=\"https:\/\/schema.org\/ImageObject\" >\n\t\t\t\t\t\t<span itemprop='url'>https:\/\/www.odonto.ufmg.br\/cenex\/wp-content\/uploads\/sites\/2\/2023\/03\/Captura-de-Tela-2023-04-21-a\u0300s-12.22.55.png<\/span>\n\t\t\t\t\t\t<span itemprop='height'>922<\/span>\n\t\t\t\t\t\t<span itemprop='width'>1866<\/span>\n\t\t\t\t<\/span>\n\t\t\t\t<span class='av-structured-data'  itemprop=\"publisher\" itemtype=\"https:\/\/schema.org\/Organization\" itemscope=\"itemscope\" >\n\t\t\t\t\t\t<span itemprop='name'>cenex<\/span>\n\t\t\t\t\t\t<span itemprop='logo' itemscope itemtype='https:\/\/schema.org\/ImageObject'>\n\t\t\t\t\t\t\t<span itemprop='url'>http:\/\/www.odonto.ufmg.br\/cenex\/wp-content\/uploads\/sites\/2\/2025\/08\/logo-cenex.svg<\/span>\n\t\t\t\t\t\t<\/span>\n\t\t\t\t<\/span><span class='av-structured-data'  itemprop=\"author\" itemscope=\"itemscope\" itemtype=\"https:\/\/schema.org\/Person\" ><span itemprop='name'>cenex<\/span><\/span><span class='av-structured-data'  itemprop=\"datePublished\" datetime=\"2025-04-04T10:05:51-03:00\" >2026-03-25 14:24:39<\/span><span class='av-structured-data'  itemprop=\"dateModified\" itemtype=\"https:\/\/schema.org\/dateModified\" >2026-03-25 14:24:59<\/span><span class='av-structured-data'  itemprop=\"mainEntityOfPage\" itemtype=\"https:\/\/schema.org\/mainEntityOfPage\" ><span itemprop='name'>Resultado da Sele\u00e7\u00e3o de Volunt\u00e1rios para o Projeto de Extens\u00e3o \u201cCLINICA DE TRAUMATISMOS DENT\u00c1RIOS&#8221;.<\/span><\/span><\/span><\/article><article class='slide-entry flex_column  post-entry post-entry-18124 slide-entry-overview slide-loop-8 slide-parity-odd  av_one_fifth  real-thumbnail posttype-post post-format-standard'  itemscope=\"itemscope\" itemtype=\"https:\/\/schema.org\/CreativeWork\" ><a href='https:\/\/www.odonto.ufmg.br\/cenex\/ata\/resultado-da-selecao-de-voluntarios-para-o-projeto-de-extensao-assistencia-em-imaginologia-e-radiologia-bucomaxilofacial-na-faculdade-de-odontologia-da-universidade-federal-de-minas-gerais-3\/' data-rel='slide-3' class='slide-image' title='Resultado da Sele\u00e7\u00e3o de Volunt\u00e1rios para o Projeto de Extens\u00e3o \u201cAssist\u00eancia em Imaginologia e Radiologia Bucomaxilofacial na Faculdade de Odontologia da Universidade Federal de Minas Gerais&#8221;.'><img decoding=\"async\" fetchpriority=\"high\" width=\"260\" height=\"185\" src=\"https:\/\/www.odonto.ufmg.br\/cenex\/wp-content\/uploads\/sites\/2\/2023\/03\/Captura-de-Tela-2023-04-21-a\u0300s-12.22.55-260x185.png\" class=\"wp-image-15506 avia-img-lazy-loading-not-15506 attachment-portfolio_small size-portfolio_small wp-post-image\" alt=\"\" \/><\/a><div class=\"slide-content\"><header class=\"entry-content-header\" aria-label=\"Slide: Resultado da Sele\u00e7\u00e3o de Volunt\u00e1rios para o Projeto de Extens\u00e3o \u201cAssist\u00eancia em Imaginologia e Radiologia Bucomaxilofacial na Faculdade de Odontologia da Universidade Federal de Minas Gerais&quot;.\"><h3 class='slide-entry-title entry-title '  itemprop=\"headline\" ><a href='https:\/\/www.odonto.ufmg.br\/cenex\/ata\/resultado-da-selecao-de-voluntarios-para-o-projeto-de-extensao-assistencia-em-imaginologia-e-radiologia-bucomaxilofacial-na-faculdade-de-odontologia-da-universidade-federal-de-minas-gerais-3\/' title='Resultado da Sele\u00e7\u00e3o de Volunt\u00e1rios para o Projeto de Extens\u00e3o \u201cAssist\u00eancia em Imaginologia e Radiologia Bucomaxilofacial na Faculdade de Odontologia da Universidade Federal de Minas Gerais&#8221;.'>Resultado da Sele\u00e7\u00e3o de Volunt\u00e1rios para o Projeto de Extens\u00e3o \u201cAssist\u00eancia em Imaginologia e Radiologia Bucomaxilofacial na Faculdade de Odontologia da Universidade Federal de Minas Gerais&#8221;.<\/a><\/h3><span class=\"av-vertical-delimiter\"><\/span><\/header><div class=\"slide-meta\"><time class='slide-meta-time updated'  itemprop=\"datePublished\" datetime=\"2026-03-25T14:22:12-03:00\" >25\/03\/2026<\/time><\/div><div class='slide-entry-excerpt entry-content'  itemprop=\"text\" >\n\n\n\nRESULTADOS\nResultado da Sele\u00e7\u00e3o de Volunt\u00e1rios para o\u2026<\/div><\/div><footer class=\"entry-footer\"><\/footer><span class='hidden'>\n\t\t\t\t<span class='av-structured-data'  itemprop=\"image\" itemscope=\"itemscope\" itemtype=\"https:\/\/schema.org\/ImageObject\" >\n\t\t\t\t\t\t<span itemprop='url'>https:\/\/www.odonto.ufmg.br\/cenex\/wp-content\/uploads\/sites\/2\/2023\/03\/Captura-de-Tela-2023-04-21-a\u0300s-12.22.55.png<\/span>\n\t\t\t\t\t\t<span itemprop='height'>922<\/span>\n\t\t\t\t\t\t<span itemprop='width'>1866<\/span>\n\t\t\t\t<\/span>\n\t\t\t\t<span class='av-structured-data'  itemprop=\"publisher\" itemtype=\"https:\/\/schema.org\/Organization\" itemscope=\"itemscope\" >\n\t\t\t\t\t\t<span itemprop='name'>cenex<\/span>\n\t\t\t\t\t\t<span itemprop='logo' itemscope itemtype='https:\/\/schema.org\/ImageObject'>\n\t\t\t\t\t\t\t<span itemprop='url'>http:\/\/www.odonto.ufmg.br\/cenex\/wp-content\/uploads\/sites\/2\/2025\/08\/logo-cenex.svg<\/span>\n\t\t\t\t\t\t<\/span>\n\t\t\t\t<\/span><span class='av-structured-data'  itemprop=\"author\" itemscope=\"itemscope\" itemtype=\"https:\/\/schema.org\/Person\" ><span itemprop='name'>cenex<\/span><\/span><span class='av-structured-data'  itemprop=\"datePublished\" datetime=\"2025-04-04T10:05:51-03:00\" >2026-03-25 14:22:12<\/span><span class='av-structured-data'  itemprop=\"dateModified\" itemtype=\"https:\/\/schema.org\/dateModified\" >2026-03-25 14:22:49<\/span><span class='av-structured-data'  itemprop=\"mainEntityOfPage\" itemtype=\"https:\/\/schema.org\/mainEntityOfPage\" ><span itemprop='name'>Resultado da Sele\u00e7\u00e3o de Volunt\u00e1rios para o Projeto de Extens\u00e3o \u201cAssist\u00eancia em Imaginologia e Radiologia Bucomaxilofacial na Faculdade de Odontologia da Universidade Federal de Minas Gerais&#8221;.<\/span><\/span><\/span><\/article><article class='slide-entry flex_column  post-entry post-entry-18121 slide-entry-overview slide-loop-9 slide-parity-even  av_one_fifth  real-thumbnail posttype-post post-format-standard'  itemscope=\"itemscope\" itemtype=\"https:\/\/schema.org\/CreativeWork\" ><a href='https:\/\/www.odonto.ufmg.br\/cenex\/ata\/resultado-da-selecao-de-voluntarios-para-o-projeto-de-extensao-programa-de-atencao-odontologica-a-pacientes-com-fissura-labiopalatina\/' data-rel='slide-3' class='slide-image' title='Resultado da Sele\u00e7\u00e3o de Volunt\u00e1rios para o Projeto de Extens\u00e3o \u201cPrograma de Aten\u00e7\u00e3o Odontol\u00f3gica \u00e0 Pacientes com Fissura Labiopalatina&#8221;.'><img decoding=\"async\" fetchpriority=\"high\" width=\"260\" height=\"185\" src=\"https:\/\/www.odonto.ufmg.br\/cenex\/wp-content\/uploads\/sites\/2\/2023\/03\/Captura-de-Tela-2023-04-21-a\u0300s-12.22.55-260x185.png\" class=\"wp-image-15506 avia-img-lazy-loading-not-15506 attachment-portfolio_small size-portfolio_small wp-post-image\" alt=\"\" \/><\/a><div class=\"slide-content\"><header class=\"entry-content-header\" aria-label=\"Slide: Resultado da Sele\u00e7\u00e3o de Volunt\u00e1rios para o Projeto de Extens\u00e3o \u201cPrograma de Aten\u00e7\u00e3o Odontol\u00f3gica \u00e0 Pacientes com Fissura Labiopalatina&quot;.\"><h3 class='slide-entry-title entry-title '  itemprop=\"headline\" ><a href='https:\/\/www.odonto.ufmg.br\/cenex\/ata\/resultado-da-selecao-de-voluntarios-para-o-projeto-de-extensao-programa-de-atencao-odontologica-a-pacientes-com-fissura-labiopalatina\/' title='Resultado da Sele\u00e7\u00e3o de Volunt\u00e1rios para o Projeto de Extens\u00e3o \u201cPrograma de Aten\u00e7\u00e3o Odontol\u00f3gica \u00e0 Pacientes com Fissura Labiopalatina&#8221;.'>Resultado da Sele\u00e7\u00e3o de Volunt\u00e1rios para o Projeto de Extens\u00e3o \u201cPrograma de Aten\u00e7\u00e3o Odontol\u00f3gica \u00e0 Pacientes com Fissura Labiopalatina&#8221;.<\/a><\/h3><span class=\"av-vertical-delimiter\"><\/span><\/header><div class=\"slide-meta\"><time class='slide-meta-time updated'  itemprop=\"datePublished\" datetime=\"2026-03-25T14:19:47-03:00\" >25\/03\/2026<\/time><\/div><div class='slide-entry-excerpt entry-content'  itemprop=\"text\" >\n\n\n\nRESULTADOS\nResultado da Sele\u00e7\u00e3o de Volunt\u00e1rios para o\u2026<\/div><\/div><footer class=\"entry-footer\"><\/footer><span class='hidden'>\n\t\t\t\t<span class='av-structured-data'  itemprop=\"image\" itemscope=\"itemscope\" itemtype=\"https:\/\/schema.org\/ImageObject\" >\n\t\t\t\t\t\t<span itemprop='url'>https:\/\/www.odonto.ufmg.br\/cenex\/wp-content\/uploads\/sites\/2\/2023\/03\/Captura-de-Tela-2023-04-21-a\u0300s-12.22.55.png<\/span>\n\t\t\t\t\t\t<span itemprop='height'>922<\/span>\n\t\t\t\t\t\t<span itemprop='width'>1866<\/span>\n\t\t\t\t<\/span>\n\t\t\t\t<span class='av-structured-data'  itemprop=\"publisher\" itemtype=\"https:\/\/schema.org\/Organization\" itemscope=\"itemscope\" >\n\t\t\t\t\t\t<span itemprop='name'>cenex<\/span>\n\t\t\t\t\t\t<span itemprop='logo' itemscope itemtype='https:\/\/schema.org\/ImageObject'>\n\t\t\t\t\t\t\t<span itemprop='url'>http:\/\/www.odonto.ufmg.br\/cenex\/wp-content\/uploads\/sites\/2\/2025\/08\/logo-cenex.svg<\/span>\n\t\t\t\t\t\t<\/span>\n\t\t\t\t<\/span><span class='av-structured-data'  itemprop=\"author\" itemscope=\"itemscope\" itemtype=\"https:\/\/schema.org\/Person\" ><span itemprop='name'>cenex<\/span><\/span><span class='av-structured-data'  itemprop=\"datePublished\" datetime=\"2025-04-04T10:05:51-03:00\" >2026-03-25 14:19:47<\/span><span class='av-structured-data'  itemprop=\"dateModified\" itemtype=\"https:\/\/schema.org\/dateModified\" >2026-03-25 14:19:48<\/span><span class='av-structured-data'  itemprop=\"mainEntityOfPage\" itemtype=\"https:\/\/schema.org\/mainEntityOfPage\" ><span itemprop='name'>Resultado da Sele\u00e7\u00e3o de Volunt\u00e1rios para o Projeto de Extens\u00e3o \u201cPrograma de Aten\u00e7\u00e3o Odontol\u00f3gica \u00e0 Pacientes com Fissura Labiopalatina&#8221;.<\/span><\/span><\/span><\/article><article class='slide-entry flex_column  post-entry post-entry-18118 slide-entry-overview slide-loop-10 slide-parity-odd  av_one_fifth  real-thumbnail posttype-post post-format-standard'  itemscope=\"itemscope\" itemtype=\"https:\/\/schema.org\/CreativeWork\" ><a href='https:\/\/www.odonto.ufmg.br\/cenex\/ata\/resultado-da-selecao-de-voluntarios-para-o-projeto-de-extensao-clinica-de-diagnostico-por-imagem-para-pacientes-com-lesoes-traumaticas-dento-alveolares-2\/' data-rel='slide-3' class='slide-image' title='Resultado da Sele\u00e7\u00e3o de Volunt\u00e1rios para o Projeto de Extens\u00e3o \u201cCl\u00ednica de Diagn\u00f3stico por Imagem para Pacientes com Les\u00f5es Traum\u00e1ticas Dento-alveolares&#8221;.'><img decoding=\"async\" fetchpriority=\"high\" width=\"260\" height=\"185\" src=\"https:\/\/www.odonto.ufmg.br\/cenex\/wp-content\/uploads\/sites\/2\/2023\/03\/Captura-de-Tela-2023-04-21-a\u0300s-12.22.55-260x185.png\" class=\"wp-image-15506 avia-img-lazy-loading-not-15506 attachment-portfolio_small size-portfolio_small wp-post-image\" alt=\"\" \/><\/a><div class=\"slide-content\"><header class=\"entry-content-header\" aria-label=\"Slide: Resultado da Sele\u00e7\u00e3o de Volunt\u00e1rios para o Projeto de Extens\u00e3o \u201cCl\u00ednica de Diagn\u00f3stico por Imagem para Pacientes com Les\u00f5es Traum\u00e1ticas Dento-alveolares&quot;.\"><h3 class='slide-entry-title entry-title '  itemprop=\"headline\" ><a href='https:\/\/www.odonto.ufmg.br\/cenex\/ata\/resultado-da-selecao-de-voluntarios-para-o-projeto-de-extensao-clinica-de-diagnostico-por-imagem-para-pacientes-com-lesoes-traumaticas-dento-alveolares-2\/' title='Resultado da Sele\u00e7\u00e3o de Volunt\u00e1rios para o Projeto de Extens\u00e3o \u201cCl\u00ednica de Diagn\u00f3stico por Imagem para Pacientes com Les\u00f5es Traum\u00e1ticas Dento-alveolares&#8221;.'>Resultado da Sele\u00e7\u00e3o de Volunt\u00e1rios para o Projeto de Extens\u00e3o \u201cCl\u00ednica de Diagn\u00f3stico por Imagem para Pacientes com Les\u00f5es Traum\u00e1ticas Dento-alveolares&#8221;.<\/a><\/h3><span class=\"av-vertical-delimiter\"><\/span><\/header><div class=\"slide-meta\"><time class='slide-meta-time updated'  itemprop=\"datePublished\" datetime=\"2026-03-25T14:17:23-03:00\" >25\/03\/2026<\/time><\/div><div class='slide-entry-excerpt entry-content'  itemprop=\"text\" >\n\n\n\nRESULTADOS\nResultado da Sele\u00e7\u00e3o de Volunt\u00e1rios para o\u2026<\/div><\/div><footer class=\"entry-footer\"><\/footer><span class='hidden'>\n\t\t\t\t<span class='av-structured-data'  itemprop=\"image\" itemscope=\"itemscope\" itemtype=\"https:\/\/schema.org\/ImageObject\" >\n\t\t\t\t\t\t<span itemprop='url'>https:\/\/www.odonto.ufmg.br\/cenex\/wp-content\/uploads\/sites\/2\/2023\/03\/Captura-de-Tela-2023-04-21-a\u0300s-12.22.55.png<\/span>\n\t\t\t\t\t\t<span itemprop='height'>922<\/span>\n\t\t\t\t\t\t<span itemprop='width'>1866<\/span>\n\t\t\t\t<\/span>\n\t\t\t\t<span class='av-structured-data'  itemprop=\"publisher\" itemtype=\"https:\/\/schema.org\/Organization\" itemscope=\"itemscope\" >\n\t\t\t\t\t\t<span itemprop='name'>cenex<\/span>\n\t\t\t\t\t\t<span itemprop='logo' itemscope itemtype='https:\/\/schema.org\/ImageObject'>\n\t\t\t\t\t\t\t<span itemprop='url'>http:\/\/www.odonto.ufmg.br\/cenex\/wp-content\/uploads\/sites\/2\/2025\/08\/logo-cenex.svg<\/span>\n\t\t\t\t\t\t<\/span>\n\t\t\t\t<\/span><span class='av-structured-data'  itemprop=\"author\" itemscope=\"itemscope\" itemtype=\"https:\/\/schema.org\/Person\" ><span itemprop='name'>cenex<\/span><\/span><span class='av-structured-data'  itemprop=\"datePublished\" datetime=\"2025-04-04T10:05:51-03:00\" >2026-03-25 14:17:23<\/span><span class='av-structured-data'  itemprop=\"dateModified\" itemtype=\"https:\/\/schema.org\/dateModified\" >2026-03-25 14:17:24<\/span><span class='av-structured-data'  itemprop=\"mainEntityOfPage\" itemtype=\"https:\/\/schema.org\/mainEntityOfPage\" ><span itemprop='name'>Resultado da Sele\u00e7\u00e3o de Volunt\u00e1rios para o Projeto de Extens\u00e3o \u201cCl\u00ednica de Diagn\u00f3stico por Imagem para Pacientes com Les\u00f5es Traum\u00e1ticas Dento-alveolares&#8221;.<\/span><\/span><\/span><\/article><\/div><div class=\"slide-entry-wrap\"><article class='slide-entry flex_column  post-entry post-entry-18115 slide-entry-overview slide-loop-11 slide-parity-odd  av_one_fifth first real-thumbnail posttype-post post-format-standard'  itemscope=\"itemscope\" itemtype=\"https:\/\/schema.org\/CreativeWork\" ><a href='https:\/\/www.odonto.ufmg.br\/cenex\/ata\/resultado-da-selecao-de-voluntarios-para-o-projeto-de-extensao-praticas-integrativas-e-complementares-em-saude-acupuntura-na-odontologia-2\/' data-rel='slide-3' class='slide-image' title='Resultado da Sele\u00e7\u00e3o de Volunt\u00e1rios para o Projeto de Extens\u00e3o \u201cPR\u00c1TICAS INTEGRATIVAS E COMPLEMENTARES EM SA\u00daDE: ACUPUNTURA NA ODONTOLOGIA&#8221;.'><img decoding=\"async\" fetchpriority=\"high\" width=\"260\" height=\"185\" src=\"https:\/\/www.odonto.ufmg.br\/cenex\/wp-content\/uploads\/sites\/2\/2023\/03\/Captura-de-Tela-2023-04-21-a\u0300s-12.22.55-260x185.png\" class=\"wp-image-15506 avia-img-lazy-loading-not-15506 attachment-portfolio_small size-portfolio_small wp-post-image\" alt=\"\" \/><\/a><div class=\"slide-content\"><header class=\"entry-content-header\" aria-label=\"Slide: Resultado da Sele\u00e7\u00e3o de Volunt\u00e1rios para o Projeto de Extens\u00e3o \u201cPR\u00c1TICAS INTEGRATIVAS E COMPLEMENTARES EM SA\u00daDE: ACUPUNTURA NA ODONTOLOGIA&quot;.\"><h3 class='slide-entry-title entry-title '  itemprop=\"headline\" ><a href='https:\/\/www.odonto.ufmg.br\/cenex\/ata\/resultado-da-selecao-de-voluntarios-para-o-projeto-de-extensao-praticas-integrativas-e-complementares-em-saude-acupuntura-na-odontologia-2\/' title='Resultado da Sele\u00e7\u00e3o de Volunt\u00e1rios para o Projeto de Extens\u00e3o \u201cPR\u00c1TICAS INTEGRATIVAS E COMPLEMENTARES EM SA\u00daDE: ACUPUNTURA NA ODONTOLOGIA&#8221;.'>Resultado da Sele\u00e7\u00e3o de Volunt\u00e1rios para o Projeto de Extens\u00e3o \u201cPR\u00c1TICAS INTEGRATIVAS E COMPLEMENTARES EM SA\u00daDE: ACUPUNTURA NA ODONTOLOGIA&#8221;.<\/a><\/h3><span class=\"av-vertical-delimiter\"><\/span><\/header><div class=\"slide-meta\"><time class='slide-meta-time updated'  itemprop=\"datePublished\" datetime=\"2026-03-25T14:15:20-03:00\" >25\/03\/2026<\/time><\/div><div class='slide-entry-excerpt entry-content'  itemprop=\"text\" >\n\n\n\nRESULTADOS\nResultado da Sele\u00e7\u00e3o de Volunt\u00e1rios para o\u2026<\/div><\/div><footer class=\"entry-footer\"><\/footer><span class='hidden'>\n\t\t\t\t<span class='av-structured-data'  itemprop=\"image\" itemscope=\"itemscope\" itemtype=\"https:\/\/schema.org\/ImageObject\" >\n\t\t\t\t\t\t<span itemprop='url'>https:\/\/www.odonto.ufmg.br\/cenex\/wp-content\/uploads\/sites\/2\/2023\/03\/Captura-de-Tela-2023-04-21-a\u0300s-12.22.55.png<\/span>\n\t\t\t\t\t\t<span itemprop='height'>922<\/span>\n\t\t\t\t\t\t<span itemprop='width'>1866<\/span>\n\t\t\t\t<\/span>\n\t\t\t\t<span class='av-structured-data'  itemprop=\"publisher\" itemtype=\"https:\/\/schema.org\/Organization\" itemscope=\"itemscope\" >\n\t\t\t\t\t\t<span itemprop='name'>cenex<\/span>\n\t\t\t\t\t\t<span itemprop='logo' itemscope itemtype='https:\/\/schema.org\/ImageObject'>\n\t\t\t\t\t\t\t<span itemprop='url'>http:\/\/www.odonto.ufmg.br\/cenex\/wp-content\/uploads\/sites\/2\/2025\/08\/logo-cenex.svg<\/span>\n\t\t\t\t\t\t<\/span>\n\t\t\t\t<\/span><span class='av-structured-data'  itemprop=\"author\" itemscope=\"itemscope\" itemtype=\"https:\/\/schema.org\/Person\" ><span itemprop='name'>cenex<\/span><\/span><span class='av-structured-data'  itemprop=\"datePublished\" datetime=\"2025-04-04T10:05:51-03:00\" >2026-03-25 14:15:20<\/span><span class='av-structured-data'  itemprop=\"dateModified\" itemtype=\"https:\/\/schema.org\/dateModified\" >2026-03-25 14:15:21<\/span><span class='av-structured-data'  itemprop=\"mainEntityOfPage\" itemtype=\"https:\/\/schema.org\/mainEntityOfPage\" ><span itemprop='name'>Resultado da Sele\u00e7\u00e3o de Volunt\u00e1rios para o Projeto de Extens\u00e3o \u201cPR\u00c1TICAS INTEGRATIVAS E COMPLEMENTARES EM SA\u00daDE: ACUPUNTURA NA ODONTOLOGIA&#8221;.<\/span><\/span><\/span><\/article><article class='slide-entry flex_column  post-entry post-entry-18111 slide-entry-overview slide-loop-12 slide-parity-even  av_one_fifth  real-thumbnail posttype-post post-format-standard'  itemscope=\"itemscope\" itemtype=\"https:\/\/schema.org\/CreativeWork\" ><a href='https:\/\/www.odonto.ufmg.br\/cenex\/ata\/resultado-da-selecao-de-voluntarios-para-o-projeto-de-extensao-atendimento-ortodontico-a-pacientes-com-defeitos-da-odontogenese-2\/' data-rel='slide-3' class='slide-image' title='Resultado da Sele\u00e7\u00e3o de Volunt\u00e1rios para o Projeto de Extens\u00e3o \u201cAtendimento ortod\u00f4ntico a pacientes com defeitos da odontog\u00eanese&#8221;.'><img decoding=\"async\" fetchpriority=\"high\" width=\"260\" height=\"185\" src=\"https:\/\/www.odonto.ufmg.br\/cenex\/wp-content\/uploads\/sites\/2\/2023\/03\/Captura-de-Tela-2023-04-21-a\u0300s-12.22.55-260x185.png\" class=\"wp-image-15506 avia-img-lazy-loading-not-15506 attachment-portfolio_small size-portfolio_small wp-post-image\" alt=\"\" \/><\/a><div class=\"slide-content\"><header class=\"entry-content-header\" aria-label=\"Slide: Resultado da Sele\u00e7\u00e3o de Volunt\u00e1rios para o Projeto de Extens\u00e3o \u201cAtendimento ortod\u00f4ntico a pacientes com defeitos da odontog\u00eanese&quot;.\"><h3 class='slide-entry-title entry-title '  itemprop=\"headline\" ><a href='https:\/\/www.odonto.ufmg.br\/cenex\/ata\/resultado-da-selecao-de-voluntarios-para-o-projeto-de-extensao-atendimento-ortodontico-a-pacientes-com-defeitos-da-odontogenese-2\/' title='Resultado da Sele\u00e7\u00e3o de Volunt\u00e1rios para o Projeto de Extens\u00e3o \u201cAtendimento ortod\u00f4ntico a pacientes com defeitos da odontog\u00eanese&#8221;.'>Resultado da Sele\u00e7\u00e3o de Volunt\u00e1rios para o Projeto de Extens\u00e3o \u201cAtendimento ortod\u00f4ntico a pacientes com defeitos da odontog\u00eanese&#8221;.<\/a><\/h3><span class=\"av-vertical-delimiter\"><\/span><\/header><div class=\"slide-meta\"><time class='slide-meta-time updated'  itemprop=\"datePublished\" datetime=\"2026-03-25T14:13:10-03:00\" >25\/03\/2026<\/time><\/div><div class='slide-entry-excerpt entry-content'  itemprop=\"text\" >\n\n\n\nRESULTADOS\nResultado da Sele\u00e7\u00e3o de Volunt\u00e1rios para o\u2026<\/div><\/div><footer class=\"entry-footer\"><\/footer><span class='hidden'>\n\t\t\t\t<span class='av-structured-data'  itemprop=\"image\" itemscope=\"itemscope\" itemtype=\"https:\/\/schema.org\/ImageObject\" >\n\t\t\t\t\t\t<span itemprop='url'>https:\/\/www.odonto.ufmg.br\/cenex\/wp-content\/uploads\/sites\/2\/2023\/03\/Captura-de-Tela-2023-04-21-a\u0300s-12.22.55.png<\/span>\n\t\t\t\t\t\t<span itemprop='height'>922<\/span>\n\t\t\t\t\t\t<span itemprop='width'>1866<\/span>\n\t\t\t\t<\/span>\n\t\t\t\t<span class='av-structured-data'  itemprop=\"publisher\" itemtype=\"https:\/\/schema.org\/Organization\" itemscope=\"itemscope\" >\n\t\t\t\t\t\t<span itemprop='name'>cenex<\/span>\n\t\t\t\t\t\t<span itemprop='logo' itemscope itemtype='https:\/\/schema.org\/ImageObject'>\n\t\t\t\t\t\t\t<span itemprop='url'>http:\/\/www.odonto.ufmg.br\/cenex\/wp-content\/uploads\/sites\/2\/2025\/08\/logo-cenex.svg<\/span>\n\t\t\t\t\t\t<\/span>\n\t\t\t\t<\/span><span class='av-structured-data'  itemprop=\"author\" itemscope=\"itemscope\" itemtype=\"https:\/\/schema.org\/Person\" ><span itemprop='name'>cenex<\/span><\/span><span class='av-structured-data'  itemprop=\"datePublished\" datetime=\"2025-04-04T10:05:51-03:00\" >2026-03-25 14:13:10<\/span><span class='av-structured-data'  itemprop=\"dateModified\" itemtype=\"https:\/\/schema.org\/dateModified\" >2026-03-25 14:13:11<\/span><span class='av-structured-data'  itemprop=\"mainEntityOfPage\" itemtype=\"https:\/\/schema.org\/mainEntityOfPage\" ><span itemprop='name'>Resultado da Sele\u00e7\u00e3o de Volunt\u00e1rios para o Projeto de Extens\u00e3o \u201cAtendimento ortod\u00f4ntico a pacientes com defeitos da odontog\u00eanese&#8221;.<\/span><\/span><\/span><\/article><article class='slide-entry flex_column  post-entry post-entry-18108 slide-entry-overview slide-loop-13 slide-parity-odd  av_one_fifth  real-thumbnail posttype-post post-format-standard'  itemscope=\"itemscope\" itemtype=\"https:\/\/schema.org\/CreativeWork\" ><a href='https:\/\/www.odonto.ufmg.br\/cenex\/ata\/resultado-da-selecao-de-voluntarios-para-o-projeto-de-extensao-restauracao-de-dentes-traumatizados-2\/' data-rel='slide-3' class='slide-image' title='Resultado da Sele\u00e7\u00e3o de Volunt\u00e1rios para o Projeto de Extens\u00e3o \u201cRestaura\u00e7\u00e3o de Dentes Traumatizados&#8221;.'><img decoding=\"async\" fetchpriority=\"high\" width=\"260\" height=\"185\" src=\"https:\/\/www.odonto.ufmg.br\/cenex\/wp-content\/uploads\/sites\/2\/2023\/03\/Captura-de-Tela-2023-04-21-a\u0300s-12.22.55-260x185.png\" class=\"wp-image-15506 avia-img-lazy-loading-not-15506 attachment-portfolio_small size-portfolio_small wp-post-image\" alt=\"\" \/><\/a><div class=\"slide-content\"><header class=\"entry-content-header\" aria-label=\"Slide: Resultado da Sele\u00e7\u00e3o de Volunt\u00e1rios para o Projeto de Extens\u00e3o \u201cRestaura\u00e7\u00e3o de Dentes Traumatizados&quot;.\"><h3 class='slide-entry-title entry-title '  itemprop=\"headline\" ><a href='https:\/\/www.odonto.ufmg.br\/cenex\/ata\/resultado-da-selecao-de-voluntarios-para-o-projeto-de-extensao-restauracao-de-dentes-traumatizados-2\/' title='Resultado da Sele\u00e7\u00e3o de Volunt\u00e1rios para o Projeto de Extens\u00e3o \u201cRestaura\u00e7\u00e3o de Dentes Traumatizados&#8221;.'>Resultado da Sele\u00e7\u00e3o de Volunt\u00e1rios para o Projeto de Extens\u00e3o \u201cRestaura\u00e7\u00e3o de Dentes Traumatizados&#8221;.<\/a><\/h3><span class=\"av-vertical-delimiter\"><\/span><\/header><div class=\"slide-meta\"><time class='slide-meta-time updated'  itemprop=\"datePublished\" datetime=\"2026-03-25T14:10:56-03:00\" >25\/03\/2026<\/time><\/div><div class='slide-entry-excerpt entry-content'  itemprop=\"text\" >\n\n\n\nRESULTADOS\nResultado da Sele\u00e7\u00e3o de Volunt\u00e1rios para o\u2026<\/div><\/div><footer class=\"entry-footer\"><\/footer><span class='hidden'>\n\t\t\t\t<span class='av-structured-data'  itemprop=\"image\" itemscope=\"itemscope\" itemtype=\"https:\/\/schema.org\/ImageObject\" >\n\t\t\t\t\t\t<span itemprop='url'>https:\/\/www.odonto.ufmg.br\/cenex\/wp-content\/uploads\/sites\/2\/2023\/03\/Captura-de-Tela-2023-04-21-a\u0300s-12.22.55.png<\/span>\n\t\t\t\t\t\t<span itemprop='height'>922<\/span>\n\t\t\t\t\t\t<span itemprop='width'>1866<\/span>\n\t\t\t\t<\/span>\n\t\t\t\t<span class='av-structured-data'  itemprop=\"publisher\" itemtype=\"https:\/\/schema.org\/Organization\" itemscope=\"itemscope\" >\n\t\t\t\t\t\t<span itemprop='name'>cenex<\/span>\n\t\t\t\t\t\t<span itemprop='logo' itemscope itemtype='https:\/\/schema.org\/ImageObject'>\n\t\t\t\t\t\t\t<span itemprop='url'>http:\/\/www.odonto.ufmg.br\/cenex\/wp-content\/uploads\/sites\/2\/2025\/08\/logo-cenex.svg<\/span>\n\t\t\t\t\t\t<\/span>\n\t\t\t\t<\/span><span class='av-structured-data'  itemprop=\"author\" itemscope=\"itemscope\" itemtype=\"https:\/\/schema.org\/Person\" ><span itemprop='name'>cenex<\/span><\/span><span class='av-structured-data'  itemprop=\"datePublished\" datetime=\"2025-04-04T10:05:51-03:00\" >2026-03-25 14:10:56<\/span><span class='av-structured-data'  itemprop=\"dateModified\" itemtype=\"https:\/\/schema.org\/dateModified\" >2026-03-25 14:11:00<\/span><span class='av-structured-data'  itemprop=\"mainEntityOfPage\" itemtype=\"https:\/\/schema.org\/mainEntityOfPage\" ><span itemprop='name'>Resultado da Sele\u00e7\u00e3o de Volunt\u00e1rios para o Projeto de Extens\u00e3o \u201cRestaura\u00e7\u00e3o de Dentes Traumatizados&#8221;.<\/span><\/span><\/span><\/article><article class='slide-entry flex_column  post-entry post-entry-18102 slide-entry-overview slide-loop-14 slide-parity-even  av_one_fifth  real-thumbnail posttype-post post-format-standard'  itemscope=\"itemscope\" itemtype=\"https:\/\/schema.org\/CreativeWork\" ><a href='https:\/\/www.odonto.ufmg.br\/cenex\/ata\/resultado-da-selecao-de-bolsista-e-voluntarios-para-o-projeto-de-extensao-abordagem-multidisciplinar-em-individuos-com-transtorno-de-espectro-autista-tea\/' data-rel='slide-3' class='slide-image' title='Resultado da Sele\u00e7\u00e3o de Bolsista e Volunt\u00e1rios para o Projeto de Extens\u00e3o \u201cAbordagem Multidisciplinar em indiv\u00edduos com Transtorno de Espectro Autista (TEA)&#8221;.'><img decoding=\"async\" fetchpriority=\"high\" width=\"260\" height=\"185\" src=\"https:\/\/www.odonto.ufmg.br\/cenex\/wp-content\/uploads\/sites\/2\/2023\/03\/Captura-de-Tela-2023-04-21-a\u0300s-12.22.55-260x185.png\" class=\"wp-image-15506 avia-img-lazy-loading-not-15506 attachment-portfolio_small size-portfolio_small wp-post-image\" alt=\"\" \/><\/a><div class=\"slide-content\"><header class=\"entry-content-header\" aria-label=\"Slide: Resultado da Sele\u00e7\u00e3o de Bolsista e Volunt\u00e1rios para o Projeto de Extens\u00e3o \u201cAbordagem Multidisciplinar em indiv\u00edduos com Transtorno de Espectro Autista (TEA)&quot;.\"><h3 class='slide-entry-title entry-title '  itemprop=\"headline\" ><a href='https:\/\/www.odonto.ufmg.br\/cenex\/ata\/resultado-da-selecao-de-bolsista-e-voluntarios-para-o-projeto-de-extensao-abordagem-multidisciplinar-em-individuos-com-transtorno-de-espectro-autista-tea\/' title='Resultado da Sele\u00e7\u00e3o de Bolsista e Volunt\u00e1rios para o Projeto de Extens\u00e3o \u201cAbordagem Multidisciplinar em indiv\u00edduos com Transtorno de Espectro Autista (TEA)&#8221;.'>Resultado da Sele\u00e7\u00e3o de Bolsista e Volunt\u00e1rios para o Projeto de Extens\u00e3o \u201cAbordagem Multidisciplinar em indiv\u00edduos com Transtorno de Espectro Autista (TEA)&#8221;.<\/a><\/h3><span class=\"av-vertical-delimiter\"><\/span><\/header><div class=\"slide-meta\"><time class='slide-meta-time updated'  itemprop=\"datePublished\" datetime=\"2026-03-25T14:04:48-03:00\" >25\/03\/2026<\/time><\/div><div class='slide-entry-excerpt entry-content'  itemprop=\"text\" >\n\n\n\nRESULTADOS\nResultado da Sele\u00e7\u00e3o de Bolsista e Volunt\u00e1rios\u2026<\/div><\/div><footer class=\"entry-footer\"><\/footer><span class='hidden'>\n\t\t\t\t<span class='av-structured-data'  itemprop=\"image\" itemscope=\"itemscope\" itemtype=\"https:\/\/schema.org\/ImageObject\" >\n\t\t\t\t\t\t<span itemprop='url'>https:\/\/www.odonto.ufmg.br\/cenex\/wp-content\/uploads\/sites\/2\/2023\/03\/Captura-de-Tela-2023-04-21-a\u0300s-12.22.55.png<\/span>\n\t\t\t\t\t\t<span itemprop='height'>922<\/span>\n\t\t\t\t\t\t<span itemprop='width'>1866<\/span>\n\t\t\t\t<\/span>\n\t\t\t\t<span class='av-structured-data'  itemprop=\"publisher\" itemtype=\"https:\/\/schema.org\/Organization\" itemscope=\"itemscope\" >\n\t\t\t\t\t\t<span itemprop='name'>cenex<\/span>\n\t\t\t\t\t\t<span itemprop='logo' itemscope itemtype='https:\/\/schema.org\/ImageObject'>\n\t\t\t\t\t\t\t<span itemprop='url'>http:\/\/www.odonto.ufmg.br\/cenex\/wp-content\/uploads\/sites\/2\/2025\/08\/logo-cenex.svg<\/span>\n\t\t\t\t\t\t<\/span>\n\t\t\t\t<\/span><span class='av-structured-data'  itemprop=\"author\" itemscope=\"itemscope\" itemtype=\"https:\/\/schema.org\/Person\" ><span itemprop='name'>cenex<\/span><\/span><span class='av-structured-data'  itemprop=\"datePublished\" datetime=\"2025-04-04T10:05:51-03:00\" >2026-03-25 14:04:48<\/span><span class='av-structured-data'  itemprop=\"dateModified\" itemtype=\"https:\/\/schema.org\/dateModified\" >2026-03-25 14:04:48<\/span><span class='av-structured-data'  itemprop=\"mainEntityOfPage\" itemtype=\"https:\/\/schema.org\/mainEntityOfPage\" ><span itemprop='name'>Resultado da Sele\u00e7\u00e3o de Bolsista e Volunt\u00e1rios para o Projeto de Extens\u00e3o \u201cAbordagem Multidisciplinar em indiv\u00edduos com Transtorno de Espectro Autista (TEA)&#8221;.<\/span><\/span><\/span><\/article><article class='slide-entry flex_column  post-entry post-entry-18100 slide-entry-overview slide-loop-15 slide-parity-odd  av_one_fifth  real-thumbnail posttype-post post-format-standard'  itemscope=\"itemscope\" itemtype=\"https:\/\/schema.org\/CreativeWork\" ><a href='https:\/\/www.odonto.ufmg.br\/cenex\/ata\/resultado-da-selecao-de-bolsista-e-voluntarios-para-o-projeto-de-extensao-atendimento-de-suporte-odontologico-ao-paciente-com-cancer-em-regiao-de-cabeca-e-pescoco\/' data-rel='slide-3' class='slide-image' title='Resultado da Sele\u00e7\u00e3o de Bolsista e Volunt\u00e1rios para o Projeto de Extens\u00e3o \u201cATENDIMENTO DE SUPORTE ODONTOL\u00d3GICO AO PACIENTE COM C\u00c2NCER EM REGI\u00c3O DE CABE\u00c7A E PESCO\u00c7O&#8221;.'><img decoding=\"async\" fetchpriority=\"high\" width=\"260\" height=\"185\" src=\"https:\/\/www.odonto.ufmg.br\/cenex\/wp-content\/uploads\/sites\/2\/2023\/03\/Captura-de-Tela-2023-04-21-a\u0300s-12.22.55-260x185.png\" class=\"wp-image-15506 avia-img-lazy-loading-not-15506 attachment-portfolio_small size-portfolio_small wp-post-image\" alt=\"\" \/><\/a><div class=\"slide-content\"><header class=\"entry-content-header\" aria-label=\"Slide: Resultado da Sele\u00e7\u00e3o de Bolsista e Volunt\u00e1rios para o Projeto de Extens\u00e3o \u201cATENDIMENTO DE SUPORTE ODONTOL\u00d3GICO AO PACIENTE COM C\u00c2NCER EM REGI\u00c3O DE CABE\u00c7A E PESCO\u00c7O&quot;.\"><h3 class='slide-entry-title entry-title '  itemprop=\"headline\" ><a href='https:\/\/www.odonto.ufmg.br\/cenex\/ata\/resultado-da-selecao-de-bolsista-e-voluntarios-para-o-projeto-de-extensao-atendimento-de-suporte-odontologico-ao-paciente-com-cancer-em-regiao-de-cabeca-e-pescoco\/' title='Resultado da Sele\u00e7\u00e3o de Bolsista e Volunt\u00e1rios para o Projeto de Extens\u00e3o \u201cATENDIMENTO DE SUPORTE ODONTOL\u00d3GICO AO PACIENTE COM C\u00c2NCER EM REGI\u00c3O DE CABE\u00c7A E PESCO\u00c7O&#8221;.'>Resultado da Sele\u00e7\u00e3o de Bolsista e Volunt\u00e1rios para o Projeto de Extens\u00e3o \u201cATENDIMENTO DE SUPORTE ODONTOL\u00d3GICO AO PACIENTE COM C\u00c2NCER EM REGI\u00c3O DE CABE\u00c7A E PESCO\u00c7O&#8221;.<\/a><\/h3><span class=\"av-vertical-delimiter\"><\/span><\/header><div class=\"slide-meta\"><time class='slide-meta-time updated'  itemprop=\"datePublished\" datetime=\"2026-03-18T16:31:08-03:00\" >18\/03\/2026<\/time><\/div><div class='slide-entry-excerpt entry-content'  itemprop=\"text\" >\n\n\n\nRESULTADOS\nResultado da Sele\u00e7\u00e3o de Bolsista e Volunt\u00e1rios\u2026<\/div><\/div><footer class=\"entry-footer\"><\/footer><span class='hidden'>\n\t\t\t\t<span class='av-structured-data'  itemprop=\"image\" itemscope=\"itemscope\" itemtype=\"https:\/\/schema.org\/ImageObject\" >\n\t\t\t\t\t\t<span itemprop='url'>https:\/\/www.odonto.ufmg.br\/cenex\/wp-content\/uploads\/sites\/2\/2023\/03\/Captura-de-Tela-2023-04-21-a\u0300s-12.22.55.png<\/span>\n\t\t\t\t\t\t<span itemprop='height'>922<\/span>\n\t\t\t\t\t\t<span itemprop='width'>1866<\/span>\n\t\t\t\t<\/span>\n\t\t\t\t<span class='av-structured-data'  itemprop=\"publisher\" itemtype=\"https:\/\/schema.org\/Organization\" itemscope=\"itemscope\" >\n\t\t\t\t\t\t<span itemprop='name'>cenex<\/span>\n\t\t\t\t\t\t<span itemprop='logo' itemscope itemtype='https:\/\/schema.org\/ImageObject'>\n\t\t\t\t\t\t\t<span itemprop='url'>http:\/\/www.odonto.ufmg.br\/cenex\/wp-content\/uploads\/sites\/2\/2025\/08\/logo-cenex.svg<\/span>\n\t\t\t\t\t\t<\/span>\n\t\t\t\t<\/span><span class='av-structured-data'  itemprop=\"author\" itemscope=\"itemscope\" itemtype=\"https:\/\/schema.org\/Person\" ><span itemprop='name'>cenex<\/span><\/span><span class='av-structured-data'  itemprop=\"datePublished\" datetime=\"2025-04-04T10:05:51-03:00\" >2026-03-18 16:31:08<\/span><span class='av-structured-data'  itemprop=\"dateModified\" itemtype=\"https:\/\/schema.org\/dateModified\" >2026-03-18 16:31:09<\/span><span class='av-structured-data'  itemprop=\"mainEntityOfPage\" itemtype=\"https:\/\/schema.org\/mainEntityOfPage\" ><span itemprop='name'>Resultado da Sele\u00e7\u00e3o de Bolsista e Volunt\u00e1rios para o Projeto de Extens\u00e3o \u201cATENDIMENTO DE SUPORTE ODONTOL\u00d3GICO AO PACIENTE COM C\u00c2NCER EM REGI\u00c3O DE CABE\u00c7A E PESCO\u00c7O&#8221;.<\/span><\/span><\/span><\/article><\/div><div class=\"slide-entry-wrap\"><article class='slide-entry flex_column  post-entry post-entry-18080 slide-entry-overview slide-loop-16 slide-parity-odd  av_one_fifth first real-thumbnail posttype-post post-format-standard'  itemscope=\"itemscope\" itemtype=\"https:\/\/schema.org\/CreativeWork\" ><a href='https:\/\/www.odonto.ufmg.br\/cenex\/ata\/resultado-da-selecao-de-bolsista-e-voluntarios-para-o-projeto-de-extensao-atencao-odontologica-a-criancas-e-adolescentes-com-disturbios-do-sono\/' data-rel='slide-3' class='slide-image' title='Resultado da Sele\u00e7\u00e3o de Bolsista e Volunt\u00e1rios para o Projeto de Extens\u00e3o \u201cCentro de Mem\u00f3ria: ci\u00eancia e cultura no discurso da Odontologia&#8221;.'><img decoding=\"async\" fetchpriority=\"high\" width=\"260\" height=\"185\" src=\"https:\/\/www.odonto.ufmg.br\/cenex\/wp-content\/uploads\/sites\/2\/2023\/03\/Captura-de-Tela-2023-04-21-a\u0300s-12.22.55-260x185.png\" class=\"wp-image-15506 avia-img-lazy-loading-not-15506 attachment-portfolio_small size-portfolio_small wp-post-image\" alt=\"\" \/><\/a><div class=\"slide-content\"><header class=\"entry-content-header\" aria-label=\"Slide: Resultado da Sele\u00e7\u00e3o de Bolsista e Volunt\u00e1rios para o Projeto de Extens\u00e3o \u201cCentro de Mem\u00f3ria: ci\u00eancia e cultura no discurso da Odontologia&quot;.\"><h3 class='slide-entry-title entry-title '  itemprop=\"headline\" ><a href='https:\/\/www.odonto.ufmg.br\/cenex\/ata\/resultado-da-selecao-de-bolsista-e-voluntarios-para-o-projeto-de-extensao-atencao-odontologica-a-criancas-e-adolescentes-com-disturbios-do-sono\/' title='Resultado da Sele\u00e7\u00e3o de Bolsista e Volunt\u00e1rios para o Projeto de Extens\u00e3o \u201cCentro de Mem\u00f3ria: ci\u00eancia e cultura no discurso da Odontologia&#8221;.'>Resultado da Sele\u00e7\u00e3o de Bolsista e Volunt\u00e1rios para o Projeto de Extens\u00e3o \u201cCentro de Mem\u00f3ria: ci\u00eancia e cultura no discurso da Odontologia&#8221;.<\/a><\/h3><span class=\"av-vertical-delimiter\"><\/span><\/header><div class=\"slide-meta\"><time class='slide-meta-time updated'  itemprop=\"datePublished\" datetime=\"2026-03-12T11:41:57-03:00\" >12\/03\/2026<\/time><\/div><div class='slide-entry-excerpt entry-content'  itemprop=\"text\" >\n\n\n\nRESULTADOS\nResultado da Sele\u00e7\u00e3o de Bolsista e Volunt\u00e1rios\u2026<\/div><\/div><footer class=\"entry-footer\"><\/footer><span class='hidden'>\n\t\t\t\t<span class='av-structured-data'  itemprop=\"image\" itemscope=\"itemscope\" itemtype=\"https:\/\/schema.org\/ImageObject\" >\n\t\t\t\t\t\t<span itemprop='url'>https:\/\/www.odonto.ufmg.br\/cenex\/wp-content\/uploads\/sites\/2\/2023\/03\/Captura-de-Tela-2023-04-21-a\u0300s-12.22.55.png<\/span>\n\t\t\t\t\t\t<span itemprop='height'>922<\/span>\n\t\t\t\t\t\t<span itemprop='width'>1866<\/span>\n\t\t\t\t<\/span>\n\t\t\t\t<span class='av-structured-data'  itemprop=\"publisher\" itemtype=\"https:\/\/schema.org\/Organization\" itemscope=\"itemscope\" >\n\t\t\t\t\t\t<span itemprop='name'>cenex<\/span>\n\t\t\t\t\t\t<span itemprop='logo' itemscope itemtype='https:\/\/schema.org\/ImageObject'>\n\t\t\t\t\t\t\t<span itemprop='url'>http:\/\/www.odonto.ufmg.br\/cenex\/wp-content\/uploads\/sites\/2\/2025\/08\/logo-cenex.svg<\/span>\n\t\t\t\t\t\t<\/span>\n\t\t\t\t<\/span><span class='av-structured-data'  itemprop=\"author\" itemscope=\"itemscope\" itemtype=\"https:\/\/schema.org\/Person\" ><span itemprop='name'>cenex<\/span><\/span><span class='av-structured-data'  itemprop=\"datePublished\" datetime=\"2025-04-04T10:05:51-03:00\" >2026-03-12 11:41:57<\/span><span class='av-structured-data'  itemprop=\"dateModified\" itemtype=\"https:\/\/schema.org\/dateModified\" >2026-03-12 11:42:27<\/span><span class='av-structured-data'  itemprop=\"mainEntityOfPage\" itemtype=\"https:\/\/schema.org\/mainEntityOfPage\" ><span itemprop='name'>Resultado da Sele\u00e7\u00e3o de Bolsista e Volunt\u00e1rios para o Projeto de Extens\u00e3o \u201cCentro de Mem\u00f3ria: ci\u00eancia e cultura no discurso da Odontologia&#8221;.<\/span><\/span><\/span><\/article><article class='slide-entry flex_column  post-entry post-entry-18077 slide-entry-overview slide-loop-17 slide-parity-even  av_one_fifth  real-thumbnail posttype-post post-format-standard'  itemscope=\"itemscope\" itemtype=\"https:\/\/schema.org\/CreativeWork\" ><a href='https:\/\/www.odonto.ufmg.br\/cenex\/ata\/resultado-da-selecao-de-voluntarios-para-o-projeto-de-extensao-atencao-odontologica-a-criancas-e-adolescentes-com-disturbios-do-sono\/' data-rel='slide-3' class='slide-image' title='Resultado da Sele\u00e7\u00e3o de Volunt\u00e1rios para o Projeto de Extens\u00e3o \u201cATEN\u00c7\u00c3O ODONTOL\u00d3GICA A CRIAN\u00c7AS E ADOLESCENTES COM DIST\u00daRBIOS DO SONO&#8221;.'><img decoding=\"async\" fetchpriority=\"high\" width=\"260\" height=\"185\" src=\"https:\/\/www.odonto.ufmg.br\/cenex\/wp-content\/uploads\/sites\/2\/2023\/03\/Captura-de-Tela-2023-04-21-a\u0300s-12.22.55-260x185.png\" class=\"wp-image-15506 avia-img-lazy-loading-not-15506 attachment-portfolio_small size-portfolio_small wp-post-image\" alt=\"\" \/><\/a><div class=\"slide-content\"><header class=\"entry-content-header\" aria-label=\"Slide: Resultado da Sele\u00e7\u00e3o de Volunt\u00e1rios para o Projeto de Extens\u00e3o \u201cATEN\u00c7\u00c3O ODONTOL\u00d3GICA A CRIAN\u00c7AS E ADOLESCENTES COM DIST\u00daRBIOS DO SONO&quot;.\"><h3 class='slide-entry-title entry-title '  itemprop=\"headline\" ><a href='https:\/\/www.odonto.ufmg.br\/cenex\/ata\/resultado-da-selecao-de-voluntarios-para-o-projeto-de-extensao-atencao-odontologica-a-criancas-e-adolescentes-com-disturbios-do-sono\/' title='Resultado da Sele\u00e7\u00e3o de Volunt\u00e1rios para o Projeto de Extens\u00e3o \u201cATEN\u00c7\u00c3O ODONTOL\u00d3GICA A CRIAN\u00c7AS E ADOLESCENTES COM DIST\u00daRBIOS DO SONO&#8221;.'>Resultado da Sele\u00e7\u00e3o de Volunt\u00e1rios para o Projeto de Extens\u00e3o \u201cATEN\u00c7\u00c3O ODONTOL\u00d3GICA A CRIAN\u00c7AS E ADOLESCENTES COM DIST\u00daRBIOS DO SONO&#8221;.<\/a><\/h3><span class=\"av-vertical-delimiter\"><\/span><\/header><div class=\"slide-meta\"><time class='slide-meta-time updated'  itemprop=\"datePublished\" datetime=\"2026-03-12T11:40:16-03:00\" >12\/03\/2026<\/time><\/div><div class='slide-entry-excerpt entry-content'  itemprop=\"text\" >\n\n\n\nRESULTADOS\nResultado da Sele\u00e7\u00e3o de Volunt\u00e1rios para o\u2026<\/div><\/div><footer class=\"entry-footer\"><\/footer><span class='hidden'>\n\t\t\t\t<span class='av-structured-data'  itemprop=\"image\" itemscope=\"itemscope\" itemtype=\"https:\/\/schema.org\/ImageObject\" >\n\t\t\t\t\t\t<span itemprop='url'>https:\/\/www.odonto.ufmg.br\/cenex\/wp-content\/uploads\/sites\/2\/2023\/03\/Captura-de-Tela-2023-04-21-a\u0300s-12.22.55.png<\/span>\n\t\t\t\t\t\t<span itemprop='height'>922<\/span>\n\t\t\t\t\t\t<span itemprop='width'>1866<\/span>\n\t\t\t\t<\/span>\n\t\t\t\t<span class='av-structured-data'  itemprop=\"publisher\" itemtype=\"https:\/\/schema.org\/Organization\" itemscope=\"itemscope\" >\n\t\t\t\t\t\t<span itemprop='name'>cenex<\/span>\n\t\t\t\t\t\t<span itemprop='logo' itemscope itemtype='https:\/\/schema.org\/ImageObject'>\n\t\t\t\t\t\t\t<span itemprop='url'>http:\/\/www.odonto.ufmg.br\/cenex\/wp-content\/uploads\/sites\/2\/2025\/08\/logo-cenex.svg<\/span>\n\t\t\t\t\t\t<\/span>\n\t\t\t\t<\/span><span class='av-structured-data'  itemprop=\"author\" itemscope=\"itemscope\" itemtype=\"https:\/\/schema.org\/Person\" ><span itemprop='name'>cenex<\/span><\/span><span class='av-structured-data'  itemprop=\"datePublished\" datetime=\"2025-04-04T10:05:51-03:00\" >2026-03-12 11:40:16<\/span><span class='av-structured-data'  itemprop=\"dateModified\" itemtype=\"https:\/\/schema.org\/dateModified\" >2026-03-12 11:40:16<\/span><span class='av-structured-data'  itemprop=\"mainEntityOfPage\" itemtype=\"https:\/\/schema.org\/mainEntityOfPage\" ><span itemprop='name'>Resultado da Sele\u00e7\u00e3o de Volunt\u00e1rios para o Projeto de Extens\u00e3o \u201cATEN\u00c7\u00c3O ODONTOL\u00d3GICA A CRIAN\u00c7AS E ADOLESCENTES COM DIST\u00daRBIOS DO SONO&#8221;.<\/span><\/span><\/span><\/article><article class='slide-entry flex_column  post-entry post-entry-18074 slide-entry-overview slide-loop-18 slide-parity-odd  av_one_fifth  real-thumbnail posttype-post post-format-standard'  itemscope=\"itemscope\" itemtype=\"https:\/\/schema.org\/CreativeWork\" ><a href='https:\/\/www.odonto.ufmg.br\/cenex\/ata\/resultado-da-selecao-de-bolsista-e-voluntarios-para-o-projeto-de-extensao-ultrassonografia-em-odontologia\/' data-rel='slide-3' class='slide-image' title='Resultado da Sele\u00e7\u00e3o de Bolsista e Volunt\u00e1rios para o Projeto de Extens\u00e3o \u201c\u201cUltrassonografia em Odontologia&#8221;.'><img decoding=\"async\" fetchpriority=\"high\" width=\"260\" height=\"185\" src=\"https:\/\/www.odonto.ufmg.br\/cenex\/wp-content\/uploads\/sites\/2\/2023\/03\/Captura-de-Tela-2023-04-21-a\u0300s-12.22.55-260x185.png\" class=\"wp-image-15506 avia-img-lazy-loading-not-15506 attachment-portfolio_small size-portfolio_small wp-post-image\" alt=\"\" \/><\/a><div class=\"slide-content\"><header class=\"entry-content-header\" aria-label=\"Slide: Resultado da Sele\u00e7\u00e3o de Bolsista e Volunt\u00e1rios para o Projeto de Extens\u00e3o \u201c\u201cUltrassonografia em Odontologia&quot;.\"><h3 class='slide-entry-title entry-title '  itemprop=\"headline\" ><a href='https:\/\/www.odonto.ufmg.br\/cenex\/ata\/resultado-da-selecao-de-bolsista-e-voluntarios-para-o-projeto-de-extensao-ultrassonografia-em-odontologia\/' title='Resultado da Sele\u00e7\u00e3o de Bolsista e Volunt\u00e1rios para o Projeto de Extens\u00e3o \u201c\u201cUltrassonografia em Odontologia&#8221;.'>Resultado da Sele\u00e7\u00e3o de Bolsista e Volunt\u00e1rios para o Projeto de Extens\u00e3o \u201c\u201cUltrassonografia em Odontologia&#8221;.<\/a><\/h3><span class=\"av-vertical-delimiter\"><\/span><\/header><div class=\"slide-meta\"><time class='slide-meta-time updated'  itemprop=\"datePublished\" datetime=\"2026-03-12T11:38:29-03:00\" >12\/03\/2026<\/time><\/div><div class='slide-entry-excerpt entry-content'  itemprop=\"text\" >\n\n\n\nRESULTADOS\nResultado da Sele\u00e7\u00e3o de Bolsista e Volunt\u00e1rios\u2026<\/div><\/div><footer class=\"entry-footer\"><\/footer><span class='hidden'>\n\t\t\t\t<span class='av-structured-data'  itemprop=\"image\" itemscope=\"itemscope\" itemtype=\"https:\/\/schema.org\/ImageObject\" >\n\t\t\t\t\t\t<span itemprop='url'>https:\/\/www.odonto.ufmg.br\/cenex\/wp-content\/uploads\/sites\/2\/2023\/03\/Captura-de-Tela-2023-04-21-a\u0300s-12.22.55.png<\/span>\n\t\t\t\t\t\t<span itemprop='height'>922<\/span>\n\t\t\t\t\t\t<span itemprop='width'>1866<\/span>\n\t\t\t\t<\/span>\n\t\t\t\t<span class='av-structured-data'  itemprop=\"publisher\" itemtype=\"https:\/\/schema.org\/Organization\" itemscope=\"itemscope\" >\n\t\t\t\t\t\t<span itemprop='name'>cenex<\/span>\n\t\t\t\t\t\t<span itemprop='logo' itemscope itemtype='https:\/\/schema.org\/ImageObject'>\n\t\t\t\t\t\t\t<span itemprop='url'>http:\/\/www.odonto.ufmg.br\/cenex\/wp-content\/uploads\/sites\/2\/2025\/08\/logo-cenex.svg<\/span>\n\t\t\t\t\t\t<\/span>\n\t\t\t\t<\/span><span class='av-structured-data'  itemprop=\"author\" itemscope=\"itemscope\" itemtype=\"https:\/\/schema.org\/Person\" ><span itemprop='name'>cenex<\/span><\/span><span class='av-structured-data'  itemprop=\"datePublished\" datetime=\"2025-04-04T10:05:51-03:00\" >2026-03-12 11:38:29<\/span><span class='av-structured-data'  itemprop=\"dateModified\" itemtype=\"https:\/\/schema.org\/dateModified\" >2026-03-12 11:38:30<\/span><span class='av-structured-data'  itemprop=\"mainEntityOfPage\" itemtype=\"https:\/\/schema.org\/mainEntityOfPage\" ><span itemprop='name'>Resultado da Sele\u00e7\u00e3o de Bolsista e Volunt\u00e1rios para o Projeto de Extens\u00e3o \u201c\u201cUltrassonografia em Odontologia&#8221;.<\/span><\/span><\/span><\/article><article class='slide-entry flex_column  post-entry post-entry-18071 slide-entry-overview slide-loop-19 slide-parity-even  av_one_fifth  real-thumbnail posttype-post post-format-standard'  itemscope=\"itemscope\" itemtype=\"https:\/\/schema.org\/CreativeWork\" ><a href='https:\/\/www.odonto.ufmg.br\/cenex\/ata\/resultado-da-selecao-de-voluntarios-para-o-projeto-de-extensao-saude-bucal-no-sus\/' data-rel='slide-3' class='slide-image' title='Resultado da Sele\u00e7\u00e3o de  Volunt\u00e1rios para o Projeto de Extens\u00e3o \u201cSA\u00daDE BUCAL NO SUS&#8221;.'><img decoding=\"async\" fetchpriority=\"high\" width=\"260\" height=\"185\" src=\"https:\/\/www.odonto.ufmg.br\/cenex\/wp-content\/uploads\/sites\/2\/2023\/03\/Captura-de-Tela-2023-04-21-a\u0300s-12.22.55-260x185.png\" class=\"wp-image-15506 avia-img-lazy-loading-not-15506 attachment-portfolio_small size-portfolio_small wp-post-image\" alt=\"\" \/><\/a><div class=\"slide-content\"><header class=\"entry-content-header\" aria-label=\"Slide: Resultado da Sele\u00e7\u00e3o de  Volunt\u00e1rios para o Projeto de Extens\u00e3o \u201cSA\u00daDE BUCAL NO SUS&quot;.\"><h3 class='slide-entry-title entry-title '  itemprop=\"headline\" ><a href='https:\/\/www.odonto.ufmg.br\/cenex\/ata\/resultado-da-selecao-de-voluntarios-para-o-projeto-de-extensao-saude-bucal-no-sus\/' title='Resultado da Sele\u00e7\u00e3o de  Volunt\u00e1rios para o Projeto de Extens\u00e3o \u201cSA\u00daDE BUCAL NO SUS&#8221;.'>Resultado da Sele\u00e7\u00e3o de  Volunt\u00e1rios para o Projeto de Extens\u00e3o \u201cSA\u00daDE BUCAL NO SUS&#8221;.<\/a><\/h3><span class=\"av-vertical-delimiter\"><\/span><\/header><div class=\"slide-meta\"><time class='slide-meta-time updated'  itemprop=\"datePublished\" datetime=\"2026-03-12T11:36:45-03:00\" >12\/03\/2026<\/time><\/div><div class='slide-entry-excerpt entry-content'  itemprop=\"text\" >\n\n\n\nRESULTADOS\nResultado da Sele\u00e7\u00e3o de Volunt\u00e1rios para o\u2026<\/div><\/div><footer class=\"entry-footer\"><\/footer><span class='hidden'>\n\t\t\t\t<span class='av-structured-data'  itemprop=\"image\" itemscope=\"itemscope\" itemtype=\"https:\/\/schema.org\/ImageObject\" >\n\t\t\t\t\t\t<span itemprop='url'>https:\/\/www.odonto.ufmg.br\/cenex\/wp-content\/uploads\/sites\/2\/2023\/03\/Captura-de-Tela-2023-04-21-a\u0300s-12.22.55.png<\/span>\n\t\t\t\t\t\t<span itemprop='height'>922<\/span>\n\t\t\t\t\t\t<span itemprop='width'>1866<\/span>\n\t\t\t\t<\/span>\n\t\t\t\t<span class='av-structured-data'  itemprop=\"publisher\" itemtype=\"https:\/\/schema.org\/Organization\" itemscope=\"itemscope\" >\n\t\t\t\t\t\t<span itemprop='name'>cenex<\/span>\n\t\t\t\t\t\t<span itemprop='logo' itemscope itemtype='https:\/\/schema.org\/ImageObject'>\n\t\t\t\t\t\t\t<span itemprop='url'>http:\/\/www.odonto.ufmg.br\/cenex\/wp-content\/uploads\/sites\/2\/2025\/08\/logo-cenex.svg<\/span>\n\t\t\t\t\t\t<\/span>\n\t\t\t\t<\/span><span class='av-structured-data'  itemprop=\"author\" itemscope=\"itemscope\" itemtype=\"https:\/\/schema.org\/Person\" ><span itemprop='name'>cenex<\/span><\/span><span class='av-structured-data'  itemprop=\"datePublished\" datetime=\"2025-04-04T10:05:51-03:00\" >2026-03-12 11:36:45<\/span><span class='av-structured-data'  itemprop=\"dateModified\" itemtype=\"https:\/\/schema.org\/dateModified\" >2026-03-12 11:36:46<\/span><span class='av-structured-data'  itemprop=\"mainEntityOfPage\" itemtype=\"https:\/\/schema.org\/mainEntityOfPage\" ><span itemprop='name'>Resultado da Sele\u00e7\u00e3o de  Volunt\u00e1rios para o Projeto de Extens\u00e3o \u201cSA\u00daDE BUCAL NO SUS&#8221;.<\/span><\/span><\/span><\/article><article class='slide-entry flex_column  post-entry post-entry-18065 slide-entry-overview slide-loop-20 slide-parity-odd  av_one_fifth  real-thumbnail posttype-post post-format-standard'  itemscope=\"itemscope\" itemtype=\"https:\/\/schema.org\/CreativeWork\" ><a href='https:\/\/www.odonto.ufmg.br\/cenex\/ata\/resultado-da-selecao-de-bolsistas-e-voluntarios-para-o-projeto-de-extensao-protese-bucomaxilofacial\/' data-rel='slide-3' class='slide-image' title='Resultado da Sele\u00e7\u00e3o de Bolsistas e Volunt\u00e1rios para o Projeto de Extens\u00e3o \u201cPr\u00f3tese bucomaxilofacial&#8221;.'><img decoding=\"async\" fetchpriority=\"high\" width=\"260\" height=\"185\" src=\"https:\/\/www.odonto.ufmg.br\/cenex\/wp-content\/uploads\/sites\/2\/2023\/03\/Captura-de-Tela-2023-04-21-a\u0300s-12.22.55-260x185.png\" class=\"wp-image-15506 avia-img-lazy-loading-not-15506 attachment-portfolio_small size-portfolio_small wp-post-image\" alt=\"\" \/><\/a><div class=\"slide-content\"><header class=\"entry-content-header\" aria-label=\"Slide: Resultado da Sele\u00e7\u00e3o de Bolsistas e Volunt\u00e1rios para o Projeto de Extens\u00e3o \u201cPr\u00f3tese bucomaxilofacial&quot;.\"><h3 class='slide-entry-title entry-title '  itemprop=\"headline\" ><a href='https:\/\/www.odonto.ufmg.br\/cenex\/ata\/resultado-da-selecao-de-bolsistas-e-voluntarios-para-o-projeto-de-extensao-protese-bucomaxilofacial\/' title='Resultado da Sele\u00e7\u00e3o de Bolsistas e Volunt\u00e1rios para o Projeto de Extens\u00e3o \u201cPr\u00f3tese bucomaxilofacial&#8221;.'>Resultado da Sele\u00e7\u00e3o de Bolsistas e Volunt\u00e1rios para o Projeto de Extens\u00e3o \u201cPr\u00f3tese bucomaxilofacial&#8221;.<\/a><\/h3><span class=\"av-vertical-delimiter\"><\/span><\/header><div class=\"slide-meta\"><time class='slide-meta-time updated'  itemprop=\"datePublished\" datetime=\"2026-03-12T11:32:47-03:00\" >12\/03\/2026<\/time><\/div><div class='slide-entry-excerpt entry-content'  itemprop=\"text\" >\n\n\n\nRESULTADOS\nResultado da Sele\u00e7\u00e3o de Bolsistas e Volunt\u00e1rios\u2026<\/div><\/div><footer class=\"entry-footer\"><\/footer><span class='hidden'>\n\t\t\t\t<span class='av-structured-data'  itemprop=\"image\" itemscope=\"itemscope\" itemtype=\"https:\/\/schema.org\/ImageObject\" >\n\t\t\t\t\t\t<span itemprop='url'>https:\/\/www.odonto.ufmg.br\/cenex\/wp-content\/uploads\/sites\/2\/2023\/03\/Captura-de-Tela-2023-04-21-a\u0300s-12.22.55.png<\/span>\n\t\t\t\t\t\t<span itemprop='height'>922<\/span>\n\t\t\t\t\t\t<span itemprop='width'>1866<\/span>\n\t\t\t\t<\/span>\n\t\t\t\t<span class='av-structured-data'  itemprop=\"publisher\" itemtype=\"https:\/\/schema.org\/Organization\" itemscope=\"itemscope\" >\n\t\t\t\t\t\t<span itemprop='name'>cenex<\/span>\n\t\t\t\t\t\t<span itemprop='logo' itemscope itemtype='https:\/\/schema.org\/ImageObject'>\n\t\t\t\t\t\t\t<span itemprop='url'>http:\/\/www.odonto.ufmg.br\/cenex\/wp-content\/uploads\/sites\/2\/2025\/08\/logo-cenex.svg<\/span>\n\t\t\t\t\t\t<\/span>\n\t\t\t\t<\/span><span class='av-structured-data'  itemprop=\"author\" itemscope=\"itemscope\" itemtype=\"https:\/\/schema.org\/Person\" ><span itemprop='name'>cenex<\/span><\/span><span class='av-structured-data'  itemprop=\"datePublished\" datetime=\"2025-04-04T10:05:51-03:00\" >2026-03-12 11:32:47<\/span><span class='av-structured-data'  itemprop=\"dateModified\" itemtype=\"https:\/\/schema.org\/dateModified\" >2026-03-12 11:32:47<\/span><span class='av-structured-data'  itemprop=\"mainEntityOfPage\" itemtype=\"https:\/\/schema.org\/mainEntityOfPage\" ><span itemprop='name'>Resultado da Sele\u00e7\u00e3o de Bolsistas e Volunt\u00e1rios para o Projeto de Extens\u00e3o \u201cPr\u00f3tese bucomaxilofacial&#8221;.<\/span><\/span><\/span><\/article><\/div><div class=\"slide-entry-wrap\"><article class='slide-entry flex_column  post-entry post-entry-18062 slide-entry-overview slide-loop-21 slide-parity-odd  av_one_fifth first real-thumbnail posttype-post post-format-standard'  itemscope=\"itemscope\" itemtype=\"https:\/\/schema.org\/CreativeWork\" ><a href='https:\/\/www.odonto.ufmg.br\/cenex\/ata\/resultado-da-selecao-de-voluntarios-para-o-projeto-de-extensao-atencao-odontologica-a-pacientes-com-fissura-labiopalatina\/' data-rel='slide-3' class='slide-image' title='Resultado da Sele\u00e7\u00e3o de Volunt\u00e1rios para o Projeto de Extens\u00e3o \u201c Aten\u00e7\u00e3o Odontol\u00f3gica a pacientes com Fissura Labiopalatina&#8221;.'><img decoding=\"async\" fetchpriority=\"high\" width=\"260\" height=\"185\" src=\"https:\/\/www.odonto.ufmg.br\/cenex\/wp-content\/uploads\/sites\/2\/2023\/03\/Captura-de-Tela-2023-04-21-a\u0300s-12.22.55-260x185.png\" class=\"wp-image-15506 avia-img-lazy-loading-not-15506 attachment-portfolio_small size-portfolio_small wp-post-image\" alt=\"\" \/><\/a><div class=\"slide-content\"><header class=\"entry-content-header\" aria-label=\"Slide: Resultado da Sele\u00e7\u00e3o de Volunt\u00e1rios para o Projeto de Extens\u00e3o \u201c Aten\u00e7\u00e3o Odontol\u00f3gica a pacientes com Fissura Labiopalatina&quot;.\"><h3 class='slide-entry-title entry-title '  itemprop=\"headline\" ><a href='https:\/\/www.odonto.ufmg.br\/cenex\/ata\/resultado-da-selecao-de-voluntarios-para-o-projeto-de-extensao-atencao-odontologica-a-pacientes-com-fissura-labiopalatina\/' title='Resultado da Sele\u00e7\u00e3o de Volunt\u00e1rios para o Projeto de Extens\u00e3o \u201c Aten\u00e7\u00e3o Odontol\u00f3gica a pacientes com Fissura Labiopalatina&#8221;.'>Resultado da Sele\u00e7\u00e3o de Volunt\u00e1rios para o Projeto de Extens\u00e3o \u201c Aten\u00e7\u00e3o Odontol\u00f3gica a pacientes com Fissura Labiopalatina&#8221;.<\/a><\/h3><span class=\"av-vertical-delimiter\"><\/span><\/header><div class=\"slide-meta\"><time class='slide-meta-time updated'  itemprop=\"datePublished\" datetime=\"2026-03-12T11:28:28-03:00\" >12\/03\/2026<\/time><\/div><div class='slide-entry-excerpt entry-content'  itemprop=\"text\" >\n\n\n\nRESULTADOS\nResultado da Sele\u00e7\u00e3o de Volunt\u00e1rios para o\u2026<\/div><\/div><footer class=\"entry-footer\"><\/footer><span class='hidden'>\n\t\t\t\t<span class='av-structured-data'  itemprop=\"image\" itemscope=\"itemscope\" itemtype=\"https:\/\/schema.org\/ImageObject\" >\n\t\t\t\t\t\t<span itemprop='url'>https:\/\/www.odonto.ufmg.br\/cenex\/wp-content\/uploads\/sites\/2\/2023\/03\/Captura-de-Tela-2023-04-21-a\u0300s-12.22.55.png<\/span>\n\t\t\t\t\t\t<span itemprop='height'>922<\/span>\n\t\t\t\t\t\t<span itemprop='width'>1866<\/span>\n\t\t\t\t<\/span>\n\t\t\t\t<span class='av-structured-data'  itemprop=\"publisher\" itemtype=\"https:\/\/schema.org\/Organization\" itemscope=\"itemscope\" >\n\t\t\t\t\t\t<span itemprop='name'>cenex<\/span>\n\t\t\t\t\t\t<span itemprop='logo' itemscope itemtype='https:\/\/schema.org\/ImageObject'>\n\t\t\t\t\t\t\t<span itemprop='url'>http:\/\/www.odonto.ufmg.br\/cenex\/wp-content\/uploads\/sites\/2\/2025\/08\/logo-cenex.svg<\/span>\n\t\t\t\t\t\t<\/span>\n\t\t\t\t<\/span><span class='av-structured-data'  itemprop=\"author\" itemscope=\"itemscope\" itemtype=\"https:\/\/schema.org\/Person\" ><span itemprop='name'>cenex<\/span><\/span><span class='av-structured-data'  itemprop=\"datePublished\" datetime=\"2025-04-04T10:05:51-03:00\" >2026-03-12 11:28:28<\/span><span class='av-structured-data'  itemprop=\"dateModified\" itemtype=\"https:\/\/schema.org\/dateModified\" >2026-03-12 11:28:32<\/span><span class='av-structured-data'  itemprop=\"mainEntityOfPage\" itemtype=\"https:\/\/schema.org\/mainEntityOfPage\" ><span itemprop='name'>Resultado da Sele\u00e7\u00e3o de Volunt\u00e1rios para o Projeto de Extens\u00e3o \u201c Aten\u00e7\u00e3o Odontol\u00f3gica a pacientes com Fissura Labiopalatina&#8221;.<\/span><\/span><\/span><\/article><article class='slide-entry flex_column  post-entry post-entry-18059 slide-entry-overview slide-loop-22 slide-parity-even  av_one_fifth  real-thumbnail posttype-post post-format-standard'  itemscope=\"itemscope\" itemtype=\"https:\/\/schema.org\/CreativeWork\" ><a href='https:\/\/www.odonto.ufmg.br\/cenex\/ata\/resultado-da-selecao-de-voluntarios-para-o-projeto-de-extensao-nam\/' data-rel='slide-3' class='slide-image' title='Resultado da Sele\u00e7\u00e3o de Volunt\u00e1rios para o Projeto de Extens\u00e3o \u201c NAM&#8221;.'><img decoding=\"async\" fetchpriority=\"high\" width=\"260\" height=\"185\" src=\"https:\/\/www.odonto.ufmg.br\/cenex\/wp-content\/uploads\/sites\/2\/2023\/03\/Captura-de-Tela-2023-04-21-a\u0300s-12.22.55-260x185.png\" class=\"wp-image-15506 avia-img-lazy-loading-not-15506 attachment-portfolio_small size-portfolio_small wp-post-image\" alt=\"\" \/><\/a><div class=\"slide-content\"><header class=\"entry-content-header\" aria-label=\"Slide: Resultado da Sele\u00e7\u00e3o de Volunt\u00e1rios para o Projeto de Extens\u00e3o \u201c NAM&quot;.\"><h3 class='slide-entry-title entry-title '  itemprop=\"headline\" ><a href='https:\/\/www.odonto.ufmg.br\/cenex\/ata\/resultado-da-selecao-de-voluntarios-para-o-projeto-de-extensao-nam\/' title='Resultado da Sele\u00e7\u00e3o de Volunt\u00e1rios para o Projeto de Extens\u00e3o \u201c NAM&#8221;.'>Resultado da Sele\u00e7\u00e3o de Volunt\u00e1rios para o Projeto de Extens\u00e3o \u201c NAM&#8221;.<\/a><\/h3><span class=\"av-vertical-delimiter\"><\/span><\/header><div class=\"slide-meta\"><time class='slide-meta-time updated'  itemprop=\"datePublished\" datetime=\"2026-03-12T11:27:04-03:00\" >12\/03\/2026<\/time><\/div><div class='slide-entry-excerpt entry-content'  itemprop=\"text\" >\n\n\n\nRESULTADOS\nResultado da Sele\u00e7\u00e3o de Volunt\u00e1rios para o\u2026<\/div><\/div><footer class=\"entry-footer\"><\/footer><span class='hidden'>\n\t\t\t\t<span class='av-structured-data'  itemprop=\"image\" itemscope=\"itemscope\" itemtype=\"https:\/\/schema.org\/ImageObject\" >\n\t\t\t\t\t\t<span itemprop='url'>https:\/\/www.odonto.ufmg.br\/cenex\/wp-content\/uploads\/sites\/2\/2023\/03\/Captura-de-Tela-2023-04-21-a\u0300s-12.22.55.png<\/span>\n\t\t\t\t\t\t<span itemprop='height'>922<\/span>\n\t\t\t\t\t\t<span itemprop='width'>1866<\/span>\n\t\t\t\t<\/span>\n\t\t\t\t<span class='av-structured-data'  itemprop=\"publisher\" itemtype=\"https:\/\/schema.org\/Organization\" itemscope=\"itemscope\" >\n\t\t\t\t\t\t<span itemprop='name'>cenex<\/span>\n\t\t\t\t\t\t<span itemprop='logo' itemscope itemtype='https:\/\/schema.org\/ImageObject'>\n\t\t\t\t\t\t\t<span itemprop='url'>http:\/\/www.odonto.ufmg.br\/cenex\/wp-content\/uploads\/sites\/2\/2025\/08\/logo-cenex.svg<\/span>\n\t\t\t\t\t\t<\/span>\n\t\t\t\t<\/span><span class='av-structured-data'  itemprop=\"author\" itemscope=\"itemscope\" itemtype=\"https:\/\/schema.org\/Person\" ><span itemprop='name'>cenex<\/span><\/span><span class='av-structured-data'  itemprop=\"datePublished\" datetime=\"2025-04-04T10:05:51-03:00\" >2026-03-12 11:27:04<\/span><span class='av-structured-data'  itemprop=\"dateModified\" itemtype=\"https:\/\/schema.org\/dateModified\" >2026-03-12 11:27:08<\/span><span class='av-structured-data'  itemprop=\"mainEntityOfPage\" itemtype=\"https:\/\/schema.org\/mainEntityOfPage\" ><span itemprop='name'>Resultado da Sele\u00e7\u00e3o de Volunt\u00e1rios para o Projeto de Extens\u00e3o \u201c NAM&#8221;.<\/span><\/span><\/span><\/article><article class='slide-entry flex_column  post-entry post-entry-18056 slide-entry-overview slide-loop-23 slide-parity-odd  av_one_fifth  real-thumbnail posttype-post post-format-standard'  itemscope=\"itemscope\" itemtype=\"https:\/\/schema.org\/CreativeWork\" ><a href='https:\/\/www.odonto.ufmg.br\/cenex\/ata\/resultado-da-selecao-de-voluntarios-para-o-projeto-de-extensao-tv-dental-news\/' data-rel='slide-3' class='slide-image' title='Resultado da Sele\u00e7\u00e3o de Volunt\u00e1rios para o Projeto de Extens\u00e3o \u201c TV DENTAL NEWS&#8221;.'><img decoding=\"async\" fetchpriority=\"high\" width=\"260\" height=\"185\" src=\"https:\/\/www.odonto.ufmg.br\/cenex\/wp-content\/uploads\/sites\/2\/2023\/03\/Captura-de-Tela-2023-04-21-a\u0300s-12.22.55-260x185.png\" class=\"wp-image-15506 avia-img-lazy-loading-not-15506 attachment-portfolio_small size-portfolio_small wp-post-image\" alt=\"\" \/><\/a><div class=\"slide-content\"><header class=\"entry-content-header\" aria-label=\"Slide: Resultado da Sele\u00e7\u00e3o de Volunt\u00e1rios para o Projeto de Extens\u00e3o \u201c TV DENTAL NEWS&quot;.\"><h3 class='slide-entry-title entry-title '  itemprop=\"headline\" ><a href='https:\/\/www.odonto.ufmg.br\/cenex\/ata\/resultado-da-selecao-de-voluntarios-para-o-projeto-de-extensao-tv-dental-news\/' title='Resultado da Sele\u00e7\u00e3o de Volunt\u00e1rios para o Projeto de Extens\u00e3o \u201c TV DENTAL NEWS&#8221;.'>Resultado da Sele\u00e7\u00e3o de Volunt\u00e1rios para o Projeto de Extens\u00e3o \u201c TV DENTAL NEWS&#8221;.<\/a><\/h3><span class=\"av-vertical-delimiter\"><\/span><\/header><div class=\"slide-meta\"><time class='slide-meta-time updated'  itemprop=\"datePublished\" datetime=\"2026-03-12T11:25:19-03:00\" >12\/03\/2026<\/time><\/div><div class='slide-entry-excerpt entry-content'  itemprop=\"text\" >\n\n\n\nRESULTADOS\nResultado da Sele\u00e7\u00e3o de Volunt\u00e1rios para o\u2026<\/div><\/div><footer class=\"entry-footer\"><\/footer><span class='hidden'>\n\t\t\t\t<span class='av-structured-data'  itemprop=\"image\" itemscope=\"itemscope\" itemtype=\"https:\/\/schema.org\/ImageObject\" >\n\t\t\t\t\t\t<span itemprop='url'>https:\/\/www.odonto.ufmg.br\/cenex\/wp-content\/uploads\/sites\/2\/2023\/03\/Captura-de-Tela-2023-04-21-a\u0300s-12.22.55.png<\/span>\n\t\t\t\t\t\t<span itemprop='height'>922<\/span>\n\t\t\t\t\t\t<span itemprop='width'>1866<\/span>\n\t\t\t\t<\/span>\n\t\t\t\t<span class='av-structured-data'  itemprop=\"publisher\" itemtype=\"https:\/\/schema.org\/Organization\" itemscope=\"itemscope\" >\n\t\t\t\t\t\t<span itemprop='name'>cenex<\/span>\n\t\t\t\t\t\t<span itemprop='logo' itemscope itemtype='https:\/\/schema.org\/ImageObject'>\n\t\t\t\t\t\t\t<span itemprop='url'>http:\/\/www.odonto.ufmg.br\/cenex\/wp-content\/uploads\/sites\/2\/2025\/08\/logo-cenex.svg<\/span>\n\t\t\t\t\t\t<\/span>\n\t\t\t\t<\/span><span class='av-structured-data'  itemprop=\"author\" itemscope=\"itemscope\" itemtype=\"https:\/\/schema.org\/Person\" ><span itemprop='name'>cenex<\/span><\/span><span class='av-structured-data'  itemprop=\"datePublished\" datetime=\"2025-04-04T10:05:51-03:00\" >2026-03-12 11:25:19<\/span><span class='av-structured-data'  itemprop=\"dateModified\" itemtype=\"https:\/\/schema.org\/dateModified\" >2026-03-12 11:25:31<\/span><span class='av-structured-data'  itemprop=\"mainEntityOfPage\" itemtype=\"https:\/\/schema.org\/mainEntityOfPage\" ><span itemprop='name'>Resultado da Sele\u00e7\u00e3o de Volunt\u00e1rios para o Projeto de Extens\u00e3o \u201c TV DENTAL NEWS&#8221;.<\/span><\/span><\/span><\/article><article class='slide-entry flex_column  post-entry post-entry-18050 slide-entry-overview slide-loop-24 slide-parity-even  av_one_fifth  real-thumbnail posttype-post post-format-standard'  itemscope=\"itemscope\" itemtype=\"https:\/\/schema.org\/CreativeWork\" ><a href='https:\/\/www.odonto.ufmg.br\/cenex\/ata\/resultado-da-selecao-de-voluntarios-para-o-projeto-de-extensao-sororidade-na-odontologia-2-2\/' data-rel='slide-3' class='slide-image' title='Resultado da Sele\u00e7\u00e3o de Volunt\u00e1rios para o Projeto de Extens\u00e3o \u201c Reabilita\u00e7\u00e3o prot\u00e9tica de pacientes oncol\u00f3gicos assistidos pelos hospitais Luxemburgo e S\u00e3o Francisco de Assis&#8221;.'><img decoding=\"async\" fetchpriority=\"high\" width=\"260\" height=\"185\" src=\"https:\/\/www.odonto.ufmg.br\/cenex\/wp-content\/uploads\/sites\/2\/2023\/03\/Captura-de-Tela-2023-04-21-a\u0300s-12.22.55-260x185.png\" class=\"wp-image-15506 avia-img-lazy-loading-not-15506 attachment-portfolio_small size-portfolio_small wp-post-image\" alt=\"\" \/><\/a><div class=\"slide-content\"><header class=\"entry-content-header\" aria-label=\"Slide: Resultado da Sele\u00e7\u00e3o de Volunt\u00e1rios para o Projeto de Extens\u00e3o \u201c Reabilita\u00e7\u00e3o prot\u00e9tica de pacientes oncol\u00f3gicos assistidos pelos hospitais Luxemburgo e S\u00e3o Francisco de Assis&quot;.\"><h3 class='slide-entry-title entry-title '  itemprop=\"headline\" ><a href='https:\/\/www.odonto.ufmg.br\/cenex\/ata\/resultado-da-selecao-de-voluntarios-para-o-projeto-de-extensao-sororidade-na-odontologia-2-2\/' title='Resultado da Sele\u00e7\u00e3o de Volunt\u00e1rios para o Projeto de Extens\u00e3o \u201c Reabilita\u00e7\u00e3o prot\u00e9tica de pacientes oncol\u00f3gicos assistidos pelos hospitais Luxemburgo e S\u00e3o Francisco de Assis&#8221;.'>Resultado da Sele\u00e7\u00e3o de Volunt\u00e1rios para o Projeto de Extens\u00e3o \u201c Reabilita\u00e7\u00e3o prot\u00e9tica de pacientes oncol\u00f3gicos assistidos pelos hospitais Luxemburgo e S\u00e3o Francisco de Assis&#8221;.<\/a><\/h3><span class=\"av-vertical-delimiter\"><\/span><\/header><div class=\"slide-meta\"><time class='slide-meta-time updated'  itemprop=\"datePublished\" datetime=\"2026-03-12T11:20:44-03:00\" >12\/03\/2026<\/time><\/div><div class='slide-entry-excerpt entry-content'  itemprop=\"text\" >\n\n\n\nRESULTADOS\nResultado da Sele\u00e7\u00e3o de Volunt\u00e1rios para o\u2026<\/div><\/div><footer class=\"entry-footer\"><\/footer><span class='hidden'>\n\t\t\t\t<span class='av-structured-data'  itemprop=\"image\" itemscope=\"itemscope\" itemtype=\"https:\/\/schema.org\/ImageObject\" >\n\t\t\t\t\t\t<span itemprop='url'>https:\/\/www.odonto.ufmg.br\/cenex\/wp-content\/uploads\/sites\/2\/2023\/03\/Captura-de-Tela-2023-04-21-a\u0300s-12.22.55.png<\/span>\n\t\t\t\t\t\t<span itemprop='height'>922<\/span>\n\t\t\t\t\t\t<span itemprop='width'>1866<\/span>\n\t\t\t\t<\/span>\n\t\t\t\t<span class='av-structured-data'  itemprop=\"publisher\" itemtype=\"https:\/\/schema.org\/Organization\" itemscope=\"itemscope\" >\n\t\t\t\t\t\t<span itemprop='name'>cenex<\/span>\n\t\t\t\t\t\t<span itemprop='logo' itemscope itemtype='https:\/\/schema.org\/ImageObject'>\n\t\t\t\t\t\t\t<span itemprop='url'>http:\/\/www.odonto.ufmg.br\/cenex\/wp-content\/uploads\/sites\/2\/2025\/08\/logo-cenex.svg<\/span>\n\t\t\t\t\t\t<\/span>\n\t\t\t\t<\/span><span class='av-structured-data'  itemprop=\"author\" itemscope=\"itemscope\" itemtype=\"https:\/\/schema.org\/Person\" ><span itemprop='name'>cenex<\/span><\/span><span class='av-structured-data'  itemprop=\"datePublished\" datetime=\"2025-04-04T10:05:51-03:00\" >2026-03-12 11:20:44<\/span><span class='av-structured-data'  itemprop=\"dateModified\" itemtype=\"https:\/\/schema.org\/dateModified\" >2026-03-12 11:20:59<\/span><span class='av-structured-data'  itemprop=\"mainEntityOfPage\" itemtype=\"https:\/\/schema.org\/mainEntityOfPage\" ><span itemprop='name'>Resultado da Sele\u00e7\u00e3o de Volunt\u00e1rios para o Projeto de Extens\u00e3o \u201c Reabilita\u00e7\u00e3o prot\u00e9tica de pacientes oncol\u00f3gicos assistidos pelos hospitais Luxemburgo e S\u00e3o Francisco de Assis&#8221;.<\/span><\/span><\/span><\/article><article class='slide-entry flex_column  post-entry post-entry-18047 slide-entry-overview slide-loop-25 slide-parity-odd  av_one_fifth  real-thumbnail posttype-post post-format-standard'  itemscope=\"itemscope\" itemtype=\"https:\/\/schema.org\/CreativeWork\" ><a href='https:\/\/www.odonto.ufmg.br\/cenex\/ata\/resultado-da-selecao-de-voluntarios-para-o-projeto-de-extensao-sororidade-na-odontologia-2\/' data-rel='slide-3' class='slide-image' title='Resultado da Sele\u00e7\u00e3o de Volunt\u00e1rios para o Projeto de Extens\u00e3o \u201cSororidade na Odontologia&#8221;.'><img decoding=\"async\" fetchpriority=\"high\" width=\"260\" height=\"185\" src=\"https:\/\/www.odonto.ufmg.br\/cenex\/wp-content\/uploads\/sites\/2\/2023\/03\/Captura-de-Tela-2023-04-21-a\u0300s-12.22.55-260x185.png\" class=\"wp-image-15506 avia-img-lazy-loading-not-15506 attachment-portfolio_small size-portfolio_small wp-post-image\" alt=\"\" \/><\/a><div class=\"slide-content\"><header class=\"entry-content-header\" aria-label=\"Slide: Resultado da Sele\u00e7\u00e3o de Volunt\u00e1rios para o Projeto de Extens\u00e3o \u201cSororidade na Odontologia&quot;.\"><h3 class='slide-entry-title entry-title '  itemprop=\"headline\" ><a href='https:\/\/www.odonto.ufmg.br\/cenex\/ata\/resultado-da-selecao-de-voluntarios-para-o-projeto-de-extensao-sororidade-na-odontologia-2\/' title='Resultado da Sele\u00e7\u00e3o de Volunt\u00e1rios para o Projeto de Extens\u00e3o \u201cSororidade na Odontologia&#8221;.'>Resultado da Sele\u00e7\u00e3o de Volunt\u00e1rios para o Projeto de Extens\u00e3o \u201cSororidade na Odontologia&#8221;.<\/a><\/h3><span class=\"av-vertical-delimiter\"><\/span><\/header><div class=\"slide-meta\"><time class='slide-meta-time updated'  itemprop=\"datePublished\" datetime=\"2026-03-12T11:18:38-03:00\" >12\/03\/2026<\/time><\/div><div class='slide-entry-excerpt entry-content'  itemprop=\"text\" >\n\n\n\nRESULTADOS\nResultado da Sele\u00e7\u00e3o de Volunt\u00e1rios para o\u2026<\/div><\/div><footer class=\"entry-footer\"><\/footer><span class='hidden'>\n\t\t\t\t<span class='av-structured-data'  itemprop=\"image\" itemscope=\"itemscope\" itemtype=\"https:\/\/schema.org\/ImageObject\" >\n\t\t\t\t\t\t<span itemprop='url'>https:\/\/www.odonto.ufmg.br\/cenex\/wp-content\/uploads\/sites\/2\/2023\/03\/Captura-de-Tela-2023-04-21-a\u0300s-12.22.55.png<\/span>\n\t\t\t\t\t\t<span itemprop='height'>922<\/span>\n\t\t\t\t\t\t<span itemprop='width'>1866<\/span>\n\t\t\t\t<\/span>\n\t\t\t\t<span class='av-structured-data'  itemprop=\"publisher\" itemtype=\"https:\/\/schema.org\/Organization\" itemscope=\"itemscope\" >\n\t\t\t\t\t\t<span itemprop='name'>cenex<\/span>\n\t\t\t\t\t\t<span itemprop='logo' itemscope itemtype='https:\/\/schema.org\/ImageObject'>\n\t\t\t\t\t\t\t<span itemprop='url'>http:\/\/www.odonto.ufmg.br\/cenex\/wp-content\/uploads\/sites\/2\/2025\/08\/logo-cenex.svg<\/span>\n\t\t\t\t\t\t<\/span>\n\t\t\t\t<\/span><span class='av-structured-data'  itemprop=\"author\" itemscope=\"itemscope\" itemtype=\"https:\/\/schema.org\/Person\" ><span itemprop='name'>cenex<\/span><\/span><span class='av-structured-data'  itemprop=\"datePublished\" datetime=\"2025-04-04T10:05:51-03:00\" >2026-03-12 11:18:38<\/span><span class='av-structured-data'  itemprop=\"dateModified\" itemtype=\"https:\/\/schema.org\/dateModified\" >2026-03-12 11:18:45<\/span><span class='av-structured-data'  itemprop=\"mainEntityOfPage\" itemtype=\"https:\/\/schema.org\/mainEntityOfPage\" ><span itemprop='name'>Resultado da Sele\u00e7\u00e3o de Volunt\u00e1rios para o Projeto de Extens\u00e3o \u201cSororidade na Odontologia&#8221;.<\/span><\/span><\/span><\/article><\/div><div class=\"slide-entry-wrap\"><article class='slide-entry flex_column  post-entry post-entry-18045 slide-entry-overview slide-loop-26 slide-parity-odd  av_one_fifth first real-thumbnail posttype-post post-format-standard'  itemscope=\"itemscope\" itemtype=\"https:\/\/schema.org\/CreativeWork\" ><a href='https:\/\/www.odonto.ufmg.br\/cenex\/ata\/resultado-da-selecao-de-bolsista-e-voluntarios-para-o-projeto-de-extensao-atendimento-ortodontico-para-individuos-com-fissuras-labiopalatinas\/' data-rel='slide-3' class='slide-image' title='Resultado da Sele\u00e7\u00e3o de Bolsista e Volunt\u00e1rios para o Projeto de Extens\u00e3o \u201cAtendimento ortod\u00f4ntico para indiv\u00edduos com fissuras labiopalatinas&#8221;.'><img decoding=\"async\" fetchpriority=\"high\" width=\"260\" height=\"185\" src=\"https:\/\/www.odonto.ufmg.br\/cenex\/wp-content\/uploads\/sites\/2\/2023\/03\/Captura-de-Tela-2023-04-21-a\u0300s-12.22.55-260x185.png\" class=\"wp-image-15506 avia-img-lazy-loading-not-15506 attachment-portfolio_small size-portfolio_small wp-post-image\" alt=\"\" \/><\/a><div class=\"slide-content\"><header class=\"entry-content-header\" aria-label=\"Slide: Resultado da Sele\u00e7\u00e3o de Bolsista e Volunt\u00e1rios para o Projeto de Extens\u00e3o \u201cAtendimento ortod\u00f4ntico para indiv\u00edduos com fissuras labiopalatinas&quot;.\"><h3 class='slide-entry-title entry-title '  itemprop=\"headline\" ><a href='https:\/\/www.odonto.ufmg.br\/cenex\/ata\/resultado-da-selecao-de-bolsista-e-voluntarios-para-o-projeto-de-extensao-atendimento-ortodontico-para-individuos-com-fissuras-labiopalatinas\/' title='Resultado da Sele\u00e7\u00e3o de Bolsista e Volunt\u00e1rios para o Projeto de Extens\u00e3o \u201cAtendimento ortod\u00f4ntico para indiv\u00edduos com fissuras labiopalatinas&#8221;.'>Resultado da Sele\u00e7\u00e3o de Bolsista e Volunt\u00e1rios para o Projeto de Extens\u00e3o \u201cAtendimento ortod\u00f4ntico para indiv\u00edduos com fissuras labiopalatinas&#8221;.<\/a><\/h3><span class=\"av-vertical-delimiter\"><\/span><\/header><div class=\"slide-meta\"><time class='slide-meta-time updated'  itemprop=\"datePublished\" datetime=\"2026-03-12T11:16:21-03:00\" >12\/03\/2026<\/time><\/div><div class='slide-entry-excerpt entry-content'  itemprop=\"text\" >\n\n\n\nRESULTADOS\nResultado da Sele\u00e7\u00e3o de Bolsista e Volunt\u00e1rios\u2026<\/div><\/div><footer class=\"entry-footer\"><\/footer><span class='hidden'>\n\t\t\t\t<span class='av-structured-data'  itemprop=\"image\" itemscope=\"itemscope\" itemtype=\"https:\/\/schema.org\/ImageObject\" >\n\t\t\t\t\t\t<span itemprop='url'>https:\/\/www.odonto.ufmg.br\/cenex\/wp-content\/uploads\/sites\/2\/2023\/03\/Captura-de-Tela-2023-04-21-a\u0300s-12.22.55.png<\/span>\n\t\t\t\t\t\t<span itemprop='height'>922<\/span>\n\t\t\t\t\t\t<span itemprop='width'>1866<\/span>\n\t\t\t\t<\/span>\n\t\t\t\t<span class='av-structured-data'  itemprop=\"publisher\" itemtype=\"https:\/\/schema.org\/Organization\" itemscope=\"itemscope\" >\n\t\t\t\t\t\t<span itemprop='name'>cenex<\/span>\n\t\t\t\t\t\t<span itemprop='logo' itemscope itemtype='https:\/\/schema.org\/ImageObject'>\n\t\t\t\t\t\t\t<span itemprop='url'>http:\/\/www.odonto.ufmg.br\/cenex\/wp-content\/uploads\/sites\/2\/2025\/08\/logo-cenex.svg<\/span>\n\t\t\t\t\t\t<\/span>\n\t\t\t\t<\/span><span class='av-structured-data'  itemprop=\"author\" itemscope=\"itemscope\" itemtype=\"https:\/\/schema.org\/Person\" ><span itemprop='name'>cenex<\/span><\/span><span class='av-structured-data'  itemprop=\"datePublished\" datetime=\"2025-04-04T10:05:51-03:00\" >2026-03-12 11:16:21<\/span><span class='av-structured-data'  itemprop=\"dateModified\" itemtype=\"https:\/\/schema.org\/dateModified\" >2026-03-12 11:16:26<\/span><span class='av-structured-data'  itemprop=\"mainEntityOfPage\" itemtype=\"https:\/\/schema.org\/mainEntityOfPage\" ><span itemprop='name'>Resultado da Sele\u00e7\u00e3o de Bolsista e Volunt\u00e1rios para o Projeto de Extens\u00e3o \u201cAtendimento ortod\u00f4ntico para indiv\u00edduos com fissuras labiopalatinas&#8221;.<\/span><\/span><\/span><\/article><article class='slide-entry flex_column  post-entry post-entry-18041 slide-entry-overview slide-loop-27 slide-parity-even  av_one_fifth  real-thumbnail posttype-post post-format-standard'  itemscope=\"itemscope\" itemtype=\"https:\/\/schema.org\/CreativeWork\" ><a href='https:\/\/www.odonto.ufmg.br\/cenex\/ata\/resultado-da-selecao-de-voluntarios-para-o-projeto-de-extensao-tal-mae-tal-filho-promocao-de-saude-bucal-para-gestantes\/' data-rel='slide-3' class='slide-image' title='Resultado da Sele\u00e7\u00e3o de Volunt\u00e1rios para o Projeto de Extens\u00e3o \u201cTal m\u00e3e, tal filho &#8211; promo\u00e7\u00e3o de sa\u00fade bucal para gestantes&#8221;.'><img decoding=\"async\" fetchpriority=\"high\" width=\"260\" height=\"185\" src=\"https:\/\/www.odonto.ufmg.br\/cenex\/wp-content\/uploads\/sites\/2\/2023\/03\/Captura-de-Tela-2023-04-21-a\u0300s-12.22.55-260x185.png\" class=\"wp-image-15506 avia-img-lazy-loading-not-15506 attachment-portfolio_small size-portfolio_small wp-post-image\" alt=\"\" \/><\/a><div class=\"slide-content\"><header class=\"entry-content-header\" aria-label=\"Slide: Resultado da Sele\u00e7\u00e3o de Volunt\u00e1rios para o Projeto de Extens\u00e3o \u201cTal m\u00e3e, tal filho - promo\u00e7\u00e3o de sa\u00fade bucal para gestantes&quot;.\"><h3 class='slide-entry-title entry-title '  itemprop=\"headline\" ><a href='https:\/\/www.odonto.ufmg.br\/cenex\/ata\/resultado-da-selecao-de-voluntarios-para-o-projeto-de-extensao-tal-mae-tal-filho-promocao-de-saude-bucal-para-gestantes\/' title='Resultado da Sele\u00e7\u00e3o de Volunt\u00e1rios para o Projeto de Extens\u00e3o \u201cTal m\u00e3e, tal filho &#8211; promo\u00e7\u00e3o de sa\u00fade bucal para gestantes&#8221;.'>Resultado da Sele\u00e7\u00e3o de Volunt\u00e1rios para o Projeto de Extens\u00e3o \u201cTal m\u00e3e, tal filho &#8211; promo\u00e7\u00e3o de sa\u00fade bucal para gestantes&#8221;.<\/a><\/h3><span class=\"av-vertical-delimiter\"><\/span><\/header><div class=\"slide-meta\"><time class='slide-meta-time updated'  itemprop=\"datePublished\" datetime=\"2026-03-12T11:12:13-03:00\" >12\/03\/2026<\/time><\/div><div class='slide-entry-excerpt entry-content'  itemprop=\"text\" >\n\n\n\n\n\n\n\nRESULTADOS\nResultado da Sele\u00e7\u00e3o de Volunt\u00e1rios para\u2026<\/div><\/div><footer class=\"entry-footer\"><\/footer><span class='hidden'>\n\t\t\t\t<span class='av-structured-data'  itemprop=\"image\" itemscope=\"itemscope\" itemtype=\"https:\/\/schema.org\/ImageObject\" >\n\t\t\t\t\t\t<span itemprop='url'>https:\/\/www.odonto.ufmg.br\/cenex\/wp-content\/uploads\/sites\/2\/2023\/03\/Captura-de-Tela-2023-04-21-a\u0300s-12.22.55.png<\/span>\n\t\t\t\t\t\t<span itemprop='height'>922<\/span>\n\t\t\t\t\t\t<span itemprop='width'>1866<\/span>\n\t\t\t\t<\/span>\n\t\t\t\t<span class='av-structured-data'  itemprop=\"publisher\" itemtype=\"https:\/\/schema.org\/Organization\" itemscope=\"itemscope\" >\n\t\t\t\t\t\t<span itemprop='name'>cenex<\/span>\n\t\t\t\t\t\t<span itemprop='logo' itemscope itemtype='https:\/\/schema.org\/ImageObject'>\n\t\t\t\t\t\t\t<span itemprop='url'>http:\/\/www.odonto.ufmg.br\/cenex\/wp-content\/uploads\/sites\/2\/2025\/08\/logo-cenex.svg<\/span>\n\t\t\t\t\t\t<\/span>\n\t\t\t\t<\/span><span class='av-structured-data'  itemprop=\"author\" itemscope=\"itemscope\" itemtype=\"https:\/\/schema.org\/Person\" ><span itemprop='name'>cenex<\/span><\/span><span class='av-structured-data'  itemprop=\"datePublished\" datetime=\"2025-04-04T10:05:51-03:00\" >2026-03-12 11:12:13<\/span><span class='av-structured-data'  itemprop=\"dateModified\" itemtype=\"https:\/\/schema.org\/dateModified\" >2026-03-12 11:12:59<\/span><span class='av-structured-data'  itemprop=\"mainEntityOfPage\" itemtype=\"https:\/\/schema.org\/mainEntityOfPage\" ><span itemprop='name'>Resultado da Sele\u00e7\u00e3o de Volunt\u00e1rios para o Projeto de Extens\u00e3o \u201cTal m\u00e3e, tal filho &#8211; promo\u00e7\u00e3o de sa\u00fade bucal para gestantes&#8221;.<\/span><\/span><\/span><\/article><article class='slide-entry flex_column  post-entry post-entry-18038 slide-entry-overview slide-loop-28 slide-parity-odd  av_one_fifth  real-thumbnail posttype-post post-format-standard'  itemscope=\"itemscope\" itemtype=\"https:\/\/schema.org\/CreativeWork\" ><a href='https:\/\/www.odonto.ufmg.br\/cenex\/ata\/resultado-da-selecao-de-voluntarios-para-o-projeto-de-extensao-programa-de-assistencia-odontologica-a-pacientes-de-transplante-da-ufmg\/' data-rel='slide-3' class='slide-image' title='Resultado da Sele\u00e7\u00e3o de Volunt\u00e1rios para o Projeto de Extens\u00e3o \u201cPROGRAMA DE ASSIST\u00caNCIA ODONTOL\u00d3GICA A PACIENTES DE TRANSPLANTE DA UFMG&#8221;.'><img decoding=\"async\" fetchpriority=\"high\" width=\"260\" height=\"185\" src=\"https:\/\/www.odonto.ufmg.br\/cenex\/wp-content\/uploads\/sites\/2\/2023\/03\/Captura-de-Tela-2023-04-21-a\u0300s-12.22.55-260x185.png\" class=\"wp-image-15506 avia-img-lazy-loading-not-15506 attachment-portfolio_small size-portfolio_small wp-post-image\" alt=\"\" \/><\/a><div class=\"slide-content\"><header class=\"entry-content-header\" aria-label=\"Slide: Resultado da Sele\u00e7\u00e3o de Volunt\u00e1rios para o Projeto de Extens\u00e3o \u201cPROGRAMA DE ASSIST\u00caNCIA ODONTOL\u00d3GICA A PACIENTES DE TRANSPLANTE DA UFMG&quot;.\"><h3 class='slide-entry-title entry-title '  itemprop=\"headline\" ><a href='https:\/\/www.odonto.ufmg.br\/cenex\/ata\/resultado-da-selecao-de-voluntarios-para-o-projeto-de-extensao-programa-de-assistencia-odontologica-a-pacientes-de-transplante-da-ufmg\/' title='Resultado da Sele\u00e7\u00e3o de Volunt\u00e1rios para o Projeto de Extens\u00e3o \u201cPROGRAMA DE ASSIST\u00caNCIA ODONTOL\u00d3GICA A PACIENTES DE TRANSPLANTE DA UFMG&#8221;.'>Resultado da Sele\u00e7\u00e3o de Volunt\u00e1rios para o Projeto de Extens\u00e3o \u201cPROGRAMA DE ASSIST\u00caNCIA ODONTOL\u00d3GICA A PACIENTES DE TRANSPLANTE DA UFMG&#8221;.<\/a><\/h3><span class=\"av-vertical-delimiter\"><\/span><\/header><div class=\"slide-meta\"><time class='slide-meta-time updated'  itemprop=\"datePublished\" datetime=\"2026-03-12T11:09:42-03:00\" >12\/03\/2026<\/time><\/div><div class='slide-entry-excerpt entry-content'  itemprop=\"text\" >\n\n\n\n\n\n\n\nRESULTADOS\nResultado da Sele\u00e7\u00e3o de Volunt\u00e1rios para\u2026<\/div><\/div><footer class=\"entry-footer\"><\/footer><span class='hidden'>\n\t\t\t\t<span class='av-structured-data'  itemprop=\"image\" itemscope=\"itemscope\" itemtype=\"https:\/\/schema.org\/ImageObject\" >\n\t\t\t\t\t\t<span itemprop='url'>https:\/\/www.odonto.ufmg.br\/cenex\/wp-content\/uploads\/sites\/2\/2023\/03\/Captura-de-Tela-2023-04-21-a\u0300s-12.22.55.png<\/span>\n\t\t\t\t\t\t<span itemprop='height'>922<\/span>\n\t\t\t\t\t\t<span itemprop='width'>1866<\/span>\n\t\t\t\t<\/span>\n\t\t\t\t<span class='av-structured-data'  itemprop=\"publisher\" itemtype=\"https:\/\/schema.org\/Organization\" itemscope=\"itemscope\" >\n\t\t\t\t\t\t<span itemprop='name'>cenex<\/span>\n\t\t\t\t\t\t<span itemprop='logo' itemscope itemtype='https:\/\/schema.org\/ImageObject'>\n\t\t\t\t\t\t\t<span itemprop='url'>http:\/\/www.odonto.ufmg.br\/cenex\/wp-content\/uploads\/sites\/2\/2025\/08\/logo-cenex.svg<\/span>\n\t\t\t\t\t\t<\/span>\n\t\t\t\t<\/span><span class='av-structured-data'  itemprop=\"author\" itemscope=\"itemscope\" itemtype=\"https:\/\/schema.org\/Person\" ><span itemprop='name'>cenex<\/span><\/span><span class='av-structured-data'  itemprop=\"datePublished\" datetime=\"2025-04-04T10:05:51-03:00\" >2026-03-12 11:09:42<\/span><span class='av-structured-data'  itemprop=\"dateModified\" itemtype=\"https:\/\/schema.org\/dateModified\" >2026-03-12 11:09:42<\/span><span class='av-structured-data'  itemprop=\"mainEntityOfPage\" itemtype=\"https:\/\/schema.org\/mainEntityOfPage\" ><span itemprop='name'>Resultado da Sele\u00e7\u00e3o de Volunt\u00e1rios para o Projeto de Extens\u00e3o \u201cPROGRAMA DE ASSIST\u00caNCIA ODONTOL\u00d3GICA A PACIENTES DE TRANSPLANTE DA UFMG&#8221;.<\/span><\/span><\/span><\/article><article class='slide-entry flex_column  post-entry post-entry-18035 slide-entry-overview slide-loop-29 slide-parity-even  av_one_fifth  real-thumbnail posttype-post post-format-standard'  itemscope=\"itemscope\" itemtype=\"https:\/\/schema.org\/CreativeWork\" ><a href='https:\/\/www.odonto.ufmg.br\/cenex\/ata\/resultado-da-selecao-de-voluntarios-para-o-projeto-de-extensao-teleodontologia-2\/' data-rel='slide-3' class='slide-image' title='Resultado da Sele\u00e7\u00e3o de Volunt\u00e1rios para o Projeto de Extens\u00e3o \u201cTeleodontologia&#8221;.'><img decoding=\"async\" fetchpriority=\"high\" width=\"260\" height=\"185\" src=\"https:\/\/www.odonto.ufmg.br\/cenex\/wp-content\/uploads\/sites\/2\/2023\/03\/Captura-de-Tela-2023-04-21-a\u0300s-12.22.55-260x185.png\" class=\"wp-image-15506 avia-img-lazy-loading-not-15506 attachment-portfolio_small size-portfolio_small wp-post-image\" alt=\"\" \/><\/a><div class=\"slide-content\"><header class=\"entry-content-header\" aria-label=\"Slide: Resultado da Sele\u00e7\u00e3o de Volunt\u00e1rios para o Projeto de Extens\u00e3o \u201cTeleodontologia&quot;.\"><h3 class='slide-entry-title entry-title '  itemprop=\"headline\" ><a href='https:\/\/www.odonto.ufmg.br\/cenex\/ata\/resultado-da-selecao-de-voluntarios-para-o-projeto-de-extensao-teleodontologia-2\/' title='Resultado da Sele\u00e7\u00e3o de Volunt\u00e1rios para o Projeto de Extens\u00e3o \u201cTeleodontologia&#8221;.'>Resultado da Sele\u00e7\u00e3o de Volunt\u00e1rios para o Projeto de Extens\u00e3o \u201cTeleodontologia&#8221;.<\/a><\/h3><span class=\"av-vertical-delimiter\"><\/span><\/header><div class=\"slide-meta\"><time class='slide-meta-time updated'  itemprop=\"datePublished\" datetime=\"2026-03-12T11:06:59-03:00\" >12\/03\/2026<\/time><\/div><div class='slide-entry-excerpt entry-content'  itemprop=\"text\" >\n\n\n\n\n\n\n\nRESULTADOS\nResultado da Sele\u00e7\u00e3o de Volunt\u00e1rios para\u2026<\/div><\/div><footer class=\"entry-footer\"><\/footer><span class='hidden'>\n\t\t\t\t<span class='av-structured-data'  itemprop=\"image\" itemscope=\"itemscope\" itemtype=\"https:\/\/schema.org\/ImageObject\" >\n\t\t\t\t\t\t<span itemprop='url'>https:\/\/www.odonto.ufmg.br\/cenex\/wp-content\/uploads\/sites\/2\/2023\/03\/Captura-de-Tela-2023-04-21-a\u0300s-12.22.55.png<\/span>\n\t\t\t\t\t\t<span itemprop='height'>922<\/span>\n\t\t\t\t\t\t<span itemprop='width'>1866<\/span>\n\t\t\t\t<\/span>\n\t\t\t\t<span class='av-structured-data'  itemprop=\"publisher\" itemtype=\"https:\/\/schema.org\/Organization\" itemscope=\"itemscope\" >\n\t\t\t\t\t\t<span itemprop='name'>cenex<\/span>\n\t\t\t\t\t\t<span itemprop='logo' itemscope itemtype='https:\/\/schema.org\/ImageObject'>\n\t\t\t\t\t\t\t<span itemprop='url'>http:\/\/www.odonto.ufmg.br\/cenex\/wp-content\/uploads\/sites\/2\/2025\/08\/logo-cenex.svg<\/span>\n\t\t\t\t\t\t<\/span>\n\t\t\t\t<\/span><span class='av-structured-data'  itemprop=\"author\" itemscope=\"itemscope\" itemtype=\"https:\/\/schema.org\/Person\" ><span itemprop='name'>cenex<\/span><\/span><span class='av-structured-data'  itemprop=\"datePublished\" datetime=\"2025-04-04T10:05:51-03:00\" >2026-03-12 11:06:59<\/span><span class='av-structured-data'  itemprop=\"dateModified\" itemtype=\"https:\/\/schema.org\/dateModified\" >2026-03-12 11:06:59<\/span><span class='av-structured-data'  itemprop=\"mainEntityOfPage\" itemtype=\"https:\/\/schema.org\/mainEntityOfPage\" ><span itemprop='name'>Resultado da Sele\u00e7\u00e3o de Volunt\u00e1rios para o Projeto de Extens\u00e3o \u201cTeleodontologia&#8221;.<\/span><\/span><\/span><\/article><article class='slide-entry flex_column  post-entry post-entry-18032 slide-entry-overview slide-loop-30 slide-parity-odd  av_one_fifth  real-thumbnail posttype-post post-format-standard'  itemscope=\"itemscope\" itemtype=\"https:\/\/schema.org\/CreativeWork\" ><a href='https:\/\/www.odonto.ufmg.br\/cenex\/ata\/resultado-da-selecao-de-voluntarios-para-o-projeto-de-extensao-clareamento-dental-2\/' data-rel='slide-3' class='slide-image' title='Resultado da Sele\u00e7\u00e3o de Volunt\u00e1rios para o Projeto de Extens\u00e3o \u201cClareamento Dental&#8221;.'><img decoding=\"async\" fetchpriority=\"high\" width=\"260\" height=\"185\" src=\"https:\/\/www.odonto.ufmg.br\/cenex\/wp-content\/uploads\/sites\/2\/2023\/03\/Captura-de-Tela-2023-04-21-a\u0300s-12.22.55-260x185.png\" class=\"wp-image-15506 avia-img-lazy-loading-not-15506 attachment-portfolio_small size-portfolio_small wp-post-image\" alt=\"\" \/><\/a><div class=\"slide-content\"><header class=\"entry-content-header\" aria-label=\"Slide: Resultado da Sele\u00e7\u00e3o de Volunt\u00e1rios para o Projeto de Extens\u00e3o \u201cClareamento Dental&quot;.\"><h3 class='slide-entry-title entry-title '  itemprop=\"headline\" ><a href='https:\/\/www.odonto.ufmg.br\/cenex\/ata\/resultado-da-selecao-de-voluntarios-para-o-projeto-de-extensao-clareamento-dental-2\/' title='Resultado da Sele\u00e7\u00e3o de Volunt\u00e1rios para o Projeto de Extens\u00e3o \u201cClareamento Dental&#8221;.'>Resultado da Sele\u00e7\u00e3o de Volunt\u00e1rios para o Projeto de Extens\u00e3o \u201cClareamento Dental&#8221;.<\/a><\/h3><span class=\"av-vertical-delimiter\"><\/span><\/header><div class=\"slide-meta\"><time class='slide-meta-time updated'  itemprop=\"datePublished\" datetime=\"2026-03-12T11:04:48-03:00\" >12\/03\/2026<\/time><\/div><div class='slide-entry-excerpt entry-content'  itemprop=\"text\" >\n\n\n\n\n\n\n\nRESULTADOS\nResultado da Sele\u00e7\u00e3o de Volunt\u00e1rios para\u2026<\/div><\/div><footer class=\"entry-footer\"><\/footer><span class='hidden'>\n\t\t\t\t<span class='av-structured-data'  itemprop=\"image\" itemscope=\"itemscope\" itemtype=\"https:\/\/schema.org\/ImageObject\" >\n\t\t\t\t\t\t<span itemprop='url'>https:\/\/www.odonto.ufmg.br\/cenex\/wp-content\/uploads\/sites\/2\/2023\/03\/Captura-de-Tela-2023-04-21-a\u0300s-12.22.55.png<\/span>\n\t\t\t\t\t\t<span itemprop='height'>922<\/span>\n\t\t\t\t\t\t<span itemprop='width'>1866<\/span>\n\t\t\t\t<\/span>\n\t\t\t\t<span class='av-structured-data'  itemprop=\"publisher\" itemtype=\"https:\/\/schema.org\/Organization\" itemscope=\"itemscope\" >\n\t\t\t\t\t\t<span itemprop='name'>cenex<\/span>\n\t\t\t\t\t\t<span itemprop='logo' itemscope itemtype='https:\/\/schema.org\/ImageObject'>\n\t\t\t\t\t\t\t<span itemprop='url'>http:\/\/www.odonto.ufmg.br\/cenex\/wp-content\/uploads\/sites\/2\/2025\/08\/logo-cenex.svg<\/span>\n\t\t\t\t\t\t<\/span>\n\t\t\t\t<\/span><span class='av-structured-data'  itemprop=\"author\" itemscope=\"itemscope\" itemtype=\"https:\/\/schema.org\/Person\" ><span itemprop='name'>cenex<\/span><\/span><span class='av-structured-data'  itemprop=\"datePublished\" datetime=\"2025-04-04T10:05:51-03:00\" >2026-03-12 11:04:48<\/span><span class='av-structured-data'  itemprop=\"dateModified\" itemtype=\"https:\/\/schema.org\/dateModified\" >2026-03-12 11:04:56<\/span><span class='av-structured-data'  itemprop=\"mainEntityOfPage\" itemtype=\"https:\/\/schema.org\/mainEntityOfPage\" ><span itemprop='name'>Resultado da Sele\u00e7\u00e3o de Volunt\u00e1rios para o Projeto de Extens\u00e3o \u201cClareamento Dental&#8221;.<\/span><\/span><\/span><\/article><\/div><div class=\"slide-entry-wrap\"><article class='slide-entry flex_column  post-entry post-entry-18029 slide-entry-overview slide-loop-31 slide-parity-odd  av_one_fifth first real-thumbnail posttype-post post-format-standard'  itemscope=\"itemscope\" itemtype=\"https:\/\/schema.org\/CreativeWork\" ><a href='https:\/\/www.odonto.ufmg.br\/cenex\/ata\/resultado-da-selecao-de-voluntarios-para-o-projeto-de-extensao-atendimento-a-individuos-com-comprometimento-sistemico-e-necessidade-de-tratamento-endodontico-2\/' data-rel='slide-3' class='slide-image' title='Resultado da Sele\u00e7\u00e3o de Volunt\u00e1rios para o Projeto de Extens\u00e3o \u201cAtendimento a indiv\u00edduos com comprometimento sist\u00eamico e necessidade de tratamento endod\u00f4ntico&#8221;.'><img decoding=\"async\" fetchpriority=\"high\" width=\"260\" height=\"185\" src=\"https:\/\/www.odonto.ufmg.br\/cenex\/wp-content\/uploads\/sites\/2\/2023\/03\/Captura-de-Tela-2023-04-21-a\u0300s-12.22.55-260x185.png\" class=\"wp-image-15506 avia-img-lazy-loading-not-15506 attachment-portfolio_small size-portfolio_small wp-post-image\" alt=\"\" \/><\/a><div class=\"slide-content\"><header class=\"entry-content-header\" aria-label=\"Slide: Resultado da Sele\u00e7\u00e3o de Volunt\u00e1rios para o Projeto de Extens\u00e3o \u201cAtendimento a indiv\u00edduos com comprometimento sist\u00eamico e necessidade de tratamento endod\u00f4ntico&quot;.\"><h3 class='slide-entry-title entry-title '  itemprop=\"headline\" ><a href='https:\/\/www.odonto.ufmg.br\/cenex\/ata\/resultado-da-selecao-de-voluntarios-para-o-projeto-de-extensao-atendimento-a-individuos-com-comprometimento-sistemico-e-necessidade-de-tratamento-endodontico-2\/' title='Resultado da Sele\u00e7\u00e3o de Volunt\u00e1rios para o Projeto de Extens\u00e3o \u201cAtendimento a indiv\u00edduos com comprometimento sist\u00eamico e necessidade de tratamento endod\u00f4ntico&#8221;.'>Resultado da Sele\u00e7\u00e3o de Volunt\u00e1rios para o Projeto de Extens\u00e3o \u201cAtendimento a indiv\u00edduos com comprometimento sist\u00eamico e necessidade de tratamento endod\u00f4ntico&#8221;.<\/a><\/h3><span class=\"av-vertical-delimiter\"><\/span><\/header><div class=\"slide-meta\"><time class='slide-meta-time updated'  itemprop=\"datePublished\" datetime=\"2026-03-12T11:02:55-03:00\" >12\/03\/2026<\/time><\/div><div class='slide-entry-excerpt entry-content'  itemprop=\"text\" >\n\n\n\n\n\n\n\nRESULTADOS\nResultado da Sele\u00e7\u00e3o de Volunt\u00e1rios para\u2026<\/div><\/div><footer class=\"entry-footer\"><\/footer><span class='hidden'>\n\t\t\t\t<span class='av-structured-data'  itemprop=\"image\" itemscope=\"itemscope\" itemtype=\"https:\/\/schema.org\/ImageObject\" >\n\t\t\t\t\t\t<span itemprop='url'>https:\/\/www.odonto.ufmg.br\/cenex\/wp-content\/uploads\/sites\/2\/2023\/03\/Captura-de-Tela-2023-04-21-a\u0300s-12.22.55.png<\/span>\n\t\t\t\t\t\t<span itemprop='height'>922<\/span>\n\t\t\t\t\t\t<span itemprop='width'>1866<\/span>\n\t\t\t\t<\/span>\n\t\t\t\t<span class='av-structured-data'  itemprop=\"publisher\" itemtype=\"https:\/\/schema.org\/Organization\" itemscope=\"itemscope\" >\n\t\t\t\t\t\t<span itemprop='name'>cenex<\/span>\n\t\t\t\t\t\t<span itemprop='logo' itemscope itemtype='https:\/\/schema.org\/ImageObject'>\n\t\t\t\t\t\t\t<span itemprop='url'>http:\/\/www.odonto.ufmg.br\/cenex\/wp-content\/uploads\/sites\/2\/2025\/08\/logo-cenex.svg<\/span>\n\t\t\t\t\t\t<\/span>\n\t\t\t\t<\/span><span class='av-structured-data'  itemprop=\"author\" itemscope=\"itemscope\" itemtype=\"https:\/\/schema.org\/Person\" ><span itemprop='name'>cenex<\/span><\/span><span class='av-structured-data'  itemprop=\"datePublished\" datetime=\"2025-04-04T10:05:51-03:00\" >2026-03-12 11:02:55<\/span><span class='av-structured-data'  itemprop=\"dateModified\" itemtype=\"https:\/\/schema.org\/dateModified\" >2026-03-12 11:02:56<\/span><span class='av-structured-data'  itemprop=\"mainEntityOfPage\" itemtype=\"https:\/\/schema.org\/mainEntityOfPage\" ><span itemprop='name'>Resultado da Sele\u00e7\u00e3o de Volunt\u00e1rios para o Projeto de Extens\u00e3o \u201cAtendimento a indiv\u00edduos com comprometimento sist\u00eamico e necessidade de tratamento endod\u00f4ntico&#8221;.<\/span><\/span><\/span><\/article><article class='slide-entry flex_column  post-entry post-entry-18025 slide-entry-overview slide-loop-32 slide-parity-even  av_one_fifth  real-thumbnail posttype-post post-format-standard'  itemscope=\"itemscope\" itemtype=\"https:\/\/schema.org\/CreativeWork\" ><a href='https:\/\/www.odonto.ufmg.br\/cenex\/ata\/resultado-da-selecao-de-voluntarios-para-o-projeto-de-extensao-tratamento-endodontico-de-dentes-permanentes-jovens-2\/' data-rel='slide-3' class='slide-image' title='Resultado da Sele\u00e7\u00e3o de Volunt\u00e1rios para o Projeto de Extens\u00e3o \u201cTratamento Endod\u00f4ntico de dentes permanentes Jovens&#8221;.'><img decoding=\"async\" fetchpriority=\"high\" width=\"260\" height=\"185\" src=\"https:\/\/www.odonto.ufmg.br\/cenex\/wp-content\/uploads\/sites\/2\/2023\/03\/Captura-de-Tela-2023-04-21-a\u0300s-12.22.55-260x185.png\" class=\"wp-image-15506 avia-img-lazy-loading-not-15506 attachment-portfolio_small size-portfolio_small wp-post-image\" alt=\"\" \/><\/a><div class=\"slide-content\"><header class=\"entry-content-header\" aria-label=\"Slide: Resultado da Sele\u00e7\u00e3o de Volunt\u00e1rios para o Projeto de Extens\u00e3o \u201cTratamento Endod\u00f4ntico de dentes permanentes Jovens&quot;.\"><h3 class='slide-entry-title entry-title '  itemprop=\"headline\" ><a href='https:\/\/www.odonto.ufmg.br\/cenex\/ata\/resultado-da-selecao-de-voluntarios-para-o-projeto-de-extensao-tratamento-endodontico-de-dentes-permanentes-jovens-2\/' title='Resultado da Sele\u00e7\u00e3o de Volunt\u00e1rios para o Projeto de Extens\u00e3o \u201cTratamento Endod\u00f4ntico de dentes permanentes Jovens&#8221;.'>Resultado da Sele\u00e7\u00e3o de Volunt\u00e1rios para o Projeto de Extens\u00e3o \u201cTratamento Endod\u00f4ntico de dentes permanentes Jovens&#8221;.<\/a><\/h3><span class=\"av-vertical-delimiter\"><\/span><\/header><div class=\"slide-meta\"><time class='slide-meta-time updated'  itemprop=\"datePublished\" datetime=\"2026-03-12T11:00:41-03:00\" >12\/03\/2026<\/time><\/div><div class='slide-entry-excerpt entry-content'  itemprop=\"text\" >\n\n\n\nRESULTADOS\nResultado da Sele\u00e7\u00e3o de Volunt\u00e1rios para o\u2026<\/div><\/div><footer class=\"entry-footer\"><\/footer><span class='hidden'>\n\t\t\t\t<span class='av-structured-data'  itemprop=\"image\" itemscope=\"itemscope\" itemtype=\"https:\/\/schema.org\/ImageObject\" >\n\t\t\t\t\t\t<span itemprop='url'>https:\/\/www.odonto.ufmg.br\/cenex\/wp-content\/uploads\/sites\/2\/2023\/03\/Captura-de-Tela-2023-04-21-a\u0300s-12.22.55.png<\/span>\n\t\t\t\t\t\t<span itemprop='height'>922<\/span>\n\t\t\t\t\t\t<span itemprop='width'>1866<\/span>\n\t\t\t\t<\/span>\n\t\t\t\t<span class='av-structured-data'  itemprop=\"publisher\" itemtype=\"https:\/\/schema.org\/Organization\" itemscope=\"itemscope\" >\n\t\t\t\t\t\t<span itemprop='name'>cenex<\/span>\n\t\t\t\t\t\t<span itemprop='logo' itemscope itemtype='https:\/\/schema.org\/ImageObject'>\n\t\t\t\t\t\t\t<span itemprop='url'>http:\/\/www.odonto.ufmg.br\/cenex\/wp-content\/uploads\/sites\/2\/2025\/08\/logo-cenex.svg<\/span>\n\t\t\t\t\t\t<\/span>\n\t\t\t\t<\/span><span class='av-structured-data'  itemprop=\"author\" itemscope=\"itemscope\" itemtype=\"https:\/\/schema.org\/Person\" ><span itemprop='name'>cenex<\/span><\/span><span class='av-structured-data'  itemprop=\"datePublished\" datetime=\"2025-04-04T10:05:51-03:00\" >2026-03-12 11:00:41<\/span><span class='av-structured-data'  itemprop=\"dateModified\" itemtype=\"https:\/\/schema.org\/dateModified\" >2026-03-12 11:00:42<\/span><span class='av-structured-data'  itemprop=\"mainEntityOfPage\" itemtype=\"https:\/\/schema.org\/mainEntityOfPage\" ><span itemprop='name'>Resultado da Sele\u00e7\u00e3o de Volunt\u00e1rios para o Projeto de Extens\u00e3o \u201cTratamento Endod\u00f4ntico de dentes permanentes Jovens&#8221;.<\/span><\/span><\/span><\/article><article class='slide-entry flex_column  post-entry post-entry-18016 slide-entry-overview slide-loop-33 slide-parity-odd  av_one_fifth  real-thumbnail posttype-post post-format-standard'  itemscope=\"itemscope\" itemtype=\"https:\/\/schema.org\/CreativeWork\" ><a href='https:\/\/www.odonto.ufmg.br\/cenex\/ata\/resultado-da-selecao-de-bolsistas-para-o-projeto-de-extensao-programa-promocao-de-saude-bucal-2\/' data-rel='slide-3' class='slide-image' title='Resultado da Sele\u00e7\u00e3o de Bolsistas para o Projeto de Extens\u00e3o \u201cPROGRAMA PROMO\u00c7\u00c3O DE SA\u00daDE BUCAL&#8221;.'><img decoding=\"async\" fetchpriority=\"high\" width=\"260\" height=\"185\" src=\"https:\/\/www.odonto.ufmg.br\/cenex\/wp-content\/uploads\/sites\/2\/2023\/03\/Captura-de-Tela-2023-04-21-a\u0300s-12.22.55-260x185.png\" class=\"wp-image-15506 avia-img-lazy-loading-not-15506 attachment-portfolio_small size-portfolio_small wp-post-image\" alt=\"\" \/><\/a><div class=\"slide-content\"><header class=\"entry-content-header\" aria-label=\"Slide: Resultado da Sele\u00e7\u00e3o de Bolsistas para o Projeto de Extens\u00e3o \u201cPROGRAMA PROMO\u00c7\u00c3O DE SA\u00daDE BUCAL&quot;.\"><h3 class='slide-entry-title entry-title '  itemprop=\"headline\" ><a href='https:\/\/www.odonto.ufmg.br\/cenex\/ata\/resultado-da-selecao-de-bolsistas-para-o-projeto-de-extensao-programa-promocao-de-saude-bucal-2\/' title='Resultado da Sele\u00e7\u00e3o de Bolsistas para o Projeto de Extens\u00e3o \u201cPROGRAMA PROMO\u00c7\u00c3O DE SA\u00daDE BUCAL&#8221;.'>Resultado da Sele\u00e7\u00e3o de Bolsistas para o Projeto de Extens\u00e3o \u201cPROGRAMA PROMO\u00c7\u00c3O DE SA\u00daDE BUCAL&#8221;.<\/a><\/h3><span class=\"av-vertical-delimiter\"><\/span><\/header><div class=\"slide-meta\"><time class='slide-meta-time updated'  itemprop=\"datePublished\" datetime=\"2026-03-12T10:50:13-03:00\" >12\/03\/2026<\/time><\/div><div class='slide-entry-excerpt entry-content'  itemprop=\"text\" >\n\n\n\nRESULTADOS\nResultado da Sele\u00e7\u00e3o de Bolsistas para o Projeto\u2026<\/div><\/div><footer class=\"entry-footer\"><\/footer><span class='hidden'>\n\t\t\t\t<span class='av-structured-data'  itemprop=\"image\" itemscope=\"itemscope\" itemtype=\"https:\/\/schema.org\/ImageObject\" >\n\t\t\t\t\t\t<span itemprop='url'>https:\/\/www.odonto.ufmg.br\/cenex\/wp-content\/uploads\/sites\/2\/2023\/03\/Captura-de-Tela-2023-04-21-a\u0300s-12.22.55.png<\/span>\n\t\t\t\t\t\t<span itemprop='height'>922<\/span>\n\t\t\t\t\t\t<span itemprop='width'>1866<\/span>\n\t\t\t\t<\/span>\n\t\t\t\t<span class='av-structured-data'  itemprop=\"publisher\" itemtype=\"https:\/\/schema.org\/Organization\" itemscope=\"itemscope\" >\n\t\t\t\t\t\t<span itemprop='name'>cenex<\/span>\n\t\t\t\t\t\t<span itemprop='logo' itemscope itemtype='https:\/\/schema.org\/ImageObject'>\n\t\t\t\t\t\t\t<span itemprop='url'>http:\/\/www.odonto.ufmg.br\/cenex\/wp-content\/uploads\/sites\/2\/2025\/08\/logo-cenex.svg<\/span>\n\t\t\t\t\t\t<\/span>\n\t\t\t\t<\/span><span class='av-structured-data'  itemprop=\"author\" itemscope=\"itemscope\" itemtype=\"https:\/\/schema.org\/Person\" ><span itemprop='name'>cenex<\/span><\/span><span class='av-structured-data'  itemprop=\"datePublished\" datetime=\"2025-04-04T10:05:51-03:00\" >2026-03-12 10:50:13<\/span><span class='av-structured-data'  itemprop=\"dateModified\" itemtype=\"https:\/\/schema.org\/dateModified\" >2026-03-12 10:50:39<\/span><span class='av-structured-data'  itemprop=\"mainEntityOfPage\" itemtype=\"https:\/\/schema.org\/mainEntityOfPage\" ><span itemprop='name'>Resultado da Sele\u00e7\u00e3o de Bolsistas para o Projeto de Extens\u00e3o \u201cPROGRAMA PROMO\u00c7\u00c3O DE SA\u00daDE BUCAL&#8221;.<\/span><\/span><\/span><\/article><article class='slide-entry flex_column  post-entry post-entry-18013 slide-entry-overview slide-loop-34 slide-parity-even  av_one_fifth  real-thumbnail posttype-post post-format-standard'  itemscope=\"itemscope\" itemtype=\"https:\/\/schema.org\/CreativeWork\" ><a href='https:\/\/www.odonto.ufmg.br\/cenex\/ata\/resultado-da-selecao-de-voluntarios-para-o-projeto-de-extensao-assistencia-em-imaginologia-e-radiologia-bucomaxilofacial-na-faculdade-de-odontologia-da-universidade-federal-de-minas-gerais-2\/' data-rel='slide-3' class='slide-image' title='Resultado da Sele\u00e7\u00e3o de Volunt\u00e1rios para o Projeto de Extens\u00e3o \u201cAssist\u00eancia em Imaginologia e Radiologia Bucomaxilofacial na Faculdade de Odontologia da Universidade Federal de Minas Gerais&#8221;.'><img decoding=\"async\" fetchpriority=\"high\" width=\"260\" height=\"185\" src=\"https:\/\/www.odonto.ufmg.br\/cenex\/wp-content\/uploads\/sites\/2\/2023\/03\/Captura-de-Tela-2023-04-21-a\u0300s-12.22.55-260x185.png\" class=\"wp-image-15506 avia-img-lazy-loading-not-15506 attachment-portfolio_small size-portfolio_small wp-post-image\" alt=\"\" \/><\/a><div class=\"slide-content\"><header class=\"entry-content-header\" aria-label=\"Slide: Resultado da Sele\u00e7\u00e3o de Volunt\u00e1rios para o Projeto de Extens\u00e3o \u201cAssist\u00eancia em Imaginologia e Radiologia Bucomaxilofacial na Faculdade de Odontologia da Universidade Federal de Minas Gerais&quot;.\"><h3 class='slide-entry-title entry-title '  itemprop=\"headline\" ><a href='https:\/\/www.odonto.ufmg.br\/cenex\/ata\/resultado-da-selecao-de-voluntarios-para-o-projeto-de-extensao-assistencia-em-imaginologia-e-radiologia-bucomaxilofacial-na-faculdade-de-odontologia-da-universidade-federal-de-minas-gerais-2\/' title='Resultado da Sele\u00e7\u00e3o de Volunt\u00e1rios para o Projeto de Extens\u00e3o \u201cAssist\u00eancia em Imaginologia e Radiologia Bucomaxilofacial na Faculdade de Odontologia da Universidade Federal de Minas Gerais&#8221;.'>Resultado da Sele\u00e7\u00e3o de Volunt\u00e1rios para o Projeto de Extens\u00e3o \u201cAssist\u00eancia em Imaginologia e Radiologia Bucomaxilofacial na Faculdade de Odontologia da Universidade Federal de Minas Gerais&#8221;.<\/a><\/h3><span class=\"av-vertical-delimiter\"><\/span><\/header><div class=\"slide-meta\"><time class='slide-meta-time updated'  itemprop=\"datePublished\" datetime=\"2026-03-12T10:47:29-03:00\" >12\/03\/2026<\/time><\/div><div class='slide-entry-excerpt entry-content'  itemprop=\"text\" >\n\n\n\nRESULTADOS\nResultado da Sele\u00e7\u00e3o de Volunt\u00e1rios para o\u2026<\/div><\/div><footer class=\"entry-footer\"><\/footer><span class='hidden'>\n\t\t\t\t<span class='av-structured-data'  itemprop=\"image\" itemscope=\"itemscope\" itemtype=\"https:\/\/schema.org\/ImageObject\" >\n\t\t\t\t\t\t<span itemprop='url'>https:\/\/www.odonto.ufmg.br\/cenex\/wp-content\/uploads\/sites\/2\/2023\/03\/Captura-de-Tela-2023-04-21-a\u0300s-12.22.55.png<\/span>\n\t\t\t\t\t\t<span itemprop='height'>922<\/span>\n\t\t\t\t\t\t<span itemprop='width'>1866<\/span>\n\t\t\t\t<\/span>\n\t\t\t\t<span class='av-structured-data'  itemprop=\"publisher\" itemtype=\"https:\/\/schema.org\/Organization\" itemscope=\"itemscope\" >\n\t\t\t\t\t\t<span itemprop='name'>cenex<\/span>\n\t\t\t\t\t\t<span itemprop='logo' itemscope itemtype='https:\/\/schema.org\/ImageObject'>\n\t\t\t\t\t\t\t<span itemprop='url'>http:\/\/www.odonto.ufmg.br\/cenex\/wp-content\/uploads\/sites\/2\/2025\/08\/logo-cenex.svg<\/span>\n\t\t\t\t\t\t<\/span>\n\t\t\t\t<\/span><span class='av-structured-data'  itemprop=\"author\" itemscope=\"itemscope\" itemtype=\"https:\/\/schema.org\/Person\" ><span itemprop='name'>cenex<\/span><\/span><span class='av-structured-data'  itemprop=\"datePublished\" datetime=\"2025-04-04T10:05:51-03:00\" >2026-03-12 10:47:29<\/span><span class='av-structured-data'  itemprop=\"dateModified\" itemtype=\"https:\/\/schema.org\/dateModified\" >2026-03-12 10:47:33<\/span><span class='av-structured-data'  itemprop=\"mainEntityOfPage\" itemtype=\"https:\/\/schema.org\/mainEntityOfPage\" ><span itemprop='name'>Resultado da Sele\u00e7\u00e3o de Volunt\u00e1rios para o Projeto de Extens\u00e3o \u201cAssist\u00eancia em Imaginologia e Radiologia Bucomaxilofacial na Faculdade de Odontologia da Universidade Federal de Minas Gerais&#8221;.<\/span><\/span><\/span><\/article><article class='slide-entry flex_column  post-entry post-entry-18010 slide-entry-overview slide-loop-35 slide-parity-odd  av_one_fifth  real-thumbnail posttype-post post-format-standard'  itemscope=\"itemscope\" itemtype=\"https:\/\/schema.org\/CreativeWork\" ><a href='https:\/\/www.odonto.ufmg.br\/cenex\/ata\/resultado-da-selecao-de-voluntarios-para-o-projeto-de-extensao-odontogenese\/' data-rel='slide-3' class='slide-image' title='Resultado da Sele\u00e7\u00e3o de Volunt\u00e1rios para o Projeto de Extens\u00e3o \u201cODONTOG\u00caNESE&#8221;.'><img decoding=\"async\" fetchpriority=\"high\" width=\"260\" height=\"185\" src=\"https:\/\/www.odonto.ufmg.br\/cenex\/wp-content\/uploads\/sites\/2\/2023\/03\/Captura-de-Tela-2023-04-21-a\u0300s-12.22.55-260x185.png\" class=\"wp-image-15506 avia-img-lazy-loading-not-15506 attachment-portfolio_small size-portfolio_small wp-post-image\" alt=\"\" \/><\/a><div class=\"slide-content\"><header class=\"entry-content-header\" aria-label=\"Slide: Resultado da Sele\u00e7\u00e3o de Volunt\u00e1rios para o Projeto de Extens\u00e3o \u201cODONTOG\u00caNESE&quot;.\"><h3 class='slide-entry-title entry-title '  itemprop=\"headline\" ><a href='https:\/\/www.odonto.ufmg.br\/cenex\/ata\/resultado-da-selecao-de-voluntarios-para-o-projeto-de-extensao-odontogenese\/' title='Resultado da Sele\u00e7\u00e3o de Volunt\u00e1rios para o Projeto de Extens\u00e3o \u201cODONTOG\u00caNESE&#8221;.'>Resultado da Sele\u00e7\u00e3o de Volunt\u00e1rios para o Projeto de Extens\u00e3o \u201cODONTOG\u00caNESE&#8221;.<\/a><\/h3><span class=\"av-vertical-delimiter\"><\/span><\/header><div class=\"slide-meta\"><time class='slide-meta-time updated'  itemprop=\"datePublished\" datetime=\"2026-03-12T10:45:33-03:00\" >12\/03\/2026<\/time><\/div><div class='slide-entry-excerpt entry-content'  itemprop=\"text\" >\n\n\n\nRESULTADOS\nResultado da Sele\u00e7\u00e3o de Volunt\u00e1rios para o\u2026<\/div><\/div><footer class=\"entry-footer\"><\/footer><span class='hidden'>\n\t\t\t\t<span class='av-structured-data'  itemprop=\"image\" itemscope=\"itemscope\" itemtype=\"https:\/\/schema.org\/ImageObject\" >\n\t\t\t\t\t\t<span itemprop='url'>https:\/\/www.odonto.ufmg.br\/cenex\/wp-content\/uploads\/sites\/2\/2023\/03\/Captura-de-Tela-2023-04-21-a\u0300s-12.22.55.png<\/span>\n\t\t\t\t\t\t<span itemprop='height'>922<\/span>\n\t\t\t\t\t\t<span itemprop='width'>1866<\/span>\n\t\t\t\t<\/span>\n\t\t\t\t<span class='av-structured-data'  itemprop=\"publisher\" itemtype=\"https:\/\/schema.org\/Organization\" itemscope=\"itemscope\" >\n\t\t\t\t\t\t<span itemprop='name'>cenex<\/span>\n\t\t\t\t\t\t<span itemprop='logo' itemscope itemtype='https:\/\/schema.org\/ImageObject'>\n\t\t\t\t\t\t\t<span itemprop='url'>http:\/\/www.odonto.ufmg.br\/cenex\/wp-content\/uploads\/sites\/2\/2025\/08\/logo-cenex.svg<\/span>\n\t\t\t\t\t\t<\/span>\n\t\t\t\t<\/span><span class='av-structured-data'  itemprop=\"author\" itemscope=\"itemscope\" itemtype=\"https:\/\/schema.org\/Person\" ><span itemprop='name'>cenex<\/span><\/span><span class='av-structured-data'  itemprop=\"datePublished\" datetime=\"2025-04-04T10:05:51-03:00\" >2026-03-12 10:45:33<\/span><span class='av-structured-data'  itemprop=\"dateModified\" itemtype=\"https:\/\/schema.org\/dateModified\" >2026-03-12 10:45:34<\/span><span class='av-structured-data'  itemprop=\"mainEntityOfPage\" itemtype=\"https:\/\/schema.org\/mainEntityOfPage\" ><span itemprop='name'>Resultado da Sele\u00e7\u00e3o de Volunt\u00e1rios para o Projeto de Extens\u00e3o \u201cODONTOG\u00caNESE&#8221;.<\/span><\/span><\/span><\/article><\/div><div class=\"slide-entry-wrap\"><article class='slide-entry flex_column  post-entry post-entry-18007 slide-entry-overview slide-loop-36 slide-parity-odd  av_one_fifth first real-thumbnail posttype-post post-format-standard'  itemscope=\"itemscope\" itemtype=\"https:\/\/schema.org\/CreativeWork\" ><a href='https:\/\/www.odonto.ufmg.br\/cenex\/ata\/resultado-da-selecao-de-voluntarios-para-o-projeto-de-extensao-cafe-com-cpc\/' data-rel='slide-3' class='slide-image' title='Resultado da Sele\u00e7\u00e3o de Volunt\u00e1rios para o Projeto de Extens\u00e3o \u201cCAF\u00c9 COM CPC&#8221;.'><img decoding=\"async\" fetchpriority=\"high\" width=\"260\" height=\"185\" src=\"https:\/\/www.odonto.ufmg.br\/cenex\/wp-content\/uploads\/sites\/2\/2023\/03\/Captura-de-Tela-2023-04-21-a\u0300s-12.22.55-260x185.png\" class=\"wp-image-15506 avia-img-lazy-loading-not-15506 attachment-portfolio_small size-portfolio_small wp-post-image\" alt=\"\" \/><\/a><div class=\"slide-content\"><header class=\"entry-content-header\" aria-label=\"Slide: Resultado da Sele\u00e7\u00e3o de Volunt\u00e1rios para o Projeto de Extens\u00e3o \u201cCAF\u00c9 COM CPC&quot;.\"><h3 class='slide-entry-title entry-title '  itemprop=\"headline\" ><a href='https:\/\/www.odonto.ufmg.br\/cenex\/ata\/resultado-da-selecao-de-voluntarios-para-o-projeto-de-extensao-cafe-com-cpc\/' title='Resultado da Sele\u00e7\u00e3o de Volunt\u00e1rios para o Projeto de Extens\u00e3o \u201cCAF\u00c9 COM CPC&#8221;.'>Resultado da Sele\u00e7\u00e3o de Volunt\u00e1rios para o Projeto de Extens\u00e3o \u201cCAF\u00c9 COM CPC&#8221;.<\/a><\/h3><span class=\"av-vertical-delimiter\"><\/span><\/header><div class=\"slide-meta\"><time class='slide-meta-time updated'  itemprop=\"datePublished\" datetime=\"2026-03-12T10:44:08-03:00\" >12\/03\/2026<\/time><\/div><div class='slide-entry-excerpt entry-content'  itemprop=\"text\" >\n\n\n\nRESULTADOS\nResultado da Sele\u00e7\u00e3o de Volunt\u00e1rios para o\u2026<\/div><\/div><footer class=\"entry-footer\"><\/footer><span class='hidden'>\n\t\t\t\t<span class='av-structured-data'  itemprop=\"image\" itemscope=\"itemscope\" itemtype=\"https:\/\/schema.org\/ImageObject\" >\n\t\t\t\t\t\t<span itemprop='url'>https:\/\/www.odonto.ufmg.br\/cenex\/wp-content\/uploads\/sites\/2\/2023\/03\/Captura-de-Tela-2023-04-21-a\u0300s-12.22.55.png<\/span>\n\t\t\t\t\t\t<span itemprop='height'>922<\/span>\n\t\t\t\t\t\t<span itemprop='width'>1866<\/span>\n\t\t\t\t<\/span>\n\t\t\t\t<span class='av-structured-data'  itemprop=\"publisher\" itemtype=\"https:\/\/schema.org\/Organization\" itemscope=\"itemscope\" >\n\t\t\t\t\t\t<span itemprop='name'>cenex<\/span>\n\t\t\t\t\t\t<span itemprop='logo' itemscope itemtype='https:\/\/schema.org\/ImageObject'>\n\t\t\t\t\t\t\t<span itemprop='url'>http:\/\/www.odonto.ufmg.br\/cenex\/wp-content\/uploads\/sites\/2\/2025\/08\/logo-cenex.svg<\/span>\n\t\t\t\t\t\t<\/span>\n\t\t\t\t<\/span><span class='av-structured-data'  itemprop=\"author\" itemscope=\"itemscope\" itemtype=\"https:\/\/schema.org\/Person\" ><span itemprop='name'>cenex<\/span><\/span><span class='av-structured-data'  itemprop=\"datePublished\" datetime=\"2025-04-04T10:05:51-03:00\" >2026-03-12 10:44:08<\/span><span class='av-structured-data'  itemprop=\"dateModified\" itemtype=\"https:\/\/schema.org\/dateModified\" >2026-03-12 10:44:12<\/span><span class='av-structured-data'  itemprop=\"mainEntityOfPage\" itemtype=\"https:\/\/schema.org\/mainEntityOfPage\" ><span itemprop='name'>Resultado da Sele\u00e7\u00e3o de Volunt\u00e1rios para o Projeto de Extens\u00e3o \u201cCAF\u00c9 COM CPC&#8221;.<\/span><\/span><\/span><\/article><article class='slide-entry flex_column  post-entry post-entry-17999 slide-entry-overview slide-loop-37 slide-parity-even  av_one_fifth  real-thumbnail posttype-post post-format-standard'  itemscope=\"itemscope\" itemtype=\"https:\/\/schema.org\/CreativeWork\" ><a href='https:\/\/www.odonto.ufmg.br\/cenex\/ata\/resultado-da-selecao-de-bolsistas-e-voluntarios-para-o-projeto-de-extensao-atendimento-de-suporte-odontologico-ao-paciente-com-cancer-em-regiao-de-cabeca-e-pescoco\/' data-rel='slide-3' class='slide-image' title='Resultado da Sele\u00e7\u00e3o de Bolsistas e Volunt\u00e1rios para o Projeto de Extens\u00e3o \u201cATENDIMENTO DE SUPORTE ODONTOL\u00d3GICO AO PACIENTE COM C\u00c2NCER EM REGI\u00c3O DE CABE\u00c7A E PESCO\u00c7O&#8221;.'><img decoding=\"async\" fetchpriority=\"high\" width=\"260\" height=\"185\" src=\"https:\/\/www.odonto.ufmg.br\/cenex\/wp-content\/uploads\/sites\/2\/2023\/03\/Captura-de-Tela-2023-04-21-a\u0300s-12.22.55-260x185.png\" class=\"wp-image-15506 avia-img-lazy-loading-not-15506 attachment-portfolio_small size-portfolio_small wp-post-image\" alt=\"\" \/><\/a><div class=\"slide-content\"><header class=\"entry-content-header\" aria-label=\"Slide: Resultado da Sele\u00e7\u00e3o de Bolsistas e Volunt\u00e1rios para o Projeto de Extens\u00e3o \u201cATENDIMENTO DE SUPORTE ODONTOL\u00d3GICO AO PACIENTE COM C\u00c2NCER EM REGI\u00c3O DE CABE\u00c7A E PESCO\u00c7O&quot;.\"><h3 class='slide-entry-title entry-title '  itemprop=\"headline\" ><a href='https:\/\/www.odonto.ufmg.br\/cenex\/ata\/resultado-da-selecao-de-bolsistas-e-voluntarios-para-o-projeto-de-extensao-atendimento-de-suporte-odontologico-ao-paciente-com-cancer-em-regiao-de-cabeca-e-pescoco\/' title='Resultado da Sele\u00e7\u00e3o de Bolsistas e Volunt\u00e1rios para o Projeto de Extens\u00e3o \u201cATENDIMENTO DE SUPORTE ODONTOL\u00d3GICO AO PACIENTE COM C\u00c2NCER EM REGI\u00c3O DE CABE\u00c7A E PESCO\u00c7O&#8221;.'>Resultado da Sele\u00e7\u00e3o de Bolsistas e Volunt\u00e1rios para o Projeto de Extens\u00e3o \u201cATENDIMENTO DE SUPORTE ODONTOL\u00d3GICO AO PACIENTE COM C\u00c2NCER EM REGI\u00c3O DE CABE\u00c7A E PESCO\u00c7O&#8221;.<\/a><\/h3><span class=\"av-vertical-delimiter\"><\/span><\/header><div class=\"slide-meta\"><time class='slide-meta-time updated'  itemprop=\"datePublished\" datetime=\"2026-03-12T10:38:04-03:00\" >12\/03\/2026<\/time><\/div><div class='slide-entry-excerpt entry-content'  itemprop=\"text\" >\n\n\n\nRESULTADOS\nResultado da Sele\u00e7\u00e3o de Bolsista e Volunt\u00e1rios\u2026<\/div><\/div><footer class=\"entry-footer\"><\/footer><span class='hidden'>\n\t\t\t\t<span class='av-structured-data'  itemprop=\"image\" itemscope=\"itemscope\" itemtype=\"https:\/\/schema.org\/ImageObject\" >\n\t\t\t\t\t\t<span itemprop='url'>https:\/\/www.odonto.ufmg.br\/cenex\/wp-content\/uploads\/sites\/2\/2023\/03\/Captura-de-Tela-2023-04-21-a\u0300s-12.22.55.png<\/span>\n\t\t\t\t\t\t<span itemprop='height'>922<\/span>\n\t\t\t\t\t\t<span itemprop='width'>1866<\/span>\n\t\t\t\t<\/span>\n\t\t\t\t<span class='av-structured-data'  itemprop=\"publisher\" itemtype=\"https:\/\/schema.org\/Organization\" itemscope=\"itemscope\" >\n\t\t\t\t\t\t<span itemprop='name'>cenex<\/span>\n\t\t\t\t\t\t<span itemprop='logo' itemscope itemtype='https:\/\/schema.org\/ImageObject'>\n\t\t\t\t\t\t\t<span itemprop='url'>http:\/\/www.odonto.ufmg.br\/cenex\/wp-content\/uploads\/sites\/2\/2025\/08\/logo-cenex.svg<\/span>\n\t\t\t\t\t\t<\/span>\n\t\t\t\t<\/span><span class='av-structured-data'  itemprop=\"author\" itemscope=\"itemscope\" itemtype=\"https:\/\/schema.org\/Person\" ><span itemprop='name'>cenex<\/span><\/span><span class='av-structured-data'  itemprop=\"datePublished\" datetime=\"2025-04-04T10:05:51-03:00\" >2026-03-12 10:38:04<\/span><span class='av-structured-data'  itemprop=\"dateModified\" itemtype=\"https:\/\/schema.org\/dateModified\" >2026-03-12 10:38:15<\/span><span class='av-structured-data'  itemprop=\"mainEntityOfPage\" itemtype=\"https:\/\/schema.org\/mainEntityOfPage\" ><span itemprop='name'>Resultado da Sele\u00e7\u00e3o de Bolsistas e Volunt\u00e1rios para o Projeto de Extens\u00e3o \u201cATENDIMENTO DE SUPORTE ODONTOL\u00d3GICO AO PACIENTE COM C\u00c2NCER EM REGI\u00c3O DE CABE\u00c7A E PESCO\u00c7O&#8221;.<\/span><\/span><\/span><\/article><article class='slide-entry flex_column  post-entry post-entry-17996 slide-entry-overview slide-loop-38 slide-parity-odd  av_one_fifth  real-thumbnail posttype-post post-format-standard'  itemscope=\"itemscope\" itemtype=\"https:\/\/schema.org\/CreativeWork\" ><a href='https:\/\/www.odonto.ufmg.br\/cenex\/ata\/resultado-da-selecao-de-bolsistas-para-o-projeto-de-extensao-projeto-de-extensao-restauracao-de-dentes-tratados-endodonticamente\/' data-rel='slide-3' class='slide-image' title='Resultado da Sele\u00e7\u00e3o de Volunt\u00e1rios para o Projeto de Extens\u00e3o \u201cProjeto de Extens\u00e3o Restaura\u00e7\u00e3o de dentes tratados endodonticamente&#8221;.'><img decoding=\"async\" fetchpriority=\"high\" width=\"260\" height=\"185\" src=\"https:\/\/www.odonto.ufmg.br\/cenex\/wp-content\/uploads\/sites\/2\/2023\/03\/Captura-de-Tela-2023-04-21-a\u0300s-12.22.55-260x185.png\" class=\"wp-image-15506 avia-img-lazy-loading-not-15506 attachment-portfolio_small size-portfolio_small wp-post-image\" alt=\"\" \/><\/a><div class=\"slide-content\"><header class=\"entry-content-header\" aria-label=\"Slide: Resultado da Sele\u00e7\u00e3o de Volunt\u00e1rios para o Projeto de Extens\u00e3o \u201cProjeto de Extens\u00e3o Restaura\u00e7\u00e3o de dentes tratados endodonticamente&quot;.\"><h3 class='slide-entry-title entry-title '  itemprop=\"headline\" ><a href='https:\/\/www.odonto.ufmg.br\/cenex\/ata\/resultado-da-selecao-de-bolsistas-para-o-projeto-de-extensao-projeto-de-extensao-restauracao-de-dentes-tratados-endodonticamente\/' title='Resultado da Sele\u00e7\u00e3o de Volunt\u00e1rios para o Projeto de Extens\u00e3o \u201cProjeto de Extens\u00e3o Restaura\u00e7\u00e3o de dentes tratados endodonticamente&#8221;.'>Resultado da Sele\u00e7\u00e3o de Volunt\u00e1rios para o Projeto de Extens\u00e3o \u201cProjeto de Extens\u00e3o Restaura\u00e7\u00e3o de dentes tratados endodonticamente&#8221;.<\/a><\/h3><span class=\"av-vertical-delimiter\"><\/span><\/header><div class=\"slide-meta\"><time class='slide-meta-time updated'  itemprop=\"datePublished\" datetime=\"2026-03-12T10:34:57-03:00\" >12\/03\/2026<\/time><\/div><div class='slide-entry-excerpt entry-content'  itemprop=\"text\" >\n\n\n\nRESULTADOS\nResultado da Sele\u00e7\u00e3o de Volunt\u00e1rios para o\u2026<\/div><\/div><footer class=\"entry-footer\"><\/footer><span class='hidden'>\n\t\t\t\t<span class='av-structured-data'  itemprop=\"image\" itemscope=\"itemscope\" itemtype=\"https:\/\/schema.org\/ImageObject\" >\n\t\t\t\t\t\t<span itemprop='url'>https:\/\/www.odonto.ufmg.br\/cenex\/wp-content\/uploads\/sites\/2\/2023\/03\/Captura-de-Tela-2023-04-21-a\u0300s-12.22.55.png<\/span>\n\t\t\t\t\t\t<span itemprop='height'>922<\/span>\n\t\t\t\t\t\t<span itemprop='width'>1866<\/span>\n\t\t\t\t<\/span>\n\t\t\t\t<span class='av-structured-data'  itemprop=\"publisher\" itemtype=\"https:\/\/schema.org\/Organization\" itemscope=\"itemscope\" >\n\t\t\t\t\t\t<span itemprop='name'>cenex<\/span>\n\t\t\t\t\t\t<span itemprop='logo' itemscope itemtype='https:\/\/schema.org\/ImageObject'>\n\t\t\t\t\t\t\t<span itemprop='url'>http:\/\/www.odonto.ufmg.br\/cenex\/wp-content\/uploads\/sites\/2\/2025\/08\/logo-cenex.svg<\/span>\n\t\t\t\t\t\t<\/span>\n\t\t\t\t<\/span><span class='av-structured-data'  itemprop=\"author\" itemscope=\"itemscope\" itemtype=\"https:\/\/schema.org\/Person\" ><span itemprop='name'>cenex<\/span><\/span><span class='av-structured-data'  itemprop=\"datePublished\" datetime=\"2025-04-04T10:05:51-03:00\" >2026-03-12 10:34:57<\/span><span class='av-structured-data'  itemprop=\"dateModified\" itemtype=\"https:\/\/schema.org\/dateModified\" >2026-03-12 10:38:40<\/span><span class='av-structured-data'  itemprop=\"mainEntityOfPage\" itemtype=\"https:\/\/schema.org\/mainEntityOfPage\" ><span itemprop='name'>Resultado da Sele\u00e7\u00e3o de Volunt\u00e1rios para o Projeto de Extens\u00e3o \u201cProjeto de Extens\u00e3o Restaura\u00e7\u00e3o de dentes tratados endodonticamente&#8221;.<\/span><\/span><\/span><\/article><article class='slide-entry flex_column  post-entry post-entry-17907 slide-entry-overview slide-loop-39 slide-parity-even  av_one_fifth  real-thumbnail posttype-post post-format-standard'  itemscope=\"itemscope\" itemtype=\"https:\/\/schema.org\/CreativeWork\" ><a href='https:\/\/www.odonto.ufmg.br\/cenex\/ata\/resultado-da-selecao-de-bolsistas-para-o-projeto-de-extensao-promocao-de-saude-e-gerenciamento-do-banco-de-dados-de-pacientes-do-sca\/' data-rel='slide-3' class='slide-image' title='Resultado da Sele\u00e7\u00e3o de Bolsistas para o Projeto de Extens\u00e3o \u201cPromo\u00e7\u00e3o de Sa\u00fade e Gerenciamento do Banco de Dados de Pacientes do SCA&#8221;.'><img decoding=\"async\" fetchpriority=\"high\" width=\"260\" height=\"185\" src=\"https:\/\/www.odonto.ufmg.br\/cenex\/wp-content\/uploads\/sites\/2\/2023\/03\/Captura-de-Tela-2023-04-21-a\u0300s-12.22.55-260x185.png\" class=\"wp-image-15506 avia-img-lazy-loading-not-15506 attachment-portfolio_small size-portfolio_small wp-post-image\" alt=\"\" \/><\/a><div class=\"slide-content\"><header class=\"entry-content-header\" aria-label=\"Slide: Resultado da Sele\u00e7\u00e3o de Bolsistas para o Projeto de Extens\u00e3o \u201cPromo\u00e7\u00e3o de Sa\u00fade e Gerenciamento do Banco de Dados de Pacientes do SCA&quot;.\"><h3 class='slide-entry-title entry-title '  itemprop=\"headline\" ><a href='https:\/\/www.odonto.ufmg.br\/cenex\/ata\/resultado-da-selecao-de-bolsistas-para-o-projeto-de-extensao-promocao-de-saude-e-gerenciamento-do-banco-de-dados-de-pacientes-do-sca\/' title='Resultado da Sele\u00e7\u00e3o de Bolsistas para o Projeto de Extens\u00e3o \u201cPromo\u00e7\u00e3o de Sa\u00fade e Gerenciamento do Banco de Dados de Pacientes do SCA&#8221;.'>Resultado da Sele\u00e7\u00e3o de Bolsistas para o Projeto de Extens\u00e3o \u201cPromo\u00e7\u00e3o de Sa\u00fade e Gerenciamento do Banco de Dados de Pacientes do SCA&#8221;.<\/a><\/h3><span class=\"av-vertical-delimiter\"><\/span><\/header><div class=\"slide-meta\"><time class='slide-meta-time updated'  itemprop=\"datePublished\" datetime=\"2026-03-04T10:18:06-03:00\" >04\/03\/2026<\/time><\/div><div class='slide-entry-excerpt entry-content'  itemprop=\"text\" >\n\n\n\nRESULTADOS\nResultado da Sele\u00e7\u00e3o de Bolsistas e Volunt\u00e1rios\u2026<\/div><\/div><footer class=\"entry-footer\"><\/footer><span class='hidden'>\n\t\t\t\t<span class='av-structured-data'  itemprop=\"image\" itemscope=\"itemscope\" itemtype=\"https:\/\/schema.org\/ImageObject\" >\n\t\t\t\t\t\t<span itemprop='url'>https:\/\/www.odonto.ufmg.br\/cenex\/wp-content\/uploads\/sites\/2\/2023\/03\/Captura-de-Tela-2023-04-21-a\u0300s-12.22.55.png<\/span>\n\t\t\t\t\t\t<span itemprop='height'>922<\/span>\n\t\t\t\t\t\t<span itemprop='width'>1866<\/span>\n\t\t\t\t<\/span>\n\t\t\t\t<span class='av-structured-data'  itemprop=\"publisher\" itemtype=\"https:\/\/schema.org\/Organization\" itemscope=\"itemscope\" >\n\t\t\t\t\t\t<span itemprop='name'>cenex<\/span>\n\t\t\t\t\t\t<span itemprop='logo' itemscope itemtype='https:\/\/schema.org\/ImageObject'>\n\t\t\t\t\t\t\t<span itemprop='url'>http:\/\/www.odonto.ufmg.br\/cenex\/wp-content\/uploads\/sites\/2\/2025\/08\/logo-cenex.svg<\/span>\n\t\t\t\t\t\t<\/span>\n\t\t\t\t<\/span><span class='av-structured-data'  itemprop=\"author\" itemscope=\"itemscope\" itemtype=\"https:\/\/schema.org\/Person\" ><span itemprop='name'>cenex<\/span><\/span><span class='av-structured-data'  itemprop=\"datePublished\" datetime=\"2025-04-04T10:05:51-03:00\" >2026-03-04 10:18:06<\/span><span class='av-structured-data'  itemprop=\"dateModified\" itemtype=\"https:\/\/schema.org\/dateModified\" >2026-03-04 10:18:07<\/span><span class='av-structured-data'  itemprop=\"mainEntityOfPage\" itemtype=\"https:\/\/schema.org\/mainEntityOfPage\" ><span itemprop='name'>Resultado da Sele\u00e7\u00e3o de Bolsistas para o Projeto de Extens\u00e3o \u201cPromo\u00e7\u00e3o de Sa\u00fade e Gerenciamento do Banco de Dados de Pacientes do SCA&#8221;.<\/span><\/span><\/span><\/article><article class='slide-entry flex_column  post-entry post-entry-17905 slide-entry-overview slide-loop-40 slide-parity-odd  av_one_fifth  real-thumbnail posttype-post post-format-standard'  itemscope=\"itemscope\" itemtype=\"https:\/\/schema.org\/CreativeWork\" ><a href='https:\/\/www.odonto.ufmg.br\/cenex\/ata\/resultado-da-selecao-de-bolsistas-para-o-projeto-de-extensao-programa-promocao-de-saude-bucal\/' data-rel='slide-3' class='slide-image' title='Resultado da Sele\u00e7\u00e3o de Bolsistas para o Projeto de Extens\u00e3o \u201cPROGRAMA PROMO\u00c7\u00c3O DE SA\u00daDE BUCAL&#8221;.'><img decoding=\"async\" fetchpriority=\"high\" width=\"260\" height=\"185\" src=\"https:\/\/www.odonto.ufmg.br\/cenex\/wp-content\/uploads\/sites\/2\/2023\/03\/Captura-de-Tela-2023-04-21-a\u0300s-12.22.55-260x185.png\" class=\"wp-image-15506 avia-img-lazy-loading-not-15506 attachment-portfolio_small size-portfolio_small wp-post-image\" alt=\"\" \/><\/a><div class=\"slide-content\"><header class=\"entry-content-header\" aria-label=\"Slide: Resultado da Sele\u00e7\u00e3o de Bolsistas para o Projeto de Extens\u00e3o \u201cPROGRAMA PROMO\u00c7\u00c3O DE SA\u00daDE BUCAL&quot;.\"><h3 class='slide-entry-title entry-title '  itemprop=\"headline\" ><a href='https:\/\/www.odonto.ufmg.br\/cenex\/ata\/resultado-da-selecao-de-bolsistas-para-o-projeto-de-extensao-programa-promocao-de-saude-bucal\/' title='Resultado da Sele\u00e7\u00e3o de Bolsistas para o Projeto de Extens\u00e3o \u201cPROGRAMA PROMO\u00c7\u00c3O DE SA\u00daDE BUCAL&#8221;.'>Resultado da Sele\u00e7\u00e3o de Bolsistas para o Projeto de Extens\u00e3o \u201cPROGRAMA PROMO\u00c7\u00c3O DE SA\u00daDE BUCAL&#8221;.<\/a><\/h3><span class=\"av-vertical-delimiter\"><\/span><\/header><div class=\"slide-meta\"><time class='slide-meta-time updated'  itemprop=\"datePublished\" datetime=\"2026-03-04T10:13:20-03:00\" >04\/03\/2026<\/time><\/div><div class='slide-entry-excerpt entry-content'  itemprop=\"text\" >\n\n\n\nRESULTADOS\nResultado da Sele\u00e7\u00e3o de Bolsa para o Projeto\u2026<\/div><\/div><footer class=\"entry-footer\"><\/footer><span class='hidden'>\n\t\t\t\t<span class='av-structured-data'  itemprop=\"image\" itemscope=\"itemscope\" itemtype=\"https:\/\/schema.org\/ImageObject\" >\n\t\t\t\t\t\t<span itemprop='url'>https:\/\/www.odonto.ufmg.br\/cenex\/wp-content\/uploads\/sites\/2\/2023\/03\/Captura-de-Tela-2023-04-21-a\u0300s-12.22.55.png<\/span>\n\t\t\t\t\t\t<span itemprop='height'>922<\/span>\n\t\t\t\t\t\t<span itemprop='width'>1866<\/span>\n\t\t\t\t<\/span>\n\t\t\t\t<span class='av-structured-data'  itemprop=\"publisher\" itemtype=\"https:\/\/schema.org\/Organization\" itemscope=\"itemscope\" >\n\t\t\t\t\t\t<span itemprop='name'>cenex<\/span>\n\t\t\t\t\t\t<span itemprop='logo' itemscope itemtype='https:\/\/schema.org\/ImageObject'>\n\t\t\t\t\t\t\t<span itemprop='url'>http:\/\/www.odonto.ufmg.br\/cenex\/wp-content\/uploads\/sites\/2\/2025\/08\/logo-cenex.svg<\/span>\n\t\t\t\t\t\t<\/span>\n\t\t\t\t<\/span><span class='av-structured-data'  itemprop=\"author\" itemscope=\"itemscope\" itemtype=\"https:\/\/schema.org\/Person\" ><span itemprop='name'>cenex<\/span><\/span><span class='av-structured-data'  itemprop=\"datePublished\" datetime=\"2025-04-04T10:05:51-03:00\" >2026-03-04 10:13:20<\/span><span class='av-structured-data'  itemprop=\"dateModified\" itemtype=\"https:\/\/schema.org\/dateModified\" >2026-03-04 10:13:26<\/span><span class='av-structured-data'  itemprop=\"mainEntityOfPage\" itemtype=\"https:\/\/schema.org\/mainEntityOfPage\" ><span itemprop='name'>Resultado da Sele\u00e7\u00e3o de Bolsistas para o Projeto de Extens\u00e3o \u201cPROGRAMA PROMO\u00c7\u00c3O DE SA\u00daDE BUCAL&#8221;.<\/span><\/span><\/span><\/article><\/div><div class=\"slide-entry-wrap\"><article class='slide-entry flex_column  post-entry post-entry-17901 slide-entry-overview slide-loop-41 slide-parity-odd  av_one_fifth first real-thumbnail posttype-post post-format-standard'  itemscope=\"itemscope\" itemtype=\"https:\/\/schema.org\/CreativeWork\" ><a href='https:\/\/www.odonto.ufmg.br\/cenex\/ata\/resultado-da-selecao-de-bolsistas-e-voluntarios-para-o-projeto-de-extensao-praticas-integrativas-e-complementares-em-saude-acupuntura-na-odontologia\/' data-rel='slide-3' class='slide-image' title='Resultado da Sele\u00e7\u00e3o de Bolsistas e Volunt\u00e1rios para o Projeto de Extens\u00e3o \u201cPr\u00e1ticas Integrativas e Complementares em Sa\u00fade: Acupuntura na Odontologia&#8221;.'><img decoding=\"async\" fetchpriority=\"high\" width=\"260\" height=\"185\" src=\"https:\/\/www.odonto.ufmg.br\/cenex\/wp-content\/uploads\/sites\/2\/2023\/03\/Captura-de-Tela-2023-04-21-a\u0300s-12.22.55-260x185.png\" class=\"wp-image-15506 avia-img-lazy-loading-not-15506 attachment-portfolio_small size-portfolio_small wp-post-image\" alt=\"\" \/><\/a><div class=\"slide-content\"><header class=\"entry-content-header\" aria-label=\"Slide: Resultado da Sele\u00e7\u00e3o de Bolsistas e Volunt\u00e1rios para o Projeto de Extens\u00e3o \u201cPr\u00e1ticas Integrativas e Complementares em Sa\u00fade: Acupuntura na Odontologia&quot;.\"><h3 class='slide-entry-title entry-title '  itemprop=\"headline\" ><a href='https:\/\/www.odonto.ufmg.br\/cenex\/ata\/resultado-da-selecao-de-bolsistas-e-voluntarios-para-o-projeto-de-extensao-praticas-integrativas-e-complementares-em-saude-acupuntura-na-odontologia\/' title='Resultado da Sele\u00e7\u00e3o de Bolsistas e Volunt\u00e1rios para o Projeto de Extens\u00e3o \u201cPr\u00e1ticas Integrativas e Complementares em Sa\u00fade: Acupuntura na Odontologia&#8221;.'>Resultado da Sele\u00e7\u00e3o de Bolsistas e Volunt\u00e1rios para o Projeto de Extens\u00e3o \u201cPr\u00e1ticas Integrativas e Complementares em Sa\u00fade: Acupuntura na Odontologia&#8221;.<\/a><\/h3><span class=\"av-vertical-delimiter\"><\/span><\/header><div class=\"slide-meta\"><time class='slide-meta-time updated'  itemprop=\"datePublished\" datetime=\"2026-03-04T10:07:40-03:00\" >04\/03\/2026<\/time><\/div><div class='slide-entry-excerpt entry-content'  itemprop=\"text\" >\n\n\n\nRESULTADOS\nResultado da Sele\u00e7\u00e3o de Bolsa e Volunt\u00e1rios\u00a0\u2026<\/div><\/div><footer class=\"entry-footer\"><\/footer><span class='hidden'>\n\t\t\t\t<span class='av-structured-data'  itemprop=\"image\" itemscope=\"itemscope\" itemtype=\"https:\/\/schema.org\/ImageObject\" >\n\t\t\t\t\t\t<span itemprop='url'>https:\/\/www.odonto.ufmg.br\/cenex\/wp-content\/uploads\/sites\/2\/2023\/03\/Captura-de-Tela-2023-04-21-a\u0300s-12.22.55.png<\/span>\n\t\t\t\t\t\t<span itemprop='height'>922<\/span>\n\t\t\t\t\t\t<span itemprop='width'>1866<\/span>\n\t\t\t\t<\/span>\n\t\t\t\t<span class='av-structured-data'  itemprop=\"publisher\" itemtype=\"https:\/\/schema.org\/Organization\" itemscope=\"itemscope\" >\n\t\t\t\t\t\t<span itemprop='name'>cenex<\/span>\n\t\t\t\t\t\t<span itemprop='logo' itemscope itemtype='https:\/\/schema.org\/ImageObject'>\n\t\t\t\t\t\t\t<span itemprop='url'>http:\/\/www.odonto.ufmg.br\/cenex\/wp-content\/uploads\/sites\/2\/2025\/08\/logo-cenex.svg<\/span>\n\t\t\t\t\t\t<\/span>\n\t\t\t\t<\/span><span class='av-structured-data'  itemprop=\"author\" itemscope=\"itemscope\" itemtype=\"https:\/\/schema.org\/Person\" ><span itemprop='name'>cenex<\/span><\/span><span class='av-structured-data'  itemprop=\"datePublished\" datetime=\"2025-04-04T10:05:51-03:00\" >2026-03-04 10:07:40<\/span><span class='av-structured-data'  itemprop=\"dateModified\" itemtype=\"https:\/\/schema.org\/dateModified\" >2026-03-04 10:07:59<\/span><span class='av-structured-data'  itemprop=\"mainEntityOfPage\" itemtype=\"https:\/\/schema.org\/mainEntityOfPage\" ><span itemprop='name'>Resultado da Sele\u00e7\u00e3o de Bolsistas e Volunt\u00e1rios para o Projeto de Extens\u00e3o \u201cPr\u00e1ticas Integrativas e Complementares em Sa\u00fade: Acupuntura na Odontologia&#8221;.<\/span><\/span><\/span><\/article><article class='slide-entry flex_column  post-entry post-entry-17895 slide-entry-overview slide-loop-42 slide-parity-even  av_one_fifth  real-thumbnail posttype-post post-format-standard'  itemscope=\"itemscope\" itemtype=\"https:\/\/schema.org\/CreativeWork\" ><a href='https:\/\/www.odonto.ufmg.br\/cenex\/ata\/resultado-da-selecao-de-bolsistas-para-o-projeto-de-extensao-programa-traumatismos-dentarios\/' data-rel='slide-3' class='slide-image' title='Resultado da Sele\u00e7\u00e3o de Bolsistas para o Projeto de Extens\u00e3o \u201cPROGRAMA TRAUMATISMOS DENTARIOS&#8221;.'><img decoding=\"async\" fetchpriority=\"high\" width=\"260\" height=\"185\" src=\"https:\/\/www.odonto.ufmg.br\/cenex\/wp-content\/uploads\/sites\/2\/2023\/03\/Captura-de-Tela-2023-04-21-a\u0300s-12.22.55-260x185.png\" class=\"wp-image-15506 avia-img-lazy-loading-not-15506 attachment-portfolio_small size-portfolio_small wp-post-image\" alt=\"\" \/><\/a><div class=\"slide-content\"><header class=\"entry-content-header\" aria-label=\"Slide: Resultado da Sele\u00e7\u00e3o de Bolsistas para o Projeto de Extens\u00e3o \u201cPROGRAMA TRAUMATISMOS DENTARIOS&quot;.\"><h3 class='slide-entry-title entry-title '  itemprop=\"headline\" ><a href='https:\/\/www.odonto.ufmg.br\/cenex\/ata\/resultado-da-selecao-de-bolsistas-para-o-projeto-de-extensao-programa-traumatismos-dentarios\/' title='Resultado da Sele\u00e7\u00e3o de Bolsistas para o Projeto de Extens\u00e3o \u201cPROGRAMA TRAUMATISMOS DENTARIOS&#8221;.'>Resultado da Sele\u00e7\u00e3o de Bolsistas para o Projeto de Extens\u00e3o \u201cPROGRAMA TRAUMATISMOS DENTARIOS&#8221;.<\/a><\/h3><span class=\"av-vertical-delimiter\"><\/span><\/header><div class=\"slide-meta\"><time class='slide-meta-time updated'  itemprop=\"datePublished\" datetime=\"2026-03-04T09:56:24-03:00\" >04\/03\/2026<\/time><\/div><div class='slide-entry-excerpt entry-content'  itemprop=\"text\" >\n\n\n\nRESULTADOS\nResultado da Sele\u00e7\u00e3o de Bolsa\u00a0 para o Projeto\u2026<\/div><\/div><footer class=\"entry-footer\"><\/footer><span class='hidden'>\n\t\t\t\t<span class='av-structured-data'  itemprop=\"image\" itemscope=\"itemscope\" itemtype=\"https:\/\/schema.org\/ImageObject\" >\n\t\t\t\t\t\t<span itemprop='url'>https:\/\/www.odonto.ufmg.br\/cenex\/wp-content\/uploads\/sites\/2\/2023\/03\/Captura-de-Tela-2023-04-21-a\u0300s-12.22.55.png<\/span>\n\t\t\t\t\t\t<span itemprop='height'>922<\/span>\n\t\t\t\t\t\t<span itemprop='width'>1866<\/span>\n\t\t\t\t<\/span>\n\t\t\t\t<span class='av-structured-data'  itemprop=\"publisher\" itemtype=\"https:\/\/schema.org\/Organization\" itemscope=\"itemscope\" >\n\t\t\t\t\t\t<span itemprop='name'>cenex<\/span>\n\t\t\t\t\t\t<span itemprop='logo' itemscope itemtype='https:\/\/schema.org\/ImageObject'>\n\t\t\t\t\t\t\t<span itemprop='url'>http:\/\/www.odonto.ufmg.br\/cenex\/wp-content\/uploads\/sites\/2\/2025\/08\/logo-cenex.svg<\/span>\n\t\t\t\t\t\t<\/span>\n\t\t\t\t<\/span><span class='av-structured-data'  itemprop=\"author\" itemscope=\"itemscope\" itemtype=\"https:\/\/schema.org\/Person\" ><span itemprop='name'>cenex<\/span><\/span><span class='av-structured-data'  itemprop=\"datePublished\" datetime=\"2025-04-04T10:05:51-03:00\" >2026-03-04 09:56:24<\/span><span class='av-structured-data'  itemprop=\"dateModified\" itemtype=\"https:\/\/schema.org\/dateModified\" >2026-03-04 09:56:25<\/span><span class='av-structured-data'  itemprop=\"mainEntityOfPage\" itemtype=\"https:\/\/schema.org\/mainEntityOfPage\" ><span itemprop='name'>Resultado da Sele\u00e7\u00e3o de Bolsistas para o Projeto de Extens\u00e3o \u201cPROGRAMA TRAUMATISMOS DENTARIOS&#8221;.<\/span><\/span><\/span><\/article><article class='slide-entry flex_column  post-entry post-entry-17891 slide-entry-overview slide-loop-43 slide-parity-odd  av_one_fifth  real-thumbnail posttype-post post-format-standard'  itemscope=\"itemscope\" itemtype=\"https:\/\/schema.org\/CreativeWork\" ><a href='https:\/\/www.odonto.ufmg.br\/cenex\/ata\/resultado-da-selecao-de-bolsistas-para-o-projeto-de-extensao-programa-de-assistencia-odontologica-a-pacientes-de-transplante-da-ufmg\/' data-rel='slide-3' class='slide-image' title='Resultado da Sele\u00e7\u00e3o de Bolsistas para o Projeto de Extens\u00e3o \u201c PROGRAMA DE ASSIST\u00caNCIA ODONTOL\u00d3GICA A PACIENTES DE TRANSPLANTE DA UFMG&#8221;.'><img decoding=\"async\" fetchpriority=\"high\" width=\"260\" height=\"185\" src=\"https:\/\/www.odonto.ufmg.br\/cenex\/wp-content\/uploads\/sites\/2\/2023\/03\/Captura-de-Tela-2023-04-21-a\u0300s-12.22.55-260x185.png\" class=\"wp-image-15506 avia-img-lazy-loading-not-15506 attachment-portfolio_small size-portfolio_small wp-post-image\" alt=\"\" \/><\/a><div class=\"slide-content\"><header class=\"entry-content-header\" aria-label=\"Slide: Resultado da Sele\u00e7\u00e3o de Bolsistas para o Projeto de Extens\u00e3o \u201c PROGRAMA DE ASSIST\u00caNCIA ODONTOL\u00d3GICA A PACIENTES DE TRANSPLANTE DA UFMG&quot;.\"><h3 class='slide-entry-title entry-title '  itemprop=\"headline\" ><a href='https:\/\/www.odonto.ufmg.br\/cenex\/ata\/resultado-da-selecao-de-bolsistas-para-o-projeto-de-extensao-programa-de-assistencia-odontologica-a-pacientes-de-transplante-da-ufmg\/' title='Resultado da Sele\u00e7\u00e3o de Bolsistas para o Projeto de Extens\u00e3o \u201c PROGRAMA DE ASSIST\u00caNCIA ODONTOL\u00d3GICA A PACIENTES DE TRANSPLANTE DA UFMG&#8221;.'>Resultado da Sele\u00e7\u00e3o de Bolsistas para o Projeto de Extens\u00e3o \u201c PROGRAMA DE ASSIST\u00caNCIA ODONTOL\u00d3GICA A PACIENTES DE TRANSPLANTE DA UFMG&#8221;.<\/a><\/h3><span class=\"av-vertical-delimiter\"><\/span><\/header><div class=\"slide-meta\"><time class='slide-meta-time updated'  itemprop=\"datePublished\" datetime=\"2026-03-04T09:48:16-03:00\" >04\/03\/2026<\/time><\/div><div class='slide-entry-excerpt entry-content'  itemprop=\"text\" >\n\n\n\nRESULTADOS\nResultado da Sele\u00e7\u00e3o de Bolsa e Volunt\u00e1rios\u2026<\/div><\/div><footer class=\"entry-footer\"><\/footer><span class='hidden'>\n\t\t\t\t<span class='av-structured-data'  itemprop=\"image\" itemscope=\"itemscope\" itemtype=\"https:\/\/schema.org\/ImageObject\" >\n\t\t\t\t\t\t<span itemprop='url'>https:\/\/www.odonto.ufmg.br\/cenex\/wp-content\/uploads\/sites\/2\/2023\/03\/Captura-de-Tela-2023-04-21-a\u0300s-12.22.55.png<\/span>\n\t\t\t\t\t\t<span itemprop='height'>922<\/span>\n\t\t\t\t\t\t<span itemprop='width'>1866<\/span>\n\t\t\t\t<\/span>\n\t\t\t\t<span class='av-structured-data'  itemprop=\"publisher\" itemtype=\"https:\/\/schema.org\/Organization\" itemscope=\"itemscope\" >\n\t\t\t\t\t\t<span itemprop='name'>cenex<\/span>\n\t\t\t\t\t\t<span itemprop='logo' itemscope itemtype='https:\/\/schema.org\/ImageObject'>\n\t\t\t\t\t\t\t<span itemprop='url'>http:\/\/www.odonto.ufmg.br\/cenex\/wp-content\/uploads\/sites\/2\/2025\/08\/logo-cenex.svg<\/span>\n\t\t\t\t\t\t<\/span>\n\t\t\t\t<\/span><span class='av-structured-data'  itemprop=\"author\" itemscope=\"itemscope\" itemtype=\"https:\/\/schema.org\/Person\" ><span itemprop='name'>cenex<\/span><\/span><span class='av-structured-data'  itemprop=\"datePublished\" datetime=\"2025-04-04T10:05:51-03:00\" >2026-03-04 09:48:16<\/span><span class='av-structured-data'  itemprop=\"dateModified\" itemtype=\"https:\/\/schema.org\/dateModified\" >2026-03-04 09:51:46<\/span><span class='av-structured-data'  itemprop=\"mainEntityOfPage\" itemtype=\"https:\/\/schema.org\/mainEntityOfPage\" ><span itemprop='name'>Resultado da Sele\u00e7\u00e3o de Bolsistas para o Projeto de Extens\u00e3o \u201c PROGRAMA DE ASSIST\u00caNCIA ODONTOL\u00d3GICA A PACIENTES DE TRANSPLANTE DA UFMG&#8221;.<\/span><\/span><\/span><\/article><article class='slide-entry flex_column  post-entry post-entry-17884 slide-entry-overview slide-loop-44 slide-parity-even  av_one_fifth  real-thumbnail posttype-post post-format-standard'  itemscope=\"itemscope\" itemtype=\"https:\/\/schema.org\/CreativeWork\" ><a href='https:\/\/www.odonto.ufmg.br\/cenex\/ata\/resultado-da-selecao-de-bolsistas-e-voluntarios-para-o-projeto-de-extensao-atencao-a-saude-de-idosos-em-situacao-de-vulnerabilidade-clinico-funcional\/' data-rel='slide-3' class='slide-image' title='Resultado da Sele\u00e7\u00e3o de Bolsistas e Volunt\u00e1rios para o Projeto de Extens\u00e3o \u201c Aten\u00e7\u00e3o \u00e0 sa\u00fade de idosos em situa\u00e7\u00e3o de vulnerabilidade cl\u00ednico-funcional&#8221;.'><img decoding=\"async\" fetchpriority=\"high\" width=\"260\" height=\"185\" src=\"https:\/\/www.odonto.ufmg.br\/cenex\/wp-content\/uploads\/sites\/2\/2023\/03\/Captura-de-Tela-2023-04-21-a\u0300s-12.22.55-260x185.png\" class=\"wp-image-15506 avia-img-lazy-loading-not-15506 attachment-portfolio_small size-portfolio_small wp-post-image\" alt=\"\" \/><\/a><div class=\"slide-content\"><header class=\"entry-content-header\" aria-label=\"Slide: Resultado da Sele\u00e7\u00e3o de Bolsistas e Volunt\u00e1rios para o Projeto de Extens\u00e3o \u201c Aten\u00e7\u00e3o \u00e0 sa\u00fade de idosos em situa\u00e7\u00e3o de vulnerabilidade cl\u00ednico-funcional&quot;.\"><h3 class='slide-entry-title entry-title '  itemprop=\"headline\" ><a href='https:\/\/www.odonto.ufmg.br\/cenex\/ata\/resultado-da-selecao-de-bolsistas-e-voluntarios-para-o-projeto-de-extensao-atencao-a-saude-de-idosos-em-situacao-de-vulnerabilidade-clinico-funcional\/' title='Resultado da Sele\u00e7\u00e3o de Bolsistas e Volunt\u00e1rios para o Projeto de Extens\u00e3o \u201c Aten\u00e7\u00e3o \u00e0 sa\u00fade de idosos em situa\u00e7\u00e3o de vulnerabilidade cl\u00ednico-funcional&#8221;.'>Resultado da Sele\u00e7\u00e3o de Bolsistas e Volunt\u00e1rios para o Projeto de Extens\u00e3o \u201c Aten\u00e7\u00e3o \u00e0 sa\u00fade de idosos em situa\u00e7\u00e3o de vulnerabilidade cl\u00ednico-funcional&#8221;.<\/a><\/h3><span class=\"av-vertical-delimiter\"><\/span><\/header><div class=\"slide-meta\"><time class='slide-meta-time updated'  itemprop=\"datePublished\" datetime=\"2026-03-04T09:38:25-03:00\" >04\/03\/2026<\/time><\/div><div class='slide-entry-excerpt entry-content'  itemprop=\"text\" >\n\n\n\nRESULTADOS\nResultado da Sele\u00e7\u00e3o de Bolsa e Volunt\u00e1rios\u2026<\/div><\/div><footer class=\"entry-footer\"><\/footer><span class='hidden'>\n\t\t\t\t<span class='av-structured-data'  itemprop=\"image\" itemscope=\"itemscope\" itemtype=\"https:\/\/schema.org\/ImageObject\" >\n\t\t\t\t\t\t<span itemprop='url'>https:\/\/www.odonto.ufmg.br\/cenex\/wp-content\/uploads\/sites\/2\/2023\/03\/Captura-de-Tela-2023-04-21-a\u0300s-12.22.55.png<\/span>\n\t\t\t\t\t\t<span itemprop='height'>922<\/span>\n\t\t\t\t\t\t<span itemprop='width'>1866<\/span>\n\t\t\t\t<\/span>\n\t\t\t\t<span class='av-structured-data'  itemprop=\"publisher\" itemtype=\"https:\/\/schema.org\/Organization\" itemscope=\"itemscope\" >\n\t\t\t\t\t\t<span itemprop='name'>cenex<\/span>\n\t\t\t\t\t\t<span itemprop='logo' itemscope itemtype='https:\/\/schema.org\/ImageObject'>\n\t\t\t\t\t\t\t<span itemprop='url'>http:\/\/www.odonto.ufmg.br\/cenex\/wp-content\/uploads\/sites\/2\/2025\/08\/logo-cenex.svg<\/span>\n\t\t\t\t\t\t<\/span>\n\t\t\t\t<\/span><span class='av-structured-data'  itemprop=\"author\" itemscope=\"itemscope\" itemtype=\"https:\/\/schema.org\/Person\" ><span itemprop='name'>cenex<\/span><\/span><span class='av-structured-data'  itemprop=\"datePublished\" datetime=\"2025-04-04T10:05:51-03:00\" >2026-03-04 09:38:25<\/span><span class='av-structured-data'  itemprop=\"dateModified\" itemtype=\"https:\/\/schema.org\/dateModified\" >2026-03-04 09:52:24<\/span><span class='av-structured-data'  itemprop=\"mainEntityOfPage\" itemtype=\"https:\/\/schema.org\/mainEntityOfPage\" ><span itemprop='name'>Resultado da Sele\u00e7\u00e3o de Bolsistas e Volunt\u00e1rios para o Projeto de Extens\u00e3o \u201c Aten\u00e7\u00e3o \u00e0 sa\u00fade de idosos em situa\u00e7\u00e3o de vulnerabilidade cl\u00ednico-funcional&#8221;.<\/span><\/span><\/span><\/article><article class='slide-entry flex_column  post-entry post-entry-17880 slide-entry-overview slide-loop-45 slide-parity-odd  av_one_fifth  real-thumbnail posttype-post post-format-standard'  itemscope=\"itemscope\" itemtype=\"https:\/\/schema.org\/CreativeWork\" ><a href='https:\/\/www.odonto.ufmg.br\/cenex\/ata\/resultado-da-selecao-de-voluntarios-para-o-projeto-de-extensao-manutencao-e-controle-em-implantodontia-2\/' data-rel='slide-3' class='slide-image' title='Resultado da Sele\u00e7\u00e3o de Volunt\u00e1rios para o Projeto de Extens\u00e3o \u201cMANUTEN\u00c7\u00c3O E CONTROLE EM IMPLANTODONTIA&#8221;'><img decoding=\"async\" fetchpriority=\"high\" width=\"260\" height=\"185\" src=\"https:\/\/www.odonto.ufmg.br\/cenex\/wp-content\/uploads\/sites\/2\/2023\/03\/Captura-de-Tela-2023-04-21-a\u0300s-12.22.55-260x185.png\" class=\"wp-image-15506 avia-img-lazy-loading-not-15506 attachment-portfolio_small size-portfolio_small wp-post-image\" alt=\"\" \/><\/a><div class=\"slide-content\"><header class=\"entry-content-header\" aria-label=\"Slide: Resultado da Sele\u00e7\u00e3o de Volunt\u00e1rios para o Projeto de Extens\u00e3o \u201cMANUTEN\u00c7\u00c3O E CONTROLE EM IMPLANTODONTIA&quot;\"><h3 class='slide-entry-title entry-title '  itemprop=\"headline\" ><a href='https:\/\/www.odonto.ufmg.br\/cenex\/ata\/resultado-da-selecao-de-voluntarios-para-o-projeto-de-extensao-manutencao-e-controle-em-implantodontia-2\/' title='Resultado da Sele\u00e7\u00e3o de Volunt\u00e1rios para o Projeto de Extens\u00e3o \u201cMANUTEN\u00c7\u00c3O E CONTROLE EM IMPLANTODONTIA&#8221;'>Resultado da Sele\u00e7\u00e3o de Volunt\u00e1rios para o Projeto de Extens\u00e3o \u201cMANUTEN\u00c7\u00c3O E CONTROLE EM IMPLANTODONTIA&#8221;<\/a><\/h3><span class=\"av-vertical-delimiter\"><\/span><\/header><div class=\"slide-meta\"><time class='slide-meta-time updated'  itemprop=\"datePublished\" datetime=\"2026-03-04T09:33:03-03:00\" >04\/03\/2026<\/time><\/div><div class='slide-entry-excerpt entry-content'  itemprop=\"text\" >\n\n\n\n\n\n\n\nRESULTADOS\nResultado da Sele\u00e7\u00e3o de Volunt\u00e1rios para\u2026<\/div><\/div><footer class=\"entry-footer\"><\/footer><span class='hidden'>\n\t\t\t\t<span class='av-structured-data'  itemprop=\"image\" itemscope=\"itemscope\" itemtype=\"https:\/\/schema.org\/ImageObject\" >\n\t\t\t\t\t\t<span itemprop='url'>https:\/\/www.odonto.ufmg.br\/cenex\/wp-content\/uploads\/sites\/2\/2023\/03\/Captura-de-Tela-2023-04-21-a\u0300s-12.22.55.png<\/span>\n\t\t\t\t\t\t<span itemprop='height'>922<\/span>\n\t\t\t\t\t\t<span itemprop='width'>1866<\/span>\n\t\t\t\t<\/span>\n\t\t\t\t<span class='av-structured-data'  itemprop=\"publisher\" itemtype=\"https:\/\/schema.org\/Organization\" itemscope=\"itemscope\" >\n\t\t\t\t\t\t<span itemprop='name'>cenex<\/span>\n\t\t\t\t\t\t<span itemprop='logo' itemscope itemtype='https:\/\/schema.org\/ImageObject'>\n\t\t\t\t\t\t\t<span itemprop='url'>http:\/\/www.odonto.ufmg.br\/cenex\/wp-content\/uploads\/sites\/2\/2025\/08\/logo-cenex.svg<\/span>\n\t\t\t\t\t\t<\/span>\n\t\t\t\t<\/span><span class='av-structured-data'  itemprop=\"author\" itemscope=\"itemscope\" itemtype=\"https:\/\/schema.org\/Person\" ><span itemprop='name'>cenex<\/span><\/span><span class='av-structured-data'  itemprop=\"datePublished\" datetime=\"2025-04-04T10:05:51-03:00\" >2026-03-04 09:33:03<\/span><span class='av-structured-data'  itemprop=\"dateModified\" itemtype=\"https:\/\/schema.org\/dateModified\" >2026-03-04 09:34:01<\/span><span class='av-structured-data'  itemprop=\"mainEntityOfPage\" itemtype=\"https:\/\/schema.org\/mainEntityOfPage\" ><span itemprop='name'>Resultado da Sele\u00e7\u00e3o de Volunt\u00e1rios para o Projeto de Extens\u00e3o \u201cMANUTEN\u00c7\u00c3O E CONTROLE EM IMPLANTODONTIA&#8221;<\/span><\/span><\/span><\/article><\/div><div class=\"slide-entry-wrap\"><article class='slide-entry flex_column  post-entry post-entry-17837 slide-entry-overview slide-loop-46 slide-parity-odd  av_one_fifth first real-thumbnail posttype-post post-format-standard'  itemscope=\"itemscope\" itemtype=\"https:\/\/schema.org\/CreativeWork\" ><a href='https:\/\/www.odonto.ufmg.br\/cenex\/ata\/resultado-da-selecao-de-voluntarios-para-o-projeto-de-extensao-projeto-acolhimento-e-orientacao-ao-usuario-fao-ufmg-caseu\/' data-rel='slide-3' class='slide-image' title='Resultado da Sele\u00e7\u00e3o de Volunt\u00e1rios para o Projeto de Extens\u00e3o \u201cPROJETO ACOLHIMENTO E ORIENTA\u00c7\u00c3O AO USU\u00c1RIO FAO UFMG-CASEU&#8221;'><img decoding=\"async\" fetchpriority=\"high\" width=\"260\" height=\"185\" src=\"https:\/\/www.odonto.ufmg.br\/cenex\/wp-content\/uploads\/sites\/2\/2023\/03\/Captura-de-Tela-2023-04-21-a\u0300s-12.22.55-260x185.png\" class=\"wp-image-15506 avia-img-lazy-loading-not-15506 attachment-portfolio_small size-portfolio_small wp-post-image\" alt=\"\" \/><\/a><div class=\"slide-content\"><header class=\"entry-content-header\" aria-label=\"Slide: Resultado da Sele\u00e7\u00e3o de Volunt\u00e1rios para o Projeto de Extens\u00e3o \u201cPROJETO ACOLHIMENTO E ORIENTA\u00c7\u00c3O AO USU\u00c1RIO FAO UFMG-CASEU&quot;\"><h3 class='slide-entry-title entry-title '  itemprop=\"headline\" ><a href='https:\/\/www.odonto.ufmg.br\/cenex\/ata\/resultado-da-selecao-de-voluntarios-para-o-projeto-de-extensao-projeto-acolhimento-e-orientacao-ao-usuario-fao-ufmg-caseu\/' title='Resultado da Sele\u00e7\u00e3o de Volunt\u00e1rios para o Projeto de Extens\u00e3o \u201cPROJETO ACOLHIMENTO E ORIENTA\u00c7\u00c3O AO USU\u00c1RIO FAO UFMG-CASEU&#8221;'>Resultado da Sele\u00e7\u00e3o de Volunt\u00e1rios para o Projeto de Extens\u00e3o \u201cPROJETO ACOLHIMENTO E ORIENTA\u00c7\u00c3O AO USU\u00c1RIO FAO UFMG-CASEU&#8221;<\/a><\/h3><span class=\"av-vertical-delimiter\"><\/span><\/header><div class=\"slide-meta\"><time class='slide-meta-time updated'  itemprop=\"datePublished\" datetime=\"2026-02-25T20:52:10-03:00\" >25\/02\/2026<\/time><\/div><div class='slide-entry-excerpt entry-content'  itemprop=\"text\" >\n\n\n\n\n\n\n\nRESULTADOS\nResultado da Sele\u00e7\u00e3o de Volunt\u00e1rios para\u2026<\/div><\/div><footer class=\"entry-footer\"><\/footer><span class='hidden'>\n\t\t\t\t<span class='av-structured-data'  itemprop=\"image\" itemscope=\"itemscope\" itemtype=\"https:\/\/schema.org\/ImageObject\" >\n\t\t\t\t\t\t<span itemprop='url'>https:\/\/www.odonto.ufmg.br\/cenex\/wp-content\/uploads\/sites\/2\/2023\/03\/Captura-de-Tela-2023-04-21-a\u0300s-12.22.55.png<\/span>\n\t\t\t\t\t\t<span itemprop='height'>922<\/span>\n\t\t\t\t\t\t<span itemprop='width'>1866<\/span>\n\t\t\t\t<\/span>\n\t\t\t\t<span class='av-structured-data'  itemprop=\"publisher\" itemtype=\"https:\/\/schema.org\/Organization\" itemscope=\"itemscope\" >\n\t\t\t\t\t\t<span itemprop='name'>cenex<\/span>\n\t\t\t\t\t\t<span itemprop='logo' itemscope itemtype='https:\/\/schema.org\/ImageObject'>\n\t\t\t\t\t\t\t<span itemprop='url'>http:\/\/www.odonto.ufmg.br\/cenex\/wp-content\/uploads\/sites\/2\/2025\/08\/logo-cenex.svg<\/span>\n\t\t\t\t\t\t<\/span>\n\t\t\t\t<\/span><span class='av-structured-data'  itemprop=\"author\" itemscope=\"itemscope\" itemtype=\"https:\/\/schema.org\/Person\" ><span itemprop='name'>cenex<\/span><\/span><span class='av-structured-data'  itemprop=\"datePublished\" datetime=\"2025-04-04T10:05:51-03:00\" >2026-02-25 20:52:10<\/span><span class='av-structured-data'  itemprop=\"dateModified\" itemtype=\"https:\/\/schema.org\/dateModified\" >2026-02-25 20:52:19<\/span><span class='av-structured-data'  itemprop=\"mainEntityOfPage\" itemtype=\"https:\/\/schema.org\/mainEntityOfPage\" ><span itemprop='name'>Resultado da Sele\u00e7\u00e3o de Volunt\u00e1rios para o Projeto de Extens\u00e3o \u201cPROJETO ACOLHIMENTO E ORIENTA\u00c7\u00c3O AO USU\u00c1RIO FAO UFMG-CASEU&#8221;<\/span><\/span><\/span><\/article><article class='slide-entry flex_column  post-entry post-entry-17795 slide-entry-overview slide-loop-47 slide-parity-even  av_one_fifth  real-thumbnail posttype-post post-format-standard'  itemscope=\"itemscope\" itemtype=\"https:\/\/schema.org\/CreativeWork\" ><a href='https:\/\/www.odonto.ufmg.br\/cenex\/ata\/resultado-da-selecao-de-voluntarios-e-bolsistas-para-o-projeto-de-extensao-projeto-terapia-periodontal-de-suporte\/' data-rel='slide-3' class='slide-image' title='Resultado da Sele\u00e7\u00e3o de Volunt\u00e1rios e Bolsistas para o Projeto de Extens\u00e3o \u201cPROJETO TERAPIA PERIODONTAL DE SUPORTE&#8221;'><img decoding=\"async\" fetchpriority=\"high\" width=\"260\" height=\"185\" src=\"https:\/\/www.odonto.ufmg.br\/cenex\/wp-content\/uploads\/sites\/2\/2023\/03\/Captura-de-Tela-2023-04-21-a\u0300s-12.22.55-260x185.png\" class=\"wp-image-15506 avia-img-lazy-loading-not-15506 attachment-portfolio_small size-portfolio_small wp-post-image\" alt=\"\" \/><\/a><div class=\"slide-content\"><header class=\"entry-content-header\" aria-label=\"Slide: Resultado da Sele\u00e7\u00e3o de Volunt\u00e1rios e Bolsistas para o Projeto de Extens\u00e3o \u201cPROJETO TERAPIA PERIODONTAL DE SUPORTE&quot;\"><h3 class='slide-entry-title entry-title '  itemprop=\"headline\" ><a href='https:\/\/www.odonto.ufmg.br\/cenex\/ata\/resultado-da-selecao-de-voluntarios-e-bolsistas-para-o-projeto-de-extensao-projeto-terapia-periodontal-de-suporte\/' title='Resultado da Sele\u00e7\u00e3o de Volunt\u00e1rios e Bolsistas para o Projeto de Extens\u00e3o \u201cPROJETO TERAPIA PERIODONTAL DE SUPORTE&#8221;'>Resultado da Sele\u00e7\u00e3o de Volunt\u00e1rios e Bolsistas para o Projeto de Extens\u00e3o \u201cPROJETO TERAPIA PERIODONTAL DE SUPORTE&#8221;<\/a><\/h3><span class=\"av-vertical-delimiter\"><\/span><\/header><div class=\"slide-meta\"><time class='slide-meta-time updated'  itemprop=\"datePublished\" datetime=\"2026-02-13T11:11:57-03:00\" >13\/02\/2026<\/time><\/div><div class='slide-entry-excerpt entry-content'  itemprop=\"text\" >\n\n\n\n\n\n\n\nRESULTADOS\nResultado da Sele\u00e7\u00e3o de Volunt\u00e1rios e Bolsista\u2026<\/div><\/div><footer class=\"entry-footer\"><\/footer><span class='hidden'>\n\t\t\t\t<span class='av-structured-data'  itemprop=\"image\" itemscope=\"itemscope\" itemtype=\"https:\/\/schema.org\/ImageObject\" >\n\t\t\t\t\t\t<span itemprop='url'>https:\/\/www.odonto.ufmg.br\/cenex\/wp-content\/uploads\/sites\/2\/2023\/03\/Captura-de-Tela-2023-04-21-a\u0300s-12.22.55.png<\/span>\n\t\t\t\t\t\t<span itemprop='height'>922<\/span>\n\t\t\t\t\t\t<span itemprop='width'>1866<\/span>\n\t\t\t\t<\/span>\n\t\t\t\t<span class='av-structured-data'  itemprop=\"publisher\" itemtype=\"https:\/\/schema.org\/Organization\" itemscope=\"itemscope\" >\n\t\t\t\t\t\t<span itemprop='name'>cenex<\/span>\n\t\t\t\t\t\t<span itemprop='logo' itemscope itemtype='https:\/\/schema.org\/ImageObject'>\n\t\t\t\t\t\t\t<span itemprop='url'>http:\/\/www.odonto.ufmg.br\/cenex\/wp-content\/uploads\/sites\/2\/2025\/08\/logo-cenex.svg<\/span>\n\t\t\t\t\t\t<\/span>\n\t\t\t\t<\/span><span class='av-structured-data'  itemprop=\"author\" itemscope=\"itemscope\" itemtype=\"https:\/\/schema.org\/Person\" ><span itemprop='name'>cenex<\/span><\/span><span class='av-structured-data'  itemprop=\"datePublished\" datetime=\"2025-04-04T10:05:51-03:00\" >2026-02-13 11:11:57<\/span><span class='av-structured-data'  itemprop=\"dateModified\" itemtype=\"https:\/\/schema.org\/dateModified\" >2026-02-13 11:12:02<\/span><span class='av-structured-data'  itemprop=\"mainEntityOfPage\" itemtype=\"https:\/\/schema.org\/mainEntityOfPage\" ><span itemprop='name'>Resultado da Sele\u00e7\u00e3o de Volunt\u00e1rios e Bolsistas para o Projeto de Extens\u00e3o \u201cPROJETO TERAPIA PERIODONTAL DE SUPORTE&#8221;<\/span><\/span><\/span><\/article><article class='slide-entry flex_column  post-entry post-entry-17792 slide-entry-overview slide-loop-48 slide-parity-odd  av_one_fifth  real-thumbnail posttype-post post-format-standard'  itemscope=\"itemscope\" itemtype=\"https:\/\/schema.org\/CreativeWork\" ><a href='https:\/\/www.odonto.ufmg.br\/cenex\/ata\/resultado-da-selecao-de-voluntarios-e-bolsistas-para-o-projeto-de-extensao-inclusao-promocao-de-saude-bucal-da-populacao-em-situacao-de-rua-psr\/' data-rel='slide-3' class='slide-image' title='Resultado da Sele\u00e7\u00e3o de Volunt\u00e1rios e Bolsistas para o Projeto de Extens\u00e3o \u201cInclus\u00e3o: Promo\u00e7\u00e3o de Sa\u00fade Bucal da Popula\u00e7\u00e3o em Situa\u00e7\u00e3o de Rua (PSR)'><img decoding=\"async\" fetchpriority=\"high\" width=\"260\" height=\"185\" src=\"https:\/\/www.odonto.ufmg.br\/cenex\/wp-content\/uploads\/sites\/2\/2023\/03\/Captura-de-Tela-2023-04-21-a\u0300s-12.22.55-260x185.png\" class=\"wp-image-15506 avia-img-lazy-loading-not-15506 attachment-portfolio_small size-portfolio_small wp-post-image\" alt=\"\" \/><\/a><div class=\"slide-content\"><header class=\"entry-content-header\" aria-label=\"Slide: Resultado da Sele\u00e7\u00e3o de Volunt\u00e1rios e Bolsistas para o Projeto de Extens\u00e3o \u201cInclus\u00e3o: Promo\u00e7\u00e3o de Sa\u00fade Bucal da Popula\u00e7\u00e3o em Situa\u00e7\u00e3o de Rua (PSR)\"><h3 class='slide-entry-title entry-title '  itemprop=\"headline\" ><a href='https:\/\/www.odonto.ufmg.br\/cenex\/ata\/resultado-da-selecao-de-voluntarios-e-bolsistas-para-o-projeto-de-extensao-inclusao-promocao-de-saude-bucal-da-populacao-em-situacao-de-rua-psr\/' title='Resultado da Sele\u00e7\u00e3o de Volunt\u00e1rios e Bolsistas para o Projeto de Extens\u00e3o \u201cInclus\u00e3o: Promo\u00e7\u00e3o de Sa\u00fade Bucal da Popula\u00e7\u00e3o em Situa\u00e7\u00e3o de Rua (PSR)'>Resultado da Sele\u00e7\u00e3o de Volunt\u00e1rios e Bolsistas para o Projeto de Extens\u00e3o \u201cInclus\u00e3o: Promo\u00e7\u00e3o de Sa\u00fade Bucal da Popula\u00e7\u00e3o em Situa\u00e7\u00e3o de Rua (PSR)<\/a><\/h3><span class=\"av-vertical-delimiter\"><\/span><\/header><div class=\"slide-meta\"><time class='slide-meta-time updated'  itemprop=\"datePublished\" datetime=\"2026-02-13T11:09:06-03:00\" >13\/02\/2026<\/time><\/div><div class='slide-entry-excerpt entry-content'  itemprop=\"text\" >\n\n\n\n\n\n\n\nRESULTADOS\nResultado da Sele\u00e7\u00e3o de Volunt\u00e1rios para\u2026<\/div><\/div><footer class=\"entry-footer\"><\/footer><span class='hidden'>\n\t\t\t\t<span class='av-structured-data'  itemprop=\"image\" itemscope=\"itemscope\" itemtype=\"https:\/\/schema.org\/ImageObject\" >\n\t\t\t\t\t\t<span itemprop='url'>https:\/\/www.odonto.ufmg.br\/cenex\/wp-content\/uploads\/sites\/2\/2023\/03\/Captura-de-Tela-2023-04-21-a\u0300s-12.22.55.png<\/span>\n\t\t\t\t\t\t<span itemprop='height'>922<\/span>\n\t\t\t\t\t\t<span itemprop='width'>1866<\/span>\n\t\t\t\t<\/span>\n\t\t\t\t<span class='av-structured-data'  itemprop=\"publisher\" itemtype=\"https:\/\/schema.org\/Organization\" itemscope=\"itemscope\" >\n\t\t\t\t\t\t<span itemprop='name'>cenex<\/span>\n\t\t\t\t\t\t<span itemprop='logo' itemscope itemtype='https:\/\/schema.org\/ImageObject'>\n\t\t\t\t\t\t\t<span itemprop='url'>http:\/\/www.odonto.ufmg.br\/cenex\/wp-content\/uploads\/sites\/2\/2025\/08\/logo-cenex.svg<\/span>\n\t\t\t\t\t\t<\/span>\n\t\t\t\t<\/span><span class='av-structured-data'  itemprop=\"author\" itemscope=\"itemscope\" itemtype=\"https:\/\/schema.org\/Person\" ><span itemprop='name'>cenex<\/span><\/span><span class='av-structured-data'  itemprop=\"datePublished\" datetime=\"2025-04-04T10:05:51-03:00\" >2026-02-13 11:09:06<\/span><span class='av-structured-data'  itemprop=\"dateModified\" itemtype=\"https:\/\/schema.org\/dateModified\" >2026-02-13 11:10:18<\/span><span class='av-structured-data'  itemprop=\"mainEntityOfPage\" itemtype=\"https:\/\/schema.org\/mainEntityOfPage\" ><span itemprop='name'>Resultado da Sele\u00e7\u00e3o de Volunt\u00e1rios e Bolsistas para o Projeto de Extens\u00e3o \u201cInclus\u00e3o: Promo\u00e7\u00e3o de Sa\u00fade Bucal da Popula\u00e7\u00e3o em Situa\u00e7\u00e3o de Rua (PSR)<\/span><\/span><\/span><\/article><article class='slide-entry flex_column  post-entry post-entry-17542 slide-entry-overview slide-loop-49 slide-parity-even  av_one_fifth  real-thumbnail posttype-post post-format-standard'  itemscope=\"itemscope\" itemtype=\"https:\/\/schema.org\/CreativeWork\" ><a href='https:\/\/www.odonto.ufmg.br\/cenex\/resultados\/resultado-da-selecao-de-voluntarios-para-o-projeto-de-extensao-translacao-do-conhecimento-em-odontologia-em-saude-publica\/' data-rel='slide-3' class='slide-image' title='Resultado da Sele\u00e7\u00e3o de Volunt\u00e1rios para o Projeto de Extens\u00e3o \u201cTransla\u00e7\u00e3o do Conhecimento em Odontologia em Sa\u00fade P\u00fablica&#8221;'><img decoding=\"async\" fetchpriority=\"high\" width=\"260\" height=\"185\" src=\"https:\/\/www.odonto.ufmg.br\/cenex\/wp-content\/uploads\/sites\/2\/2023\/03\/Captura-de-Tela-2023-04-21-a\u0300s-12.22.55-260x185.png\" class=\"wp-image-15506 avia-img-lazy-loading-not-15506 attachment-portfolio_small size-portfolio_small wp-post-image\" alt=\"\" \/><\/a><div class=\"slide-content\"><header class=\"entry-content-header\" aria-label=\"Slide: Resultado da Sele\u00e7\u00e3o de Volunt\u00e1rios para o Projeto de Extens\u00e3o \u201cTransla\u00e7\u00e3o do Conhecimento em Odontologia em Sa\u00fade P\u00fablica&quot;\"><h3 class='slide-entry-title entry-title '  itemprop=\"headline\" ><a href='https:\/\/www.odonto.ufmg.br\/cenex\/resultados\/resultado-da-selecao-de-voluntarios-para-o-projeto-de-extensao-translacao-do-conhecimento-em-odontologia-em-saude-publica\/' title='Resultado da Sele\u00e7\u00e3o de Volunt\u00e1rios para o Projeto de Extens\u00e3o \u201cTransla\u00e7\u00e3o do Conhecimento em Odontologia em Sa\u00fade P\u00fablica&#8221;'>Resultado da Sele\u00e7\u00e3o de Volunt\u00e1rios para o Projeto de Extens\u00e3o \u201cTransla\u00e7\u00e3o do Conhecimento em Odontologia em Sa\u00fade P\u00fablica&#8221;<\/a><\/h3><span class=\"av-vertical-delimiter\"><\/span><\/header><div class=\"slide-meta\"><time class='slide-meta-time updated'  itemprop=\"datePublished\" datetime=\"2025-12-01T11:00:56-03:00\" >01\/12\/2025<\/time><\/div><div class='slide-entry-excerpt entry-content'  itemprop=\"text\" >\n\n\n\nRESULTADOS\nResultado da Sele\u00e7\u00e3o de Volunt\u00e1rios para o\u2026<\/div><\/div><footer class=\"entry-footer\"><\/footer><span class='hidden'>\n\t\t\t\t<span class='av-structured-data'  itemprop=\"image\" itemscope=\"itemscope\" itemtype=\"https:\/\/schema.org\/ImageObject\" >\n\t\t\t\t\t\t<span itemprop='url'>https:\/\/www.odonto.ufmg.br\/cenex\/wp-content\/uploads\/sites\/2\/2023\/03\/Captura-de-Tela-2023-04-21-a\u0300s-12.22.55.png<\/span>\n\t\t\t\t\t\t<span itemprop='height'>922<\/span>\n\t\t\t\t\t\t<span itemprop='width'>1866<\/span>\n\t\t\t\t<\/span>\n\t\t\t\t<span class='av-structured-data'  itemprop=\"publisher\" itemtype=\"https:\/\/schema.org\/Organization\" itemscope=\"itemscope\" >\n\t\t\t\t\t\t<span itemprop='name'>cenex<\/span>\n\t\t\t\t\t\t<span itemprop='logo' itemscope itemtype='https:\/\/schema.org\/ImageObject'>\n\t\t\t\t\t\t\t<span itemprop='url'>http:\/\/www.odonto.ufmg.br\/cenex\/wp-content\/uploads\/sites\/2\/2025\/08\/logo-cenex.svg<\/span>\n\t\t\t\t\t\t<\/span>\n\t\t\t\t<\/span><span class='av-structured-data'  itemprop=\"author\" itemscope=\"itemscope\" itemtype=\"https:\/\/schema.org\/Person\" ><span itemprop='name'>cenex<\/span><\/span><span class='av-structured-data'  itemprop=\"datePublished\" datetime=\"2025-04-04T10:05:51-03:00\" >2025-12-01 11:00:56<\/span><span class='av-structured-data'  itemprop=\"dateModified\" itemtype=\"https:\/\/schema.org\/dateModified\" >2025-12-01 11:01:51<\/span><span class='av-structured-data'  itemprop=\"mainEntityOfPage\" itemtype=\"https:\/\/schema.org\/mainEntityOfPage\" ><span itemprop='name'>Resultado da Sele\u00e7\u00e3o de Volunt\u00e1rios para o Projeto de Extens\u00e3o \u201cTransla\u00e7\u00e3o do Conhecimento em Odontologia em Sa\u00fade P\u00fablica&#8221;<\/span><\/span><\/span><\/article><article class='slide-entry flex_column  post-entry post-entry-17491 slide-entry-overview slide-loop-50 slide-parity-odd  av_one_fifth  real-thumbnail posttype-post post-format-standard'  itemscope=\"itemscope\" itemtype=\"https:\/\/schema.org\/CreativeWork\" ><a href='https:\/\/www.odonto.ufmg.br\/cenex\/resultados\/resultado-da-selecao-de-voluntarios-para-o-projeto-de-extensao-terapia-periodontal-de-suporte\/' data-rel='slide-3' class='slide-image' title='Resultado da Sele\u00e7\u00e3o de Volunt\u00e1rios para o Projeto de Extens\u00e3o \u201cTerapia Periodontal de Suporte&#8221;'><img decoding=\"async\" fetchpriority=\"high\" width=\"260\" height=\"185\" src=\"https:\/\/www.odonto.ufmg.br\/cenex\/wp-content\/uploads\/sites\/2\/2023\/03\/Captura-de-Tela-2023-04-21-a\u0300s-12.22.55-260x185.png\" class=\"wp-image-15506 avia-img-lazy-loading-not-15506 attachment-portfolio_small size-portfolio_small wp-post-image\" alt=\"\" \/><\/a><div class=\"slide-content\"><header class=\"entry-content-header\" aria-label=\"Slide: Resultado da Sele\u00e7\u00e3o de Volunt\u00e1rios para o Projeto de Extens\u00e3o \u201cTerapia Periodontal de Suporte&quot;\"><h3 class='slide-entry-title entry-title '  itemprop=\"headline\" ><a href='https:\/\/www.odonto.ufmg.br\/cenex\/resultados\/resultado-da-selecao-de-voluntarios-para-o-projeto-de-extensao-terapia-periodontal-de-suporte\/' title='Resultado da Sele\u00e7\u00e3o de Volunt\u00e1rios para o Projeto de Extens\u00e3o \u201cTerapia Periodontal de Suporte&#8221;'>Resultado da Sele\u00e7\u00e3o de Volunt\u00e1rios para o Projeto de Extens\u00e3o \u201cTerapia Periodontal de Suporte&#8221;<\/a><\/h3><span class=\"av-vertical-delimiter\"><\/span><\/header><div class=\"slide-meta\"><time class='slide-meta-time updated'  itemprop=\"datePublished\" datetime=\"2025-10-01T11:56:52-03:00\" >01\/10\/2025<\/time><\/div><div class='slide-entry-excerpt entry-content'  itemprop=\"text\" >\n\n\n\nRESULTADOS\nResultado da Sele\u00e7\u00e3o de Volunt\u00e1rios para o\u2026<\/div><\/div><footer class=\"entry-footer\"><\/footer><span class='hidden'>\n\t\t\t\t<span class='av-structured-data'  itemprop=\"image\" itemscope=\"itemscope\" itemtype=\"https:\/\/schema.org\/ImageObject\" >\n\t\t\t\t\t\t<span itemprop='url'>https:\/\/www.odonto.ufmg.br\/cenex\/wp-content\/uploads\/sites\/2\/2023\/03\/Captura-de-Tela-2023-04-21-a\u0300s-12.22.55.png<\/span>\n\t\t\t\t\t\t<span itemprop='height'>922<\/span>\n\t\t\t\t\t\t<span itemprop='width'>1866<\/span>\n\t\t\t\t<\/span>\n\t\t\t\t<span class='av-structured-data'  itemprop=\"publisher\" itemtype=\"https:\/\/schema.org\/Organization\" itemscope=\"itemscope\" >\n\t\t\t\t\t\t<span itemprop='name'>cenex<\/span>\n\t\t\t\t\t\t<span itemprop='logo' itemscope itemtype='https:\/\/schema.org\/ImageObject'>\n\t\t\t\t\t\t\t<span itemprop='url'>http:\/\/www.odonto.ufmg.br\/cenex\/wp-content\/uploads\/sites\/2\/2025\/08\/logo-cenex.svg<\/span>\n\t\t\t\t\t\t<\/span>\n\t\t\t\t<\/span><span class='av-structured-data'  itemprop=\"author\" itemscope=\"itemscope\" itemtype=\"https:\/\/schema.org\/Person\" ><span itemprop='name'>cenex<\/span><\/span><span class='av-structured-data'  itemprop=\"datePublished\" datetime=\"2025-04-04T10:05:51-03:00\" >2025-10-01 11:56:52<\/span><span class='av-structured-data'  itemprop=\"dateModified\" itemtype=\"https:\/\/schema.org\/dateModified\" >2025-10-01 11:56:53<\/span><span class='av-structured-data'  itemprop=\"mainEntityOfPage\" itemtype=\"https:\/\/schema.org\/mainEntityOfPage\" ><span itemprop='name'>Resultado da Sele\u00e7\u00e3o de Volunt\u00e1rios para o Projeto de Extens\u00e3o \u201cTerapia Periodontal de Suporte&#8221;<\/span><\/span><\/span><\/article><\/div><div class=\"slide-entry-wrap\"><article class='slide-entry flex_column  post-entry post-entry-17452 slide-entry-overview slide-loop-51 slide-parity-odd  av_one_fifth first real-thumbnail posttype-post post-format-standard'  itemscope=\"itemscope\" itemtype=\"https:\/\/schema.org\/CreativeWork\" ><a href='https:\/\/www.odonto.ufmg.br\/cenex\/resultados\/resultado-da-selecao-complementar-de-voluntarios-para-o-projeto-de-extensao-acolhimento-e-orientacao-ao-usuario-fao-ufmg-caseu\/' data-rel='slide-3' class='slide-image' title='Resultado da Sele\u00e7\u00e3o Complementar de Volunt\u00e1rios para o Projeto de Extens\u00e3o \u201cACOLHIMENTO E ORIENTA\u00c7\u00c3O AO USU\u00c1RIO FAO UFMG\u00a0\u2013\u00a0CASEU&#8221;'><img decoding=\"async\" fetchpriority=\"high\" width=\"260\" height=\"185\" src=\"https:\/\/www.odonto.ufmg.br\/cenex\/wp-content\/uploads\/sites\/2\/2023\/03\/Captura-de-Tela-2023-04-21-a\u0300s-12.22.55-260x185.png\" class=\"wp-image-15506 avia-img-lazy-loading-not-15506 attachment-portfolio_small size-portfolio_small wp-post-image\" alt=\"\" \/><\/a><div class=\"slide-content\"><header class=\"entry-content-header\" aria-label=\"Slide: Resultado da Sele\u00e7\u00e3o Complementar de Volunt\u00e1rios para o Projeto de Extens\u00e3o \u201cACOLHIMENTO E ORIENTA\u00c7\u00c3O AO USU\u00c1RIO FAO UFMG\u00a0\u2013\u00a0CASEU&quot;\"><h3 class='slide-entry-title entry-title '  itemprop=\"headline\" ><a href='https:\/\/www.odonto.ufmg.br\/cenex\/resultados\/resultado-da-selecao-complementar-de-voluntarios-para-o-projeto-de-extensao-acolhimento-e-orientacao-ao-usuario-fao-ufmg-caseu\/' title='Resultado da Sele\u00e7\u00e3o Complementar de Volunt\u00e1rios para o Projeto de Extens\u00e3o \u201cACOLHIMENTO E ORIENTA\u00c7\u00c3O AO USU\u00c1RIO FAO UFMG\u00a0\u2013\u00a0CASEU&#8221;'>Resultado da Sele\u00e7\u00e3o Complementar de Volunt\u00e1rios para o Projeto de Extens\u00e3o \u201cACOLHIMENTO E ORIENTA\u00c7\u00c3O AO USU\u00c1RIO FAO UFMG\u00a0\u2013\u00a0CASEU&#8221;<\/a><\/h3><span class=\"av-vertical-delimiter\"><\/span><\/header><div class=\"slide-meta\"><time class='slide-meta-time updated'  itemprop=\"datePublished\" datetime=\"2025-09-12T10:47:20-03:00\" >12\/09\/2025<\/time><\/div><div class='slide-entry-excerpt entry-content'  itemprop=\"text\" >\n\n\n\nRESULTADOS\nResultado da Sele\u00e7\u00e3o Complementar de Volunt\u00e1rios\u2026<\/div><\/div><footer class=\"entry-footer\"><\/footer><span class='hidden'>\n\t\t\t\t<span class='av-structured-data'  itemprop=\"image\" itemscope=\"itemscope\" itemtype=\"https:\/\/schema.org\/ImageObject\" >\n\t\t\t\t\t\t<span itemprop='url'>https:\/\/www.odonto.ufmg.br\/cenex\/wp-content\/uploads\/sites\/2\/2023\/03\/Captura-de-Tela-2023-04-21-a\u0300s-12.22.55.png<\/span>\n\t\t\t\t\t\t<span itemprop='height'>922<\/span>\n\t\t\t\t\t\t<span itemprop='width'>1866<\/span>\n\t\t\t\t<\/span>\n\t\t\t\t<span class='av-structured-data'  itemprop=\"publisher\" itemtype=\"https:\/\/schema.org\/Organization\" itemscope=\"itemscope\" >\n\t\t\t\t\t\t<span itemprop='name'>cenex<\/span>\n\t\t\t\t\t\t<span itemprop='logo' itemscope itemtype='https:\/\/schema.org\/ImageObject'>\n\t\t\t\t\t\t\t<span itemprop='url'>http:\/\/www.odonto.ufmg.br\/cenex\/wp-content\/uploads\/sites\/2\/2025\/08\/logo-cenex.svg<\/span>\n\t\t\t\t\t\t<\/span>\n\t\t\t\t<\/span><span class='av-structured-data'  itemprop=\"author\" itemscope=\"itemscope\" itemtype=\"https:\/\/schema.org\/Person\" ><span itemprop='name'>cenex<\/span><\/span><span class='av-structured-data'  itemprop=\"datePublished\" datetime=\"2025-04-04T10:05:51-03:00\" >2025-09-12 10:47:20<\/span><span class='av-structured-data'  itemprop=\"dateModified\" itemtype=\"https:\/\/schema.org\/dateModified\" >2025-09-12 10:47:21<\/span><span class='av-structured-data'  itemprop=\"mainEntityOfPage\" itemtype=\"https:\/\/schema.org\/mainEntityOfPage\" ><span itemprop='name'>Resultado da Sele\u00e7\u00e3o Complementar de Volunt\u00e1rios para o Projeto de Extens\u00e3o \u201cACOLHIMENTO E ORIENTA\u00c7\u00c3O AO USU\u00c1RIO FAO UFMG\u00a0\u2013\u00a0CASEU&#8221;<\/span><\/span><\/span><\/article><article class='slide-entry flex_column  post-entry post-entry-17450 slide-entry-overview slide-loop-52 slide-parity-even  av_one_fifth  real-thumbnail posttype-post post-format-standard'  itemscope=\"itemscope\" itemtype=\"https:\/\/schema.org\/CreativeWork\" ><a href='https:\/\/www.odonto.ufmg.br\/cenex\/resultados\/resultado-da-selecao-complementar-de-voluntarios-para-o-projeto-de-extensao-inclusao-promocao-de-saude-bucal-da-populacao-em-situacao-de-rua-psr\/' data-rel='slide-3' class='slide-image' title='Resultado da Sele\u00e7\u00e3o Complementar de Volunt\u00e1rios para o Projeto de Extens\u00e3o \u201cInclus\u00e3o: Promo\u00e7\u00e3o de Sa\u00fade Bucal da Popula\u00e7\u00e3o em Situa\u00e7\u00e3o\u00a0de\u00a0Rua\u00a0(PSR)&#8221;'><img decoding=\"async\" fetchpriority=\"high\" width=\"260\" height=\"185\" src=\"https:\/\/www.odonto.ufmg.br\/cenex\/wp-content\/uploads\/sites\/2\/2023\/03\/Captura-de-Tela-2023-04-21-a\u0300s-12.22.55-260x185.png\" class=\"wp-image-15506 avia-img-lazy-loading-not-15506 attachment-portfolio_small size-portfolio_small wp-post-image\" alt=\"\" \/><\/a><div class=\"slide-content\"><header class=\"entry-content-header\" aria-label=\"Slide: Resultado da Sele\u00e7\u00e3o Complementar de Volunt\u00e1rios para o Projeto de Extens\u00e3o \u201cInclus\u00e3o: Promo\u00e7\u00e3o de Sa\u00fade Bucal da Popula\u00e7\u00e3o em Situa\u00e7\u00e3o\u00a0de\u00a0Rua\u00a0(PSR)&quot;\"><h3 class='slide-entry-title entry-title '  itemprop=\"headline\" ><a href='https:\/\/www.odonto.ufmg.br\/cenex\/resultados\/resultado-da-selecao-complementar-de-voluntarios-para-o-projeto-de-extensao-inclusao-promocao-de-saude-bucal-da-populacao-em-situacao-de-rua-psr\/' title='Resultado da Sele\u00e7\u00e3o Complementar de Volunt\u00e1rios para o Projeto de Extens\u00e3o \u201cInclus\u00e3o: Promo\u00e7\u00e3o de Sa\u00fade Bucal da Popula\u00e7\u00e3o em Situa\u00e7\u00e3o\u00a0de\u00a0Rua\u00a0(PSR)&#8221;'>Resultado da Sele\u00e7\u00e3o Complementar de Volunt\u00e1rios para o Projeto de Extens\u00e3o \u201cInclus\u00e3o: Promo\u00e7\u00e3o de Sa\u00fade Bucal da Popula\u00e7\u00e3o em Situa\u00e7\u00e3o\u00a0de\u00a0Rua\u00a0(PSR)&#8221;<\/a><\/h3><span class=\"av-vertical-delimiter\"><\/span><\/header><div class=\"slide-meta\"><time class='slide-meta-time updated'  itemprop=\"datePublished\" datetime=\"2025-09-12T10:45:09-03:00\" >12\/09\/2025<\/time><\/div><div class='slide-entry-excerpt entry-content'  itemprop=\"text\" >\n\n\n\nRESULTADOS\nResultado da Sele\u00e7\u00e3o Complementar de Volunt\u00e1rios\u2026<\/div><\/div><footer class=\"entry-footer\"><\/footer><span class='hidden'>\n\t\t\t\t<span class='av-structured-data'  itemprop=\"image\" itemscope=\"itemscope\" itemtype=\"https:\/\/schema.org\/ImageObject\" >\n\t\t\t\t\t\t<span itemprop='url'>https:\/\/www.odonto.ufmg.br\/cenex\/wp-content\/uploads\/sites\/2\/2023\/03\/Captura-de-Tela-2023-04-21-a\u0300s-12.22.55.png<\/span>\n\t\t\t\t\t\t<span itemprop='height'>922<\/span>\n\t\t\t\t\t\t<span itemprop='width'>1866<\/span>\n\t\t\t\t<\/span>\n\t\t\t\t<span class='av-structured-data'  itemprop=\"publisher\" itemtype=\"https:\/\/schema.org\/Organization\" itemscope=\"itemscope\" >\n\t\t\t\t\t\t<span itemprop='name'>cenex<\/span>\n\t\t\t\t\t\t<span itemprop='logo' itemscope itemtype='https:\/\/schema.org\/ImageObject'>\n\t\t\t\t\t\t\t<span itemprop='url'>http:\/\/www.odonto.ufmg.br\/cenex\/wp-content\/uploads\/sites\/2\/2025\/08\/logo-cenex.svg<\/span>\n\t\t\t\t\t\t<\/span>\n\t\t\t\t<\/span><span class='av-structured-data'  itemprop=\"author\" itemscope=\"itemscope\" itemtype=\"https:\/\/schema.org\/Person\" ><span itemprop='name'>cenex<\/span><\/span><span class='av-structured-data'  itemprop=\"datePublished\" datetime=\"2025-04-04T10:05:51-03:00\" >2025-09-12 10:45:09<\/span><span class='av-structured-data'  itemprop=\"dateModified\" itemtype=\"https:\/\/schema.org\/dateModified\" >2025-09-12 10:45:09<\/span><span class='av-structured-data'  itemprop=\"mainEntityOfPage\" itemtype=\"https:\/\/schema.org\/mainEntityOfPage\" ><span itemprop='name'>Resultado da Sele\u00e7\u00e3o Complementar de Volunt\u00e1rios para o Projeto de Extens\u00e3o \u201cInclus\u00e3o: Promo\u00e7\u00e3o de Sa\u00fade Bucal da Popula\u00e7\u00e3o em Situa\u00e7\u00e3o\u00a0de\u00a0Rua\u00a0(PSR)&#8221;<\/span><\/span><\/span><\/article><article class='slide-entry flex_column  post-entry post-entry-17441 slide-entry-overview slide-loop-53 slide-parity-odd  av_one_fifth  real-thumbnail posttype-post post-format-standard'  itemscope=\"itemscope\" itemtype=\"https:\/\/schema.org\/CreativeWork\" ><a href='https:\/\/www.odonto.ufmg.br\/cenex\/resultados\/resultado-da-selecao-complementar-de-voluntarios-para-o-projeto-de-extensao-atendimento-odontologico-a-pacientes-com-traumatismos-dentarios-na-denticao-decidua\/' data-rel='slide-3' class='slide-image' title='Resultado da Sele\u00e7\u00e3o Complementar de Volunt\u00e1rios para o Projeto de Extens\u00e3o \u201cAtendimento Odontol\u00f3gico a Pacientes com Traumatismos Dent\u00e1rios na Denti\u00e7\u00e3o Dec\u00eddua\u201d.'><img decoding=\"async\" fetchpriority=\"high\" width=\"260\" height=\"185\" src=\"https:\/\/www.odonto.ufmg.br\/cenex\/wp-content\/uploads\/sites\/2\/2023\/03\/Captura-de-Tela-2023-04-21-a\u0300s-12.22.55-260x185.png\" class=\"wp-image-15506 avia-img-lazy-loading-not-15506 attachment-portfolio_small size-portfolio_small wp-post-image\" alt=\"\" \/><\/a><div class=\"slide-content\"><header class=\"entry-content-header\" aria-label=\"Slide: Resultado da Sele\u00e7\u00e3o Complementar de Volunt\u00e1rios para o Projeto de Extens\u00e3o \u201cAtendimento Odontol\u00f3gico a Pacientes com Traumatismos Dent\u00e1rios na Denti\u00e7\u00e3o Dec\u00eddua\u201d.\"><h3 class='slide-entry-title entry-title '  itemprop=\"headline\" ><a href='https:\/\/www.odonto.ufmg.br\/cenex\/resultados\/resultado-da-selecao-complementar-de-voluntarios-para-o-projeto-de-extensao-atendimento-odontologico-a-pacientes-com-traumatismos-dentarios-na-denticao-decidua\/' title='Resultado da Sele\u00e7\u00e3o Complementar de Volunt\u00e1rios para o Projeto de Extens\u00e3o \u201cAtendimento Odontol\u00f3gico a Pacientes com Traumatismos Dent\u00e1rios na Denti\u00e7\u00e3o Dec\u00eddua\u201d.'>Resultado da Sele\u00e7\u00e3o Complementar de Volunt\u00e1rios para o Projeto de Extens\u00e3o \u201cAtendimento Odontol\u00f3gico a Pacientes com Traumatismos Dent\u00e1rios na Denti\u00e7\u00e3o Dec\u00eddua\u201d.<\/a><\/h3><span class=\"av-vertical-delimiter\"><\/span><\/header><div class=\"slide-meta\"><time class='slide-meta-time updated'  itemprop=\"datePublished\" datetime=\"2025-09-04T18:50:16-03:00\" >04\/09\/2025<\/time><\/div><div class='slide-entry-excerpt entry-content'  itemprop=\"text\" >\n\n\n\nRESULTADOS\nResultado da Sele\u00e7\u00e3o Complementar de Volunt\u00e1rios\u2026<\/div><\/div><footer class=\"entry-footer\"><\/footer><span class='hidden'>\n\t\t\t\t<span class='av-structured-data'  itemprop=\"image\" itemscope=\"itemscope\" itemtype=\"https:\/\/schema.org\/ImageObject\" >\n\t\t\t\t\t\t<span itemprop='url'>https:\/\/www.odonto.ufmg.br\/cenex\/wp-content\/uploads\/sites\/2\/2023\/03\/Captura-de-Tela-2023-04-21-a\u0300s-12.22.55.png<\/span>\n\t\t\t\t\t\t<span itemprop='height'>922<\/span>\n\t\t\t\t\t\t<span itemprop='width'>1866<\/span>\n\t\t\t\t<\/span>\n\t\t\t\t<span class='av-structured-data'  itemprop=\"publisher\" itemtype=\"https:\/\/schema.org\/Organization\" itemscope=\"itemscope\" >\n\t\t\t\t\t\t<span itemprop='name'>cenex<\/span>\n\t\t\t\t\t\t<span itemprop='logo' itemscope itemtype='https:\/\/schema.org\/ImageObject'>\n\t\t\t\t\t\t\t<span itemprop='url'>http:\/\/www.odonto.ufmg.br\/cenex\/wp-content\/uploads\/sites\/2\/2025\/08\/logo-cenex.svg<\/span>\n\t\t\t\t\t\t<\/span>\n\t\t\t\t<\/span><span class='av-structured-data'  itemprop=\"author\" itemscope=\"itemscope\" itemtype=\"https:\/\/schema.org\/Person\" ><span itemprop='name'>cenex<\/span><\/span><span class='av-structured-data'  itemprop=\"datePublished\" datetime=\"2025-04-04T10:05:51-03:00\" >2025-09-04 18:50:16<\/span><span class='av-structured-data'  itemprop=\"dateModified\" itemtype=\"https:\/\/schema.org\/dateModified\" >2025-09-04 18:50:16<\/span><span class='av-structured-data'  itemprop=\"mainEntityOfPage\" itemtype=\"https:\/\/schema.org\/mainEntityOfPage\" ><span itemprop='name'>Resultado da Sele\u00e7\u00e3o Complementar de Volunt\u00e1rios para o Projeto de Extens\u00e3o \u201cAtendimento Odontol\u00f3gico a Pacientes com Traumatismos Dent\u00e1rios na Denti\u00e7\u00e3o Dec\u00eddua\u201d.<\/span><\/span><\/span><\/article><article class='slide-entry flex_column  post-entry post-entry-17421 slide-entry-overview slide-loop-54 slide-parity-even  av_one_fifth  real-thumbnail posttype-post post-format-standard'  itemscope=\"itemscope\" itemtype=\"https:\/\/schema.org\/CreativeWork\" ><a href='https:\/\/www.odonto.ufmg.br\/cenex\/resultados\/resultado-da-selecao-de-voluntarios-para-o-projeto-de-extensao-atendimento-odontologico-a-criancas-e-adolescentes-com-disturbios-do-sono\/' data-rel='slide-3' class='slide-image' title='Resultado da Sele\u00e7\u00e3o de Volunt\u00e1rios para o Projeto de Extens\u00e3o &#8220;Atendimento Odontol\u00f3gico a Crian\u00e7as e Adolescentes com Dist\u00farbios do Sono&#8221;'><img decoding=\"async\" fetchpriority=\"high\" width=\"260\" height=\"185\" src=\"https:\/\/www.odonto.ufmg.br\/cenex\/wp-content\/uploads\/sites\/2\/2023\/03\/Captura-de-Tela-2023-04-21-a\u0300s-12.22.55-260x185.png\" class=\"wp-image-15506 avia-img-lazy-loading-not-15506 attachment-portfolio_small size-portfolio_small wp-post-image\" alt=\"\" \/><\/a><div class=\"slide-content\"><header class=\"entry-content-header\" aria-label=\"Slide: Resultado da Sele\u00e7\u00e3o de Volunt\u00e1rios para o Projeto de Extens\u00e3o &quot;Atendimento Odontol\u00f3gico a Crian\u00e7as e Adolescentes com Dist\u00farbios do Sono&quot;\"><h3 class='slide-entry-title entry-title '  itemprop=\"headline\" ><a href='https:\/\/www.odonto.ufmg.br\/cenex\/resultados\/resultado-da-selecao-de-voluntarios-para-o-projeto-de-extensao-atendimento-odontologico-a-criancas-e-adolescentes-com-disturbios-do-sono\/' title='Resultado da Sele\u00e7\u00e3o de Volunt\u00e1rios para o Projeto de Extens\u00e3o &#8220;Atendimento Odontol\u00f3gico a Crian\u00e7as e Adolescentes com Dist\u00farbios do Sono&#8221;'>Resultado da Sele\u00e7\u00e3o de Volunt\u00e1rios para o Projeto de Extens\u00e3o &#8220;Atendimento Odontol\u00f3gico a Crian\u00e7as e Adolescentes com Dist\u00farbios do Sono&#8221;<\/a><\/h3><span class=\"av-vertical-delimiter\"><\/span><\/header><div class=\"slide-meta\"><time class='slide-meta-time updated'  itemprop=\"datePublished\" datetime=\"2025-09-04T12:53:41-03:00\" >04\/09\/2025<\/time><\/div><div class='slide-entry-excerpt entry-content'  itemprop=\"text\" >RESULTADOS\nResultado da Sele\u00e7\u00e3o de Volunt\u00e1rios para o Projeto\u2026<\/div><\/div><footer class=\"entry-footer\"><\/footer><span class='hidden'>\n\t\t\t\t<span class='av-structured-data'  itemprop=\"image\" itemscope=\"itemscope\" itemtype=\"https:\/\/schema.org\/ImageObject\" >\n\t\t\t\t\t\t<span itemprop='url'>https:\/\/www.odonto.ufmg.br\/cenex\/wp-content\/uploads\/sites\/2\/2023\/03\/Captura-de-Tela-2023-04-21-a\u0300s-12.22.55.png<\/span>\n\t\t\t\t\t\t<span itemprop='height'>922<\/span>\n\t\t\t\t\t\t<span itemprop='width'>1866<\/span>\n\t\t\t\t<\/span>\n\t\t\t\t<span class='av-structured-data'  itemprop=\"publisher\" itemtype=\"https:\/\/schema.org\/Organization\" itemscope=\"itemscope\" >\n\t\t\t\t\t\t<span itemprop='name'>cenex<\/span>\n\t\t\t\t\t\t<span itemprop='logo' itemscope itemtype='https:\/\/schema.org\/ImageObject'>\n\t\t\t\t\t\t\t<span itemprop='url'>http:\/\/www.odonto.ufmg.br\/cenex\/wp-content\/uploads\/sites\/2\/2025\/08\/logo-cenex.svg<\/span>\n\t\t\t\t\t\t<\/span>\n\t\t\t\t<\/span><span class='av-structured-data'  itemprop=\"author\" itemscope=\"itemscope\" itemtype=\"https:\/\/schema.org\/Person\" ><span itemprop='name'>cenex<\/span><\/span><span class='av-structured-data'  itemprop=\"datePublished\" datetime=\"2025-04-04T10:05:51-03:00\" >2025-09-04 12:53:41<\/span><span class='av-structured-data'  itemprop=\"dateModified\" itemtype=\"https:\/\/schema.org\/dateModified\" >2025-09-04 12:53:42<\/span><span class='av-structured-data'  itemprop=\"mainEntityOfPage\" itemtype=\"https:\/\/schema.org\/mainEntityOfPage\" ><span itemprop='name'>Resultado da Sele\u00e7\u00e3o de Volunt\u00e1rios para o Projeto de Extens\u00e3o &#8220;Atendimento Odontol\u00f3gico a Crian\u00e7as e Adolescentes com Dist\u00farbios do Sono&#8221;<\/span><\/span><\/span><\/article><article class='slide-entry flex_column  post-entry post-entry-17419 slide-entry-overview slide-loop-55 slide-parity-odd  av_one_fifth  real-thumbnail posttype-post post-format-standard'  itemscope=\"itemscope\" itemtype=\"https:\/\/schema.org\/CreativeWork\" ><a href='https:\/\/www.odonto.ufmg.br\/cenex\/resultados\/resultado-da-selecao-de-voluntarios-para-o-projeto-de-extensao-praticas-integrativas-e-complementares-em-saude-acupuntura-na-odontologia\/' data-rel='slide-3' class='slide-image' title='Resultado da Sele\u00e7\u00e3o de Volunt\u00e1rios para o Projeto de Extens\u00e3o &#8220;Pr\u00e1ticas Integrativas e Complementares em Sa\u00fade: Acupuntura na Odontologia&#8221;'><img decoding=\"async\" fetchpriority=\"high\" width=\"260\" height=\"185\" src=\"https:\/\/www.odonto.ufmg.br\/cenex\/wp-content\/uploads\/sites\/2\/2023\/03\/Captura-de-Tela-2023-04-21-a\u0300s-12.22.55-260x185.png\" class=\"wp-image-15506 avia-img-lazy-loading-not-15506 attachment-portfolio_small size-portfolio_small wp-post-image\" alt=\"\" \/><\/a><div class=\"slide-content\"><header class=\"entry-content-header\" aria-label=\"Slide: Resultado da Sele\u00e7\u00e3o de Volunt\u00e1rios para o Projeto de Extens\u00e3o &quot;Pr\u00e1ticas Integrativas e Complementares em Sa\u00fade: Acupuntura na Odontologia&quot;\"><h3 class='slide-entry-title entry-title '  itemprop=\"headline\" ><a href='https:\/\/www.odonto.ufmg.br\/cenex\/resultados\/resultado-da-selecao-de-voluntarios-para-o-projeto-de-extensao-praticas-integrativas-e-complementares-em-saude-acupuntura-na-odontologia\/' title='Resultado da Sele\u00e7\u00e3o de Volunt\u00e1rios para o Projeto de Extens\u00e3o &#8220;Pr\u00e1ticas Integrativas e Complementares em Sa\u00fade: Acupuntura na Odontologia&#8221;'>Resultado da Sele\u00e7\u00e3o de Volunt\u00e1rios para o Projeto de Extens\u00e3o &#8220;Pr\u00e1ticas Integrativas e Complementares em Sa\u00fade: Acupuntura na Odontologia&#8221;<\/a><\/h3><span class=\"av-vertical-delimiter\"><\/span><\/header><div class=\"slide-meta\"><time class='slide-meta-time updated'  itemprop=\"datePublished\" datetime=\"2025-09-04T12:52:25-03:00\" >04\/09\/2025<\/time><\/div><div class='slide-entry-excerpt entry-content'  itemprop=\"text\" >RESULTADOS\nResultado da Sele\u00e7\u00e3o de Volunt\u00e1rios para o Projeto\u2026<\/div><\/div><footer class=\"entry-footer\"><\/footer><span class='hidden'>\n\t\t\t\t<span class='av-structured-data'  itemprop=\"image\" itemscope=\"itemscope\" itemtype=\"https:\/\/schema.org\/ImageObject\" >\n\t\t\t\t\t\t<span itemprop='url'>https:\/\/www.odonto.ufmg.br\/cenex\/wp-content\/uploads\/sites\/2\/2023\/03\/Captura-de-Tela-2023-04-21-a\u0300s-12.22.55.png<\/span>\n\t\t\t\t\t\t<span itemprop='height'>922<\/span>\n\t\t\t\t\t\t<span itemprop='width'>1866<\/span>\n\t\t\t\t<\/span>\n\t\t\t\t<span class='av-structured-data'  itemprop=\"publisher\" itemtype=\"https:\/\/schema.org\/Organization\" itemscope=\"itemscope\" >\n\t\t\t\t\t\t<span itemprop='name'>cenex<\/span>\n\t\t\t\t\t\t<span itemprop='logo' itemscope itemtype='https:\/\/schema.org\/ImageObject'>\n\t\t\t\t\t\t\t<span itemprop='url'>http:\/\/www.odonto.ufmg.br\/cenex\/wp-content\/uploads\/sites\/2\/2025\/08\/logo-cenex.svg<\/span>\n\t\t\t\t\t\t<\/span>\n\t\t\t\t<\/span><span class='av-structured-data'  itemprop=\"author\" itemscope=\"itemscope\" itemtype=\"https:\/\/schema.org\/Person\" ><span itemprop='name'>cenex<\/span><\/span><span class='av-structured-data'  itemprop=\"datePublished\" datetime=\"2025-04-04T10:05:51-03:00\" >2025-09-04 12:52:25<\/span><span class='av-structured-data'  itemprop=\"dateModified\" itemtype=\"https:\/\/schema.org\/dateModified\" >2025-09-04 12:52:26<\/span><span class='av-structured-data'  itemprop=\"mainEntityOfPage\" itemtype=\"https:\/\/schema.org\/mainEntityOfPage\" ><span itemprop='name'>Resultado da Sele\u00e7\u00e3o de Volunt\u00e1rios para o Projeto de Extens\u00e3o &#8220;Pr\u00e1ticas Integrativas e Complementares em Sa\u00fade: Acupuntura na Odontologia&#8221;<\/span><\/span><\/span><\/article><\/div><div class=\"slide-entry-wrap\"><article class='slide-entry flex_column  post-entry post-entry-17417 slide-entry-overview slide-loop-56 slide-parity-odd  av_one_fifth first real-thumbnail posttype-post post-format-standard'  itemscope=\"itemscope\" itemtype=\"https:\/\/schema.org\/CreativeWork\" ><a href='https:\/\/www.odonto.ufmg.br\/cenex\/resultados\/resultado-da-selecao-de-voluntarios-para-o-projeto-de-extensao-dancar-sorrir\/' data-rel='slide-3' class='slide-image' title='Resultado da Sele\u00e7\u00e3o de Volunt\u00e1rios para o Projeto de Extens\u00e3o &#8220;DAN\u00c7AR &amp; SORRIR&#8221;'><img decoding=\"async\" fetchpriority=\"high\" width=\"260\" height=\"185\" src=\"https:\/\/www.odonto.ufmg.br\/cenex\/wp-content\/uploads\/sites\/2\/2023\/03\/Captura-de-Tela-2023-04-21-a\u0300s-12.22.55-260x185.png\" class=\"wp-image-15506 avia-img-lazy-loading-not-15506 attachment-portfolio_small size-portfolio_small wp-post-image\" alt=\"\" \/><\/a><div class=\"slide-content\"><header class=\"entry-content-header\" aria-label=\"Slide: Resultado da Sele\u00e7\u00e3o de Volunt\u00e1rios para o Projeto de Extens\u00e3o &quot;DAN\u00c7AR &amp; SORRIR&quot;\"><h3 class='slide-entry-title entry-title '  itemprop=\"headline\" ><a href='https:\/\/www.odonto.ufmg.br\/cenex\/resultados\/resultado-da-selecao-de-voluntarios-para-o-projeto-de-extensao-dancar-sorrir\/' title='Resultado da Sele\u00e7\u00e3o de Volunt\u00e1rios para o Projeto de Extens\u00e3o &#8220;DAN\u00c7AR &amp; SORRIR&#8221;'>Resultado da Sele\u00e7\u00e3o de Volunt\u00e1rios para o Projeto de Extens\u00e3o &#8220;DAN\u00c7AR &amp; SORRIR&#8221;<\/a><\/h3><span class=\"av-vertical-delimiter\"><\/span><\/header><div class=\"slide-meta\"><time class='slide-meta-time updated'  itemprop=\"datePublished\" datetime=\"2025-09-04T12:50:55-03:00\" >04\/09\/2025<\/time><\/div><div class='slide-entry-excerpt entry-content'  itemprop=\"text\" >RESULTADOS\nResultado da Sele\u00e7\u00e3o de Volunt\u00e1rios para o Projeto\u2026<\/div><\/div><footer class=\"entry-footer\"><\/footer><span class='hidden'>\n\t\t\t\t<span class='av-structured-data'  itemprop=\"image\" itemscope=\"itemscope\" itemtype=\"https:\/\/schema.org\/ImageObject\" >\n\t\t\t\t\t\t<span itemprop='url'>https:\/\/www.odonto.ufmg.br\/cenex\/wp-content\/uploads\/sites\/2\/2023\/03\/Captura-de-Tela-2023-04-21-a\u0300s-12.22.55.png<\/span>\n\t\t\t\t\t\t<span itemprop='height'>922<\/span>\n\t\t\t\t\t\t<span itemprop='width'>1866<\/span>\n\t\t\t\t<\/span>\n\t\t\t\t<span class='av-structured-data'  itemprop=\"publisher\" itemtype=\"https:\/\/schema.org\/Organization\" itemscope=\"itemscope\" >\n\t\t\t\t\t\t<span itemprop='name'>cenex<\/span>\n\t\t\t\t\t\t<span itemprop='logo' itemscope itemtype='https:\/\/schema.org\/ImageObject'>\n\t\t\t\t\t\t\t<span itemprop='url'>http:\/\/www.odonto.ufmg.br\/cenex\/wp-content\/uploads\/sites\/2\/2025\/08\/logo-cenex.svg<\/span>\n\t\t\t\t\t\t<\/span>\n\t\t\t\t<\/span><span class='av-structured-data'  itemprop=\"author\" itemscope=\"itemscope\" itemtype=\"https:\/\/schema.org\/Person\" ><span itemprop='name'>cenex<\/span><\/span><span class='av-structured-data'  itemprop=\"datePublished\" datetime=\"2025-04-04T10:05:51-03:00\" >2025-09-04 12:50:55<\/span><span class='av-structured-data'  itemprop=\"dateModified\" itemtype=\"https:\/\/schema.org\/dateModified\" >2025-09-04 12:50:55<\/span><span class='av-structured-data'  itemprop=\"mainEntityOfPage\" itemtype=\"https:\/\/schema.org\/mainEntityOfPage\" ><span itemprop='name'>Resultado da Sele\u00e7\u00e3o de Volunt\u00e1rios para o Projeto de Extens\u00e3o &#8220;DAN\u00c7AR &amp; SORRIR&#8221;<\/span><\/span><\/span><\/article><article class='slide-entry flex_column  post-entry post-entry-17415 slide-entry-overview slide-loop-57 slide-parity-even  av_one_fifth  real-thumbnail posttype-post post-format-standard'  itemscope=\"itemscope\" itemtype=\"https:\/\/schema.org\/CreativeWork\" ><a href='https:\/\/www.odonto.ufmg.br\/cenex\/resultados\/resultado-da-selecao-de-voluntarios-para-o-projeto-de-extensao-promocao-de-saude-bucal-para-adolescentes\/' data-rel='slide-3' class='slide-image' title='Resultado da Sele\u00e7\u00e3o de Volunt\u00e1rios para o Projeto de Extens\u00e3o &#8220;Promo\u00e7\u00e3o de Sa\u00fade Bucal para\u00a0Adolescentes\u201d'><img decoding=\"async\" fetchpriority=\"high\" width=\"260\" height=\"185\" src=\"https:\/\/www.odonto.ufmg.br\/cenex\/wp-content\/uploads\/sites\/2\/2023\/03\/Captura-de-Tela-2023-04-21-a\u0300s-12.22.55-260x185.png\" class=\"wp-image-15506 avia-img-lazy-loading-not-15506 attachment-portfolio_small size-portfolio_small wp-post-image\" alt=\"\" \/><\/a><div class=\"slide-content\"><header class=\"entry-content-header\" aria-label=\"Slide: Resultado da Sele\u00e7\u00e3o de Volunt\u00e1rios para o Projeto de Extens\u00e3o &quot;Promo\u00e7\u00e3o de Sa\u00fade Bucal para\u00a0Adolescentes\u201d\"><h3 class='slide-entry-title entry-title '  itemprop=\"headline\" ><a href='https:\/\/www.odonto.ufmg.br\/cenex\/resultados\/resultado-da-selecao-de-voluntarios-para-o-projeto-de-extensao-promocao-de-saude-bucal-para-adolescentes\/' title='Resultado da Sele\u00e7\u00e3o de Volunt\u00e1rios para o Projeto de Extens\u00e3o &#8220;Promo\u00e7\u00e3o de Sa\u00fade Bucal para\u00a0Adolescentes\u201d'>Resultado da Sele\u00e7\u00e3o de Volunt\u00e1rios para o Projeto de Extens\u00e3o &#8220;Promo\u00e7\u00e3o de Sa\u00fade Bucal para\u00a0Adolescentes\u201d<\/a><\/h3><span class=\"av-vertical-delimiter\"><\/span><\/header><div class=\"slide-meta\"><time class='slide-meta-time updated'  itemprop=\"datePublished\" datetime=\"2025-09-04T12:49:29-03:00\" >04\/09\/2025<\/time><\/div><div class='slide-entry-excerpt entry-content'  itemprop=\"text\" >RESULTADOS\nResultado da Sele\u00e7\u00e3o de Volunt\u00e1rios para o Projeto\u2026<\/div><\/div><footer class=\"entry-footer\"><\/footer><span class='hidden'>\n\t\t\t\t<span class='av-structured-data'  itemprop=\"image\" itemscope=\"itemscope\" itemtype=\"https:\/\/schema.org\/ImageObject\" >\n\t\t\t\t\t\t<span itemprop='url'>https:\/\/www.odonto.ufmg.br\/cenex\/wp-content\/uploads\/sites\/2\/2023\/03\/Captura-de-Tela-2023-04-21-a\u0300s-12.22.55.png<\/span>\n\t\t\t\t\t\t<span itemprop='height'>922<\/span>\n\t\t\t\t\t\t<span itemprop='width'>1866<\/span>\n\t\t\t\t<\/span>\n\t\t\t\t<span class='av-structured-data'  itemprop=\"publisher\" itemtype=\"https:\/\/schema.org\/Organization\" itemscope=\"itemscope\" >\n\t\t\t\t\t\t<span itemprop='name'>cenex<\/span>\n\t\t\t\t\t\t<span itemprop='logo' itemscope itemtype='https:\/\/schema.org\/ImageObject'>\n\t\t\t\t\t\t\t<span itemprop='url'>http:\/\/www.odonto.ufmg.br\/cenex\/wp-content\/uploads\/sites\/2\/2025\/08\/logo-cenex.svg<\/span>\n\t\t\t\t\t\t<\/span>\n\t\t\t\t<\/span><span class='av-structured-data'  itemprop=\"author\" itemscope=\"itemscope\" itemtype=\"https:\/\/schema.org\/Person\" ><span itemprop='name'>cenex<\/span><\/span><span class='av-structured-data'  itemprop=\"datePublished\" datetime=\"2025-04-04T10:05:51-03:00\" >2025-09-04 12:49:29<\/span><span class='av-structured-data'  itemprop=\"dateModified\" itemtype=\"https:\/\/schema.org\/dateModified\" >2025-09-04 12:49:39<\/span><span class='av-structured-data'  itemprop=\"mainEntityOfPage\" itemtype=\"https:\/\/schema.org\/mainEntityOfPage\" ><span itemprop='name'>Resultado da Sele\u00e7\u00e3o de Volunt\u00e1rios para o Projeto de Extens\u00e3o &#8220;Promo\u00e7\u00e3o de Sa\u00fade Bucal para\u00a0Adolescentes\u201d<\/span><\/span><\/span><\/article><article class='slide-entry flex_column  post-entry post-entry-17413 slide-entry-overview slide-loop-58 slide-parity-odd  av_one_fifth  real-thumbnail posttype-post post-format-standard'  itemscope=\"itemscope\" itemtype=\"https:\/\/schema.org\/CreativeWork\" ><a href='https:\/\/www.odonto.ufmg.br\/cenex\/resultados\/resultado-da-selecao-de-voluntarios-para-o-projeto-de-extensao-projeto-tal-mae-tal-filho\/' data-rel='slide-3' class='slide-image' title='Resultado da Sele\u00e7\u00e3o de Volunt\u00e1rios para o Projeto de Extens\u00e3o &#8220;Projeto Tal M\u00e3e,\u00a0Tal\u00a0Filho&#8221;'><img decoding=\"async\" fetchpriority=\"high\" width=\"260\" height=\"185\" src=\"https:\/\/www.odonto.ufmg.br\/cenex\/wp-content\/uploads\/sites\/2\/2023\/03\/Captura-de-Tela-2023-04-21-a\u0300s-12.22.55-260x185.png\" class=\"wp-image-15506 avia-img-lazy-loading-not-15506 attachment-portfolio_small size-portfolio_small wp-post-image\" alt=\"\" \/><\/a><div class=\"slide-content\"><header class=\"entry-content-header\" aria-label=\"Slide: Resultado da Sele\u00e7\u00e3o de Volunt\u00e1rios para o Projeto de Extens\u00e3o &quot;Projeto Tal M\u00e3e,\u00a0Tal\u00a0Filho&quot;\"><h3 class='slide-entry-title entry-title '  itemprop=\"headline\" ><a href='https:\/\/www.odonto.ufmg.br\/cenex\/resultados\/resultado-da-selecao-de-voluntarios-para-o-projeto-de-extensao-projeto-tal-mae-tal-filho\/' title='Resultado da Sele\u00e7\u00e3o de Volunt\u00e1rios para o Projeto de Extens\u00e3o &#8220;Projeto Tal M\u00e3e,\u00a0Tal\u00a0Filho&#8221;'>Resultado da Sele\u00e7\u00e3o de Volunt\u00e1rios para o Projeto de Extens\u00e3o &#8220;Projeto Tal M\u00e3e,\u00a0Tal\u00a0Filho&#8221;<\/a><\/h3><span class=\"av-vertical-delimiter\"><\/span><\/header><div class=\"slide-meta\"><time class='slide-meta-time updated'  itemprop=\"datePublished\" datetime=\"2025-09-04T12:48:12-03:00\" >04\/09\/2025<\/time><\/div><div class='slide-entry-excerpt entry-content'  itemprop=\"text\" >RESULTADOS\nResultado da Sele\u00e7\u00e3o de Volunt\u00e1rios para o Projeto\u2026<\/div><\/div><footer class=\"entry-footer\"><\/footer><span class='hidden'>\n\t\t\t\t<span class='av-structured-data'  itemprop=\"image\" itemscope=\"itemscope\" itemtype=\"https:\/\/schema.org\/ImageObject\" >\n\t\t\t\t\t\t<span itemprop='url'>https:\/\/www.odonto.ufmg.br\/cenex\/wp-content\/uploads\/sites\/2\/2023\/03\/Captura-de-Tela-2023-04-21-a\u0300s-12.22.55.png<\/span>\n\t\t\t\t\t\t<span itemprop='height'>922<\/span>\n\t\t\t\t\t\t<span itemprop='width'>1866<\/span>\n\t\t\t\t<\/span>\n\t\t\t\t<span class='av-structured-data'  itemprop=\"publisher\" itemtype=\"https:\/\/schema.org\/Organization\" itemscope=\"itemscope\" >\n\t\t\t\t\t\t<span itemprop='name'>cenex<\/span>\n\t\t\t\t\t\t<span itemprop='logo' itemscope itemtype='https:\/\/schema.org\/ImageObject'>\n\t\t\t\t\t\t\t<span itemprop='url'>http:\/\/www.odonto.ufmg.br\/cenex\/wp-content\/uploads\/sites\/2\/2025\/08\/logo-cenex.svg<\/span>\n\t\t\t\t\t\t<\/span>\n\t\t\t\t<\/span><span class='av-structured-data'  itemprop=\"author\" itemscope=\"itemscope\" itemtype=\"https:\/\/schema.org\/Person\" ><span itemprop='name'>cenex<\/span><\/span><span class='av-structured-data'  itemprop=\"datePublished\" datetime=\"2025-04-04T10:05:51-03:00\" >2025-09-04 12:48:12<\/span><span class='av-structured-data'  itemprop=\"dateModified\" itemtype=\"https:\/\/schema.org\/dateModified\" >2025-09-04 12:48:13<\/span><span class='av-structured-data'  itemprop=\"mainEntityOfPage\" itemtype=\"https:\/\/schema.org\/mainEntityOfPage\" ><span itemprop='name'>Resultado da Sele\u00e7\u00e3o de Volunt\u00e1rios para o Projeto de Extens\u00e3o &#8220;Projeto Tal M\u00e3e,\u00a0Tal\u00a0Filho&#8221;<\/span><\/span><\/span><\/article><article class='slide-entry flex_column  post-entry post-entry-17411 slide-entry-overview slide-loop-59 slide-parity-even  av_one_fifth  real-thumbnail posttype-post post-format-standard'  itemscope=\"itemscope\" itemtype=\"https:\/\/schema.org\/CreativeWork\" ><a href='https:\/\/www.odonto.ufmg.br\/cenex\/resultados\/resultado-da-selecao-de-voluntarios-para-o-projeto-de-extensao-restauracao-de-dentes-tratados-endodonticamente\/' data-rel='slide-3' class='slide-image' title='Resultado da Sele\u00e7\u00e3o de Volunt\u00e1rios para o Projeto de Extens\u00e3o &#8220;Restaura\u00e7\u00e3o de dentes tratados endodonticamente&#8221;'><img decoding=\"async\" fetchpriority=\"high\" width=\"260\" height=\"185\" src=\"https:\/\/www.odonto.ufmg.br\/cenex\/wp-content\/uploads\/sites\/2\/2023\/03\/Captura-de-Tela-2023-04-21-a\u0300s-12.22.55-260x185.png\" class=\"wp-image-15506 avia-img-lazy-loading-not-15506 attachment-portfolio_small size-portfolio_small wp-post-image\" alt=\"\" \/><\/a><div class=\"slide-content\"><header class=\"entry-content-header\" aria-label=\"Slide: Resultado da Sele\u00e7\u00e3o de Volunt\u00e1rios para o Projeto de Extens\u00e3o &quot;Restaura\u00e7\u00e3o de dentes tratados endodonticamente&quot;\"><h3 class='slide-entry-title entry-title '  itemprop=\"headline\" ><a href='https:\/\/www.odonto.ufmg.br\/cenex\/resultados\/resultado-da-selecao-de-voluntarios-para-o-projeto-de-extensao-restauracao-de-dentes-tratados-endodonticamente\/' title='Resultado da Sele\u00e7\u00e3o de Volunt\u00e1rios para o Projeto de Extens\u00e3o &#8220;Restaura\u00e7\u00e3o de dentes tratados endodonticamente&#8221;'>Resultado da Sele\u00e7\u00e3o de Volunt\u00e1rios para o Projeto de Extens\u00e3o &#8220;Restaura\u00e7\u00e3o de dentes tratados endodonticamente&#8221;<\/a><\/h3><span class=\"av-vertical-delimiter\"><\/span><\/header><div class=\"slide-meta\"><time class='slide-meta-time updated'  itemprop=\"datePublished\" datetime=\"2025-09-04T12:46:27-03:00\" >04\/09\/2025<\/time><\/div><div class='slide-entry-excerpt entry-content'  itemprop=\"text\" >RESULTADOS\nResultado da Sele\u00e7\u00e3o de Volunt\u00e1rios para o Projeto\u2026<\/div><\/div><footer class=\"entry-footer\"><\/footer><span class='hidden'>\n\t\t\t\t<span class='av-structured-data'  itemprop=\"image\" itemscope=\"itemscope\" itemtype=\"https:\/\/schema.org\/ImageObject\" >\n\t\t\t\t\t\t<span itemprop='url'>https:\/\/www.odonto.ufmg.br\/cenex\/wp-content\/uploads\/sites\/2\/2023\/03\/Captura-de-Tela-2023-04-21-a\u0300s-12.22.55.png<\/span>\n\t\t\t\t\t\t<span itemprop='height'>922<\/span>\n\t\t\t\t\t\t<span itemprop='width'>1866<\/span>\n\t\t\t\t<\/span>\n\t\t\t\t<span class='av-structured-data'  itemprop=\"publisher\" itemtype=\"https:\/\/schema.org\/Organization\" itemscope=\"itemscope\" >\n\t\t\t\t\t\t<span itemprop='name'>cenex<\/span>\n\t\t\t\t\t\t<span itemprop='logo' itemscope itemtype='https:\/\/schema.org\/ImageObject'>\n\t\t\t\t\t\t\t<span itemprop='url'>http:\/\/www.odonto.ufmg.br\/cenex\/wp-content\/uploads\/sites\/2\/2025\/08\/logo-cenex.svg<\/span>\n\t\t\t\t\t\t<\/span>\n\t\t\t\t<\/span><span class='av-structured-data'  itemprop=\"author\" itemscope=\"itemscope\" itemtype=\"https:\/\/schema.org\/Person\" ><span itemprop='name'>cenex<\/span><\/span><span class='av-structured-data'  itemprop=\"datePublished\" datetime=\"2025-04-04T10:05:51-03:00\" >2025-09-04 12:46:27<\/span><span class='av-structured-data'  itemprop=\"dateModified\" itemtype=\"https:\/\/schema.org\/dateModified\" >2025-09-04 12:46:28<\/span><span class='av-structured-data'  itemprop=\"mainEntityOfPage\" itemtype=\"https:\/\/schema.org\/mainEntityOfPage\" ><span itemprop='name'>Resultado da Sele\u00e7\u00e3o de Volunt\u00e1rios para o Projeto de Extens\u00e3o &#8220;Restaura\u00e7\u00e3o de dentes tratados endodonticamente&#8221;<\/span><\/span><\/span><\/article><article class='slide-entry flex_column  post-entry post-entry-17408 slide-entry-overview slide-loop-60 slide-parity-odd  av_one_fifth  real-thumbnail posttype-post post-format-standard'  itemscope=\"itemscope\" itemtype=\"https:\/\/schema.org\/CreativeWork\" ><a href='https:\/\/www.odonto.ufmg.br\/cenex\/resultados\/resultado-da-selecao-de-voluntarios-para-o-projeto-de-extensao-promocao-de-saude-e-gerenciamento-do-banco-de-dados-de-pacientes-do-sca\/' data-rel='slide-3' class='slide-image' title='Resultado da Sele\u00e7\u00e3o de Volunt\u00e1rios para o Projeto de Extens\u00e3o &#8220;Promo\u00e7\u00e3o de Sa\u00fade e Gerenciamento do Banco de Dados de Pacientes\u00a0do\u00a0SCA&#8221;'><img decoding=\"async\" fetchpriority=\"high\" width=\"260\" height=\"185\" src=\"https:\/\/www.odonto.ufmg.br\/cenex\/wp-content\/uploads\/sites\/2\/2023\/03\/Captura-de-Tela-2023-04-21-a\u0300s-12.22.55-260x185.png\" class=\"wp-image-15506 avia-img-lazy-loading-not-15506 attachment-portfolio_small size-portfolio_small wp-post-image\" alt=\"\" \/><\/a><div class=\"slide-content\"><header class=\"entry-content-header\" aria-label=\"Slide: Resultado da Sele\u00e7\u00e3o de Volunt\u00e1rios para o Projeto de Extens\u00e3o &quot;Promo\u00e7\u00e3o de Sa\u00fade e Gerenciamento do Banco de Dados de Pacientes\u00a0do\u00a0SCA&quot;\"><h3 class='slide-entry-title entry-title '  itemprop=\"headline\" ><a href='https:\/\/www.odonto.ufmg.br\/cenex\/resultados\/resultado-da-selecao-de-voluntarios-para-o-projeto-de-extensao-promocao-de-saude-e-gerenciamento-do-banco-de-dados-de-pacientes-do-sca\/' title='Resultado da Sele\u00e7\u00e3o de Volunt\u00e1rios para o Projeto de Extens\u00e3o &#8220;Promo\u00e7\u00e3o de Sa\u00fade e Gerenciamento do Banco de Dados de Pacientes\u00a0do\u00a0SCA&#8221;'>Resultado da Sele\u00e7\u00e3o de Volunt\u00e1rios para o Projeto de Extens\u00e3o &#8220;Promo\u00e7\u00e3o de Sa\u00fade e Gerenciamento do Banco de Dados de Pacientes\u00a0do\u00a0SCA&#8221;<\/a><\/h3><span class=\"av-vertical-delimiter\"><\/span><\/header><div class=\"slide-meta\"><time class='slide-meta-time updated'  itemprop=\"datePublished\" datetime=\"2025-09-04T12:45:18-03:00\" >04\/09\/2025<\/time><\/div><div class='slide-entry-excerpt entry-content'  itemprop=\"text\" >RESULTADOS\nResultado da Sele\u00e7\u00e3o de Volunt\u00e1rios para o Projeto\u2026<\/div><\/div><footer class=\"entry-footer\"><\/footer><span class='hidden'>\n\t\t\t\t<span class='av-structured-data'  itemprop=\"image\" itemscope=\"itemscope\" itemtype=\"https:\/\/schema.org\/ImageObject\" >\n\t\t\t\t\t\t<span itemprop='url'>https:\/\/www.odonto.ufmg.br\/cenex\/wp-content\/uploads\/sites\/2\/2023\/03\/Captura-de-Tela-2023-04-21-a\u0300s-12.22.55.png<\/span>\n\t\t\t\t\t\t<span itemprop='height'>922<\/span>\n\t\t\t\t\t\t<span itemprop='width'>1866<\/span>\n\t\t\t\t<\/span>\n\t\t\t\t<span class='av-structured-data'  itemprop=\"publisher\" itemtype=\"https:\/\/schema.org\/Organization\" itemscope=\"itemscope\" >\n\t\t\t\t\t\t<span itemprop='name'>cenex<\/span>\n\t\t\t\t\t\t<span itemprop='logo' itemscope itemtype='https:\/\/schema.org\/ImageObject'>\n\t\t\t\t\t\t\t<span itemprop='url'>http:\/\/www.odonto.ufmg.br\/cenex\/wp-content\/uploads\/sites\/2\/2025\/08\/logo-cenex.svg<\/span>\n\t\t\t\t\t\t<\/span>\n\t\t\t\t<\/span><span class='av-structured-data'  itemprop=\"author\" itemscope=\"itemscope\" itemtype=\"https:\/\/schema.org\/Person\" ><span itemprop='name'>cenex<\/span><\/span><span class='av-structured-data'  itemprop=\"datePublished\" datetime=\"2025-04-04T10:05:51-03:00\" >2025-09-04 12:45:18<\/span><span class='av-structured-data'  itemprop=\"dateModified\" itemtype=\"https:\/\/schema.org\/dateModified\" >2025-09-04 12:45:18<\/span><span class='av-structured-data'  itemprop=\"mainEntityOfPage\" itemtype=\"https:\/\/schema.org\/mainEntityOfPage\" ><span itemprop='name'>Resultado da Sele\u00e7\u00e3o de Volunt\u00e1rios para o Projeto de Extens\u00e3o &#8220;Promo\u00e7\u00e3o de Sa\u00fade e Gerenciamento do Banco de Dados de Pacientes\u00a0do\u00a0SCA&#8221;<\/span><\/span><\/span><\/article><\/div><div class=\"slide-entry-wrap\"><article class='slide-entry flex_column  post-entry post-entry-17400 slide-entry-overview slide-loop-61 slide-parity-odd  av_one_fifth first real-thumbnail posttype-post post-format-standard'  itemscope=\"itemscope\" itemtype=\"https:\/\/schema.org\/CreativeWork\" ><a href='https:\/\/www.odonto.ufmg.br\/cenex\/resultados\/resultado-da-selecao-de-voluntarios-para-o-projeto-de-extensao-clinica-de-diagnostico-por-imagem-para-pacientes-com-lesoes-traumaticas-dento-alveolares\/' data-rel='slide-3' class='slide-image' title='Resultado da Sele\u00e7\u00e3o de Volunt\u00e1rios para o Projeto de Extens\u00e3o &#8220;Cl\u00ednica de Diagn\u00f3stico por Imagem para Pacientes com Les\u00f5es Traum\u00e1ticas Dento-alveolares&#8221;'><img decoding=\"async\" fetchpriority=\"high\" width=\"260\" height=\"185\" src=\"https:\/\/www.odonto.ufmg.br\/cenex\/wp-content\/uploads\/sites\/2\/2023\/03\/Captura-de-Tela-2023-04-21-a\u0300s-12.22.55-260x185.png\" class=\"wp-image-15506 avia-img-lazy-loading-not-15506 attachment-portfolio_small size-portfolio_small wp-post-image\" alt=\"\" \/><\/a><div class=\"slide-content\"><header class=\"entry-content-header\" aria-label=\"Slide: Resultado da Sele\u00e7\u00e3o de Volunt\u00e1rios para o Projeto de Extens\u00e3o &quot;Cl\u00ednica de Diagn\u00f3stico por Imagem para Pacientes com Les\u00f5es Traum\u00e1ticas Dento-alveolares&quot;\"><h3 class='slide-entry-title entry-title '  itemprop=\"headline\" ><a href='https:\/\/www.odonto.ufmg.br\/cenex\/resultados\/resultado-da-selecao-de-voluntarios-para-o-projeto-de-extensao-clinica-de-diagnostico-por-imagem-para-pacientes-com-lesoes-traumaticas-dento-alveolares\/' title='Resultado da Sele\u00e7\u00e3o de Volunt\u00e1rios para o Projeto de Extens\u00e3o &#8220;Cl\u00ednica de Diagn\u00f3stico por Imagem para Pacientes com Les\u00f5es Traum\u00e1ticas Dento-alveolares&#8221;'>Resultado da Sele\u00e7\u00e3o de Volunt\u00e1rios para o Projeto de Extens\u00e3o &#8220;Cl\u00ednica de Diagn\u00f3stico por Imagem para Pacientes com Les\u00f5es Traum\u00e1ticas Dento-alveolares&#8221;<\/a><\/h3><span class=\"av-vertical-delimiter\"><\/span><\/header><div class=\"slide-meta\"><time class='slide-meta-time updated'  itemprop=\"datePublished\" datetime=\"2025-09-04T12:42:50-03:00\" >04\/09\/2025<\/time><\/div><div class='slide-entry-excerpt entry-content'  itemprop=\"text\" >RESULTADOS\nResultado da Sele\u00e7\u00e3o de Volunt\u00e1rios para o Projeto\u2026<\/div><\/div><footer class=\"entry-footer\"><\/footer><span class='hidden'>\n\t\t\t\t<span class='av-structured-data'  itemprop=\"image\" itemscope=\"itemscope\" itemtype=\"https:\/\/schema.org\/ImageObject\" >\n\t\t\t\t\t\t<span itemprop='url'>https:\/\/www.odonto.ufmg.br\/cenex\/wp-content\/uploads\/sites\/2\/2023\/03\/Captura-de-Tela-2023-04-21-a\u0300s-12.22.55.png<\/span>\n\t\t\t\t\t\t<span itemprop='height'>922<\/span>\n\t\t\t\t\t\t<span itemprop='width'>1866<\/span>\n\t\t\t\t<\/span>\n\t\t\t\t<span class='av-structured-data'  itemprop=\"publisher\" itemtype=\"https:\/\/schema.org\/Organization\" itemscope=\"itemscope\" >\n\t\t\t\t\t\t<span itemprop='name'>cenex<\/span>\n\t\t\t\t\t\t<span itemprop='logo' itemscope itemtype='https:\/\/schema.org\/ImageObject'>\n\t\t\t\t\t\t\t<span itemprop='url'>http:\/\/www.odonto.ufmg.br\/cenex\/wp-content\/uploads\/sites\/2\/2025\/08\/logo-cenex.svg<\/span>\n\t\t\t\t\t\t<\/span>\n\t\t\t\t<\/span><span class='av-structured-data'  itemprop=\"author\" itemscope=\"itemscope\" itemtype=\"https:\/\/schema.org\/Person\" ><span itemprop='name'>cenex<\/span><\/span><span class='av-structured-data'  itemprop=\"datePublished\" datetime=\"2025-04-04T10:05:51-03:00\" >2025-09-04 12:42:50<\/span><span class='av-structured-data'  itemprop=\"dateModified\" itemtype=\"https:\/\/schema.org\/dateModified\" >2025-09-04 12:42:51<\/span><span class='av-structured-data'  itemprop=\"mainEntityOfPage\" itemtype=\"https:\/\/schema.org\/mainEntityOfPage\" ><span itemprop='name'>Resultado da Sele\u00e7\u00e3o de Volunt\u00e1rios para o Projeto de Extens\u00e3o &#8220;Cl\u00ednica de Diagn\u00f3stico por Imagem para Pacientes com Les\u00f5es Traum\u00e1ticas Dento-alveolares&#8221;<\/span><\/span><\/span><\/article><article class='slide-entry flex_column  post-entry post-entry-17392 slide-entry-overview slide-loop-62 slide-parity-even  av_one_fifth  real-thumbnail posttype-post post-format-standard'  itemscope=\"itemscope\" itemtype=\"https:\/\/schema.org\/CreativeWork\" ><a href='https:\/\/www.odonto.ufmg.br\/cenex\/resultados\/resultado-da-selecao-de-voluntarios-para-o-projeto-de-extensao-atendimento-odontologico-a-pacientes-com-traumatismos-dentarios-na-denticao-decidua\/' data-rel='slide-3' class='slide-image' title='Resultado da Sele\u00e7\u00e3o de Volunt\u00e1rios para o Projeto de Extens\u00e3o &#8220;Atendimento Odontol\u00f3gico a Pacientes com Traumatismos Dent\u00e1rios na Denti\u00e7\u00e3o Dec\u00eddua&#8221;'><img decoding=\"async\" fetchpriority=\"high\" width=\"260\" height=\"185\" src=\"https:\/\/www.odonto.ufmg.br\/cenex\/wp-content\/uploads\/sites\/2\/2023\/03\/Captura-de-Tela-2023-04-21-a\u0300s-12.22.55-260x185.png\" class=\"wp-image-15506 avia-img-lazy-loading-not-15506 attachment-portfolio_small size-portfolio_small wp-post-image\" alt=\"\" \/><\/a><div class=\"slide-content\"><header class=\"entry-content-header\" aria-label=\"Slide: Resultado da Sele\u00e7\u00e3o de Volunt\u00e1rios para o Projeto de Extens\u00e3o &quot;Atendimento Odontol\u00f3gico a Pacientes com Traumatismos Dent\u00e1rios na Denti\u00e7\u00e3o Dec\u00eddua&quot;\"><h3 class='slide-entry-title entry-title '  itemprop=\"headline\" ><a href='https:\/\/www.odonto.ufmg.br\/cenex\/resultados\/resultado-da-selecao-de-voluntarios-para-o-projeto-de-extensao-atendimento-odontologico-a-pacientes-com-traumatismos-dentarios-na-denticao-decidua\/' title='Resultado da Sele\u00e7\u00e3o de Volunt\u00e1rios para o Projeto de Extens\u00e3o &#8220;Atendimento Odontol\u00f3gico a Pacientes com Traumatismos Dent\u00e1rios na Denti\u00e7\u00e3o Dec\u00eddua&#8221;'>Resultado da Sele\u00e7\u00e3o de Volunt\u00e1rios para o Projeto de Extens\u00e3o &#8220;Atendimento Odontol\u00f3gico a Pacientes com Traumatismos Dent\u00e1rios na Denti\u00e7\u00e3o Dec\u00eddua&#8221;<\/a><\/h3><span class=\"av-vertical-delimiter\"><\/span><\/header><div class=\"slide-meta\"><time class='slide-meta-time updated'  itemprop=\"datePublished\" datetime=\"2025-08-26T19:57:03-03:00\" >26\/08\/2025<\/time><\/div><div class='slide-entry-excerpt entry-content'  itemprop=\"text\" >RESULTADOS\nResultado da Sele\u00e7\u00e3o de Volunt\u00e1rios para o Projeto\u2026<\/div><\/div><footer class=\"entry-footer\"><\/footer><span class='hidden'>\n\t\t\t\t<span class='av-structured-data'  itemprop=\"image\" itemscope=\"itemscope\" itemtype=\"https:\/\/schema.org\/ImageObject\" >\n\t\t\t\t\t\t<span itemprop='url'>https:\/\/www.odonto.ufmg.br\/cenex\/wp-content\/uploads\/sites\/2\/2023\/03\/Captura-de-Tela-2023-04-21-a\u0300s-12.22.55.png<\/span>\n\t\t\t\t\t\t<span itemprop='height'>922<\/span>\n\t\t\t\t\t\t<span itemprop='width'>1866<\/span>\n\t\t\t\t<\/span>\n\t\t\t\t<span class='av-structured-data'  itemprop=\"publisher\" itemtype=\"https:\/\/schema.org\/Organization\" itemscope=\"itemscope\" >\n\t\t\t\t\t\t<span itemprop='name'>cenex<\/span>\n\t\t\t\t\t\t<span itemprop='logo' itemscope itemtype='https:\/\/schema.org\/ImageObject'>\n\t\t\t\t\t\t\t<span itemprop='url'>http:\/\/www.odonto.ufmg.br\/cenex\/wp-content\/uploads\/sites\/2\/2025\/08\/logo-cenex.svg<\/span>\n\t\t\t\t\t\t<\/span>\n\t\t\t\t<\/span><span class='av-structured-data'  itemprop=\"author\" itemscope=\"itemscope\" itemtype=\"https:\/\/schema.org\/Person\" ><span itemprop='name'>cenex<\/span><\/span><span class='av-structured-data'  itemprop=\"datePublished\" datetime=\"2025-04-04T10:05:51-03:00\" >2025-08-26 19:57:03<\/span><span class='av-structured-data'  itemprop=\"dateModified\" itemtype=\"https:\/\/schema.org\/dateModified\" >2025-08-26 19:57:04<\/span><span class='av-structured-data'  itemprop=\"mainEntityOfPage\" itemtype=\"https:\/\/schema.org\/mainEntityOfPage\" ><span itemprop='name'>Resultado da Sele\u00e7\u00e3o de Volunt\u00e1rios para o Projeto de Extens\u00e3o &#8220;Atendimento Odontol\u00f3gico a Pacientes com Traumatismos Dent\u00e1rios na Denti\u00e7\u00e3o Dec\u00eddua&#8221;<\/span><\/span><\/span><\/article><article class='slide-entry flex_column  post-entry post-entry-17387 slide-entry-overview slide-loop-63 slide-parity-odd  av_one_fifth  real-thumbnail posttype-post post-format-standard'  itemscope=\"itemscope\" itemtype=\"https:\/\/schema.org\/CreativeWork\" ><a href='https:\/\/www.odonto.ufmg.br\/cenex\/resultados\/resultado-da-selecao-de-voluntarios-para-o-projeto-de-extensao-assistencia-em-imaginologia-e-radiologia-bucomaxilofacial-na-faculdade-de-odontologia-da-universidade-federal-de-minas-gerais\/' data-rel='slide-3' class='slide-image' title='Resultado da Sele\u00e7\u00e3o de Volunt\u00e1rios para o Projeto de Extens\u00e3o &#8220;Assist\u00eancia em Imaginologia e Radiologia Bucomaxilofacial na Faculdade de Odontologia da Universidade Federal de Minas Gerais&#8221;'><img decoding=\"async\" fetchpriority=\"high\" width=\"260\" height=\"185\" src=\"https:\/\/www.odonto.ufmg.br\/cenex\/wp-content\/uploads\/sites\/2\/2023\/03\/Captura-de-Tela-2023-04-21-a\u0300s-12.22.55-260x185.png\" class=\"wp-image-15506 avia-img-lazy-loading-not-15506 attachment-portfolio_small size-portfolio_small wp-post-image\" alt=\"\" \/><\/a><div class=\"slide-content\"><header class=\"entry-content-header\" aria-label=\"Slide: Resultado da Sele\u00e7\u00e3o de Volunt\u00e1rios para o Projeto de Extens\u00e3o &quot;Assist\u00eancia em Imaginologia e Radiologia Bucomaxilofacial na Faculdade de Odontologia da Universidade Federal de Minas Gerais&quot;\"><h3 class='slide-entry-title entry-title '  itemprop=\"headline\" ><a href='https:\/\/www.odonto.ufmg.br\/cenex\/resultados\/resultado-da-selecao-de-voluntarios-para-o-projeto-de-extensao-assistencia-em-imaginologia-e-radiologia-bucomaxilofacial-na-faculdade-de-odontologia-da-universidade-federal-de-minas-gerais\/' title='Resultado da Sele\u00e7\u00e3o de Volunt\u00e1rios para o Projeto de Extens\u00e3o &#8220;Assist\u00eancia em Imaginologia e Radiologia Bucomaxilofacial na Faculdade de Odontologia da Universidade Federal de Minas Gerais&#8221;'>Resultado da Sele\u00e7\u00e3o de Volunt\u00e1rios para o Projeto de Extens\u00e3o &#8220;Assist\u00eancia em Imaginologia e Radiologia Bucomaxilofacial na Faculdade de Odontologia da Universidade Federal de Minas Gerais&#8221;<\/a><\/h3><span class=\"av-vertical-delimiter\"><\/span><\/header><div class=\"slide-meta\"><time class='slide-meta-time updated'  itemprop=\"datePublished\" datetime=\"2025-08-26T19:55:11-03:00\" >26\/08\/2025<\/time><\/div><div class='slide-entry-excerpt entry-content'  itemprop=\"text\" >RESULTADOS\nResultado da Sele\u00e7\u00e3o de Volunt\u00e1rios para o Projeto\u2026<\/div><\/div><footer class=\"entry-footer\"><\/footer><span class='hidden'>\n\t\t\t\t<span class='av-structured-data'  itemprop=\"image\" itemscope=\"itemscope\" itemtype=\"https:\/\/schema.org\/ImageObject\" >\n\t\t\t\t\t\t<span itemprop='url'>https:\/\/www.odonto.ufmg.br\/cenex\/wp-content\/uploads\/sites\/2\/2023\/03\/Captura-de-Tela-2023-04-21-a\u0300s-12.22.55.png<\/span>\n\t\t\t\t\t\t<span itemprop='height'>922<\/span>\n\t\t\t\t\t\t<span itemprop='width'>1866<\/span>\n\t\t\t\t<\/span>\n\t\t\t\t<span class='av-structured-data'  itemprop=\"publisher\" itemtype=\"https:\/\/schema.org\/Organization\" itemscope=\"itemscope\" >\n\t\t\t\t\t\t<span itemprop='name'>cenex<\/span>\n\t\t\t\t\t\t<span itemprop='logo' itemscope itemtype='https:\/\/schema.org\/ImageObject'>\n\t\t\t\t\t\t\t<span itemprop='url'>http:\/\/www.odonto.ufmg.br\/cenex\/wp-content\/uploads\/sites\/2\/2025\/08\/logo-cenex.svg<\/span>\n\t\t\t\t\t\t<\/span>\n\t\t\t\t<\/span><span class='av-structured-data'  itemprop=\"author\" itemscope=\"itemscope\" itemtype=\"https:\/\/schema.org\/Person\" ><span itemprop='name'>cenex<\/span><\/span><span class='av-structured-data'  itemprop=\"datePublished\" datetime=\"2025-04-04T10:05:51-03:00\" >2025-08-26 19:55:11<\/span><span class='av-structured-data'  itemprop=\"dateModified\" itemtype=\"https:\/\/schema.org\/dateModified\" >2025-08-26 19:55:11<\/span><span class='av-structured-data'  itemprop=\"mainEntityOfPage\" itemtype=\"https:\/\/schema.org\/mainEntityOfPage\" ><span itemprop='name'>Resultado da Sele\u00e7\u00e3o de Volunt\u00e1rios para o Projeto de Extens\u00e3o &#8220;Assist\u00eancia em Imaginologia e Radiologia Bucomaxilofacial na Faculdade de Odontologia da Universidade Federal de Minas Gerais&#8221;<\/span><\/span><\/span><\/article><article class='slide-entry flex_column  post-entry post-entry-17385 slide-entry-overview slide-loop-64 slide-parity-even  av_one_fifth  real-thumbnail posttype-post post-format-standard'  itemscope=\"itemscope\" itemtype=\"https:\/\/schema.org\/CreativeWork\" ><a href='https:\/\/www.odonto.ufmg.br\/cenex\/resultados\/resultado-da-selecao-de-voluntarios-para-o-projeto-de-extensao-reabilitacao-protetica-do-paciente-com-perda-de-substancia-em-regiao-de-cabeca-e-pescoco\/' data-rel='slide-3' class='slide-image' title='Resultado da Sele\u00e7\u00e3o de Volunt\u00e1rios para o Projeto de Extens\u00e3o &#8220;Reabilita\u00e7\u00e3o Prot\u00e9tica do Paciente com Perda de Subst\u00e2ncia em Regi\u00e3o de cabe\u00e7a e pesco\u00e7o&#8221;'><img decoding=\"async\" fetchpriority=\"high\" width=\"260\" height=\"185\" src=\"https:\/\/www.odonto.ufmg.br\/cenex\/wp-content\/uploads\/sites\/2\/2023\/03\/Captura-de-Tela-2023-04-21-a\u0300s-12.22.55-260x185.png\" class=\"wp-image-15506 avia-img-lazy-loading-not-15506 attachment-portfolio_small size-portfolio_small wp-post-image\" alt=\"\" \/><\/a><div class=\"slide-content\"><header class=\"entry-content-header\" aria-label=\"Slide: Resultado da Sele\u00e7\u00e3o de Volunt\u00e1rios para o Projeto de Extens\u00e3o &quot;Reabilita\u00e7\u00e3o Prot\u00e9tica do Paciente com Perda de Subst\u00e2ncia em Regi\u00e3o de cabe\u00e7a e pesco\u00e7o&quot;\"><h3 class='slide-entry-title entry-title '  itemprop=\"headline\" ><a href='https:\/\/www.odonto.ufmg.br\/cenex\/resultados\/resultado-da-selecao-de-voluntarios-para-o-projeto-de-extensao-reabilitacao-protetica-do-paciente-com-perda-de-substancia-em-regiao-de-cabeca-e-pescoco\/' title='Resultado da Sele\u00e7\u00e3o de Volunt\u00e1rios para o Projeto de Extens\u00e3o &#8220;Reabilita\u00e7\u00e3o Prot\u00e9tica do Paciente com Perda de Subst\u00e2ncia em Regi\u00e3o de cabe\u00e7a e pesco\u00e7o&#8221;'>Resultado da Sele\u00e7\u00e3o de Volunt\u00e1rios para o Projeto de Extens\u00e3o &#8220;Reabilita\u00e7\u00e3o Prot\u00e9tica do Paciente com Perda de Subst\u00e2ncia em Regi\u00e3o de cabe\u00e7a e pesco\u00e7o&#8221;<\/a><\/h3><span class=\"av-vertical-delimiter\"><\/span><\/header><div class=\"slide-meta\"><time class='slide-meta-time updated'  itemprop=\"datePublished\" datetime=\"2025-08-26T11:41:15-03:00\" >26\/08\/2025<\/time><\/div><div class='slide-entry-excerpt entry-content'  itemprop=\"text\" >\n\u201d\n\n\nRESULTADOS\nResultado da Sele\u00e7\u00e3o de Volunt\u00e1rios para\u2026<\/div><\/div><footer class=\"entry-footer\"><\/footer><span class='hidden'>\n\t\t\t\t<span class='av-structured-data'  itemprop=\"image\" itemscope=\"itemscope\" itemtype=\"https:\/\/schema.org\/ImageObject\" >\n\t\t\t\t\t\t<span itemprop='url'>https:\/\/www.odonto.ufmg.br\/cenex\/wp-content\/uploads\/sites\/2\/2023\/03\/Captura-de-Tela-2023-04-21-a\u0300s-12.22.55.png<\/span>\n\t\t\t\t\t\t<span itemprop='height'>922<\/span>\n\t\t\t\t\t\t<span itemprop='width'>1866<\/span>\n\t\t\t\t<\/span>\n\t\t\t\t<span class='av-structured-data'  itemprop=\"publisher\" itemtype=\"https:\/\/schema.org\/Organization\" itemscope=\"itemscope\" >\n\t\t\t\t\t\t<span itemprop='name'>cenex<\/span>\n\t\t\t\t\t\t<span itemprop='logo' itemscope itemtype='https:\/\/schema.org\/ImageObject'>\n\t\t\t\t\t\t\t<span itemprop='url'>http:\/\/www.odonto.ufmg.br\/cenex\/wp-content\/uploads\/sites\/2\/2025\/08\/logo-cenex.svg<\/span>\n\t\t\t\t\t\t<\/span>\n\t\t\t\t<\/span><span class='av-structured-data'  itemprop=\"author\" itemscope=\"itemscope\" itemtype=\"https:\/\/schema.org\/Person\" ><span itemprop='name'>cenex<\/span><\/span><span class='av-structured-data'  itemprop=\"datePublished\" datetime=\"2025-04-04T10:05:51-03:00\" >2025-08-26 11:41:15<\/span><span class='av-structured-data'  itemprop=\"dateModified\" itemtype=\"https:\/\/schema.org\/dateModified\" >2025-08-26 11:41:16<\/span><span class='av-structured-data'  itemprop=\"mainEntityOfPage\" itemtype=\"https:\/\/schema.org\/mainEntityOfPage\" ><span itemprop='name'>Resultado da Sele\u00e7\u00e3o de Volunt\u00e1rios para o Projeto de Extens\u00e3o &#8220;Reabilita\u00e7\u00e3o Prot\u00e9tica do Paciente com Perda de Subst\u00e2ncia em Regi\u00e3o de cabe\u00e7a e pesco\u00e7o&#8221;<\/span><\/span><\/span><\/article><article class='slide-entry flex_column  post-entry post-entry-17383 slide-entry-overview slide-loop-65 slide-parity-odd  av_one_fifth  real-thumbnail posttype-post post-format-standard'  itemscope=\"itemscope\" itemtype=\"https:\/\/schema.org\/CreativeWork\" ><a href='https:\/\/www.odonto.ufmg.br\/cenex\/resultados\/resultado-da-selecao-de-voluntarios-para-o-projeto-de-extensao-reabilitacoes-bucomaxilofaciais-complexas-e-sobre-implantes\/' data-rel='slide-3' class='slide-image' title='Resultado da Sele\u00e7\u00e3o de Volunt\u00e1rios para o Projeto de Extens\u00e3o &#8220;Reabilita\u00e7\u00f5es Bucomaxilofaciais complexas e sobre implantes&#8221;'><img decoding=\"async\" fetchpriority=\"high\" width=\"260\" height=\"185\" src=\"https:\/\/www.odonto.ufmg.br\/cenex\/wp-content\/uploads\/sites\/2\/2023\/03\/Captura-de-Tela-2023-04-21-a\u0300s-12.22.55-260x185.png\" class=\"wp-image-15506 avia-img-lazy-loading-not-15506 attachment-portfolio_small size-portfolio_small wp-post-image\" alt=\"\" \/><\/a><div class=\"slide-content\"><header class=\"entry-content-header\" aria-label=\"Slide: Resultado da Sele\u00e7\u00e3o de Volunt\u00e1rios para o Projeto de Extens\u00e3o &quot;Reabilita\u00e7\u00f5es Bucomaxilofaciais complexas e sobre implantes&quot;\"><h3 class='slide-entry-title entry-title '  itemprop=\"headline\" ><a href='https:\/\/www.odonto.ufmg.br\/cenex\/resultados\/resultado-da-selecao-de-voluntarios-para-o-projeto-de-extensao-reabilitacoes-bucomaxilofaciais-complexas-e-sobre-implantes\/' title='Resultado da Sele\u00e7\u00e3o de Volunt\u00e1rios para o Projeto de Extens\u00e3o &#8220;Reabilita\u00e7\u00f5es Bucomaxilofaciais complexas e sobre implantes&#8221;'>Resultado da Sele\u00e7\u00e3o de Volunt\u00e1rios para o Projeto de Extens\u00e3o &#8220;Reabilita\u00e7\u00f5es Bucomaxilofaciais complexas e sobre implantes&#8221;<\/a><\/h3><span class=\"av-vertical-delimiter\"><\/span><\/header><div class=\"slide-meta\"><time class='slide-meta-time updated'  itemprop=\"datePublished\" datetime=\"2025-08-26T11:39:32-03:00\" >26\/08\/2025<\/time><\/div><div class='slide-entry-excerpt entry-content'  itemprop=\"text\" >\n\u201d\n\n\nRESULTADOS\nResultado da Sele\u00e7\u00e3o de Volunt\u00e1rios para\u2026<\/div><\/div><footer class=\"entry-footer\"><\/footer><span class='hidden'>\n\t\t\t\t<span class='av-structured-data'  itemprop=\"image\" itemscope=\"itemscope\" itemtype=\"https:\/\/schema.org\/ImageObject\" >\n\t\t\t\t\t\t<span itemprop='url'>https:\/\/www.odonto.ufmg.br\/cenex\/wp-content\/uploads\/sites\/2\/2023\/03\/Captura-de-Tela-2023-04-21-a\u0300s-12.22.55.png<\/span>\n\t\t\t\t\t\t<span itemprop='height'>922<\/span>\n\t\t\t\t\t\t<span itemprop='width'>1866<\/span>\n\t\t\t\t<\/span>\n\t\t\t\t<span class='av-structured-data'  itemprop=\"publisher\" itemtype=\"https:\/\/schema.org\/Organization\" itemscope=\"itemscope\" >\n\t\t\t\t\t\t<span itemprop='name'>cenex<\/span>\n\t\t\t\t\t\t<span itemprop='logo' itemscope itemtype='https:\/\/schema.org\/ImageObject'>\n\t\t\t\t\t\t\t<span itemprop='url'>http:\/\/www.odonto.ufmg.br\/cenex\/wp-content\/uploads\/sites\/2\/2025\/08\/logo-cenex.svg<\/span>\n\t\t\t\t\t\t<\/span>\n\t\t\t\t<\/span><span class='av-structured-data'  itemprop=\"author\" itemscope=\"itemscope\" itemtype=\"https:\/\/schema.org\/Person\" ><span itemprop='name'>cenex<\/span><\/span><span class='av-structured-data'  itemprop=\"datePublished\" datetime=\"2025-04-04T10:05:51-03:00\" >2025-08-26 11:39:32<\/span><span class='av-structured-data'  itemprop=\"dateModified\" itemtype=\"https:\/\/schema.org\/dateModified\" >2025-08-26 11:39:33<\/span><span class='av-structured-data'  itemprop=\"mainEntityOfPage\" itemtype=\"https:\/\/schema.org\/mainEntityOfPage\" ><span itemprop='name'>Resultado da Sele\u00e7\u00e3o de Volunt\u00e1rios para o Projeto de Extens\u00e3o &#8220;Reabilita\u00e7\u00f5es Bucomaxilofaciais complexas e sobre implantes&#8221;<\/span><\/span><\/span><\/article><\/div><div class=\"slide-entry-wrap\"><article class='slide-entry flex_column  post-entry post-entry-17381 slide-entry-overview slide-loop-66 slide-parity-odd  av_one_fifth first real-thumbnail posttype-post post-format-standard'  itemscope=\"itemscope\" itemtype=\"https:\/\/schema.org\/CreativeWork\" ><a href='https:\/\/www.odonto.ufmg.br\/cenex\/resultados\/resultado-da-selecao-de-voluntarios-para-o-projeto-de-extensao-teleodontologia\/' data-rel='slide-3' class='slide-image' title='Resultado da Sele\u00e7\u00e3o de Volunt\u00e1rios para o Projeto de Extens\u00e3o &#8220;Teleodontologia&#8221;'><img decoding=\"async\" fetchpriority=\"high\" width=\"260\" height=\"185\" src=\"https:\/\/www.odonto.ufmg.br\/cenex\/wp-content\/uploads\/sites\/2\/2023\/03\/Captura-de-Tela-2023-04-21-a\u0300s-12.22.55-260x185.png\" class=\"wp-image-15506 avia-img-lazy-loading-not-15506 attachment-portfolio_small size-portfolio_small wp-post-image\" alt=\"\" \/><\/a><div class=\"slide-content\"><header class=\"entry-content-header\" aria-label=\"Slide: Resultado da Sele\u00e7\u00e3o de Volunt\u00e1rios para o Projeto de Extens\u00e3o &quot;Teleodontologia&quot;\"><h3 class='slide-entry-title entry-title '  itemprop=\"headline\" ><a href='https:\/\/www.odonto.ufmg.br\/cenex\/resultados\/resultado-da-selecao-de-voluntarios-para-o-projeto-de-extensao-teleodontologia\/' title='Resultado da Sele\u00e7\u00e3o de Volunt\u00e1rios para o Projeto de Extens\u00e3o &#8220;Teleodontologia&#8221;'>Resultado da Sele\u00e7\u00e3o de Volunt\u00e1rios para o Projeto de Extens\u00e3o &#8220;Teleodontologia&#8221;<\/a><\/h3><span class=\"av-vertical-delimiter\"><\/span><\/header><div class=\"slide-meta\"><time class='slide-meta-time updated'  itemprop=\"datePublished\" datetime=\"2025-08-26T11:36:04-03:00\" >26\/08\/2025<\/time><\/div><div class='slide-entry-excerpt entry-content'  itemprop=\"text\" >RESULTADOS\nResultado da Sele\u00e7\u00e3o de Volunt\u00e1rios para o Projeto\u2026<\/div><\/div><footer class=\"entry-footer\"><\/footer><span class='hidden'>\n\t\t\t\t<span class='av-structured-data'  itemprop=\"image\" itemscope=\"itemscope\" itemtype=\"https:\/\/schema.org\/ImageObject\" >\n\t\t\t\t\t\t<span itemprop='url'>https:\/\/www.odonto.ufmg.br\/cenex\/wp-content\/uploads\/sites\/2\/2023\/03\/Captura-de-Tela-2023-04-21-a\u0300s-12.22.55.png<\/span>\n\t\t\t\t\t\t<span itemprop='height'>922<\/span>\n\t\t\t\t\t\t<span itemprop='width'>1866<\/span>\n\t\t\t\t<\/span>\n\t\t\t\t<span class='av-structured-data'  itemprop=\"publisher\" itemtype=\"https:\/\/schema.org\/Organization\" itemscope=\"itemscope\" >\n\t\t\t\t\t\t<span itemprop='name'>cenex<\/span>\n\t\t\t\t\t\t<span itemprop='logo' itemscope itemtype='https:\/\/schema.org\/ImageObject'>\n\t\t\t\t\t\t\t<span itemprop='url'>http:\/\/www.odonto.ufmg.br\/cenex\/wp-content\/uploads\/sites\/2\/2025\/08\/logo-cenex.svg<\/span>\n\t\t\t\t\t\t<\/span>\n\t\t\t\t<\/span><span class='av-structured-data'  itemprop=\"author\" itemscope=\"itemscope\" itemtype=\"https:\/\/schema.org\/Person\" ><span itemprop='name'>cenex<\/span><\/span><span class='av-structured-data'  itemprop=\"datePublished\" datetime=\"2025-04-04T10:05:51-03:00\" >2025-08-26 11:36:04<\/span><span class='av-structured-data'  itemprop=\"dateModified\" itemtype=\"https:\/\/schema.org\/dateModified\" >2025-08-26 11:36:05<\/span><span class='av-structured-data'  itemprop=\"mainEntityOfPage\" itemtype=\"https:\/\/schema.org\/mainEntityOfPage\" ><span itemprop='name'>Resultado da Sele\u00e7\u00e3o de Volunt\u00e1rios para o Projeto de Extens\u00e3o &#8220;Teleodontologia&#8221;<\/span><\/span><\/span><\/article><article class='slide-entry flex_column  post-entry post-entry-17379 slide-entry-overview slide-loop-67 slide-parity-even  av_one_fifth  real-thumbnail posttype-post post-format-standard'  itemscope=\"itemscope\" itemtype=\"https:\/\/schema.org\/CreativeWork\" ><a href='https:\/\/www.odonto.ufmg.br\/cenex\/resultados\/resultado-da-selecao-de-voluntarios-para-o-projeto-de-extensao-abordagem-multidisciplinar-da-hipotonia-orofacial-e-protrusao-lingual-de-bebes-com-sindrome-de-down\/' data-rel='slide-3' class='slide-image' title='Resultado da Sele\u00e7\u00e3o de Volunt\u00e1rios para o Projeto de Extens\u00e3o \u201cAbordagem Multidisciplinar da Hipotonia Orofacial e Protrus\u00e3o Lingual de Beb\u00eas com S\u00edndrome de Down&#8221;'><img decoding=\"async\" fetchpriority=\"high\" width=\"260\" height=\"185\" src=\"https:\/\/www.odonto.ufmg.br\/cenex\/wp-content\/uploads\/sites\/2\/2023\/03\/Captura-de-Tela-2023-04-21-a\u0300s-12.22.55-260x185.png\" class=\"wp-image-15506 avia-img-lazy-loading-not-15506 attachment-portfolio_small size-portfolio_small wp-post-image\" alt=\"\" \/><\/a><div class=\"slide-content\"><header class=\"entry-content-header\" aria-label=\"Slide: Resultado da Sele\u00e7\u00e3o de Volunt\u00e1rios para o Projeto de Extens\u00e3o \u201cAbordagem Multidisciplinar da Hipotonia Orofacial e Protrus\u00e3o Lingual de Beb\u00eas com S\u00edndrome de Down&quot;\"><h3 class='slide-entry-title entry-title '  itemprop=\"headline\" ><a href='https:\/\/www.odonto.ufmg.br\/cenex\/resultados\/resultado-da-selecao-de-voluntarios-para-o-projeto-de-extensao-abordagem-multidisciplinar-da-hipotonia-orofacial-e-protrusao-lingual-de-bebes-com-sindrome-de-down\/' title='Resultado da Sele\u00e7\u00e3o de Volunt\u00e1rios para o Projeto de Extens\u00e3o \u201cAbordagem Multidisciplinar da Hipotonia Orofacial e Protrus\u00e3o Lingual de Beb\u00eas com S\u00edndrome de Down&#8221;'>Resultado da Sele\u00e7\u00e3o de Volunt\u00e1rios para o Projeto de Extens\u00e3o \u201cAbordagem Multidisciplinar da Hipotonia Orofacial e Protrus\u00e3o Lingual de Beb\u00eas com S\u00edndrome de Down&#8221;<\/a><\/h3><span class=\"av-vertical-delimiter\"><\/span><\/header><div class=\"slide-meta\"><time class='slide-meta-time updated'  itemprop=\"datePublished\" datetime=\"2025-08-26T11:33:25-03:00\" >26\/08\/2025<\/time><\/div><div class='slide-entry-excerpt entry-content'  itemprop=\"text\" >RESULTADOS\nResultado da Sele\u00e7\u00e3o de Volunt\u00e1rios para o Projeto\u2026<\/div><\/div><footer class=\"entry-footer\"><\/footer><span class='hidden'>\n\t\t\t\t<span class='av-structured-data'  itemprop=\"image\" itemscope=\"itemscope\" itemtype=\"https:\/\/schema.org\/ImageObject\" >\n\t\t\t\t\t\t<span itemprop='url'>https:\/\/www.odonto.ufmg.br\/cenex\/wp-content\/uploads\/sites\/2\/2023\/03\/Captura-de-Tela-2023-04-21-a\u0300s-12.22.55.png<\/span>\n\t\t\t\t\t\t<span itemprop='height'>922<\/span>\n\t\t\t\t\t\t<span itemprop='width'>1866<\/span>\n\t\t\t\t<\/span>\n\t\t\t\t<span class='av-structured-data'  itemprop=\"publisher\" itemtype=\"https:\/\/schema.org\/Organization\" itemscope=\"itemscope\" >\n\t\t\t\t\t\t<span itemprop='name'>cenex<\/span>\n\t\t\t\t\t\t<span itemprop='logo' itemscope itemtype='https:\/\/schema.org\/ImageObject'>\n\t\t\t\t\t\t\t<span itemprop='url'>http:\/\/www.odonto.ufmg.br\/cenex\/wp-content\/uploads\/sites\/2\/2025\/08\/logo-cenex.svg<\/span>\n\t\t\t\t\t\t<\/span>\n\t\t\t\t<\/span><span class='av-structured-data'  itemprop=\"author\" itemscope=\"itemscope\" itemtype=\"https:\/\/schema.org\/Person\" ><span itemprop='name'>cenex<\/span><\/span><span class='av-structured-data'  itemprop=\"datePublished\" datetime=\"2025-04-04T10:05:51-03:00\" >2025-08-26 11:33:25<\/span><span class='av-structured-data'  itemprop=\"dateModified\" itemtype=\"https:\/\/schema.org\/dateModified\" >2025-08-26 11:33:25<\/span><span class='av-structured-data'  itemprop=\"mainEntityOfPage\" itemtype=\"https:\/\/schema.org\/mainEntityOfPage\" ><span itemprop='name'>Resultado da Sele\u00e7\u00e3o de Volunt\u00e1rios para o Projeto de Extens\u00e3o \u201cAbordagem Multidisciplinar da Hipotonia Orofacial e Protrus\u00e3o Lingual de Beb\u00eas com S\u00edndrome de Down&#8221;<\/span><\/span><\/span><\/article><article class='slide-entry flex_column  post-entry post-entry-17377 slide-entry-overview slide-loop-68 slide-parity-odd  av_one_fifth  real-thumbnail posttype-post post-format-standard'  itemscope=\"itemscope\" itemtype=\"https:\/\/schema.org\/CreativeWork\" ><a href='https:\/\/www.odonto.ufmg.br\/cenex\/resultados\/resultado-da-selecao-de-voluntarios-para-o-projeto-de-extensao-atendimento-a-individuos-com-comprometimento-sistemico-e-necessidade-de-tratamento-endodontico\/' data-rel='slide-3' class='slide-image' title='Resultado da Sele\u00e7\u00e3o de Volunt\u00e1rios para o Projeto de Extens\u00e3o \u201cAtendimento a indiv\u00edduos com comprometimento sist\u00eamico e necessidade de tratamento endod\u00f4ntico\u201d'><img decoding=\"async\" fetchpriority=\"high\" width=\"260\" height=\"185\" src=\"https:\/\/www.odonto.ufmg.br\/cenex\/wp-content\/uploads\/sites\/2\/2023\/03\/Captura-de-Tela-2023-04-21-a\u0300s-12.22.55-260x185.png\" class=\"wp-image-15506 avia-img-lazy-loading-not-15506 attachment-portfolio_small size-portfolio_small wp-post-image\" alt=\"\" \/><\/a><div class=\"slide-content\"><header class=\"entry-content-header\" aria-label=\"Slide: Resultado da Sele\u00e7\u00e3o de Volunt\u00e1rios para o Projeto de Extens\u00e3o \u201cAtendimento a indiv\u00edduos com comprometimento sist\u00eamico e necessidade de tratamento endod\u00f4ntico\u201d\"><h3 class='slide-entry-title entry-title '  itemprop=\"headline\" ><a href='https:\/\/www.odonto.ufmg.br\/cenex\/resultados\/resultado-da-selecao-de-voluntarios-para-o-projeto-de-extensao-atendimento-a-individuos-com-comprometimento-sistemico-e-necessidade-de-tratamento-endodontico\/' title='Resultado da Sele\u00e7\u00e3o de Volunt\u00e1rios para o Projeto de Extens\u00e3o \u201cAtendimento a indiv\u00edduos com comprometimento sist\u00eamico e necessidade de tratamento endod\u00f4ntico\u201d'>Resultado da Sele\u00e7\u00e3o de Volunt\u00e1rios para o Projeto de Extens\u00e3o \u201cAtendimento a indiv\u00edduos com comprometimento sist\u00eamico e necessidade de tratamento endod\u00f4ntico\u201d<\/a><\/h3><span class=\"av-vertical-delimiter\"><\/span><\/header><div class=\"slide-meta\"><time class='slide-meta-time updated'  itemprop=\"datePublished\" datetime=\"2025-08-26T11:31:06-03:00\" >26\/08\/2025<\/time><\/div><div class='slide-entry-excerpt entry-content'  itemprop=\"text\" >RESULTADOS\nResultado da Sele\u00e7\u00e3o de Volunt\u00e1rios para o Projeto\u2026<\/div><\/div><footer class=\"entry-footer\"><\/footer><span class='hidden'>\n\t\t\t\t<span class='av-structured-data'  itemprop=\"image\" itemscope=\"itemscope\" itemtype=\"https:\/\/schema.org\/ImageObject\" >\n\t\t\t\t\t\t<span itemprop='url'>https:\/\/www.odonto.ufmg.br\/cenex\/wp-content\/uploads\/sites\/2\/2023\/03\/Captura-de-Tela-2023-04-21-a\u0300s-12.22.55.png<\/span>\n\t\t\t\t\t\t<span itemprop='height'>922<\/span>\n\t\t\t\t\t\t<span itemprop='width'>1866<\/span>\n\t\t\t\t<\/span>\n\t\t\t\t<span class='av-structured-data'  itemprop=\"publisher\" itemtype=\"https:\/\/schema.org\/Organization\" itemscope=\"itemscope\" >\n\t\t\t\t\t\t<span itemprop='name'>cenex<\/span>\n\t\t\t\t\t\t<span itemprop='logo' itemscope itemtype='https:\/\/schema.org\/ImageObject'>\n\t\t\t\t\t\t\t<span itemprop='url'>http:\/\/www.odonto.ufmg.br\/cenex\/wp-content\/uploads\/sites\/2\/2025\/08\/logo-cenex.svg<\/span>\n\t\t\t\t\t\t<\/span>\n\t\t\t\t<\/span><span class='av-structured-data'  itemprop=\"author\" itemscope=\"itemscope\" itemtype=\"https:\/\/schema.org\/Person\" ><span itemprop='name'>cenex<\/span><\/span><span class='av-structured-data'  itemprop=\"datePublished\" datetime=\"2025-04-04T10:05:51-03:00\" >2025-08-26 11:31:06<\/span><span class='av-structured-data'  itemprop=\"dateModified\" itemtype=\"https:\/\/schema.org\/dateModified\" >2025-08-26 11:31:07<\/span><span class='av-structured-data'  itemprop=\"mainEntityOfPage\" itemtype=\"https:\/\/schema.org\/mainEntityOfPage\" ><span itemprop='name'>Resultado da Sele\u00e7\u00e3o de Volunt\u00e1rios para o Projeto de Extens\u00e3o \u201cAtendimento a indiv\u00edduos com comprometimento sist\u00eamico e necessidade de tratamento endod\u00f4ntico\u201d<\/span><\/span><\/span><\/article><article class='slide-entry flex_column  post-entry post-entry-17369 slide-entry-overview slide-loop-69 slide-parity-even  av_one_fifth  real-thumbnail posttype-post post-format-standard'  itemscope=\"itemscope\" itemtype=\"https:\/\/schema.org\/CreativeWork\" ><a href='https:\/\/www.odonto.ufmg.br\/cenex\/resultados\/resultado-da-selecao-de-voluntarios-para-o-projeto-de-extensao-tratamento-endodontico-de-dentes-permanentes-jovens\/' data-rel='slide-3' class='slide-image' title='Resultado da Sele\u00e7\u00e3o de Volunt\u00e1rios para o Projeto de Extens\u00e3o &#8220;Tratamento Endod\u00f4ntico de Dentes Permanentes Jovens&#8221;'><img decoding=\"async\" fetchpriority=\"high\" width=\"260\" height=\"185\" src=\"https:\/\/www.odonto.ufmg.br\/cenex\/wp-content\/uploads\/sites\/2\/2023\/03\/Captura-de-Tela-2023-04-21-a\u0300s-12.22.55-260x185.png\" class=\"wp-image-15506 avia-img-lazy-loading-not-15506 attachment-portfolio_small size-portfolio_small wp-post-image\" alt=\"\" \/><\/a><div class=\"slide-content\"><header class=\"entry-content-header\" aria-label=\"Slide: Resultado da Sele\u00e7\u00e3o de Volunt\u00e1rios para o Projeto de Extens\u00e3o &quot;Tratamento Endod\u00f4ntico de Dentes Permanentes Jovens&quot;\"><h3 class='slide-entry-title entry-title '  itemprop=\"headline\" ><a href='https:\/\/www.odonto.ufmg.br\/cenex\/resultados\/resultado-da-selecao-de-voluntarios-para-o-projeto-de-extensao-tratamento-endodontico-de-dentes-permanentes-jovens\/' title='Resultado da Sele\u00e7\u00e3o de Volunt\u00e1rios para o Projeto de Extens\u00e3o &#8220;Tratamento Endod\u00f4ntico de Dentes Permanentes Jovens&#8221;'>Resultado da Sele\u00e7\u00e3o de Volunt\u00e1rios para o Projeto de Extens\u00e3o &#8220;Tratamento Endod\u00f4ntico de Dentes Permanentes Jovens&#8221;<\/a><\/h3><span class=\"av-vertical-delimiter\"><\/span><\/header><div class=\"slide-meta\"><time class='slide-meta-time updated'  itemprop=\"datePublished\" datetime=\"2025-08-26T11:28:58-03:00\" >26\/08\/2025<\/time><\/div><div class='slide-entry-excerpt entry-content'  itemprop=\"text\" >RESULTADOS\nResultado da Sele\u00e7\u00e3o de Volunt\u00e1rios para o Projeto\u2026<\/div><\/div><footer class=\"entry-footer\"><\/footer><span class='hidden'>\n\t\t\t\t<span class='av-structured-data'  itemprop=\"image\" itemscope=\"itemscope\" itemtype=\"https:\/\/schema.org\/ImageObject\" >\n\t\t\t\t\t\t<span itemprop='url'>https:\/\/www.odonto.ufmg.br\/cenex\/wp-content\/uploads\/sites\/2\/2023\/03\/Captura-de-Tela-2023-04-21-a\u0300s-12.22.55.png<\/span>\n\t\t\t\t\t\t<span itemprop='height'>922<\/span>\n\t\t\t\t\t\t<span itemprop='width'>1866<\/span>\n\t\t\t\t<\/span>\n\t\t\t\t<span class='av-structured-data'  itemprop=\"publisher\" itemtype=\"https:\/\/schema.org\/Organization\" itemscope=\"itemscope\" >\n\t\t\t\t\t\t<span itemprop='name'>cenex<\/span>\n\t\t\t\t\t\t<span itemprop='logo' itemscope itemtype='https:\/\/schema.org\/ImageObject'>\n\t\t\t\t\t\t\t<span itemprop='url'>http:\/\/www.odonto.ufmg.br\/cenex\/wp-content\/uploads\/sites\/2\/2025\/08\/logo-cenex.svg<\/span>\n\t\t\t\t\t\t<\/span>\n\t\t\t\t<\/span><span class='av-structured-data'  itemprop=\"author\" itemscope=\"itemscope\" itemtype=\"https:\/\/schema.org\/Person\" ><span itemprop='name'>cenex<\/span><\/span><span class='av-structured-data'  itemprop=\"datePublished\" datetime=\"2025-04-04T10:05:51-03:00\" >2025-08-26 11:28:58<\/span><span class='av-structured-data'  itemprop=\"dateModified\" itemtype=\"https:\/\/schema.org\/dateModified\" >2025-08-26 11:28:59<\/span><span class='av-structured-data'  itemprop=\"mainEntityOfPage\" itemtype=\"https:\/\/schema.org\/mainEntityOfPage\" ><span itemprop='name'>Resultado da Sele\u00e7\u00e3o de Volunt\u00e1rios para o Projeto de Extens\u00e3o &#8220;Tratamento Endod\u00f4ntico de Dentes Permanentes Jovens&#8221;<\/span><\/span><\/span><\/article><article class='slide-entry flex_column  post-entry post-entry-17366 slide-entry-overview slide-loop-70 slide-parity-odd  av_one_fifth  real-thumbnail posttype-post post-format-standard'  itemscope=\"itemscope\" itemtype=\"https:\/\/schema.org\/CreativeWork\" ><a href='https:\/\/www.odonto.ufmg.br\/cenex\/resultados\/resultado-da-selecao-de-bolsistas-para-o-programa-de-extensao-traumatismos-dentarios\/' data-rel='slide-3' class='slide-image' title='Resultado da sele\u00e7\u00e3o de bolsistas para o Programa de Extens\u00e3o Traumatismos Dent\u00e1rios'><img decoding=\"async\" fetchpriority=\"high\" width=\"260\" height=\"185\" src=\"https:\/\/www.odonto.ufmg.br\/cenex\/wp-content\/uploads\/sites\/2\/2023\/03\/Captura-de-Tela-2023-04-21-a\u0300s-12.22.55-260x185.png\" class=\"wp-image-15506 avia-img-lazy-loading-not-15506 attachment-portfolio_small size-portfolio_small wp-post-image\" alt=\"\" \/><\/a><div class=\"slide-content\"><header class=\"entry-content-header\" aria-label=\"Slide: Resultado da sele\u00e7\u00e3o de bolsistas para o Programa de Extens\u00e3o Traumatismos Dent\u00e1rios\"><h3 class='slide-entry-title entry-title '  itemprop=\"headline\" ><a href='https:\/\/www.odonto.ufmg.br\/cenex\/resultados\/resultado-da-selecao-de-bolsistas-para-o-programa-de-extensao-traumatismos-dentarios\/' title='Resultado da sele\u00e7\u00e3o de bolsistas para o Programa de Extens\u00e3o Traumatismos Dent\u00e1rios'>Resultado da sele\u00e7\u00e3o de bolsistas para o Programa de Extens\u00e3o Traumatismos Dent\u00e1rios<\/a><\/h3><span class=\"av-vertical-delimiter\"><\/span><\/header><div class=\"slide-meta\"><time class='slide-meta-time updated'  itemprop=\"datePublished\" datetime=\"2025-08-25T12:10:00-03:00\" >25\/08\/2025<\/time><\/div><div class='slide-entry-excerpt entry-content'  itemprop=\"text\" >RESULTADOS\nResultado da sele\u00e7\u00e3o de bolsista para o Programa\u2026<\/div><\/div><footer class=\"entry-footer\"><\/footer><span class='hidden'>\n\t\t\t\t<span class='av-structured-data'  itemprop=\"image\" itemscope=\"itemscope\" itemtype=\"https:\/\/schema.org\/ImageObject\" >\n\t\t\t\t\t\t<span itemprop='url'>https:\/\/www.odonto.ufmg.br\/cenex\/wp-content\/uploads\/sites\/2\/2023\/03\/Captura-de-Tela-2023-04-21-a\u0300s-12.22.55.png<\/span>\n\t\t\t\t\t\t<span itemprop='height'>922<\/span>\n\t\t\t\t\t\t<span itemprop='width'>1866<\/span>\n\t\t\t\t<\/span>\n\t\t\t\t<span class='av-structured-data'  itemprop=\"publisher\" itemtype=\"https:\/\/schema.org\/Organization\" itemscope=\"itemscope\" >\n\t\t\t\t\t\t<span itemprop='name'>cenex<\/span>\n\t\t\t\t\t\t<span itemprop='logo' itemscope itemtype='https:\/\/schema.org\/ImageObject'>\n\t\t\t\t\t\t\t<span itemprop='url'>http:\/\/www.odonto.ufmg.br\/cenex\/wp-content\/uploads\/sites\/2\/2025\/08\/logo-cenex.svg<\/span>\n\t\t\t\t\t\t<\/span>\n\t\t\t\t<\/span><span class='av-structured-data'  itemprop=\"author\" itemscope=\"itemscope\" itemtype=\"https:\/\/schema.org\/Person\" ><span itemprop='name'>cenex<\/span><\/span><span class='av-structured-data'  itemprop=\"datePublished\" datetime=\"2025-04-04T10:05:51-03:00\" >2025-08-25 12:10:00<\/span><span class='av-structured-data'  itemprop=\"dateModified\" itemtype=\"https:\/\/schema.org\/dateModified\" >2025-08-25 12:12:06<\/span><span class='av-structured-data'  itemprop=\"mainEntityOfPage\" itemtype=\"https:\/\/schema.org\/mainEntityOfPage\" ><span itemprop='name'>Resultado da sele\u00e7\u00e3o de bolsistas para o Programa de Extens\u00e3o Traumatismos Dent\u00e1rios<\/span><\/span><\/span><\/article><\/div><div class=\"slide-entry-wrap\"><article class='slide-entry flex_column  post-entry post-entry-17362 slide-entry-overview slide-loop-71 slide-parity-odd  av_one_fifth first real-thumbnail posttype-post post-format-standard'  itemscope=\"itemscope\" itemtype=\"https:\/\/schema.org\/CreativeWork\" ><a href='https:\/\/www.odonto.ufmg.br\/cenex\/resultados\/resultado-da-selecao-de-voluntarios-para-o-projeto-de-extensao-clinica-de-traumatismos-dentarios\/' data-rel='slide-3' class='slide-image' title='Resultado da sele\u00e7\u00e3o de volunt\u00e1rios para o Projeto de Extens\u00e3o &#8220;Clinica de Traumatismos Dent\u00e1rios&#8221;'><img decoding=\"async\" fetchpriority=\"high\" width=\"260\" height=\"185\" src=\"https:\/\/www.odonto.ufmg.br\/cenex\/wp-content\/uploads\/sites\/2\/2023\/03\/Captura-de-Tela-2023-04-21-a\u0300s-12.22.55-260x185.png\" class=\"wp-image-15506 avia-img-lazy-loading-not-15506 attachment-portfolio_small size-portfolio_small wp-post-image\" alt=\"\" \/><\/a><div class=\"slide-content\"><header class=\"entry-content-header\" aria-label=\"Slide: Resultado da sele\u00e7\u00e3o de volunt\u00e1rios para o Projeto de Extens\u00e3o &quot;Clinica de Traumatismos Dent\u00e1rios&quot;\"><h3 class='slide-entry-title entry-title '  itemprop=\"headline\" ><a href='https:\/\/www.odonto.ufmg.br\/cenex\/resultados\/resultado-da-selecao-de-voluntarios-para-o-projeto-de-extensao-clinica-de-traumatismos-dentarios\/' title='Resultado da sele\u00e7\u00e3o de volunt\u00e1rios para o Projeto de Extens\u00e3o &#8220;Clinica de Traumatismos Dent\u00e1rios&#8221;'>Resultado da sele\u00e7\u00e3o de volunt\u00e1rios para o Projeto de Extens\u00e3o &#8220;Clinica de Traumatismos Dent\u00e1rios&#8221;<\/a><\/h3><span class=\"av-vertical-delimiter\"><\/span><\/header><div class=\"slide-meta\"><time class='slide-meta-time updated'  itemprop=\"datePublished\" datetime=\"2025-08-22T11:24:47-03:00\" >22\/08\/2025<\/time><\/div><div class='slide-entry-excerpt entry-content'  itemprop=\"text\" >RESULTADOS\nResultado da sele\u00e7\u00e3o de bolsista e volunt\u00e1rios\u2026<\/div><\/div><footer class=\"entry-footer\"><\/footer><span class='hidden'>\n\t\t\t\t<span class='av-structured-data'  itemprop=\"image\" itemscope=\"itemscope\" itemtype=\"https:\/\/schema.org\/ImageObject\" >\n\t\t\t\t\t\t<span itemprop='url'>https:\/\/www.odonto.ufmg.br\/cenex\/wp-content\/uploads\/sites\/2\/2023\/03\/Captura-de-Tela-2023-04-21-a\u0300s-12.22.55.png<\/span>\n\t\t\t\t\t\t<span itemprop='height'>922<\/span>\n\t\t\t\t\t\t<span itemprop='width'>1866<\/span>\n\t\t\t\t<\/span>\n\t\t\t\t<span class='av-structured-data'  itemprop=\"publisher\" itemtype=\"https:\/\/schema.org\/Organization\" itemscope=\"itemscope\" >\n\t\t\t\t\t\t<span itemprop='name'>cenex<\/span>\n\t\t\t\t\t\t<span itemprop='logo' itemscope itemtype='https:\/\/schema.org\/ImageObject'>\n\t\t\t\t\t\t\t<span itemprop='url'>http:\/\/www.odonto.ufmg.br\/cenex\/wp-content\/uploads\/sites\/2\/2025\/08\/logo-cenex.svg<\/span>\n\t\t\t\t\t\t<\/span>\n\t\t\t\t<\/span><span class='av-structured-data'  itemprop=\"author\" itemscope=\"itemscope\" itemtype=\"https:\/\/schema.org\/Person\" ><span itemprop='name'>cenex<\/span><\/span><span class='av-structured-data'  itemprop=\"datePublished\" datetime=\"2025-04-04T10:05:51-03:00\" >2025-08-22 11:24:47<\/span><span class='av-structured-data'  itemprop=\"dateModified\" itemtype=\"https:\/\/schema.org\/dateModified\" >2025-08-22 11:24:47<\/span><span class='av-structured-data'  itemprop=\"mainEntityOfPage\" itemtype=\"https:\/\/schema.org\/mainEntityOfPage\" ><span itemprop='name'>Resultado da sele\u00e7\u00e3o de volunt\u00e1rios para o Projeto de Extens\u00e3o &#8220;Clinica de Traumatismos Dent\u00e1rios&#8221;<\/span><\/span><\/span><\/article><article class='slide-entry flex_column  post-entry post-entry-17360 slide-entry-overview slide-loop-72 slide-parity-even  av_one_fifth  real-thumbnail posttype-post post-format-standard'  itemscope=\"itemscope\" itemtype=\"https:\/\/schema.org\/CreativeWork\" ><a href='https:\/\/www.odonto.ufmg.br\/cenex\/resultados\/resultado-da-selecao-de-voluntarios-para-o-projeto-de-extensao-ubuntu-odonto\/' data-rel='slide-3' class='slide-image' title='Resultado da sele\u00e7\u00e3o de volunt\u00e1rios para o Projeto de Extens\u00e3o &#8220;Ubuntu &#8211; Odonto&#8221;'><img decoding=\"async\" fetchpriority=\"high\" width=\"260\" height=\"185\" src=\"https:\/\/www.odonto.ufmg.br\/cenex\/wp-content\/uploads\/sites\/2\/2023\/03\/Captura-de-Tela-2023-04-21-a\u0300s-12.22.55-260x185.png\" class=\"wp-image-15506 avia-img-lazy-loading-not-15506 attachment-portfolio_small size-portfolio_small wp-post-image\" alt=\"\" \/><\/a><div class=\"slide-content\"><header class=\"entry-content-header\" aria-label=\"Slide: Resultado da sele\u00e7\u00e3o de volunt\u00e1rios para o Projeto de Extens\u00e3o &quot;Ubuntu - Odonto&quot;\"><h3 class='slide-entry-title entry-title '  itemprop=\"headline\" ><a href='https:\/\/www.odonto.ufmg.br\/cenex\/resultados\/resultado-da-selecao-de-voluntarios-para-o-projeto-de-extensao-ubuntu-odonto\/' title='Resultado da sele\u00e7\u00e3o de volunt\u00e1rios para o Projeto de Extens\u00e3o &#8220;Ubuntu &#8211; Odonto&#8221;'>Resultado da sele\u00e7\u00e3o de volunt\u00e1rios para o Projeto de Extens\u00e3o &#8220;Ubuntu &#8211; Odonto&#8221;<\/a><\/h3><span class=\"av-vertical-delimiter\"><\/span><\/header><div class=\"slide-meta\"><time class='slide-meta-time updated'  itemprop=\"datePublished\" datetime=\"2025-08-22T11:23:53-03:00\" >22\/08\/2025<\/time><\/div><div class='slide-entry-excerpt entry-content'  itemprop=\"text\" >RESULTADOS\nResultado da sele\u00e7\u00e3o de bolsista e volunt\u00e1rios\u2026<\/div><\/div><footer class=\"entry-footer\"><\/footer><span class='hidden'>\n\t\t\t\t<span class='av-structured-data'  itemprop=\"image\" itemscope=\"itemscope\" itemtype=\"https:\/\/schema.org\/ImageObject\" >\n\t\t\t\t\t\t<span itemprop='url'>https:\/\/www.odonto.ufmg.br\/cenex\/wp-content\/uploads\/sites\/2\/2023\/03\/Captura-de-Tela-2023-04-21-a\u0300s-12.22.55.png<\/span>\n\t\t\t\t\t\t<span itemprop='height'>922<\/span>\n\t\t\t\t\t\t<span itemprop='width'>1866<\/span>\n\t\t\t\t<\/span>\n\t\t\t\t<span class='av-structured-data'  itemprop=\"publisher\" itemtype=\"https:\/\/schema.org\/Organization\" itemscope=\"itemscope\" >\n\t\t\t\t\t\t<span itemprop='name'>cenex<\/span>\n\t\t\t\t\t\t<span itemprop='logo' itemscope itemtype='https:\/\/schema.org\/ImageObject'>\n\t\t\t\t\t\t\t<span itemprop='url'>http:\/\/www.odonto.ufmg.br\/cenex\/wp-content\/uploads\/sites\/2\/2025\/08\/logo-cenex.svg<\/span>\n\t\t\t\t\t\t<\/span>\n\t\t\t\t<\/span><span class='av-structured-data'  itemprop=\"author\" itemscope=\"itemscope\" itemtype=\"https:\/\/schema.org\/Person\" ><span itemprop='name'>cenex<\/span><\/span><span class='av-structured-data'  itemprop=\"datePublished\" datetime=\"2025-04-04T10:05:51-03:00\" >2025-08-22 11:23:53<\/span><span class='av-structured-data'  itemprop=\"dateModified\" itemtype=\"https:\/\/schema.org\/dateModified\" >2025-08-22 11:23:54<\/span><span class='av-structured-data'  itemprop=\"mainEntityOfPage\" itemtype=\"https:\/\/schema.org\/mainEntityOfPage\" ><span itemprop='name'>Resultado da sele\u00e7\u00e3o de volunt\u00e1rios para o Projeto de Extens\u00e3o &#8220;Ubuntu &#8211; Odonto&#8221;<\/span><\/span><\/span><\/article><article class='slide-entry flex_column  post-entry post-entry-17338 slide-entry-overview slide-loop-73 slide-parity-odd  av_one_fifth  real-thumbnail posttype-post post-format-standard'  itemscope=\"itemscope\" itemtype=\"https:\/\/schema.org\/CreativeWork\" ><a href='https:\/\/www.odonto.ufmg.br\/cenex\/resultados\/resultado-da-selecao-de-voluntarios-para-o-projeto-de-extensao-diagnostico-e-tratamento-interdisciplinar-de-defeitos-da-odontogenese\/' data-rel='slide-3' class='slide-image' title='Resultado da sele\u00e7\u00e3o de volunt\u00e1rios para o Projeto de Extens\u00e3o &#8220;Diagn\u00f3stico e Tratamento Interdisciplinar de defeitos da odontog\u00eanese&#8221;'><img decoding=\"async\" fetchpriority=\"high\" width=\"260\" height=\"185\" src=\"https:\/\/www.odonto.ufmg.br\/cenex\/wp-content\/uploads\/sites\/2\/2023\/03\/Captura-de-Tela-2023-04-21-a\u0300s-12.22.55-260x185.png\" class=\"wp-image-15506 avia-img-lazy-loading-not-15506 attachment-portfolio_small size-portfolio_small wp-post-image\" alt=\"\" \/><\/a><div class=\"slide-content\"><header class=\"entry-content-header\" aria-label=\"Slide: Resultado da sele\u00e7\u00e3o de volunt\u00e1rios para o Projeto de Extens\u00e3o &quot;Diagn\u00f3stico e Tratamento Interdisciplinar de defeitos da odontog\u00eanese&quot;\"><h3 class='slide-entry-title entry-title '  itemprop=\"headline\" ><a href='https:\/\/www.odonto.ufmg.br\/cenex\/resultados\/resultado-da-selecao-de-voluntarios-para-o-projeto-de-extensao-diagnostico-e-tratamento-interdisciplinar-de-defeitos-da-odontogenese\/' title='Resultado da sele\u00e7\u00e3o de volunt\u00e1rios para o Projeto de Extens\u00e3o &#8220;Diagn\u00f3stico e Tratamento Interdisciplinar de defeitos da odontog\u00eanese&#8221;'>Resultado da sele\u00e7\u00e3o de volunt\u00e1rios para o Projeto de Extens\u00e3o &#8220;Diagn\u00f3stico e Tratamento Interdisciplinar de defeitos da odontog\u00eanese&#8221;<\/a><\/h3><span class=\"av-vertical-delimiter\"><\/span><\/header><div class=\"slide-meta\"><time class='slide-meta-time updated'  itemprop=\"datePublished\" datetime=\"2025-08-20T22:45:21-03:00\" >20\/08\/2025<\/time><\/div><div class='slide-entry-excerpt entry-content'  itemprop=\"text\" >RESULTADOS\nResultado da sele\u00e7\u00e3o de bolsista e volunt\u00e1rios\u2026<\/div><\/div><footer class=\"entry-footer\"><\/footer><span class='hidden'>\n\t\t\t\t<span class='av-structured-data'  itemprop=\"image\" itemscope=\"itemscope\" itemtype=\"https:\/\/schema.org\/ImageObject\" >\n\t\t\t\t\t\t<span itemprop='url'>https:\/\/www.odonto.ufmg.br\/cenex\/wp-content\/uploads\/sites\/2\/2023\/03\/Captura-de-Tela-2023-04-21-a\u0300s-12.22.55.png<\/span>\n\t\t\t\t\t\t<span itemprop='height'>922<\/span>\n\t\t\t\t\t\t<span itemprop='width'>1866<\/span>\n\t\t\t\t<\/span>\n\t\t\t\t<span class='av-structured-data'  itemprop=\"publisher\" itemtype=\"https:\/\/schema.org\/Organization\" itemscope=\"itemscope\" >\n\t\t\t\t\t\t<span itemprop='name'>cenex<\/span>\n\t\t\t\t\t\t<span itemprop='logo' itemscope itemtype='https:\/\/schema.org\/ImageObject'>\n\t\t\t\t\t\t\t<span itemprop='url'>http:\/\/www.odonto.ufmg.br\/cenex\/wp-content\/uploads\/sites\/2\/2025\/08\/logo-cenex.svg<\/span>\n\t\t\t\t\t\t<\/span>\n\t\t\t\t<\/span><span class='av-structured-data'  itemprop=\"author\" itemscope=\"itemscope\" itemtype=\"https:\/\/schema.org\/Person\" ><span itemprop='name'>cenex<\/span><\/span><span class='av-structured-data'  itemprop=\"datePublished\" datetime=\"2025-04-04T10:05:51-03:00\" >2025-08-20 22:45:21<\/span><span class='av-structured-data'  itemprop=\"dateModified\" itemtype=\"https:\/\/schema.org\/dateModified\" >2025-08-20 22:45:22<\/span><span class='av-structured-data'  itemprop=\"mainEntityOfPage\" itemtype=\"https:\/\/schema.org\/mainEntityOfPage\" ><span itemprop='name'>Resultado da sele\u00e7\u00e3o de volunt\u00e1rios para o Projeto de Extens\u00e3o &#8220;Diagn\u00f3stico e Tratamento Interdisciplinar de defeitos da odontog\u00eanese&#8221;<\/span><\/span><\/span><\/article><article class='slide-entry flex_column  post-entry post-entry-17336 slide-entry-overview slide-loop-74 slide-parity-even  av_one_fifth  real-thumbnail posttype-post post-format-standard'  itemscope=\"itemscope\" itemtype=\"https:\/\/schema.org\/CreativeWork\" ><a href='https:\/\/www.odonto.ufmg.br\/cenex\/resultados\/resultado-da-selecao-de-bolsista-e-voluntarios-para-o-projeto-de-extensao-escolas-saudaveis\/' data-rel='slide-3' class='slide-image' title='Resultado da sele\u00e7\u00e3o de bolsista e volunt\u00e1rios para o Projeto de Extens\u00e3o &#8220;Escolas Saud\u00e1veis&#8221;'><img decoding=\"async\" fetchpriority=\"high\" width=\"260\" height=\"185\" src=\"https:\/\/www.odonto.ufmg.br\/cenex\/wp-content\/uploads\/sites\/2\/2023\/03\/Captura-de-Tela-2023-04-21-a\u0300s-12.22.55-260x185.png\" class=\"wp-image-15506 avia-img-lazy-loading-not-15506 attachment-portfolio_small size-portfolio_small wp-post-image\" alt=\"\" \/><\/a><div class=\"slide-content\"><header class=\"entry-content-header\" aria-label=\"Slide: Resultado da sele\u00e7\u00e3o de bolsista e volunt\u00e1rios para o Projeto de Extens\u00e3o &quot;Escolas Saud\u00e1veis&quot;\"><h3 class='slide-entry-title entry-title '  itemprop=\"headline\" ><a href='https:\/\/www.odonto.ufmg.br\/cenex\/resultados\/resultado-da-selecao-de-bolsista-e-voluntarios-para-o-projeto-de-extensao-escolas-saudaveis\/' title='Resultado da sele\u00e7\u00e3o de bolsista e volunt\u00e1rios para o Projeto de Extens\u00e3o &#8220;Escolas Saud\u00e1veis&#8221;'>Resultado da sele\u00e7\u00e3o de bolsista e volunt\u00e1rios para o Projeto de Extens\u00e3o &#8220;Escolas Saud\u00e1veis&#8221;<\/a><\/h3><span class=\"av-vertical-delimiter\"><\/span><\/header><div class=\"slide-meta\"><time class='slide-meta-time updated'  itemprop=\"datePublished\" datetime=\"2025-08-20T22:43:25-03:00\" >20\/08\/2025<\/time><\/div><div class='slide-entry-excerpt entry-content'  itemprop=\"text\" >RESULTADOS\nResultado da sele\u00e7\u00e3o de bolsista e volunt\u00e1rios\u2026<\/div><\/div><footer class=\"entry-footer\"><\/footer><span class='hidden'>\n\t\t\t\t<span class='av-structured-data'  itemprop=\"image\" itemscope=\"itemscope\" itemtype=\"https:\/\/schema.org\/ImageObject\" >\n\t\t\t\t\t\t<span itemprop='url'>https:\/\/www.odonto.ufmg.br\/cenex\/wp-content\/uploads\/sites\/2\/2023\/03\/Captura-de-Tela-2023-04-21-a\u0300s-12.22.55.png<\/span>\n\t\t\t\t\t\t<span itemprop='height'>922<\/span>\n\t\t\t\t\t\t<span itemprop='width'>1866<\/span>\n\t\t\t\t<\/span>\n\t\t\t\t<span class='av-structured-data'  itemprop=\"publisher\" itemtype=\"https:\/\/schema.org\/Organization\" itemscope=\"itemscope\" >\n\t\t\t\t\t\t<span itemprop='name'>cenex<\/span>\n\t\t\t\t\t\t<span itemprop='logo' itemscope itemtype='https:\/\/schema.org\/ImageObject'>\n\t\t\t\t\t\t\t<span itemprop='url'>http:\/\/www.odonto.ufmg.br\/cenex\/wp-content\/uploads\/sites\/2\/2025\/08\/logo-cenex.svg<\/span>\n\t\t\t\t\t\t<\/span>\n\t\t\t\t<\/span><span class='av-structured-data'  itemprop=\"author\" itemscope=\"itemscope\" itemtype=\"https:\/\/schema.org\/Person\" ><span itemprop='name'>cenex<\/span><\/span><span class='av-structured-data'  itemprop=\"datePublished\" datetime=\"2025-04-04T10:05:51-03:00\" >2025-08-20 22:43:25<\/span><span class='av-structured-data'  itemprop=\"dateModified\" itemtype=\"https:\/\/schema.org\/dateModified\" >2025-08-20 22:43:26<\/span><span class='av-structured-data'  itemprop=\"mainEntityOfPage\" itemtype=\"https:\/\/schema.org\/mainEntityOfPage\" ><span itemprop='name'>Resultado da sele\u00e7\u00e3o de bolsista e volunt\u00e1rios para o Projeto de Extens\u00e3o &#8220;Escolas Saud\u00e1veis&#8221;<\/span><\/span><\/span><\/article><article class='slide-entry flex_column  post-entry post-entry-17334 slide-entry-overview slide-loop-75 slide-parity-odd  av_one_fifth  real-thumbnail posttype-post post-format-standard'  itemscope=\"itemscope\" itemtype=\"https:\/\/schema.org\/CreativeWork\" ><a href='https:\/\/www.odonto.ufmg.br\/cenex\/resultados\/resultado-da-selecao-de-voluntarios-para-o-projeto-de-extensao-manutencao-e-controle-em-implantodontia\/' data-rel='slide-3' class='slide-image' title='Resultado da sele\u00e7\u00e3o de volunt\u00e1rios para o Projeto de Extens\u00e3o &#8220;Manuten\u00e7\u00e3o e Controle em Implantodontia&#8221;'><img decoding=\"async\" fetchpriority=\"high\" width=\"260\" height=\"185\" src=\"https:\/\/www.odonto.ufmg.br\/cenex\/wp-content\/uploads\/sites\/2\/2023\/03\/Captura-de-Tela-2023-04-21-a\u0300s-12.22.55-260x185.png\" class=\"wp-image-15506 avia-img-lazy-loading-not-15506 attachment-portfolio_small size-portfolio_small wp-post-image\" alt=\"\" \/><\/a><div class=\"slide-content\"><header class=\"entry-content-header\" aria-label=\"Slide: Resultado da sele\u00e7\u00e3o de volunt\u00e1rios para o Projeto de Extens\u00e3o &quot;Manuten\u00e7\u00e3o e Controle em Implantodontia&quot;\"><h3 class='slide-entry-title entry-title '  itemprop=\"headline\" ><a href='https:\/\/www.odonto.ufmg.br\/cenex\/resultados\/resultado-da-selecao-de-voluntarios-para-o-projeto-de-extensao-manutencao-e-controle-em-implantodontia\/' title='Resultado da sele\u00e7\u00e3o de volunt\u00e1rios para o Projeto de Extens\u00e3o &#8220;Manuten\u00e7\u00e3o e Controle em Implantodontia&#8221;'>Resultado da sele\u00e7\u00e3o de volunt\u00e1rios para o Projeto de Extens\u00e3o &#8220;Manuten\u00e7\u00e3o e Controle em Implantodontia&#8221;<\/a><\/h3><span class=\"av-vertical-delimiter\"><\/span><\/header><div class=\"slide-meta\"><time class='slide-meta-time updated'  itemprop=\"datePublished\" datetime=\"2025-08-20T22:41:34-03:00\" >20\/08\/2025<\/time><\/div><div class='slide-entry-excerpt entry-content'  itemprop=\"text\" >RESULTADOS\nResultado da sele\u00e7\u00e3o de volunt\u00e1rios para o Projeto\u2026<\/div><\/div><footer class=\"entry-footer\"><\/footer><span class='hidden'>\n\t\t\t\t<span class='av-structured-data'  itemprop=\"image\" itemscope=\"itemscope\" itemtype=\"https:\/\/schema.org\/ImageObject\" >\n\t\t\t\t\t\t<span itemprop='url'>https:\/\/www.odonto.ufmg.br\/cenex\/wp-content\/uploads\/sites\/2\/2023\/03\/Captura-de-Tela-2023-04-21-a\u0300s-12.22.55.png<\/span>\n\t\t\t\t\t\t<span itemprop='height'>922<\/span>\n\t\t\t\t\t\t<span itemprop='width'>1866<\/span>\n\t\t\t\t<\/span>\n\t\t\t\t<span class='av-structured-data'  itemprop=\"publisher\" itemtype=\"https:\/\/schema.org\/Organization\" itemscope=\"itemscope\" >\n\t\t\t\t\t\t<span itemprop='name'>cenex<\/span>\n\t\t\t\t\t\t<span itemprop='logo' itemscope itemtype='https:\/\/schema.org\/ImageObject'>\n\t\t\t\t\t\t\t<span itemprop='url'>http:\/\/www.odonto.ufmg.br\/cenex\/wp-content\/uploads\/sites\/2\/2025\/08\/logo-cenex.svg<\/span>\n\t\t\t\t\t\t<\/span>\n\t\t\t\t<\/span><span class='av-structured-data'  itemprop=\"author\" itemscope=\"itemscope\" itemtype=\"https:\/\/schema.org\/Person\" ><span itemprop='name'>cenex<\/span><\/span><span class='av-structured-data'  itemprop=\"datePublished\" datetime=\"2025-04-04T10:05:51-03:00\" >2025-08-20 22:41:34<\/span><span class='av-structured-data'  itemprop=\"dateModified\" itemtype=\"https:\/\/schema.org\/dateModified\" >2025-08-20 22:41:35<\/span><span class='av-structured-data'  itemprop=\"mainEntityOfPage\" itemtype=\"https:\/\/schema.org\/mainEntityOfPage\" ><span itemprop='name'>Resultado da sele\u00e7\u00e3o de volunt\u00e1rios para o Projeto de Extens\u00e3o &#8220;Manuten\u00e7\u00e3o e Controle em Implantodontia&#8221;<\/span><\/span><\/span><\/article><\/div><div class=\"slide-entry-wrap\"><article class='slide-entry flex_column  post-entry post-entry-17332 slide-entry-overview slide-loop-76 slide-parity-odd  av_one_fifth first real-thumbnail posttype-post post-format-standard'  itemscope=\"itemscope\" itemtype=\"https:\/\/schema.org\/CreativeWork\" ><a href='https:\/\/www.odonto.ufmg.br\/cenex\/resultados\/resultado-da-selecao-de-voluntarios-para-o-projeto-de-extensao-ultrassonografia-em-odontologia\/' data-rel='slide-3' class='slide-image' title='Resultado da sele\u00e7\u00e3o de volunt\u00e1rios para o Projeto de Extens\u00e3o &#8220;Ultrassonografia\u00a0em\u00a0Odontologia&#8221;'><img decoding=\"async\" fetchpriority=\"high\" width=\"260\" height=\"185\" src=\"https:\/\/www.odonto.ufmg.br\/cenex\/wp-content\/uploads\/sites\/2\/2023\/03\/Captura-de-Tela-2023-04-21-a\u0300s-12.22.55-260x185.png\" class=\"wp-image-15506 avia-img-lazy-loading-not-15506 attachment-portfolio_small size-portfolio_small wp-post-image\" alt=\"\" \/><\/a><div class=\"slide-content\"><header class=\"entry-content-header\" aria-label=\"Slide: Resultado da sele\u00e7\u00e3o de volunt\u00e1rios para o Projeto de Extens\u00e3o &quot;Ultrassonografia\u00a0em\u00a0Odontologia&quot;\"><h3 class='slide-entry-title entry-title '  itemprop=\"headline\" ><a href='https:\/\/www.odonto.ufmg.br\/cenex\/resultados\/resultado-da-selecao-de-voluntarios-para-o-projeto-de-extensao-ultrassonografia-em-odontologia\/' title='Resultado da sele\u00e7\u00e3o de volunt\u00e1rios para o Projeto de Extens\u00e3o &#8220;Ultrassonografia\u00a0em\u00a0Odontologia&#8221;'>Resultado da sele\u00e7\u00e3o de volunt\u00e1rios para o Projeto de Extens\u00e3o &#8220;Ultrassonografia\u00a0em\u00a0Odontologia&#8221;<\/a><\/h3><span class=\"av-vertical-delimiter\"><\/span><\/header><div class=\"slide-meta\"><time class='slide-meta-time updated'  itemprop=\"datePublished\" datetime=\"2025-08-20T22:40:05-03:00\" >20\/08\/2025<\/time><\/div><div class='slide-entry-excerpt entry-content'  itemprop=\"text\" >RESULTADOS\nResultado da sele\u00e7\u00e3o de volunt\u00e1rios para o Projeto\u2026<\/div><\/div><footer class=\"entry-footer\"><\/footer><span class='hidden'>\n\t\t\t\t<span class='av-structured-data'  itemprop=\"image\" itemscope=\"itemscope\" itemtype=\"https:\/\/schema.org\/ImageObject\" >\n\t\t\t\t\t\t<span itemprop='url'>https:\/\/www.odonto.ufmg.br\/cenex\/wp-content\/uploads\/sites\/2\/2023\/03\/Captura-de-Tela-2023-04-21-a\u0300s-12.22.55.png<\/span>\n\t\t\t\t\t\t<span itemprop='height'>922<\/span>\n\t\t\t\t\t\t<span itemprop='width'>1866<\/span>\n\t\t\t\t<\/span>\n\t\t\t\t<span class='av-structured-data'  itemprop=\"publisher\" itemtype=\"https:\/\/schema.org\/Organization\" itemscope=\"itemscope\" >\n\t\t\t\t\t\t<span itemprop='name'>cenex<\/span>\n\t\t\t\t\t\t<span itemprop='logo' itemscope itemtype='https:\/\/schema.org\/ImageObject'>\n\t\t\t\t\t\t\t<span itemprop='url'>http:\/\/www.odonto.ufmg.br\/cenex\/wp-content\/uploads\/sites\/2\/2025\/08\/logo-cenex.svg<\/span>\n\t\t\t\t\t\t<\/span>\n\t\t\t\t<\/span><span class='av-structured-data'  itemprop=\"author\" itemscope=\"itemscope\" itemtype=\"https:\/\/schema.org\/Person\" ><span itemprop='name'>cenex<\/span><\/span><span class='av-structured-data'  itemprop=\"datePublished\" datetime=\"2025-04-04T10:05:51-03:00\" >2025-08-20 22:40:05<\/span><span class='av-structured-data'  itemprop=\"dateModified\" itemtype=\"https:\/\/schema.org\/dateModified\" >2025-08-20 22:40:06<\/span><span class='av-structured-data'  itemprop=\"mainEntityOfPage\" itemtype=\"https:\/\/schema.org\/mainEntityOfPage\" ><span itemprop='name'>Resultado da sele\u00e7\u00e3o de volunt\u00e1rios para o Projeto de Extens\u00e3o &#8220;Ultrassonografia\u00a0em\u00a0Odontologia&#8221;<\/span><\/span><\/span><\/article><article class='slide-entry flex_column  post-entry post-entry-17326 slide-entry-overview slide-loop-77 slide-parity-even  av_one_fifth  real-thumbnail posttype-post post-format-standard'  itemscope=\"itemscope\" itemtype=\"https:\/\/schema.org\/CreativeWork\" ><a href='https:\/\/www.odonto.ufmg.br\/cenex\/resultados\/resultado-da-selecao-de-voluntarios-para-o-projeto-de-extensao-restauracao-de-dentes-traumatizados\/' data-rel='slide-3' class='slide-image' title='Resultado da sele\u00e7\u00e3o de volunt\u00e1rios para o Projeto de Extens\u00e3o &#8220;Restaura\u00e7\u00e3o de Dentes Traumatizados&#8221;'><img decoding=\"async\" fetchpriority=\"high\" width=\"260\" height=\"185\" src=\"https:\/\/www.odonto.ufmg.br\/cenex\/wp-content\/uploads\/sites\/2\/2023\/03\/Captura-de-Tela-2023-04-21-a\u0300s-12.22.55-260x185.png\" class=\"wp-image-15506 avia-img-lazy-loading-not-15506 attachment-portfolio_small size-portfolio_small wp-post-image\" alt=\"\" \/><\/a><div class=\"slide-content\"><header class=\"entry-content-header\" aria-label=\"Slide: Resultado da sele\u00e7\u00e3o de volunt\u00e1rios para o Projeto de Extens\u00e3o &quot;Restaura\u00e7\u00e3o de Dentes Traumatizados&quot;\"><h3 class='slide-entry-title entry-title '  itemprop=\"headline\" ><a href='https:\/\/www.odonto.ufmg.br\/cenex\/resultados\/resultado-da-selecao-de-voluntarios-para-o-projeto-de-extensao-restauracao-de-dentes-traumatizados\/' title='Resultado da sele\u00e7\u00e3o de volunt\u00e1rios para o Projeto de Extens\u00e3o &#8220;Restaura\u00e7\u00e3o de Dentes Traumatizados&#8221;'>Resultado da sele\u00e7\u00e3o de volunt\u00e1rios para o Projeto de Extens\u00e3o &#8220;Restaura\u00e7\u00e3o de Dentes Traumatizados&#8221;<\/a><\/h3><span class=\"av-vertical-delimiter\"><\/span><\/header><div class=\"slide-meta\"><time class='slide-meta-time updated'  itemprop=\"datePublished\" datetime=\"2025-08-20T22:38:25-03:00\" >20\/08\/2025<\/time><\/div><div class='slide-entry-excerpt entry-content'  itemprop=\"text\" >RESULTADOS\nResultado da sele\u00e7\u00e3o de volunt\u00e1rios para o projeto\u2026<\/div><\/div><footer class=\"entry-footer\"><\/footer><span class='hidden'>\n\t\t\t\t<span class='av-structured-data'  itemprop=\"image\" itemscope=\"itemscope\" itemtype=\"https:\/\/schema.org\/ImageObject\" >\n\t\t\t\t\t\t<span itemprop='url'>https:\/\/www.odonto.ufmg.br\/cenex\/wp-content\/uploads\/sites\/2\/2023\/03\/Captura-de-Tela-2023-04-21-a\u0300s-12.22.55.png<\/span>\n\t\t\t\t\t\t<span itemprop='height'>922<\/span>\n\t\t\t\t\t\t<span itemprop='width'>1866<\/span>\n\t\t\t\t<\/span>\n\t\t\t\t<span class='av-structured-data'  itemprop=\"publisher\" itemtype=\"https:\/\/schema.org\/Organization\" itemscope=\"itemscope\" >\n\t\t\t\t\t\t<span itemprop='name'>cenex<\/span>\n\t\t\t\t\t\t<span itemprop='logo' itemscope itemtype='https:\/\/schema.org\/ImageObject'>\n\t\t\t\t\t\t\t<span itemprop='url'>http:\/\/www.odonto.ufmg.br\/cenex\/wp-content\/uploads\/sites\/2\/2025\/08\/logo-cenex.svg<\/span>\n\t\t\t\t\t\t<\/span>\n\t\t\t\t<\/span><span class='av-structured-data'  itemprop=\"author\" itemscope=\"itemscope\" itemtype=\"https:\/\/schema.org\/Person\" ><span itemprop='name'>cenex<\/span><\/span><span class='av-structured-data'  itemprop=\"datePublished\" datetime=\"2025-04-04T10:05:51-03:00\" >2025-08-20 22:38:25<\/span><span class='av-structured-data'  itemprop=\"dateModified\" itemtype=\"https:\/\/schema.org\/dateModified\" >2025-08-20 22:38:26<\/span><span class='av-structured-data'  itemprop=\"mainEntityOfPage\" itemtype=\"https:\/\/schema.org\/mainEntityOfPage\" ><span itemprop='name'>Resultado da sele\u00e7\u00e3o de volunt\u00e1rios para o Projeto de Extens\u00e3o &#8220;Restaura\u00e7\u00e3o de Dentes Traumatizados&#8221;<\/span><\/span><\/span><\/article><article class='slide-entry flex_column  post-entry post-entry-17319 slide-entry-overview slide-loop-78 slide-parity-odd  av_one_fifth  real-thumbnail posttype-post post-format-standard'  itemscope=\"itemscope\" itemtype=\"https:\/\/schema.org\/CreativeWork\" ><a href='https:\/\/www.odonto.ufmg.br\/cenex\/resultados\/resultado-da-selecao-de-voluntarios-para-o-projeto-de-extensao-clareamento-dental\/' data-rel='slide-3' class='slide-image' title='Resultado da sele\u00e7\u00e3o de volunt\u00e1rios para o Projeto de Extens\u00e3o &#8220;Clareamento Dental&#8221;'><img decoding=\"async\" fetchpriority=\"high\" width=\"260\" height=\"185\" src=\"https:\/\/www.odonto.ufmg.br\/cenex\/wp-content\/uploads\/sites\/2\/2023\/03\/Captura-de-Tela-2023-04-21-a\u0300s-12.22.55-260x185.png\" class=\"wp-image-15506 avia-img-lazy-loading-not-15506 attachment-portfolio_small size-portfolio_small wp-post-image\" alt=\"\" \/><\/a><div class=\"slide-content\"><header class=\"entry-content-header\" aria-label=\"Slide: Resultado da sele\u00e7\u00e3o de volunt\u00e1rios para o Projeto de Extens\u00e3o &quot;Clareamento Dental&quot;\"><h3 class='slide-entry-title entry-title '  itemprop=\"headline\" ><a href='https:\/\/www.odonto.ufmg.br\/cenex\/resultados\/resultado-da-selecao-de-voluntarios-para-o-projeto-de-extensao-clareamento-dental\/' title='Resultado da sele\u00e7\u00e3o de volunt\u00e1rios para o Projeto de Extens\u00e3o &#8220;Clareamento Dental&#8221;'>Resultado da sele\u00e7\u00e3o de volunt\u00e1rios para o Projeto de Extens\u00e3o &#8220;Clareamento Dental&#8221;<\/a><\/h3><span class=\"av-vertical-delimiter\"><\/span><\/header><div class=\"slide-meta\"><time class='slide-meta-time updated'  itemprop=\"datePublished\" datetime=\"2025-08-19T12:25:56-03:00\" >19\/08\/2025<\/time><\/div><div class='slide-entry-excerpt entry-content'  itemprop=\"text\" >RESULTADOS\nResultado da sele\u00e7\u00e3o de volunt\u00e1rios para o projeto\u2026<\/div><\/div><footer class=\"entry-footer\"><\/footer><span class='hidden'>\n\t\t\t\t<span class='av-structured-data'  itemprop=\"image\" itemscope=\"itemscope\" itemtype=\"https:\/\/schema.org\/ImageObject\" >\n\t\t\t\t\t\t<span itemprop='url'>https:\/\/www.odonto.ufmg.br\/cenex\/wp-content\/uploads\/sites\/2\/2023\/03\/Captura-de-Tela-2023-04-21-a\u0300s-12.22.55.png<\/span>\n\t\t\t\t\t\t<span itemprop='height'>922<\/span>\n\t\t\t\t\t\t<span itemprop='width'>1866<\/span>\n\t\t\t\t<\/span>\n\t\t\t\t<span class='av-structured-data'  itemprop=\"publisher\" itemtype=\"https:\/\/schema.org\/Organization\" itemscope=\"itemscope\" >\n\t\t\t\t\t\t<span itemprop='name'>cenex<\/span>\n\t\t\t\t\t\t<span itemprop='logo' itemscope itemtype='https:\/\/schema.org\/ImageObject'>\n\t\t\t\t\t\t\t<span itemprop='url'>http:\/\/www.odonto.ufmg.br\/cenex\/wp-content\/uploads\/sites\/2\/2025\/08\/logo-cenex.svg<\/span>\n\t\t\t\t\t\t<\/span>\n\t\t\t\t<\/span><span class='av-structured-data'  itemprop=\"author\" itemscope=\"itemscope\" itemtype=\"https:\/\/schema.org\/Person\" ><span itemprop='name'>cenex<\/span><\/span><span class='av-structured-data'  itemprop=\"datePublished\" datetime=\"2025-04-04T10:05:51-03:00\" >2025-08-19 12:25:56<\/span><span class='av-structured-data'  itemprop=\"dateModified\" itemtype=\"https:\/\/schema.org\/dateModified\" >2025-08-19 12:26:34<\/span><span class='av-structured-data'  itemprop=\"mainEntityOfPage\" itemtype=\"https:\/\/schema.org\/mainEntityOfPage\" ><span itemprop='name'>Resultado da sele\u00e7\u00e3o de volunt\u00e1rios para o Projeto de Extens\u00e3o &#8220;Clareamento Dental&#8221;<\/span><\/span><\/span><\/article><article class='slide-entry flex_column  post-entry post-entry-17308 slide-entry-overview slide-loop-79 slide-parity-even  av_one_fifth  real-thumbnail posttype-post post-format-standard'  itemscope=\"itemscope\" itemtype=\"https:\/\/schema.org\/CreativeWork\" ><a href='https:\/\/www.odonto.ufmg.br\/cenex\/resultados\/resultado-da-selecao-de-voluntarios-para-o-projeto-de-extensao-acolhimento-e-orientacao-ao-usuario-fao-ufmg\/' data-rel='slide-3' class='slide-image' title='Resultado da sele\u00e7\u00e3o de volunt\u00e1rios para o Projeto de Extens\u00e3o &#8220;Acolhimento e Orienta\u00e7\u00e3o ao usu\u00e1rio FAO UFMG&#8221;'><img decoding=\"async\" fetchpriority=\"high\" width=\"260\" height=\"185\" src=\"https:\/\/www.odonto.ufmg.br\/cenex\/wp-content\/uploads\/sites\/2\/2023\/03\/Captura-de-Tela-2023-04-21-a\u0300s-12.22.55-260x185.png\" class=\"wp-image-15506 avia-img-lazy-loading-not-15506 attachment-portfolio_small size-portfolio_small wp-post-image\" alt=\"\" \/><\/a><div class=\"slide-content\"><header class=\"entry-content-header\" aria-label=\"Slide: Resultado da sele\u00e7\u00e3o de volunt\u00e1rios para o Projeto de Extens\u00e3o &quot;Acolhimento e Orienta\u00e7\u00e3o ao usu\u00e1rio FAO UFMG&quot;\"><h3 class='slide-entry-title entry-title '  itemprop=\"headline\" ><a href='https:\/\/www.odonto.ufmg.br\/cenex\/resultados\/resultado-da-selecao-de-voluntarios-para-o-projeto-de-extensao-acolhimento-e-orientacao-ao-usuario-fao-ufmg\/' title='Resultado da sele\u00e7\u00e3o de volunt\u00e1rios para o Projeto de Extens\u00e3o &#8220;Acolhimento e Orienta\u00e7\u00e3o ao usu\u00e1rio FAO UFMG&#8221;'>Resultado da sele\u00e7\u00e3o de volunt\u00e1rios para o Projeto de Extens\u00e3o &#8220;Acolhimento e Orienta\u00e7\u00e3o ao usu\u00e1rio FAO UFMG&#8221;<\/a><\/h3><span class=\"av-vertical-delimiter\"><\/span><\/header><div class=\"slide-meta\"><time class='slide-meta-time updated'  itemprop=\"datePublished\" datetime=\"2025-08-18T12:50:12-03:00\" >18\/08\/2025<\/time><\/div><div class='slide-entry-excerpt entry-content'  itemprop=\"text\" >RESULTADOS\nResultado da\u00a0 sele\u00e7\u00e3o de volunt\u00e1rios para o projeto\u2026<\/div><\/div><footer class=\"entry-footer\"><\/footer><span class='hidden'>\n\t\t\t\t<span class='av-structured-data'  itemprop=\"image\" itemscope=\"itemscope\" itemtype=\"https:\/\/schema.org\/ImageObject\" >\n\t\t\t\t\t\t<span itemprop='url'>https:\/\/www.odonto.ufmg.br\/cenex\/wp-content\/uploads\/sites\/2\/2023\/03\/Captura-de-Tela-2023-04-21-a\u0300s-12.22.55.png<\/span>\n\t\t\t\t\t\t<span itemprop='height'>922<\/span>\n\t\t\t\t\t\t<span itemprop='width'>1866<\/span>\n\t\t\t\t<\/span>\n\t\t\t\t<span class='av-structured-data'  itemprop=\"publisher\" itemtype=\"https:\/\/schema.org\/Organization\" itemscope=\"itemscope\" >\n\t\t\t\t\t\t<span itemprop='name'>cenex<\/span>\n\t\t\t\t\t\t<span itemprop='logo' itemscope itemtype='https:\/\/schema.org\/ImageObject'>\n\t\t\t\t\t\t\t<span itemprop='url'>http:\/\/www.odonto.ufmg.br\/cenex\/wp-content\/uploads\/sites\/2\/2025\/08\/logo-cenex.svg<\/span>\n\t\t\t\t\t\t<\/span>\n\t\t\t\t<\/span><span class='av-structured-data'  itemprop=\"author\" itemscope=\"itemscope\" itemtype=\"https:\/\/schema.org\/Person\" ><span itemprop='name'>cenex<\/span><\/span><span class='av-structured-data'  itemprop=\"datePublished\" datetime=\"2025-04-04T10:05:51-03:00\" >2025-08-18 12:50:12<\/span><span class='av-structured-data'  itemprop=\"dateModified\" itemtype=\"https:\/\/schema.org\/dateModified\" >2025-08-18 12:50:13<\/span><span class='av-structured-data'  itemprop=\"mainEntityOfPage\" itemtype=\"https:\/\/schema.org\/mainEntityOfPage\" ><span itemprop='name'>Resultado da sele\u00e7\u00e3o de volunt\u00e1rios para o Projeto de Extens\u00e3o &#8220;Acolhimento e Orienta\u00e7\u00e3o ao usu\u00e1rio FAO UFMG&#8221;<\/span><\/span><\/span><\/article><article class='slide-entry flex_column  post-entry post-entry-17306 slide-entry-overview slide-loop-80 slide-parity-odd  av_one_fifth  real-thumbnail posttype-post post-format-standard'  itemscope=\"itemscope\" itemtype=\"https:\/\/schema.org\/CreativeWork\" ><a href='https:\/\/www.odonto.ufmg.br\/cenex\/resultados\/resultado-da-selecao-de-voluntarios-para-o-projeto-de-extensao-sororidade-na-odontologia\/' data-rel='slide-3' class='slide-image' title='Resultado da sele\u00e7\u00e3o de volunt\u00e1rios para o Projeto de Extens\u00e3o &#8220;Sororidade na Odontologia&#8221;'><img decoding=\"async\" fetchpriority=\"high\" width=\"260\" height=\"185\" src=\"https:\/\/www.odonto.ufmg.br\/cenex\/wp-content\/uploads\/sites\/2\/2023\/03\/Captura-de-Tela-2023-04-21-a\u0300s-12.22.55-260x185.png\" class=\"wp-image-15506 avia-img-lazy-loading-not-15506 attachment-portfolio_small size-portfolio_small wp-post-image\" alt=\"\" \/><\/a><div class=\"slide-content\"><header class=\"entry-content-header\" aria-label=\"Slide: Resultado da sele\u00e7\u00e3o de volunt\u00e1rios para o Projeto de Extens\u00e3o &quot;Sororidade na Odontologia&quot;\"><h3 class='slide-entry-title entry-title '  itemprop=\"headline\" ><a href='https:\/\/www.odonto.ufmg.br\/cenex\/resultados\/resultado-da-selecao-de-voluntarios-para-o-projeto-de-extensao-sororidade-na-odontologia\/' title='Resultado da sele\u00e7\u00e3o de volunt\u00e1rios para o Projeto de Extens\u00e3o &#8220;Sororidade na Odontologia&#8221;'>Resultado da sele\u00e7\u00e3o de volunt\u00e1rios para o Projeto de Extens\u00e3o &#8220;Sororidade na Odontologia&#8221;<\/a><\/h3><span class=\"av-vertical-delimiter\"><\/span><\/header><div class=\"slide-meta\"><time class='slide-meta-time updated'  itemprop=\"datePublished\" datetime=\"2025-08-18T12:48:09-03:00\" >18\/08\/2025<\/time><\/div><div class='slide-entry-excerpt entry-content'  itemprop=\"text\" >RESULTADOS\nResultado da\u00a0 sele\u00e7\u00e3o de volunt\u00e1rios para o projeto\u2026<\/div><\/div><footer class=\"entry-footer\"><\/footer><span class='hidden'>\n\t\t\t\t<span class='av-structured-data'  itemprop=\"image\" itemscope=\"itemscope\" itemtype=\"https:\/\/schema.org\/ImageObject\" >\n\t\t\t\t\t\t<span itemprop='url'>https:\/\/www.odonto.ufmg.br\/cenex\/wp-content\/uploads\/sites\/2\/2023\/03\/Captura-de-Tela-2023-04-21-a\u0300s-12.22.55.png<\/span>\n\t\t\t\t\t\t<span itemprop='height'>922<\/span>\n\t\t\t\t\t\t<span itemprop='width'>1866<\/span>\n\t\t\t\t<\/span>\n\t\t\t\t<span class='av-structured-data'  itemprop=\"publisher\" itemtype=\"https:\/\/schema.org\/Organization\" itemscope=\"itemscope\" >\n\t\t\t\t\t\t<span itemprop='name'>cenex<\/span>\n\t\t\t\t\t\t<span itemprop='logo' itemscope itemtype='https:\/\/schema.org\/ImageObject'>\n\t\t\t\t\t\t\t<span itemprop='url'>http:\/\/www.odonto.ufmg.br\/cenex\/wp-content\/uploads\/sites\/2\/2025\/08\/logo-cenex.svg<\/span>\n\t\t\t\t\t\t<\/span>\n\t\t\t\t<\/span><span class='av-structured-data'  itemprop=\"author\" itemscope=\"itemscope\" itemtype=\"https:\/\/schema.org\/Person\" ><span itemprop='name'>cenex<\/span><\/span><span class='av-structured-data'  itemprop=\"datePublished\" datetime=\"2025-04-04T10:05:51-03:00\" >2025-08-18 12:48:09<\/span><span class='av-structured-data'  itemprop=\"dateModified\" itemtype=\"https:\/\/schema.org\/dateModified\" >2025-08-18 12:48:09<\/span><span class='av-structured-data'  itemprop=\"mainEntityOfPage\" itemtype=\"https:\/\/schema.org\/mainEntityOfPage\" ><span itemprop='name'>Resultado da sele\u00e7\u00e3o de volunt\u00e1rios para o Projeto de Extens\u00e3o &#8220;Sororidade na Odontologia&#8221;<\/span><\/span><\/span><\/article><\/div><div class=\"slide-entry-wrap\"><article class='slide-entry flex_column  post-entry post-entry-17304 slide-entry-overview slide-loop-81 slide-parity-odd  av_one_fifth first real-thumbnail posttype-post post-format-standard'  itemscope=\"itemscope\" itemtype=\"https:\/\/schema.org\/CreativeWork\" ><a href='https:\/\/www.odonto.ufmg.br\/cenex\/resultados\/resultado-da-selecao-de-voluntarios-para-o-projeto-de-extensao-reabilitacao-protetica-de-pacientes-oncologicos-assistidos-pelos-hospitais-luxemburgo-e-sao-francisco-de-assis\/' data-rel='slide-3' class='slide-image' title='Resultado da sele\u00e7\u00e3o de volunt\u00e1rios para o Projeto de Extens\u00e3o &#8220;Reabilita\u00e7\u00e3o prot\u00e9tica de pacientes oncol\u00f3gicos assistidos pelos hospitais Luxemburgo e S\u00e3o Francisco de Assis&#8221;'><img decoding=\"async\" fetchpriority=\"high\" width=\"260\" height=\"185\" src=\"https:\/\/www.odonto.ufmg.br\/cenex\/wp-content\/uploads\/sites\/2\/2023\/03\/Captura-de-Tela-2023-04-21-a\u0300s-12.22.55-260x185.png\" class=\"wp-image-15506 avia-img-lazy-loading-not-15506 attachment-portfolio_small size-portfolio_small wp-post-image\" alt=\"\" \/><\/a><div class=\"slide-content\"><header class=\"entry-content-header\" aria-label=\"Slide: Resultado da sele\u00e7\u00e3o de volunt\u00e1rios para o Projeto de Extens\u00e3o &quot;Reabilita\u00e7\u00e3o prot\u00e9tica de pacientes oncol\u00f3gicos assistidos pelos hospitais Luxemburgo e S\u00e3o Francisco de Assis&quot;\"><h3 class='slide-entry-title entry-title '  itemprop=\"headline\" ><a href='https:\/\/www.odonto.ufmg.br\/cenex\/resultados\/resultado-da-selecao-de-voluntarios-para-o-projeto-de-extensao-reabilitacao-protetica-de-pacientes-oncologicos-assistidos-pelos-hospitais-luxemburgo-e-sao-francisco-de-assis\/' title='Resultado da sele\u00e7\u00e3o de volunt\u00e1rios para o Projeto de Extens\u00e3o &#8220;Reabilita\u00e7\u00e3o prot\u00e9tica de pacientes oncol\u00f3gicos assistidos pelos hospitais Luxemburgo e S\u00e3o Francisco de Assis&#8221;'>Resultado da sele\u00e7\u00e3o de volunt\u00e1rios para o Projeto de Extens\u00e3o &#8220;Reabilita\u00e7\u00e3o prot\u00e9tica de pacientes oncol\u00f3gicos assistidos pelos hospitais Luxemburgo e S\u00e3o Francisco de Assis&#8221;<\/a><\/h3><span class=\"av-vertical-delimiter\"><\/span><\/header><div class=\"slide-meta\"><time class='slide-meta-time updated'  itemprop=\"datePublished\" datetime=\"2025-08-18T12:42:34-03:00\" >18\/08\/2025<\/time><\/div><div class='slide-entry-excerpt entry-content'  itemprop=\"text\" >RESULTADOS\nResultado da\u00a0 sele\u00e7\u00e3o de volunt\u00e1rios para o projeto\u2026<\/div><\/div><footer class=\"entry-footer\"><\/footer><span class='hidden'>\n\t\t\t\t<span class='av-structured-data'  itemprop=\"image\" itemscope=\"itemscope\" itemtype=\"https:\/\/schema.org\/ImageObject\" >\n\t\t\t\t\t\t<span itemprop='url'>https:\/\/www.odonto.ufmg.br\/cenex\/wp-content\/uploads\/sites\/2\/2023\/03\/Captura-de-Tela-2023-04-21-a\u0300s-12.22.55.png<\/span>\n\t\t\t\t\t\t<span itemprop='height'>922<\/span>\n\t\t\t\t\t\t<span itemprop='width'>1866<\/span>\n\t\t\t\t<\/span>\n\t\t\t\t<span class='av-structured-data'  itemprop=\"publisher\" itemtype=\"https:\/\/schema.org\/Organization\" itemscope=\"itemscope\" >\n\t\t\t\t\t\t<span itemprop='name'>cenex<\/span>\n\t\t\t\t\t\t<span itemprop='logo' itemscope itemtype='https:\/\/schema.org\/ImageObject'>\n\t\t\t\t\t\t\t<span itemprop='url'>http:\/\/www.odonto.ufmg.br\/cenex\/wp-content\/uploads\/sites\/2\/2025\/08\/logo-cenex.svg<\/span>\n\t\t\t\t\t\t<\/span>\n\t\t\t\t<\/span><span class='av-structured-data'  itemprop=\"author\" itemscope=\"itemscope\" itemtype=\"https:\/\/schema.org\/Person\" ><span itemprop='name'>cenex<\/span><\/span><span class='av-structured-data'  itemprop=\"datePublished\" datetime=\"2025-04-04T10:05:51-03:00\" >2025-08-18 12:42:34<\/span><span class='av-structured-data'  itemprop=\"dateModified\" itemtype=\"https:\/\/schema.org\/dateModified\" >2025-08-18 12:42:34<\/span><span class='av-structured-data'  itemprop=\"mainEntityOfPage\" itemtype=\"https:\/\/schema.org\/mainEntityOfPage\" ><span itemprop='name'>Resultado da sele\u00e7\u00e3o de volunt\u00e1rios para o Projeto de Extens\u00e3o &#8220;Reabilita\u00e7\u00e3o prot\u00e9tica de pacientes oncol\u00f3gicos assistidos pelos hospitais Luxemburgo e S\u00e3o Francisco de Assis&#8221;<\/span><\/span><\/span><\/article><article class='slide-entry flex_column  post-entry post-entry-17302 slide-entry-overview slide-loop-82 slide-parity-even  av_one_fifth  real-thumbnail posttype-post post-format-standard'  itemscope=\"itemscope\" itemtype=\"https:\/\/schema.org\/CreativeWork\" ><a href='https:\/\/www.odonto.ufmg.br\/cenex\/resultados\/resultado-da-selecao-de-voluntarios-para-o-projeto-de-extensao-atendimento-de-suporte-odontologico-ao-paciente-com-cancer-em-regiao-de-cabeca-e-pescoco\/' data-rel='slide-3' class='slide-image' title='Resultado da sele\u00e7\u00e3o de volunt\u00e1rios para o Projeto de Extens\u00e3o &#8220;Atendimento de suporte odontol\u00f3gico ao paciente com c\u00e2ncer em regi\u00e3o de cabe\u00e7a e pesco\u00e7o&#8221;'><img decoding=\"async\" fetchpriority=\"high\" width=\"260\" height=\"185\" src=\"https:\/\/www.odonto.ufmg.br\/cenex\/wp-content\/uploads\/sites\/2\/2023\/03\/Captura-de-Tela-2023-04-21-a\u0300s-12.22.55-260x185.png\" class=\"wp-image-15506 avia-img-lazy-loading-not-15506 attachment-portfolio_small size-portfolio_small wp-post-image\" alt=\"\" \/><\/a><div class=\"slide-content\"><header class=\"entry-content-header\" aria-label=\"Slide: Resultado da sele\u00e7\u00e3o de volunt\u00e1rios para o Projeto de Extens\u00e3o &quot;Atendimento de suporte odontol\u00f3gico ao paciente com c\u00e2ncer em regi\u00e3o de cabe\u00e7a e pesco\u00e7o&quot;\"><h3 class='slide-entry-title entry-title '  itemprop=\"headline\" ><a href='https:\/\/www.odonto.ufmg.br\/cenex\/resultados\/resultado-da-selecao-de-voluntarios-para-o-projeto-de-extensao-atendimento-de-suporte-odontologico-ao-paciente-com-cancer-em-regiao-de-cabeca-e-pescoco\/' title='Resultado da sele\u00e7\u00e3o de volunt\u00e1rios para o Projeto de Extens\u00e3o &#8220;Atendimento de suporte odontol\u00f3gico ao paciente com c\u00e2ncer em regi\u00e3o de cabe\u00e7a e pesco\u00e7o&#8221;'>Resultado da sele\u00e7\u00e3o de volunt\u00e1rios para o Projeto de Extens\u00e3o &#8220;Atendimento de suporte odontol\u00f3gico ao paciente com c\u00e2ncer em regi\u00e3o de cabe\u00e7a e pesco\u00e7o&#8221;<\/a><\/h3><span class=\"av-vertical-delimiter\"><\/span><\/header><div class=\"slide-meta\"><time class='slide-meta-time updated'  itemprop=\"datePublished\" datetime=\"2025-08-18T12:41:01-03:00\" >18\/08\/2025<\/time><\/div><div class='slide-entry-excerpt entry-content'  itemprop=\"text\" >RESULTADOS\nResultado da\u00a0 sele\u00e7\u00e3o de volunt\u00e1rios para o projeto\u2026<\/div><\/div><footer class=\"entry-footer\"><\/footer><span class='hidden'>\n\t\t\t\t<span class='av-structured-data'  itemprop=\"image\" itemscope=\"itemscope\" itemtype=\"https:\/\/schema.org\/ImageObject\" >\n\t\t\t\t\t\t<span itemprop='url'>https:\/\/www.odonto.ufmg.br\/cenex\/wp-content\/uploads\/sites\/2\/2023\/03\/Captura-de-Tela-2023-04-21-a\u0300s-12.22.55.png<\/span>\n\t\t\t\t\t\t<span itemprop='height'>922<\/span>\n\t\t\t\t\t\t<span itemprop='width'>1866<\/span>\n\t\t\t\t<\/span>\n\t\t\t\t<span class='av-structured-data'  itemprop=\"publisher\" itemtype=\"https:\/\/schema.org\/Organization\" itemscope=\"itemscope\" >\n\t\t\t\t\t\t<span itemprop='name'>cenex<\/span>\n\t\t\t\t\t\t<span itemprop='logo' itemscope itemtype='https:\/\/schema.org\/ImageObject'>\n\t\t\t\t\t\t\t<span itemprop='url'>http:\/\/www.odonto.ufmg.br\/cenex\/wp-content\/uploads\/sites\/2\/2025\/08\/logo-cenex.svg<\/span>\n\t\t\t\t\t\t<\/span>\n\t\t\t\t<\/span><span class='av-structured-data'  itemprop=\"author\" itemscope=\"itemscope\" itemtype=\"https:\/\/schema.org\/Person\" ><span itemprop='name'>cenex<\/span><\/span><span class='av-structured-data'  itemprop=\"datePublished\" datetime=\"2025-04-04T10:05:51-03:00\" >2025-08-18 12:41:01<\/span><span class='av-structured-data'  itemprop=\"dateModified\" itemtype=\"https:\/\/schema.org\/dateModified\" >2025-08-18 12:41:02<\/span><span class='av-structured-data'  itemprop=\"mainEntityOfPage\" itemtype=\"https:\/\/schema.org\/mainEntityOfPage\" ><span itemprop='name'>Resultado da sele\u00e7\u00e3o de volunt\u00e1rios para o Projeto de Extens\u00e3o &#8220;Atendimento de suporte odontol\u00f3gico ao paciente com c\u00e2ncer em regi\u00e3o de cabe\u00e7a e pesco\u00e7o&#8221;<\/span><\/span><\/span><\/article><article class='slide-entry flex_column  post-entry post-entry-17300 slide-entry-overview slide-loop-83 slide-parity-odd  av_one_fifth  real-thumbnail posttype-post post-format-standard'  itemscope=\"itemscope\" itemtype=\"https:\/\/schema.org\/CreativeWork\" ><a href='https:\/\/www.odonto.ufmg.br\/cenex\/resultados\/resultado-da-selecao-de-voluntarios-para-o-projeto-de-extensao-atendimento-ortodontico-para-individuos-com-fissuras-labiopalatinas\/' data-rel='slide-3' class='slide-image' title='Resultado da sele\u00e7\u00e3o de volunt\u00e1rios para o Projeto de Extens\u00e3o &#8220;Atendimento Ortod\u00f4ntico para individuos com fissuras labiopalatinas&#8221;'><img decoding=\"async\" fetchpriority=\"high\" width=\"260\" height=\"185\" src=\"https:\/\/www.odonto.ufmg.br\/cenex\/wp-content\/uploads\/sites\/2\/2023\/03\/Captura-de-Tela-2023-04-21-a\u0300s-12.22.55-260x185.png\" class=\"wp-image-15506 avia-img-lazy-loading-not-15506 attachment-portfolio_small size-portfolio_small wp-post-image\" alt=\"\" \/><\/a><div class=\"slide-content\"><header class=\"entry-content-header\" aria-label=\"Slide: Resultado da sele\u00e7\u00e3o de volunt\u00e1rios para o Projeto de Extens\u00e3o &quot;Atendimento Ortod\u00f4ntico para individuos com fissuras labiopalatinas&quot;\"><h3 class='slide-entry-title entry-title '  itemprop=\"headline\" ><a href='https:\/\/www.odonto.ufmg.br\/cenex\/resultados\/resultado-da-selecao-de-voluntarios-para-o-projeto-de-extensao-atendimento-ortodontico-para-individuos-com-fissuras-labiopalatinas\/' title='Resultado da sele\u00e7\u00e3o de volunt\u00e1rios para o Projeto de Extens\u00e3o &#8220;Atendimento Ortod\u00f4ntico para individuos com fissuras labiopalatinas&#8221;'>Resultado da sele\u00e7\u00e3o de volunt\u00e1rios para o Projeto de Extens\u00e3o &#8220;Atendimento Ortod\u00f4ntico para individuos com fissuras labiopalatinas&#8221;<\/a><\/h3><span class=\"av-vertical-delimiter\"><\/span><\/header><div class=\"slide-meta\"><time class='slide-meta-time updated'  itemprop=\"datePublished\" datetime=\"2025-08-18T12:39:02-03:00\" >18\/08\/2025<\/time><\/div><div class='slide-entry-excerpt entry-content'  itemprop=\"text\" >RESULTADOS\nResultado da\u00a0 sele\u00e7\u00e3o de volunt\u00e1rios para o projeto\u2026<\/div><\/div><footer class=\"entry-footer\"><\/footer><span class='hidden'>\n\t\t\t\t<span class='av-structured-data'  itemprop=\"image\" itemscope=\"itemscope\" itemtype=\"https:\/\/schema.org\/ImageObject\" >\n\t\t\t\t\t\t<span itemprop='url'>https:\/\/www.odonto.ufmg.br\/cenex\/wp-content\/uploads\/sites\/2\/2023\/03\/Captura-de-Tela-2023-04-21-a\u0300s-12.22.55.png<\/span>\n\t\t\t\t\t\t<span itemprop='height'>922<\/span>\n\t\t\t\t\t\t<span itemprop='width'>1866<\/span>\n\t\t\t\t<\/span>\n\t\t\t\t<span class='av-structured-data'  itemprop=\"publisher\" itemtype=\"https:\/\/schema.org\/Organization\" itemscope=\"itemscope\" >\n\t\t\t\t\t\t<span itemprop='name'>cenex<\/span>\n\t\t\t\t\t\t<span itemprop='logo' itemscope itemtype='https:\/\/schema.org\/ImageObject'>\n\t\t\t\t\t\t\t<span itemprop='url'>http:\/\/www.odonto.ufmg.br\/cenex\/wp-content\/uploads\/sites\/2\/2025\/08\/logo-cenex.svg<\/span>\n\t\t\t\t\t\t<\/span>\n\t\t\t\t<\/span><span class='av-structured-data'  itemprop=\"author\" itemscope=\"itemscope\" itemtype=\"https:\/\/schema.org\/Person\" ><span itemprop='name'>cenex<\/span><\/span><span class='av-structured-data'  itemprop=\"datePublished\" datetime=\"2025-04-04T10:05:51-03:00\" >2025-08-18 12:39:02<\/span><span class='av-structured-data'  itemprop=\"dateModified\" itemtype=\"https:\/\/schema.org\/dateModified\" >2025-08-18 12:39:03<\/span><span class='av-structured-data'  itemprop=\"mainEntityOfPage\" itemtype=\"https:\/\/schema.org\/mainEntityOfPage\" ><span itemprop='name'>Resultado da sele\u00e7\u00e3o de volunt\u00e1rios para o Projeto de Extens\u00e3o &#8220;Atendimento Ortod\u00f4ntico para individuos com fissuras labiopalatinas&#8221;<\/span><\/span><\/span><\/article><article class='slide-entry flex_column  post-entry post-entry-17279 slide-entry-overview slide-loop-84 slide-parity-even  av_one_fifth  real-thumbnail posttype-post post-format-standard'  itemscope=\"itemscope\" itemtype=\"https:\/\/schema.org\/CreativeWork\" ><a href='https:\/\/www.odonto.ufmg.br\/cenex\/resultados\/resultado-da-selecao-de-voluntarios-para-o-projeto-de-extensao-tratamento-ortodontico-do-paciente-respirador-bucal\/' data-rel='slide-3' class='slide-image' title='Resultado da sele\u00e7\u00e3o de volunt\u00e1rios para o Projeto de Extens\u00e3o &#8220;Tratamento ortod\u00f4ntico do paciente respirador bucal&#8221;'><img decoding=\"async\" fetchpriority=\"high\" width=\"260\" height=\"185\" src=\"https:\/\/www.odonto.ufmg.br\/cenex\/wp-content\/uploads\/sites\/2\/2023\/03\/Captura-de-Tela-2023-04-21-a\u0300s-12.22.55-260x185.png\" class=\"wp-image-15506 avia-img-lazy-loading-not-15506 attachment-portfolio_small size-portfolio_small wp-post-image\" alt=\"\" \/><\/a><div class=\"slide-content\"><header class=\"entry-content-header\" aria-label=\"Slide: Resultado da sele\u00e7\u00e3o de volunt\u00e1rios para o Projeto de Extens\u00e3o &quot;Tratamento ortod\u00f4ntico do paciente respirador bucal&quot;\"><h3 class='slide-entry-title entry-title '  itemprop=\"headline\" ><a href='https:\/\/www.odonto.ufmg.br\/cenex\/resultados\/resultado-da-selecao-de-voluntarios-para-o-projeto-de-extensao-tratamento-ortodontico-do-paciente-respirador-bucal\/' title='Resultado da sele\u00e7\u00e3o de volunt\u00e1rios para o Projeto de Extens\u00e3o &#8220;Tratamento ortod\u00f4ntico do paciente respirador bucal&#8221;'>Resultado da sele\u00e7\u00e3o de volunt\u00e1rios para o Projeto de Extens\u00e3o &#8220;Tratamento ortod\u00f4ntico do paciente respirador bucal&#8221;<\/a><\/h3><span class=\"av-vertical-delimiter\"><\/span><\/header><div class=\"slide-meta\"><time class='slide-meta-time updated'  itemprop=\"datePublished\" datetime=\"2025-08-12T11:23:49-03:00\" >12\/08\/2025<\/time><\/div><div class='slide-entry-excerpt entry-content'  itemprop=\"text\" >RESULTADOS\nResultado da\u00a0 sele\u00e7\u00e3o de volunt\u00e1rios para o projeto\u2026<\/div><\/div><footer class=\"entry-footer\"><\/footer><span class='hidden'>\n\t\t\t\t<span class='av-structured-data'  itemprop=\"image\" itemscope=\"itemscope\" itemtype=\"https:\/\/schema.org\/ImageObject\" >\n\t\t\t\t\t\t<span itemprop='url'>https:\/\/www.odonto.ufmg.br\/cenex\/wp-content\/uploads\/sites\/2\/2023\/03\/Captura-de-Tela-2023-04-21-a\u0300s-12.22.55.png<\/span>\n\t\t\t\t\t\t<span itemprop='height'>922<\/span>\n\t\t\t\t\t\t<span itemprop='width'>1866<\/span>\n\t\t\t\t<\/span>\n\t\t\t\t<span class='av-structured-data'  itemprop=\"publisher\" itemtype=\"https:\/\/schema.org\/Organization\" itemscope=\"itemscope\" >\n\t\t\t\t\t\t<span itemprop='name'>cenex<\/span>\n\t\t\t\t\t\t<span itemprop='logo' itemscope itemtype='https:\/\/schema.org\/ImageObject'>\n\t\t\t\t\t\t\t<span itemprop='url'>http:\/\/www.odonto.ufmg.br\/cenex\/wp-content\/uploads\/sites\/2\/2025\/08\/logo-cenex.svg<\/span>\n\t\t\t\t\t\t<\/span>\n\t\t\t\t<\/span><span class='av-structured-data'  itemprop=\"author\" itemscope=\"itemscope\" itemtype=\"https:\/\/schema.org\/Person\" ><span itemprop='name'>cenex<\/span><\/span><span class='av-structured-data'  itemprop=\"datePublished\" datetime=\"2025-04-04T10:05:51-03:00\" >2025-08-12 11:23:49<\/span><span class='av-structured-data'  itemprop=\"dateModified\" itemtype=\"https:\/\/schema.org\/dateModified\" >2025-08-12 11:23:50<\/span><span class='av-structured-data'  itemprop=\"mainEntityOfPage\" itemtype=\"https:\/\/schema.org\/mainEntityOfPage\" ><span itemprop='name'>Resultado da sele\u00e7\u00e3o de volunt\u00e1rios para o Projeto de Extens\u00e3o &#8220;Tratamento ortod\u00f4ntico do paciente respirador bucal&#8221;<\/span><\/span><\/span><\/article><article class='slide-entry flex_column  post-entry post-entry-17273 slide-entry-overview slide-loop-85 slide-parity-odd  av_one_fifth  real-thumbnail posttype-post post-format-standard'  itemscope=\"itemscope\" itemtype=\"https:\/\/schema.org\/CreativeWork\" ><a href='https:\/\/www.odonto.ufmg.br\/cenex\/resultados\/resultado-da-selecao-de-voluntarios-para-o-projeto-de-extensao-atendimento-ortodontico-a-pacientes-com-defeitos-da-odontogenese\/' data-rel='slide-3' class='slide-image' title='Resultado da sele\u00e7\u00e3o de volunt\u00e1rios para o Projeto de Extens\u00e3o &#8220;Atendimento ortod\u00f4ntico a pacientes com defeitos da odontog\u00eanese&#8221;'><img decoding=\"async\" fetchpriority=\"high\" width=\"260\" height=\"185\" src=\"https:\/\/www.odonto.ufmg.br\/cenex\/wp-content\/uploads\/sites\/2\/2023\/03\/Captura-de-Tela-2023-04-21-a\u0300s-12.22.55-260x185.png\" class=\"wp-image-15506 avia-img-lazy-loading-not-15506 attachment-portfolio_small size-portfolio_small wp-post-image\" alt=\"\" \/><\/a><div class=\"slide-content\"><header class=\"entry-content-header\" aria-label=\"Slide: Resultado da sele\u00e7\u00e3o de volunt\u00e1rios para o Projeto de Extens\u00e3o &quot;Atendimento ortod\u00f4ntico a pacientes com defeitos da odontog\u00eanese&quot;\"><h3 class='slide-entry-title entry-title '  itemprop=\"headline\" ><a href='https:\/\/www.odonto.ufmg.br\/cenex\/resultados\/resultado-da-selecao-de-voluntarios-para-o-projeto-de-extensao-atendimento-ortodontico-a-pacientes-com-defeitos-da-odontogenese\/' title='Resultado da sele\u00e7\u00e3o de volunt\u00e1rios para o Projeto de Extens\u00e3o &#8220;Atendimento ortod\u00f4ntico a pacientes com defeitos da odontog\u00eanese&#8221;'>Resultado da sele\u00e7\u00e3o de volunt\u00e1rios para o Projeto de Extens\u00e3o &#8220;Atendimento ortod\u00f4ntico a pacientes com defeitos da odontog\u00eanese&#8221;<\/a><\/h3><span class=\"av-vertical-delimiter\"><\/span><\/header><div class=\"slide-meta\"><time class='slide-meta-time updated'  itemprop=\"datePublished\" datetime=\"2025-08-12T11:07:23-03:00\" >12\/08\/2025<\/time><\/div><div class='slide-entry-excerpt entry-content'  itemprop=\"text\" >RESULTADOS\nResultado da\u00a0 sele\u00e7\u00e3o de volunt\u00e1rios para o projeto\u2026<\/div><\/div><footer class=\"entry-footer\"><\/footer><span class='hidden'>\n\t\t\t\t<span class='av-structured-data'  itemprop=\"image\" itemscope=\"itemscope\" itemtype=\"https:\/\/schema.org\/ImageObject\" >\n\t\t\t\t\t\t<span itemprop='url'>https:\/\/www.odonto.ufmg.br\/cenex\/wp-content\/uploads\/sites\/2\/2023\/03\/Captura-de-Tela-2023-04-21-a\u0300s-12.22.55.png<\/span>\n\t\t\t\t\t\t<span itemprop='height'>922<\/span>\n\t\t\t\t\t\t<span itemprop='width'>1866<\/span>\n\t\t\t\t<\/span>\n\t\t\t\t<span class='av-structured-data'  itemprop=\"publisher\" itemtype=\"https:\/\/schema.org\/Organization\" itemscope=\"itemscope\" >\n\t\t\t\t\t\t<span itemprop='name'>cenex<\/span>\n\t\t\t\t\t\t<span itemprop='logo' itemscope itemtype='https:\/\/schema.org\/ImageObject'>\n\t\t\t\t\t\t\t<span itemprop='url'>http:\/\/www.odonto.ufmg.br\/cenex\/wp-content\/uploads\/sites\/2\/2025\/08\/logo-cenex.svg<\/span>\n\t\t\t\t\t\t<\/span>\n\t\t\t\t<\/span><span class='av-structured-data'  itemprop=\"author\" itemscope=\"itemscope\" itemtype=\"https:\/\/schema.org\/Person\" ><span itemprop='name'>cenex<\/span><\/span><span class='av-structured-data'  itemprop=\"datePublished\" datetime=\"2025-04-04T10:05:51-03:00\" >2025-08-12 11:07:23<\/span><span class='av-structured-data'  itemprop=\"dateModified\" itemtype=\"https:\/\/schema.org\/dateModified\" >2025-08-12 11:07:24<\/span><span class='av-structured-data'  itemprop=\"mainEntityOfPage\" itemtype=\"https:\/\/schema.org\/mainEntityOfPage\" ><span itemprop='name'>Resultado da sele\u00e7\u00e3o de volunt\u00e1rios para o Projeto de Extens\u00e3o &#8220;Atendimento ortod\u00f4ntico a pacientes com defeitos da odontog\u00eanese&#8221;<\/span><\/span><\/span><\/article><\/div><div class=\"slide-entry-wrap\"><article class='slide-entry flex_column  post-entry post-entry-17248 slide-entry-overview slide-loop-86 slide-parity-odd  av_one_fifth first real-thumbnail posttype-post post-format-standard'  itemscope=\"itemscope\" itemtype=\"https:\/\/schema.org\/CreativeWork\" ><a href='https:\/\/www.odonto.ufmg.br\/cenex\/resultados\/resultado-da-selecao-de-voluntarios-para-o-projeto-de-extensao-abordagem-multidisciplinar-em-individuos-com-transtorno-do-espectro-autista-tea\/' data-rel='slide-3' class='slide-image' title='Resultado da sele\u00e7\u00e3o de volunt\u00e1rios para o Projeto de Extens\u00e3o &#8220;Abordagem Multidisciplinar em Indiv\u00edduos com Transtorno do Espectro Autista (TEA) &#8220;'><img decoding=\"async\" fetchpriority=\"high\" width=\"260\" height=\"185\" src=\"https:\/\/www.odonto.ufmg.br\/cenex\/wp-content\/uploads\/sites\/2\/2023\/03\/Captura-de-Tela-2023-04-21-a\u0300s-12.22.55-260x185.png\" class=\"wp-image-15506 avia-img-lazy-loading-not-15506 attachment-portfolio_small size-portfolio_small wp-post-image\" alt=\"\" \/><\/a><div class=\"slide-content\"><header class=\"entry-content-header\" aria-label=\"Slide: Resultado da sele\u00e7\u00e3o de volunt\u00e1rios para o Projeto de Extens\u00e3o &quot;Abordagem Multidisciplinar em Indiv\u00edduos com Transtorno do Espectro Autista (TEA) &quot;\"><h3 class='slide-entry-title entry-title '  itemprop=\"headline\" ><a href='https:\/\/www.odonto.ufmg.br\/cenex\/resultados\/resultado-da-selecao-de-voluntarios-para-o-projeto-de-extensao-abordagem-multidisciplinar-em-individuos-com-transtorno-do-espectro-autista-tea\/' title='Resultado da sele\u00e7\u00e3o de volunt\u00e1rios para o Projeto de Extens\u00e3o &#8220;Abordagem Multidisciplinar em Indiv\u00edduos com Transtorno do Espectro Autista (TEA) &#8220;'>Resultado da sele\u00e7\u00e3o de volunt\u00e1rios para o Projeto de Extens\u00e3o &#8220;Abordagem Multidisciplinar em Indiv\u00edduos com Transtorno do Espectro Autista (TEA) &#8220;<\/a><\/h3><span class=\"av-vertical-delimiter\"><\/span><\/header><div class=\"slide-meta\"><time class='slide-meta-time updated'  itemprop=\"datePublished\" datetime=\"2025-08-07T10:52:58-03:00\" >07\/08\/2025<\/time><\/div><div class='slide-entry-excerpt entry-content'  itemprop=\"text\" >RESULTADOS\nResultado da\u00a0 sele\u00e7\u00e3o de volunt\u00e1rios para o projeto\u2026<\/div><\/div><footer class=\"entry-footer\"><\/footer><span class='hidden'>\n\t\t\t\t<span class='av-structured-data'  itemprop=\"image\" itemscope=\"itemscope\" itemtype=\"https:\/\/schema.org\/ImageObject\" >\n\t\t\t\t\t\t<span itemprop='url'>https:\/\/www.odonto.ufmg.br\/cenex\/wp-content\/uploads\/sites\/2\/2023\/03\/Captura-de-Tela-2023-04-21-a\u0300s-12.22.55.png<\/span>\n\t\t\t\t\t\t<span itemprop='height'>922<\/span>\n\t\t\t\t\t\t<span itemprop='width'>1866<\/span>\n\t\t\t\t<\/span>\n\t\t\t\t<span class='av-structured-data'  itemprop=\"publisher\" itemtype=\"https:\/\/schema.org\/Organization\" itemscope=\"itemscope\" >\n\t\t\t\t\t\t<span itemprop='name'>cenex<\/span>\n\t\t\t\t\t\t<span itemprop='logo' itemscope itemtype='https:\/\/schema.org\/ImageObject'>\n\t\t\t\t\t\t\t<span itemprop='url'>http:\/\/www.odonto.ufmg.br\/cenex\/wp-content\/uploads\/sites\/2\/2025\/08\/logo-cenex.svg<\/span>\n\t\t\t\t\t\t<\/span>\n\t\t\t\t<\/span><span class='av-structured-data'  itemprop=\"author\" itemscope=\"itemscope\" itemtype=\"https:\/\/schema.org\/Person\" ><span itemprop='name'>cenex<\/span><\/span><span class='av-structured-data'  itemprop=\"datePublished\" datetime=\"2025-04-04T10:05:51-03:00\" >2025-08-07 10:52:58<\/span><span class='av-structured-data'  itemprop=\"dateModified\" itemtype=\"https:\/\/schema.org\/dateModified\" >2025-08-07 10:52:58<\/span><span class='av-structured-data'  itemprop=\"mainEntityOfPage\" itemtype=\"https:\/\/schema.org\/mainEntityOfPage\" ><span itemprop='name'>Resultado da sele\u00e7\u00e3o de volunt\u00e1rios para o Projeto de Extens\u00e3o &#8220;Abordagem Multidisciplinar em Indiv\u00edduos com Transtorno do Espectro Autista (TEA) &#8220;<\/span><\/span><\/span><\/article><article class='slide-entry flex_column  post-entry post-entry-17244 slide-entry-overview slide-loop-87 slide-parity-even  av_one_fifth  real-thumbnail posttype-post post-format-standard'  itemscope=\"itemscope\" itemtype=\"https:\/\/schema.org\/CreativeWork\" ><a href='https:\/\/www.odonto.ufmg.br\/cenex\/resultados\/resultado-da-selecao-de-voluntarios-para-o-projeto-de-extensao-inclusao-promocao-de-saude-bucal-da-populacao-em-situacao-de-rua-psp-2\/' data-rel='slide-3' class='slide-image' title='Resultado da sele\u00e7\u00e3o de volunt\u00e1rios para o Projeto de Extens\u00e3o &#8220;Inclus\u00e3o: Promo\u00e7\u00e3o de Sa\u00fade Bucal da Popula\u00e7\u00e3o em Situa\u00e7\u00e3o de Rua (PSP)&#8221;'><img decoding=\"async\" fetchpriority=\"high\" width=\"260\" height=\"185\" src=\"https:\/\/www.odonto.ufmg.br\/cenex\/wp-content\/uploads\/sites\/2\/2023\/03\/Captura-de-Tela-2023-04-21-a\u0300s-12.22.55-260x185.png\" class=\"wp-image-15506 avia-img-lazy-loading-not-15506 attachment-portfolio_small size-portfolio_small wp-post-image\" alt=\"\" \/><\/a><div class=\"slide-content\"><header class=\"entry-content-header\" aria-label=\"Slide: Resultado da sele\u00e7\u00e3o de volunt\u00e1rios para o Projeto de Extens\u00e3o &quot;Inclus\u00e3o: Promo\u00e7\u00e3o de Sa\u00fade Bucal da Popula\u00e7\u00e3o em Situa\u00e7\u00e3o de Rua (PSP)&quot;\"><h3 class='slide-entry-title entry-title '  itemprop=\"headline\" ><a href='https:\/\/www.odonto.ufmg.br\/cenex\/resultados\/resultado-da-selecao-de-voluntarios-para-o-projeto-de-extensao-inclusao-promocao-de-saude-bucal-da-populacao-em-situacao-de-rua-psp-2\/' title='Resultado da sele\u00e7\u00e3o de volunt\u00e1rios para o Projeto de Extens\u00e3o &#8220;Inclus\u00e3o: Promo\u00e7\u00e3o de Sa\u00fade Bucal da Popula\u00e7\u00e3o em Situa\u00e7\u00e3o de Rua (PSP)&#8221;'>Resultado da sele\u00e7\u00e3o de volunt\u00e1rios para o Projeto de Extens\u00e3o &#8220;Inclus\u00e3o: Promo\u00e7\u00e3o de Sa\u00fade Bucal da Popula\u00e7\u00e3o em Situa\u00e7\u00e3o de Rua (PSP)&#8221;<\/a><\/h3><span class=\"av-vertical-delimiter\"><\/span><\/header><div class=\"slide-meta\"><time class='slide-meta-time updated'  itemprop=\"datePublished\" datetime=\"2025-08-07T10:50:42-03:00\" >07\/08\/2025<\/time><\/div><div class='slide-entry-excerpt entry-content'  itemprop=\"text\" >RESULTADOS\nResultado da\u00a0 sele\u00e7\u00e3o de volunt\u00e1rios para o projeto\u2026<\/div><\/div><footer class=\"entry-footer\"><\/footer><span class='hidden'>\n\t\t\t\t<span class='av-structured-data'  itemprop=\"image\" itemscope=\"itemscope\" itemtype=\"https:\/\/schema.org\/ImageObject\" >\n\t\t\t\t\t\t<span itemprop='url'>https:\/\/www.odonto.ufmg.br\/cenex\/wp-content\/uploads\/sites\/2\/2023\/03\/Captura-de-Tela-2023-04-21-a\u0300s-12.22.55.png<\/span>\n\t\t\t\t\t\t<span itemprop='height'>922<\/span>\n\t\t\t\t\t\t<span itemprop='width'>1866<\/span>\n\t\t\t\t<\/span>\n\t\t\t\t<span class='av-structured-data'  itemprop=\"publisher\" itemtype=\"https:\/\/schema.org\/Organization\" itemscope=\"itemscope\" >\n\t\t\t\t\t\t<span itemprop='name'>cenex<\/span>\n\t\t\t\t\t\t<span itemprop='logo' itemscope itemtype='https:\/\/schema.org\/ImageObject'>\n\t\t\t\t\t\t\t<span itemprop='url'>http:\/\/www.odonto.ufmg.br\/cenex\/wp-content\/uploads\/sites\/2\/2025\/08\/logo-cenex.svg<\/span>\n\t\t\t\t\t\t<\/span>\n\t\t\t\t<\/span><span class='av-structured-data'  itemprop=\"author\" itemscope=\"itemscope\" itemtype=\"https:\/\/schema.org\/Person\" ><span itemprop='name'>cenex<\/span><\/span><span class='av-structured-data'  itemprop=\"datePublished\" datetime=\"2025-04-04T10:05:51-03:00\" >2025-08-07 10:50:42<\/span><span class='av-structured-data'  itemprop=\"dateModified\" itemtype=\"https:\/\/schema.org\/dateModified\" >2025-08-07 10:50:42<\/span><span class='av-structured-data'  itemprop=\"mainEntityOfPage\" itemtype=\"https:\/\/schema.org\/mainEntityOfPage\" ><span itemprop='name'>Resultado da sele\u00e7\u00e3o de volunt\u00e1rios para o Projeto de Extens\u00e3o &#8220;Inclus\u00e3o: Promo\u00e7\u00e3o de Sa\u00fade Bucal da Popula\u00e7\u00e3o em Situa\u00e7\u00e3o de Rua (PSP)&#8221;<\/span><\/span><\/span><\/article><article class='slide-entry flex_column  post-entry post-entry-16904 slide-entry-overview slide-loop-88 slide-parity-odd  av_one_fifth  real-thumbnail posttype-post post-format-standard'  itemscope=\"itemscope\" itemtype=\"https:\/\/schema.org\/CreativeWork\" ><a href='https:\/\/www.odonto.ufmg.br\/cenex\/resultados\/resultado-da-selecao-de-voluntarios-para-o-projeto-de-extensao-inclusao-promocao-de-saude-bucal-da-populacao-em-situacao-de-rua-psp\/' data-rel='slide-3' class='slide-image' title='Resultado da sele\u00e7\u00e3o de volunt\u00e1rios para o Projeto de Extens\u00e3o &#8220;Inclus\u00e3o: Promo\u00e7\u00e3o de Sa\u00fade Bucal da Popula\u00e7\u00e3o em Situa\u00e7\u00e3o de Rua (PSP)&#8221;'><img decoding=\"async\" fetchpriority=\"high\" width=\"260\" height=\"185\" src=\"https:\/\/www.odonto.ufmg.br\/cenex\/wp-content\/uploads\/sites\/2\/2023\/03\/Captura-de-Tela-2023-04-21-a\u0300s-12.22.55-260x185.png\" class=\"wp-image-15506 avia-img-lazy-loading-not-15506 attachment-portfolio_small size-portfolio_small wp-post-image\" alt=\"\" \/><\/a><div class=\"slide-content\"><header class=\"entry-content-header\" aria-label=\"Slide: Resultado da sele\u00e7\u00e3o de volunt\u00e1rios para o Projeto de Extens\u00e3o &quot;Inclus\u00e3o: Promo\u00e7\u00e3o de Sa\u00fade Bucal da Popula\u00e7\u00e3o em Situa\u00e7\u00e3o de Rua (PSP)&quot;\"><h3 class='slide-entry-title entry-title '  itemprop=\"headline\" ><a href='https:\/\/www.odonto.ufmg.br\/cenex\/resultados\/resultado-da-selecao-de-voluntarios-para-o-projeto-de-extensao-inclusao-promocao-de-saude-bucal-da-populacao-em-situacao-de-rua-psp\/' title='Resultado da sele\u00e7\u00e3o de volunt\u00e1rios para o Projeto de Extens\u00e3o &#8220;Inclus\u00e3o: Promo\u00e7\u00e3o de Sa\u00fade Bucal da Popula\u00e7\u00e3o em Situa\u00e7\u00e3o de Rua (PSP)&#8221;'>Resultado da sele\u00e7\u00e3o de volunt\u00e1rios para o Projeto de Extens\u00e3o &#8220;Inclus\u00e3o: Promo\u00e7\u00e3o de Sa\u00fade Bucal da Popula\u00e7\u00e3o em Situa\u00e7\u00e3o de Rua (PSP)&#8221;<\/a><\/h3><span class=\"av-vertical-delimiter\"><\/span><\/header><div class=\"slide-meta\"><time class='slide-meta-time updated'  itemprop=\"datePublished\" datetime=\"2025-05-05T12:09:45-03:00\" >05\/05\/2025<\/time><\/div><div class='slide-entry-excerpt entry-content'  itemprop=\"text\" >RESULTADOS\nResultado da\u00a0 sele\u00e7\u00e3o de volunt\u00e1rios para o projeto\u2026<\/div><\/div><footer class=\"entry-footer\"><\/footer><span class='hidden'>\n\t\t\t\t<span class='av-structured-data'  itemprop=\"image\" itemscope=\"itemscope\" itemtype=\"https:\/\/schema.org\/ImageObject\" >\n\t\t\t\t\t\t<span itemprop='url'>https:\/\/www.odonto.ufmg.br\/cenex\/wp-content\/uploads\/sites\/2\/2023\/03\/Captura-de-Tela-2023-04-21-a\u0300s-12.22.55.png<\/span>\n\t\t\t\t\t\t<span itemprop='height'>922<\/span>\n\t\t\t\t\t\t<span itemprop='width'>1866<\/span>\n\t\t\t\t<\/span>\n\t\t\t\t<span class='av-structured-data'  itemprop=\"publisher\" itemtype=\"https:\/\/schema.org\/Organization\" itemscope=\"itemscope\" >\n\t\t\t\t\t\t<span itemprop='name'>cenex<\/span>\n\t\t\t\t\t\t<span itemprop='logo' itemscope itemtype='https:\/\/schema.org\/ImageObject'>\n\t\t\t\t\t\t\t<span itemprop='url'>http:\/\/www.odonto.ufmg.br\/cenex\/wp-content\/uploads\/sites\/2\/2025\/08\/logo-cenex.svg<\/span>\n\t\t\t\t\t\t<\/span>\n\t\t\t\t<\/span><span class='av-structured-data'  itemprop=\"author\" itemscope=\"itemscope\" itemtype=\"https:\/\/schema.org\/Person\" ><span itemprop='name'>cenex<\/span><\/span><span class='av-structured-data'  itemprop=\"datePublished\" datetime=\"2025-04-04T10:05:51-03:00\" >2025-05-05 12:09:45<\/span><span class='av-structured-data'  itemprop=\"dateModified\" itemtype=\"https:\/\/schema.org\/dateModified\" >2025-05-05 12:10:06<\/span><span class='av-structured-data'  itemprop=\"mainEntityOfPage\" itemtype=\"https:\/\/schema.org\/mainEntityOfPage\" ><span itemprop='name'>Resultado da sele\u00e7\u00e3o de volunt\u00e1rios para o Projeto de Extens\u00e3o &#8220;Inclus\u00e3o: Promo\u00e7\u00e3o de Sa\u00fade Bucal da Popula\u00e7\u00e3o em Situa\u00e7\u00e3o de Rua (PSP)&#8221;<\/span><\/span><\/span><\/article><article class='slide-entry flex_column  post-entry post-entry-16885 slide-entry-overview slide-loop-89 slide-parity-even  av_one_fifth  real-thumbnail posttype-post post-format-standard'  itemscope=\"itemscope\" itemtype=\"https:\/\/schema.org\/CreativeWork\" ><a href='https:\/\/www.odonto.ufmg.br\/cenex\/resultados\/resultado-da-selecao-de-voluntarios-para-o-projeto-de-extensao-odontologia-hospitalar-no-hospital-risoleta-tolentino-neves\/' data-rel='slide-3' class='slide-image' title='Resultado da sele\u00e7\u00e3o de volunt\u00e1rios para o Projeto de Extens\u00e3o &#8220;Odontologia Hospitalar no Hospital Risoleta Tolentino Neves&#8221;'><img decoding=\"async\" fetchpriority=\"high\" width=\"260\" height=\"185\" src=\"https:\/\/www.odonto.ufmg.br\/cenex\/wp-content\/uploads\/sites\/2\/2023\/03\/Captura-de-Tela-2023-04-21-a\u0300s-12.22.55-260x185.png\" class=\"wp-image-15506 avia-img-lazy-loading-not-15506 attachment-portfolio_small size-portfolio_small wp-post-image\" alt=\"\" \/><\/a><div class=\"slide-content\"><header class=\"entry-content-header\" aria-label=\"Slide: Resultado da sele\u00e7\u00e3o de volunt\u00e1rios para o Projeto de Extens\u00e3o &quot;Odontologia Hospitalar no Hospital Risoleta Tolentino Neves&quot;\"><h3 class='slide-entry-title entry-title '  itemprop=\"headline\" ><a href='https:\/\/www.odonto.ufmg.br\/cenex\/resultados\/resultado-da-selecao-de-voluntarios-para-o-projeto-de-extensao-odontologia-hospitalar-no-hospital-risoleta-tolentino-neves\/' title='Resultado da sele\u00e7\u00e3o de volunt\u00e1rios para o Projeto de Extens\u00e3o &#8220;Odontologia Hospitalar no Hospital Risoleta Tolentino Neves&#8221;'>Resultado da sele\u00e7\u00e3o de volunt\u00e1rios para o Projeto de Extens\u00e3o &#8220;Odontologia Hospitalar no Hospital Risoleta Tolentino Neves&#8221;<\/a><\/h3><span class=\"av-vertical-delimiter\"><\/span><\/header><div class=\"slide-meta\"><time class='slide-meta-time updated'  itemprop=\"datePublished\" datetime=\"2025-04-28T15:45:02-03:00\" >28\/04\/2025<\/time><\/div><div class='slide-entry-excerpt entry-content'  itemprop=\"text\" >RESULTADOS\nResultado da\u00a0 sele\u00e7\u00e3o de volunt\u00e1rios para o projeto\u2026<\/div><\/div><footer class=\"entry-footer\"><\/footer><span class='hidden'>\n\t\t\t\t<span class='av-structured-data'  itemprop=\"image\" itemscope=\"itemscope\" itemtype=\"https:\/\/schema.org\/ImageObject\" >\n\t\t\t\t\t\t<span itemprop='url'>https:\/\/www.odonto.ufmg.br\/cenex\/wp-content\/uploads\/sites\/2\/2023\/03\/Captura-de-Tela-2023-04-21-a\u0300s-12.22.55.png<\/span>\n\t\t\t\t\t\t<span itemprop='height'>922<\/span>\n\t\t\t\t\t\t<span itemprop='width'>1866<\/span>\n\t\t\t\t<\/span>\n\t\t\t\t<span class='av-structured-data'  itemprop=\"publisher\" itemtype=\"https:\/\/schema.org\/Organization\" itemscope=\"itemscope\" >\n\t\t\t\t\t\t<span itemprop='name'>cenex<\/span>\n\t\t\t\t\t\t<span itemprop='logo' itemscope itemtype='https:\/\/schema.org\/ImageObject'>\n\t\t\t\t\t\t\t<span itemprop='url'>http:\/\/www.odonto.ufmg.br\/cenex\/wp-content\/uploads\/sites\/2\/2025\/08\/logo-cenex.svg<\/span>\n\t\t\t\t\t\t<\/span>\n\t\t\t\t<\/span><span class='av-structured-data'  itemprop=\"author\" itemscope=\"itemscope\" itemtype=\"https:\/\/schema.org\/Person\" ><span itemprop='name'>cenex<\/span><\/span><span class='av-structured-data'  itemprop=\"datePublished\" datetime=\"2025-04-04T10:05:51-03:00\" >2025-04-28 15:45:02<\/span><span class='av-structured-data'  itemprop=\"dateModified\" itemtype=\"https:\/\/schema.org\/dateModified\" >2025-05-05 12:04:03<\/span><span class='av-structured-data'  itemprop=\"mainEntityOfPage\" itemtype=\"https:\/\/schema.org\/mainEntityOfPage\" ><span itemprop='name'>Resultado da sele\u00e7\u00e3o de volunt\u00e1rios para o Projeto de Extens\u00e3o &#8220;Odontologia Hospitalar no Hospital Risoleta Tolentino Neves&#8221;<\/span><\/span><\/span><\/article><article class='slide-entry flex_column  post-entry post-entry-16769 slide-entry-overview slide-loop-90 slide-parity-odd  av_one_fifth  real-thumbnail posttype-post post-format-standard'  itemscope=\"itemscope\" itemtype=\"https:\/\/schema.org\/CreativeWork\" ><a href='https:\/\/www.odonto.ufmg.br\/cenex\/resultados\/selecao-de-voluntarios-para-o-projeto-de-extensao-projeto-promocao-de-saude-bucal-para-adolescentes-2\/' data-rel='slide-3' class='slide-image' title='Resultado da sele\u00e7\u00e3o de volunt\u00e1rios para o Projeto de Extens\u00e3o &#8220;Promo\u00e7\u00e3o de Sa\u00fade Bucal para Adolescentes&#8221;'><img decoding=\"async\" fetchpriority=\"high\" width=\"260\" height=\"185\" src=\"https:\/\/www.odonto.ufmg.br\/cenex\/wp-content\/uploads\/sites\/2\/2023\/03\/Captura-de-Tela-2023-04-21-a\u0300s-12.22.55-260x185.png\" class=\"wp-image-15506 avia-img-lazy-loading-not-15506 attachment-portfolio_small size-portfolio_small wp-post-image\" alt=\"\" \/><\/a><div class=\"slide-content\"><header class=\"entry-content-header\" aria-label=\"Slide: Resultado da sele\u00e7\u00e3o de volunt\u00e1rios para o Projeto de Extens\u00e3o &quot;Promo\u00e7\u00e3o de Sa\u00fade Bucal para Adolescentes&quot;\"><h3 class='slide-entry-title entry-title '  itemprop=\"headline\" ><a href='https:\/\/www.odonto.ufmg.br\/cenex\/resultados\/selecao-de-voluntarios-para-o-projeto-de-extensao-projeto-promocao-de-saude-bucal-para-adolescentes-2\/' title='Resultado da sele\u00e7\u00e3o de volunt\u00e1rios para o Projeto de Extens\u00e3o &#8220;Promo\u00e7\u00e3o de Sa\u00fade Bucal para Adolescentes&#8221;'>Resultado da sele\u00e7\u00e3o de volunt\u00e1rios para o Projeto de Extens\u00e3o &#8220;Promo\u00e7\u00e3o de Sa\u00fade Bucal para Adolescentes&#8221;<\/a><\/h3><span class=\"av-vertical-delimiter\"><\/span><\/header><div class=\"slide-meta\"><time class='slide-meta-time updated'  itemprop=\"datePublished\" datetime=\"2025-04-17T14:36:02-03:00\" >17\/04\/2025<\/time><\/div><div class='slide-entry-excerpt entry-content'  itemprop=\"text\" >RESULTADOS\nResultado da\u00a0 sele\u00e7\u00e3o de volunt\u00e1rios para o projeto\u2026<\/div><\/div><footer class=\"entry-footer\"><\/footer><span class='hidden'>\n\t\t\t\t<span class='av-structured-data'  itemprop=\"image\" itemscope=\"itemscope\" itemtype=\"https:\/\/schema.org\/ImageObject\" >\n\t\t\t\t\t\t<span itemprop='url'>https:\/\/www.odonto.ufmg.br\/cenex\/wp-content\/uploads\/sites\/2\/2023\/03\/Captura-de-Tela-2023-04-21-a\u0300s-12.22.55.png<\/span>\n\t\t\t\t\t\t<span itemprop='height'>922<\/span>\n\t\t\t\t\t\t<span itemprop='width'>1866<\/span>\n\t\t\t\t<\/span>\n\t\t\t\t<span class='av-structured-data'  itemprop=\"publisher\" itemtype=\"https:\/\/schema.org\/Organization\" itemscope=\"itemscope\" >\n\t\t\t\t\t\t<span itemprop='name'>cenex<\/span>\n\t\t\t\t\t\t<span itemprop='logo' itemscope itemtype='https:\/\/schema.org\/ImageObject'>\n\t\t\t\t\t\t\t<span itemprop='url'>http:\/\/www.odonto.ufmg.br\/cenex\/wp-content\/uploads\/sites\/2\/2025\/08\/logo-cenex.svg<\/span>\n\t\t\t\t\t\t<\/span>\n\t\t\t\t<\/span><span class='av-structured-data'  itemprop=\"author\" itemscope=\"itemscope\" itemtype=\"https:\/\/schema.org\/Person\" ><span itemprop='name'>cenex<\/span><\/span><span class='av-structured-data'  itemprop=\"datePublished\" datetime=\"2025-04-04T10:05:51-03:00\" >2025-04-17 14:36:02<\/span><span class='av-structured-data'  itemprop=\"dateModified\" itemtype=\"https:\/\/schema.org\/dateModified\" >2025-04-17 15:44:06<\/span><span class='av-structured-data'  itemprop=\"mainEntityOfPage\" itemtype=\"https:\/\/schema.org\/mainEntityOfPage\" ><span itemprop='name'>Resultado da sele\u00e7\u00e3o de volunt\u00e1rios para o Projeto de Extens\u00e3o &#8220;Promo\u00e7\u00e3o de Sa\u00fade Bucal para Adolescentes&#8221;<\/span><\/span><\/span><\/article><\/div><div class=\"slide-entry-wrap\"><article class='slide-entry flex_column  post-entry post-entry-15483 slide-entry-overview slide-loop-91 slide-parity-odd  post-entry-last  av_one_fifth first real-thumbnail posttype-post post-format-standard'  itemscope=\"itemscope\" itemtype=\"https:\/\/schema.org\/CreativeWork\" ><a href='https:\/\/www.odonto.ufmg.br\/cenex\/ata\/eleicao-para-coordenacao-do-centro-de-extensao-da-faculdade-de-odontologia-da-ufmg-edital-007-2023-diretoria\/' data-rel='slide-3' class='slide-image' title='Elei\u00e7\u00e3o para Coordena\u00e7\u00e3o do Centro de Extens\u00e3o da Faculdade de Odontologia da UFMG &#8211; EDITAL 007\/2023 DIRETORIA'><img decoding=\"async\" fetchpriority=\"high\" width=\"260\" height=\"185\" src=\"https:\/\/www.odonto.ufmg.br\/cenex\/wp-content\/uploads\/sites\/2\/2019\/11\/cenex_aviso_site-260x185.jpg\" class=\"wp-image-10336 avia-img-lazy-loading-not-10336 attachment-portfolio_small size-portfolio_small wp-post-image\" alt=\"\" \/><\/a><div class=\"slide-content\"><header class=\"entry-content-header\" aria-label=\"Slide: Elei\u00e7\u00e3o para Coordena\u00e7\u00e3o do Centro de Extens\u00e3o da Faculdade de Odontologia da UFMG - EDITAL 007\/2023 DIRETORIA\"><h3 class='slide-entry-title entry-title '  itemprop=\"headline\" ><a href='https:\/\/www.odonto.ufmg.br\/cenex\/ata\/eleicao-para-coordenacao-do-centro-de-extensao-da-faculdade-de-odontologia-da-ufmg-edital-007-2023-diretoria\/' title='Elei\u00e7\u00e3o para Coordena\u00e7\u00e3o do Centro de Extens\u00e3o da Faculdade de Odontologia da UFMG &#8211; EDITAL 007\/2023 DIRETORIA'>Elei\u00e7\u00e3o para Coordena\u00e7\u00e3o do Centro de Extens\u00e3o da Faculdade de Odontologia da UFMG &#8211; EDITAL 007\/2023 DIRETORIA<\/a><\/h3><span class=\"av-vertical-delimiter\"><\/span><\/header><div class=\"slide-meta\"><time class='slide-meta-time updated'  itemprop=\"datePublished\" datetime=\"2023-03-28T09:03:45-03:00\" >28\/03\/2023<\/time><\/div><div class='slide-entry-excerpt entry-content'  itemprop=\"text\" >De acordo com o Art. 26 do Regimento Geral da UFMG, a Diretora\u2026<\/div><\/div><footer class=\"entry-footer\"><\/footer><span class='hidden'>\n\t\t\t\t<span class='av-structured-data'  itemprop=\"image\" itemscope=\"itemscope\" itemtype=\"https:\/\/schema.org\/ImageObject\" >\n\t\t\t\t\t\t<span itemprop='url'>https:\/\/www.odonto.ufmg.br\/cenex\/wp-content\/uploads\/sites\/2\/2019\/11\/cenex_aviso_site.jpg<\/span>\n\t\t\t\t\t\t<span itemprop='height'>469<\/span>\n\t\t\t\t\t\t<span itemprop='width'>937<\/span>\n\t\t\t\t<\/span>\n\t\t\t\t<span class='av-structured-data'  itemprop=\"publisher\" itemtype=\"https:\/\/schema.org\/Organization\" itemscope=\"itemscope\" >\n\t\t\t\t\t\t<span itemprop='name'><\/span>\n\t\t\t\t\t\t<span itemprop='logo' itemscope itemtype='https:\/\/schema.org\/ImageObject'>\n\t\t\t\t\t\t\t<span itemprop='url'>http:\/\/www.odonto.ufmg.br\/cenex\/wp-content\/uploads\/sites\/2\/2025\/08\/logo-cenex.svg<\/span>\n\t\t\t\t\t\t<\/span>\n\t\t\t\t<\/span><span class='av-structured-data'  itemprop=\"author\" itemscope=\"itemscope\" itemtype=\"https:\/\/schema.org\/Person\" ><span itemprop='name'><\/span><\/span><span class='av-structured-data'  itemprop=\"datePublished\" datetime=\"2025-04-04T10:05:51-03:00\" >2023-03-28 09:03:45<\/span><span class='av-structured-data'  itemprop=\"dateModified\" itemtype=\"https:\/\/schema.org\/dateModified\" >2025-07-09 15:35:18<\/span><span class='av-structured-data'  itemprop=\"mainEntityOfPage\" itemtype=\"https:\/\/schema.org\/mainEntityOfPage\" ><span itemprop='name'>Elei\u00e7\u00e3o para Coordena\u00e7\u00e3o do Centro de Extens\u00e3o da Faculdade de Odontologia da UFMG &#8211; EDITAL 007\/2023 DIRETORIA<\/span><\/span><\/span><\/article><\/div><\/div><div class='avia-slideshow-arrows avia-slideshow-controls' ><a href='#prev' class='prev-slide  avia-svg-icon avia-font-svg_entypo-fontello' data-av_svg_icon='left-open-big' data-av_iconset='svg_entypo-fontello' tabindex='-1' title=\"Anterior\"><svg version=\"1.1\" xmlns=\"http:\/\/www.w3.org\/2000\/svg\" width=\"15\" height=\"32\" viewBox=\"0 0 15 32\" preserveAspectRatio=\"xMidYMid meet\" aria-labelledby='av-svg-title-210' aria-describedby='av-svg-desc-210' role=\"graphics-symbol\" aria-hidden=\"true\">\n<title id='av-svg-title-210'>Anterior<\/title>\n<desc id='av-svg-desc-210'>Anterior<\/desc>\n<path d=\"M14.464 27.84q0.832 0.832 0 1.536-0.832 0.832-1.536 0l-12.544-12.608q-0.768-0.768 0-1.6l12.544-12.608q0.704-0.832 1.536 0 0.832 0.704 0 1.536l-11.456 11.904z\"><\/path>\n<\/svg><span class='avia_hidden_link_text'>Anterior<\/span><\/a><a href='#next' class='next-slide  avia-svg-icon avia-font-svg_entypo-fontello' data-av_svg_icon='right-open-big' data-av_iconset='svg_entypo-fontello' tabindex='-1' title=\"Pr\u00f3ximo\"><svg version=\"1.1\" xmlns=\"http:\/\/www.w3.org\/2000\/svg\" width=\"15\" height=\"32\" viewBox=\"0 0 15 32\" preserveAspectRatio=\"xMidYMid meet\" aria-labelledby='av-svg-title-211' aria-describedby='av-svg-desc-211' role=\"graphics-symbol\" aria-hidden=\"true\">\n<title id='av-svg-title-211'>Pr\u00f3ximo<\/title>\n<desc id='av-svg-desc-211'>Pr\u00f3ximo<\/desc>\n<path d=\"M0.416 27.84l11.456-11.84-11.456-11.904q-0.832-0.832 0-1.536 0.832-0.832 1.536 0l12.544 12.608q0.768 0.832 0 1.6l-12.544 12.608q-0.704 0.832-1.536 0-0.832-0.704 0-1.536z\"><\/path>\n<\/svg><span class='avia_hidden_link_text'>Pr\u00f3ximo<\/span><\/a><\/div><\/div><\/p><\/div><div  class='av_promobox av-mmcd9igu-b33252e596ef1a24956471b4942d7075 avia-button-yes  avia-builder-el-7  el_after_av_one_full  avia-builder-el-last '><div class='avia-promocontent'><\/p>\n<h2 style=\"text-align: left\">CERTIFICADOS<\/h2>\n<p>Para acessar o seu <strong>Certificado de Extens\u00e3o<\/strong> <strong data-start=\"43\" data-end=\"58\">Volunt\u00e1rio<\/strong>, clique no bot\u00e3o ao lado e fa\u00e7a o download do documento.<\/p>\n<\/div><div  class='avia-button-wrap av-mmcd9igu-9f6e2dfc0f4af53203c7ecd322c1e48a-wrap avia-button-right '><a href='https:\/\/drive.google.com\/drive\/folders\/1R92WryvpX9IK2asOaS4p5wI0ahIEhxkm?hl=pt-br'  class='avia-button av-mmcd9igu-9f6e2dfc0f4af53203c7ecd322c1e48a av-link-btn avia-icon_select-no avia-size-large avia-position-right avia-color-theme-color'   aria-label=\"Clique aqui\"><span class='avia_iconbox_title' >Clique aqui<\/span><\/a><\/div><\/div><\/p>\n","protected":false},"excerpt":{"rendered":"","protected":false},"author":72,"featured_media":0,"parent":0,"menu_order":0,"comment_status":"closed","ping_status":"closed","template":"","meta":{"inline_featured_image":false,"footnotes":""},"class_list":["post-16654","page","type-page","status-publish","hentry"],"yoast_head":"<!-- This site is optimized with the Yoast SEO plugin v27.5 - https:\/\/yoast.com\/product\/yoast-seo-wordpress\/ -->\n<title>Editais e Certificados | CENEX Odonto<\/title>\n<meta name=\"robots\" content=\"index, follow, max-snippet:-1, max-image-preview:large, max-video-preview:-1\" \/>\n<link rel=\"canonical\" href=\"https:\/\/www.odonto.ufmg.br\/cenex\/editais-2\/\" \/>\n<meta property=\"og:locale\" content=\"pt_BR\" \/>\n<meta property=\"og:type\" content=\"article\" \/>\n<meta property=\"og:title\" content=\"Editais e Certificados | CENEX Odonto\" \/>\n<meta property=\"og:url\" content=\"https:\/\/www.odonto.ufmg.br\/cenex\/editais-2\/\" \/>\n<meta property=\"og:site_name\" content=\"CENEX Odonto\" \/>\n<meta property=\"article:publisher\" content=\"https:\/\/www.facebook.com\/cenexfao\/?locale=pt_BR\" \/>\n<meta property=\"article:modified_time\" content=\"2026-03-04T18:40:54+00:00\" \/>\n<meta name=\"twitter:card\" content=\"summary_large_image\" \/>\n<meta name=\"twitter:label1\" content=\"Est. tempo de leitura\" \/>\n\t<meta name=\"twitter:data1\" content=\"78 minutos\" \/>\n<script type=\"application\/ld+json\" class=\"yoast-schema-graph\">{\"@context\":\"https:\\\/\\\/schema.org\",\"@graph\":[{\"@type\":\"WebPage\",\"@id\":\"https:\\\/\\\/www.odonto.ufmg.br\\\/cenex\\\/editais-2\\\/\",\"url\":\"https:\\\/\\\/www.odonto.ufmg.br\\\/cenex\\\/editais-2\\\/\",\"name\":\"Editais e Certificados | CENEX Odonto\",\"isPartOf\":{\"@id\":\"https:\\\/\\\/www.odonto.ufmg.br\\\/cenex\\\/#website\"},\"datePublished\":\"2025-04-04T13:05:51+00:00\",\"dateModified\":\"2026-03-04T18:40:54+00:00\",\"breadcrumb\":{\"@id\":\"https:\\\/\\\/www.odonto.ufmg.br\\\/cenex\\\/editais-2\\\/#breadcrumb\"},\"inLanguage\":\"pt-BR\",\"potentialAction\":[{\"@type\":\"ReadAction\",\"target\":[\"https:\\\/\\\/www.odonto.ufmg.br\\\/cenex\\\/editais-2\\\/\"]}]},{\"@type\":\"BreadcrumbList\",\"@id\":\"https:\\\/\\\/www.odonto.ufmg.br\\\/cenex\\\/editais-2\\\/#breadcrumb\",\"itemListElement\":[{\"@type\":\"ListItem\",\"position\":1,\"name\":\"In\u00edcio\",\"item\":\"https:\\\/\\\/www.odonto.ufmg.br\\\/cenex\\\/cenex\\\/\"},{\"@type\":\"ListItem\",\"position\":2,\"name\":\"Editais e Certificados\"}]},{\"@type\":\"WebSite\",\"@id\":\"https:\\\/\\\/www.odonto.ufmg.br\\\/cenex\\\/#website\",\"url\":\"https:\\\/\\\/www.odonto.ufmg.br\\\/cenex\\\/\",\"name\":\"CENEX Odonto\",\"description\":\"Centro de Extens\u00e3o - Faculdade de Odontologia UFMG\",\"publisher\":{\"@id\":\"https:\\\/\\\/www.odonto.ufmg.br\\\/cenex\\\/#organization\"},\"potentialAction\":[{\"@type\":\"SearchAction\",\"target\":{\"@type\":\"EntryPoint\",\"urlTemplate\":\"https:\\\/\\\/www.odonto.ufmg.br\\\/cenex\\\/?s={search_term_string}\"},\"query-input\":{\"@type\":\"PropertyValueSpecification\",\"valueRequired\":true,\"valueName\":\"search_term_string\"}}],\"inLanguage\":\"pt-BR\"},{\"@type\":\"Organization\",\"@id\":\"https:\\\/\\\/www.odonto.ufmg.br\\\/cenex\\\/#organization\",\"name\":\"Faculdade de Odontologia da UFMG\",\"url\":\"https:\\\/\\\/www.odonto.ufmg.br\\\/cenex\\\/\",\"logo\":{\"@type\":\"ImageObject\",\"inLanguage\":\"pt-BR\",\"@id\":\"https:\\\/\\\/www.odonto.ufmg.br\\\/cenex\\\/#\\\/schema\\\/logo\\\/image\\\/\",\"url\":\"http:\\\/\\\/www.odonto.ufmg.br\\\/cenex\\\/wp-content\\\/uploads\\\/sites\\\/2\\\/2015\\\/12\\\/logo_cenex.svg\",\"contentUrl\":\"http:\\\/\\\/www.odonto.ufmg.br\\\/cenex\\\/wp-content\\\/uploads\\\/sites\\\/2\\\/2015\\\/12\\\/logo_cenex.svg\",\"width\":1,\"height\":1,\"caption\":\"Faculdade de Odontologia da UFMG\"},\"image\":{\"@id\":\"https:\\\/\\\/www.odonto.ufmg.br\\\/cenex\\\/#\\\/schema\\\/logo\\\/image\\\/\"},\"sameAs\":[\"https:\\\/\\\/www.facebook.com\\\/cenexfao\\\/?locale=pt_BR\",\"https:\\\/\\\/www.instagram.com\\\/cenexfao\\\/\"]}]}<\/script>\n<!-- \/ Yoast SEO plugin. -->","yoast_head_json":{"title":"Editais e Certificados | CENEX Odonto","robots":{"index":"index","follow":"follow","max-snippet":"max-snippet:-1","max-image-preview":"max-image-preview:large","max-video-preview":"max-video-preview:-1"},"canonical":"https:\/\/www.odonto.ufmg.br\/cenex\/editais-2\/","og_locale":"pt_BR","og_type":"article","og_title":"Editais e Certificados | CENEX Odonto","og_url":"https:\/\/www.odonto.ufmg.br\/cenex\/editais-2\/","og_site_name":"CENEX Odonto","article_publisher":"https:\/\/www.facebook.com\/cenexfao\/?locale=pt_BR","article_modified_time":"2026-03-04T18:40:54+00:00","twitter_card":"summary_large_image","twitter_misc":{"Est. tempo de leitura":"78 minutos"},"schema":{"@context":"https:\/\/schema.org","@graph":[{"@type":"WebPage","@id":"https:\/\/www.odonto.ufmg.br\/cenex\/editais-2\/","url":"https:\/\/www.odonto.ufmg.br\/cenex\/editais-2\/","name":"Editais e Certificados | CENEX Odonto","isPartOf":{"@id":"https:\/\/www.odonto.ufmg.br\/cenex\/#website"},"datePublished":"2025-04-04T13:05:51+00:00","dateModified":"2026-03-04T18:40:54+00:00","breadcrumb":{"@id":"https:\/\/www.odonto.ufmg.br\/cenex\/editais-2\/#breadcrumb"},"inLanguage":"pt-BR","potentialAction":[{"@type":"ReadAction","target":["https:\/\/www.odonto.ufmg.br\/cenex\/editais-2\/"]}]},{"@type":"BreadcrumbList","@id":"https:\/\/www.odonto.ufmg.br\/cenex\/editais-2\/#breadcrumb","itemListElement":[{"@type":"ListItem","position":1,"name":"In\u00edcio","item":"https:\/\/www.odonto.ufmg.br\/cenex\/cenex\/"},{"@type":"ListItem","position":2,"name":"Editais e Certificados"}]},{"@type":"WebSite","@id":"https:\/\/www.odonto.ufmg.br\/cenex\/#website","url":"https:\/\/www.odonto.ufmg.br\/cenex\/","name":"CENEX Odonto","description":"Centro de Extens\u00e3o - Faculdade de Odontologia UFMG","publisher":{"@id":"https:\/\/www.odonto.ufmg.br\/cenex\/#organization"},"potentialAction":[{"@type":"SearchAction","target":{"@type":"EntryPoint","urlTemplate":"https:\/\/www.odonto.ufmg.br\/cenex\/?s={search_term_string}"},"query-input":{"@type":"PropertyValueSpecification","valueRequired":true,"valueName":"search_term_string"}}],"inLanguage":"pt-BR"},{"@type":"Organization","@id":"https:\/\/www.odonto.ufmg.br\/cenex\/#organization","name":"Faculdade de Odontologia da UFMG","url":"https:\/\/www.odonto.ufmg.br\/cenex\/","logo":{"@type":"ImageObject","inLanguage":"pt-BR","@id":"https:\/\/www.odonto.ufmg.br\/cenex\/#\/schema\/logo\/image\/","url":"http:\/\/www.odonto.ufmg.br\/cenex\/wp-content\/uploads\/sites\/2\/2015\/12\/logo_cenex.svg","contentUrl":"http:\/\/www.odonto.ufmg.br\/cenex\/wp-content\/uploads\/sites\/2\/2015\/12\/logo_cenex.svg","width":1,"height":1,"caption":"Faculdade de Odontologia da UFMG"},"image":{"@id":"https:\/\/www.odonto.ufmg.br\/cenex\/#\/schema\/logo\/image\/"},"sameAs":["https:\/\/www.facebook.com\/cenexfao\/?locale=pt_BR","https:\/\/www.instagram.com\/cenexfao\/"]}]}},"_links":{"self":[{"href":"https:\/\/www.odonto.ufmg.br\/cenex\/wp-json\/wp\/v2\/pages\/16654","targetHints":{"allow":["GET"]}}],"collection":[{"href":"https:\/\/www.odonto.ufmg.br\/cenex\/wp-json\/wp\/v2\/pages"}],"about":[{"href":"https:\/\/www.odonto.ufmg.br\/cenex\/wp-json\/wp\/v2\/types\/page"}],"author":[{"embeddable":true,"href":"https:\/\/www.odonto.ufmg.br\/cenex\/wp-json\/wp\/v2\/users\/72"}],"replies":[{"embeddable":true,"href":"https:\/\/www.odonto.ufmg.br\/cenex\/wp-json\/wp\/v2\/comments?post=16654"}],"version-history":[{"count":16,"href":"https:\/\/www.odonto.ufmg.br\/cenex\/wp-json\/wp\/v2\/pages\/16654\/revisions"}],"predecessor-version":[{"id":17980,"href":"https:\/\/www.odonto.ufmg.br\/cenex\/wp-json\/wp\/v2\/pages\/16654\/revisions\/17980"}],"wp:attachment":[{"href":"https:\/\/www.odonto.ufmg.br\/cenex\/wp-json\/wp\/v2\/media?parent=16654"}],"curies":[{"name":"wp","href":"https:\/\/api.w.org\/{rel}","templated":true}]}}