{"id":715,"date":"2016-04-23T03:14:29","date_gmt":"2016-04-23T03:14:29","guid":{"rendered":"https:\/\/www.odonto.ufmg.br\/bucomaxilo\/?page_id=715"},"modified":"2020-05-26T18:01:58","modified_gmt":"2020-05-26T18:01:58","slug":"doutores","status":"publish","type":"page","link":"https:\/\/www.odonto.ufmg.br\/bucomaxilo\/o-curso\/corpo-docente\/doutores\/","title":{"rendered":"Doutores"},"content":{"rendered":"<div id='full_slider_1'  class='avia-fullwidth-slider main_color avia-shadow   avia-builder-el-0  el_before_av_textblock  avia-builder-el-first   container_wrap fullsize'  ><div  class='avia-slideshow av-1wdubn-84501b0a7f9afe6d066481caa715322f avia-slideshow-featured_large av_slideshow_full avia-fade-slider av-slideshow-ui av-control-minimal av-slideshow-manual av-loop-once av-loop-manual-endless av-default-height-applied   avia-slideshow-1' data-slideshow-options=\"{&quot;animation&quot;:&quot;fade&quot;,&quot;autoplay&quot;:false,&quot;loop_autoplay&quot;:&quot;once&quot;,&quot;interval&quot;:5,&quot;loop_manual&quot;:&quot;manual-endless&quot;,&quot;autoplay_stopper&quot;:false,&quot;noNavigation&quot;:false,&quot;bg_slider&quot;:false,&quot;keep_padding&quot;:false,&quot;hoverpause&quot;:false,&quot;show_slide_delay&quot;:0}\"  itemprop=\"image\" itemscope=\"itemscope\" itemtype=\"https:\/\/schema.org\/ImageObject\" ><ul class='avia-slideshow-inner ' style='padding-bottom: 42%;'><li  class='avia-slideshow-slide av-1wdubn-84501b0a7f9afe6d066481caa715322f__0  av-single-slide slide-1 slide-odd'><div data-rel='slideshow-1' class='avia-slide-wrap '   ><div class='av-slideshow-caption av-1wdubn-84501b0a7f9afe6d066481caa715322f__0 caption_fullwidth caption_bottom'><div class=\"container caption_container\"><div class=\"slideshow_caption\"><div class=\"slideshow_inner_caption\"><div class=\"slideshow_align_caption\"><h2 class='avia-caption-title '  itemprop=\"name\" >Corpo Docente<\/h2><div class='avia-caption-content '  itemprop=\"description\" ><p>Doutores<\/p>\n<\/div><\/div><\/div><\/div><\/div><\/div><img fetchpriority=\"high\" class=\"wp-image-980 avia-img-lazy-loading-not-980\"  src='https:\/\/www.odonto.ufmg.br\/bucomaxilo\/wp-content\/uploads\/sites\/9\/2020\/05\/Cirurgia-247-1500x630.jpg' width='1500' height='630' title='Cirurgia-247' alt=''  itemprop=\"thumbnailUrl\"   \/><\/div><\/li><\/ul><\/div><\/div><div id='after_full_slider_1'  class='main_color av_default_container_wrap container_wrap fullsize'  ><div class='container av-section-cont-open' ><div class='template-page content  av-content-full alpha units'><div class='post-entry post-entry-type-page post-entry-715'><div class='entry-content-wrapper clearfix'>\n<section  class='av_textblock_section av-1ndaoj-20875c07c34a8c59e421bc1e6f7c4aa3 '   itemscope=\"itemscope\" itemtype=\"https:\/\/schema.org\/CreativeWork\" ><div class='avia_textblock'  itemprop=\"text\" ><h3 style=\"text-align: center;\"><a href=\"https:\/\/www.odonto.ufmg.br\/bucomaxilo\/o-curso\/corpo-docente\/\">[wp-svg-icons icon=&#8221;arrow-left-2&#8243; wrap=&#8221;i&#8221;]\u00a0Voltar para Corpo Docente<\/a><\/h3>\n<\/div><\/section>\n<\/div><\/div><\/div><!-- close content main div --><\/div><\/div><div id='av-layout-grid-1'  class='av-layout-grid-container av-1gpo4z-03a38870c212dcf26ff1bc4986f8637c entry-content-wrapper main_color av-flex-cells  avia-builder-el-2  el_after_av_textblock  el_before_av_layout_row  grid-row-not-first  container_wrap fullsize'  >\n\n<style type=\"text\/css\" data-created_by=\"avia_inline_auto\" id=\"style-css-av-191foz-09d8f1ff0578fe989d227569de617d12\">\n.flex_cell.av-191foz-09d8f1ff0578fe989d227569de617d12{\nvertical-align:top;\n}\n.responsive #top #wrap_all .flex_cell.av-191foz-09d8f1ff0578fe989d227569de617d12{\npadding:30px 30px 30px 30px !important;\n}\n<\/style>\n<div class='flex_cell av-191foz-09d8f1ff0578fe989d227569de617d12 av-gridrow-cell av_one_full no_margin  avia-builder-el-3  avia-builder-el-no-sibling  content-align-top'  ><div class='flex_cell_inner'><section  class='avia-team-member av-3n3or-bfa03dd88cbed3ac565fc5bd80213dfa  avia-builder-el-4  avia-builder-el-no-sibling '  itemscope=\"itemscope\" itemtype=\"https:\/\/schema.org\/Person\" ><div class=\"team-img-container\"><img fetchpriority=\"high\" class='wp-image-862 avia-img-lazy-loading-not-862 avia_image avia_image_team av-team-img-original' src='https:\/\/www.odonto.ufmg.br\/bucomaxilo\/wp-content\/uploads\/sites\/9\/2016\/04\/Dr.-Evandro-300x300.jpg' alt='Dr. Evandro Guimar\u00e3es de Aguiar'  itemprop=\"image\"   height=\"300\" width=\"300\" \/><div class=\"team-social\"><div class=\"team-social-inner\"><span class='hidden av_member_url_markup '  itemprop=\"url\" >http:\/\/buscatextual.cnpq.br\/buscatextual\/visualizacv.do?id=K4799731U1<\/span><a href='http:\/\/buscatextual.cnpq.br\/buscatextual\/visualizacv.do?id=K4799731U1' class='avia-team-icon av-xtbur-8ae92240de273278469e0f44b6a50f93 avia-iconfont avia-font-entypo-fontello' rel='v:url' data-avia-tooltip=\"Lattes\" target='_blank' data-av_icon='\ue817' data-av_iconfont='entypo-fontello' ><\/a><\/div><\/div><\/div><h3 class='team-member-name '  itemprop=\"name\" >Dr. Evandro Guimar\u00e3es de Aguiar<\/h3><div class='team-member-job-title '  itemprop=\"jobTitle\" >Professor<\/div><div class='team-member-description '  itemprop=\"description\" ><p>Possui gradua\u00e7\u00e3o em Odontologia pela Universidade Federal de Minas Gerais (1984), especializa\u00e7\u00e3o em Cirurgia e Traumatologia Buco-Maxilo-Facial pela Universidade Federal de Pelotas (1987), mestrado em Odontologia (Cirurgia e Traumatologia Buco-Maxilo Facial) pela Universidade Federal de Pelotas (1988) e doutorado em Odontologia - Freie Universitat Berlim - Alemanha (1993). Atualmente \u00e9 Professor Associado II da Universidade Federal de Minas Gerais, membro Titular do Colegio Brasileiro de Cirurgia e Traumatologia Buco-maxilo-facial, coordenador da \u00e1rea de Cirurgia da FOUFMG e coordenador do curso de Especializa\u00e7\u00e3o em CTBMF da FOUFMG. Tem experi\u00eancia na \u00e1rea de Odontologia, com \u00eanfase em Cirurgia Buco-Maxilo-Facial, atuando principalmente nos seguintes temas: cirurgia oral, cirurgia muco-gengival, implantodontia, traumatologia de face e cirurgia ortogn\u00e1tica.<\/p>\n<\/div><span class='hidden team-member-affiliation'  itemprop=\"affiliation\" >Especializa\u00e7\u00e3o em Cirurgia Buco-Maxilo-Facial<\/span><\/section>\n<\/div><\/div>\n<\/div>\n<div id='av-layout-grid-2'  class='av-layout-grid-container av-p4pzv-f02a22baa677ca61bac6a53f15c0f6dd entry-content-wrapper main_color av-flex-cells  avia-builder-el-5  el_after_av_layout_row  el_before_av_layout_row  grid-row-not-first  container_wrap fullsize'  >\n\n<style type=\"text\/css\" data-created_by=\"avia_inline_auto\" id=\"style-css-av-lkp77-16eedbd15737e0e88a80140f7adcb301\">\n.flex_cell.av-lkp77-16eedbd15737e0e88a80140f7adcb301{\nvertical-align:top;\n}\n.responsive #top #wrap_all .flex_cell.av-lkp77-16eedbd15737e0e88a80140f7adcb301{\npadding:30px 30px 30px 30px !important;\n}\n<\/style>\n<div class='flex_cell av-lkp77-16eedbd15737e0e88a80140f7adcb301 av-gridrow-cell av_one_full no_margin  avia-builder-el-6  avia-builder-el-no-sibling  content-align-top'  ><div class='flex_cell_inner'><section  class='avia-team-member av-d7y1f-43cb1365d8000f30504238289cf8fa44  avia-builder-el-7  avia-builder-el-no-sibling '  itemscope=\"itemscope\" itemtype=\"https:\/\/schema.org\/Person\" ><div class=\"team-img-container\"><img fetchpriority=\"high\" class='wp-image-863 avia-img-lazy-loading-not-863 avia_image avia_image_team av-team-img-original' src='https:\/\/www.odonto.ufmg.br\/bucomaxilo\/wp-content\/uploads\/sites\/9\/2016\/04\/Dr.-Marcelo-Drummond-300x300.jpg' alt='Dr. Marcelo Drummond Naves'  itemprop=\"image\"   height=\"300\" width=\"300\" \/><div class=\"team-social\"><div class=\"team-social-inner\"><a class='avia-team-icon av-90uzv-e1a2157a677356b16ec6c8908b0aec5b avia-iconfont avia-font-entypo-fontello' data-avia-tooltip=\"Lattes\" data-av_icon='\ue816' data-av_iconfont='entypo-fontello' ><\/a><\/div><\/div><\/div><h3 class='team-member-name '  itemprop=\"name\" >Dr. Marcelo Drummond Naves<\/h3><div class='team-member-job-title '  itemprop=\"jobTitle\" >Professor<\/div><div class='team-member-description '  itemprop=\"description\" ><p>Professor Associado IV - Possui gradua\u00e7\u00e3o em Odontologia pela Universidade Federal de Minas Gerais (1988), Especializa\u00e7\u00e3o em Cirurgia e Traumatologia Buco Maxilo Facial pela Faculdade de Odontologia da USP de Ribeir\u00e3o Peto (1991) e doutorado em Odontologia com \u00e1rea de concentra\u00e7\u00e3o em Estomatologia pela Pontif\u00edcia Universidade Cat\u00f3lica do Rio Grande do Sul (1998). Atualmente \u00e9 professor associado da Faculdade de Odontologia da Universidade Federal de Minas Gerais lotado no Departamento de Cl\u00ednica, Patologia e Cirurgia. \u00c9 coordenador da disciplina de cirurgia ambulatorial 1 e sub-coordenador da \u00e1rea de Cirurgia e Traumatologia Buco Maxilo Facial do departamento.Tem experi\u00eancia na \u00e1rea de Odontologia, com \u00eanfase em les\u00f5es do complexo buco maxilo facial e traumatologia de face. Coordenador do Projeto de extens\u00e3o em Estomatologia da UFMG em parceia com o Hospital Municipal Odilon Behrens desde 1997. Trabalhando com linhas de pesquisa na \u00e1rea Epidemiologia do trauma e viol\u00eancia urbana e Grandes reconstru\u00e7\u00f5es buco maxilo faciais<\/p>\n<\/div><span class='hidden team-member-affiliation'  itemprop=\"affiliation\" >Especializa\u00e7\u00e3o em Cirurgia Buco-Maxilo-Facial<\/span><\/section>\n<\/div><\/div><\/div><div id='av-layout-grid-3'  class='av-layout-grid-container av-p4pzv-f02a22baa677ca61bac6a53f15c0f6dd entry-content-wrapper main_color av-flex-cells  avia-builder-el-8  el_after_av_layout_row  avia-builder-el-last  grid-row-not-first  container_wrap fullsize'  >\n\n<style type=\"text\/css\" data-created_by=\"avia_inline_auto\" id=\"style-css-av-lkp77-16eedbd15737e0e88a80140f7adcb301\">\n.flex_cell.av-lkp77-16eedbd15737e0e88a80140f7adcb301{\nvertical-align:top;\n}\n.responsive #top #wrap_all .flex_cell.av-lkp77-16eedbd15737e0e88a80140f7adcb301{\npadding:30px 30px 30px 30px !important;\n}\n<\/style>\n<div class='flex_cell av-lkp77-16eedbd15737e0e88a80140f7adcb301 av-gridrow-cell av_one_full no_margin  avia-builder-el-9  avia-builder-el-no-sibling  content-align-top'  ><div class='flex_cell_inner'><section  class='avia-team-member av-d7y1f-5b93f4a773cc0e5ec4a61dd9f1e2bf0e  avia-builder-el-10  avia-builder-el-no-sibling '  itemscope=\"itemscope\" itemtype=\"https:\/\/schema.org\/Person\" ><div class=\"team-img-container\"><img fetchpriority=\"high\" class='wp-image-865 avia-img-lazy-loading-not-865 avia_image avia_image_team av-team-img-original' src='https:\/\/www.odonto.ufmg.br\/bucomaxilo\/wp-content\/uploads\/sites\/9\/2016\/04\/Dr.-Claudio-Comunian-300x300.jpg' alt='Dr. Cl\u00e1udio Romulo Comunian'  itemprop=\"image\"   height=\"300\" width=\"300\" \/><div class=\"team-social\"><div class=\"team-social-inner\"><span class='hidden av_member_url_markup '  itemprop=\"url\" >http:\/\/buscatextual.cnpq.br\/buscatextual\/visualizacv.do?id=K4704864P4<\/span><a href='http:\/\/buscatextual.cnpq.br\/buscatextual\/visualizacv.do?id=K4704864P4' class='avia-team-icon av-96zob-8b7548767bcdc177fc0dce9d24ce554d avia-iconfont avia-font-entypo-fontello' rel='v:url' data-avia-tooltip=\"Lattes\" target='_blank' data-av_icon='\ue816' data-av_iconfont='entypo-fontello' ><\/a><\/div><\/div><\/div><h3 class='team-member-name '  itemprop=\"name\" >Dr. Cl\u00e1udio Romulo Comunian<\/h3><div class='team-member-job-title '  itemprop=\"jobTitle\" >Professor<\/div><div class='team-member-description '  itemprop=\"description\" ><p>Possui doutorado em Doutorado em Ci\u00eancia Animal pela Escola de Veterin\u00e1ria da Universidade Federal de Minas Gerais (2013) e mestrado em Mestrado em odontologia\/ Estomatologia pela Faculdade de Odontologia da UFMG (2004). \u00c9 especialista em Radiologia Odontol\u00f3gica e diagn\u00f3stico oral (ABOMG, 1991) e Cirurgia e traumatologia Bucomaxilofacia (1999, FOUFMG). Atualmente \u00e9 professor de Cirurgia Odontol\u00f3gica efetivo da Faculdade de Odontologia da UFMG e tamb\u00e9m do curso de especializa\u00e7\u00f5a em CTBMF d aFOUFMG, tendo sido antes professor substituto da Faculdade de Odontologia da UFMG. Tem experi\u00eancia na \u00e1rea de Odontologia, com \u00eanfase em Cirurgia Buco-Maxilo-Facial, laserterapia, implantodontia e estomatologia, Cirurgia oral e traumatologia e tamb\u00e9m Cirurgia ortogn\u00e1tica, atuando principalmente nos seguintes temas: t\u00e9cnicas especiais de localiza\u00e7\u00e3o radiogr\u00e1fica, materiais retroobturadores, materiais alopl\u00e1sticos enxerto perda \u00f3ssea e reabilita\u00e7\u00e3o oral- retrognatia- atrofia maxilar, implantodontia, inclus\u00e3o dental, dist\u00farbios das ATMs, artroscopis e artrocentese da ATM, traumatologia e cirurgia ortogn\u00e1tica e oral.<\/p>\n<\/div><span class='hidden team-member-affiliation'  itemprop=\"affiliation\" >Especializa\u00e7\u00e3o em Cirurgia Buco-Maxilo-Facial<\/span><\/section>\n<\/div><\/div>\n<\/div><\/p>\n","protected":false},"excerpt":{"rendered":"","protected":false},"author":5,"featured_media":0,"parent":702,"menu_order":0,"comment_status":"closed","ping_status":"closed","template":"","meta":{"inline_featured_image":false,"footnotes":""},"class_list":["post-715","page","type-page","status-publish","hentry"],"yoast_head":"<!-- This site is optimized with the Yoast SEO plugin v27.5 - https:\/\/yoast.com\/product\/yoast-seo-wordpress\/ -->\n<title>Doutores - Especializa\u00e7\u00e3o em Cirurgia Buco-Maxilo-Facial<\/title>\n<meta name=\"robots\" content=\"index, follow, max-snippet:-1, max-image-preview:large, max-video-preview:-1\" \/>\n<link rel=\"canonical\" href=\"https:\/\/www.odonto.ufmg.br\/bucomaxilo\/o-curso\/corpo-docente\/doutores\/\" \/>\n<meta property=\"og:locale\" content=\"pt_BR\" \/>\n<meta property=\"og:type\" content=\"article\" \/>\n<meta property=\"og:title\" content=\"Doutores - Especializa\u00e7\u00e3o em Cirurgia Buco-Maxilo-Facial\" \/>\n<meta property=\"og:url\" content=\"https:\/\/www.odonto.ufmg.br\/bucomaxilo\/o-curso\/corpo-docente\/doutores\/\" \/>\n<meta property=\"og:site_name\" content=\"Especializa\u00e7\u00e3o em Cirurgia Buco-Maxilo-Facial\" \/>\n<meta property=\"article:modified_time\" content=\"2020-05-26T18:01:58+00:00\" \/>\n<meta name=\"twitter:card\" content=\"summary_large_image\" \/>\n<meta name=\"twitter:label1\" content=\"Est. tempo de leitura\" \/>\n\t<meta name=\"twitter:data1\" content=\"5 minutos\" \/>\n<script type=\"application\/ld+json\" class=\"yoast-schema-graph\">{\"@context\":\"https:\\\/\\\/schema.org\",\"@graph\":[{\"@type\":\"WebPage\",\"@id\":\"https:\\\/\\\/www.odonto.ufmg.br\\\/bucomaxilo\\\/o-curso\\\/corpo-docente\\\/doutores\\\/\",\"url\":\"https:\\\/\\\/www.odonto.ufmg.br\\\/bucomaxilo\\\/o-curso\\\/corpo-docente\\\/doutores\\\/\",\"name\":\"Doutores - Especializa\u00e7\u00e3o em Cirurgia Buco-Maxilo-Facial\",\"isPartOf\":{\"@id\":\"https:\\\/\\\/www.odonto.ufmg.br\\\/bucomaxilo\\\/#website\"},\"datePublished\":\"2016-04-23T03:14:29+00:00\",\"dateModified\":\"2020-05-26T18:01:58+00:00\",\"breadcrumb\":{\"@id\":\"https:\\\/\\\/www.odonto.ufmg.br\\\/bucomaxilo\\\/o-curso\\\/corpo-docente\\\/doutores\\\/#breadcrumb\"},\"inLanguage\":\"pt-BR\",\"potentialAction\":[{\"@type\":\"ReadAction\",\"target\":[\"https:\\\/\\\/www.odonto.ufmg.br\\\/bucomaxilo\\\/o-curso\\\/corpo-docente\\\/doutores\\\/\"]}]},{\"@type\":\"BreadcrumbList\",\"@id\":\"https:\\\/\\\/www.odonto.ufmg.br\\\/bucomaxilo\\\/o-curso\\\/corpo-docente\\\/doutores\\\/#breadcrumb\",\"itemListElement\":[{\"@type\":\"ListItem\",\"position\":1,\"name\":\"In\u00edcio\",\"item\":\"https:\\\/\\\/www.odonto.ufmg.br\\\/bucomaxilo\\\/inicio\\\/\"},{\"@type\":\"ListItem\",\"position\":2,\"name\":\"O Curso\",\"item\":\"https:\\\/\\\/www.odonto.ufmg.br\\\/bucomaxilo\\\/o-curso\\\/\"},{\"@type\":\"ListItem\",\"position\":3,\"name\":\"Corpo Docente\",\"item\":\"https:\\\/\\\/www.odonto.ufmg.br\\\/bucomaxilo\\\/o-curso\\\/corpo-docente\\\/\"},{\"@type\":\"ListItem\",\"position\":4,\"name\":\"Doutores\"}]},{\"@type\":\"WebSite\",\"@id\":\"https:\\\/\\\/www.odonto.ufmg.br\\\/bucomaxilo\\\/#website\",\"url\":\"https:\\\/\\\/www.odonto.ufmg.br\\\/bucomaxilo\\\/\",\"name\":\"Especializa\u00e7\u00e3o em Cirurgia Buco-Maxilo-Facial\",\"description\":\"S\u00f3 mais um site Faculdade de Odontologia Universidade Federal de Minas Gerais\",\"potentialAction\":[{\"@type\":\"SearchAction\",\"target\":{\"@type\":\"EntryPoint\",\"urlTemplate\":\"https:\\\/\\\/www.odonto.ufmg.br\\\/bucomaxilo\\\/?s={search_term_string}\"},\"query-input\":{\"@type\":\"PropertyValueSpecification\",\"valueRequired\":true,\"valueName\":\"search_term_string\"}}],\"inLanguage\":\"pt-BR\"}]}<\/script>\n<!-- \/ Yoast SEO plugin. -->","yoast_head_json":{"title":"Doutores - Especializa\u00e7\u00e3o em Cirurgia Buco-Maxilo-Facial","robots":{"index":"index","follow":"follow","max-snippet":"max-snippet:-1","max-image-preview":"max-image-preview:large","max-video-preview":"max-video-preview:-1"},"canonical":"https:\/\/www.odonto.ufmg.br\/bucomaxilo\/o-curso\/corpo-docente\/doutores\/","og_locale":"pt_BR","og_type":"article","og_title":"Doutores - Especializa\u00e7\u00e3o em Cirurgia Buco-Maxilo-Facial","og_url":"https:\/\/www.odonto.ufmg.br\/bucomaxilo\/o-curso\/corpo-docente\/doutores\/","og_site_name":"Especializa\u00e7\u00e3o em Cirurgia Buco-Maxilo-Facial","article_modified_time":"2020-05-26T18:01:58+00:00","twitter_card":"summary_large_image","twitter_misc":{"Est. tempo de leitura":"5 minutos"},"schema":{"@context":"https:\/\/schema.org","@graph":[{"@type":"WebPage","@id":"https:\/\/www.odonto.ufmg.br\/bucomaxilo\/o-curso\/corpo-docente\/doutores\/","url":"https:\/\/www.odonto.ufmg.br\/bucomaxilo\/o-curso\/corpo-docente\/doutores\/","name":"Doutores - Especializa\u00e7\u00e3o em Cirurgia Buco-Maxilo-Facial","isPartOf":{"@id":"https:\/\/www.odonto.ufmg.br\/bucomaxilo\/#website"},"datePublished":"2016-04-23T03:14:29+00:00","dateModified":"2020-05-26T18:01:58+00:00","breadcrumb":{"@id":"https:\/\/www.odonto.ufmg.br\/bucomaxilo\/o-curso\/corpo-docente\/doutores\/#breadcrumb"},"inLanguage":"pt-BR","potentialAction":[{"@type":"ReadAction","target":["https:\/\/www.odonto.ufmg.br\/bucomaxilo\/o-curso\/corpo-docente\/doutores\/"]}]},{"@type":"BreadcrumbList","@id":"https:\/\/www.odonto.ufmg.br\/bucomaxilo\/o-curso\/corpo-docente\/doutores\/#breadcrumb","itemListElement":[{"@type":"ListItem","position":1,"name":"In\u00edcio","item":"https:\/\/www.odonto.ufmg.br\/bucomaxilo\/inicio\/"},{"@type":"ListItem","position":2,"name":"O Curso","item":"https:\/\/www.odonto.ufmg.br\/bucomaxilo\/o-curso\/"},{"@type":"ListItem","position":3,"name":"Corpo Docente","item":"https:\/\/www.odonto.ufmg.br\/bucomaxilo\/o-curso\/corpo-docente\/"},{"@type":"ListItem","position":4,"name":"Doutores"}]},{"@type":"WebSite","@id":"https:\/\/www.odonto.ufmg.br\/bucomaxilo\/#website","url":"https:\/\/www.odonto.ufmg.br\/bucomaxilo\/","name":"Especializa\u00e7\u00e3o em Cirurgia Buco-Maxilo-Facial","description":"S\u00f3 mais um site Faculdade de Odontologia Universidade Federal de Minas Gerais","potentialAction":[{"@type":"SearchAction","target":{"@type":"EntryPoint","urlTemplate":"https:\/\/www.odonto.ufmg.br\/bucomaxilo\/?s={search_term_string}"},"query-input":{"@type":"PropertyValueSpecification","valueRequired":true,"valueName":"search_term_string"}}],"inLanguage":"pt-BR"}]}},"_links":{"self":[{"href":"https:\/\/www.odonto.ufmg.br\/bucomaxilo\/wp-json\/wp\/v2\/pages\/715","targetHints":{"allow":["GET"]}}],"collection":[{"href":"https:\/\/www.odonto.ufmg.br\/bucomaxilo\/wp-json\/wp\/v2\/pages"}],"about":[{"href":"https:\/\/www.odonto.ufmg.br\/bucomaxilo\/wp-json\/wp\/v2\/types\/page"}],"author":[{"embeddable":true,"href":"https:\/\/www.odonto.ufmg.br\/bucomaxilo\/wp-json\/wp\/v2\/users\/5"}],"replies":[{"embeddable":true,"href":"https:\/\/www.odonto.ufmg.br\/bucomaxilo\/wp-json\/wp\/v2\/comments?post=715"}],"version-history":[{"count":20,"href":"https:\/\/www.odonto.ufmg.br\/bucomaxilo\/wp-json\/wp\/v2\/pages\/715\/revisions"}],"predecessor-version":[{"id":1126,"href":"https:\/\/www.odonto.ufmg.br\/bucomaxilo\/wp-json\/wp\/v2\/pages\/715\/revisions\/1126"}],"up":[{"embeddable":true,"href":"https:\/\/www.odonto.ufmg.br\/bucomaxilo\/wp-json\/wp\/v2\/pages\/702"}],"wp:attachment":[{"href":"https:\/\/www.odonto.ufmg.br\/bucomaxilo\/wp-json\/wp\/v2\/media?parent=715"}],"curies":[{"name":"wp","href":"https:\/\/api.w.org\/{rel}","templated":true}]}}