{"id":21,"date":"2014-09-26T17:23:32","date_gmt":"2014-09-26T17:23:32","guid":{"rendered":"http:\/\/192.168.1.104\/enfold-photography\/?page_id=21"},"modified":"2016-11-22T17:35:58","modified_gmt":"2016-11-22T17:35:58","slug":"apresentacao","status":"publish","type":"page","link":"https:\/\/www.odonto.ufmg.br\/bucomaxilo\/apresentacao\/","title":{"rendered":"Apresenta\u00e7\u00e3o"},"content":{"rendered":"<div id='full_slider_1'  class='avia-fullwidth-slider main_color avia-shadow   avia-builder-el-0  el_before_av_one_full  avia-builder-el-first   container_wrap fullsize'  ><div  class='avia-slideshow av-av_slideshow_full-88a291dec6147b678e99e1277cb996b1 avia-slideshow-featured_large av_slideshow_full avia-fade-slider av-slideshow-ui av-control-minimal av-slideshow-manual av-loop-once av-loop-manual-endless av-default-height-applied   avia-slideshow-1' data-slideshow-options=\"{&quot;animation&quot;:&quot;fade&quot;,&quot;autoplay&quot;:false,&quot;loop_autoplay&quot;:&quot;once&quot;,&quot;interval&quot;:5,&quot;loop_manual&quot;:&quot;manual-endless&quot;,&quot;autoplay_stopper&quot;:false,&quot;noNavigation&quot;:false,&quot;bg_slider&quot;:false,&quot;keep_padding&quot;:false,&quot;hoverpause&quot;:false,&quot;show_slide_delay&quot;:0}\"  itemprop=\"image\" itemscope=\"itemscope\" itemtype=\"https:\/\/schema.org\/ImageObject\" ><ul class='avia-slideshow-inner ' style='padding-bottom: 45%;'><li  class='avia-slideshow-slide av-av_slideshow_full-88a291dec6147b678e99e1277cb996b1__0  av-single-slide slide-1 slide-odd'><div data-rel='slideshow-1' class='avia-slide-wrap '   ><div class='av-slideshow-caption av-av_slideshow_full-88a291dec6147b678e99e1277cb996b1__0 caption_fullwidth caption_bottom'><div class=\"container caption_container\"><div class=\"slideshow_caption\"><div class=\"slideshow_inner_caption\"><div class=\"slideshow_align_caption\"><h2 class='avia-caption-title '  itemprop=\"name\" >Apresenta\u00e7\u00e3o do Curso<\/h2><\/div><\/div><\/div><\/div><\/div><img fetchpriority=\"high\" class=\"wp-image-926 avia-img-lazy-loading-not-926\"  src='https:\/\/www.odonto.ufmg.br\/bucomaxilo\/wp-content\/uploads\/sites\/9\/2014\/09\/Cirurgia-277.jpg' width='1280' height='576' title='cirurgia-277' alt=''  itemprop=\"thumbnailUrl\"   \/><\/div><\/li><\/ul><\/div><\/div><div id='after_full_slider_1'  class='main_color av_default_container_wrap container_wrap fullsize'  ><div class='container av-section-cont-open' ><div class='template-page content  av-content-full alpha units'><div class='post-entry post-entry-type-page post-entry-21'><div class='entry-content-wrapper clearfix'>\n\n<style type=\"text\/css\" data-created_by=\"avia_inline_auto\" id=\"style-css-av-av_one_full-6126cab7d8fab8d08143dd2dacdf673c\">\n.flex_column.av-av_one_full-6126cab7d8fab8d08143dd2dacdf673c{\nborder-radius:0px 0px 0px 0px;\npadding:0px 0px 0px 0px;\n}\n<\/style>\n<div  class='flex_column av-av_one_full-6126cab7d8fab8d08143dd2dacdf673c av_one_full  avia-builder-el-1  el_after_av_slideshow_full  el_before_av_one_full  avia-builder-el-first  first flex_column_div av-zero-column-padding  '     ><p>\n<style type=\"text\/css\" data-created_by=\"avia_inline_auto\" id=\"style-css-av-av_heading-0034c676a1cb7d48153eed35d10bcadb\">\n#top .av-special-heading.av-av_heading-0034c676a1cb7d48153eed35d10bcadb{\npadding-bottom:10px;\n}\nbody .av-special-heading.av-av_heading-0034c676a1cb7d48153eed35d10bcadb .av-special-heading-tag .heading-char{\nfont-size:25px;\n}\n.av-special-heading.av-av_heading-0034c676a1cb7d48153eed35d10bcadb .av-subheading{\nfont-size:15px;\n}\n<\/style>\n<div  class='av-special-heading av-av_heading-0034c676a1cb7d48153eed35d10bcadb av-special-heading-h3 blockquote modern-quote  avia-builder-el-2  el_before_av_textblock  avia-builder-el-first '><h3 class='av-special-heading-tag '  itemprop=\"headline\"  >Proposta do Curso<\/h3><div class=\"special-heading-border\"><div class=\"special-heading-inner-border\"><\/div><\/div><\/div><br \/>\n<section  class='av_textblock_section av-av_textblock-e264c9546442b10f00949307f5dd61ff '   itemscope=\"itemscope\" itemtype=\"https:\/\/schema.org\/CreativeWork\" ><div class='avia_textblock'  itemprop=\"text\" ><p>A <strong>Cirurgia e Traumatologia Buco-Maxilo-Facial<\/strong> \u00e9 uma Especialidade Odontol\u00f3gica que atende a pacientes que apresentem dist\u00farbios na regi\u00e3o bucal e facial e que requeiram tratamento cir\u00fargico. \u00c9 de suma import\u00e2ncia para o correto atendimento de urg\u00eancias em hospitais que atendam pacientes com necessidade de pronto atendimento, com o intuito de se evitar sequelas traum\u00e1ticas na regi\u00e3o de compet\u00eancia desta especialidade. Outros pontos importantes nesta proposta \u00e9 a necessidade de forma\u00e7\u00e3o do aluno nos campos da <strong>cirurgia ortogn\u00e1tica<\/strong> e das <strong>reconstru\u00e7\u00f5es faciais<\/strong>, conhecimentos estes que apresentaram grande desenvolvimento nos \u00faltimos anos. A Faculdade de Odontologia da UFMG prima pela forma\u00e7\u00e3o de profissionais que atendam a necessidade da popula\u00e7\u00e3o em que est\u00e1 inserida. Buscando contribuir com os pilares preconizados por uma Institui\u00e7\u00e3o de Ensino Superior Federal, o <strong>Departamento de Cl\u00ednica, Patologia e Cirurgia Odontol\u00f3gicas<\/strong> e o Colegiado de P\u00f3s-gradua\u00e7\u00e3o da <strong>Faculdade de odontologia da UFMG<\/strong> desenvolvem atrav\u00e9s do conceito pr\u00e1tico o exerc\u00edcio do aluno ao atendimento de pacientes da comunidade.<\/p>\n<\/div><\/section><\/p><\/div>\n\n<style type=\"text\/css\" data-created_by=\"avia_inline_auto\" id=\"style-css-av-av_one_full-6126cab7d8fab8d08143dd2dacdf673c\">\n.flex_column.av-av_one_full-6126cab7d8fab8d08143dd2dacdf673c{\nborder-radius:0px 0px 0px 0px;\npadding:0px 0px 0px 0px;\n}\n<\/style>\n<div  class='flex_column av-av_one_full-6126cab7d8fab8d08143dd2dacdf673c av_one_full  avia-builder-el-4  el_after_av_one_full  el_before_av_one_full  first flex_column_div av-zero-column-padding  column-top-margin'     ><p>\n<style type=\"text\/css\" data-created_by=\"avia_inline_auto\" id=\"style-css-av-av_heading-bc742f4a66867cc7ec25acde03c7669b\">\n#top .av-special-heading.av-av_heading-bc742f4a66867cc7ec25acde03c7669b{\npadding-bottom:10px;\n}\nbody .av-special-heading.av-av_heading-bc742f4a66867cc7ec25acde03c7669b .av-special-heading-tag .heading-char{\nfont-size:25px;\n}\n.av-special-heading.av-av_heading-bc742f4a66867cc7ec25acde03c7669b .av-subheading{\nfont-size:15px;\n}\n<\/style>\n<div  class='av-special-heading av-av_heading-bc742f4a66867cc7ec25acde03c7669b av-special-heading-h3 blockquote modern-quote  avia-builder-el-5  el_before_av_textblock  avia-builder-el-first '><h3 class='av-special-heading-tag '  itemprop=\"headline\"  >Objetivos<\/h3><div class=\"special-heading-border\"><div class=\"special-heading-inner-border\"><\/div><\/div><\/div><br \/>\n<section  class='av_textblock_section av-av_textblock-e264c9546442b10f00949307f5dd61ff '   itemscope=\"itemscope\" itemtype=\"https:\/\/schema.org\/CreativeWork\" ><div class='avia_textblock'  itemprop=\"text\" ><p>A Especializa\u00e7\u00e3o em Cirurgia Buco-Maxilo-Facial da Faculdade de Odontologia da UFMG tem o objetivo de formar especialistas com conhecimento nas \u00e1reas de diagn\u00f3stico, planejamento e execu\u00e7\u00e3o de procedimentos inerentes \u00e0 Especialidade atrav\u00e9s do aprofundamento cient\u00edfico, est\u00edmulo \u00e0 autoconfian\u00e7a e aperfei\u00e7oamento do espirito cr\u00edtico.\u00a0\u00danico curso existente nesta \u00e1rea de forma\u00e7\u00e3o em Belo Horizonte e o mais tradicional no estado de Minas Gerais, o referido curso oferece atendimento \u00e0 popula\u00e7\u00e3o da cidade e do estado que procuram atendimento neste campo de atua\u00e7\u00e3o, cumprindo importante papel social tanto no aux\u00edlio ao paciente quanto na boa forma\u00e7\u00e3o de novos profissionais.<\/p>\n<\/div><\/section><\/p><\/div>\n\n<style type=\"text\/css\" data-created_by=\"avia_inline_auto\" id=\"style-css-av-av_one_full-6126cab7d8fab8d08143dd2dacdf673c\">\n.flex_column.av-av_one_full-6126cab7d8fab8d08143dd2dacdf673c{\nborder-radius:0px 0px 0px 0px;\npadding:0px 0px 0px 0px;\n}\n<\/style>\n<div  class='flex_column av-av_one_full-6126cab7d8fab8d08143dd2dacdf673c av_one_full  avia-builder-el-7  el_after_av_one_full  el_before_av_section  avia-builder-el-last  first flex_column_div av-zero-column-padding  column-top-margin'     ><p>\n<style type=\"text\/css\" data-created_by=\"avia_inline_auto\" id=\"style-css-av-av_heading-e3bffb6a8e50396909de34446ab36bb0\">\n#top .av-special-heading.av-av_heading-e3bffb6a8e50396909de34446ab36bb0{\npadding-bottom:10px;\n}\nbody .av-special-heading.av-av_heading-e3bffb6a8e50396909de34446ab36bb0 .av-special-heading-tag .heading-char{\nfont-size:25px;\n}\n.av-special-heading.av-av_heading-e3bffb6a8e50396909de34446ab36bb0 .av-subheading{\nfont-size:15px;\n}\n<\/style>\n<div  class='av-special-heading av-av_heading-e3bffb6a8e50396909de34446ab36bb0 av-special-heading-h3 blockquote modern-quote  avia-builder-el-8  el_before_av_textblock  avia-builder-el-first '><h3 class='av-special-heading-tag '  itemprop=\"headline\"  >Atividades<\/h3><div class=\"special-heading-border\"><div class=\"special-heading-inner-border\"><\/div><\/div><\/div><br \/>\n<section  class='av_textblock_section av-av_textblock-e264c9546442b10f00949307f5dd61ff '   itemscope=\"itemscope\" itemtype=\"https:\/\/schema.org\/CreativeWork\" ><div class='avia_textblock'  itemprop=\"text\" ><p>O curso <strong>\u00e9\u00a0dividido em 05 (cinco) semestres letivos<\/strong> ininterruptos com aulas pr\u00e1ticas na FOUFMG e no Hospital Municipal Odilon Behrens (HMOB). As atividades realizadas na FOUFMG est\u00e3o relacionadas ao atendimento a pacientes com afec\u00e7\u00f5es englobadas dentro da cirurgia bucal, sendo realizadas cirurgias em ambulat\u00f3rio sob anestesia local. As atividades realizadas no HMOB est\u00e3o relacionadas ao atendimento a pacientes v\u00edtimas de traumas na regi\u00e3o facial, sejam por acidentes de tr\u00e2nsito, agress\u00f5es f\u00edsicas, acidentes dom\u00e9sticos ou esportivos. Aqui ocorre um atendimento inicial sob regime de urg\u00eancia que, quando necess\u00e1rio, ser\u00e1 estendido a uma atendimento para realiza\u00e7\u00e3o de cirurgia corretora em bloco cir\u00fargico sob anestesia geral.<\/p>\n<\/div><\/section><\/p><\/div>\n<\/div><\/div><\/div><!-- close content main div --><\/div><\/div>\n<style type=\"text\/css\" data-created_by=\"avia_inline_auto\" id=\"style-css-av-av_section-d98044fce8f31ce4b5b94e06bad3a935\">\n.avia-section.av-av_section-d98044fce8f31ce4b5b94e06bad3a935{\nbackground-color:#770000;\nbackground-image:unset;\n}\n.avia-section.av-av_section-d98044fce8f31ce4b5b94e06bad3a935 .av-extra-border-element .av-extra-border-inner{\nbackground-color:#770000;\n}\n<\/style>\n<div id='av_section_1'  class='avia-section av-av_section-d98044fce8f31ce4b5b94e06bad3a935 main_color avia-section-default avia-no-border-styling  avia-builder-el-10  el_after_av_one_full  el_before_av_layout_row  avia-bg-style-scroll av-arrow-down-section container_wrap fullsize'  ><div class='container av-section-cont-open' ><div class='template-page content  av-content-full alpha units'><div class='post-entry post-entry-type-page post-entry-21'><div class='entry-content-wrapper clearfix'>\n\n<style type=\"text\/css\" data-created_by=\"avia_inline_auto\" id=\"style-css-av-av_heading-8e266c03f2e0395c648366343c01b5db\">\n#top .av-special-heading.av-av_heading-8e266c03f2e0395c648366343c01b5db{\npadding-bottom:10px;\ncolor:#ffffff;\n}\nbody .av-special-heading.av-av_heading-8e266c03f2e0395c648366343c01b5db .av-special-heading-tag .heading-char{\nfont-size:25px;\n}\n.av-special-heading.av-av_heading-8e266c03f2e0395c648366343c01b5db .special-heading-inner-border{\nborder-color:#ffffff;\n}\n.av-special-heading.av-av_heading-8e266c03f2e0395c648366343c01b5db .av-subheading{\nfont-size:15px;\n}\n<\/style>\n<div  class='av-special-heading av-av_heading-8e266c03f2e0395c648366343c01b5db av-special-heading-h3 custom-color-heading blockquote modern-quote modern-centered  avia-builder-el-11  avia-builder-el-no-sibling '><h3 class='av-special-heading-tag '  itemprop=\"headline\"  ><span class='special_amp'>&#8220;<\/span>\u00danico curso existente nesta \u00e1rea de forma\u00e7\u00e3o em Belo Horizonte e o mais tradicional no estado de Minas Gerais, o curso oferece atendimento \u00e0 popula\u00e7\u00e3o da cidade e do estado que procuram atendimento neste campo de atua\u00e7\u00e3o, cumprindo importante papel social tanto no aux\u00edlio ao paciente quanto na boa forma\u00e7\u00e3o de novos profissionais.<span class='special_amp'>&#8221;<\/span><\/h3><div class=\"special-heading-border\"><div class=\"special-heading-inner-border\"><\/div><\/div><\/div>\n\n<\/div><\/div><\/div><!-- close content main div --><\/div><div class='av-extra-border-element border-extra-arrow-down'><div class='av-extra-border-outer'><div class='av-extra-border-inner'><\/div><\/div><\/div><\/div><div id='av-layout-grid-1'  class='av-layout-grid-container av-av_layout_row-000014bbaf6dd6ec1745b2dd8360cb6f entry-content-wrapper main_color av-flex-cells  avia-builder-el-12  el_after_av_section  avia-builder-el-last  grid-row-not-first  container_wrap fullsize'  >\n\n<style type=\"text\/css\" data-created_by=\"avia_inline_auto\" id=\"style-css-av-av_cell_one_half-803d770f30f9a2d29f1d3963ba02ee6a\">\n.flex_cell.av-av_cell_one_half-803d770f30f9a2d29f1d3963ba02ee6a{\nvertical-align:top;\nheight:400px;\nmin-height:400px;\nbackground:url(https:\/\/www.odonto.ufmg.br\/bucomaxilo\/wp-content\/uploads\/sites\/9\/2016\/11\/rsz_cirurgia-251-845x430.jpg) 50% 50% no-repeat scroll ;\n}\n.responsive #top #wrap_all .flex_cell.av-av_cell_one_half-803d770f30f9a2d29f1d3963ba02ee6a{\npadding:30px 30px 30px 30px !important;\n}\n<\/style>\n<div class='flex_cell av-av_cell_one_half-803d770f30f9a2d29f1d3963ba02ee6a av-gridrow-cell av_one_half no_margin  avia-builder-el-13  el_before_av_cell_one_half  avia-builder-el-first  content-align-top avia-full-stretch'  ><div class='flex_cell_inner'><\/div><\/div>\n<style type=\"text\/css\" data-created_by=\"avia_inline_auto\" id=\"style-css-av-av_cell_one_half-953418f49b4bea98f421ddf7310bd94e\">\n.flex_cell.av-av_cell_one_half-953418f49b4bea98f421ddf7310bd94e{\nvertical-align:top;\nheight:400px;\nmin-height:400px;\nbackground:url(https:\/\/www.odonto.ufmg.br\/bucomaxilo\/wp-content\/uploads\/sites\/9\/2016\/11\/rsz_cirurgia-273-845x430.jpg) 50% 50% no-repeat scroll ;\n}\n.responsive #top #wrap_all .flex_cell.av-av_cell_one_half-953418f49b4bea98f421ddf7310bd94e{\npadding:30px 30px 30px 30px !important;\n}\n<\/style>\n<div class='flex_cell av-av_cell_one_half-953418f49b4bea98f421ddf7310bd94e av-gridrow-cell av_one_half no_margin  avia-builder-el-14  el_after_av_cell_one_half  avia-builder-el-last  content-align-top avia-full-stretch'  ><div class='flex_cell_inner'><\/div><\/div><\/div>\n","protected":false},"excerpt":{"rendered":"","protected":false},"author":5,"featured_media":0,"parent":0,"menu_order":0,"comment_status":"closed","ping_status":"closed","template":"","meta":{"inline_featured_image":false,"footnotes":""},"class_list":["post-21","page","type-page","status-publish","hentry"],"yoast_head":"<!-- This site is optimized with the Yoast SEO plugin v27.4 - https:\/\/yoast.com\/product\/yoast-seo-wordpress\/ -->\n<title>Apresenta\u00e7\u00e3o - Especializa\u00e7\u00e3o em Cirurgia Buco-Maxilo-Facial<\/title>\n<meta name=\"robots\" content=\"index, follow, max-snippet:-1, max-image-preview:large, max-video-preview:-1\" \/>\n<link rel=\"canonical\" href=\"https:\/\/www.odonto.ufmg.br\/bucomaxilo\/apresentacao\/\" \/>\n<meta property=\"og:locale\" content=\"pt_BR\" \/>\n<meta property=\"og:type\" content=\"article\" \/>\n<meta property=\"og:title\" content=\"Apresenta\u00e7\u00e3o - Especializa\u00e7\u00e3o em Cirurgia Buco-Maxilo-Facial\" \/>\n<meta property=\"og:url\" content=\"https:\/\/www.odonto.ufmg.br\/bucomaxilo\/apresentacao\/\" \/>\n<meta property=\"og:site_name\" content=\"Especializa\u00e7\u00e3o em Cirurgia Buco-Maxilo-Facial\" \/>\n<meta property=\"article:modified_time\" content=\"2016-11-22T17:35:58+00:00\" \/>\n<meta name=\"twitter:card\" content=\"summary_large_image\" \/>\n<meta name=\"twitter:label1\" content=\"Est. tempo de leitura\" \/>\n\t<meta name=\"twitter:data1\" content=\"5 minutos\" \/>\n<script type=\"application\/ld+json\" class=\"yoast-schema-graph\">{\"@context\":\"https:\\\/\\\/schema.org\",\"@graph\":[{\"@type\":\"WebPage\",\"@id\":\"https:\\\/\\\/www.odonto.ufmg.br\\\/bucomaxilo\\\/apresentacao\\\/\",\"url\":\"https:\\\/\\\/www.odonto.ufmg.br\\\/bucomaxilo\\\/apresentacao\\\/\",\"name\":\"Apresenta\u00e7\u00e3o - Especializa\u00e7\u00e3o em Cirurgia Buco-Maxilo-Facial\",\"isPartOf\":{\"@id\":\"https:\\\/\\\/www.odonto.ufmg.br\\\/bucomaxilo\\\/#website\"},\"datePublished\":\"2014-09-26T17:23:32+00:00\",\"dateModified\":\"2016-11-22T17:35:58+00:00\",\"breadcrumb\":{\"@id\":\"https:\\\/\\\/www.odonto.ufmg.br\\\/bucomaxilo\\\/apresentacao\\\/#breadcrumb\"},\"inLanguage\":\"pt-BR\",\"potentialAction\":[{\"@type\":\"ReadAction\",\"target\":[\"https:\\\/\\\/www.odonto.ufmg.br\\\/bucomaxilo\\\/apresentacao\\\/\"]}]},{\"@type\":\"BreadcrumbList\",\"@id\":\"https:\\\/\\\/www.odonto.ufmg.br\\\/bucomaxilo\\\/apresentacao\\\/#breadcrumb\",\"itemListElement\":[{\"@type\":\"ListItem\",\"position\":1,\"name\":\"In\u00edcio\",\"item\":\"https:\\\/\\\/www.odonto.ufmg.br\\\/bucomaxilo\\\/inicio\\\/\"},{\"@type\":\"ListItem\",\"position\":2,\"name\":\"Apresenta\u00e7\u00e3o\"}]},{\"@type\":\"WebSite\",\"@id\":\"https:\\\/\\\/www.odonto.ufmg.br\\\/bucomaxilo\\\/#website\",\"url\":\"https:\\\/\\\/www.odonto.ufmg.br\\\/bucomaxilo\\\/\",\"name\":\"Especializa\u00e7\u00e3o em Cirurgia Buco-Maxilo-Facial\",\"description\":\"S\u00f3 mais um site Faculdade de Odontologia Universidade Federal de Minas Gerais\",\"potentialAction\":[{\"@type\":\"SearchAction\",\"target\":{\"@type\":\"EntryPoint\",\"urlTemplate\":\"https:\\\/\\\/www.odonto.ufmg.br\\\/bucomaxilo\\\/?s={search_term_string}\"},\"query-input\":{\"@type\":\"PropertyValueSpecification\",\"valueRequired\":true,\"valueName\":\"search_term_string\"}}],\"inLanguage\":\"pt-BR\"}]}<\/script>\n<!-- \/ Yoast SEO plugin. -->","yoast_head_json":{"title":"Apresenta\u00e7\u00e3o - Especializa\u00e7\u00e3o em Cirurgia Buco-Maxilo-Facial","robots":{"index":"index","follow":"follow","max-snippet":"max-snippet:-1","max-image-preview":"max-image-preview:large","max-video-preview":"max-video-preview:-1"},"canonical":"https:\/\/www.odonto.ufmg.br\/bucomaxilo\/apresentacao\/","og_locale":"pt_BR","og_type":"article","og_title":"Apresenta\u00e7\u00e3o - Especializa\u00e7\u00e3o em Cirurgia Buco-Maxilo-Facial","og_url":"https:\/\/www.odonto.ufmg.br\/bucomaxilo\/apresentacao\/","og_site_name":"Especializa\u00e7\u00e3o em Cirurgia Buco-Maxilo-Facial","article_modified_time":"2016-11-22T17:35:58+00:00","twitter_card":"summary_large_image","twitter_misc":{"Est. tempo de leitura":"5 minutos"},"schema":{"@context":"https:\/\/schema.org","@graph":[{"@type":"WebPage","@id":"https:\/\/www.odonto.ufmg.br\/bucomaxilo\/apresentacao\/","url":"https:\/\/www.odonto.ufmg.br\/bucomaxilo\/apresentacao\/","name":"Apresenta\u00e7\u00e3o - Especializa\u00e7\u00e3o em Cirurgia Buco-Maxilo-Facial","isPartOf":{"@id":"https:\/\/www.odonto.ufmg.br\/bucomaxilo\/#website"},"datePublished":"2014-09-26T17:23:32+00:00","dateModified":"2016-11-22T17:35:58+00:00","breadcrumb":{"@id":"https:\/\/www.odonto.ufmg.br\/bucomaxilo\/apresentacao\/#breadcrumb"},"inLanguage":"pt-BR","potentialAction":[{"@type":"ReadAction","target":["https:\/\/www.odonto.ufmg.br\/bucomaxilo\/apresentacao\/"]}]},{"@type":"BreadcrumbList","@id":"https:\/\/www.odonto.ufmg.br\/bucomaxilo\/apresentacao\/#breadcrumb","itemListElement":[{"@type":"ListItem","position":1,"name":"In\u00edcio","item":"https:\/\/www.odonto.ufmg.br\/bucomaxilo\/inicio\/"},{"@type":"ListItem","position":2,"name":"Apresenta\u00e7\u00e3o"}]},{"@type":"WebSite","@id":"https:\/\/www.odonto.ufmg.br\/bucomaxilo\/#website","url":"https:\/\/www.odonto.ufmg.br\/bucomaxilo\/","name":"Especializa\u00e7\u00e3o em Cirurgia Buco-Maxilo-Facial","description":"S\u00f3 mais um site Faculdade de Odontologia Universidade Federal de Minas Gerais","potentialAction":[{"@type":"SearchAction","target":{"@type":"EntryPoint","urlTemplate":"https:\/\/www.odonto.ufmg.br\/bucomaxilo\/?s={search_term_string}"},"query-input":{"@type":"PropertyValueSpecification","valueRequired":true,"valueName":"search_term_string"}}],"inLanguage":"pt-BR"}]}},"_links":{"self":[{"href":"https:\/\/www.odonto.ufmg.br\/bucomaxilo\/wp-json\/wp\/v2\/pages\/21","targetHints":{"allow":["GET"]}}],"collection":[{"href":"https:\/\/www.odonto.ufmg.br\/bucomaxilo\/wp-json\/wp\/v2\/pages"}],"about":[{"href":"https:\/\/www.odonto.ufmg.br\/bucomaxilo\/wp-json\/wp\/v2\/types\/page"}],"author":[{"embeddable":true,"href":"https:\/\/www.odonto.ufmg.br\/bucomaxilo\/wp-json\/wp\/v2\/users\/5"}],"replies":[{"embeddable":true,"href":"https:\/\/www.odonto.ufmg.br\/bucomaxilo\/wp-json\/wp\/v2\/comments?post=21"}],"version-history":[{"count":25,"href":"https:\/\/www.odonto.ufmg.br\/bucomaxilo\/wp-json\/wp\/v2\/pages\/21\/revisions"}],"predecessor-version":[{"id":963,"href":"https:\/\/www.odonto.ufmg.br\/bucomaxilo\/wp-json\/wp\/v2\/pages\/21\/revisions\/963"}],"wp:attachment":[{"href":"https:\/\/www.odonto.ufmg.br\/bucomaxilo\/wp-json\/wp\/v2\/media?parent=21"}],"curies":[{"name":"wp","href":"https:\/\/api.w.org\/{rel}","templated":true}]}}